{"version":"1.0","provider_name":"Franc\u00fazsky in\u0161tit\u00fat na Slovensku","provider_url":"https:\/\/institutfrancais.sk\/fr\/","author_name":"Silvia Litva Polak","author_url":"https:\/\/institutfrancais.sk\/fr\/author\/silvia\/","title":"L\u2019architecte Odile Decq s\u2019invite \u00e0 Ko\u0161ice - Franc\u00fazsky in\u0161tit\u00fat na Slovensku","type":"rich","width":600,"height":338,"html":"<blockquote class=\"wp-embedded-content\" data-secret=\"NZGlqfmpcA\"><a href=\"https:\/\/institutfrancais.sk\/fr\/larchitecte-odile-decq-sinvite-a-kosice\/\">L\u2019architecte Odile Decq s\u2019invite \u00e0 Ko\u0161ice<\/a><\/blockquote><iframe sandbox=\"allow-scripts\" security=\"restricted\" src=\"https:\/\/institutfrancais.sk\/fr\/larchitecte-odile-decq-sinvite-a-kosice\/embed\/#?secret=NZGlqfmpcA\" width=\"600\" height=\"338\" title=\"\u00ab\u00a0L\u2019architecte Odile Decq s\u2019invite \u00e0 Ko\u0161ice\u00a0\u00bb &#8212; Franc\u00fazsky in\u0161tit\u00fat na Slovensku\" data-secret=\"NZGlqfmpcA\" frameborder=\"0\" marginwidth=\"0\" marginheight=\"0\" scrolling=\"no\" class=\"wp-embedded-content\"><\/iframe><script type=\"text\/javascript\">\n\/* <![CDATA[ *\/\n\/*! This file is auto-generated *\/\n!function(d,l){\"use strict\";l.querySelector&&d.addEventListener&&\"undefined\"!=typeof URL&&(d.wp=d.wp||{},d.wp.receiveEmbedMessage||(d.wp.receiveEmbedMessage=function(e){var t=e.data;if((t||t.secret||t.message||t.value)&&!\/[^a-zA-Z0-9]\/.test(t.secret)){for(var s,r,n,a=l.querySelectorAll('iframe[data-secret=\"'+t.secret+'\"]'),o=l.querySelectorAll('blockquote[data-secret=\"'+t.secret+'\"]'),c=new RegExp(\"^https?:$\",\"i\"),i=0;i<o.length;i++)o[i].style.display=\"none\";for(i=0;i<a.length;i++)s=a[i],e.source===s.contentWindow&&(s.removeAttribute(\"style\"),\"height\"===t.message?(1e3<(r=parseInt(t.value,10))?r=1e3:~~r<200&&(r=200),s.height=r):\"link\"===t.message&&(r=new URL(s.getAttribute(\"src\")),n=new URL(t.value),c.test(n.protocol))&&n.host===r.host&&l.activeElement===s&&(d.top.location.href=t.value))}},d.addEventListener(\"message\",d.wp.receiveEmbedMessage,!1),l.addEventListener(\"DOMContentLoaded\",function(){for(var e,t,s=l.querySelectorAll(\"iframe.wp-embedded-content\"),r=0;r<s.length;r++)(t=(e=s[r]).getAttribute(\"data-secret\"))||(t=Math.random().toString(36).substring(2,12),e.src+=\"#?secret=\"+t,e.setAttribute(\"data-secret\",t)),e.contentWindow.postMessage({message:\"ready\",secret:t},\"*\")},!1)))}(window,document);\n\/* ]]> *\/\n<\/script>\n","thumbnail_url":"https:\/\/institutfrancais.sk\/wp-content\/uploads\/2023\/01\/DSC07768-scaled.jpg","thumbnail_width":2560,"thumbnail_height":1707,"description":"Cette exposition, organis\u00e9e par l\u2019architecte M. Martin Drahovsk\u00fd avec l\u2019appui des \u00e9tudiants de la facult\u00e9 d\u2019architecture de Ko\u0161ice, a&nbsp;\u00e9t\u00e9 ouverte par M. Jaroslav Pola\u010dek, Maire de la Ville, entour\u00e9e de Mme Zuzana Calvet, Pr\u00e9sidente de l\u2019Alliance fran\u00e7aise de Ko\u0161ice (et plusieurs membres de son Conseil d\u2019administration), M. Martin Dani, le directeur de Kulturpark, M. Jean-Marc [&hellip;]"}