{"version":"1.0","provider_name":"Franc\u00fazsky in\u0161tit\u00fat na Slovensku","provider_url":"https:\/\/institutfrancais.sk\/fr\/","author_name":"Silvia Litva Polak","author_url":"https:\/\/institutfrancais.sk\/fr\/author\/silvia\/","title":"Une jeunesse au go\u00fbt francophone - Franc\u00fazsky in\u0161tit\u00fat na Slovensku","type":"rich","width":600,"height":338,"html":"<blockquote class=\"wp-embedded-content\" data-secret=\"fZBozFGjzh\"><a href=\"https:\/\/institutfrancais.sk\/fr\/mlada-generacia-s-francuzskym-nadychom\/\">Une jeunesse au go\u00fbt francophone<\/a><\/blockquote><iframe sandbox=\"allow-scripts\" security=\"restricted\" src=\"https:\/\/institutfrancais.sk\/fr\/mlada-generacia-s-francuzskym-nadychom\/embed\/#?secret=fZBozFGjzh\" width=\"600\" height=\"338\" title=\"\u00ab\u00a0Une jeunesse au go\u00fbt francophone\u00a0\u00bb &#8212; Franc\u00fazsky in\u0161tit\u00fat na Slovensku\" data-secret=\"fZBozFGjzh\" frameborder=\"0\" marginwidth=\"0\" marginheight=\"0\" scrolling=\"no\" class=\"wp-embedded-content\"><\/iframe><script type=\"text\/javascript\">\n\/* <![CDATA[ *\/\n\/*! This file is auto-generated *\/\n!function(d,l){\"use strict\";l.querySelector&&d.addEventListener&&\"undefined\"!=typeof URL&&(d.wp=d.wp||{},d.wp.receiveEmbedMessage||(d.wp.receiveEmbedMessage=function(e){var t=e.data;if((t||t.secret||t.message||t.value)&&!\/[^a-zA-Z0-9]\/.test(t.secret)){for(var s,r,n,a=l.querySelectorAll('iframe[data-secret=\"'+t.secret+'\"]'),o=l.querySelectorAll('blockquote[data-secret=\"'+t.secret+'\"]'),c=new RegExp(\"^https?:$\",\"i\"),i=0;i<o.length;i++)o[i].style.display=\"none\";for(i=0;i<a.length;i++)s=a[i],e.source===s.contentWindow&&(s.removeAttribute(\"style\"),\"height\"===t.message?(1e3<(r=parseInt(t.value,10))?r=1e3:~~r<200&&(r=200),s.height=r):\"link\"===t.message&&(r=new URL(s.getAttribute(\"src\")),n=new URL(t.value),c.test(n.protocol))&&n.host===r.host&&l.activeElement===s&&(d.top.location.href=t.value))}},d.addEventListener(\"message\",d.wp.receiveEmbedMessage,!1),l.addEventListener(\"DOMContentLoaded\",function(){for(var e,t,s=l.querySelectorAll(\"iframe.wp-embedded-content\"),r=0;r<s.length;r++)(t=(e=s[r]).getAttribute(\"data-secret\"))||(t=Math.random().toString(36).substring(2,12),e.src+=\"#?secret=\"+t,e.setAttribute(\"data-secret\",t)),e.contentWindow.postMessage({message:\"ready\",secret:t},\"*\")},!1)))}(window,document);\n\/* ]]> *\/\n<\/script>\n","thumbnail_url":"https:\/\/institutfrancais.sk\/wp-content\/uploads\/2024\/11\/Dominika-SPF-3mai24-scaled.jpg","thumbnail_width":1942,"thumbnail_height":2560,"description":"Lyc\u00e9enne dans la section bilingue franco-slovaque du lyc\u00e9e Tajovsk\u00fd \u00e0 Bansk\u00e1 Bystrica en Slovaquie, je suis aussi stagiaire \u00e0 l\u2019Alliance Fran\u00e7aise de Bansk\u00e1 Bystrica. Depuis maintenant plusieurs ann\u00e9es, je collabore \u00e0 l\u2019organisation de plusieurs \u00e9v\u00e9nements autour du fran\u00e7ais. En mai dernier, je suis partie trois jours en Roumanie, pr\u00e9cis\u00e9ment \u00e0 Bucarest, \u00e0 l\u2019occasion du Congr\u00e8s [&hellip;]"}