{"version":"1.0","provider_name":"Franc\u00fazsky in\u0161tit\u00fat na Slovensku","provider_url":"https:\/\/institutfrancais.sk\/fr\/","author_name":"Silvia Litva Polak","author_url":"https:\/\/institutfrancais.sk\/fr\/author\/silvia\/","title":"Appel \u00e0 projets pour la soci\u00e9t\u00e9 civile slovaque - Franc\u00fazsky in\u0161tit\u00fat na Slovensku","type":"rich","width":600,"height":338,"html":"<blockquote class=\"wp-embedded-content\" data-secret=\"OwJe0wF4pH\"><a href=\"https:\/\/institutfrancais.sk\/fr\/podujatie\/appel-a-projets-pour-la-societe-civile-slovaque\/\">Appel \u00e0 projets pour la soci\u00e9t\u00e9 civile slovaque<\/a><\/blockquote><iframe sandbox=\"allow-scripts\" security=\"restricted\" src=\"https:\/\/institutfrancais.sk\/fr\/podujatie\/appel-a-projets-pour-la-societe-civile-slovaque\/embed\/#?secret=OwJe0wF4pH\" width=\"600\" height=\"338\" title=\"\u00ab\u00a0Appel \u00e0 projets pour la soci\u00e9t\u00e9 civile slovaque\u00a0\u00bb &#8212; Franc\u00fazsky in\u0161tit\u00fat na Slovensku\" data-secret=\"OwJe0wF4pH\" frameborder=\"0\" marginwidth=\"0\" marginheight=\"0\" scrolling=\"no\" class=\"wp-embedded-content\"><\/iframe><script type=\"text\/javascript\">\n\/* <![CDATA[ *\/\n\/*! This file is auto-generated *\/\n!function(d,l){\"use strict\";l.querySelector&&d.addEventListener&&\"undefined\"!=typeof URL&&(d.wp=d.wp||{},d.wp.receiveEmbedMessage||(d.wp.receiveEmbedMessage=function(e){var t=e.data;if((t||t.secret||t.message||t.value)&&!\/[^a-zA-Z0-9]\/.test(t.secret)){for(var s,r,n,a=l.querySelectorAll('iframe[data-secret=\"'+t.secret+'\"]'),o=l.querySelectorAll('blockquote[data-secret=\"'+t.secret+'\"]'),c=new RegExp(\"^https?:$\",\"i\"),i=0;i<o.length;i++)o[i].style.display=\"none\";for(i=0;i<a.length;i++)s=a[i],e.source===s.contentWindow&&(s.removeAttribute(\"style\"),\"height\"===t.message?(1e3<(r=parseInt(t.value,10))?r=1e3:~~r<200&&(r=200),s.height=r):\"link\"===t.message&&(r=new URL(s.getAttribute(\"src\")),n=new URL(t.value),c.test(n.protocol))&&n.host===r.host&&l.activeElement===s&&(d.top.location.href=t.value))}},d.addEventListener(\"message\",d.wp.receiveEmbedMessage,!1),l.addEventListener(\"DOMContentLoaded\",function(){for(var e,t,s=l.querySelectorAll(\"iframe.wp-embedded-content\"),r=0;r<s.length;r++)(t=(e=s[r]).getAttribute(\"data-secret\"))||(t=Math.random().toString(36).substring(2,12),e.src+=\"#?secret=\"+t,e.setAttribute(\"data-secret\",t)),e.contentWindow.postMessage({message:\"ready\",secret:t},\"*\")},!1)))}(window,document);\n\/* ]]> *\/\n<\/script>\n","thumbnail_url":"https:\/\/institutfrancais.sk\/wp-content\/uploads\/2024\/02\/SC-Appel-2-1.png","thumbnail_width":1600,"thumbnail_height":900,"description":"L\u2019Ambassade de France et l\u2019Institut fran\u00e7ais de Slovaquie lancent un appel \u00e0 projets visant \u00e0 soutenir l\u2019\u00c9tat de droit et \u00e0 lutter contre l\u2019intol\u00e9rance. Cet appel est destin\u00e9 aux organisations de la soci\u00e9t\u00e9 civile et permet d\u2019apporter un cofinancement \u00e0 leurs projets et initiatives au cours de l\u2019ann\u00e9e 2024. Il est envisag\u00e9 de soutenir quatre [&hellip;]"}