{"version":"1.0","provider_name":"Franc\u00fazsky in\u0161tit\u00fat na Slovensku","provider_url":"https:\/\/institutfrancais.sk\/fr\/","author_name":"Silvia Litva Polak","author_url":"https:\/\/institutfrancais.sk\/fr\/author\/silvia\/","title":"Conf\u00e9rence : La d\u00e9sinformation nuit \u00e0 votre sant\u00e9 ! - Franc\u00fazsky in\u0161tit\u00fat na Slovensku","type":"rich","width":600,"height":338,"html":"<blockquote class=\"wp-embedded-content\" data-secret=\"8PPXf2Am39\"><a href=\"https:\/\/institutfrancais.sk\/fr\/podujatie\/conference-la-desinformation-nuit-a-votre-sante\/\">Conf\u00e9rence : La d\u00e9sinformation nuit \u00e0 votre sant\u00e9 !<\/a><\/blockquote><iframe sandbox=\"allow-scripts\" security=\"restricted\" src=\"https:\/\/institutfrancais.sk\/fr\/podujatie\/conference-la-desinformation-nuit-a-votre-sante\/embed\/#?secret=8PPXf2Am39\" width=\"600\" height=\"338\" title=\"\u00ab\u00a0Conf\u00e9rence : La d\u00e9sinformation nuit \u00e0 votre sant\u00e9 !\u00a0\u00bb &#8212; Franc\u00fazsky in\u0161tit\u00fat na Slovensku\" data-secret=\"8PPXf2Am39\" frameborder=\"0\" marginwidth=\"0\" marginheight=\"0\" scrolling=\"no\" class=\"wp-embedded-content\"><\/iframe><script type=\"text\/javascript\">\n\/* <![CDATA[ *\/\n\/*! This file is auto-generated *\/\n!function(d,l){\"use strict\";l.querySelector&&d.addEventListener&&\"undefined\"!=typeof URL&&(d.wp=d.wp||{},d.wp.receiveEmbedMessage||(d.wp.receiveEmbedMessage=function(e){var t=e.data;if((t||t.secret||t.message||t.value)&&!\/[^a-zA-Z0-9]\/.test(t.secret)){for(var s,r,n,a=l.querySelectorAll('iframe[data-secret=\"'+t.secret+'\"]'),o=l.querySelectorAll('blockquote[data-secret=\"'+t.secret+'\"]'),c=new RegExp(\"^https?:$\",\"i\"),i=0;i<o.length;i++)o[i].style.display=\"none\";for(i=0;i<a.length;i++)s=a[i],e.source===s.contentWindow&&(s.removeAttribute(\"style\"),\"height\"===t.message?(1e3<(r=parseInt(t.value,10))?r=1e3:~~r<200&&(r=200),s.height=r):\"link\"===t.message&&(r=new URL(s.getAttribute(\"src\")),n=new URL(t.value),c.test(n.protocol))&&n.host===r.host&&l.activeElement===s&&(d.top.location.href=t.value))}},d.addEventListener(\"message\",d.wp.receiveEmbedMessage,!1),l.addEventListener(\"DOMContentLoaded\",function(){for(var e,t,s=l.querySelectorAll(\"iframe.wp-embedded-content\"),r=0;r<s.length;r++)(t=(e=s[r]).getAttribute(\"data-secret\"))||(t=Math.random().toString(36).substring(2,12),e.src+=\"#?secret=\"+t,e.setAttribute(\"data-secret\",t)),e.contentWindow.postMessage({message:\"ready\",secret:t},\"*\")},!1)))}(window,document);\n\/* ]]> *\/\n<\/script>\n","thumbnail_url":"https:\/\/institutfrancais.sk\/wp-content\/uploads\/2023\/06\/347251422_3501520260079121_4802614755498162446_n.jpg","thumbnail_width":1641,"thumbnail_height":721,"description":"Art as Evidence est un projet qui invite les gens \u00e0 r\u00e9fl\u00e9chir davantage \u00e0 la v\u00e9rit\u00e9 et au mensonge dans l&rsquo;Europe en temps de guerre. Lors de cet \u00e9v\u00e9nement inaugural, nos invit\u00e9s sont deux journalistes ukrainiens, Kyrylo Bezkorovainyi et Alyona Romaniuk. Ils nous pr\u00e9senteront les campagnes de d\u00e9sinformation en cours li\u00e9es \u00e0 la guerre d&rsquo;agression [&hellip;]"}