{"version":"1.0","provider_name":"Franc\u00fazsky in\u0161tit\u00fat na Slovensku","provider_url":"https:\/\/institutfrancais.sk\/fr\/","author_name":"Silvia Litva Polak","author_url":"https:\/\/institutfrancais.sk\/fr\/author\/silvia\/","title":"Pacte vert, relance verte : l\u2019Union Europ\u00e9enne r\u00e9pond-elle aux attentes des citoyens ? - Franc\u00fazsky in\u0161tit\u00fat na Slovensku","type":"rich","width":600,"height":338,"html":"<blockquote class=\"wp-embedded-content\" data-secret=\"Ay8f0LfTg9\"><a href=\"https:\/\/institutfrancais.sk\/fr\/podujatie\/conference-pacte-vert-relance-verte\/\">Pacte vert, relance verte : l\u2019Union Europ\u00e9enne r\u00e9pond-elle aux attentes des citoyens ?<\/a><\/blockquote><iframe sandbox=\"allow-scripts\" security=\"restricted\" src=\"https:\/\/institutfrancais.sk\/fr\/podujatie\/conference-pacte-vert-relance-verte\/embed\/#?secret=Ay8f0LfTg9\" width=\"600\" height=\"338\" title=\"\u00ab\u00a0Pacte vert, relance verte : l\u2019Union Europ\u00e9enne r\u00e9pond-elle aux attentes des citoyens ?\u00a0\u00bb &#8212; Franc\u00fazsky in\u0161tit\u00fat na Slovensku\" data-secret=\"Ay8f0LfTg9\" frameborder=\"0\" marginwidth=\"0\" marginheight=\"0\" scrolling=\"no\" class=\"wp-embedded-content\"><\/iframe><script type=\"text\/javascript\">\n\/* <![CDATA[ *\/\n\/*! This file is auto-generated *\/\n!function(d,l){\"use strict\";l.querySelector&&d.addEventListener&&\"undefined\"!=typeof URL&&(d.wp=d.wp||{},d.wp.receiveEmbedMessage||(d.wp.receiveEmbedMessage=function(e){var t=e.data;if((t||t.secret||t.message||t.value)&&!\/[^a-zA-Z0-9]\/.test(t.secret)){for(var s,r,n,a=l.querySelectorAll('iframe[data-secret=\"'+t.secret+'\"]'),o=l.querySelectorAll('blockquote[data-secret=\"'+t.secret+'\"]'),c=new RegExp(\"^https?:$\",\"i\"),i=0;i<o.length;i++)o[i].style.display=\"none\";for(i=0;i<a.length;i++)s=a[i],e.source===s.contentWindow&&(s.removeAttribute(\"style\"),\"height\"===t.message?(1e3<(r=parseInt(t.value,10))?r=1e3:~~r<200&&(r=200),s.height=r):\"link\"===t.message&&(r=new URL(s.getAttribute(\"src\")),n=new URL(t.value),c.test(n.protocol))&&n.host===r.host&&l.activeElement===s&&(d.top.location.href=t.value))}},d.addEventListener(\"message\",d.wp.receiveEmbedMessage,!1),l.addEventListener(\"DOMContentLoaded\",function(){for(var e,t,s=l.querySelectorAll(\"iframe.wp-embedded-content\"),r=0;r<s.length;r++)(t=(e=s[r]).getAttribute(\"data-secret\"))||(t=Math.random().toString(36).substring(2,12),e.src+=\"#?secret=\"+t,e.setAttribute(\"data-secret\",t)),e.contentWindow.postMessage({message:\"ready\",secret:t},\"*\")},!1)))}(window,document);\n\/* ]]> *\/\n<\/script>\n","thumbnail_url":"https:\/\/institutfrancais.sk\/wp-content\/uploads\/2020\/11\/Web-FR.png","thumbnail_width":1920,"thumbnail_height":1080,"description":"Le Pacte vert europ\u00e9en, pr\u00e9sent\u00e9 en d\u00e9cembre 2019, est un ensemble de mesures visant \u00e0 mener l\u2019Union Europ\u00e9enne \u00e0 la neutralit\u00e9 carbone en 2050 (objectif mondial admis comme n\u00e9cessaire pour limiter le r\u00e9chauffement \u00e0 2\u00b0C) en agissant sur l\u2019efficacit\u00e9 \u00e9nerg\u00e9tique, l\u2019\u00e9conomie circulaire et la d\u00e9carbonation de l\u2019industrie et des transports. Comportant \u00e0 la fois un [&hellip;]"}