{"version":"1.0","provider_name":"Franc\u00fazsky in\u0161tit\u00fat na Slovensku","provider_url":"https:\/\/institutfrancais.sk\/fr\/","author_name":"Silvia Litva Polak","author_url":"https:\/\/institutfrancais.sk\/fr\/author\/silvia\/","title":"Heure du conte \/ \u00a0Un peu perdu\u00a0et\u00a0Oh Non, George! - Franc\u00fazsky in\u0161tit\u00fat na Slovensku","type":"rich","width":600,"height":338,"html":"<blockquote class=\"wp-embedded-content\" data-secret=\"zh5ntR4HJc\"><a href=\"https:\/\/institutfrancais.sk\/fr\/podujatie\/heure-du-conte\/\">Heure du conte \/ \u00a0Un peu perdu\u00a0et\u00a0Oh Non, George!<\/a><\/blockquote><iframe sandbox=\"allow-scripts\" security=\"restricted\" src=\"https:\/\/institutfrancais.sk\/fr\/podujatie\/heure-du-conte\/embed\/#?secret=zh5ntR4HJc\" width=\"600\" height=\"338\" title=\"\u00ab\u00a0Heure du conte \/ \u00a0Un peu perdu\u00a0et\u00a0Oh Non, George!\u00a0\u00bb &#8212; Franc\u00fazsky in\u0161tit\u00fat na Slovensku\" data-secret=\"zh5ntR4HJc\" frameborder=\"0\" marginwidth=\"0\" marginheight=\"0\" scrolling=\"no\" class=\"wp-embedded-content\"><\/iframe><script type=\"text\/javascript\">\n\/* <![CDATA[ *\/\n\/*! This file is auto-generated *\/\n!function(d,l){\"use strict\";l.querySelector&&d.addEventListener&&\"undefined\"!=typeof URL&&(d.wp=d.wp||{},d.wp.receiveEmbedMessage||(d.wp.receiveEmbedMessage=function(e){var t=e.data;if((t||t.secret||t.message||t.value)&&!\/[^a-zA-Z0-9]\/.test(t.secret)){for(var s,r,n,a=l.querySelectorAll('iframe[data-secret=\"'+t.secret+'\"]'),o=l.querySelectorAll('blockquote[data-secret=\"'+t.secret+'\"]'),c=new RegExp(\"^https?:$\",\"i\"),i=0;i<o.length;i++)o[i].style.display=\"none\";for(i=0;i<a.length;i++)s=a[i],e.source===s.contentWindow&&(s.removeAttribute(\"style\"),\"height\"===t.message?(1e3<(r=parseInt(t.value,10))?r=1e3:~~r<200&&(r=200),s.height=r):\"link\"===t.message&&(r=new URL(s.getAttribute(\"src\")),n=new URL(t.value),c.test(n.protocol))&&n.host===r.host&&l.activeElement===s&&(d.top.location.href=t.value))}},d.addEventListener(\"message\",d.wp.receiveEmbedMessage,!1),l.addEventListener(\"DOMContentLoaded\",function(){for(var e,t,s=l.querySelectorAll(\"iframe.wp-embedded-content\"),r=0;r<s.length;r++)(t=(e=s[r]).getAttribute(\"data-secret\"))||(t=Math.random().toString(36).substring(2,12),e.src+=\"#?secret=\"+t,e.setAttribute(\"data-secret\",t)),e.contentWindow.postMessage({message:\"ready\",secret:t},\"*\")},!1)))}(window,document);\n\/* ]]> *\/\n<\/script>\n","thumbnail_url":"https:\/\/institutfrancais.sk\/wp-content\/uploads\/2024\/04\/Oh-non-George1-1.png","thumbnail_width":1080,"thumbnail_height":1080,"description":"Bonjour \u00e0 tous! Pour notre heure du conte de mai 2024, nous avons s\u00e9lectionn\u00e9 deux livres\u00a0Un peu perdu\u00a0et\u00a0Oh Non, George!\u00a0 La lecture aura lieu samedi\u00a025 mai\u00a0de 10h \u00e0 10h45\u00a0\u00e0\u00a0la m\u00e9diath\u00e8que de l\u2019Institut fran\u00e7ais.\u00a0Les enfants entre 2 et 5 ans sont invit\u00e9s, leurs parents aussi\u00a0! La lecture se fera en fran\u00e7ais et en slovaque&nbsp;! Apr\u00e8s la [&hellip;]"}