{"version":"1.0","provider_name":"Franc\u00fazsky in\u0161tit\u00fat na Slovensku","provider_url":"https:\/\/institutfrancais.sk\/fr\/","author_name":"Silvia Litva Polak","author_url":"https:\/\/institutfrancais.sk\/fr\/author\/silvia\/","title":"La Nuit des Id\u00e9es : grands dialogues europ\u00e9ens - Franc\u00fazsky in\u0161tit\u00fat na Slovensku","type":"rich","width":600,"height":338,"html":"<blockquote class=\"wp-embedded-content\" data-secret=\"dCzGcFc8IP\"><a href=\"https:\/\/institutfrancais.sk\/fr\/podujatie\/la-nuit-des-idees-grands-dialogues-europeens\/\">La Nuit des Id\u00e9es : grands dialogues europ\u00e9ens<\/a><\/blockquote><iframe sandbox=\"allow-scripts\" security=\"restricted\" src=\"https:\/\/institutfrancais.sk\/fr\/podujatie\/la-nuit-des-idees-grands-dialogues-europeens\/embed\/#?secret=dCzGcFc8IP\" width=\"600\" height=\"338\" title=\"\u00ab\u00a0La Nuit des Id\u00e9es : grands dialogues europ\u00e9ens\u00a0\u00bb &#8212; Franc\u00fazsky in\u0161tit\u00fat na Slovensku\" data-secret=\"dCzGcFc8IP\" frameborder=\"0\" marginwidth=\"0\" marginheight=\"0\" scrolling=\"no\" class=\"wp-embedded-content\"><\/iframe><script type=\"text\/javascript\">\n\/* <![CDATA[ *\/\n\/*! This file is auto-generated *\/\n!function(d,l){\"use strict\";l.querySelector&&d.addEventListener&&\"undefined\"!=typeof URL&&(d.wp=d.wp||{},d.wp.receiveEmbedMessage||(d.wp.receiveEmbedMessage=function(e){var t=e.data;if((t||t.secret||t.message||t.value)&&!\/[^a-zA-Z0-9]\/.test(t.secret)){for(var s,r,n,a=l.querySelectorAll('iframe[data-secret=\"'+t.secret+'\"]'),o=l.querySelectorAll('blockquote[data-secret=\"'+t.secret+'\"]'),c=new RegExp(\"^https?:$\",\"i\"),i=0;i<o.length;i++)o[i].style.display=\"none\";for(i=0;i<a.length;i++)s=a[i],e.source===s.contentWindow&&(s.removeAttribute(\"style\"),\"height\"===t.message?(1e3<(r=parseInt(t.value,10))?r=1e3:~~r<200&&(r=200),s.height=r):\"link\"===t.message&&(r=new URL(s.getAttribute(\"src\")),n=new URL(t.value),c.test(n.protocol))&&n.host===r.host&&l.activeElement===s&&(d.top.location.href=t.value))}},d.addEventListener(\"message\",d.wp.receiveEmbedMessage,!1),l.addEventListener(\"DOMContentLoaded\",function(){for(var e,t,s=l.querySelectorAll(\"iframe.wp-embedded-content\"),r=0;r<s.length;r++)(t=(e=s[r]).getAttribute(\"data-secret\"))||(t=Math.random().toString(36).substring(2,12),e.src+=\"#?secret=\"+t,e.setAttribute(\"data-secret\",t)),e.contentWindow.postMessage({message:\"ready\",secret:t},\"*\")},!1)))}(window,document);\n\/* ]]> *\/\n<\/script>\n","thumbnail_url":"https:\/\/institutfrancais.sk\/wp-content\/uploads\/2022\/01\/nuit-des-idees-scaled.jpg","thumbnail_width":2560,"thumbnail_height":1487,"description":"Initi\u00e9e en 2016 lors d\u2019une soir\u00e9e exceptionnelle qui a&nbsp;r\u00e9uni \u00e0 Paris de grandes voix fran\u00e7aises et internationales convi\u00e9es \u00e0 dialoguer autour des grands enjeux de notre temps, la Nuit des id\u00e9es s\u2019est tr\u00e8s vite impos\u00e9e dans l\u2019agenda fran\u00e7ais et international. Chaque ann\u00e9e, le dernier jeudi du mois de janvier, l\u2019Institut fran\u00e7ais invite tous les lieux [&hellip;]"}