{"version":"1.0","provider_name":"Franc\u00fazsky in\u0161tit\u00fat na Slovensku","provider_url":"https:\/\/institutfrancais.sk\/fr\/","author_name":"Silvia Litva Polak","author_url":"https:\/\/institutfrancais.sk\/fr\/author\/silvia\/","title":"Mois de la Francophonie 2025 - Franc\u00fazsky in\u0161tit\u00fat na Slovensku","type":"rich","width":600,"height":338,"html":"<blockquote class=\"wp-embedded-content\" data-secret=\"iqmcZWCEDK\"><a href=\"https:\/\/institutfrancais.sk\/fr\/podujatie\/mesiac-frankofonie-2025\/\">Mois de la Francophonie 2025<\/a><\/blockquote><iframe sandbox=\"allow-scripts\" security=\"restricted\" src=\"https:\/\/institutfrancais.sk\/fr\/podujatie\/mesiac-frankofonie-2025\/embed\/#?secret=iqmcZWCEDK\" width=\"600\" height=\"338\" title=\"\u00ab\u00a0Mois de la Francophonie 2025\u00a0\u00bb &#8212; Franc\u00fazsky in\u0161tit\u00fat na Slovensku\" data-secret=\"iqmcZWCEDK\" frameborder=\"0\" marginwidth=\"0\" marginheight=\"0\" scrolling=\"no\" class=\"wp-embedded-content\"><\/iframe><script type=\"text\/javascript\">\n\/* <![CDATA[ *\/\n\/*! This file is auto-generated *\/\n!function(d,l){\"use strict\";l.querySelector&&d.addEventListener&&\"undefined\"!=typeof URL&&(d.wp=d.wp||{},d.wp.receiveEmbedMessage||(d.wp.receiveEmbedMessage=function(e){var t=e.data;if((t||t.secret||t.message||t.value)&&!\/[^a-zA-Z0-9]\/.test(t.secret)){for(var s,r,n,a=l.querySelectorAll('iframe[data-secret=\"'+t.secret+'\"]'),o=l.querySelectorAll('blockquote[data-secret=\"'+t.secret+'\"]'),c=new RegExp(\"^https?:$\",\"i\"),i=0;i<o.length;i++)o[i].style.display=\"none\";for(i=0;i<a.length;i++)s=a[i],e.source===s.contentWindow&&(s.removeAttribute(\"style\"),\"height\"===t.message?(1e3<(r=parseInt(t.value,10))?r=1e3:~~r<200&&(r=200),s.height=r):\"link\"===t.message&&(r=new URL(s.getAttribute(\"src\")),n=new URL(t.value),c.test(n.protocol))&&n.host===r.host&&l.activeElement===s&&(d.top.location.href=t.value))}},d.addEventListener(\"message\",d.wp.receiveEmbedMessage,!1),l.addEventListener(\"DOMContentLoaded\",function(){for(var e,t,s=l.querySelectorAll(\"iframe.wp-embedded-content\"),r=0;r<s.length;r++)(t=(e=s[r]).getAttribute(\"data-secret\"))||(t=Math.random().toString(36).substring(2,12),e.src+=\"#?secret=\"+t,e.setAttribute(\"data-secret\",t)),e.contentWindow.postMessage({message:\"ready\",secret:t},\"*\")},!1)))}(window,document);\n\/* ]]> *\/\n<\/script>\n","thumbnail_url":"https:\/\/institutfrancais.sk\/wp-content\/uploads\/2025\/02\/Cote-Atlantique-841-x-594-mm-scaled.jpg","thumbnail_width":2560,"thumbnail_height":1808,"description":"Prenez la parole ! Chers francophones, chers francophiles, Comme chaque ann\u00e9e, nous f\u00eatons la francophonie au mois de mars ! La francophonie est une communaut\u00e9 linguistique compos\u00e9e de personnes qui partagent une langue mondiale, le fran\u00e7ais, non pas la plus parl\u00e9e, mais la plus r\u00e9pandue et la plus enseign\u00e9e dans le monde, apr\u00e8s l\u2019anglais.&nbsp; Cette [&hellip;]"}