{"version":"1.0","provider_name":"Franc\u00fazsky in\u0161tit\u00fat na Slovensku","provider_url":"https:\/\/institutfrancais.sk\/fr\/","author_name":"Silvia Litva Polak","author_url":"https:\/\/institutfrancais.sk\/fr\/author\/silvia\/","title":"Mois de la francophonie 2026 - Franc\u00fazsky in\u0161tit\u00fat na Slovensku","type":"rich","width":600,"height":338,"html":"<blockquote class=\"wp-embedded-content\" data-secret=\"vqyzq16jA8\"><a href=\"https:\/\/institutfrancais.sk\/fr\/podujatie\/mois-de-la-francophonie\/\">Mois de la francophonie 2026<\/a><\/blockquote><iframe sandbox=\"allow-scripts\" security=\"restricted\" src=\"https:\/\/institutfrancais.sk\/fr\/podujatie\/mois-de-la-francophonie\/embed\/#?secret=vqyzq16jA8\" width=\"600\" height=\"338\" title=\"\u00ab\u00a0Mois de la francophonie 2026\u00a0\u00bb &#8212; Franc\u00fazsky in\u0161tit\u00fat na Slovensku\" data-secret=\"vqyzq16jA8\" frameborder=\"0\" marginwidth=\"0\" marginheight=\"0\" scrolling=\"no\" class=\"wp-embedded-content\"><\/iframe><script type=\"text\/javascript\">\n\/* <![CDATA[ *\/\n\/*! This file is auto-generated *\/\n!function(d,l){\"use strict\";l.querySelector&&d.addEventListener&&\"undefined\"!=typeof URL&&(d.wp=d.wp||{},d.wp.receiveEmbedMessage||(d.wp.receiveEmbedMessage=function(e){var t=e.data;if((t||t.secret||t.message||t.value)&&!\/[^a-zA-Z0-9]\/.test(t.secret)){for(var s,r,n,a=l.querySelectorAll('iframe[data-secret=\"'+t.secret+'\"]'),o=l.querySelectorAll('blockquote[data-secret=\"'+t.secret+'\"]'),c=new RegExp(\"^https?:$\",\"i\"),i=0;i<o.length;i++)o[i].style.display=\"none\";for(i=0;i<a.length;i++)s=a[i],e.source===s.contentWindow&&(s.removeAttribute(\"style\"),\"height\"===t.message?(1e3<(r=parseInt(t.value,10))?r=1e3:~~r<200&&(r=200),s.height=r):\"link\"===t.message&&(r=new URL(s.getAttribute(\"src\")),n=new URL(t.value),c.test(n.protocol))&&n.host===r.host&&l.activeElement===s&&(d.top.location.href=t.value))}},d.addEventListener(\"message\",d.wp.receiveEmbedMessage,!1),l.addEventListener(\"DOMContentLoaded\",function(){for(var e,t,s=l.querySelectorAll(\"iframe.wp-embedded-content\"),r=0;r<s.length;r++)(t=(e=s[r]).getAttribute(\"data-secret\"))||(t=Math.random().toString(36).substring(2,12),e.src+=\"#?secret=\"+t,e.setAttribute(\"data-secret\",t)),e.contentWindow.postMessage({message:\"ready\",secret:t},\"*\")},!1)))}(window,document);\n\/* ]]> *\/\n<\/script>\n","thumbnail_url":"https:\/\/institutfrancais.sk\/wp-content\/uploads\/2026\/03\/Francophonie-2026-Webova-lokalita-scaled.jpg","thumbnail_width":2560,"thumbnail_height":1439,"description":"Femmes en francophonie Ch\u00e8res et chers francophones, ch\u00e8res et chers francophiles, Comme chaque ann\u00e9e, nous f\u00eatons la francophonie au mois de mars ! La Francophonie est un v\u00e9ritable pont entre les cultures port\u00e9 par la langue fran\u00e7aise. Pr\u00e9sente sur tous les continents, elle rassemble aujourd\u2019hui plus de 348 millions de locuteurs \u00e0 travers le monde. [&hellip;]"}