{"version":"1.0","provider_name":"Franc\u00fazsky in\u0161tit\u00fat na Slovensku","provider_url":"https:\/\/institutfrancais.sk\/fr\/","author_name":"Silvia Litva Polak","author_url":"https:\/\/institutfrancais.sk\/fr\/author\/silvia\/","title":"Retour sur - F\u00eate nationale fran\u00e7aise - Franc\u00fazsky in\u0161tit\u00fat na Slovensku","type":"rich","width":600,"height":338,"html":"<blockquote class=\"wp-embedded-content\" data-secret=\"2m5Jgy8ybX\"><a href=\"https:\/\/institutfrancais.sk\/fr\/podujatie\/retour-sur-14-juillet\/\">Retour sur &#8211;&nbsp;F\u00eate nationale fran\u00e7aise<\/a><\/blockquote><iframe sandbox=\"allow-scripts\" security=\"restricted\" src=\"https:\/\/institutfrancais.sk\/fr\/podujatie\/retour-sur-14-juillet\/embed\/#?secret=2m5Jgy8ybX\" width=\"600\" height=\"338\" title=\"\u00ab\u00a0Retour sur &#8211;&nbsp;F\u00eate nationale fran\u00e7aise\u00a0\u00bb &#8212; Franc\u00fazsky in\u0161tit\u00fat na Slovensku\" data-secret=\"2m5Jgy8ybX\" frameborder=\"0\" marginwidth=\"0\" marginheight=\"0\" scrolling=\"no\" class=\"wp-embedded-content\"><\/iframe><script type=\"text\/javascript\">\n\/* <![CDATA[ *\/\n\/*! This file is auto-generated *\/\n!function(d,l){\"use strict\";l.querySelector&&d.addEventListener&&\"undefined\"!=typeof URL&&(d.wp=d.wp||{},d.wp.receiveEmbedMessage||(d.wp.receiveEmbedMessage=function(e){var t=e.data;if((t||t.secret||t.message||t.value)&&!\/[^a-zA-Z0-9]\/.test(t.secret)){for(var s,r,n,a=l.querySelectorAll('iframe[data-secret=\"'+t.secret+'\"]'),o=l.querySelectorAll('blockquote[data-secret=\"'+t.secret+'\"]'),c=new RegExp(\"^https?:$\",\"i\"),i=0;i<o.length;i++)o[i].style.display=\"none\";for(i=0;i<a.length;i++)s=a[i],e.source===s.contentWindow&&(s.removeAttribute(\"style\"),\"height\"===t.message?(1e3<(r=parseInt(t.value,10))?r=1e3:~~r<200&&(r=200),s.height=r):\"link\"===t.message&&(r=new URL(s.getAttribute(\"src\")),n=new URL(t.value),c.test(n.protocol))&&n.host===r.host&&l.activeElement===s&&(d.top.location.href=t.value))}},d.addEventListener(\"message\",d.wp.receiveEmbedMessage,!1),l.addEventListener(\"DOMContentLoaded\",function(){for(var e,t,s=l.querySelectorAll(\"iframe.wp-embedded-content\"),r=0;r<s.length;r++)(t=(e=s[r]).getAttribute(\"data-secret\"))||(t=Math.random().toString(36).substring(2,12),e.src+=\"#?secret=\"+t,e.setAttribute(\"data-secret\",t)),e.contentWindow.postMessage({message:\"ready\",secret:t},\"*\")},!1)))}(window,document);\n\/* ]]> *\/\n<\/script>\n","thumbnail_url":"https:\/\/institutfrancais.sk\/wp-content\/uploads\/2023\/08\/1_discours_concerts0079a-scaled.jpg","thumbnail_width":2560,"thumbnail_height":1707,"description":"14 juillet est r\u00e9venu au c\u0153ur de Bratislava sur la place principale. Avec les habitants et les visiteurs de la capitale, nous avons c\u00e9l\u00e9br\u00e9s la f\u00eate nationale fran\u00e7aise, \u00e0 l\u2019occasion de l\u2019anniversaire de la conqu\u00eate de la Bastille, pour la onzi\u00e8me fois. Symbole de &nbsp;\u00ab l\u2019Ancien R\u00e9gime \u00bb, la Bastille est envahie et conquise par [&hellip;]"}