{"version":"1.0","provider_name":"Franc\u00fazsky in\u0161tit\u00fat na Slovensku","provider_url":"https:\/\/institutfrancais.sk\/fr\/","author_name":"Victor Carpentier Verdeaux","author_url":"https:\/\/institutfrancais.sk\/fr\/author\/victor-carpentier\/","title":"Je chante en fran\u00e7ais \/ Demi-finale 31 mars 2026 ! - Franc\u00fazsky in\u0161tit\u00fat na Slovensku","type":"rich","width":600,"height":338,"html":"<blockquote class=\"wp-embedded-content\" data-secret=\"laSOvNrAmR\"><a href=\"https:\/\/institutfrancais.sk\/fr\/podujatie\/spievam-po-francuzsky-zapis\/\">Je chante en fran\u00e7ais \/ Demi-finale 31 mars 2026 !<\/a><\/blockquote><iframe sandbox=\"allow-scripts\" security=\"restricted\" src=\"https:\/\/institutfrancais.sk\/fr\/podujatie\/spievam-po-francuzsky-zapis\/embed\/#?secret=laSOvNrAmR\" width=\"600\" height=\"338\" title=\"\u00ab\u00a0Je chante en fran\u00e7ais \/ Demi-finale 31 mars 2026 !\u00a0\u00bb &#8212; Franc\u00fazsky in\u0161tit\u00fat na Slovensku\" data-secret=\"laSOvNrAmR\" frameborder=\"0\" marginwidth=\"0\" marginheight=\"0\" scrolling=\"no\" class=\"wp-embedded-content\"><\/iframe><script type=\"text\/javascript\">\n\/* <![CDATA[ *\/\n\/*! This file is auto-generated *\/\n!function(d,l){\"use strict\";l.querySelector&&d.addEventListener&&\"undefined\"!=typeof URL&&(d.wp=d.wp||{},d.wp.receiveEmbedMessage||(d.wp.receiveEmbedMessage=function(e){var t=e.data;if((t||t.secret||t.message||t.value)&&!\/[^a-zA-Z0-9]\/.test(t.secret)){for(var s,r,n,a=l.querySelectorAll('iframe[data-secret=\"'+t.secret+'\"]'),o=l.querySelectorAll('blockquote[data-secret=\"'+t.secret+'\"]'),c=new RegExp(\"^https?:$\",\"i\"),i=0;i<o.length;i++)o[i].style.display=\"none\";for(i=0;i<a.length;i++)s=a[i],e.source===s.contentWindow&&(s.removeAttribute(\"style\"),\"height\"===t.message?(1e3<(r=parseInt(t.value,10))?r=1e3:~~r<200&&(r=200),s.height=r):\"link\"===t.message&&(r=new URL(s.getAttribute(\"src\")),n=new URL(t.value),c.test(n.protocol))&&n.host===r.host&&l.activeElement===s&&(d.top.location.href=t.value))}},d.addEventListener(\"message\",d.wp.receiveEmbedMessage,!1),l.addEventListener(\"DOMContentLoaded\",function(){for(var e,t,s=l.querySelectorAll(\"iframe.wp-embedded-content\"),r=0;r<s.length;r++)(t=(e=s[r]).getAttribute(\"data-secret\"))||(t=Math.random().toString(36).substring(2,12),e.src+=\"#?secret=\"+t,e.setAttribute(\"data-secret\",t)),e.contentWindow.postMessage({message:\"ready\",secret:t},\"*\")},!1)))}(window,document);\n\/* ]]> *\/\n<\/script>\n","thumbnail_url":"https:\/\/institutfrancais.sk\/wp-content\/uploads\/2025\/11\/SPF-2026-J1-537x235.png","thumbnail_width":537,"thumbnail_height":235,"description":"Le concours&nbsp;\u00ab Je chante en fran\u00e7ais \u00bb&nbsp;revient en 2026 et apporte encore plus de musique, de passion et d\u2019ambiance unique \u00e0 la fran\u00e7aise ! \ud83c\udfa4\ud83c\uddeb\ud83c\uddf7 Nous vous invitons \u00e0 une matin\u00e9e exceptionnelle, remplie de talent, d\u2019\u00e9motions et de belles m\u00e9lodies, o\u00f9 de jeunes chanteurs, amoureux de la langue et de la musique fran\u00e7aises, se produiront. [&hellip;]"}