{"version":"1.0","provider_name":"Franc\u00fazsky in\u0161tit\u00fat na Slovensku","provider_url":"https:\/\/institutfrancais.sk\/fr\/","author_name":"Victor Carpentier Verdeaux","author_url":"https:\/\/institutfrancais.sk\/fr\/author\/victor-carpentier\/","title":"R\u00e9alit\u00e9 virtuelle \"H\u00e9l\u00e8ne Darroze - une cheffe fran\u00e7aise de renomm\u00e9e mondiale\" - Franc\u00fazsky in\u0161tit\u00fat na Slovensku","type":"rich","width":600,"height":338,"html":"<blockquote class=\"wp-embedded-content\" data-secret=\"ylLv1uBB8O\"><a href=\"https:\/\/institutfrancais.sk\/fr\/podujatie\/virtualna-realita-francuzska-sefkucharka\/\">R\u00e9alit\u00e9 virtuelle \u00ab\u00a0H\u00e9l\u00e8ne Darroze &#8211;&nbsp;une cheffe fran\u00e7aise de renomm\u00e9e mondiale\u00a0\u00bb<\/a><\/blockquote><iframe sandbox=\"allow-scripts\" security=\"restricted\" src=\"https:\/\/institutfrancais.sk\/fr\/podujatie\/virtualna-realita-francuzska-sefkucharka\/embed\/#?secret=ylLv1uBB8O\" width=\"600\" height=\"338\" title=\"\u00ab\u00a0R\u00e9alit\u00e9 virtuelle \u00ab\u00a0H\u00e9l\u00e8ne Darroze &#8211;&nbsp;une cheffe fran\u00e7aise de renomm\u00e9e mondiale\u00a0\u00bb\u00a0\u00bb &#8212; Franc\u00fazsky in\u0161tit\u00fat na Slovensku\" data-secret=\"ylLv1uBB8O\" frameborder=\"0\" marginwidth=\"0\" marginheight=\"0\" scrolling=\"no\" class=\"wp-embedded-content\"><\/iframe><script type=\"text\/javascript\">\n\/* <![CDATA[ *\/\n\/*! This file is auto-generated *\/\n!function(d,l){\"use strict\";l.querySelector&&d.addEventListener&&\"undefined\"!=typeof URL&&(d.wp=d.wp||{},d.wp.receiveEmbedMessage||(d.wp.receiveEmbedMessage=function(e){var t=e.data;if((t||t.secret||t.message||t.value)&&!\/[^a-zA-Z0-9]\/.test(t.secret)){for(var s,r,n,a=l.querySelectorAll('iframe[data-secret=\"'+t.secret+'\"]'),o=l.querySelectorAll('blockquote[data-secret=\"'+t.secret+'\"]'),c=new RegExp(\"^https?:$\",\"i\"),i=0;i<o.length;i++)o[i].style.display=\"none\";for(i=0;i<a.length;i++)s=a[i],e.source===s.contentWindow&&(s.removeAttribute(\"style\"),\"height\"===t.message?(1e3<(r=parseInt(t.value,10))?r=1e3:~~r<200&&(r=200),s.height=r):\"link\"===t.message&&(r=new URL(s.getAttribute(\"src\")),n=new URL(t.value),c.test(n.protocol))&&n.host===r.host&&l.activeElement===s&&(d.top.location.href=t.value))}},d.addEventListener(\"message\",d.wp.receiveEmbedMessage,!1),l.addEventListener(\"DOMContentLoaded\",function(){for(var e,t,s=l.querySelectorAll(\"iframe.wp-embedded-content\"),r=0;r<s.length;r++)(t=(e=s[r]).getAttribute(\"data-secret\"))||(t=Math.random().toString(36).substring(2,12),e.src+=\"#?secret=\"+t,e.setAttribute(\"data-secret\",t)),e.contentWindow.postMessage({message:\"ready\",secret:t},\"*\")},!1)))}(window,document);\n\/* ]]> *\/\n<\/script>\n","thumbnail_url":"https:\/\/institutfrancais.sk\/wp-content\/uploads\/2026\/02\/ATELIER-VR-1-537x537.png","thumbnail_width":537,"thumbnail_height":537,"description":"Chers amis de l\u2019Institut fran\u00e7ais, Venez nous rendre visite \u00e0 l\u2019Institut fran\u00e7ais pour vivre une exp\u00e9rience immersive exceptionnelle !&nbsp;Nous vous invitons cette fois \u00e0 d\u00e9couvrir une vid\u00e9o d\u00e9di\u00e9e \u00e0 la c\u00e9l\u00e8bre cheffe \u00e9toil\u00e9e H\u00e9l\u00e8ne Darroze, l\u2019une des figures les plus inspirantes de la gastronomie fran\u00e7aise, \u00e0 travers des lunettes de r\u00e9alit\u00e9 virtuelle. Rejoignez-nous le samedi [&hellip;]"}