{"id":10299,"date":"2020-05-26T11:25:38","date_gmt":"2020-05-26T09:25:38","guid":{"rendered":"https:\/\/institutfrancais.sk\/?post_type=kurzy&#038;p=10299"},"modified":"2026-04-22T15:20:57","modified_gmt":"2026-04-22T13:20:57","slug":"ete-francais-general-pour-adultes-b1-2","status":"publish","type":"kurzy","link":"https:\/\/institutfrancais.sk\/fr\/kurz\/ete-francais-general-pour-adultes-b1-2\/","title":{"rendered":"\u00c9t\u00e9 \/ Fran\u00e7ais g\u00e9n\u00e9ral pour adultes \/ B1"},"content":{"rendered":"\n<figure class=\"wp-block-table\"><table><tbody><tr><td><strong>Inscriptions<\/strong><\/td><td><strong>Cours<\/strong><\/td><\/tr><tr><td><strong><strong><strong><strong><strong><strong><strong><strong><strong><em>en ligne<\/em><br>\u00e0 partir du 1er mai 2026<br><br><em>en pr\u00e9sentiel<\/em><br><strong><em>le 29 ou le 30 juin 2026 entre 14h00 et 18h00<\/em><\/strong><em> \u00e0 l\u2019<strong>Institut fran\u00e7ais<\/strong><\/em><\/strong><\/strong><\/strong><\/strong><\/strong><\/strong><\/strong><\/strong><\/strong><\/td><td>COURS ONLINE DU TRIMESTRE D&rsquo;ETE<br>Juillet &#8211;&nbsp;septembre<br><br>06\/07\/2026 &#8211;&nbsp;22\/09\/2026<\/td><\/tr><\/tbody><\/table><\/figure>\n\n\n<div class=\"space md\"><\/div>\n\n\n<h2 class=\"wp-block-heading\">Online<\/h2>\n\n\n<div class=\"course-table table-responsive\" data-table=\"1\"><table class=\"desktop-table\"><thead><tr><th class=\"ctc1\">Niveau<\/th><th class=\"ctc23\">Intensit\u00e9<\/th><th class=\"ctc23\">Dur\u00e9e<\/th><th class=\"ctc4\">Prix<\/th><th class=\"ctc5\">Jours<\/th><th class=\"ctc6\">Heure<\/th><\/tr><\/thead><tr><td rowspan=\"2\">onl B1.1<\/td><td rowspan=\"2\">2 x 90 min<\/td><td rowspan=\"2\">11 semaines<\/td><td rowspan=\"2\">295\u20ac \/ 265\u20ac*<\/td><td class=\"cth1_0\">mardi et jeudi<td class=\"ctg1_0_0\">07:30-09:00<\/td><\/tr><tr><td class=\"cth1_1\">lundi et mercredi<td class=\"ctg1_1_1\">19:10-20:40<\/td><\/tr><table class=\"mobile-table\"><tr><td>Niveau<\/td><td colspan=\"2\">onl B1.1<\/td><\/tr><tr><td>Intensit\u00e9<\/td><td colspan=\"2\">2 x 90 min<\/td><\/tr><tr><td>Dur\u00e9e<\/td><td colspan=\"2\">11 semaines<\/td><\/tr><tr><td>Prix<\/td><td colspan=\"2\">295\u20ac \/ 265\u20ac*<\/td><\/tr><tr><td>Jours<\/td><td colspan=\"2\">mardi et jeudi<\/td><\/tr><tr><td rowspan=\"1\">Heure<\/td><td>07:30-09:00<\/td><\/tr><tr><td>Jours<\/td><td colspan=\"2\">lundi et mercredi<\/td><\/tr><tr><td rowspan=\"1\">Heure<\/td><td>19:10-20:40<\/td><\/tr><\/table><div class=\"space\"><\/div><\/div>\n\n\n\n<p><em><em>*remise pour les \u00e9tudiants (carte ISIC uniquement) et les seniors (\u00e0 partir de 60 ans)<\/em><\/em><\/p>\n\n\n<a href=\"https:\/\/institutfrancais.sk\/fr\/cours\/niveaux-de-langue\/\" class=\"btn btn-blue-invert\" target=\"blank\" rel=\"noreferrer noopener\">NIVEAUX DE LANGUE<\/a>","protected":false},"excerpt":{"rendered":"<p>Inscriptions Cours en ligne\u00e0 partir du 1er mai 2026 en pr\u00e9sentielle 29 ou le 30 juin 2026 entre 14h00 et 18h00 \u00e0 l\u2019Institut fran\u00e7ais COURS ONLINE DU TRIMESTRE D&rsquo;ETEJuillet &#8211;&nbsp;septembre 06\/07\/2026 &#8211;&nbsp;22\/09\/2026 Online *remise pour les \u00e9tudiants (carte ISIC uniquement) et les seniors (\u00e0 partir de 60 ans)<\/p>\n","protected":false},"featured_media":36233,"menu_order":8,"template":"","typ":[60,240,59],"acf":[],"yoast_head":"<!-- This site is optimized with the Yoast SEO plugin v24.5 - https:\/\/yoast.com\/wordpress\/plugins\/seo\/ -->\n<title>\u00c9t\u00e9 \/ Fran\u00e7ais g\u00e9n\u00e9ral pour adultes \/ B1 - Franc\u00fazsky in\u0161tit\u00fat na Slovensku<\/title>\n<meta name=\"description\" content=\"\u00dastna a\u00a0p\u00edsomn\u00e1 komunik\u00e1ciu vo franc\u00faz\u0161tine v\u00a0r\u00f4znych \u017eivotn\u00fdch situ\u00e1ci\u00e1ch, spozn\u00e1vanie frankof\u00f3nnej kult\u00fary. Dynamick\u00fd, interakt\u00edvny a efekt\u00edvny pr\u00edstup.\" \/>\n<meta name=\"robots\" content=\"index, follow, max-snippet:-1, max-image-preview:large, max-video-preview:-1\" \/>\n<link rel=\"canonical\" href=\"https:\/\/institutfrancais.sk\/fr\/kurz\/ete-francais-general-pour-adultes-b1-2\/\" \/>\n<meta property=\"og:locale\" content=\"fr_FR\" \/>\n<meta property=\"og:type\" content=\"article\" \/>\n<meta property=\"og:title\" content=\"\u00c9t\u00e9 \/ Fran\u00e7ais g\u00e9n\u00e9ral pour adultes \/ B1 - Franc\u00fazsky in\u0161tit\u00fat na Slovensku\" \/>\n<meta property=\"og:description\" content=\"\u00dastna a\u00a0p\u00edsomn\u00e1 komunik\u00e1ciu vo franc\u00faz\u0161tine v\u00a0r\u00f4znych \u017eivotn\u00fdch situ\u00e1ci\u00e1ch, spozn\u00e1vanie frankof\u00f3nnej kult\u00fary. Dynamick\u00fd, interakt\u00edvny a efekt\u00edvny pr\u00edstup.\" \/>\n<meta property=\"og:url\" content=\"https:\/\/institutfrancais.sk\/fr\/kurz\/ete-francais-general-pour-adultes-b1-2\/\" \/>\n<meta property=\"og:site_name\" content=\"Franc\u00fazsky in\u0161tit\u00fat na Slovensku\" \/>\n<meta property=\"article:modified_time\" content=\"2026-04-22T13:20:57+00:00\" \/>\n<meta property=\"og:image\" content=\"https:\/\/institutfrancais.sk\/wp-content\/uploads\/2020\/05\/3.jpg\" \/>\n\t<meta property=\"og:image:width\" content=\"1080\" \/>\n\t<meta property=\"og:image:height\" content=\"1080\" \/>\n\t<meta property=\"og:image:type\" content=\"image\/jpeg\" \/>\n<meta name=\"twitter:card\" content=\"summary_large_image\" \/>\n<meta name=\"twitter:label1\" content=\"Dur\u00e9e de lecture estim\u00e9e\" \/>\n\t<meta name=\"twitter:data1\" content=\"1 minute\" \/>\n<script type=\"application\/ld+json\" class=\"yoast-schema-graph\">{\"@context\":\"https:\/\/schema.org\",\"@graph\":[{\"@type\":\"WebPage\",\"@id\":\"https:\/\/institutfrancais.sk\/fr\/kurz\/ete-francais-general-pour-adultes-b1-2\/\",\"url\":\"https:\/\/institutfrancais.sk\/fr\/kurz\/ete-francais-general-pour-adultes-b1-2\/\",\"name\":\"\u00c9t\u00e9 \/ Fran\u00e7ais g\u00e9n\u00e9ral pour adultes \/ B1 - Franc\u00fazsky in\u0161tit\u00fat na Slovensku\",\"isPartOf\":{\"@id\":\"https:\/\/institutfrancais.sk\/fr\/#website\"},\"primaryImageOfPage\":{\"@id\":\"https:\/\/institutfrancais.sk\/fr\/kurz\/ete-francais-general-pour-adultes-b1-2\/#primaryimage\"},\"image\":{\"@id\":\"https:\/\/institutfrancais.sk\/fr\/kurz\/ete-francais-general-pour-adultes-b1-2\/#primaryimage\"},\"thumbnailUrl\":\"https:\/\/institutfrancais.sk\/wp-content\/uploads\/2020\/05\/3.jpg\",\"datePublished\":\"2020-05-26T09:25:38+00:00\",\"dateModified\":\"2026-04-22T13:20:57+00:00\",\"description\":\"\u00dastna a\u00a0p\u00edsomn\u00e1 komunik\u00e1ciu vo franc\u00faz\u0161tine v\u00a0r\u00f4znych \u017eivotn\u00fdch situ\u00e1ci\u00e1ch, spozn\u00e1vanie frankof\u00f3nnej kult\u00fary. Dynamick\u00fd, interakt\u00edvny a efekt\u00edvny pr\u00edstup.\",\"breadcrumb\":{\"@id\":\"https:\/\/institutfrancais.sk\/fr\/kurz\/ete-francais-general-pour-adultes-b1-2\/#breadcrumb\"},\"inLanguage\":\"fr-FR\",\"potentialAction\":[{\"@type\":\"ReadAction\",\"target\":[\"https:\/\/institutfrancais.sk\/fr\/kurz\/ete-francais-general-pour-adultes-b1-2\/\"]}]},{\"@type\":\"ImageObject\",\"inLanguage\":\"fr-FR\",\"@id\":\"https:\/\/institutfrancais.sk\/fr\/kurz\/ete-francais-general-pour-adultes-b1-2\/#primaryimage\",\"url\":\"https:\/\/institutfrancais.sk\/wp-content\/uploads\/2020\/05\/3.jpg\",\"contentUrl\":\"https:\/\/institutfrancais.sk\/wp-content\/uploads\/2020\/05\/3.jpg\",\"width\":1080,\"height\":1080},{\"@type\":\"BreadcrumbList\",\"@id\":\"https:\/\/institutfrancais.sk\/fr\/kurz\/ete-francais-general-pour-adultes-b1-2\/#breadcrumb\",\"itemListElement\":[{\"@type\":\"ListItem\",\"position\":1,\"name\":\"Home\",\"item\":\"https:\/\/institutfrancais.sk\/fr\/\"},{\"@type\":\"ListItem\",\"position\":2,\"name\":\"Courses\",\"item\":\"https:\/\/institutfrancais.sk\/fr\/kurz\/\"},{\"@type\":\"ListItem\",\"position\":3,\"name\":\"\u00c9t\u00e9 \/ Fran\u00e7ais g\u00e9n\u00e9ral pour adultes \/ B1\"}]},{\"@type\":\"WebSite\",\"@id\":\"https:\/\/institutfrancais.sk\/fr\/#website\",\"url\":\"https:\/\/institutfrancais.sk\/fr\/\",\"name\":\"Franc\u00fazsky in\u0161tit\u00fat na Slovensku\",\"description\":\"Franc\u00fazsky in\u0161tit\u00fat na Slovensku\",\"potentialAction\":[{\"@type\":\"SearchAction\",\"target\":{\"@type\":\"EntryPoint\",\"urlTemplate\":\"https:\/\/institutfrancais.sk\/fr\/?s={search_term_string}\"},\"query-input\":{\"@type\":\"PropertyValueSpecification\",\"valueRequired\":true,\"valueName\":\"search_term_string\"}}],\"inLanguage\":\"fr-FR\"}]}<\/script>\n<!-- \/ Yoast SEO plugin. -->","yoast_head_json":{"title":"\u00c9t\u00e9 \/ Fran\u00e7ais g\u00e9n\u00e9ral pour adultes \/ B1 - Franc\u00fazsky in\u0161tit\u00fat na Slovensku","description":"\u00dastna a\u00a0p\u00edsomn\u00e1 komunik\u00e1ciu vo franc\u00faz\u0161tine v\u00a0r\u00f4znych \u017eivotn\u00fdch situ\u00e1ci\u00e1ch, spozn\u00e1vanie frankof\u00f3nnej kult\u00fary. Dynamick\u00fd, interakt\u00edvny a efekt\u00edvny pr\u00edstup.","robots":{"index":"index","follow":"follow","max-snippet":"max-snippet:-1","max-image-preview":"max-image-preview:large","max-video-preview":"max-video-preview:-1"},"canonical":"https:\/\/institutfrancais.sk\/fr\/kurz\/ete-francais-general-pour-adultes-b1-2\/","og_locale":"fr_FR","og_type":"article","og_title":"\u00c9t\u00e9 \/ Fran\u00e7ais g\u00e9n\u00e9ral pour adultes \/ B1 - Franc\u00fazsky in\u0161tit\u00fat na Slovensku","og_description":"\u00dastna a\u00a0p\u00edsomn\u00e1 komunik\u00e1ciu vo franc\u00faz\u0161tine v\u00a0r\u00f4znych \u017eivotn\u00fdch situ\u00e1ci\u00e1ch, spozn\u00e1vanie frankof\u00f3nnej kult\u00fary. Dynamick\u00fd, interakt\u00edvny a efekt\u00edvny pr\u00edstup.","og_url":"https:\/\/institutfrancais.sk\/fr\/kurz\/ete-francais-general-pour-adultes-b1-2\/","og_site_name":"Franc\u00fazsky in\u0161tit\u00fat na Slovensku","article_modified_time":"2026-04-22T13:20:57+00:00","og_image":[{"width":1080,"height":1080,"url":"https:\/\/institutfrancais.sk\/wp-content\/uploads\/2020\/05\/3.jpg","type":"image\/jpeg"}],"twitter_card":"summary_large_image","twitter_misc":{"Dur\u00e9e de lecture estim\u00e9e":"1 minute"},"schema":{"@context":"https:\/\/schema.org","@graph":[{"@type":"WebPage","@id":"https:\/\/institutfrancais.sk\/fr\/kurz\/ete-francais-general-pour-adultes-b1-2\/","url":"https:\/\/institutfrancais.sk\/fr\/kurz\/ete-francais-general-pour-adultes-b1-2\/","name":"\u00c9t\u00e9 \/ Fran\u00e7ais g\u00e9n\u00e9ral pour adultes \/ B1 - Franc\u00fazsky in\u0161tit\u00fat na Slovensku","isPartOf":{"@id":"https:\/\/institutfrancais.sk\/fr\/#website"},"primaryImageOfPage":{"@id":"https:\/\/institutfrancais.sk\/fr\/kurz\/ete-francais-general-pour-adultes-b1-2\/#primaryimage"},"image":{"@id":"https:\/\/institutfrancais.sk\/fr\/kurz\/ete-francais-general-pour-adultes-b1-2\/#primaryimage"},"thumbnailUrl":"https:\/\/institutfrancais.sk\/wp-content\/uploads\/2020\/05\/3.jpg","datePublished":"2020-05-26T09:25:38+00:00","dateModified":"2026-04-22T13:20:57+00:00","description":"\u00dastna a\u00a0p\u00edsomn\u00e1 komunik\u00e1ciu vo franc\u00faz\u0161tine v\u00a0r\u00f4znych \u017eivotn\u00fdch situ\u00e1ci\u00e1ch, spozn\u00e1vanie frankof\u00f3nnej kult\u00fary. Dynamick\u00fd, interakt\u00edvny a efekt\u00edvny pr\u00edstup.","breadcrumb":{"@id":"https:\/\/institutfrancais.sk\/fr\/kurz\/ete-francais-general-pour-adultes-b1-2\/#breadcrumb"},"inLanguage":"fr-FR","potentialAction":[{"@type":"ReadAction","target":["https:\/\/institutfrancais.sk\/fr\/kurz\/ete-francais-general-pour-adultes-b1-2\/"]}]},{"@type":"ImageObject","inLanguage":"fr-FR","@id":"https:\/\/institutfrancais.sk\/fr\/kurz\/ete-francais-general-pour-adultes-b1-2\/#primaryimage","url":"https:\/\/institutfrancais.sk\/wp-content\/uploads\/2020\/05\/3.jpg","contentUrl":"https:\/\/institutfrancais.sk\/wp-content\/uploads\/2020\/05\/3.jpg","width":1080,"height":1080},{"@type":"BreadcrumbList","@id":"https:\/\/institutfrancais.sk\/fr\/kurz\/ete-francais-general-pour-adultes-b1-2\/#breadcrumb","itemListElement":[{"@type":"ListItem","position":1,"name":"Home","item":"https:\/\/institutfrancais.sk\/fr\/"},{"@type":"ListItem","position":2,"name":"Courses","item":"https:\/\/institutfrancais.sk\/fr\/kurz\/"},{"@type":"ListItem","position":3,"name":"\u00c9t\u00e9 \/ Fran\u00e7ais g\u00e9n\u00e9ral pour adultes \/ B1"}]},{"@type":"WebSite","@id":"https:\/\/institutfrancais.sk\/fr\/#website","url":"https:\/\/institutfrancais.sk\/fr\/","name":"Franc\u00fazsky in\u0161tit\u00fat na Slovensku","description":"Franc\u00fazsky in\u0161tit\u00fat na Slovensku","potentialAction":[{"@type":"SearchAction","target":{"@type":"EntryPoint","urlTemplate":"https:\/\/institutfrancais.sk\/fr\/?s={search_term_string}"},"query-input":{"@type":"PropertyValueSpecification","valueRequired":true,"valueName":"search_term_string"}}],"inLanguage":"fr-FR"}]}},"_links":{"self":[{"href":"https:\/\/institutfrancais.sk\/fr\/wp-json\/wp\/v2\/kurzy\/10299"}],"collection":[{"href":"https:\/\/institutfrancais.sk\/fr\/wp-json\/wp\/v2\/kurzy"}],"about":[{"href":"https:\/\/institutfrancais.sk\/fr\/wp-json\/wp\/v2\/types\/kurzy"}],"wp:featuredmedia":[{"embeddable":true,"href":"https:\/\/institutfrancais.sk\/fr\/wp-json\/wp\/v2\/media\/36233"}],"wp:attachment":[{"href":"https:\/\/institutfrancais.sk\/fr\/wp-json\/wp\/v2\/media?parent=10299"}],"wp:term":[{"taxonomy":"typ","embeddable":true,"href":"https:\/\/institutfrancais.sk\/fr\/wp-json\/wp\/v2\/typ?post=10299"}],"curies":[{"name":"wp","href":"https:\/\/api.w.org\/{rel}","templated":true}]}}