{"id":21641,"date":"2022-03-08T17:25:53","date_gmt":"2022-03-08T16:25:53","guid":{"rendered":"https:\/\/institutfrancais.sk\/?post_type=kurzy&#038;p=21641"},"modified":"2026-08-14T10:45:54","modified_gmt":"2026-08-14T08:45:54","slug":"francais-general-pour-adultes-c2","status":"publish","type":"kurzy","link":"https:\/\/institutfrancais.sk\/fr\/kurz\/francais-general-pour-adultes-c2\/","title":{"rendered":"Fran\u00e7ais g\u00e9n\u00e9ral pour adultes \/ C2"},"content":{"rendered":"\n<figure class=\"wp-block-table\"><table><tbody><tr><td><strong>Inscriptions et test de positionnement<\/strong><\/td><td><strong>D\u00e9but des cours<\/strong><\/td><\/tr><tr><td><strong>en ligne<br><\/strong>\u00e0 partir du 24\u00a0ao\u00fbt 2026<br><br><strong>en pr\u00e9sentiel<br><\/strong>du 14 au 17 septembre 2026, de 14h00 \u00e0 18h00<\/td><td><strong><strong><strong>26 septembre \u2013 d\u00e9cembre<\/strong><\/strong><\/strong><\/td><\/tr><\/tbody><\/table><\/figure>\n\n\n<div class=\"space md\"><\/div>\n\n\n<h2 class=\"wp-block-heading\">Trimestre d\u2019automne 2026<\/h2>\n\n\n<div class=\"accordion-menu\"><a href=\"#a1-\" class=\"smooth\"><\/a><\/div><div class=\"accordion\" id=\"a792\"><div class=\"card\"><div class=\"card-header\" id=\"ha792_1\"><h3 class=\"card-opener\"><button class=\"collapsed\" type=\"button\" data-toggle=\"collapse\" data-target=\"#ca792_1\" aria-expanded=\"true\" aria-controls=\"ca792_1\">En route vers le C2<span class=\"plus\"><svg viewBox=\"0 0 29 29\" xmlns=\"http:\/\/www.w3.org\/2000\/svg\"><path d=\"M28.2857 12.9286V16.7857C28.2857 17.3214 28.0982 17.7768 27.7232 18.1518C27.3482 18.5268 26.8929 18.7143 26.3571 18.7143H18V27.0714C18 27.6071 17.8125 28.0625 17.4375 28.4375C17.0625 28.8125 16.6071 29 16.0714 29H12.2143C11.6786 29 11.2232 28.8125 10.8482 28.4375C10.4732 28.0625 10.2857 27.6071 10.2857 27.0714V18.7143H1.92857C1.39286 18.7143 0.9375 18.5268 0.5625 18.1518C0.1875 17.7768 0 17.3214 0 16.7857V12.9286C0 12.3929 0.1875 11.9375 0.5625 11.5625C0.9375 11.1875 1.39286 11 1.92857 11H10.2857V2.64286C10.2857 2.10714 10.4732 1.65178 10.8482 1.27678C11.2232 0.901784 11.6786 0.714284 12.2143 0.714284H16.0714C16.6071 0.714284 17.0625 0.901784 17.4375 1.27678C17.8125 1.65178 18 2.10714 18 2.64286V11H26.3571C26.8929 11 27.3482 11.1875 27.7232 11.5625C28.0982 11.9375 28.2857 12.3929 28.2857 12.9286Z\"><\/svg><\/span><span class=\"minus\"><svg viewBox=\"0 0 29 8\" xmlns=\"http:\/\/www.w3.org\/2000\/svg\"><path d=\"M28.2857 1.92857V5.78571C28.2857 6.32143 28.0982 6.77679 27.7232 7.15179C27.3482 7.52679 26.8929 7.71429 26.3571 7.71429H1.92857C1.39286 7.71429 0.9375 7.52679 0.5625 7.15179C0.1875 6.77679 0 6.32143 0 5.78571V1.92857C0 1.39286 0.1875 0.937499 0.5625 0.562499C0.9375 0.1875 1.39286 0 1.92857 0H26.3571C26.8929 0 27.3482 0.1875 27.7232 0.562499C28.0982 0.937499 28.2857 1.39286 28.2857 1.92857Z\"><\/svg><\/span><\/button><\/h3><\/div><div id=\"ca792_1\" class=\"collapse\" aria-labelledby=\"ha792_1\" data-parent=\"#a792\"><div class=\"card-body\"><h1>Prezen\u010dne<\/h1>\n<div class=\"course-table table-responsive\" data-table=\"1\"><table class=\"desktop-table\"><thead><tr><th class=\"ctc1\">Niveau<\/th><th class=\"ctc23\">Intensit\u00e9<\/th><th class=\"ctc23\">Dur\u00e9e<\/th><th class=\"ctc4\">Prix<\/th><th class=\"ctc5\">Jours<\/th><th class=\"ctc6\">Heure<\/th><th><\/th><\/tr><\/thead><tr><td>C2<\/td><td>2 x 90 min<\/td><td>11 semaines<\/td><td>259 \/ 229 \u20ac*<\/td><td class=\"cth1_0\">lundi et mercredi<td class=\"ctg1_0_0\">17:30-19:00<\/td><td class=\"registration-btn\" data-rf=\"cth1_0\" data-rf1=\"ctg1_0_0\" data-name=\"C2 En route vers C2 (17:30-19:00) PON-STR\"><span class=\"arrow-icon\"><\/span>Inscription<\/td><\/tr><table class=\"mobile-table\"><tr><td>Niveau<\/td><td colspan=\"2\">C2<\/td><\/tr><tr><td>Intensit\u00e9<\/td><td colspan=\"2\">2 x 90 min<\/td><\/tr><tr><td>Dur\u00e9e<\/td><td colspan=\"2\">11 semaines<\/td><\/tr><tr><td>Prix<\/td><td colspan=\"2\">259 \/ 229 \u20ac*<\/td><\/tr><tr><td>Jours<\/td><td colspan=\"2\">lundi et mercredi<\/td><\/tr><tr><td rowspan=\"1\">Heure<\/td><td>17:30-19:00<\/td><td class=\"registration-btn\" data-rf=\"cth1_1\" data-rf1=\"ctg1_1_0\" data-name=\"\">Inscription<\/td><\/tr><\/table><div class=\"space\"><\/div><\/div>\n<p style=\"text-align: right;\"><em>*z\u013eavnen\u00e1 tarifa pre&nbsp;\u0161tudentov (platn\u00e1 ISIC karta) a&nbsp;seniorov (od&nbsp;60 rokov)<\/em><\/p>\n<\/div><\/div><\/div><\/div>\n\n\n<h2 class=\"wp-block-heading\"><\/h2>\n\n\n<div class=\"space xs\"><\/div>\n\n\n<h2 class=\"wp-block-heading\">Que vais-je apprendre dans ce cours ?&nbsp;&nbsp;&nbsp;<\/h2>\n\n\n<div class=\"space xs\"><\/div>\n\n\n<p> Je vais pouvoir comprendre une grande gamme de textes longs et exigeants, ainsi que saisir des significations implicites. Je serai capable de m&rsquo;exprimer spontan\u00e9ment et couramment sans trop apparemment devoir chercher mes mots. J\u2018utiliserai la langue de fa\u00e7on efficace et souple dans sa vie sociale, professionnelle ou acad\u00e9mique. Je vais pouvoir m&rsquo;exprimer sur des sujets complexes de fa\u00e7on claire et bien structur\u00e9e et manifester mon contr\u00f4le des outils d&rsquo;organisation, d&rsquo;articulation et de coh\u00e9sion du discours. <\/p>\n\n\n<div class=\"space sm\"><\/div>\n\n<a href=\"https:\/\/institutfrancais.sk\/fr\/cours\/niveaux-de-langue\/\" class=\"btn btn-blue-invert\">NIVEAUX DE LANGUE<\/a>","protected":false},"excerpt":{"rendered":"<p>Inscriptions et test de positionnement D\u00e9but des cours en ligne\u00e0 partir du 24\u00a0ao\u00fbt 2026 en pr\u00e9sentieldu 14 au 17 septembre 2026, de 14h00 \u00e0 18h00&nbsp;26 septembre \u2013 d\u00e9cembre Trimestre d\u2019automne 2026 Que vais-je apprendre dans ce cours ?&nbsp;&nbsp;&nbsp;&nbsp;Je vais pouvoir comprendre une grande gamme de textes longs et exigeants, ainsi que saisir des [&hellip;]<\/p>\n","protected":false},"featured_media":35145,"menu_order":32,"template":"","typ":[60,59,41],"acf":[],"yoast_head":"<!-- This site is optimized with the Yoast SEO plugin v24.5 - https:\/\/yoast.com\/wordpress\/plugins\/seo\/ -->\n<title>Fran\u00e7ais g\u00e9n\u00e9ral pour adultes \/ C2 - Franc\u00fazsky in\u0161tit\u00fat na Slovensku<\/title>\n<meta name=\"description\" content=\"\u00dastna a\u00a0p\u00edsomn\u00e1 komunik\u00e1ciu vo franc\u00faz\u0161tine v\u00a0r\u00f4znych \u017eivotn\u00fdch situ\u00e1ci\u00e1ch, spozn\u00e1vanie frankof\u00f3nnej kult\u00fary. Dynamick\u00fd, interakt\u00edvny a efekt\u00edvny pr\u00edstup.\" \/>\n<meta name=\"robots\" content=\"index, follow, max-snippet:-1, max-image-preview:large, max-video-preview:-1\" \/>\n<link rel=\"canonical\" href=\"https:\/\/institutfrancais.sk\/fr\/kurz\/francais-general-pour-adultes-c2\/\" \/>\n<meta property=\"og:locale\" content=\"fr_FR\" \/>\n<meta property=\"og:type\" content=\"article\" \/>\n<meta property=\"og:title\" content=\"Fran\u00e7ais g\u00e9n\u00e9ral pour adultes \/ C2 - Franc\u00fazsky in\u0161tit\u00fat na Slovensku\" \/>\n<meta property=\"og:description\" content=\"\u00dastna a\u00a0p\u00edsomn\u00e1 komunik\u00e1ciu vo franc\u00faz\u0161tine v\u00a0r\u00f4znych \u017eivotn\u00fdch situ\u00e1ci\u00e1ch, spozn\u00e1vanie frankof\u00f3nnej kult\u00fary. Dynamick\u00fd, interakt\u00edvny a efekt\u00edvny pr\u00edstup.\" \/>\n<meta property=\"og:url\" content=\"https:\/\/institutfrancais.sk\/fr\/kurz\/francais-general-pour-adultes-c2\/\" \/>\n<meta property=\"og:site_name\" content=\"Franc\u00fazsky in\u0161tit\u00fat na Slovensku\" \/>\n<meta property=\"article:modified_time\" content=\"2026-08-14T08:45:54+00:00\" \/>\n<meta property=\"og:image\" content=\"http:\/\/false\" \/>\n<meta name=\"twitter:card\" content=\"summary_large_image\" \/>\n<meta name=\"twitter:label1\" content=\"Dur\u00e9e de lecture estim\u00e9e\" \/>\n\t<meta name=\"twitter:data1\" content=\"1 minute\" \/>\n<script type=\"application\/ld+json\" class=\"yoast-schema-graph\">{\"@context\":\"https:\/\/schema.org\",\"@graph\":[{\"@type\":\"WebPage\",\"@id\":\"https:\/\/institutfrancais.sk\/fr\/kurz\/francais-general-pour-adultes-c2\/\",\"url\":\"https:\/\/institutfrancais.sk\/fr\/kurz\/francais-general-pour-adultes-c2\/\",\"name\":\"Fran\u00e7ais g\u00e9n\u00e9ral pour adultes \/ C2 - Franc\u00fazsky in\u0161tit\u00fat na Slovensku\",\"isPartOf\":{\"@id\":\"https:\/\/institutfrancais.sk\/fr\/#website\"},\"primaryImageOfPage\":{\"@id\":\"https:\/\/institutfrancais.sk\/fr\/kurz\/francais-general-pour-adultes-c2\/#primaryimage\"},\"image\":{\"@id\":\"https:\/\/institutfrancais.sk\/fr\/kurz\/francais-general-pour-adultes-c2\/#primaryimage\"},\"thumbnailUrl\":\"https:\/\/institutfrancais.sk\/wp-content\/uploads\/2022\/03\/Jarne-kurzy-1080-x-1080-px-Website-31.jpg\",\"datePublished\":\"2022-03-08T16:25:53+00:00\",\"dateModified\":\"2026-08-14T08:45:54+00:00\",\"description\":\"\u00dastna a\u00a0p\u00edsomn\u00e1 komunik\u00e1ciu vo franc\u00faz\u0161tine v\u00a0r\u00f4znych \u017eivotn\u00fdch situ\u00e1ci\u00e1ch, spozn\u00e1vanie frankof\u00f3nnej kult\u00fary. Dynamick\u00fd, interakt\u00edvny a efekt\u00edvny pr\u00edstup.\",\"breadcrumb\":{\"@id\":\"https:\/\/institutfrancais.sk\/fr\/kurz\/francais-general-pour-adultes-c2\/#breadcrumb\"},\"inLanguage\":\"fr-FR\",\"potentialAction\":[{\"@type\":\"ReadAction\",\"target\":[\"https:\/\/institutfrancais.sk\/fr\/kurz\/francais-general-pour-adultes-c2\/\"]}]},{\"@type\":\"ImageObject\",\"inLanguage\":\"fr-FR\",\"@id\":\"https:\/\/institutfrancais.sk\/fr\/kurz\/francais-general-pour-adultes-c2\/#primaryimage\",\"url\":\"https:\/\/institutfrancais.sk\/wp-content\/uploads\/2022\/03\/Jarne-kurzy-1080-x-1080-px-Website-31.jpg\",\"contentUrl\":\"https:\/\/institutfrancais.sk\/wp-content\/uploads\/2022\/03\/Jarne-kurzy-1080-x-1080-px-Website-31.jpg\",\"width\":2220,\"height\":1248},{\"@type\":\"BreadcrumbList\",\"@id\":\"https:\/\/institutfrancais.sk\/fr\/kurz\/francais-general-pour-adultes-c2\/#breadcrumb\",\"itemListElement\":[{\"@type\":\"ListItem\",\"position\":1,\"name\":\"Home\",\"item\":\"https:\/\/institutfrancais.sk\/fr\/\"},{\"@type\":\"ListItem\",\"position\":2,\"name\":\"Courses\",\"item\":\"https:\/\/institutfrancais.sk\/fr\/kurz\/\"},{\"@type\":\"ListItem\",\"position\":3,\"name\":\"Fran\u00e7ais g\u00e9n\u00e9ral pour adultes \/ C2\"}]},{\"@type\":\"WebSite\",\"@id\":\"https:\/\/institutfrancais.sk\/fr\/#website\",\"url\":\"https:\/\/institutfrancais.sk\/fr\/\",\"name\":\"Franc\u00fazsky in\u0161tit\u00fat na Slovensku\",\"description\":\"Franc\u00fazsky in\u0161tit\u00fat na Slovensku\",\"potentialAction\":[{\"@type\":\"SearchAction\",\"target\":{\"@type\":\"EntryPoint\",\"urlTemplate\":\"https:\/\/institutfrancais.sk\/fr\/?s={search_term_string}\"},\"query-input\":{\"@type\":\"PropertyValueSpecification\",\"valueRequired\":true,\"valueName\":\"search_term_string\"}}],\"inLanguage\":\"fr-FR\"}]}<\/script>\n<!-- \/ Yoast SEO plugin. -->","yoast_head_json":{"title":"Fran\u00e7ais g\u00e9n\u00e9ral pour adultes \/ C2 - Franc\u00fazsky in\u0161tit\u00fat na Slovensku","description":"\u00dastna a\u00a0p\u00edsomn\u00e1 komunik\u00e1ciu vo franc\u00faz\u0161tine v\u00a0r\u00f4znych \u017eivotn\u00fdch situ\u00e1ci\u00e1ch, spozn\u00e1vanie frankof\u00f3nnej kult\u00fary. Dynamick\u00fd, interakt\u00edvny a efekt\u00edvny pr\u00edstup.","robots":{"index":"index","follow":"follow","max-snippet":"max-snippet:-1","max-image-preview":"max-image-preview:large","max-video-preview":"max-video-preview:-1"},"canonical":"https:\/\/institutfrancais.sk\/fr\/kurz\/francais-general-pour-adultes-c2\/","og_locale":"fr_FR","og_type":"article","og_title":"Fran\u00e7ais g\u00e9n\u00e9ral pour adultes \/ C2 - Franc\u00fazsky in\u0161tit\u00fat na Slovensku","og_description":"\u00dastna a\u00a0p\u00edsomn\u00e1 komunik\u00e1ciu vo franc\u00faz\u0161tine v\u00a0r\u00f4znych \u017eivotn\u00fdch situ\u00e1ci\u00e1ch, spozn\u00e1vanie frankof\u00f3nnej kult\u00fary. Dynamick\u00fd, interakt\u00edvny a efekt\u00edvny pr\u00edstup.","og_url":"https:\/\/institutfrancais.sk\/fr\/kurz\/francais-general-pour-adultes-c2\/","og_site_name":"Franc\u00fazsky in\u0161tit\u00fat na Slovensku","article_modified_time":"2026-08-14T08:45:54+00:00","og_image":[{"url":"false","type":"","width":"","height":""}],"twitter_card":"summary_large_image","twitter_misc":{"Dur\u00e9e de lecture estim\u00e9e":"1 minute"},"schema":{"@context":"https:\/\/schema.org","@graph":[{"@type":"WebPage","@id":"https:\/\/institutfrancais.sk\/fr\/kurz\/francais-general-pour-adultes-c2\/","url":"https:\/\/institutfrancais.sk\/fr\/kurz\/francais-general-pour-adultes-c2\/","name":"Fran\u00e7ais g\u00e9n\u00e9ral pour adultes \/ C2 - Franc\u00fazsky in\u0161tit\u00fat na Slovensku","isPartOf":{"@id":"https:\/\/institutfrancais.sk\/fr\/#website"},"primaryImageOfPage":{"@id":"https:\/\/institutfrancais.sk\/fr\/kurz\/francais-general-pour-adultes-c2\/#primaryimage"},"image":{"@id":"https:\/\/institutfrancais.sk\/fr\/kurz\/francais-general-pour-adultes-c2\/#primaryimage"},"thumbnailUrl":"https:\/\/institutfrancais.sk\/wp-content\/uploads\/2022\/03\/Jarne-kurzy-1080-x-1080-px-Website-31.jpg","datePublished":"2022-03-08T16:25:53+00:00","dateModified":"2026-08-14T08:45:54+00:00","description":"\u00dastna a\u00a0p\u00edsomn\u00e1 komunik\u00e1ciu vo franc\u00faz\u0161tine v\u00a0r\u00f4znych \u017eivotn\u00fdch situ\u00e1ci\u00e1ch, spozn\u00e1vanie frankof\u00f3nnej kult\u00fary. Dynamick\u00fd, interakt\u00edvny a efekt\u00edvny pr\u00edstup.","breadcrumb":{"@id":"https:\/\/institutfrancais.sk\/fr\/kurz\/francais-general-pour-adultes-c2\/#breadcrumb"},"inLanguage":"fr-FR","potentialAction":[{"@type":"ReadAction","target":["https:\/\/institutfrancais.sk\/fr\/kurz\/francais-general-pour-adultes-c2\/"]}]},{"@type":"ImageObject","inLanguage":"fr-FR","@id":"https:\/\/institutfrancais.sk\/fr\/kurz\/francais-general-pour-adultes-c2\/#primaryimage","url":"https:\/\/institutfrancais.sk\/wp-content\/uploads\/2022\/03\/Jarne-kurzy-1080-x-1080-px-Website-31.jpg","contentUrl":"https:\/\/institutfrancais.sk\/wp-content\/uploads\/2022\/03\/Jarne-kurzy-1080-x-1080-px-Website-31.jpg","width":2220,"height":1248},{"@type":"BreadcrumbList","@id":"https:\/\/institutfrancais.sk\/fr\/kurz\/francais-general-pour-adultes-c2\/#breadcrumb","itemListElement":[{"@type":"ListItem","position":1,"name":"Home","item":"https:\/\/institutfrancais.sk\/fr\/"},{"@type":"ListItem","position":2,"name":"Courses","item":"https:\/\/institutfrancais.sk\/fr\/kurz\/"},{"@type":"ListItem","position":3,"name":"Fran\u00e7ais g\u00e9n\u00e9ral pour adultes \/ C2"}]},{"@type":"WebSite","@id":"https:\/\/institutfrancais.sk\/fr\/#website","url":"https:\/\/institutfrancais.sk\/fr\/","name":"Franc\u00fazsky in\u0161tit\u00fat na Slovensku","description":"Franc\u00fazsky in\u0161tit\u00fat na Slovensku","potentialAction":[{"@type":"SearchAction","target":{"@type":"EntryPoint","urlTemplate":"https:\/\/institutfrancais.sk\/fr\/?s={search_term_string}"},"query-input":{"@type":"PropertyValueSpecification","valueRequired":true,"valueName":"search_term_string"}}],"inLanguage":"fr-FR"}]}},"_links":{"self":[{"href":"https:\/\/institutfrancais.sk\/fr\/wp-json\/wp\/v2\/kurzy\/21641"}],"collection":[{"href":"https:\/\/institutfrancais.sk\/fr\/wp-json\/wp\/v2\/kurzy"}],"about":[{"href":"https:\/\/institutfrancais.sk\/fr\/wp-json\/wp\/v2\/types\/kurzy"}],"wp:featuredmedia":[{"embeddable":true,"href":"https:\/\/institutfrancais.sk\/fr\/wp-json\/wp\/v2\/media\/35145"}],"wp:attachment":[{"href":"https:\/\/institutfrancais.sk\/fr\/wp-json\/wp\/v2\/media?parent=21641"}],"wp:term":[{"taxonomy":"typ","embeddable":true,"href":"https:\/\/institutfrancais.sk\/fr\/wp-json\/wp\/v2\/typ?post=21641"}],"curies":[{"name":"wp","href":"https:\/\/api.w.org\/{rel}","templated":true}]}}