{"id":25538,"date":"2023-01-27T11:59:05","date_gmt":"2023-01-27T10:59:05","guid":{"rendered":"https:\/\/institutfrancais.sk\/?post_type=kurzy&#038;p=25538"},"modified":"2024-11-25T09:57:51","modified_gmt":"2024-11-25T08:57:51","slug":"slovaque-pour-les-entreprises","status":"publish","type":"kurzy","link":"https:\/\/institutfrancais.sk\/fr\/kurz\/slovaque-pour-les-entreprises\/","title":{"rendered":"Slovaque pour les entreprises"},"content":{"rendered":"<div class=\"accordion-menu\"><a href=\"#a1-\" class=\"smooth\"><\/a><\/div><div class=\"accordion\" id=\"a388\"><div class=\"card\"><div class=\"card-header\" id=\"ha388_1\"><h3 class=\"card-opener\"><button class=\"collapsed\" type=\"button\" data-toggle=\"collapse\" data-target=\"#ca388_1\" aria-expanded=\"true\" aria-controls=\"ca388_1\">Les cours de slovaque en groupe<span class=\"plus\"><svg viewBox=\"0 0 29 29\" xmlns=\"http:\/\/www.w3.org\/2000\/svg\"><path d=\"M28.2857 12.9286V16.7857C28.2857 17.3214 28.0982 17.7768 27.7232 18.1518C27.3482 18.5268 26.8929 18.7143 26.3571 18.7143H18V27.0714C18 27.6071 17.8125 28.0625 17.4375 28.4375C17.0625 28.8125 16.6071 29 16.0714 29H12.2143C11.6786 29 11.2232 28.8125 10.8482 28.4375C10.4732 28.0625 10.2857 27.6071 10.2857 27.0714V18.7143H1.92857C1.39286 18.7143 0.9375 18.5268 0.5625 18.1518C0.1875 17.7768 0 17.3214 0 16.7857V12.9286C0 12.3929 0.1875 11.9375 0.5625 11.5625C0.9375 11.1875 1.39286 11 1.92857 11H10.2857V2.64286C10.2857 2.10714 10.4732 1.65178 10.8482 1.27678C11.2232 0.901784 11.6786 0.714284 12.2143 0.714284H16.0714C16.6071 0.714284 17.0625 0.901784 17.4375 1.27678C17.8125 1.65178 18 2.10714 18 2.64286V11H26.3571C26.8929 11 27.3482 11.1875 27.7232 11.5625C28.0982 11.9375 28.2857 12.3929 28.2857 12.9286Z\"><\/svg><\/span><span class=\"minus\"><svg viewBox=\"0 0 29 8\" xmlns=\"http:\/\/www.w3.org\/2000\/svg\"><path d=\"M28.2857 1.92857V5.78571C28.2857 6.32143 28.0982 6.77679 27.7232 7.15179C27.3482 7.52679 26.8929 7.71429 26.3571 7.71429H1.92857C1.39286 7.71429 0.9375 7.52679 0.5625 7.15179C0.1875 6.77679 0 6.32143 0 5.78571V1.92857C0 1.39286 0.1875 0.937499 0.5625 0.562499C0.9375 0.1875 1.39286 0 1.92857 0H26.3571C26.8929 0 27.3482 0.1875 27.7232 0.562499C28.0982 0.937499 28.2857 1.39286 28.2857 1.92857Z\"><\/svg><\/span><\/button><\/h3><\/div><div id=\"ca388_1\" class=\"collapse\" aria-labelledby=\"ha388_1\" data-parent=\"#a388\"><div class=\"card-body\"><figure class=\"wp-block-table is-style-regular\">\n<table>\n<tbody>\n<tr>\n<td><strong>Public cible<\/strong><\/td>\n<td><strong>Niveau<\/strong><\/td>\n<td><strong>Dur\u00e9e<\/strong><\/td>\n<td><strong>Intensit\u00e9<\/strong><\/td>\n<td><strong>Prix<\/strong><\/td>\n<\/tr>\n<tr>\n<td>Personnel de l\u2019entreprise<\/td>\n<td>A1-C2<\/td>\n<td>30 x 60 min<br \/>\n15 x 60 min<\/p>\n<p>30 x 45 min<br \/>\n15 x 45 min<\/td>\n<td>2 x \/ sem<br \/>\n1 x \/ sem<\/p>\n<p>2 x \/ sem<br \/>\n1 x \/ sem<\/td>\n<td>276&nbsp;\u20ac<br \/>\n146&nbsp;\u20ac<\/p>\n<p>196&nbsp;\u20ac<br \/>\n111&nbsp;\u20ac<\/td>\n<\/tr>\n<\/tbody>\n<\/table>\n<\/figure>\n<p class=\"has-text-align-right\">\n<\/div><\/div><\/div><\/div>\n\n<div class=\"space md\"><\/div>\n\n\n<h4 class=\"wp-block-heading\"><strong><mark><mark style=\"background-color:#ffba88\" class=\"has-inline-color has-black-color\">Pas de cours de groupe convenable ? Profitez de nos&nbsp;<a href=\"https:\/\/institutfrancais.sk\/fr\/cours\/cours-sur-mesure\/\">cours de slovaque sur mesure<\/a>.<\/mark><\/mark><\/strong><\/h4>\n\n\n<div class=\"space\"><\/div>\n\n\n<h2 class=\"wp-block-heading\">L&rsquo;Institut fran\u00e7ais vous propose de nombreux avantages<\/h2>\n\n\n<div class=\"space xs\"><\/div>\n\n<div class=\"benefits row text-center\"><div class=\"col-6 col-sm-3\"><img decoding=\"async\" src=\"https:\/\/institutfrancais.sk\/wp-content\/uploads\/2020\/01\/science-ico1.png\"><div class=\"line-after-title blue\"><\/div><spa class=\"benefits-description\">Label qualit\u00e9 du r\u00e9seau mondial des Instituts fran\u00e7ais<\/span><\/div><div class=\"col-6 col-sm-3\"><img decoding=\"async\" src=\"https:\/\/institutfrancais.sk\/wp-content\/uploads\/2019\/12\/mb1.png\"><div class=\"line-after-title blue\"><\/div><spa class=\"benefits-description\">Inscription gratuite \u00e0 la m\u00e9diath\u00e8que et \u00e0 Cultureth\u00e8que<\/span><\/div><div class=\"col-6 col-sm-3\"><img decoding=\"async\" src=\"https:\/\/institutfrancais.sk\/wp-content\/uploads\/2019\/12\/au1.png\"><div class=\"line-after-title blue\"><\/div><spa class=\"benefits-description\">Programmation culturelle riche<\/span><\/div><div class=\"col-6 col-sm-3\"><img decoding=\"async\" src=\"https:\/\/institutfrancais.sk\/wp-content\/uploads\/2020\/09\/price-tag-1.png\"><div class=\"line-after-title blue\"><\/div><spa class=\"benefits-description\">R\u00e9ductions sur la carte IF Pass chez les partenaires <\/span><\/div><\/div>\n\n<div class=\"space sm\"><\/div>\n\n\n<h2 class=\"wp-block-heading\">Vous avez des questions ? Contactez-nous !<\/h2>\n\n\n\n<p><strong><a href=\"mailto:cours@institutfrancais.sk\">cours@institutfrancais.sk<\/a><\/strong> \/ 02&nbsp;59&nbsp;34&nbsp;77&nbsp;15<\/p>\n\n\n<div class=\"space xs\"><\/div>\n\n<\/div><div class=\"contact-form\"><div class=\"space\"><\/div><form method=\"post\" action=\"\/send.php\"><div class=\"row\"><div class=\"col-md-12\"><label class=\"for-select\"><span class=\"arrow\"><\/span><select name=\"Civilit\u00e9\" required><option value=\"\" selected disabled>Civilit\u00e9<\/option><option>Madame\r<\/option><option>Monsieur<\/option><\/select><\/label><\/div><div class=\"col-md-6\"><label><input type=\"text\" name=\"Pr\u00e9nom\" placeholder=\"Pr\u00e9nom\" required><\/label><\/div><div class=\"col-md-6\"><label><input type=\"text\" name=\"Nom\" placeholder=\"Nom\" required><\/label><\/div><div class=\"col-md-6\"><label><input type=\"text\" name=\"T\u00e9l\u00e9phone\" placeholder=\"T\u00e9l\u00e9phone\" required><\/label><\/div><div class=\"col-md-6\"><label><input type=\"text\" name=\"E-mail\" placeholder=\"E-mail\" required><\/label><\/div><div class=\"col-md-6\"><label><input type=\"text\" name=\"Soci\u00e9t\u00e9\" placeholder=\"Soci\u00e9t\u00e9\" required><\/label><\/div><div class=\"col-md-6\"><label><input type=\"text\" name=\"Domaine professionnel\" placeholder=\"Domaine professionnel\" required><\/label><\/div><div class=\"col-md-6\"><label class=\"for-select\"><span class=\"arrow\"><\/span><select name=\"Je veux \u00eatre contact\u00e9(e)\" required><option value=\"\" selected disabled>Je veux \u00eatre contact\u00e9(e)<\/option><option>Sans pr\u00e9f\u00e9rence\r<\/option><option>Par e-mail\r<\/option><option>Par t\u00e9l\u00e9phone<\/option><\/select><\/label><\/div><div class=\"col-md-6\"><label class=\"for-select\"><span class=\"arrow\"><\/span><select name=\"A quelle heure ?\" required><option value=\"\" selected disabled>A quelle heure ?<\/option><option>Sans pr\u00e9f\u00e9rence\r<\/option><option>8h &#8211;&nbsp;10h\r<\/option><option>10h &#8211;&nbsp;12h\r<\/option><option>12h &#8211;&nbsp;14h\r<\/option><option>14h &#8211;&nbsp;17h\r<\/option><option>17h &#8211;&nbsp;19h<\/option><\/select><\/label><\/div><div class=\"col-md-12\"><label><textarea name=\"Avez-vous des attentes sp\u00e9cifiques ? N'h\u00e9sitez pas \u00e0 nous en informer !\" placeholder=\"Avez-vous des attentes sp\u00e9cifiques ? N'h\u00e9sitez pas \u00e0 nous en informer !\" required><\/textarea><\/label><\/div><\/div><div class=\"space small\"><\/div><div class=\"row\"><div class=\"col-md-6\"><label class=\"for-checkbox\"><input type=\"checkbox\" name=\"GDPR\" value=\"1\" required><span><\/span>Je consens au traitement des mes donn\u00e9es personnelles uniquement pour les besoins de l&rsquo;Institut fran\u00e7ais en Slovaquie, conform\u00e9ment \u00e0 la loi n \u00b018\/2018 Coll. sur la protection des donn\u00e9es personnelles. <\/label><\/div><div class=\"contact-flex-container\"><div class=\"col-md-3\"><div class=\"g-recaptcha\" data-sitekey=\"6LeaMMgUAAAAAPbVs6ExPcl-MWgGGLMugiocMgtV\"><\/div><\/div><div class=\"col-md-3 text-right\"><button type=\"submit\" class=\"btn btn-white\">Envoyer<\/button><input type=\"hidden\" name=\"primary-recipient\" value=\"cours@institutfrancais.sk\"><\/div><\/div><\/div><\/form><\/div><div class=\"wrap narrow-wrap\">\n\n<div class=\"space lg\"><\/div>\n\n<\/div><div class=\"cta-box full-width\"><div class=\"content\"><div class=\"cta-box-content\"><div class=\"left-side\"><div class=\"left-content\"><h2 class=\"course-title\">Le fran\u00e7ais pour les entreprises<\/h2>\n<p>Nos cours et ateliers de fran\u00e7ais pour les entreprises visent une mise en situation au cours de laquelle les contenus sont appliqu\u00e9s \u00e0 la r\u00e9alit\u00e9 de l\u2019entreprise.<\/p>\n<\/div><a class=\"btn btn-white\" href=\"https:\/\/institutfrancais.sk\/fr\/kurz\/le-francais-pour-les-entreprises\/\">En savoir plus<\/a><\/div><div class=\"right-side\"><div class=\"right-content\"><p><img loading=\"lazy\" decoding=\"async\" class=\"size-medium wp-image-17496 alignright\" src=\"https:\/\/institutfrancais.sk\/wp-content\/uploads\/2020\/09\/pexels-andrea-piacquadio-789822-300x200.jpg\" alt=\"\" width=\"300\" height=\"200\" srcset=\"https:\/\/institutfrancais.sk\/wp-content\/uploads\/2020\/09\/pexels-andrea-piacquadio-789822-300x200.jpg 300w, https:\/\/institutfrancais.sk\/wp-content\/uploads\/2020\/09\/pexels-andrea-piacquadio-789822-1024x683.jpg 1024w, https:\/\/institutfrancais.sk\/wp-content\/uploads\/2020\/09\/pexels-andrea-piacquadio-789822-768x512.jpg 768w, https:\/\/institutfrancais.sk\/wp-content\/uploads\/2020\/09\/pexels-andrea-piacquadio-789822-1536x1024.jpg 1536w, https:\/\/institutfrancais.sk\/wp-content\/uploads\/2020\/09\/pexels-andrea-piacquadio-789822-2048x1365.jpg 2048w, https:\/\/institutfrancais.sk\/wp-content\/uploads\/2020\/09\/pexels-andrea-piacquadio-789822-1190x793.jpg 1190w, https:\/\/institutfrancais.sk\/wp-content\/uploads\/2020\/09\/pexels-andrea-piacquadio-789822-1500x1000.jpg 1500w\" sizes=\"(max-width: 300px) 100vw, 300px\" \/><\/p>\n<\/div><\/div><\/div><\/div><\/div><div class=\"wrap narrow-wrap\">\n\n<div class=\"space xl\"><\/div>","protected":false},"excerpt":{"rendered":"<p>Pas de cours de groupe convenable ? Profitez de nos&nbsp;cours de slovaque sur mesure. L&rsquo;Institut fran\u00e7ais vous propose de nombreux avantages Vous avez des questions ? Contactez-nous ! cours@institutfrancais.sk \/ 02&nbsp;59&nbsp;34&nbsp;77&nbsp;15<\/p>\n","protected":false},"featured_media":25541,"menu_order":108,"template":"","typ":[65,66],"acf":[],"yoast_head":"<!-- This site is optimized with the Yoast SEO plugin v24.5 - https:\/\/yoast.com\/wordpress\/plugins\/seo\/ -->\n<title>Slovaque pour les entreprises - Franc\u00fazsky in\u0161tit\u00fat na Slovensku<\/title>\n<meta name=\"robots\" content=\"index, follow, max-snippet:-1, max-image-preview:large, max-video-preview:-1\" \/>\n<link rel=\"canonical\" href=\"https:\/\/institutfrancais.sk\/fr\/kurz\/slovaque-pour-les-entreprises\/\" \/>\n<meta property=\"og:locale\" content=\"fr_FR\" \/>\n<meta property=\"og:type\" content=\"article\" \/>\n<meta property=\"og:title\" content=\"Slovaque pour les entreprises - Franc\u00fazsky in\u0161tit\u00fat na Slovensku\" \/>\n<meta property=\"og:description\" content=\"Pas de cours de groupe convenable ? Profitez de nos&nbsp;cours de slovaque sur mesure. L&rsquo;Institut fran\u00e7ais vous propose de nombreux avantages Vous avez des questions ? Contactez-nous ! cours@institutfrancais.sk \/ 02&nbsp;59&nbsp;34&nbsp;77&nbsp;15\" \/>\n<meta property=\"og:url\" content=\"https:\/\/institutfrancais.sk\/fr\/kurz\/slovaque-pour-les-entreprises\/\" \/>\n<meta property=\"og:site_name\" content=\"Franc\u00fazsky in\u0161tit\u00fat na Slovensku\" \/>\n<meta property=\"article:modified_time\" content=\"2024-11-25T08:57:51+00:00\" \/>\n<meta property=\"og:image\" content=\"https:\/\/institutfrancais.sk\/wp-content\/uploads\/2023\/01\/pexels-ja-kubislav-14534754-scaled.jpg\" \/>\n\t<meta property=\"og:image:width\" content=\"2560\" \/>\n\t<meta property=\"og:image:height\" content=\"1707\" \/>\n\t<meta property=\"og:image:type\" content=\"image\/jpeg\" \/>\n<meta name=\"twitter:card\" content=\"summary_large_image\" \/>\n<meta name=\"twitter:label1\" content=\"Dur\u00e9e de lecture estim\u00e9e\" \/>\n\t<meta name=\"twitter:data1\" content=\"1 minute\" \/>\n<script type=\"application\/ld+json\" class=\"yoast-schema-graph\">{\"@context\":\"https:\/\/schema.org\",\"@graph\":[{\"@type\":\"WebPage\",\"@id\":\"https:\/\/institutfrancais.sk\/fr\/kurz\/slovaque-pour-les-entreprises\/\",\"url\":\"https:\/\/institutfrancais.sk\/fr\/kurz\/slovaque-pour-les-entreprises\/\",\"name\":\"Slovaque pour les entreprises - Franc\u00fazsky in\u0161tit\u00fat na Slovensku\",\"isPartOf\":{\"@id\":\"https:\/\/institutfrancais.sk\/fr\/#website\"},\"primaryImageOfPage\":{\"@id\":\"https:\/\/institutfrancais.sk\/fr\/kurz\/slovaque-pour-les-entreprises\/#primaryimage\"},\"image\":{\"@id\":\"https:\/\/institutfrancais.sk\/fr\/kurz\/slovaque-pour-les-entreprises\/#primaryimage\"},\"thumbnailUrl\":\"https:\/\/institutfrancais.sk\/wp-content\/uploads\/2023\/01\/pexels-ja-kubislav-14534754-scaled.jpg\",\"datePublished\":\"2023-01-27T10:59:05+00:00\",\"dateModified\":\"2024-11-25T08:57:51+00:00\",\"breadcrumb\":{\"@id\":\"https:\/\/institutfrancais.sk\/fr\/kurz\/slovaque-pour-les-entreprises\/#breadcrumb\"},\"inLanguage\":\"fr-FR\",\"potentialAction\":[{\"@type\":\"ReadAction\",\"target\":[\"https:\/\/institutfrancais.sk\/fr\/kurz\/slovaque-pour-les-entreprises\/\"]}]},{\"@type\":\"ImageObject\",\"inLanguage\":\"fr-FR\",\"@id\":\"https:\/\/institutfrancais.sk\/fr\/kurz\/slovaque-pour-les-entreprises\/#primaryimage\",\"url\":\"https:\/\/institutfrancais.sk\/wp-content\/uploads\/2023\/01\/pexels-ja-kubislav-14534754-scaled.jpg\",\"contentUrl\":\"https:\/\/institutfrancais.sk\/wp-content\/uploads\/2023\/01\/pexels-ja-kubislav-14534754-scaled.jpg\",\"width\":2560,\"height\":1707},{\"@type\":\"BreadcrumbList\",\"@id\":\"https:\/\/institutfrancais.sk\/fr\/kurz\/slovaque-pour-les-entreprises\/#breadcrumb\",\"itemListElement\":[{\"@type\":\"ListItem\",\"position\":1,\"name\":\"Home\",\"item\":\"https:\/\/institutfrancais.sk\/fr\/\"},{\"@type\":\"ListItem\",\"position\":2,\"name\":\"Courses\",\"item\":\"https:\/\/institutfrancais.sk\/fr\/kurz\/\"},{\"@type\":\"ListItem\",\"position\":3,\"name\":\"Slovaque pour les entreprises\"}]},{\"@type\":\"WebSite\",\"@id\":\"https:\/\/institutfrancais.sk\/fr\/#website\",\"url\":\"https:\/\/institutfrancais.sk\/fr\/\",\"name\":\"Franc\u00fazsky in\u0161tit\u00fat na Slovensku\",\"description\":\"Franc\u00fazsky in\u0161tit\u00fat na Slovensku\",\"potentialAction\":[{\"@type\":\"SearchAction\",\"target\":{\"@type\":\"EntryPoint\",\"urlTemplate\":\"https:\/\/institutfrancais.sk\/fr\/?s={search_term_string}\"},\"query-input\":{\"@type\":\"PropertyValueSpecification\",\"valueRequired\":true,\"valueName\":\"search_term_string\"}}],\"inLanguage\":\"fr-FR\"}]}<\/script>\n<!-- \/ Yoast SEO plugin. -->","yoast_head_json":{"title":"Slovaque pour les entreprises - Franc\u00fazsky in\u0161tit\u00fat na Slovensku","robots":{"index":"index","follow":"follow","max-snippet":"max-snippet:-1","max-image-preview":"max-image-preview:large","max-video-preview":"max-video-preview:-1"},"canonical":"https:\/\/institutfrancais.sk\/fr\/kurz\/slovaque-pour-les-entreprises\/","og_locale":"fr_FR","og_type":"article","og_title":"Slovaque pour les entreprises - Franc\u00fazsky in\u0161tit\u00fat na Slovensku","og_description":"Pas de cours de groupe convenable ? Profitez de nos&nbsp;cours de slovaque sur mesure. L&rsquo;Institut fran\u00e7ais vous propose de nombreux avantages Vous avez des questions ? Contactez-nous ! cours@institutfrancais.sk \/ 02&nbsp;59&nbsp;34&nbsp;77&nbsp;15","og_url":"https:\/\/institutfrancais.sk\/fr\/kurz\/slovaque-pour-les-entreprises\/","og_site_name":"Franc\u00fazsky in\u0161tit\u00fat na Slovensku","article_modified_time":"2024-11-25T08:57:51+00:00","og_image":[{"width":2560,"height":1707,"url":"https:\/\/institutfrancais.sk\/wp-content\/uploads\/2023\/01\/pexels-ja-kubislav-14534754-scaled.jpg","type":"image\/jpeg"}],"twitter_card":"summary_large_image","twitter_misc":{"Dur\u00e9e de lecture estim\u00e9e":"1 minute"},"schema":{"@context":"https:\/\/schema.org","@graph":[{"@type":"WebPage","@id":"https:\/\/institutfrancais.sk\/fr\/kurz\/slovaque-pour-les-entreprises\/","url":"https:\/\/institutfrancais.sk\/fr\/kurz\/slovaque-pour-les-entreprises\/","name":"Slovaque pour les entreprises - Franc\u00fazsky in\u0161tit\u00fat na Slovensku","isPartOf":{"@id":"https:\/\/institutfrancais.sk\/fr\/#website"},"primaryImageOfPage":{"@id":"https:\/\/institutfrancais.sk\/fr\/kurz\/slovaque-pour-les-entreprises\/#primaryimage"},"image":{"@id":"https:\/\/institutfrancais.sk\/fr\/kurz\/slovaque-pour-les-entreprises\/#primaryimage"},"thumbnailUrl":"https:\/\/institutfrancais.sk\/wp-content\/uploads\/2023\/01\/pexels-ja-kubislav-14534754-scaled.jpg","datePublished":"2023-01-27T10:59:05+00:00","dateModified":"2024-11-25T08:57:51+00:00","breadcrumb":{"@id":"https:\/\/institutfrancais.sk\/fr\/kurz\/slovaque-pour-les-entreprises\/#breadcrumb"},"inLanguage":"fr-FR","potentialAction":[{"@type":"ReadAction","target":["https:\/\/institutfrancais.sk\/fr\/kurz\/slovaque-pour-les-entreprises\/"]}]},{"@type":"ImageObject","inLanguage":"fr-FR","@id":"https:\/\/institutfrancais.sk\/fr\/kurz\/slovaque-pour-les-entreprises\/#primaryimage","url":"https:\/\/institutfrancais.sk\/wp-content\/uploads\/2023\/01\/pexels-ja-kubislav-14534754-scaled.jpg","contentUrl":"https:\/\/institutfrancais.sk\/wp-content\/uploads\/2023\/01\/pexels-ja-kubislav-14534754-scaled.jpg","width":2560,"height":1707},{"@type":"BreadcrumbList","@id":"https:\/\/institutfrancais.sk\/fr\/kurz\/slovaque-pour-les-entreprises\/#breadcrumb","itemListElement":[{"@type":"ListItem","position":1,"name":"Home","item":"https:\/\/institutfrancais.sk\/fr\/"},{"@type":"ListItem","position":2,"name":"Courses","item":"https:\/\/institutfrancais.sk\/fr\/kurz\/"},{"@type":"ListItem","position":3,"name":"Slovaque pour les entreprises"}]},{"@type":"WebSite","@id":"https:\/\/institutfrancais.sk\/fr\/#website","url":"https:\/\/institutfrancais.sk\/fr\/","name":"Franc\u00fazsky in\u0161tit\u00fat na Slovensku","description":"Franc\u00fazsky in\u0161tit\u00fat na Slovensku","potentialAction":[{"@type":"SearchAction","target":{"@type":"EntryPoint","urlTemplate":"https:\/\/institutfrancais.sk\/fr\/?s={search_term_string}"},"query-input":{"@type":"PropertyValueSpecification","valueRequired":true,"valueName":"search_term_string"}}],"inLanguage":"fr-FR"}]}},"_links":{"self":[{"href":"https:\/\/institutfrancais.sk\/fr\/wp-json\/wp\/v2\/kurzy\/25538"}],"collection":[{"href":"https:\/\/institutfrancais.sk\/fr\/wp-json\/wp\/v2\/kurzy"}],"about":[{"href":"https:\/\/institutfrancais.sk\/fr\/wp-json\/wp\/v2\/types\/kurzy"}],"wp:featuredmedia":[{"embeddable":true,"href":"https:\/\/institutfrancais.sk\/fr\/wp-json\/wp\/v2\/media\/25541"}],"wp:attachment":[{"href":"https:\/\/institutfrancais.sk\/fr\/wp-json\/wp\/v2\/media?parent=25538"}],"wp:term":[{"taxonomy":"typ","embeddable":true,"href":"https:\/\/institutfrancais.sk\/fr\/wp-json\/wp\/v2\/typ?post=25538"}],"curies":[{"name":"wp","href":"https:\/\/api.w.org\/{rel}","templated":true}]}}