{"id":26700,"date":"2023-04-17T17:01:22","date_gmt":"2023-04-17T15:01:22","guid":{"rendered":"https:\/\/institutfrancais.sk\/?post_type=kurzy&#038;p=26700"},"modified":"2026-02-19T09:56:00","modified_gmt":"2026-02-19T08:56:00","slug":"ateliers-vo-francuzstine","status":"publish","type":"kurzy","link":"https:\/\/institutfrancais.sk\/fr\/kurz\/ateliers-vo-francuzstine\/","title":{"rendered":"Ateliers vo&nbsp;franc\u00faz\u0161tine (pour les \u00e9coles)"},"content":{"rendered":"\n<h3 class=\"wp-block-heading\">Les Ateliers vo&nbsp;franc\u00faz\u0161tine sont l\u2019occasion de :<\/h3>\n\n\n\n<ul>\n<li>perfectionner ses comp\u00e9tences durant une p\u00e9riode courte et intense&nbsp;<\/li>\n\n\n\n<li>f\u00e9d\u00e9rer un ou plusieurs groupes autour d\u2019un projet en langue fran\u00e7aise&nbsp;<\/li>\n\n\n\n<li>b\u00e9n\u00e9ficier de l\u2019expertise forte des professeurs de l\u2019Institut fran\u00e7ais, locuteurs natifs, autour d\u2019un projet \u00e9tabli en amont, qui peut d\u00e9boucher sur une pr\u00e9sentation dans l\u2019\u00e9tablissement, \u00e0 l\u2019issue des ateliers&nbsp;<\/li>\n\n\n\n<li>renforcer l\u2019image de la langue fran\u00e7aise au sein de l\u2019\u00e9tablissement <\/li>\n\n\n\n<li>proposer une alternative linguistique aux groupes qui ne font pas de voyage scolaire en France, ou de pr\u00e9parer une mobilit\u00e9<\/li>\n<\/ul>\n\n\n<div class=\"space sm\"><\/div>\n\n\n<h3 class=\"wp-block-heading\">O\u00f9&nbsp;? <\/h3>\n\n\n\n<p>Selon votre demande, les ateliers se d\u00e9roulent dans votre \u00e9tablissement situ\u00e9 dans la r\u00e9gion de Bratislava ou dans les locaux de l\u2019Institut fran\u00e7ais de Slovaquie (Sedl\u00e1rska 358\/7, 812&nbsp;83 Bratislava). <\/p>\n\n\n<div class=\"space sm\"><\/div>\n\n\n<h3 class=\"wp-block-heading\">Nous vous proposons des ateliers sur les th\u00e8mes suivants&nbsp;:<\/h3>\n\n\n\n<ul>\n<li>Les ados fran\u00e7ais&nbsp;: sur la jeunesse en France<\/li>\n\n\n\n<li>\u00ab&nbsp;Do&nbsp;r\u00e9 mi&nbsp;\u00bb&nbsp;: sur les musiques et chansons fran\u00e7aises<\/li>\n\n\n\n<li>\u00ab&nbsp;En sc\u00e8ne&nbsp;!&nbsp;\u00bb&nbsp;: des ateliers sur le th\u00e9\u00e2tre<\/li>\n\n\n\n<li>\u00ab&nbsp;Voyage en Francophonie&nbsp;\u00bb&nbsp;<\/li>\n\n\n\n<li>\u00ab&nbsp;Miam&nbsp;!&nbsp;\u00bb&nbsp;: des ateliers sur la cuisine fran\u00e7aise<\/li>\n\n\n\n<li>\u00ab&nbsp;Le 7<sup>\u00e8me<\/sup> art&nbsp;\u00bb&nbsp;: sur les films fran\u00e7ais<\/li>\n\n\n\n<li>\u00ab&nbsp;Voyage dans les r\u00e9gions de France&nbsp;\u00bb&nbsp;<\/li>\n\n\n\n<li>\u00ab&nbsp;\u00c7a bouge&nbsp;!&nbsp;\u00bb&nbsp;: sur les sports et loisirs<\/li>\n\n\n\n<li>Environnement&nbsp;<\/li>\n\n\n\n<li>Actu\u2019 en fran\u00e7ais<\/li>\n\n\n\n<li>Pr\u00e9pa DELF-DALF&nbsp;: des ateliers pour s\u2019initier au DELF-DALF&nbsp;<\/li>\n\n\n\n<li>Eveil au fran\u00e7ais&nbsp;: pour d\u00e9couvrir le fran\u00e7ais&nbsp;<\/li>\n<\/ul>\n\n\n<div class=\"space xs\"><\/div>\n\n\n<p class=\"has-vivid-cyan-blue-color has-text-color\"><strong><em>Possibilit\u00e9 de regrouper les niveaux A1\/A2&nbsp;;&nbsp;A2\/B1&nbsp;;&nbsp;B1\/B2<\/em> ;&nbsp;<em>1 atelier = 1 th\u00e8me<\/em><\/strong><\/p>\n\n\n\n<p class=\"has-vivid-cyan-blue-color has-text-color\"><em><strong>Nous sommes \u00e9galement \u00e0 votre disposition pour \u00e9tudier vos demandes de th\u00e8me&nbsp;!<\/strong><\/em><\/p>\n\n\n<div class=\"space sm\"><\/div>\n\n\n<h3 class=\"wp-block-heading\">Tarifs<\/h3>\n\n\n\n<p>Le prix d\u2019un atelier d\u00e9pend de la dur\u00e9e choisie et du nombre d\u2019\u00e9l\u00e8ves. <strong>Les ateliers sont vendus par blocs de 5 UE (1 UE = 45 minutes) <\/strong>et s\u2019adressent \u00e0 des groupes de 4 \u00e0 15 \u00e9l\u00e8ves.<\/p>\n\n\n\n<figure class=\"wp-block-table is-style-regular\"><table><tbody><tr><td>1 bloc de 5 UE &#8211;&nbsp;tarif de base<\/td><td>40\u20ac \/ \u00e9l\u00e8ve<\/td><\/tr><tr><td>1 bloc de 5UE &#8211;&nbsp;commande de 2 blocs<\/td><td>37\u20ac \/ \u00e9l\u00e8ve<\/td><\/tr><tr><td>1 bloc de 5UE &#8211;&nbsp;commande de 3 blocs<\/td><td>34\u20ac \/ \u00e9l\u00e8ve<\/td><\/tr><tr><td>1 bloc de 5UE &#8211;&nbsp;commande de 4 blocs<\/td><td>31\u20ac \/ \u00e9l\u00e8ve<\/td><\/tr><tr><td>1 bloc de 5UE &#8211;&nbsp;commande de 5 blocs<\/td><td>31\u20ac \/ \u00e9l\u00e8ve<\/td><\/tr><\/tbody><\/table><\/figure>\n\n\n\n<p class=\"has-vivid-cyan-blue-color has-text-color\"><strong><em>L\u2019Institut fran\u00e7ais de Slovaquie n\u2019acceptera pas de paiement individuel des \u00e9l\u00e8ves&nbsp;: seul un paiement global sera accept\u00e9.<\/em><\/strong><\/p>\n\n\n<div class=\"space sm\"><\/div>\n\n\n<h3 class=\"wp-block-heading\">Inscription et d\u00e9roulement<\/h3>\n\n\n<div class=\"space xs\"><\/div>\n\n<div class=\"text-center\"><a href=\"https:\/\/institutfrancais.sk\/wp-content\/uploads\/2023\/04\/2026-FORMULAIRE-INSCRIPTION-A-COMPLETER.docx\" class=\"btn btn-blue-invert\">Formulaire d&rsquo;inscription \u00e0 t\u00e9l\u00e9charger<\/a><\/div>\n\n<div class=\"space xs\"><\/div>\n\n\n<ol>\n<li><strong>Envoyer au plus tard 6 semaines avant le d\u00e9but des ateliers<\/strong> le formulaire ici, \u00e0 l\u2019adresse <a href=\"mailto:cours@institutfrancais.sk\"><strong>cours@institutfrancais.sk<\/strong><\/a>. Consultez les conditions g\u00e9n\u00e9rales de vente <a href=\"https:\/\/drive.google.com\/file\/d\/1-C0VzBtK0h0mht__BXy49UEunmoCNojb\/view?usp=sharing\"><strong>ici<\/strong><\/a>.<\/li>\n\n\n\n<li>L\u2019\u00e9quipe de Coop\u00e9ration linguistique et \u00e9ducative de l\u2019Institut fran\u00e7ais se mobilisera alors pour vous <strong>proposer un programme coordonn\u00e9 et adapt\u00e9 aux besoins d\u00e9crits <\/strong>ainsi qu\u2019au nombre d\u2019\u00e9l\u00e8ves inscrits.<\/li>\n\n\n\n<li>Une fois le programme valid\u00e9 par l\u2019\u00e9tablissement demandeur, l\u2019Institut fran\u00e7ais vous fera parvenir une <strong>facture globale pour vos Ateliers vo&nbsp;franc\u00faz\u0161tine<\/strong>.<\/li>\n<\/ol>\n\n\n<div class=\"space sm\"><\/div>\n\n\n<h3 class=\"wp-block-heading\">Vous avez des questions ? <\/h3>\n\n\n\n<p>L&rsquo;\u00e9quipe de Coop\u00e9ration linguistique et \u00e9ducative de l\u2019Institut fran\u00e7ais de Slovaquie est \u00e0 votre disposition \u00e0 l&rsquo;adresse <a href=\"mailto:cours@institutfrancais.sk\"><strong>cours@institutfrancais.sk<\/strong><\/a> ou au 02 \/ 59&nbsp;34&nbsp;77&nbsp;62.<\/p>\n\n\n<div class=\"space sm\"><\/div>\n\n<\/div><iframe loading=\"lazy\" src=\"https:\/\/www.google.com\/maps\/embed?pb=!1m18!1m12!1m3!1d2662.2735746915087!2d17.10532635165492!3d48.14353077912193!2m3!1f0!2f0!3f0!3m2!1i1024!2i768!4f13.1!3m3!1m2!1s0x476c8942d3867d0f%3A0xf92cfa7be90ee73!2zRnJhbmPDunpza3kgaW7FoXRpdMO6dA!5e0!3m2!1ssk!2ssk!4v1575902399794!5m2!1ssk!2ssk\" width=\"100%\" height=\"558\" frameborder=\"0\" class=\"gmap-iframe\" allowfullscreen=\"\"><\/iframe><div class=\"wrap narrow-wrap\">","protected":false},"excerpt":{"rendered":"<p>Les Ateliers vo&nbsp;franc\u00faz\u0161tine sont l\u2019occasion de : O\u00f9&nbsp;? Selon votre demande, les ateliers se d\u00e9roulent dans votre \u00e9tablissement situ\u00e9 dans la r\u00e9gion de Bratislava ou dans les locaux de l\u2019Institut fran\u00e7ais de Slovaquie (Sedl\u00e1rska 358\/7, 812&nbsp;83 Bratislava). Nous vous proposons des ateliers sur les th\u00e8mes suivants&nbsp;: Possibilit\u00e9 de regrouper les niveaux A1\/A2&nbsp;;&nbsp;A2\/B1&nbsp;;&nbsp;B1\/B2 ;&nbsp;1 atelier = [&hellip;]<\/p>\n","protected":false},"featured_media":26705,"menu_order":105,"template":"","typ":[67,288],"acf":[],"yoast_head":"<!-- This site is optimized with the Yoast SEO plugin v24.5 - https:\/\/yoast.com\/wordpress\/plugins\/seo\/ -->\n<title>Ateliers vo franc\u00faz\u0161tine (pour les \u00e9coles) - Franc\u00fazsky in\u0161tit\u00fat na Slovensku<\/title>\n<meta name=\"robots\" content=\"index, follow, max-snippet:-1, max-image-preview:large, max-video-preview:-1\" \/>\n<link rel=\"canonical\" href=\"https:\/\/institutfrancais.sk\/fr\/kurz\/ateliers-vo-francuzstine\/\" \/>\n<meta property=\"og:locale\" content=\"fr_FR\" \/>\n<meta property=\"og:type\" content=\"article\" \/>\n<meta property=\"og:title\" content=\"Ateliers vo franc\u00faz\u0161tine (pour les \u00e9coles) - Franc\u00fazsky in\u0161tit\u00fat na Slovensku\" \/>\n<meta property=\"og:description\" content=\"Les Ateliers vo&nbsp;franc\u00faz\u0161tine sont l\u2019occasion de : O\u00f9&nbsp;? Selon votre demande, les ateliers se d\u00e9roulent dans votre \u00e9tablissement situ\u00e9 dans la r\u00e9gion de Bratislava ou dans les locaux de l\u2019Institut fran\u00e7ais de Slovaquie (Sedl\u00e1rska 358\/7, 812&nbsp;83 Bratislava). Nous vous proposons des ateliers sur les th\u00e8mes suivants&nbsp;: Possibilit\u00e9 de regrouper les niveaux A1\/A2&nbsp;;&nbsp;A2\/B1&nbsp;;&nbsp;B1\/B2 ;&nbsp;1 atelier = [&hellip;]\" \/>\n<meta property=\"og:url\" content=\"https:\/\/institutfrancais.sk\/fr\/kurz\/ateliers-vo-francuzstine\/\" \/>\n<meta property=\"og:site_name\" content=\"Franc\u00fazsky in\u0161tit\u00fat na Slovensku\" \/>\n<meta property=\"article:modified_time\" content=\"2026-02-19T08:56:00+00:00\" \/>\n<meta property=\"og:image\" content=\"https:\/\/institutfrancais.sk\/wp-content\/uploads\/2023\/04\/LOGO-ATELIERS-FRANCAIS_2.png\" \/>\n\t<meta property=\"og:image:width\" content=\"1920\" \/>\n\t<meta property=\"og:image:height\" content=\"1080\" \/>\n\t<meta property=\"og:image:type\" content=\"image\/png\" \/>\n<meta name=\"twitter:card\" content=\"summary_large_image\" \/>\n<meta name=\"twitter:label1\" content=\"Dur\u00e9e de lecture estim\u00e9e\" \/>\n\t<meta name=\"twitter:data1\" content=\"3 minutes\" \/>\n<script type=\"application\/ld+json\" class=\"yoast-schema-graph\">{\"@context\":\"https:\/\/schema.org\",\"@graph\":[{\"@type\":\"WebPage\",\"@id\":\"https:\/\/institutfrancais.sk\/fr\/kurz\/ateliers-vo-francuzstine\/\",\"url\":\"https:\/\/institutfrancais.sk\/fr\/kurz\/ateliers-vo-francuzstine\/\",\"name\":\"Ateliers vo franc\u00faz\u0161tine (pour les \u00e9coles) - Franc\u00fazsky in\u0161tit\u00fat na Slovensku\",\"isPartOf\":{\"@id\":\"https:\/\/institutfrancais.sk\/fr\/#website\"},\"primaryImageOfPage\":{\"@id\":\"https:\/\/institutfrancais.sk\/fr\/kurz\/ateliers-vo-francuzstine\/#primaryimage\"},\"image\":{\"@id\":\"https:\/\/institutfrancais.sk\/fr\/kurz\/ateliers-vo-francuzstine\/#primaryimage\"},\"thumbnailUrl\":\"https:\/\/institutfrancais.sk\/wp-content\/uploads\/2023\/04\/LOGO-ATELIERS-FRANCAIS_2.png\",\"datePublished\":\"2023-04-17T15:01:22+00:00\",\"dateModified\":\"2026-02-19T08:56:00+00:00\",\"breadcrumb\":{\"@id\":\"https:\/\/institutfrancais.sk\/fr\/kurz\/ateliers-vo-francuzstine\/#breadcrumb\"},\"inLanguage\":\"fr-FR\",\"potentialAction\":[{\"@type\":\"ReadAction\",\"target\":[\"https:\/\/institutfrancais.sk\/fr\/kurz\/ateliers-vo-francuzstine\/\"]}]},{\"@type\":\"ImageObject\",\"inLanguage\":\"fr-FR\",\"@id\":\"https:\/\/institutfrancais.sk\/fr\/kurz\/ateliers-vo-francuzstine\/#primaryimage\",\"url\":\"https:\/\/institutfrancais.sk\/wp-content\/uploads\/2023\/04\/LOGO-ATELIERS-FRANCAIS_2.png\",\"contentUrl\":\"https:\/\/institutfrancais.sk\/wp-content\/uploads\/2023\/04\/LOGO-ATELIERS-FRANCAIS_2.png\",\"width\":1920,\"height\":1080},{\"@type\":\"BreadcrumbList\",\"@id\":\"https:\/\/institutfrancais.sk\/fr\/kurz\/ateliers-vo-francuzstine\/#breadcrumb\",\"itemListElement\":[{\"@type\":\"ListItem\",\"position\":1,\"name\":\"Home\",\"item\":\"https:\/\/institutfrancais.sk\/fr\/\"},{\"@type\":\"ListItem\",\"position\":2,\"name\":\"Courses\",\"item\":\"https:\/\/institutfrancais.sk\/fr\/kurz\/\"},{\"@type\":\"ListItem\",\"position\":3,\"name\":\"Ateliers vo franc\u00faz\u0161tine (pour les \u00e9coles)\"}]},{\"@type\":\"WebSite\",\"@id\":\"https:\/\/institutfrancais.sk\/fr\/#website\",\"url\":\"https:\/\/institutfrancais.sk\/fr\/\",\"name\":\"Franc\u00fazsky in\u0161tit\u00fat na Slovensku\",\"description\":\"Franc\u00fazsky in\u0161tit\u00fat na Slovensku\",\"potentialAction\":[{\"@type\":\"SearchAction\",\"target\":{\"@type\":\"EntryPoint\",\"urlTemplate\":\"https:\/\/institutfrancais.sk\/fr\/?s={search_term_string}\"},\"query-input\":{\"@type\":\"PropertyValueSpecification\",\"valueRequired\":true,\"valueName\":\"search_term_string\"}}],\"inLanguage\":\"fr-FR\"}]}<\/script>\n<!-- \/ Yoast SEO plugin. -->","yoast_head_json":{"title":"Ateliers vo franc\u00faz\u0161tine (pour les \u00e9coles) - Franc\u00fazsky in\u0161tit\u00fat na Slovensku","robots":{"index":"index","follow":"follow","max-snippet":"max-snippet:-1","max-image-preview":"max-image-preview:large","max-video-preview":"max-video-preview:-1"},"canonical":"https:\/\/institutfrancais.sk\/fr\/kurz\/ateliers-vo-francuzstine\/","og_locale":"fr_FR","og_type":"article","og_title":"Ateliers vo franc\u00faz\u0161tine (pour les \u00e9coles) - Franc\u00fazsky in\u0161tit\u00fat na Slovensku","og_description":"Les Ateliers vo&nbsp;franc\u00faz\u0161tine sont l\u2019occasion de : O\u00f9&nbsp;? Selon votre demande, les ateliers se d\u00e9roulent dans votre \u00e9tablissement situ\u00e9 dans la r\u00e9gion de Bratislava ou dans les locaux de l\u2019Institut fran\u00e7ais de Slovaquie (Sedl\u00e1rska 358\/7, 812&nbsp;83 Bratislava). Nous vous proposons des ateliers sur les th\u00e8mes suivants&nbsp;: Possibilit\u00e9 de regrouper les niveaux A1\/A2&nbsp;;&nbsp;A2\/B1&nbsp;;&nbsp;B1\/B2 ;&nbsp;1 atelier = [&hellip;]","og_url":"https:\/\/institutfrancais.sk\/fr\/kurz\/ateliers-vo-francuzstine\/","og_site_name":"Franc\u00fazsky in\u0161tit\u00fat na Slovensku","article_modified_time":"2026-02-19T08:56:00+00:00","og_image":[{"width":1920,"height":1080,"url":"https:\/\/institutfrancais.sk\/wp-content\/uploads\/2023\/04\/LOGO-ATELIERS-FRANCAIS_2.png","type":"image\/png"}],"twitter_card":"summary_large_image","twitter_misc":{"Dur\u00e9e de lecture estim\u00e9e":"3 minutes"},"schema":{"@context":"https:\/\/schema.org","@graph":[{"@type":"WebPage","@id":"https:\/\/institutfrancais.sk\/fr\/kurz\/ateliers-vo-francuzstine\/","url":"https:\/\/institutfrancais.sk\/fr\/kurz\/ateliers-vo-francuzstine\/","name":"Ateliers vo franc\u00faz\u0161tine (pour les \u00e9coles) - Franc\u00fazsky in\u0161tit\u00fat na Slovensku","isPartOf":{"@id":"https:\/\/institutfrancais.sk\/fr\/#website"},"primaryImageOfPage":{"@id":"https:\/\/institutfrancais.sk\/fr\/kurz\/ateliers-vo-francuzstine\/#primaryimage"},"image":{"@id":"https:\/\/institutfrancais.sk\/fr\/kurz\/ateliers-vo-francuzstine\/#primaryimage"},"thumbnailUrl":"https:\/\/institutfrancais.sk\/wp-content\/uploads\/2023\/04\/LOGO-ATELIERS-FRANCAIS_2.png","datePublished":"2023-04-17T15:01:22+00:00","dateModified":"2026-02-19T08:56:00+00:00","breadcrumb":{"@id":"https:\/\/institutfrancais.sk\/fr\/kurz\/ateliers-vo-francuzstine\/#breadcrumb"},"inLanguage":"fr-FR","potentialAction":[{"@type":"ReadAction","target":["https:\/\/institutfrancais.sk\/fr\/kurz\/ateliers-vo-francuzstine\/"]}]},{"@type":"ImageObject","inLanguage":"fr-FR","@id":"https:\/\/institutfrancais.sk\/fr\/kurz\/ateliers-vo-francuzstine\/#primaryimage","url":"https:\/\/institutfrancais.sk\/wp-content\/uploads\/2023\/04\/LOGO-ATELIERS-FRANCAIS_2.png","contentUrl":"https:\/\/institutfrancais.sk\/wp-content\/uploads\/2023\/04\/LOGO-ATELIERS-FRANCAIS_2.png","width":1920,"height":1080},{"@type":"BreadcrumbList","@id":"https:\/\/institutfrancais.sk\/fr\/kurz\/ateliers-vo-francuzstine\/#breadcrumb","itemListElement":[{"@type":"ListItem","position":1,"name":"Home","item":"https:\/\/institutfrancais.sk\/fr\/"},{"@type":"ListItem","position":2,"name":"Courses","item":"https:\/\/institutfrancais.sk\/fr\/kurz\/"},{"@type":"ListItem","position":3,"name":"Ateliers vo franc\u00faz\u0161tine (pour les \u00e9coles)"}]},{"@type":"WebSite","@id":"https:\/\/institutfrancais.sk\/fr\/#website","url":"https:\/\/institutfrancais.sk\/fr\/","name":"Franc\u00fazsky in\u0161tit\u00fat na Slovensku","description":"Franc\u00fazsky in\u0161tit\u00fat na Slovensku","potentialAction":[{"@type":"SearchAction","target":{"@type":"EntryPoint","urlTemplate":"https:\/\/institutfrancais.sk\/fr\/?s={search_term_string}"},"query-input":{"@type":"PropertyValueSpecification","valueRequired":true,"valueName":"search_term_string"}}],"inLanguage":"fr-FR"}]}},"_links":{"self":[{"href":"https:\/\/institutfrancais.sk\/fr\/wp-json\/wp\/v2\/kurzy\/26700"}],"collection":[{"href":"https:\/\/institutfrancais.sk\/fr\/wp-json\/wp\/v2\/kurzy"}],"about":[{"href":"https:\/\/institutfrancais.sk\/fr\/wp-json\/wp\/v2\/types\/kurzy"}],"wp:featuredmedia":[{"embeddable":true,"href":"https:\/\/institutfrancais.sk\/fr\/wp-json\/wp\/v2\/media\/26705"}],"wp:attachment":[{"href":"https:\/\/institutfrancais.sk\/fr\/wp-json\/wp\/v2\/media?parent=26700"}],"wp:term":[{"taxonomy":"typ","embeddable":true,"href":"https:\/\/institutfrancais.sk\/fr\/wp-json\/wp\/v2\/typ?post=26700"}],"curies":[{"name":"wp","href":"https:\/\/api.w.org\/{rel}","templated":true}]}}