{"id":14572,"date":"2020-12-17T13:41:46","date_gmt":"2020-12-17T12:41:46","guid":{"rendered":"https:\/\/institutfrancais.sk\/?page_id=14572"},"modified":"2021-01-28T15:50:45","modified_gmt":"2021-01-28T14:50:45","slug":"session-hiver-2021-nouveaux-cours-de-francais","status":"publish","type":"page","link":"https:\/\/institutfrancais.sk\/fr\/session-hiver-2021-nouveaux-cours-de-francais\/","title":{"rendered":"Cours d&rsquo;hiver 2021 : inscription encore possible"},"content":{"rendered":"\n<h2 class=\"wp-block-heading\">Derni\u00e8res places disponibles : inscription encore possible jusqu&rsquo;au 31 janvier ! <\/h2>\n\n\n<div class=\"space sm\"><\/div>\n\n\n<h4 class=\"wp-block-heading\"><strong>Fran\u00e7ais g\u00e9n\u00e9ral : niveau A1<\/strong><\/h4>\n\n\n\n<p>ONLINE A1.1 (12:30-14:00) MAR-JEU<br>ONLINE A1.1 (17:30-19:00) LUN-MER<br>ONLINE A1.1 (07:00-08:00) LUN-MER-VEN<br>ONLINE A1.1 (09:15-10:45) SAMEDI<br>A1.2 (07:30-09:00) LUN-MER<br>A1.2 (15:50-17:20) MAR-JEU<br>A1.2 (17:30-19:00) MAR-JEU<br>ONLINE A1.2 (19:10-20:40) LUN-MER<br>A1.3 (17:30-19:00) LUN-MER<br>A1.3 (19:10-20:40) MAR-JEU<br>ONLINE A1.3 (07:30-09:00) LUN-MER<br>ONLINE A1.3 (12:30-14:00) MAR-JEU<\/p>\n\n\n<a href=\"https:\/\/institutfrancais.sk\/fr\/inscription-au-cours\/\" class=\"btn btn-blue-invert\" target=\"blank\" rel=\"noreferrer noopener\">Inscription<\/a>\n\n<div class=\"space sm\"><\/div>\n\n\n<h4 class=\"wp-block-heading\"><strong><strong>Fran\u00e7ais g\u00e9n\u00e9ral : niveau<\/strong> A<\/strong>2<\/h4>\n\n\n\n<p>A2.1: <a href=\"https:\/\/institutfrancais.sk\/fr\/cours\/calendrier-inscription\/\" target=\"_blank\" rel=\"noreferrer noopener\">Inscrivez-vous au prochain trimestre<\/a><br>A2.2 (17:30-19:00) LUN-MER<br>ONLINE A2.2 (07:30-09:00) LUN-MER<br>ONLINE A2.2 (19:10-20:40) MAR-JEU<br>A2.3 (17:30-19:00) MAR-JEU<\/p>\n\n\n<a href=\"https:\/\/institutfrancais.sk\/fr\/inscription-au-cours\/\" class=\"btn btn-blue-invert\" target=\"blank\" rel=\"noreferrer noopener\">Inscription<\/a>\n\n<div class=\"space sm\"><\/div>\n\n\n<h4 class=\"wp-block-heading\"><strong><strong>Fran\u00e7ais g\u00e9n\u00e9ral : niveau<\/strong> <\/strong>B1<\/h4>\n\n\n\n<p>B1.1: <a href=\"https:\/\/institutfrancais.sk\/fr\/cours\/calendrier-inscription\/\" target=\"_blank\" rel=\"noreferrer noopener\">Inscrivez-vous au prochain trimestre<\/a><br>B1.2 (15:50-17:20) MAR-JEU<br>B1.3 (19:10-20:40) LUN-MER<br>B1.4 (07:30-09:00) MAR-JEU<br>B1.4 (17:30-19:00) MAR-JEU<\/p>\n\n\n<a href=\"https:\/\/institutfrancais.sk\/fr\/inscription-au-cours\/\" class=\"btn btn-blue-invert\" target=\"blank\" rel=\"noreferrer noopener\">Inscription<\/a>\n\n<div class=\"space sm\"><\/div>\n\n\n<h4 class=\"wp-block-heading\"><strong><strong>Fran\u00e7ais g\u00e9n\u00e9ral : niveau<\/strong> <\/strong>B2<\/h4>\n\n\n\n<p>B2.1:<a href=\"https:\/\/institutfrancais.sk\/kurzy\/zapis-a-terminy-kurzov\/\" target=\"_blank\" rel=\"noreferrer noopener\"> <a href=\"https:\/\/institutfrancais.sk\/fr\/cours\/calendrier-inscription\/\" target=\"_blank\" rel=\"noreferrer noopener\">Inscrivez-vous au prochain trimestre<\/a><\/a><br>B2.2 (15:50-17:20) MAR-JEU<br>B2.2 (17:30-19:00) LUN-MER<br>B2.3:<a href=\"https:\/\/institutfrancais.sk\/kurzy\/zapis-a-terminy-kurzov\/\" target=\"_blank\" rel=\"noreferrer noopener\"> <a href=\"https:\/\/institutfrancais.sk\/fr\/cours\/calendrier-inscription\/\" target=\"_blank\" rel=\"noreferrer noopener\">Inscrivez-vous au prochain trimestre<\/a><\/a><br>B2.4 (19:10-20:40) MAR-JEU<\/p>\n\n\n<a href=\"https:\/\/institutfrancais.sk\/fr\/inscription-au-cours\/\" class=\"btn btn-blue-invert\" target=\"blank\" rel=\"noreferrer noopener\">Inscription<\/a>\n\n<div class=\"space sm\"><\/div>\n\n\n<h4 class=\"wp-block-heading\"><strong><strong>Fran\u00e7ais g\u00e9n\u00e9ral : niveau<\/strong> <\/strong>C1<\/h4>\n\n\n\n<p>C1.1 (17:30-19:00) MAR-JEU<br>C1.2 (17:30-19:00) LUN-MER<\/p>\n\n\n<a href=\"https:\/\/institutfrancais.sk\/fr\/inscription-au-cours\/\" class=\"btn btn-blue-invert\" target=\"blank\" rel=\"noreferrer noopener\">Inscription<\/a>\n\n<div class=\"space sm\"><\/div>\n\n\n<h4 class=\"wp-block-heading\"><strong>Conversation<\/strong><\/h4>\n\n\n\n<p>ONLINE Conversation B1 (19:10-20:40) MERCREDI<br>Conversation B2 (14:10-15:40) VENDREDI<\/p>\n\n\n<a href=\"https:\/\/institutfrancais.sk\/fr\/inscription-au-cours\/\" class=\"btn btn-blue-invert\" target=\"blank\" rel=\"noreferrer noopener\">Inscription<\/a>\n\n<div class=\"space sm\"><\/div>\n\n\n<h4 class=\"wp-block-heading\"><strong>Cours pour enfants et adolescents<\/strong><\/h4>\n\n\n\n<p>MINI+ (15:50-16:35) LUNDI &amp;&nbsp;(15:00-15:45) JEUDI<br>ENF A1.1&nbsp;01&nbsp;2e trimestre (14:10-15:40) MARDI<br>ENF A1.1&nbsp;02&nbsp;2e trimestre (15:50-17:20) LUNDI<br>ENF A1.2&nbsp;2e trimestre (15:50-17:20) VENDREDI<br>ENF A2.1&nbsp;2e trimestre (15:50-17:20) JEUDI<br>ADO A1.2&nbsp;01 (15:50-17:20) LUN-MER<br>ADO A2.2&nbsp;01 (15:50-17:20) MAR-JEU<br>ADO A2.2&nbsp;02 (17:30-19:00) LUN-MER<\/p>\n\n\n<a href=\"https:\/\/institutfrancais.sk\/fr\/inscription-au-cours\/\" class=\"btn btn-blue-invert\" target=\"blank\" rel=\"noreferrer noopener\">Inscription<\/a>\n\n<div class=\"space sm\"><\/div>\n\n\n<h4 class=\"wp-block-heading\">Cours pour enfants bilingues <\/h4>\n\n\n\n<p>ENF BIL 01 (15:50-17:20) MERCREDI<br>ENF BIL 02 (09:15-10:45) SAMEDI<\/p>\n\n\n<a href=\"https:\/\/institutfrancais.sk\/fr\/inscription-au-cours\/\" class=\"btn btn-blue-invert\" target=\"blank\" rel=\"noreferrer noopener\">Inscription<\/a>\n\n<div class=\"space sm\"><\/div>\n\n<\/div><div class=\"more-info\" style=\"background-image:url(https:\/\/institutfrancais.sk\/wp-content\/uploads\/2020\/12\/Karusel.png)\"><div class=\"wrap\"><h2>Prix des cours <\/h2><div class=\"container container-3-items\"> <div class=\"row\"><div class=\"item col-sm-4\"><a href=\"https:\/\/institutfrancais.sk\/fr\/typ-kurzov\/francais-general\/\"><span>Fran\u00e7ais g\u00e9n\u00e9ral<\/span><\/a><\/div><div class=\"item col-sm-4\"><a href=\"https:\/\/institutfrancais.sk\/fr\/typ-kurzov\/conversation\/\"><span>Conversation<\/span><\/a><\/div><div class=\"item col-sm-4\"><a href=\"https:\/\/institutfrancais.sk\/fr\/typ-kurzov\/enfants-ados\/\"><span>Enfants et ados<\/span><\/a><\/div><\/div><\/div><\/div><\/div><div class=\"wrap narrow-wrap\">\n\n<div class=\"space sm\"><\/div>\n\n<\/div><div class=\"gray-bg\"><div class=\"cta-box\"><div class=\"wrap narrow-wrap\"><div class=\"content dark-blue\"><div class=\"cta-box-content\"><div class=\"left-side\"><div class=\"left-content\"><h3>Important<\/h3>\n<p>Le cours en pr\u00e9sentiel aura lieu \u00e0 condition que les mesures sanitaires en application au moment de son lancement le permettent. L\u2019Institut fran\u00e7ais se r\u00e9serve le droit d\u2019annuler le cours en pr\u00e9sentiel pour respecter les d\u00e9cisions des autorit\u00e9s locales et le d\u00e9placer en ligne.<\/p>\n<\/div><\/div><\/div><\/div><\/div><\/div><\/div><div class=\"wrap narrow-wrap\">\n\n\n<h2 class=\"wp-block-heading\">Infomations pratiques<\/h2>\n\n\n<div class=\"space xxs\"><\/div>\n\n\n<p>\u2022 Dur\u00e9e du cours : 11 semaines<br>\u2022 1x \/ 2x par semaine<br>\u2022 22 \/ 44 heures de 45 min<br>\u2022 5 \u2013 12 participants<\/p>\n\n\n<div class=\"space sm\"><\/div>\n\n\n<h2 class=\"wp-block-heading\">Inscription au cours de fran\u00e7ais<\/h2>\n\n\n<div class=\"space xxs\"><\/div>\n\n\n<p>Vous pouvez vous inscrire au cours de votre choix : <\/p>\n\n\n\n<ul><li><strong>en ligne<\/strong>, via le formulaire d\u2019inscription en ligne qui se trouve dans chaque cours. <br>Ce &nbsp;type d\u2019inscription est possible pour les apprenants qui continuent \u00e0 \u00e9tudier \u00e0 l\u2019Institut fran\u00e7ais et pour les d\u00e9butants complets (\u00e0 partir &nbsp;du niveau A1.1). <\/li><li><strong>par mail : <\/strong>vous devez envoyer la <strong>fiche d\u2019inscription<\/strong> d\u00fbment remplie et sign\u00e9e \u00e0 l\u2019adresse <strong><a href=\"mailto:cours@institutfrancais.sk\">cours@institutfrancais.sk<\/a><\/strong> ainsi que le scan de votre carte ISIC si vous souhaitez b\u00e9n\u00e9ficier de la r\u00e9duction de 10&nbsp;%. <\/li><\/ul>\n\n\n<div class=\"text-center\"><a href=\"https:\/\/institutfrancais.sk\/wp-content\/uploads\/2020\/12\/PRIHLASKA_kurzy_ZIMA-2021.doc\" class=\"btn btn-blue-invert\" target=\"blank\" rel=\"noreferrer noopener\">Fiche d&rsquo;inscription<\/a><\/div>\n\n<div class=\"space sm\"><\/div>\n\n\n<h2 class=\"wp-block-heading\">Frais administratifs <\/h2>\n\n\n\n<div class=\"wp-block-image\"><figure class=\"alignleft size-large is-resized\"><img loading=\"lazy\" decoding=\"async\" src=\"https:\/\/institutfrancais.sk\/wp-content\/uploads\/2020\/01\/main.png\" alt=\"\" class=\"wp-image-1240\" width=\"297\" height=\"182\" srcset=\"https:\/\/institutfrancais.sk\/wp-content\/uploads\/2020\/01\/main.png 593w, https:\/\/institutfrancais.sk\/wp-content\/uploads\/2020\/01\/main-300x184.png 300w\" sizes=\"(max-width: 297px) 100vw, 297px\" \/><\/figure><\/div>\n\n\n<div class=\"space xs\"><\/div>\n\n\n<p>Les frais administratifs \u00e0 hauteur de <strong>6 euros<\/strong> couvrent les d\u00e9marches administratives lors de l&rsquo;inscription et sont pay\u00e9s une fois par an. &nbsp;Tous les \u00e9tudiants de l&rsquo;Institut fran\u00e7ais re\u00e7oivent une carte de membre, <strong><a rel=\"noreferrer noopener\" aria-label=\"l'IF Pass (otvor\u00ed sa v novej karte)\" class=\"ready\" onclick=\"return false;\" href=\"#\" target=\"_blank\">l&rsquo;IF Pass<\/a><\/strong>, qui est annuelle et vous offre de nombreux avantages: un acc\u00e8s illimit\u00e9 \u00e0 la m\u00e9diath\u00e8que et la biblioth\u00e8que num\u00e9rique Cultureth\u00e8que, ainsi que des r\u00e9ductions chez nos partenaires. <\/p>\n\n\n<div class=\"space sm\"><\/div>\n\n\n<h2 class=\"wp-block-heading\">Test de positionnement <\/h2>\n\n\n\n<p>Vous devez passer le test de positionnement pendant la p\u00e9riode d&rsquo;inscription, si vous avez d\u00e9j\u00e0 une certaine connaissance de la langue fran\u00e7aise. Si vous avez d\u00e9j\u00e0 suivi nos cours de fran\u00e7ais par le pass\u00e9 et apr\u00e8s une longue pause vous souhaitez reprendre l&rsquo;apprentissage du fran\u00e7ais, le test nous aidera \u00e0 d\u00e9terminer votre niveau actuel. Si vous \u00eates un d\u00e9butant complet, les tests ne sont pas n\u00e9cessaires. Par le biais du test de positionnement, nous \u00e9valuerons vos comp\u00e9tences linguistiques en fran\u00e7ais : <strong>l&rsquo;expression \u00e9crite et orale<\/strong>, <strong>la<\/strong> <strong>compr\u00e9hension \u00e9crite et orale<\/strong>. Nous d\u00e9terminerons votre niveau de langue actuel afin de pouvoir vous placer dans des groupes homog\u00e8nes et vous conseiller ainsi un cours adapt\u00e9 \u00e0 votre niveau. Vous pouvez passer le test de positionnemet pendant la p\u00e9riode d&rsquo;inscription <strong>en ligne<\/strong>. Vous recevrez les codes d&rsquo;acc\u00e8s au test en ligne par mail. <\/p>\n\n\n\n<p>Pour plus d\u2019informations, nous vous prions de contacter SVP&nbsp;le Service des cours.<\/p>\n\n\n<div class=\"space xs\"><\/div>\n\n\n<h2 class=\"wp-block-heading\">Depuis 30 ans nous vous apportons la langue et la culture fran\u00e7aise. Rejoignez-nous dans cette aventure ! <\/h2>\n\n\n<div class=\"space xs\"><\/div>\n\n<div class=\"benefits row text-center\"><div class=\"col-6 col-sm-3\"><img decoding=\"async\" src=\"https:\/\/institutfrancais.sk\/wp-content\/uploads\/2020\/01\/student_1.png\"><div class=\"line-after-title\"><\/div><spa class=\"benefits-description\">Enseignants qualifi\u00e9s<\/span><\/div><div class=\"col-6 col-sm-3\"><img decoding=\"async\" src=\"https:\/\/institutfrancais.sk\/wp-content\/uploads\/2020\/01\/dp-b-4.png\"><div class=\"line-after-title\"><\/div><spa class=\"benefits-description\">Label qualit\u00e9<\/span><\/div><div class=\"col-6 col-sm-3\"><img decoding=\"async\" src=\"https:\/\/institutfrancais.sk\/wp-content\/uploads\/2020\/01\/dp-b-2.png\"><div class=\"line-after-title\"><\/div><spa class=\"benefits-description\">Pr\u00e9paration aux examens DELF DALF<\/span><\/div><div class=\"col-6 col-sm-3\"><img decoding=\"async\" src=\"https:\/\/institutfrancais.sk\/wp-content\/uploads\/2019\/12\/au1.png\"><div class=\"line-after-title\"><\/div><spa class=\"benefits-description\">M\u00e9diath\u00e8que gratuite<\/span><\/div><\/div>\n\n<div class=\"space sm\"><\/div>\n\n<\/div><iframe loading=\"lazy\" src=\"https:\/\/www.google.com\/maps\/embed?pb=!1m18!1m12!1m3!1d2662.2735746915087!2d17.10532635165492!3d48.14353077912193!2m3!1f0!2f0!3f0!3m2!1i1024!2i768!4f13.1!3m3!1m2!1s0x476c8942d3867d0f%3A0xf92cfa7be90ee73!2zRnJhbmPDunpza3kgaW7FoXRpdMO6dA!5e0!3m2!1ssk!2ssk!4v1575902399794!5m2!1ssk!2ssk\" width=\"100%\" height=\"558\" frameborder=\"0\" class=\"gmap-iframe\" allowfullscreen=\"\"><\/iframe><div class=\"wrap narrow-wrap\">\n\n<div class=\"space sm\"><\/div>\n\n<\/div><div class=\"articles articles-events\"><div class=\"gray-bg\"><div class=\"lines-bg lines-bg-boldright-c\"><div class=\"wrap\"><div class=\"white-boxes\"><h2>A d\u00e9couvrir<\/h2><div class=\"row posts-list\"><a class=\"articles-redirection\" href=\"https:\/\/institutfrancais.sk\/fr\/fr\/informacie\/\"><svg xmlns=\"http:\/\/www.w3.org\/2000\/svg\" viewBox=\"0 0 320 512\" width=\"20\"><path fill=\"#000\" d=\"M285.476 272.971L91.132 467.314c-9.373 9.373-24.569 9.373-33.941 0l-22.667-22.667c-9.357-9.357-9.375-24.522-.04-33.901L188.505 256 34.484 101.255c-9.335-9.379-9.317-24.544.04-33.901l22.667-22.667c9.373-9.373 24.569-9.373 33.941 0L285.475 239.03c9.373 9.372 9.373 24.568.001 33.941z\"><\/path><\/svg> <\/a><div class=\"col-lg-4 col-md-6 col-sm-6\">\n<section>\n<div class=\"post\">\n<div class=\"post-container\">\n<a href=\"https:\/\/institutfrancais.sk\/fr\/spievam-po-francuzsky-2026-2\/\"><div class=\"post-img\">\n<img decoding=\"async\" src=\"https:\/\/institutfrancais.sk\/wp-content\/uploads\/2025\/11\/SPF-2026-J1-537x235.png\" alt=\"Spievam po\u00a0franc\u00fazsky 2026 &#8211;&nbsp;le concours de la chanson francophone\" class=\"post-thumbnail\" width=\"100%\">\n<\/div><\/a>\n<div class=\"card-content\">\n<div class=\"post-meta\">\n<a href=\"https:\/\/institutfrancais.sk\/fr\/category\/non-classifiee\/\">Musique<\/a> \/<\/div>\n<a href=\"https:\/\/institutfrancais.sk\/fr\/spievam-po-francuzsky-2026-2\/\">\n<h1>Spievam po\u00a0franc\u00fazsky 2026 &#8211;&nbsp;le concours de la chanson francophone<\/h1>\n<\/a>\n<div class=\"line-after-title\"><\/div>\n<article>\n<p>Le concours de la chanson francophone&nbsp;&nbsp;Je chante en fran\u00e7ais &nbsp;est de retour en 2026 ! Vous \u00eates amateurs de chansons francophones ? Votre langue maternelle n&rsquo;est pas le fran\u00e7ais ? Vous r\u00e9sidez en Slovaquie ? Vous \u00eates \u00e0 la bonne adresse ! Inscrivez-vous jusqu\u2019au 15 mars 2026 ! Comment faire&#8230;<\/p>\n<\/article>\n<\/div>\n<\/div>\n<\/div>\n<\/section>\n<\/div>\n<div class=\"col-lg-4 col-md-6 col-sm-6\">\n<section>\n<div class=\"post\">\n<div class=\"post-container\">\n<a href=\"https:\/\/institutfrancais.sk\/fr\/spievam-po-francuzsky-2022-inscriptions-ouvertes\/\"><div class=\"post-img\">\n<img decoding=\"async\" src=\"https:\/\/institutfrancais.sk\/wp-content\/uploads\/2020\/11\/pexels-pixabay-33779-1024x683.jpg\" alt=\"Spievam po&nbsp;franc\u00fazsky 2022 : inscriptions ouvertes\" class=\"post-thumbnail\" width=\"100%\">\n<\/div><\/a>\n<div class=\"card-content\">\n<div class=\"post-meta\">\n<a href=\"https:\/\/institutfrancais.sk\/fr\/category\/appel\/\">Appel<\/a> \/<\/div>\n<a href=\"https:\/\/institutfrancais.sk\/fr\/spievam-po-francuzsky-2022-inscriptions-ouvertes\/\">\n<h1>Spievam po&nbsp;franc\u00fazsky 2022 : inscriptions ouvertes<\/h1>\n<\/a>\n<div class=\"line-after-title\"><\/div>\n<article>\n<p>Vous \u00eates amateurs de chansons francophones ? Votre langue maternelle n&rsquo;est pas le fran\u00e7ais ? Vous r\u00e9sidez en Slovaquie ? Vous \u00eates \u00e0 la bonne adresse !\n<\/p>\n<\/article>\n<\/div>\n<\/div>\n<\/div>\n<\/section>\n<\/div>\n<div class=\"col-lg-4 col-md-6 col-sm-6\">\n<section>\n<div class=\"post\">\n<div class=\"post-container\">\n<a href=\"https:\/\/institutfrancais.sk\/fr\/cours-en-ligne-qu-en-pensent-nos-etudiants\/\"><div class=\"post-img\">\n<\/div><\/a>\n<div class=\"card-content\">\n<div class=\"post-meta\">\n<a href=\"https:\/\/institutfrancais.sk\/fr\/category\/cours\/\">Cours<\/a> \/<\/div>\n<a href=\"https:\/\/institutfrancais.sk\/fr\/cours-en-ligne-qu-en-pensent-nos-etudiants\/\">\n<h1>Cours en ligne : Qu&rsquo;en pensent nos \u00e9tudiants?<\/h1>\n<\/a>\n<div class=\"line-after-title\"><\/div>\n<article>\n<p>Si la montagne ne vient pas \u00e0 Mahomet, Mahomet ira \u00e0 la montagne. Et c\u2019est pareil pour nos cours de fran\u00e7ais. Lorsque nous avons d\u00fb arr\u00eater les cours dans les locaux de l\u2019Institut fran\u00e7ais, nous n\u2019avions pas d\u2019autre choix que de les \u00ab d\u00e9placer \u00bb directement chez nos \u00e9tudiants \u2013&#8230;<\/p>\n<\/article>\n<\/div>\n<\/section>\n<\/div>\n<\/div><\/div><div class=\"btn-articles-redirection\"><a class=\"btn btn-black\" href=\"https:\/\/institutfrancais.sk\/fr\/informacie\/\">Plus d&rsquo;infos<\/a><\/div><\/div><\/div><\/div><\/div><div class=\"wrap narrow-wrap\">","protected":false},"excerpt":{"rendered":"<p>Derni\u00e8res places disponibles : inscription encore possible jusqu&rsquo;au 31 janvier ! Fran\u00e7ais g\u00e9n\u00e9ral : niveau A1 ONLINE A1.1 (12:30-14:00) MAR-JEUONLINE A1.1 (17:30-19:00) LUN-MERONLINE A1.1 (07:00-08:00) LUN-MER-VENONLINE A1.1 (09:15-10:45) SAMEDIA1.2 (07:30-09:00) LUN-MERA1.2 (15:50-17:20) MAR-JEUA1.2 (17:30-19:00) MAR-JEUONLINE A1.2 (19:10-20:40) LUN-MERA1.3 (17:30-19:00) LUN-MERA1.3 (19:10-20:40) MAR-JEUONLINE A1.3 (07:30-09:00) LUN-MERONLINE A1.3 (12:30-14:00) MAR-JEU Fran\u00e7ais g\u00e9n\u00e9ral : niveau A2 A2.1: Inscrivez-vous [&hellip;]<\/p>\n","protected":false},"author":14,"featured_media":15246,"parent":0,"menu_order":0,"comment_status":"closed","ping_status":"closed","template":"","meta":{"_acf_changed":false,"footnotes":""},"acf":[],"yoast_head":"<!-- This site is optimized with the Yoast SEO plugin v24.5 - https:\/\/yoast.com\/wordpress\/plugins\/seo\/ -->\n<title>Cours d&#039;hiver 2021 : inscription encore possible - Franc\u00fazsky in\u0161tit\u00fat na Slovensku<\/title>\n<meta name=\"description\" content=\"Septembrov\u00e9 kurzy franc\u00faz\u0161tiny - Bratislava: nov\u00e1 ponuka kurzov franc\u00faz\u0161tiny od septembra pre dospel\u00fdch a pre deti. Online alebo prezen\u010dne.\" \/>\n<meta name=\"robots\" content=\"index, follow, max-snippet:-1, max-image-preview:large, max-video-preview:-1\" \/>\n<link rel=\"canonical\" href=\"https:\/\/institutfrancais.sk\/fr\/session-hiver-2021-nouveaux-cours-de-francais\/\" \/>\n<meta property=\"og:locale\" content=\"fr_FR\" \/>\n<meta property=\"og:type\" content=\"article\" \/>\n<meta property=\"og:title\" content=\"Cours d&#039;hiver 2021 : inscription encore possible - Franc\u00fazsky in\u0161tit\u00fat na Slovensku\" \/>\n<meta property=\"og:description\" content=\"Septembrov\u00e9 kurzy franc\u00faz\u0161tiny - Bratislava: nov\u00e1 ponuka kurzov franc\u00faz\u0161tiny od septembra pre dospel\u00fdch a pre deti. Online alebo prezen\u010dne.\" \/>\n<meta property=\"og:url\" content=\"https:\/\/institutfrancais.sk\/fr\/session-hiver-2021-nouveaux-cours-de-francais\/\" \/>\n<meta property=\"og:site_name\" content=\"Franc\u00fazsky in\u0161tit\u00fat na Slovensku\" \/>\n<meta property=\"article:modified_time\" content=\"2021-01-28T14:50:45+00:00\" \/>\n<meta property=\"og:image\" content=\"https:\/\/institutfrancais.sk\/wp-content\/uploads\/2021\/01\/Image3.png\" \/>\n\t<meta property=\"og:image:width\" content=\"2000\" \/>\n\t<meta property=\"og:image:height\" content=\"1125\" \/>\n\t<meta property=\"og:image:type\" content=\"image\/png\" \/>\n<meta name=\"twitter:card\" content=\"summary_large_image\" \/>\n<meta name=\"twitter:label1\" content=\"Dur\u00e9e de lecture estim\u00e9e\" \/>\n\t<meta name=\"twitter:data1\" content=\"3 minutes\" \/>\n<script type=\"application\/ld+json\" class=\"yoast-schema-graph\">{\"@context\":\"https:\/\/schema.org\",\"@graph\":[{\"@type\":\"WebPage\",\"@id\":\"https:\/\/institutfrancais.sk\/fr\/session-hiver-2021-nouveaux-cours-de-francais\/\",\"url\":\"https:\/\/institutfrancais.sk\/fr\/session-hiver-2021-nouveaux-cours-de-francais\/\",\"name\":\"Cours d'hiver 2021 : inscription encore possible - Franc\u00fazsky in\u0161tit\u00fat na Slovensku\",\"isPartOf\":{\"@id\":\"https:\/\/institutfrancais.sk\/fr\/#website\"},\"primaryImageOfPage\":{\"@id\":\"https:\/\/institutfrancais.sk\/fr\/session-hiver-2021-nouveaux-cours-de-francais\/#primaryimage\"},\"image\":{\"@id\":\"https:\/\/institutfrancais.sk\/fr\/session-hiver-2021-nouveaux-cours-de-francais\/#primaryimage\"},\"thumbnailUrl\":\"https:\/\/institutfrancais.sk\/wp-content\/uploads\/2021\/01\/Image3.png\",\"datePublished\":\"2020-12-17T12:41:46+00:00\",\"dateModified\":\"2021-01-28T14:50:45+00:00\",\"description\":\"Septembrov\u00e9 kurzy franc\u00faz\u0161tiny - Bratislava: nov\u00e1 ponuka kurzov franc\u00faz\u0161tiny od septembra pre dospel\u00fdch a pre deti. Online alebo prezen\u010dne.\",\"breadcrumb\":{\"@id\":\"https:\/\/institutfrancais.sk\/fr\/session-hiver-2021-nouveaux-cours-de-francais\/#breadcrumb\"},\"inLanguage\":\"fr-FR\",\"potentialAction\":[{\"@type\":\"ReadAction\",\"target\":[\"https:\/\/institutfrancais.sk\/fr\/session-hiver-2021-nouveaux-cours-de-francais\/\"]}]},{\"@type\":\"ImageObject\",\"inLanguage\":\"fr-FR\",\"@id\":\"https:\/\/institutfrancais.sk\/fr\/session-hiver-2021-nouveaux-cours-de-francais\/#primaryimage\",\"url\":\"https:\/\/institutfrancais.sk\/wp-content\/uploads\/2021\/01\/Image3.png\",\"contentUrl\":\"https:\/\/institutfrancais.sk\/wp-content\/uploads\/2021\/01\/Image3.png\",\"width\":2000,\"height\":1125},{\"@type\":\"BreadcrumbList\",\"@id\":\"https:\/\/institutfrancais.sk\/fr\/session-hiver-2021-nouveaux-cours-de-francais\/#breadcrumb\",\"itemListElement\":[{\"@type\":\"ListItem\",\"position\":1,\"name\":\"Home\",\"item\":\"https:\/\/institutfrancais.sk\/fr\/\"},{\"@type\":\"ListItem\",\"position\":2,\"name\":\"Cours d&rsquo;hiver 2021 : inscription encore possible\"}]},{\"@type\":\"WebSite\",\"@id\":\"https:\/\/institutfrancais.sk\/fr\/#website\",\"url\":\"https:\/\/institutfrancais.sk\/fr\/\",\"name\":\"Franc\u00fazsky in\u0161tit\u00fat na Slovensku\",\"description\":\"Franc\u00fazsky in\u0161tit\u00fat na Slovensku\",\"potentialAction\":[{\"@type\":\"SearchAction\",\"target\":{\"@type\":\"EntryPoint\",\"urlTemplate\":\"https:\/\/institutfrancais.sk\/fr\/?s={search_term_string}\"},\"query-input\":{\"@type\":\"PropertyValueSpecification\",\"valueRequired\":true,\"valueName\":\"search_term_string\"}}],\"inLanguage\":\"fr-FR\"}]}<\/script>\n<!-- \/ Yoast SEO plugin. -->","yoast_head_json":{"title":"Cours d'hiver 2021 : inscription encore possible - Franc\u00fazsky in\u0161tit\u00fat na Slovensku","description":"Septembrov\u00e9 kurzy franc\u00faz\u0161tiny - Bratislava: nov\u00e1 ponuka kurzov franc\u00faz\u0161tiny od septembra pre dospel\u00fdch a pre deti. Online alebo prezen\u010dne.","robots":{"index":"index","follow":"follow","max-snippet":"max-snippet:-1","max-image-preview":"max-image-preview:large","max-video-preview":"max-video-preview:-1"},"canonical":"https:\/\/institutfrancais.sk\/fr\/session-hiver-2021-nouveaux-cours-de-francais\/","og_locale":"fr_FR","og_type":"article","og_title":"Cours d'hiver 2021 : inscription encore possible - Franc\u00fazsky in\u0161tit\u00fat na Slovensku","og_description":"Septembrov\u00e9 kurzy franc\u00faz\u0161tiny - Bratislava: nov\u00e1 ponuka kurzov franc\u00faz\u0161tiny od septembra pre dospel\u00fdch a pre deti. Online alebo prezen\u010dne.","og_url":"https:\/\/institutfrancais.sk\/fr\/session-hiver-2021-nouveaux-cours-de-francais\/","og_site_name":"Franc\u00fazsky in\u0161tit\u00fat na Slovensku","article_modified_time":"2021-01-28T14:50:45+00:00","og_image":[{"width":2000,"height":1125,"url":"https:\/\/institutfrancais.sk\/wp-content\/uploads\/2021\/01\/Image3.png","type":"image\/png"}],"twitter_card":"summary_large_image","twitter_misc":{"Dur\u00e9e de lecture estim\u00e9e":"3 minutes"},"schema":{"@context":"https:\/\/schema.org","@graph":[{"@type":"WebPage","@id":"https:\/\/institutfrancais.sk\/fr\/session-hiver-2021-nouveaux-cours-de-francais\/","url":"https:\/\/institutfrancais.sk\/fr\/session-hiver-2021-nouveaux-cours-de-francais\/","name":"Cours d'hiver 2021 : inscription encore possible - Franc\u00fazsky in\u0161tit\u00fat na Slovensku","isPartOf":{"@id":"https:\/\/institutfrancais.sk\/fr\/#website"},"primaryImageOfPage":{"@id":"https:\/\/institutfrancais.sk\/fr\/session-hiver-2021-nouveaux-cours-de-francais\/#primaryimage"},"image":{"@id":"https:\/\/institutfrancais.sk\/fr\/session-hiver-2021-nouveaux-cours-de-francais\/#primaryimage"},"thumbnailUrl":"https:\/\/institutfrancais.sk\/wp-content\/uploads\/2021\/01\/Image3.png","datePublished":"2020-12-17T12:41:46+00:00","dateModified":"2021-01-28T14:50:45+00:00","description":"Septembrov\u00e9 kurzy franc\u00faz\u0161tiny - Bratislava: nov\u00e1 ponuka kurzov franc\u00faz\u0161tiny od septembra pre dospel\u00fdch a pre deti. Online alebo prezen\u010dne.","breadcrumb":{"@id":"https:\/\/institutfrancais.sk\/fr\/session-hiver-2021-nouveaux-cours-de-francais\/#breadcrumb"},"inLanguage":"fr-FR","potentialAction":[{"@type":"ReadAction","target":["https:\/\/institutfrancais.sk\/fr\/session-hiver-2021-nouveaux-cours-de-francais\/"]}]},{"@type":"ImageObject","inLanguage":"fr-FR","@id":"https:\/\/institutfrancais.sk\/fr\/session-hiver-2021-nouveaux-cours-de-francais\/#primaryimage","url":"https:\/\/institutfrancais.sk\/wp-content\/uploads\/2021\/01\/Image3.png","contentUrl":"https:\/\/institutfrancais.sk\/wp-content\/uploads\/2021\/01\/Image3.png","width":2000,"height":1125},{"@type":"BreadcrumbList","@id":"https:\/\/institutfrancais.sk\/fr\/session-hiver-2021-nouveaux-cours-de-francais\/#breadcrumb","itemListElement":[{"@type":"ListItem","position":1,"name":"Home","item":"https:\/\/institutfrancais.sk\/fr\/"},{"@type":"ListItem","position":2,"name":"Cours d&rsquo;hiver 2021 : inscription encore possible"}]},{"@type":"WebSite","@id":"https:\/\/institutfrancais.sk\/fr\/#website","url":"https:\/\/institutfrancais.sk\/fr\/","name":"Franc\u00fazsky in\u0161tit\u00fat na Slovensku","description":"Franc\u00fazsky in\u0161tit\u00fat na Slovensku","potentialAction":[{"@type":"SearchAction","target":{"@type":"EntryPoint","urlTemplate":"https:\/\/institutfrancais.sk\/fr\/?s={search_term_string}"},"query-input":{"@type":"PropertyValueSpecification","valueRequired":true,"valueName":"search_term_string"}}],"inLanguage":"fr-FR"}]}},"_links":{"self":[{"href":"https:\/\/institutfrancais.sk\/fr\/wp-json\/wp\/v2\/pages\/14572"}],"collection":[{"href":"https:\/\/institutfrancais.sk\/fr\/wp-json\/wp\/v2\/pages"}],"about":[{"href":"https:\/\/institutfrancais.sk\/fr\/wp-json\/wp\/v2\/types\/page"}],"author":[{"embeddable":true,"href":"https:\/\/institutfrancais.sk\/fr\/wp-json\/wp\/v2\/users\/14"}],"replies":[{"embeddable":true,"href":"https:\/\/institutfrancais.sk\/fr\/wp-json\/wp\/v2\/comments?post=14572"}],"version-history":[{"count":0,"href":"https:\/\/institutfrancais.sk\/fr\/wp-json\/wp\/v2\/pages\/14572\/revisions"}],"wp:featuredmedia":[{"embeddable":true,"href":"https:\/\/institutfrancais.sk\/fr\/wp-json\/wp\/v2\/media\/15246"}],"wp:attachment":[{"href":"https:\/\/institutfrancais.sk\/fr\/wp-json\/wp\/v2\/media?parent=14572"}],"curies":[{"name":"wp","href":"https:\/\/api.w.org\/{rel}","templated":true}]}}