{"id":2077,"date":"2019-12-09T14:29:37","date_gmt":"2019-12-09T13:29:37","guid":{"rendered":"https:\/\/institutfrancais.sk\/kontakt\/"},"modified":"2026-04-08T15:18:51","modified_gmt":"2026-04-08T13:18:51","slug":"contact","status":"publish","type":"page","link":"https:\/\/institutfrancais.sk\/fr\/contact\/","title":{"rendered":"Contact"},"content":{"rendered":"\n<p>L&rsquo;Institut fran\u00e7ais de Slovaquie est situ\u00e9 en plein coeur du centre historique de Bratislava \u00e0 c\u00f4t\u00e9 de la Place principale, dans les locaux du Palais Kutscherfeld, qui abrite \u00e9galement l&rsquo;Ambassade de France. <\/p>\n\n\n<div class=\"space thin\"><\/div>\n\n<\/div><iframe loading=\"lazy\" src=\"https:\/\/www.google.com\/maps\/embed?pb=!1m18!1m12!1m3!1d2662.2735746915087!2d17.10532635165492!3d48.14353077912193!2m3!1f0!2f0!3f0!3m2!1i1024!2i768!4f13.1!3m3!1m2!1s0x476c8942d3867d0f%3A0xf92cfa7be90ee73!2zRnJhbmPDunpza3kgaW7FoXRpdMO6dA!5e0!3m2!1ssk!2ssk!4v1575902399794!5m2!1ssk!2ssk\" width=\"100%\" height=\"558\" frameborder=\"0\" class=\"gmap-iframe\" allowfullscreen=\"\"><\/iframe><div class=\"wrap narrow-wrap\">\n\n<div class=\"space thick\"><\/div>\n\n\n<h2 class=\"wp-block-heading\">Contacts \/notre \u00e9quipe<\/h2>\n\n\n\n<h3 class=\"wp-block-heading\">Direction<\/h3>\n\n\n\n<h4 class=\"wp-block-heading\">Olivier Favry<\/h4>\n\n\n\n<p>Directeur et Conseiller de Coop\u00e9ration et d\u2019Action Culturelle <\/p>\n\n\n\n<h4 class=\"wp-block-heading\">Lucia Litavcov\u00e1<\/h4>\n\n\n\n<p>Assistante de directeur <\/p>\n\n\n\n<p><a href=\"mailto:lucia.litavcova@institutfrancais.sk\">lucia.litavcova@institutfrancais.sk<\/a> \/ <a href=\"tel:+421259347705\">+421&nbsp;2&nbsp;59&nbsp;34&nbsp;77&nbsp;05<\/a><\/p>\n\n\n\n<h3 class=\"wp-block-heading\">Administration et ressources humaines <\/h3>\n\n\n\n<h4 class=\"wp-block-heading\">C\u00e9line Balan<\/h4>\n\n\n\n<p>Secr\u00e9taire g\u00e9n\u00e9rale<\/p>\n\n\n\n<p><a href=\"celine.balan@institutfrancais.sk\">celine.balan@institutfrancais.sk<\/a> \/ <a href=\"tel:+421259347720\">+421&nbsp;2&nbsp;59&nbsp;34&nbsp;77&nbsp;20<\/a><\/p>\n\n\n\n<h4 class=\"wp-block-heading\">Tamara Novomesk\u00e1<\/h4>\n\n\n\n<p>Responsable des ressources humaines et du&nbsp;service&nbsp;int\u00e9rieur <\/p>\n\n\n\n<p><a href=\"mailto:tamara.novomeska@institutfrancais.sk\">tamara.novomeska@institutfrancais.sk<\/a> \/ <a href=\"tel:+421259347726\">+421&nbsp;2&nbsp;59&nbsp;34&nbsp;77&nbsp;26<\/a><\/p>\n\n\n\n<h4 class=\"wp-block-heading\">So\u0148a Malatschekov\u00e1 \u010eurecov\u00e1<\/h4>\n\n\n\n<p>Charg\u00e9e d&rsquo;administration et de comptabilit\u00e9 &nbsp;<\/p>\n\n\n\n<p><a href=\"mailto:sona.malatschekova@institutfrancais.sk\">sona.malatschekova@institutfrancais.sk<\/a> \/ <a href=\"tel:+421259347725\">+421&nbsp;2&nbsp;59&nbsp;34&nbsp;77&nbsp;25<\/a><\/p>\n\n\n\n<h3 class=\"wp-block-heading\">Communication <\/h3>\n\n\n\n<h4 class=\"wp-block-heading\">Silvia Litva Pol\u00e1k <\/h4>\n\n\n\n<p> Charg\u00e9e de mission communication, marketing et partenariat <\/p>\n\n\n\n<p><a href=\"silvia.litva@institutfrancais.sk\">silvia.litva@institutfrancais.sk<\/a> \/ <a href=\"tel:+421259347711\">+421&nbsp;2&nbsp;59&nbsp;34&nbsp;77&nbsp;11<\/a><\/p>\n\n\n\n<h3 class=\"wp-block-heading\">Coop\u00e9ration \u00e9ducative et linguistique &nbsp;<\/h3>\n\n\n\n<h4 class=\"wp-block-heading\">Patrick Maulon<\/h4>\n\n\n\n<p>Attach\u00e9 de coop\u00e9ration \u00e9ducative <\/p>\n\n\n\n<p><a href=\"patrick.maulon@institutfrancais.sk\">patrick.maulon@institutfrancais.sk<\/a> \/ <a href=\"https:\/\/institutfrancais.sk\/wp-admin\/post.php?post=222&amp;action=edit#\">+421&nbsp;2&nbsp;59&nbsp;34&nbsp;77&nbsp;30<\/a><\/p>\n\n\n\n<h4 class=\"wp-block-heading\">Dagmar Hamarov\u00e1<\/h4>\n\n\n\n<p>Assistante <\/p>\n\n\n\n<p><a href=\"mailto:dagmar.hamarova@institutfrancais.sk\">dagmar.hamarova@institutfrancais.sk<\/a> \/ <a href=\"tel:+421259347735\">+421&nbsp;2&nbsp;59&nbsp;34&nbsp;77&nbsp;35<\/a><\/p>\n\n\n\n<h4 class=\"wp-block-heading\">Victor Carpentier-Verdeaux<\/h4>\n\n\n\n<p>Charg\u00e9 de mission linguistique et \u00e9ducative<\/p>\n\n\n\n<p><a href=\"mailto:laure.biotteau@institutfrancais.sk\"><\/a><a href=\"mailto:victor.carpentier-verdeaux@institutfrancais.sk\"><a href=\"mailto:victor.carpentier-verdeaux@institutfrancais.sk\">victor.carpentier-verdeaux@institutfrancais.sk<\/a><\/a> \/ <a href=\"tel:+421259347732\">+421&nbsp;2&nbsp;59&nbsp;34&nbsp;77&nbsp;32<\/a><\/p>\n\n\n\n<h3 class=\"wp-block-heading\">Service des cours <\/h3>\n\n\n\n<h4 class=\"wp-block-heading\">Gabriela Mrocekov\u00e1<\/h4>\n\n\n\n<p>Directrice du Service des cours &nbsp;<\/p>\n\n\n\n<p><a href=\"mailto:gabriela.mrocekova@institutfrancais.sk\">gabriela.mrocekova@institutfrancais.sk<\/a> \/ <a href=\"tel:+42125934 7715\">+421&nbsp;2&nbsp;59&nbsp;34&nbsp;77&nbsp;15<\/a><\/p>\n\n\n\n<h4 class=\"wp-block-heading\">\u013dubom\u00edr Varga<\/h4>\n\n\n\n<p>Assistant du Service des cours<\/p>\n\n\n\n<p><a href=\"mailto:lubomir.varga@institutfrancais.sk\">lubomir.varga@institutfrancais.sk<\/a> \/ <a href=\"tel:+421259347762\">+421&nbsp;2&nbsp;59&nbsp;34&nbsp;77&nbsp;62<\/a><\/p>\n\n\n\n<h4 class=\"wp-block-heading\">Linda Danayov\u00e1<\/h4>\n\n\n\n<p>Assistante du Service des cours<\/p>\n\n\n\n<p><a href=\"mailto:linda.danayova@institutfrancais.sk\">linda.danayova@institutfrancais.sk<\/a> \/ <a href=\"tel:+421259347736\">+421&nbsp;2&nbsp;59&nbsp;34&nbsp;77&nbsp;36 <\/a><\/p>\n\n\n\n<h3 class=\"wp-block-heading\">Coop\u00e9ration scientifique et universitaire <\/h3>\n\n\n\n<h4 class=\"wp-block-heading\">Thomas Perrin<\/h4>\n\n\n\n<p>Attach\u00e9 de coop\u00e9ration scientifique et universitaire <\/p>\n\n\n\n<p><a href=\"mailto:yan.pautrat@diplomatie.gouv.fr\"><\/a><a href=\"mailto:thomas-tj.perrin@diplomatie.gouv.fr\">thomas-tj.perrin@diplomatie.gouv.fr<\/a> \/ <a class=\"ready\" onclick=\"return false;\" href=\"#\">+421&nbsp;2&nbsp;59&nbsp;34&nbsp;77&nbsp;50<\/a><\/p>\n\n\n\n<h4 class=\"wp-block-heading\">Martina Saganov\u00e1<\/h4>\n\n\n\n<p> Charg\u00e9e des \u00e9changes universitaires <\/p>\n\n\n\n<p><a href=\"mailto:martina.saganova@diplomatie.gouv.fr\">martina.saganova@diplomatie.gouv.fr<\/a> \/ <a class=\"ready\" onclick=\"return false;\" href=\"#\">+421&nbsp;2&nbsp;59&nbsp;34&nbsp;77&nbsp;41<\/a><\/p>\n\n\n\n<h3 class=\"wp-block-heading\">Coop\u00e9ration culturelle <\/h3>\n\n\n\n<h4 class=\"wp-block-heading\">Milo\u0161 Stankoviansky<\/h4>\n\n\n\n<p>Charg\u00e9 de mission manifestations culturelles &nbsp;<\/p>\n\n\n\n<p><a href=\"mailto:milos.stankoviansky@institutfrancais.sk\">milos.stankoviansky@institutfrancais.sk<\/a> \/ <a href=\"tel:+421259347713\">+421&nbsp;2&nbsp;59&nbsp;34&nbsp;77&nbsp;13<\/a><\/p>\n\n\n\n<h4 class=\"wp-block-heading\">Anne Ridao-Tardif<\/h4>\n\n\n\n<p>Charg\u00e9e de mission culturelle <\/p>\n\n\n\n<p><a href=\"mailto: anne.ridao-tardif@institutfrancais.sk\">anne.ridao-tardif@institutfrancais.sk<\/a> \/ <a href=\"tel:+421259347710\">+421&nbsp;2&nbsp;59&nbsp;34&nbsp;77&nbsp;10<\/a><\/p>\n\n\n\n<h3 class=\"wp-block-heading\">M\u00e9diath\u00e8que <\/h3>\n\n\n\n<h4 class=\"wp-block-heading\">J\u00e1n Kov\u00e1\u010d<\/h4>\n\n\n\n<p>M\u00e9diath\u00e9caire<\/p>\n\n\n\n<p><a href=\"mailto:biblio@institutfrancais.sk\">biblio@institutfrancais.sk<\/a> \/ <a href=\"tel:+421259347760\">+421&nbsp;2&nbsp;59&nbsp;34&nbsp;77&nbsp;60<\/a><\/p>\n\n\n<div class=\"space lg\"><\/div>\n\n\n<div id=\"horaires-ouverture\"><\/div>\n","protected":false},"excerpt":{"rendered":"<p>L&rsquo;Institut fran\u00e7ais de Slovaquie est situ\u00e9 en plein coeur du centre historique de Bratislava \u00e0 c\u00f4t\u00e9 de la Place principale, dans les locaux du Palais Kutscherfeld, qui abrite \u00e9galement l&rsquo;Ambassade de France. Contacts \/notre \u00e9quipe Direction Olivier Favry Directeur et Conseiller de Coop\u00e9ration et d\u2019Action Culturelle Lucia Litavcov\u00e1 Assistante de directeur lucia.litavcova@institutfrancais.sk \/ +421&nbsp;2&nbsp;59&nbsp;34&nbsp;77&nbsp;05 Administration [&hellip;]<\/p>\n","protected":false},"author":1,"featured_media":924,"parent":0,"menu_order":0,"comment_status":"closed","ping_status":"closed","template":"template-contact.php","meta":{"_acf_changed":false,"footnotes":""},"acf":[],"yoast_head":"<!-- This site is optimized with the Yoast SEO plugin v24.5 - https:\/\/yoast.com\/wordpress\/plugins\/seo\/ -->\n<title>Contact - Franc\u00fazsky in\u0161tit\u00fat na Slovensku<\/title>\n<meta name=\"description\" content=\"L&#039;Institut fran\u00e7ais de Slovaquie est situ\u00e9 en plein coeur du centre historique de Bratislava \u00e0 c\u00f4t\u00e9 de la Place principale.\" \/>\n<meta name=\"robots\" content=\"index, follow, max-snippet:-1, max-image-preview:large, max-video-preview:-1\" \/>\n<link rel=\"canonical\" href=\"https:\/\/institutfrancais.sk\/fr\/contact\/\" \/>\n<meta property=\"og:locale\" content=\"fr_FR\" \/>\n<meta property=\"og:type\" content=\"article\" \/>\n<meta property=\"og:title\" content=\"Contact - Franc\u00fazsky in\u0161tit\u00fat na Slovensku\" \/>\n<meta property=\"og:description\" content=\"L&#039;Institut fran\u00e7ais de Slovaquie est situ\u00e9 en plein coeur du centre historique de Bratislava \u00e0 c\u00f4t\u00e9 de la Place principale.\" \/>\n<meta property=\"og:url\" content=\"https:\/\/institutfrancais.sk\/fr\/contact\/\" \/>\n<meta property=\"og:site_name\" content=\"Franc\u00fazsky in\u0161tit\u00fat na Slovensku\" \/>\n<meta property=\"article:modified_time\" content=\"2026-04-08T13:18:51+00:00\" \/>\n<meta property=\"og:image\" content=\"https:\/\/institutfrancais.sk\/wp-content\/uploads\/2019\/12\/kontakt.jpg\" \/>\n\t<meta property=\"og:image:width\" content=\"774\" \/>\n\t<meta property=\"og:image:height\" content=\"451\" \/>\n\t<meta property=\"og:image:type\" content=\"image\/jpeg\" \/>\n<meta name=\"twitter:card\" content=\"summary_large_image\" \/>\n<meta name=\"twitter:label1\" content=\"Dur\u00e9e de lecture estim\u00e9e\" \/>\n\t<meta name=\"twitter:data1\" content=\"2 minutes\" \/>\n<script type=\"application\/ld+json\" class=\"yoast-schema-graph\">{\"@context\":\"https:\/\/schema.org\",\"@graph\":[{\"@type\":\"WebPage\",\"@id\":\"https:\/\/institutfrancais.sk\/fr\/contact\/\",\"url\":\"https:\/\/institutfrancais.sk\/fr\/contact\/\",\"name\":\"Contact - Franc\u00fazsky in\u0161tit\u00fat na Slovensku\",\"isPartOf\":{\"@id\":\"https:\/\/institutfrancais.sk\/fr\/#website\"},\"primaryImageOfPage\":{\"@id\":\"https:\/\/institutfrancais.sk\/fr\/contact\/#primaryimage\"},\"image\":{\"@id\":\"https:\/\/institutfrancais.sk\/fr\/contact\/#primaryimage\"},\"thumbnailUrl\":\"https:\/\/institutfrancais.sk\/wp-content\/uploads\/2019\/12\/kontakt.jpg\",\"datePublished\":\"2019-12-09T13:29:37+00:00\",\"dateModified\":\"2026-04-08T13:18:51+00:00\",\"description\":\"L'Institut fran\u00e7ais de Slovaquie est situ\u00e9 en plein coeur du centre historique de Bratislava \u00e0 c\u00f4t\u00e9 de la Place principale.\",\"breadcrumb\":{\"@id\":\"https:\/\/institutfrancais.sk\/fr\/contact\/#breadcrumb\"},\"inLanguage\":\"fr-FR\",\"potentialAction\":[{\"@type\":\"ReadAction\",\"target\":[\"https:\/\/institutfrancais.sk\/fr\/contact\/\"]}]},{\"@type\":\"ImageObject\",\"inLanguage\":\"fr-FR\",\"@id\":\"https:\/\/institutfrancais.sk\/fr\/contact\/#primaryimage\",\"url\":\"https:\/\/institutfrancais.sk\/wp-content\/uploads\/2019\/12\/kontakt.jpg\",\"contentUrl\":\"https:\/\/institutfrancais.sk\/wp-content\/uploads\/2019\/12\/kontakt.jpg\",\"width\":774,\"height\":451},{\"@type\":\"BreadcrumbList\",\"@id\":\"https:\/\/institutfrancais.sk\/fr\/contact\/#breadcrumb\",\"itemListElement\":[{\"@type\":\"ListItem\",\"position\":1,\"name\":\"Home\",\"item\":\"https:\/\/institutfrancais.sk\/fr\/\"},{\"@type\":\"ListItem\",\"position\":2,\"name\":\"Contact\"}]},{\"@type\":\"WebSite\",\"@id\":\"https:\/\/institutfrancais.sk\/fr\/#website\",\"url\":\"https:\/\/institutfrancais.sk\/fr\/\",\"name\":\"Franc\u00fazsky in\u0161tit\u00fat na Slovensku\",\"description\":\"Franc\u00fazsky in\u0161tit\u00fat na Slovensku\",\"potentialAction\":[{\"@type\":\"SearchAction\",\"target\":{\"@type\":\"EntryPoint\",\"urlTemplate\":\"https:\/\/institutfrancais.sk\/fr\/?s={search_term_string}\"},\"query-input\":{\"@type\":\"PropertyValueSpecification\",\"valueRequired\":true,\"valueName\":\"search_term_string\"}}],\"inLanguage\":\"fr-FR\"}]}<\/script>\n<!-- \/ Yoast SEO plugin. -->","yoast_head_json":{"title":"Contact - Franc\u00fazsky in\u0161tit\u00fat na Slovensku","description":"L'Institut fran\u00e7ais de Slovaquie est situ\u00e9 en plein coeur du centre historique de Bratislava \u00e0 c\u00f4t\u00e9 de la Place principale.","robots":{"index":"index","follow":"follow","max-snippet":"max-snippet:-1","max-image-preview":"max-image-preview:large","max-video-preview":"max-video-preview:-1"},"canonical":"https:\/\/institutfrancais.sk\/fr\/contact\/","og_locale":"fr_FR","og_type":"article","og_title":"Contact - Franc\u00fazsky in\u0161tit\u00fat na Slovensku","og_description":"L'Institut fran\u00e7ais de Slovaquie est situ\u00e9 en plein coeur du centre historique de Bratislava \u00e0 c\u00f4t\u00e9 de la Place principale.","og_url":"https:\/\/institutfrancais.sk\/fr\/contact\/","og_site_name":"Franc\u00fazsky in\u0161tit\u00fat na Slovensku","article_modified_time":"2026-04-08T13:18:51+00:00","og_image":[{"width":774,"height":451,"url":"https:\/\/institutfrancais.sk\/wp-content\/uploads\/2019\/12\/kontakt.jpg","type":"image\/jpeg"}],"twitter_card":"summary_large_image","twitter_misc":{"Dur\u00e9e de lecture estim\u00e9e":"2 minutes"},"schema":{"@context":"https:\/\/schema.org","@graph":[{"@type":"WebPage","@id":"https:\/\/institutfrancais.sk\/fr\/contact\/","url":"https:\/\/institutfrancais.sk\/fr\/contact\/","name":"Contact - Franc\u00fazsky in\u0161tit\u00fat na Slovensku","isPartOf":{"@id":"https:\/\/institutfrancais.sk\/fr\/#website"},"primaryImageOfPage":{"@id":"https:\/\/institutfrancais.sk\/fr\/contact\/#primaryimage"},"image":{"@id":"https:\/\/institutfrancais.sk\/fr\/contact\/#primaryimage"},"thumbnailUrl":"https:\/\/institutfrancais.sk\/wp-content\/uploads\/2019\/12\/kontakt.jpg","datePublished":"2019-12-09T13:29:37+00:00","dateModified":"2026-04-08T13:18:51+00:00","description":"L'Institut fran\u00e7ais de Slovaquie est situ\u00e9 en plein coeur du centre historique de Bratislava \u00e0 c\u00f4t\u00e9 de la Place principale.","breadcrumb":{"@id":"https:\/\/institutfrancais.sk\/fr\/contact\/#breadcrumb"},"inLanguage":"fr-FR","potentialAction":[{"@type":"ReadAction","target":["https:\/\/institutfrancais.sk\/fr\/contact\/"]}]},{"@type":"ImageObject","inLanguage":"fr-FR","@id":"https:\/\/institutfrancais.sk\/fr\/contact\/#primaryimage","url":"https:\/\/institutfrancais.sk\/wp-content\/uploads\/2019\/12\/kontakt.jpg","contentUrl":"https:\/\/institutfrancais.sk\/wp-content\/uploads\/2019\/12\/kontakt.jpg","width":774,"height":451},{"@type":"BreadcrumbList","@id":"https:\/\/institutfrancais.sk\/fr\/contact\/#breadcrumb","itemListElement":[{"@type":"ListItem","position":1,"name":"Home","item":"https:\/\/institutfrancais.sk\/fr\/"},{"@type":"ListItem","position":2,"name":"Contact"}]},{"@type":"WebSite","@id":"https:\/\/institutfrancais.sk\/fr\/#website","url":"https:\/\/institutfrancais.sk\/fr\/","name":"Franc\u00fazsky in\u0161tit\u00fat na Slovensku","description":"Franc\u00fazsky in\u0161tit\u00fat na Slovensku","potentialAction":[{"@type":"SearchAction","target":{"@type":"EntryPoint","urlTemplate":"https:\/\/institutfrancais.sk\/fr\/?s={search_term_string}"},"query-input":{"@type":"PropertyValueSpecification","valueRequired":true,"valueName":"search_term_string"}}],"inLanguage":"fr-FR"}]}},"_links":{"self":[{"href":"https:\/\/institutfrancais.sk\/fr\/wp-json\/wp\/v2\/pages\/2077"}],"collection":[{"href":"https:\/\/institutfrancais.sk\/fr\/wp-json\/wp\/v2\/pages"}],"about":[{"href":"https:\/\/institutfrancais.sk\/fr\/wp-json\/wp\/v2\/types\/page"}],"author":[{"embeddable":true,"href":"https:\/\/institutfrancais.sk\/fr\/wp-json\/wp\/v2\/users\/1"}],"replies":[{"embeddable":true,"href":"https:\/\/institutfrancais.sk\/fr\/wp-json\/wp\/v2\/comments?post=2077"}],"version-history":[{"count":10,"href":"https:\/\/institutfrancais.sk\/fr\/wp-json\/wp\/v2\/pages\/2077\/revisions"}],"predecessor-version":[{"id":39309,"href":"https:\/\/institutfrancais.sk\/fr\/wp-json\/wp\/v2\/pages\/2077\/revisions\/39309"}],"wp:featuredmedia":[{"embeddable":true,"href":"https:\/\/institutfrancais.sk\/fr\/wp-json\/wp\/v2\/media\/924"}],"wp:attachment":[{"href":"https:\/\/institutfrancais.sk\/fr\/wp-json\/wp\/v2\/media?parent=2077"}],"curies":[{"name":"wp","href":"https:\/\/api.w.org\/{rel}","templated":true}]}}