{"id":25788,"date":"2023-02-17T17:07:38","date_gmt":"2023-02-17T16:07:38","guid":{"rendered":"https:\/\/institutfrancais.sk\/?page_id=25788"},"modified":"2023-03-22T16:17:39","modified_gmt":"2023-03-22T15:17:39","slug":"journees-de-la-francophonie-2023","status":"publish","type":"page","link":"https:\/\/institutfrancais.sk\/fr\/journees-de-la-francophonie-2023\/","title":{"rendered":"Journ\u00e9es de la Francophonie 2023"},"content":{"rendered":"\n<h2 class=\"wp-block-heading\">Des Journ\u00e9es pour \u00ab&nbsp;D\u00e9passer les fronti\u00e8res&nbsp;\u00bb<\/h2>\n\n\n\n<p>Les Journ\u00e9es de la Francophonie 2023 inviteront le grand public, les publics scolaire et universitaire, \u00e0 \u00ab&nbsp;D\u00e9passer les fronti\u00e8res&nbsp;\u00bb. La Francophonie, langue partag\u00e9e par <strong>300 millions de locuteurs \/ locutrices<\/strong> \u00e0 travers le monde, sur les cinq continents, est en constante \u00e9volution. L\u2019\u00e9dition 2023 illustrera cette diversit\u00e9&nbsp;en Slovaquie par des \u00e9v\u00e8nements culturels et linguistiques (en d\u00e9passant les fronti\u00e8res de la vari\u00e9t\u00e9&nbsp;!), en pr\u00e9sentiel et en ligne (en d\u00e9passant les fronti\u00e8res g\u00e9ographiques&nbsp;!), et gr\u00e2ce \u00e0 des temps forts d\u00e9di\u00e9s pour chaque type de public (en d\u00e9passant les fronti\u00e8res de l\u2019\u00e2ge pour le grand public&nbsp;!), la Francophonie r\u00e9sonnera \u00e0 travers toute la Slovaquie et chacun sera le\/la bienvenu(e) !<\/p>\n\n\n<div class=\"space sm\"><\/div>\n\n\n<h2 class=\"wp-block-heading\"> Les Journ\u00e9es de la Francophonie \u00e0 Bratislava<\/h2>\n\n\n\n<p>D\u2019ampleur nationale, rayonnant \u00e0 travers toute la Slovaquie, l\u2019\u00e9dition 2023 f\u00e9d\u00e8re les ami(e)s de la langue fran\u00e7aise et des cultures francophones en vous proposant un programme riche et vari\u00e9, \u00e0 l\u2019image de la Francophonie&nbsp;: <strong>exposition, rencontres litt\u00e9raires, concert, concours, th\u00e9\u00e2tre, cin\u00e9ma <\/strong>\u2026 autant d\u2019occasions de \u00ab&nbsp;D\u00e9passer les fronti\u00e8res&nbsp;\u00bb autour des valeurs communes qui animeront ces Journ\u00e9es&nbsp;: partage, d\u00e9couverte, diversit\u00e9. Les \u00e9v\u00e8nements de Journ\u00e9es de la Francophonie, dont la plupart est <strong>gratuite et ouverte \u00e0 toutes et tous<\/strong>, raviront les passionn\u00e9(e)s francophiles&nbsp;!<\/p>\n\n\n<\/div><div class=\"lines-bg lines-bg-threeleft-g\"><div class=\"lines-bg lines-bg-absolute lines-bg-oneright-g\"><\/div><div class=\"wrap\"><div class=\"events articles-events\"><div class=\"row\"><div class=\"col-md-6 col-lg-4\"><a href=\"https:\/\/institutfrancais.sk\/fr\/podujatie\/soiree-litteraire-les-boulevars-de-ceinture-50-ans-patrick-modiano\/\" class=\"event \"><div class=\"bg\"><div class=\"bghdn\"><div class=\"img\" style=\"background-image:url(https:\/\/institutfrancais.sk\/wp-content\/uploads\/2023\/02\/Modiano-P-c-Jacques-Robert-1-1024x887.jpg)\"><\/div><\/div><span class=\"type\">litt\u00e9rature<\/span><\/div><div class=\"content\"><div class=\"meta\"><strong class=\"color-green\">8.3.<\/strong> | <span class=\"color-black\">18:00<\/span><\/div><h3>Soir\u00e9e litt\u00e9raire : Les Boulevards de ceinture ou 50 ans avec Patrick Modiano<\/h3><\/div><\/a><\/div><div class=\"col-md-6 col-lg-4\"><a href=\"https:\/\/institutfrancais.sk\/fr\/podujatie\/piece-de-theatre-lavare-de-moliere\/\" class=\"event \"><div class=\"bg\"><div class=\"bghdn\"><div class=\"img\" style=\"background-image:url(https:\/\/institutfrancais.sk\/wp-content\/uploads\/2023\/02\/Ateliers-francais-Avare-Affiche-1024x551.png)\"><\/div><\/div><span class=\"type\">th\u00e9\u00e2tre<\/span><\/div><div class=\"content\"><div class=\"meta\"><strong class=\"color-green\">20.3.<\/strong> | <span class=\"color-black\">19:00<\/span><\/div><h3>Pi\u00e8ce de th\u00e9\u00e2tre : L&rsquo;Avare de Moli\u00e8re<\/h3><\/div><\/a><\/div><div class=\"col-md-6 col-lg-4\"><a href=\"https:\/\/institutfrancais.sk\/fr\/podujatie\/exposition-leger-comme-une-plume-de-katarina-vavrova\/\" class=\"event \"><div class=\"bg\"><div class=\"bghdn\"><div class=\"img\" style=\"background-image:url(https:\/\/institutfrancais.sk\/wp-content\/uploads\/2023\/02\/DIGITAL-1-1024x640.png)\"><\/div><\/div><span class=\"type\">exposition<\/span><\/div><div class=\"content\"><div class=\"meta\"><strong class=\"color-green\">22.3. &#8211;&nbsp;9.5.<\/strong><\/div><h3>Exposition \u00ab\u00a0L\u00e9ger comme une plume\u00a0\u00bb de Katar\u00edna Vavrov\u00e1<\/h3><\/div><\/a><\/div><div class=\"col-md-6 col-lg-4\"><a href=\"https:\/\/institutfrancais.sk\/fr\/podujatie\/par-coeur-spectacle-et-apprentissage-dun-poeme-ensemble\/\" class=\"event \"><div class=\"bg\"><div class=\"bghdn\"><div class=\"img\" style=\"background-image:url(https:\/\/institutfrancais.sk\/wp-content\/uploads\/2023\/02\/TheatraBratislava-Shakespeare-PEXELS-1024x828.jpg)\"><\/div><\/div><span class=\"type\">th\u00e9\u00e2tre<\/span><\/div><div class=\"content\"><div class=\"meta\"><strong class=\"color-green\">23.3.<\/strong> | <span class=\"color-black\">19:30<\/span><\/div><h3>Par Coeur : Spectacle et Apprentissage d&rsquo;un po\u00e8me ensemble<\/h3><\/div><\/a><\/div><div class=\"col-md-6 col-lg-4\"><a href=\"https:\/\/institutfrancais.sk\/fr\/podujatie\/journee-portes-ouvertes-ouverture-de-la-mediatheque\/\" class=\"event \"><div class=\"bg\"><div class=\"bghdn\"><div class=\"img\" style=\"background-image:url(https:\/\/institutfrancais.sk\/wp-content\/uploads\/2023\/02\/IFS-Journee-Portes-Ouvertes-1024x805.jpg)\"><\/div><\/div><span class=\"type\">rencontre<\/span><\/div><div class=\"content\"><div class=\"meta\"><strong class=\"color-green\">25.3.<\/strong> | <span class=\"color-black\">09:30<\/span><\/div><h3>Journ\u00e9e Portes Ouvertes : Ouverture de la m\u00e9diath\u00e8que<\/h3><\/div><\/a><\/div><div class=\"col-md-6 col-lg-4\"><a href=\"https:\/\/institutfrancais.sk\/fr\/podujatie\/projection-de-film-au-revoir-le-bonheur\/\" class=\"event \"><div class=\"bg\"><div class=\"bghdn\"><div class=\"img\" style=\"background-image:url(https:\/\/institutfrancais.sk\/wp-content\/uploads\/2023\/02\/Canada-Au-revoir-le-bonheur-1-1024x536.jpg)\"><\/div><\/div><span class=\"type\">cin\u00e9ma\/film<\/span><\/div><div class=\"content\"><div class=\"meta\"><strong class=\"color-green\">30.3.<\/strong> | <span class=\"color-black\">18:30<\/span><\/div><h3>Projection de film : Au Revoir le Bonheur<\/h3><\/div><\/a><\/div><div class=\"col-md-6 col-lg-4\"><a href=\"https:\/\/institutfrancais.sk\/fr\/podujatie\/concert-de-jazz-trio-europeen-sous-la-conduite-de-gueorgui-kornazov\/\" class=\"event \"><div class=\"bg\"><div class=\"bghdn\"><div class=\"img\" style=\"background-image:url(https:\/\/institutfrancais.sk\/wp-content\/uploads\/2023\/02\/Bulgarie-\u00a9-2015-Gueorgui-Kornazov.jpg)\"><\/div><\/div><span class=\"type\">musique<\/span><\/div><div class=\"content\"><div class=\"meta\"><strong class=\"color-green\">30.3.<\/strong> | <span class=\"color-black\">19:30<\/span><\/div><h3>Concert de jazz: Trio europ\u00e9en sous la conduite de Gueorgui Kornazov<\/h3><\/div><\/a><\/div><div class=\"col-md-6 col-lg-4\"><a href=\"https:\/\/institutfrancais.sk\/fr\/podujatie\/projection-de-film-le-reste-est-silence\/\" class=\"event \"><div class=\"bg\"><div class=\"bghdn\"><div class=\"img\" style=\"background-image:url(https:\/\/institutfrancais.sk\/wp-content\/uploads\/2023\/03\/Roumanie-film-1024x974.jpg)\"><\/div><\/div><span class=\"type\">cin\u00e9ma\/film<\/span><\/div><div class=\"content\"><div class=\"meta\"><strong class=\"color-green\">13.4.<\/strong> | <span class=\"color-black\">18:00<\/span><\/div><h3>Projection de film : Le reste est silence<\/h3><\/div><\/a><\/div><div class=\"col-md-6 col-lg-4\"><a href=\"https:\/\/institutfrancais.sk\/fr\/podujatie\/les-auteurs-suisses-yusuf-yesiloz-et-noelle-revaz-en-tournee-en-slovaquie\/\" class=\"event \"><div class=\"bg\"><div class=\"bghdn\"><div class=\"img\" style=\"background-image:url(https:\/\/institutfrancais.sk\/wp-content\/uploads\/2023\/02\/Suisse-Noelle-Revaz-et-Yesiloez-Yusuf-1-1024x576.png)\"><\/div><\/div><span class=\"type\">litt\u00e9rature<\/span><\/div><div class=\"content\"><div class=\"meta\"><strong class=\"color-green\">17.4. &#8211;&nbsp;20.4.<\/strong><\/div><h3>Les auteurs suisses Yusuf Ye\u015fil\u00f6z et No\u00eblle Revaz en tourn\u00e9e en Slovaquie<\/h3><\/div><\/a><\/div><div class=\"col-md-6 col-lg-4\"><a href=\"https:\/\/institutfrancais.sk\/fr\/podujatie\/demi-finale-du-concours-de-la-chanson-francophone-spievam-po-francuzsky-2023\/\" class=\"event \"><div class=\"bg\"><div class=\"bghdn\"><div class=\"img\" style=\"background-image:url(https:\/\/institutfrancais.sk\/wp-content\/uploads\/2023\/02\/SPF-2023-banner-1024x576.png)\"><\/div><\/div><span class=\"type\">musique<\/span><\/div><div class=\"content\"><div class=\"meta\"><strong class=\"color-green\">18.4.<\/strong> | <span class=\"color-black\">10:30<\/span><\/div><h3>Demi-finale du concours de la chanson francophone \u00ab\u00a0Spievam po&nbsp;franc\u00fazsky\u00a0\u00bb 2023<\/h3><\/div><\/a><\/div><\/div><\/div><\/div><\/div><div class=\"wrap narrow-wrap\">\n\n\n<p><em>Programme sous r\u00e9serve de modifications<\/em><\/p>\n\n\n<div class=\"space sm\"><\/div>\n\n\n<h2 class=\"wp-block-heading\">Les Journ\u00e9es de la Francophonie avec les Alliances Fran\u00e7aises <\/h2>\n\n\n<div class=\"accordion-menu\"><a href=\"#a1-\" class=\"smooth\"><\/a><\/div><div class=\"accordion\" id=\"a627\"><div class=\"card\"><div class=\"card-header\" id=\"ha627_1\"><h3 class=\"card-opener\"><button class=\"collapsed\" type=\"button\" data-toggle=\"collapse\" data-target=\"#ca627_1\" aria-expanded=\"true\" aria-controls=\"ca627_1\">Rendez-vous \u00e0 Bansk\u00e1 Bystrica<span class=\"plus\"><svg viewBox=\"0 0 29 29\" xmlns=\"http:\/\/www.w3.org\/2000\/svg\"><path d=\"M28.2857 12.9286V16.7857C28.2857 17.3214 28.0982 17.7768 27.7232 18.1518C27.3482 18.5268 26.8929 18.7143 26.3571 18.7143H18V27.0714C18 27.6071 17.8125 28.0625 17.4375 28.4375C17.0625 28.8125 16.6071 29 16.0714 29H12.2143C11.6786 29 11.2232 28.8125 10.8482 28.4375C10.4732 28.0625 10.2857 27.6071 10.2857 27.0714V18.7143H1.92857C1.39286 18.7143 0.9375 18.5268 0.5625 18.1518C0.1875 17.7768 0 17.3214 0 16.7857V12.9286C0 12.3929 0.1875 11.9375 0.5625 11.5625C0.9375 11.1875 1.39286 11 1.92857 11H10.2857V2.64286C10.2857 2.10714 10.4732 1.65178 10.8482 1.27678C11.2232 0.901784 11.6786 0.714284 12.2143 0.714284H16.0714C16.6071 0.714284 17.0625 0.901784 17.4375 1.27678C17.8125 1.65178 18 2.10714 18 2.64286V11H26.3571C26.8929 11 27.3482 11.1875 27.7232 11.5625C28.0982 11.9375 28.2857 12.3929 28.2857 12.9286Z\"><\/svg><\/span><span class=\"minus\"><svg viewBox=\"0 0 29 8\" xmlns=\"http:\/\/www.w3.org\/2000\/svg\"><path d=\"M28.2857 1.92857V5.78571C28.2857 6.32143 28.0982 6.77679 27.7232 7.15179C27.3482 7.52679 26.8929 7.71429 26.3571 7.71429H1.92857C1.39286 7.71429 0.9375 7.52679 0.5625 7.15179C0.1875 6.77679 0 6.32143 0 5.78571V1.92857C0 1.39286 0.1875 0.937499 0.5625 0.562499C0.9375 0.1875 1.39286 0 1.92857 0H26.3571C26.8929 0 27.3482 0.1875 27.7232 0.562499C28.0982 0.937499 28.2857 1.39286 28.2857 1.92857Z\"><\/svg><\/span><\/button><\/h3><\/div><div id=\"ca627_1\" class=\"collapse\" aria-labelledby=\"ha627_1\" data-parent=\"#a627\"><div class=\"card-body\"><h4><strong>6 mars 2023 \u00e0 19h30 : Projection de la com\u00e9die fran\u00e7aise \u00ab\u00a0Maison de retraite\u00a0\u00bb<br \/>\n<\/strong><\/h4>\n<p>Cin\u00e9club \/ <em>M\u00fazeum SNP, Kapitulsk\u00e1 23, Bansk\u00e1 Bystrica<\/em><\/p>\n<h4><strong>11 mars 2023 \u00e0 18h : Concert Vivat vox organi &#8211;&nbsp;L&rsquo;heure sacr\u00e9e<\/strong><\/h4>\n<p>Krist\u00edna Such\u00e1 (chant) \/ Mat\u00fa\u0161 Kucbel (orgues, ancien vainqueur du Concours Spievam po&nbsp;franc\u00fazsky). \/ <em>Eglise \u00e9vang\u00e9lique, rue Lazovn\u00e1, Bansk\u00e1 Bystrica<\/em><\/p>\n<h4><strong>13 mars 2023 \u00e0 13h : KvizKids vol.11<\/strong><\/h4>\n<p>Les enfants testeront leurs connaissances sur les th\u00e8mes : Fromage, Fronti\u00e8res et Guitare. QuizKids est organis\u00e9 par l&rsquo;Alliance Fran\u00e7aise pour la 11\u00e8me fois en langue franco-slovaque, la limite d&rsquo;\u00e2ge est fix\u00e9e \u00e0 14 ans. Inscription : <a href=\"mailto:directionbb@afsk.sk\">directionbb@afsk.sk <\/a>\/ <em>Biblioth\u00e8que nationale des sciences, Lazovn\u00e1 9, Bansk\u00e1 Bystrica<\/em><\/p>\n<h4><strong>15 mars &#8211;&nbsp;5 mai 2023 : Exposition de peintures \u00ab\u00a0Haute-Normandie\u00a0\u00bb\u00a0<\/strong><\/h4>\n<p>\u00ab\u00a0Haute-Normandie\u00a0\u00bb, la partie sup\u00e9rieure de la r\u00e9gion fran\u00e7aise de Normandie est artistiquement pr\u00e9sent\u00e9e dans les peintures de Hedviga Dermien Luchavov\u00e1. \/ <em>Biblioth\u00e8que nationale des sciences, Lazovn\u00e1 9, Bansk\u00e1 Bystrica<\/em><\/p>\n<h4><strong>24 mars 2023 \u00e0 11h : Demi-finale r\u00e9gionale du concours de la chanson francophone \u00ab\u00a0Spievam po&nbsp;franc\u00fazsky\u00a0\u00bb\u00a0<\/strong><\/h4>\n<p>La demi-finale r\u00e9gionale du concours de la chanson fran\u00e7aise r\u00e9unira de jeunes chanteurs et chanteuses qui vont concourir pour une place en finale nationale en mai prochain. \/ <em>ZU\u0160, Doln\u00fd val 12, \u017dilina\u00a0<\/em><\/p>\n<h4><strong>28 mars 2023 \u00e0 20h : Kviz franco-slovaque vol.17<\/strong><\/h4>\n<p>Pour la 17e fois cons\u00e9cutive, l&rsquo;Alliance Fran\u00e7aise vous donne rendez-vous pour le quiz traditionnel franco-slovaque. Les questions sont pr\u00e9par\u00e9es \u00e0 partir de trois grands domaines : La nouvelle vague, le Qatar et la F\u00f4ret. L&rsquo;inscription des \u00e9quipes se fait \u00e0 l&rsquo;avance. Des prix mat\u00e9riels seront pr\u00e9par\u00e9s pour les gagnants. Inscription : <a href=\"mailto:directionbb@afsk.sk\">directionbb@afsk.sk<\/a> \/ <em>Z\u00e1hrada, Centre de Culture Ind\u00e9pendante, N\u00e1mestie SNP 16, Bansk\u00e1 Bystrica<\/em><\/p>\n<h4><strong>30 mars 2023 \u00e0 18h : FrancoFun vol.16<\/strong><\/h4>\n<p>Les Journ\u00e9es de la Francophonie se cl\u00f4tureront par une soir\u00e9e musicale avec un concert de Dorota Mo\u010dkov\u00e1, qui chantera \u00e9galement des chansons fran\u00e7aises accompagn\u00e9e de ses amies. \/ <em>U Franc\u00faza Jazz Klub 12, Horn\u00e1 12, Bansk\u00e1 Bystrica<\/em><\/p>\n<h4><strong>31 mars &#8211;&nbsp;15 avril 2023 : Exposition de photos \u00ab\u00a0Danse et Paris\u00a0\u00bb &#8211;&nbsp;\u00ab\u00a0Variations sur la danse\u00a0\u00bb<\/strong><\/h4>\n<p>Deux \u00e9tudiants de Bansk\u00e1 Bystrica et de Zvolen nous guideront \u00e0 travers leur aventure de voyage en France captur\u00e9e par une s\u00e9rie de photographies. L&rsquo;exposition s&rsquo;inscrit dans l&rsquo;esprit des \u00ab\u00a0Variations sur la danse\u00a0\u00bb \/ Vernissage de l&rsquo;exposition : le 31 mars 2023. \/ <em>Kaviare\u0148 Poetika, Lazovn\u00e1 16, Bansk\u00e1 Bystrica\u00a0<\/em><\/p>\n<h4><strong>1er avril 2023 (l&rsquo;heure sera pr\u00e9cis\u00e9e) : Randonn\u00e9e francophone<\/strong><\/h4>\n<p>Randonn\u00e9e francophone avec Treklub AFBB dans la r\u00e9gion de Bansk\u00e1 Bystrica. <a href=\"https:\/\/www.facebook.com\/profile.php?id=100008183389161\">Plus d&rsquo;infos<\/a><\/p>\n<h4><strong>1er avril 2023 \u00e0 18h : Diner francophone<\/strong><\/h4>\n<p>Diner francophone avec un menu sp\u00e9cial pr\u00e9par\u00e9 par le Chef Nomade. R\u00e9servations en amont : <a href=\"mailto:directionbb@afsk.sk\">directionbb@afsk.sk<\/a>\u00a0\/ <em>U Franc\u00faza Jazz Klub 12, Horn\u00e1 12, Bansk\u00e1 Bystrica<\/em><\/p>\n<h4><strong>D&rsquo;autres projets :\u00a0<\/strong><\/h4>\n<ul>\n<li>Sketch des 5L (vid\u00e9o) : La classe de 5L de la section bilingue du Lyc\u00e9e Jozef Gregor Tajovsk\u00fd interpr\u00e8tera plusieurs sketchs qui seront film\u00e9s. Retrouvez le meilleur des sketch sur la <a href=\"https:\/\/www.youtube.com\/@alliancefrancaisedebanskab3825\">cha\u00eene YouTube<\/a> de l&rsquo;Alliance Fran\u00e7aise Bansk\u00e1 Bystrica.<\/li>\n<li>Rencontre avec un sportif francophone (interview) : L&rsquo;ancien repr\u00e9sentant slovaque du handball Andrej Petro nous parlera de ses exp\u00e9riences dans le club parisien d&rsquo;Ivry et de sa vie \u00e0 l&rsquo;\u00e9tranger. L&rsquo;interview sera publi\u00e9e sur la\u00a0<a href=\"https:\/\/www.youtube.com\/@alliancefrancaisedebanskab3825\">cha\u00eene YouTube<\/a> de l&rsquo;Alliance Fran\u00e7aise Bansk\u00e1 Bystrica.<\/li>\n<\/ul>\n<h4><strong>Suivez l&rsquo;Alliance Fran\u00e7aise Bansk\u00e1 Bystrica :\u00a0<\/strong><\/h4>\n<ul>\n<li><strong><a href=\"https:\/\/www.afsk.sk\/index.php?lang=sk\">www.afsk.sk<\/a><\/strong><\/li>\n<li><strong><a href=\"https:\/\/www.facebook.com\/af.debanskabystrica\">Facebook\u00a0<\/a><\/strong><\/li>\n<li><strong><a href=\"https:\/\/www.instagram.com\/alliancefrancaisebb\/\">Instagram<\/a><\/strong><\/li>\n<\/ul>\n<\/div><\/div><\/div><div class=\"card\"><div class=\"card-header\" id=\"ha627_2\"><h3 class=\"card-opener\"><button class=\"collapsed\" type=\"button\" data-toggle=\"collapse\" data-target=\"#ca627_2\" aria-expanded=\"true\" aria-controls=\"ca627_2\">Rendez-vous \u00e0 Ko\u0161ice<span class=\"plus\"><svg viewBox=\"0 0 29 29\" xmlns=\"http:\/\/www.w3.org\/2000\/svg\"><path d=\"M28.2857 12.9286V16.7857C28.2857 17.3214 28.0982 17.7768 27.7232 18.1518C27.3482 18.5268 26.8929 18.7143 26.3571 18.7143H18V27.0714C18 27.6071 17.8125 28.0625 17.4375 28.4375C17.0625 28.8125 16.6071 29 16.0714 29H12.2143C11.6786 29 11.2232 28.8125 10.8482 28.4375C10.4732 28.0625 10.2857 27.6071 10.2857 27.0714V18.7143H1.92857C1.39286 18.7143 0.9375 18.5268 0.5625 18.1518C0.1875 17.7768 0 17.3214 0 16.7857V12.9286C0 12.3929 0.1875 11.9375 0.5625 11.5625C0.9375 11.1875 1.39286 11 1.92857 11H10.2857V2.64286C10.2857 2.10714 10.4732 1.65178 10.8482 1.27678C11.2232 0.901784 11.6786 0.714284 12.2143 0.714284H16.0714C16.6071 0.714284 17.0625 0.901784 17.4375 1.27678C17.8125 1.65178 18 2.10714 18 2.64286V11H26.3571C26.8929 11 27.3482 11.1875 27.7232 11.5625C28.0982 11.9375 28.2857 12.3929 28.2857 12.9286Z\"><\/svg><\/span><span class=\"minus\"><svg viewBox=\"0 0 29 8\" xmlns=\"http:\/\/www.w3.org\/2000\/svg\"><path d=\"M28.2857 1.92857V5.78571C28.2857 6.32143 28.0982 6.77679 27.7232 7.15179C27.3482 7.52679 26.8929 7.71429 26.3571 7.71429H1.92857C1.39286 7.71429 0.9375 7.52679 0.5625 7.15179C0.1875 6.77679 0 6.32143 0 5.78571V1.92857C0 1.39286 0.1875 0.937499 0.5625 0.562499C0.9375 0.1875 1.39286 0 1.92857 0H26.3571C26.8929 0 27.3482 0.1875 27.7232 0.562499C28.0982 0.937499 28.2857 1.39286 28.2857 1.92857Z\"><\/svg><\/span><\/button><\/h3><\/div><div id=\"ca627_2\" class=\"collapse\" aria-labelledby=\"ha627_2\" data-parent=\"#a627\"><div class=\"card-body\"><h4><strong>30 mars 2023 : Demi-finale r\u00e9gionale du concours de la chanson francophone \u00ab\u00a0Spievam po&nbsp;franc\u00fazsky\u00a0\u00bb\u00a0<\/strong><\/h4>\n<p>La demi-finale r\u00e9gionale du concours de la chanson fran\u00e7aise r\u00e9unira de jeunes chanteurs et chanteuses qui vont concourir pour une place en finale nationale en mai prochain. \/ <em>GES Club, N\u00e1mestie L. Novomesk\u00e9ho 1443, Ko\u0161ice<\/em><\/p>\n<h4><strong>D&rsquo;autres projets t<\/strong><strong>out au long du mois de mars 2023 :\u00a0<\/strong><\/h4>\n<ul>\n<li>Le jeu concours \u00ab\u00a0La Francophonie en jeux\u00a0\u00bb (2\u00e8me \u00e9dition) va s&rsquo;articuler autour de 5 jeux francophones en pr\u00e9sentiel pour les lyc\u00e9ens du <em>Lyc\u00e9e M.R. \u0160tef\u00e1nik \u00e0 Ko\u0161ice<\/em><\/li>\n<li>Le quiz musical \u00ab\u00a0Blindtest\u00a0\u00bb fera<em>\u00a0<\/em>d\u00e9couvrir \/ red\u00e9couvrir aux lyc\u00e9ens du <em>Lyc\u00e9e M.R. \u0160tef\u00e1nik \u00e0 Ko\u0161ice<\/em> des artistes francophones. Le principe du quiz est simple : \u00e9couter les extraits de chansons puis parmi un choix d&rsquo;artistes choisir la personne qui semble interpr\u00e9ter la chanson !<\/li>\n<\/ul>\n<h4><strong>Suivez l&rsquo;Alliance Fran\u00e7aise Ko\u0161ice :\u00a0<\/strong><\/h4>\n<ul>\n<li><strong><a href=\"http:\/\/afke.sk\/\">www.afke.sk<\/a><\/strong><\/li>\n<li><strong><a href=\"https:\/\/www.facebook.com\/AFKosice\">Facebook\u00a0<\/a><\/strong><\/li>\n<li><strong><a href=\"https:\/\/www.instagram.com\/alliancefrancaisekosice\/\">Instagram<\/a><\/strong><\/li>\n<\/ul>\n<\/div><\/div><\/div><\/div>\n\n<div class=\"space sm\"><\/div>\n\n\n<div class=\"wp-block-image\"><figure class=\"alignleft size-medium\"><img loading=\"lazy\" decoding=\"async\" width=\"300\" height=\"225\" src=\"https:\/\/institutfrancais.sk\/wp-content\/uploads\/2023\/02\/17-SPORTOVCI-DANKA-BARTEKOVA-300x225.jpg\" alt=\"\" class=\"wp-image-25884\" srcset=\"https:\/\/institutfrancais.sk\/wp-content\/uploads\/2023\/02\/17-SPORTOVCI-DANKA-BARTEKOVA-300x225.jpg 300w, https:\/\/institutfrancais.sk\/wp-content\/uploads\/2023\/02\/17-SPORTOVCI-DANKA-BARTEKOVA-1024x768.jpg 1024w, https:\/\/institutfrancais.sk\/wp-content\/uploads\/2023\/02\/17-SPORTOVCI-DANKA-BARTEKOVA-768x576.jpg 768w, https:\/\/institutfrancais.sk\/wp-content\/uploads\/2023\/02\/17-SPORTOVCI-DANKA-BARTEKOVA-1536x1152.jpg 1536w, https:\/\/institutfrancais.sk\/wp-content\/uploads\/2023\/02\/17-SPORTOVCI-DANKA-BARTEKOVA-2048x1536.jpg 2048w, https:\/\/institutfrancais.sk\/wp-content\/uploads\/2023\/02\/17-SPORTOVCI-DANKA-BARTEKOVA-1190x893.jpg 1190w, https:\/\/institutfrancais.sk\/wp-content\/uploads\/2023\/02\/17-SPORTOVCI-DANKA-BARTEKOVA-1333x1000.jpg 1333w\" sizes=\"(max-width: 300px) 100vw, 300px\" \/><\/figure><\/div>\n\n\n\n<h2 class=\"wp-block-heading\">Les Journ\u00e9es de la Francophonie dans les \u00e9tablissements scolaires<\/h2>\n\n\n<div class=\"accordion-menu\"><a href=\"#a1-\" class=\"smooth\"><\/a><\/div><div class=\"accordion\" id=\"a431\"><div class=\"card\"><div class=\"card-header\" id=\"ha431_1\"><h3 class=\"card-opener\"><button class=\"collapsed\" type=\"button\" data-toggle=\"collapse\" data-target=\"#ca431_1\" aria-expanded=\"true\" aria-controls=\"ca431_1\">Ecole fran\u00e7aise internationale de Bratislava<span class=\"plus\"><svg viewBox=\"0 0 29 29\" xmlns=\"http:\/\/www.w3.org\/2000\/svg\"><path d=\"M28.2857 12.9286V16.7857C28.2857 17.3214 28.0982 17.7768 27.7232 18.1518C27.3482 18.5268 26.8929 18.7143 26.3571 18.7143H18V27.0714C18 27.6071 17.8125 28.0625 17.4375 28.4375C17.0625 28.8125 16.6071 29 16.0714 29H12.2143C11.6786 29 11.2232 28.8125 10.8482 28.4375C10.4732 28.0625 10.2857 27.6071 10.2857 27.0714V18.7143H1.92857C1.39286 18.7143 0.9375 18.5268 0.5625 18.1518C0.1875 17.7768 0 17.3214 0 16.7857V12.9286C0 12.3929 0.1875 11.9375 0.5625 11.5625C0.9375 11.1875 1.39286 11 1.92857 11H10.2857V2.64286C10.2857 2.10714 10.4732 1.65178 10.8482 1.27678C11.2232 0.901784 11.6786 0.714284 12.2143 0.714284H16.0714C16.6071 0.714284 17.0625 0.901784 17.4375 1.27678C17.8125 1.65178 18 2.10714 18 2.64286V11H26.3571C26.8929 11 27.3482 11.1875 27.7232 11.5625C28.0982 11.9375 28.2857 12.3929 28.2857 12.9286Z\"><\/svg><\/span><span class=\"minus\"><svg viewBox=\"0 0 29 8\" xmlns=\"http:\/\/www.w3.org\/2000\/svg\"><path d=\"M28.2857 1.92857V5.78571C28.2857 6.32143 28.0982 6.77679 27.7232 7.15179C27.3482 7.52679 26.8929 7.71429 26.3571 7.71429H1.92857C1.39286 7.71429 0.9375 7.52679 0.5625 7.15179C0.1875 6.77679 0 6.32143 0 5.78571V1.92857C0 1.39286 0.1875 0.937499 0.5625 0.562499C0.9375 0.1875 1.39286 0 1.92857 0H26.3571C26.8929 0 27.3482 0.1875 27.7232 0.562499C28.0982 0.937499 28.2857 1.39286 28.2857 1.92857Z\"><\/svg><\/span><\/button><\/h3><\/div><div id=\"ca431_1\" class=\"collapse\" aria-labelledby=\"ha431_1\" data-parent=\"#a431\"><div class=\"card-body\"><h4><strong>Derni\u00e8re quinzaine du mois de mars 2023 : Exposition multim\u00e9dia \u00ab\u00a0D\u00e9passer les fronti\u00e8res\u00a0\u00bb <\/strong><\/h4>\n<p>A l&rsquo;occasion des Journ\u00e9es de la Francophonie 2023, l&rsquo;<em>Ecole fran\u00e7aise internationale de Bratislava<\/em> organise\u00a0une exposition multim\u00e9dia dans l&rsquo;Atrium de l&rsquo;\u00e9cole, ouverte au public ! Une exposition riche qui allie photographies, productions plastiques, vid\u00e9ographique et de danse et met \u00e0 l&rsquo;honneur le travail des \u00e9l\u00e8ves du 1er et 2nd degr\u00e9, inspir\u00e9s par le th\u00e8me \u00ab\u00a0D\u00e9passer les fronti\u00e8res\u00a0\u00bb.<\/p>\n<p><a href=\"http:\/\/www.ecolefrancaise.sk\/fr\/\"><strong>En savoir plus<\/strong><\/a><\/p>\n<\/div><\/div><\/div><div class=\"card\"><div class=\"card-header\" id=\"ha431_2\"><h3 class=\"card-opener\"><button class=\"collapsed\" type=\"button\" data-toggle=\"collapse\" data-target=\"#ca431_2\" aria-expanded=\"true\" aria-controls=\"ca431_2\">Lyc\u00e9e Metodova de Bratislava<span class=\"plus\"><svg viewBox=\"0 0 29 29\" xmlns=\"http:\/\/www.w3.org\/2000\/svg\"><path d=\"M28.2857 12.9286V16.7857C28.2857 17.3214 28.0982 17.7768 27.7232 18.1518C27.3482 18.5268 26.8929 18.7143 26.3571 18.7143H18V27.0714C18 27.6071 17.8125 28.0625 17.4375 28.4375C17.0625 28.8125 16.6071 29 16.0714 29H12.2143C11.6786 29 11.2232 28.8125 10.8482 28.4375C10.4732 28.0625 10.2857 27.6071 10.2857 27.0714V18.7143H1.92857C1.39286 18.7143 0.9375 18.5268 0.5625 18.1518C0.1875 17.7768 0 17.3214 0 16.7857V12.9286C0 12.3929 0.1875 11.9375 0.5625 11.5625C0.9375 11.1875 1.39286 11 1.92857 11H10.2857V2.64286C10.2857 2.10714 10.4732 1.65178 10.8482 1.27678C11.2232 0.901784 11.6786 0.714284 12.2143 0.714284H16.0714C16.6071 0.714284 17.0625 0.901784 17.4375 1.27678C17.8125 1.65178 18 2.10714 18 2.64286V11H26.3571C26.8929 11 27.3482 11.1875 27.7232 11.5625C28.0982 11.9375 28.2857 12.3929 28.2857 12.9286Z\"><\/svg><\/span><span class=\"minus\"><svg viewBox=\"0 0 29 8\" xmlns=\"http:\/\/www.w3.org\/2000\/svg\"><path d=\"M28.2857 1.92857V5.78571C28.2857 6.32143 28.0982 6.77679 27.7232 7.15179C27.3482 7.52679 26.8929 7.71429 26.3571 7.71429H1.92857C1.39286 7.71429 0.9375 7.52679 0.5625 7.15179C0.1875 6.77679 0 6.32143 0 5.78571V1.92857C0 1.39286 0.1875 0.937499 0.5625 0.562499C0.9375 0.1875 1.39286 0 1.92857 0H26.3571C26.8929 0 27.3482 0.1875 27.7232 0.562499C28.0982 0.937499 28.2857 1.39286 28.2857 1.92857Z\"><\/svg><\/span><\/button><\/h3><\/div><div id=\"ca431_2\" class=\"collapse\" aria-labelledby=\"ha431_2\" data-parent=\"#a431\"><div class=\"card-body\"><h4><strong>6 mars 2023 \u00e0 11h : Inauguration du c<\/strong>oin lecture \u00ab\u00a0Lisez-vous le belge ?\u00a0\u00bb<\/h4>\n<p>L\u2019AWEX Slovaquie et Wallonie Bruxelles International (WBI) inaugureront au sein du <em>Lyc\u00e9e Metodova de Bratislava<\/em> un coin lecture de plus de trente livres et bandes dessin\u00e9es, mis \u00e0 disposition des professeurs et \u00e9l\u00e8ves int\u00e9ress\u00e9s par la riche litt\u00e9rature de la Wallonie. Ce coin lecture constitue le point de d\u00e9part de \u201cLisez-vous le belge ?\u201d, une initiative de WBI qui ambitionne de faire conna\u00eetre la litt\u00e9rature belge, carrefour de tradition et de modernit\u00e9.<\/p>\n<p><img loading=\"lazy\" decoding=\"async\" class=\"alignnone wp-image-25887\" src=\"https:\/\/institutfrancais.sk\/wp-content\/uploads\/2023\/02\/Belgique-AWEX-pour-IF-publi-211x300.jpg\" alt=\"\" width=\"278\" height=\"395\" srcset=\"https:\/\/institutfrancais.sk\/wp-content\/uploads\/2023\/02\/Belgique-AWEX-pour-IF-publi-211x300.jpg 211w, https:\/\/institutfrancais.sk\/wp-content\/uploads\/2023\/02\/Belgique-AWEX-pour-IF-publi.jpg 500w\" sizes=\"(max-width: 278px) 100vw, 278px\" \/><\/p>\n<p><a href=\"https:\/\/gmet.edupage.org\/\"><strong>En savoir plus<\/strong><\/a><\/p>\n<h4><\/h4>\n<h4>La Francophonie g\u00e9ographique<\/h4>\n<p>Les \u00e9l\u00e8ves de premi\u00e8re et deuxi\u00e8me ann\u00e9e de la section bilingue pr\u00e9senteront les diff\u00e9rentes r\u00e9gions de France et des pays francophones dans des projets de groupe. Ces projets porteront sur les sp\u00e9cificit\u00e9s et les points forts de chaque r\u00e9gion. Les fruits de leur travail seront pr\u00e9sent\u00e9s \u00e0 travers le site web et les r\u00e9seaux sociaux du Lyc\u00e9e Metodova !<\/p>\n<\/div><\/div><\/div><div class=\"card\"><div class=\"card-header\" id=\"ha431_3\"><h3 class=\"card-opener\"><button class=\"collapsed\" type=\"button\" data-toggle=\"collapse\" data-target=\"#ca431_3\" aria-expanded=\"true\" aria-controls=\"ca431_3\">Universit\u00e9 de Pavol Jozef \u0160af\u00e1rik de Ko\u0161ice &#038;&nbsp;Universit\u00e9 de Pre\u0161ov<span class=\"plus\"><svg viewBox=\"0 0 29 29\" xmlns=\"http:\/\/www.w3.org\/2000\/svg\"><path d=\"M28.2857 12.9286V16.7857C28.2857 17.3214 28.0982 17.7768 27.7232 18.1518C27.3482 18.5268 26.8929 18.7143 26.3571 18.7143H18V27.0714C18 27.6071 17.8125 28.0625 17.4375 28.4375C17.0625 28.8125 16.6071 29 16.0714 29H12.2143C11.6786 29 11.2232 28.8125 10.8482 28.4375C10.4732 28.0625 10.2857 27.6071 10.2857 27.0714V18.7143H1.92857C1.39286 18.7143 0.9375 18.5268 0.5625 18.1518C0.1875 17.7768 0 17.3214 0 16.7857V12.9286C0 12.3929 0.1875 11.9375 0.5625 11.5625C0.9375 11.1875 1.39286 11 1.92857 11H10.2857V2.64286C10.2857 2.10714 10.4732 1.65178 10.8482 1.27678C11.2232 0.901784 11.6786 0.714284 12.2143 0.714284H16.0714C16.6071 0.714284 17.0625 0.901784 17.4375 1.27678C17.8125 1.65178 18 2.10714 18 2.64286V11H26.3571C26.8929 11 27.3482 11.1875 27.7232 11.5625C28.0982 11.9375 28.2857 12.3929 28.2857 12.9286Z\"><\/svg><\/span><span class=\"minus\"><svg viewBox=\"0 0 29 8\" xmlns=\"http:\/\/www.w3.org\/2000\/svg\"><path d=\"M28.2857 1.92857V5.78571C28.2857 6.32143 28.0982 6.77679 27.7232 7.15179C27.3482 7.52679 26.8929 7.71429 26.3571 7.71429H1.92857C1.39286 7.71429 0.9375 7.52679 0.5625 7.15179C0.1875 6.77679 0 6.32143 0 5.78571V1.92857C0 1.39286 0.1875 0.937499 0.5625 0.562499C0.9375 0.1875 1.39286 0 1.92857 0H26.3571C26.8929 0 27.3482 0.1875 27.7232 0.562499C28.0982 0.937499 28.2857 1.39286 28.2857 1.92857Z\"><\/svg><\/span><\/button><\/h3><\/div><div id=\"ca431_3\" class=\"collapse\" aria-labelledby=\"ha431_3\" data-parent=\"#a431\"><div class=\"card-body\"><h4><strong>Discussion \/ pr\u00e9sentation en ligne : Cultures en Francophonie<\/strong><\/h4>\n<p>Partage des cultures francophones. Nos invit\u00e9s ne sont pas fran\u00e7ais mais ils vivent dans un pays francophone.<br \/>\nChacun leur tour, ils pr\u00e9sentent leur pays, et nous parleront de leur culture. Les territoires francophones repr\u00e9sent\u00e9s : la Belgique, la Suisse, l&rsquo;Alg\u00e9rie, le Cameroun, les Antilles&#8230;&nbsp;D\u00e9passement des fronti\u00e8res garanti !<\/p>\n<p><a href=\"https:\/\/www.facebook.com\/romanistika.ff.pu\"><strong>https:\/\/www.facebook.com\/romanistika.ff.pu<\/strong><\/a><\/p>\n<p><a href=\"https:\/\/www.upjs.sk\/en\/\"><strong>En savoir plus<\/strong><\/a><\/p>\n<p><a href=\"https:\/\/www.unipo.sk\/en\/\"><strong>En savoir plus<\/strong><\/a><\/p>\n<\/div><\/div><\/div><div class=\"card\"><div class=\"card-header\" id=\"ha431_4\"><h3 class=\"card-opener\"><button class=\"collapsed\" type=\"button\" data-toggle=\"collapse\" data-target=\"#ca431_4\" aria-expanded=\"true\" aria-controls=\"ca431_4\">Universit\u00e9 Matej Bel de Bansk\u00e1 Bystrica<span class=\"plus\"><svg viewBox=\"0 0 29 29\" xmlns=\"http:\/\/www.w3.org\/2000\/svg\"><path d=\"M28.2857 12.9286V16.7857C28.2857 17.3214 28.0982 17.7768 27.7232 18.1518C27.3482 18.5268 26.8929 18.7143 26.3571 18.7143H18V27.0714C18 27.6071 17.8125 28.0625 17.4375 28.4375C17.0625 28.8125 16.6071 29 16.0714 29H12.2143C11.6786 29 11.2232 28.8125 10.8482 28.4375C10.4732 28.0625 10.2857 27.6071 10.2857 27.0714V18.7143H1.92857C1.39286 18.7143 0.9375 18.5268 0.5625 18.1518C0.1875 17.7768 0 17.3214 0 16.7857V12.9286C0 12.3929 0.1875 11.9375 0.5625 11.5625C0.9375 11.1875 1.39286 11 1.92857 11H10.2857V2.64286C10.2857 2.10714 10.4732 1.65178 10.8482 1.27678C11.2232 0.901784 11.6786 0.714284 12.2143 0.714284H16.0714C16.6071 0.714284 17.0625 0.901784 17.4375 1.27678C17.8125 1.65178 18 2.10714 18 2.64286V11H26.3571C26.8929 11 27.3482 11.1875 27.7232 11.5625C28.0982 11.9375 28.2857 12.3929 28.2857 12.9286Z\"><\/svg><\/span><span class=\"minus\"><svg viewBox=\"0 0 29 8\" xmlns=\"http:\/\/www.w3.org\/2000\/svg\"><path d=\"M28.2857 1.92857V5.78571C28.2857 6.32143 28.0982 6.77679 27.7232 7.15179C27.3482 7.52679 26.8929 7.71429 26.3571 7.71429H1.92857C1.39286 7.71429 0.9375 7.52679 0.5625 7.15179C0.1875 6.77679 0 6.32143 0 5.78571V1.92857C0 1.39286 0.1875 0.937499 0.5625 0.562499C0.9375 0.1875 1.39286 0 1.92857 0H26.3571C26.8929 0 27.3482 0.1875 27.7232 0.562499C28.0982 0.937499 28.2857 1.39286 28.2857 1.92857Z\"><\/svg><\/span><\/button><\/h3><\/div><div id=\"ca431_4\" class=\"collapse\" aria-labelledby=\"ha431_4\" data-parent=\"#a431\"><div class=\"card-body\"><h4>15 mars 2023 \u00e0 10h40 : <strong>Salon litt\u00e9raire : Premier sang d\u2019Am\u00e9lie Nothomb\u00a0<\/strong><\/h4>\n<p>Les \u00e9tudiants de fran\u00e7ais de l\u2019<em>Universit\u00e9 Matej Bel de Bansk\u00e1 Bystrica<\/em> nous feront (re)d\u00e9couvrir l\u2019\u00e9crivaine belge d\u2019expression fran\u00e7aise Am\u00e9lie Nothomb \u00e0 travers une r\u00e9flexion sur la relation entre fiction et r\u00e9alit\u00e9 dans son roman Premier sang (2021).<\/p>\n<p><a href=\"https:\/\/www.ff.umb.sk\/katedry\/katedra-romanistiky\/oznamy-katedry\/\"><strong>En savoir plus<\/strong><\/a><\/p>\n<\/div><\/div><\/div><div class=\"card\"><div class=\"card-header\" id=\"ha431_5\"><h3 class=\"card-opener\"><button class=\"collapsed\" type=\"button\" data-toggle=\"collapse\" data-target=\"#ca431_5\" aria-expanded=\"true\" aria-controls=\"ca431_5\">Facult\u00e9 des lettres de l&rsquo;Universit\u00e9 Comenius de Bratislava<span class=\"plus\"><svg viewBox=\"0 0 29 29\" xmlns=\"http:\/\/www.w3.org\/2000\/svg\"><path d=\"M28.2857 12.9286V16.7857C28.2857 17.3214 28.0982 17.7768 27.7232 18.1518C27.3482 18.5268 26.8929 18.7143 26.3571 18.7143H18V27.0714C18 27.6071 17.8125 28.0625 17.4375 28.4375C17.0625 28.8125 16.6071 29 16.0714 29H12.2143C11.6786 29 11.2232 28.8125 10.8482 28.4375C10.4732 28.0625 10.2857 27.6071 10.2857 27.0714V18.7143H1.92857C1.39286 18.7143 0.9375 18.5268 0.5625 18.1518C0.1875 17.7768 0 17.3214 0 16.7857V12.9286C0 12.3929 0.1875 11.9375 0.5625 11.5625C0.9375 11.1875 1.39286 11 1.92857 11H10.2857V2.64286C10.2857 2.10714 10.4732 1.65178 10.8482 1.27678C11.2232 0.901784 11.6786 0.714284 12.2143 0.714284H16.0714C16.6071 0.714284 17.0625 0.901784 17.4375 1.27678C17.8125 1.65178 18 2.10714 18 2.64286V11H26.3571C26.8929 11 27.3482 11.1875 27.7232 11.5625C28.0982 11.9375 28.2857 12.3929 28.2857 12.9286Z\"><\/svg><\/span><span class=\"minus\"><svg viewBox=\"0 0 29 8\" xmlns=\"http:\/\/www.w3.org\/2000\/svg\"><path d=\"M28.2857 1.92857V5.78571C28.2857 6.32143 28.0982 6.77679 27.7232 7.15179C27.3482 7.52679 26.8929 7.71429 26.3571 7.71429H1.92857C1.39286 7.71429 0.9375 7.52679 0.5625 7.15179C0.1875 6.77679 0 6.32143 0 5.78571V1.92857C0 1.39286 0.1875 0.937499 0.5625 0.562499C0.9375 0.1875 1.39286 0 1.92857 0H26.3571C26.8929 0 27.3482 0.1875 27.7232 0.562499C28.0982 0.937499 28.2857 1.39286 28.2857 1.92857Z\"><\/svg><\/span><\/button><\/h3><\/div><div id=\"ca431_5\" class=\"collapse\" aria-labelledby=\"ha431_5\" data-parent=\"#a431\"><div class=\"card-body\"><h4><strong>15 mars 2023 : \u00ab\u00a0Le livre qui change la vie\u00a0\u00bb &#8211;&nbsp;Bourse aux livres (13h-17h) et soir\u00e9e d\u00e9bat (\u00e0 17h)<\/strong><\/h4>\n<p>Qu&rsquo;est-ce qu&rsquo;un livre qui change la vie? Penchons-nous-y ensemble, les \u00e9tudiants et les enseignants. Explorons l&rsquo;univers de l&rsquo;\u00e9criture et de la lecture \u00e0 travers la bourse estudiantine des livres et la discussion portant sur les oeuvres litt\u00e9raires choisis par les \u00e9tudiants. Dans quelle mesure le livre choisi vous a&nbsp;marqu\u00e9s, touch\u00e9s et transform\u00e9s, vous a&nbsp;permis de d\u00e9passer vos limites et fronti\u00e8res ;&nbsp;pourquoi faut-il le lire et pourquoi le recommanderiez-vous aux autres? La bourse au sein de la <em>Facult\u00e9 des lettres de l&rsquo;Universit\u00e9 Comenius (Gondova 2, Bratislava)<\/em> sera accompagn\u00e9e par la chanson fran\u00e7aise et la discussion litt\u00e9raire qui se terminera pas un petit buffet commun afin de favoriser les echanges autour de l&rsquo;amour de la langue et litt\u00e9rature fran\u00e7aises.<\/p>\n<\/div><\/div><\/div><div class=\"card\"><div class=\"card-header\" id=\"ha431_6\"><h3 class=\"card-opener\"><button class=\"collapsed\" type=\"button\" data-toggle=\"collapse\" data-target=\"#ca431_6\" aria-expanded=\"true\" aria-controls=\"ca431_6\">Facult\u00e9 des Langues appliqu\u00e9es, Universit\u00e9 d&rsquo;\u00c9conomie de Bratislava<span class=\"plus\"><svg viewBox=\"0 0 29 29\" xmlns=\"http:\/\/www.w3.org\/2000\/svg\"><path d=\"M28.2857 12.9286V16.7857C28.2857 17.3214 28.0982 17.7768 27.7232 18.1518C27.3482 18.5268 26.8929 18.7143 26.3571 18.7143H18V27.0714C18 27.6071 17.8125 28.0625 17.4375 28.4375C17.0625 28.8125 16.6071 29 16.0714 29H12.2143C11.6786 29 11.2232 28.8125 10.8482 28.4375C10.4732 28.0625 10.2857 27.6071 10.2857 27.0714V18.7143H1.92857C1.39286 18.7143 0.9375 18.5268 0.5625 18.1518C0.1875 17.7768 0 17.3214 0 16.7857V12.9286C0 12.3929 0.1875 11.9375 0.5625 11.5625C0.9375 11.1875 1.39286 11 1.92857 11H10.2857V2.64286C10.2857 2.10714 10.4732 1.65178 10.8482 1.27678C11.2232 0.901784 11.6786 0.714284 12.2143 0.714284H16.0714C16.6071 0.714284 17.0625 0.901784 17.4375 1.27678C17.8125 1.65178 18 2.10714 18 2.64286V11H26.3571C26.8929 11 27.3482 11.1875 27.7232 11.5625C28.0982 11.9375 28.2857 12.3929 28.2857 12.9286Z\"><\/svg><\/span><span class=\"minus\"><svg viewBox=\"0 0 29 8\" xmlns=\"http:\/\/www.w3.org\/2000\/svg\"><path d=\"M28.2857 1.92857V5.78571C28.2857 6.32143 28.0982 6.77679 27.7232 7.15179C27.3482 7.52679 26.8929 7.71429 26.3571 7.71429H1.92857C1.39286 7.71429 0.9375 7.52679 0.5625 7.15179C0.1875 6.77679 0 6.32143 0 5.78571V1.92857C0 1.39286 0.1875 0.937499 0.5625 0.562499C0.9375 0.1875 1.39286 0 1.92857 0H26.3571C26.8929 0 27.3482 0.1875 27.7232 0.562499C28.0982 0.937499 28.2857 1.39286 28.2857 1.92857Z\"><\/svg><\/span><\/button><\/h3><\/div><div id=\"ca431_6\" class=\"collapse\" aria-labelledby=\"ha431_6\" data-parent=\"#a431\"><div class=\"card-body\"><h4><strong>A partir du 1er mars 2023 : Cin\u00e9ma francophone\u00a0<\/strong><\/h4>\n<p>Les \u00e9tudiant.e.s de la <em>Facult\u00e9 des Langues appliqu\u00e9es<\/em> auront l&rsquo;occasion de participer une fois par semaine \u00e0 des projections de films francophones de la plateforme IFCin\u00e9ma dans le cadre d&rsquo;un cycle de cin\u00e9ma.<\/p>\n<h4><strong>Mi-f\u00e9vrier &#8211;&nbsp;fin mars 2023 : <\/strong>Atelier d&rsquo;\u00e9criture \u00ab\u00a0Journalisme de solutions\u00a0\u00bb<\/h4>\n<p>L&rsquo;atelier d\u2019\u00e9criture s&rsquo;inscrit dans la participation des \u00e9tudiant.e.s au <a href=\"https:\/\/reportersdespoirs.org\/prixeuropeen\/\">Prix Europ\u00e9en du Jeune Reporter<\/a>, dans la cat\u00e9gorie hors fili\u00e8re journalistique. Les \u00e9tudiant.e.s vont devoir r\u00e9aliser un reportage qui s\u2019inscrit dans le journalisme de solutions, examine des probl\u00e8mes et des initiatives porteuses de solutions \u00e0 l\u2019\u00e9chelle de l\u2019Europe tout en faisant la promotion de la Francophonie.<\/p>\n<h4>Atelier d&rsquo;\u00e9criture : \u00ab\u00a0Dis-moi 10 mots\u00a0\u00bb<\/h4>\n<p>S\u2019emparer de 3 \u00e0 5 des 10 mots de l\u2019ann\u00e9e 2023 et les int\u00e9grer dans un argumentaire pour promouvoir l\u2019apprentissage du fran\u00e7ais \/ les \u00e9tudes sup\u00e9rieures en fran\u00e7ais. Les meilleurs argumentaires seront publi\u00e9s sur le site de la Facult\u00e9 des langues appliqu\u00e9es.<\/p>\n<p><a href=\"https:\/\/faj.euba.sk\/\"><strong>En savoir plus<\/strong><\/a><\/p>\n<p>&nbsp;<\/p>\n<p>&nbsp;<\/p>\n<\/div><\/div><\/div><\/div>\n\n<div class=\"space md\"><\/div>\n\n\n<h2 class=\"wp-block-heading\">Les coorganisateurs et partenaires <\/h2>\n\n\n\n<p><em>Les Journ\u00e9es de la Francophonie sont organis\u00e9es par l\u2019Institut fran\u00e7ais de Slovaquie, conjointement avec les Ambassades des pays membres ou membres observateurs de l\u2019OIF, le Minist\u00e8re des Affaires \u00e9trang\u00e8res de la R\u00e9publique slovaque, et les Alliances fran\u00e7aises de Bansk\u00e1 Bystrica et de Ko\u0161ice, ainsi qu\u2019avec la participation des \u00e9coles, lyc\u00e9es et universit\u00e9s slovaques et de l\u2019\u00c9cole Internationale Fran\u00e7aise de Bratislava<\/em>.<\/p>\n\n\n<\/div><div class=\"gray-bg\"><div class=\"wrap\"><div class=\"white-boxes sponsors-partners nobtn\"><h2><span>Partenaires<\/span><\/h2><div class=\"box\"><h3>Partenaires<\/h3><div class=\"owl-carousel loop\"><div class=\"img\"><picture><source srcset=\"https:\/\/institutfrancais.sk\/wp-content\/uploads\/2021\/02\/OIF-300x148.jpg\" type=\"image\/jpeg\"><img decoding=\"async\" src=\"https:\/\/institutfrancais.sk\/wp-content\/uploads\/2021\/02\/OIF-300x148.jpg\" alt=\"\"width=\"100%\"\"><\/picture><\/div><div class=\"img\"><picture><source srcset=\"https:\/\/institutfrancais.sk\/wp-content\/uploads\/2023\/02\/IF_Logo_Slovaquie_Sans-Claim_Bleu_RVB-300x201.png\" type=\"image\/jpeg\"><img decoding=\"async\" src=\"https:\/\/institutfrancais.sk\/wp-content\/uploads\/2023\/02\/IF_Logo_Slovaquie_Sans-Claim_Bleu_RVB-300x201.png\" alt=\"\"width=\"100%\"\"><\/picture><\/div><div class=\"img\"><picture><source srcset=\"https:\/\/institutfrancais.sk\/wp-content\/uploads\/2020\/09\/logoAmb-Slovaquie-300x208.png\" type=\"image\/jpeg\"><img decoding=\"async\" src=\"https:\/\/institutfrancais.sk\/wp-content\/uploads\/2020\/09\/logoAmb-Slovaquie-300x208.png\" alt=\"\"width=\"100%\"\"><\/picture><\/div><div class=\"img\"><picture><source srcset=\"https:\/\/institutfrancais.sk\/wp-content\/uploads\/2021\/02\/3-Ambassade-de-Suisse-300x118.jpg\" type=\"image\/jpeg\"><img decoding=\"async\" src=\"https:\/\/institutfrancais.sk\/wp-content\/uploads\/2021\/02\/3-Ambassade-de-Suisse-300x118.jpg\" alt=\"\"width=\"100%\"\"><\/picture><\/div><div class=\"img\"><picture><source srcset=\"https:\/\/institutfrancais.sk\/wp-content\/uploads\/2021\/02\/6-Ambassade-du-Canada-2-300x75.jpg\" type=\"image\/jpeg\"><img decoding=\"async\" src=\"https:\/\/institutfrancais.sk\/wp-content\/uploads\/2021\/02\/6-Ambassade-du-Canada-2-300x75.jpg\" alt=\"\"width=\"100%\"\"><\/picture><\/div><div class=\"img\"><picture><source srcset=\"https:\/\/institutfrancais.sk\/wp-content\/uploads\/2021\/02\/5-Walonnie-Bruxelles-International-300x168.jpg\" type=\"image\/jpeg\"><img decoding=\"async\" src=\"https:\/\/institutfrancais.sk\/wp-content\/uploads\/2021\/02\/5-Walonnie-Bruxelles-International-300x168.jpg\" alt=\"\"width=\"100%\"\"><\/picture><\/div><div class=\"img\"><picture><source srcset=\"https:\/\/institutfrancais.sk\/wp-content\/uploads\/2021\/02\/9-MZV-300x88.jpg\" type=\"image\/jpeg\"><img decoding=\"async\" src=\"https:\/\/institutfrancais.sk\/wp-content\/uploads\/2021\/02\/9-MZV-300x88.jpg\" alt=\"\"width=\"100%\"\"><\/picture><\/div><div class=\"img\"><picture><source srcset=\"https:\/\/institutfrancais.sk\/wp-content\/uploads\/2020\/01\/Logo-AF-BB-1-300x268.jpg\" type=\"image\/jpeg\"><img decoding=\"async\" src=\"https:\/\/institutfrancais.sk\/wp-content\/uploads\/2020\/01\/Logo-AF-BB-1-300x268.jpg\" alt=\"\"width=\"100%\"\"><\/picture><\/div><div class=\"img\"><picture><source srcset=\"https:\/\/institutfrancais.sk\/wp-content\/uploads\/2020\/01\/af-kosice-300x229.png\" type=\"image\/jpeg\"><img decoding=\"async\" src=\"https:\/\/institutfrancais.sk\/wp-content\/uploads\/2020\/01\/af-kosice-300x229.png\" alt=\"\"width=\"100%\"\"><\/picture><\/div><div class=\"img\"><picture><source srcset=\"https:\/\/institutfrancais.sk\/wp-content\/uploads\/2021\/02\/13-Ambassade-de-Roumanie-215x300.jpg\" type=\"image\/jpeg\"><img decoding=\"async\" src=\"https:\/\/institutfrancais.sk\/wp-content\/uploads\/2021\/02\/13-Ambassade-de-Roumanie-215x300.jpg\" alt=\"\"width=\"100%\"\"><\/picture><\/div><div class=\"img\"><picture><source srcset=\"https:\/\/institutfrancais.sk\/wp-content\/uploads\/2022\/03\/LOGO-Albanie-2-300x253.png\" type=\"image\/jpeg\"><img decoding=\"async\" src=\"https:\/\/institutfrancais.sk\/wp-content\/uploads\/2022\/03\/LOGO-Albanie-2-300x253.png\" alt=\"\"width=\"100%\"\"><\/picture><\/div><div class=\"img\"><picture><source srcset=\"https:\/\/institutfrancais.sk\/wp-content\/uploads\/2021\/02\/14-Bulharsky-kulturny-institut-300x53.jpg\" type=\"image\/jpeg\"><img decoding=\"async\" src=\"https:\/\/institutfrancais.sk\/wp-content\/uploads\/2021\/02\/14-Bulharsky-kulturny-institut-300x53.jpg\" alt=\"\"width=\"100%\"\"><\/picture><\/div><div class=\"img\"><picture><source srcset=\"https:\/\/institutfrancais.sk\/wp-content\/uploads\/2023\/02\/logo-nivam-300x108.png\" type=\"image\/jpeg\"><img decoding=\"async\" src=\"https:\/\/institutfrancais.sk\/wp-content\/uploads\/2023\/02\/logo-nivam-300x108.png\" alt=\"\"width=\"100%\"\"><\/picture><\/div><div class=\"img\"><picture><source srcset=\"https:\/\/institutfrancais.sk\/wp-content\/uploads\/2023\/02\/efib-logo.jpg\" type=\"image\/jpeg\"><img decoding=\"async\" src=\"https:\/\/institutfrancais.sk\/wp-content\/uploads\/2023\/02\/efib-logo.jpg\" alt=\"\"width=\"100%\"\"><\/picture><\/div><div class=\"img\"><picture><source srcset=\"https:\/\/institutfrancais.sk\/wp-content\/uploads\/2023\/02\/Logo-Metodova.jpg\" type=\"image\/jpeg\"><img decoding=\"async\" src=\"https:\/\/institutfrancais.sk\/wp-content\/uploads\/2023\/02\/Logo-Metodova.jpg\" alt=\"\"width=\"100%\"\"><\/picture><\/div><div class=\"img\"><picture><source srcset=\"https:\/\/institutfrancais.sk\/wp-content\/uploads\/2021\/02\/18-Section-bilingue-GJGT-212x300.jpg\" type=\"image\/jpeg\"><img decoding=\"async\" src=\"https:\/\/institutfrancais.sk\/wp-content\/uploads\/2021\/02\/18-Section-bilingue-GJGT-212x300.jpg\" alt=\"\"width=\"100%\"\"><\/picture><\/div><div class=\"img\"><picture><source srcset=\"https:\/\/institutfrancais.sk\/wp-content\/uploads\/2021\/02\/unnamed.png\" type=\"image\/jpeg\"><img decoding=\"async\" src=\"https:\/\/institutfrancais.sk\/wp-content\/uploads\/2021\/02\/unnamed.png\" alt=\"\"width=\"100%\"\"><\/picture><\/div><div class=\"img\"><picture><source srcset=\"https:\/\/institutfrancais.sk\/wp-content\/uploads\/2021\/02\/20-UMB.png\" type=\"image\/jpeg\"><img decoding=\"async\" src=\"https:\/\/institutfrancais.sk\/wp-content\/uploads\/2021\/02\/20-UMB.png\" alt=\"\"width=\"100%\"\"><\/picture><\/div><div class=\"img\"><picture><source srcset=\"https:\/\/institutfrancais.sk\/wp-content\/uploads\/2021\/02\/unnamed-300x300.jpg\" type=\"image\/jpeg\"><img decoding=\"async\" src=\"https:\/\/institutfrancais.sk\/wp-content\/uploads\/2021\/02\/unnamed-300x300.jpg\" alt=\"\"width=\"100%\"\"><\/picture><\/div><div class=\"img\"><picture><source srcset=\"https:\/\/institutfrancais.sk\/wp-content\/uploads\/2023\/02\/FAJ-EUBA-300x200.jpg\" type=\"image\/jpeg\"><img decoding=\"async\" src=\"https:\/\/institutfrancais.sk\/wp-content\/uploads\/2023\/02\/FAJ-EUBA-300x200.jpg\" alt=\"\"width=\"100%\"\"><\/picture><\/div><div class=\"img\"><picture><source srcset=\"https:\/\/institutfrancais.sk\/wp-content\/uploads\/2021\/02\/30-Universite-de-Presov.jpg\" type=\"image\/jpeg\"><img decoding=\"async\" src=\"https:\/\/institutfrancais.sk\/wp-content\/uploads\/2021\/02\/30-Universite-de-Presov.jpg\" alt=\"\"width=\"100%\"\"><\/picture><\/div><div class=\"img\"><picture><source srcset=\"https:\/\/institutfrancais.sk\/wp-content\/uploads\/2023\/02\/logo-upjs-300x300.jpg\" type=\"image\/jpeg\"><img decoding=\"async\" src=\"https:\/\/institutfrancais.sk\/wp-content\/uploads\/2023\/02\/logo-upjs-300x300.jpg\" alt=\"\"width=\"100%\"\"><\/picture><\/div><div class=\"img\"><picture><source srcset=\"https:\/\/institutfrancais.sk\/wp-content\/uploads\/2022\/02\/92498669_1159849881034534_5729274570846765056_n-300x300.png\" type=\"image\/jpeg\"><img decoding=\"async\" src=\"https:\/\/institutfrancais.sk\/wp-content\/uploads\/2022\/02\/92498669_1159849881034534_5729274570846765056_n-300x300.png\" alt=\"\"width=\"100%\"\"><\/picture><\/div><div class=\"img\"><picture><source srcset=\"https:\/\/institutfrancais.sk\/wp-content\/uploads\/2023\/02\/les-ateliers-francais-logo.jpg\" type=\"image\/jpeg\"><img decoding=\"async\" src=\"https:\/\/institutfrancais.sk\/wp-content\/uploads\/2023\/02\/les-ateliers-francais-logo.jpg\" alt=\"\"width=\"100%\"\"><\/picture><\/div><\/div><\/div><\/div><\/div><\/div><\/div><div class=\"wrap narrow-wrap\">\n\n<\/div><div class=\"gray-bg\"><div class=\"wrap\"><div class=\"white-boxes sponsors-partners nobtn\"><h2><span>Partenaires<\/span><\/h2><div class=\"box\"><h3>Partenaires<\/h3><div class=\"owl-carousel loop-8\"><div class=\"img\"><picture><source srcset=\"https:\/\/institutfrancais.sk\/wp-content\/uploads\/2021\/02\/1-RTVS-300x194.png\" type=\"image\/jpeg\"><img decoding=\"async\" src=\"https:\/\/institutfrancais.sk\/wp-content\/uploads\/2021\/02\/1-RTVS-300x194.png\" alt=\"\"width=\"100%\"\"><\/picture><\/div><div class=\"img\"><picture><source srcset=\"https:\/\/institutfrancais.sk\/wp-content\/uploads\/2021\/02\/2-Radio-Devin-300x101.png\" type=\"image\/jpeg\"><img decoding=\"async\" src=\"https:\/\/institutfrancais.sk\/wp-content\/uploads\/2021\/02\/2-Radio-Devin-300x101.png\" alt=\"\"width=\"100%\"\"><\/picture><\/div><div class=\"img\"><picture><source srcset=\"https:\/\/institutfrancais.sk\/wp-content\/uploads\/2021\/02\/3-Radio-Slovakia-International-300x73.png\" type=\"image\/jpeg\"><img decoding=\"async\" src=\"https:\/\/institutfrancais.sk\/wp-content\/uploads\/2021\/02\/3-Radio-Slovakia-International-300x73.png\" alt=\"\"width=\"100%\"\"><\/picture><\/div><div class=\"img\"><picture><source srcset=\"https:\/\/institutfrancais.sk\/wp-content\/uploads\/2022\/12\/Dizajn-bez-nazvu-51-300x193.png\" type=\"image\/jpeg\"><img decoding=\"async\" src=\"https:\/\/institutfrancais.sk\/wp-content\/uploads\/2022\/12\/Dizajn-bez-nazvu-51-300x193.png\" alt=\"\"width=\"100%\"\"><\/picture><\/div><div class=\"img\"><picture><source srcset=\"https:\/\/institutfrancais.sk\/wp-content\/uploads\/2021\/02\/6-InBa-300x211.jpg\" type=\"image\/jpeg\"><img decoding=\"async\" src=\"https:\/\/institutfrancais.sk\/wp-content\/uploads\/2021\/02\/6-InBa-300x211.jpg\" alt=\"\"width=\"100%\"\"><\/picture><\/div><div class=\"img\"><picture><source srcset=\"https:\/\/institutfrancais.sk\/wp-content\/uploads\/2021\/02\/GO-OUT-300x151.jpg\" type=\"image\/jpeg\"><img decoding=\"async\" src=\"https:\/\/institutfrancais.sk\/wp-content\/uploads\/2021\/02\/GO-OUT-300x151.jpg\" alt=\"\"width=\"100%\"\"><\/picture><\/div><div class=\"img\"><picture><source srcset=\"https:\/\/institutfrancais.sk\/wp-content\/uploads\/2022\/01\/LOGO-TV5MONDE-digita\u0301l-modre\u0301-300x104.png\" type=\"image\/jpeg\"><img decoding=\"async\" src=\"https:\/\/institutfrancais.sk\/wp-content\/uploads\/2022\/01\/LOGO-TV5MONDE-digita\u0301l-modre\u0301-300x104.png\" alt=\"\"width=\"100%\"\"><\/picture><\/div><div class=\"img\"><picture><source srcset=\"https:\/\/institutfrancais.sk\/wp-content\/uploads\/2020\/01\/635px-France24-300x283.png\" type=\"image\/jpeg\"><img decoding=\"async\" src=\"https:\/\/institutfrancais.sk\/wp-content\/uploads\/2020\/01\/635px-France24-300x283.png\" alt=\"\"width=\"100%\"\"><\/picture><\/div><\/div><\/div><\/div><\/div><\/div><\/div><div class=\"wrap narrow-wrap\">\n\n<div class=\"space sm\"><\/div>\n\n\n<h2 class=\"wp-block-heading\">Liens utiles <\/h2>\n\n\n<div class=\"space xs\"><\/div>\n\n<a href=\"https:\/\/www.facebook.com\/dnifrankofonie\" class=\"btn btn-blue-invert\" target=\"blank\" rel=\"noreferrer noopener\">Suivez-nous sur Facebook<\/a>\n\n<div class=\"space xs\"><\/div>\n\n<\/div><div class=\"articles articles-events\"><div class=\"gray-bg\"><div class=\"lines-bg lines-bg-boldright-c\"><div class=\"wrap\"><div class=\"white-boxes\"><div class=\"row posts-list\"><a class=\"articles-redirection\" href=\"https:\/\/institutfrancais.sk\/fr\/fr\/informacie\/\"><svg xmlns=\"http:\/\/www.w3.org\/2000\/svg\" viewBox=\"0 0 320 512\" width=\"20\"><path fill=\"#000\" d=\"M285.476 272.971L91.132 467.314c-9.373 9.373-24.569 9.373-33.941 0l-22.667-22.667c-9.357-9.357-9.375-24.522-.04-33.901L188.505 256 34.484 101.255c-9.335-9.379-9.317-24.544.04-33.901l22.667-22.667c9.373-9.373 24.569-9.373 33.941 0L285.475 239.03c9.373 9.372 9.373 24.568.001 33.941z\"><\/path><\/svg> <\/a><div class=\"col-lg-4 col-md-6 col-sm-6\">\n<section>\n<div class=\"post\">\n<div class=\"post-container\">\n<a href=\"https:\/\/institutfrancais.sk\/fr\/spievam-po-francuzsky-2026-2\/\"><div class=\"post-img\">\n<img decoding=\"async\" src=\"https:\/\/institutfrancais.sk\/wp-content\/uploads\/2025\/11\/SPF-2026-J1-537x235.png\" alt=\"Spievam po\u00a0franc\u00fazsky 2026 &#8211;&nbsp;le concours de la chanson francophone\" class=\"post-thumbnail\" width=\"100%\">\n<\/div><\/a>\n<div class=\"card-content\">\n<div class=\"post-meta\">\n<a href=\"https:\/\/institutfrancais.sk\/fr\/category\/non-classifiee\/\">Musique<\/a> \/<\/div>\n<a href=\"https:\/\/institutfrancais.sk\/fr\/spievam-po-francuzsky-2026-2\/\">\n<h1>Spievam po\u00a0franc\u00fazsky 2026 &#8211;&nbsp;le concours de la chanson francophone<\/h1>\n<\/a>\n<div class=\"line-after-title\"><\/div>\n<article>\n<p>Le concours de la chanson francophone&nbsp;&nbsp;Je chante en fran\u00e7ais &nbsp;est de retour en 2026 ! Vous \u00eates amateurs de chansons francophones ? Votre langue maternelle n&rsquo;est pas le fran\u00e7ais ? Vous r\u00e9sidez en Slovaquie ? Vous \u00eates \u00e0 la bonne adresse ! Inscrivez-vous jusqu\u2019au 15 mars 2026 ! Comment faire&#8230;<\/p>\n<\/article>\n<\/div>\n<\/div>\n<\/div>\n<\/section>\n<\/div>\n<div class=\"col-lg-4 col-md-6 col-sm-6\">\n<section>\n<div class=\"post\">\n<div class=\"post-container\">\n<a href=\"https:\/\/institutfrancais.sk\/fr\/cours-de-francais-session-printemps-2023\/\"><div class=\"post-img\">\n<img decoding=\"async\" src=\"https:\/\/institutfrancais.sk\/wp-content\/uploads\/2023\/02\/Jarne-kurzy-2023-Web-a-FB-event-cover-1024x576.png\" alt=\"Cours de fran\u00e7ais : session de printemps 2023\" class=\"post-thumbnail\" width=\"100%\">\n<\/div><\/a>\n<div class=\"card-content\">\n<div class=\"post-meta\">\n<a href=\"https:\/\/institutfrancais.sk\/fr\/category\/cours\/\">Cours<\/a> \/<\/div>\n<a href=\"https:\/\/institutfrancais.sk\/fr\/cours-de-francais-session-printemps-2023\/\">\n<h1>Cours de fran\u00e7ais : session de printemps 2023<\/h1>\n<\/a>\n<div class=\"line-after-title\"><\/div>\n<article>\n<p>Trimestre de printemps \u00e0 partir du 12 avril 2023 Inscription en ligne Inscription en pr\u00e9sentiel \u00e0 partir du 1er mars 2023&nbsp;3 \u2013&nbsp;5 avril 2023 de14:00 \u00e0 18:00 Les meilleurs cours de fran\u00e7ais \u00e0 Bratislava Le fran\u00e7ais est l\u2019une des langues les plus importantes qui vous ouvrira les portes de&#8230;<\/p>\n<\/article>\n<\/div>\n<\/div>\n<\/div>\n<\/section>\n<\/div>\n<\/div><\/div><div class=\"btn-articles-redirection\"><a class=\"btn btn-black\" href=\"https:\/\/institutfrancais.sk\/fr\/informacie\/\">Plus d&rsquo;infos<\/a><\/div><\/div><\/div><\/div><\/div><div class=\"wrap narrow-wrap\">","protected":false},"excerpt":{"rendered":"<p>Des Journ\u00e9es pour \u00ab&nbsp;D\u00e9passer les fronti\u00e8res&nbsp;\u00bb Les Journ\u00e9es de la Francophonie 2023 inviteront le grand public, les publics scolaire et universitaire, \u00e0 \u00ab&nbsp;D\u00e9passer les fronti\u00e8res&nbsp;\u00bb. La Francophonie, langue partag\u00e9e par 300 millions de locuteurs \/ locutrices \u00e0 travers le monde, sur les cinq continents, est en constante \u00e9volution. L\u2019\u00e9dition 2023 illustrera cette diversit\u00e9&nbsp;en Slovaquie par [&hellip;]<\/p>\n","protected":false},"author":14,"featured_media":25789,"parent":0,"menu_order":0,"comment_status":"closed","ping_status":"closed","template":"","meta":{"_acf_changed":false,"footnotes":""},"acf":[],"yoast_head":"<!-- This site is optimized with the Yoast SEO plugin v24.5 - https:\/\/yoast.com\/wordpress\/plugins\/seo\/ -->\n<title>Journ\u00e9es de la Francophonie 2023 - Franc\u00fazsky in\u0161tit\u00fat na Slovensku<\/title>\n<meta name=\"robots\" content=\"index, follow, max-snippet:-1, max-image-preview:large, max-video-preview:-1\" \/>\n<link rel=\"canonical\" href=\"https:\/\/institutfrancais.sk\/fr\/journees-de-la-francophonie-2023\/\" \/>\n<meta property=\"og:locale\" content=\"fr_FR\" \/>\n<meta property=\"og:type\" content=\"article\" \/>\n<meta property=\"og:title\" content=\"Journ\u00e9es de la Francophonie 2023 - Franc\u00fazsky in\u0161tit\u00fat na Slovensku\" \/>\n<meta property=\"og:description\" content=\"Des Journ\u00e9es pour \u00ab&nbsp;D\u00e9passer les fronti\u00e8res&nbsp;\u00bb Les Journ\u00e9es de la Francophonie 2023 inviteront le grand public, les publics scolaire et universitaire, \u00e0 \u00ab&nbsp;D\u00e9passer les fronti\u00e8res&nbsp;\u00bb. La Francophonie, langue partag\u00e9e par 300 millions de locuteurs \/ locutrices \u00e0 travers le monde, sur les cinq continents, est en constante \u00e9volution. L\u2019\u00e9dition 2023 illustrera cette diversit\u00e9&nbsp;en Slovaquie par [&hellip;]\" \/>\n<meta property=\"og:url\" content=\"https:\/\/institutfrancais.sk\/fr\/journees-de-la-francophonie-2023\/\" \/>\n<meta property=\"og:site_name\" content=\"Franc\u00fazsky in\u0161tit\u00fat na Slovensku\" \/>\n<meta property=\"article:modified_time\" content=\"2023-03-22T15:17:39+00:00\" \/>\n<meta property=\"og:image\" content=\"https:\/\/institutfrancais.sk\/wp-content\/uploads\/2023\/02\/JF-2023-Web-and-FB-event-Banner-FR-Simple.png\" \/>\n\t<meta property=\"og:image:width\" content=\"1920\" \/>\n\t<meta property=\"og:image:height\" content=\"1080\" \/>\n\t<meta property=\"og:image:type\" content=\"image\/png\" \/>\n<meta name=\"twitter:card\" content=\"summary_large_image\" \/>\n<meta name=\"twitter:label1\" content=\"Dur\u00e9e de lecture estim\u00e9e\" \/>\n\t<meta name=\"twitter:data1\" content=\"2 minutes\" \/>\n<script type=\"application\/ld+json\" class=\"yoast-schema-graph\">{\"@context\":\"https:\/\/schema.org\",\"@graph\":[{\"@type\":\"WebPage\",\"@id\":\"https:\/\/institutfrancais.sk\/fr\/journees-de-la-francophonie-2023\/\",\"url\":\"https:\/\/institutfrancais.sk\/fr\/journees-de-la-francophonie-2023\/\",\"name\":\"Journ\u00e9es de la Francophonie 2023 - Franc\u00fazsky in\u0161tit\u00fat na Slovensku\",\"isPartOf\":{\"@id\":\"https:\/\/institutfrancais.sk\/fr\/#website\"},\"primaryImageOfPage\":{\"@id\":\"https:\/\/institutfrancais.sk\/fr\/journees-de-la-francophonie-2023\/#primaryimage\"},\"image\":{\"@id\":\"https:\/\/institutfrancais.sk\/fr\/journees-de-la-francophonie-2023\/#primaryimage\"},\"thumbnailUrl\":\"https:\/\/institutfrancais.sk\/wp-content\/uploads\/2023\/02\/JF-2023-Web-and-FB-event-Banner-FR-Simple.png\",\"datePublished\":\"2023-02-17T16:07:38+00:00\",\"dateModified\":\"2023-03-22T15:17:39+00:00\",\"breadcrumb\":{\"@id\":\"https:\/\/institutfrancais.sk\/fr\/journees-de-la-francophonie-2023\/#breadcrumb\"},\"inLanguage\":\"fr-FR\",\"potentialAction\":[{\"@type\":\"ReadAction\",\"target\":[\"https:\/\/institutfrancais.sk\/fr\/journees-de-la-francophonie-2023\/\"]}]},{\"@type\":\"ImageObject\",\"inLanguage\":\"fr-FR\",\"@id\":\"https:\/\/institutfrancais.sk\/fr\/journees-de-la-francophonie-2023\/#primaryimage\",\"url\":\"https:\/\/institutfrancais.sk\/wp-content\/uploads\/2023\/02\/JF-2023-Web-and-FB-event-Banner-FR-Simple.png\",\"contentUrl\":\"https:\/\/institutfrancais.sk\/wp-content\/uploads\/2023\/02\/JF-2023-Web-and-FB-event-Banner-FR-Simple.png\",\"width\":1920,\"height\":1080},{\"@type\":\"BreadcrumbList\",\"@id\":\"https:\/\/institutfrancais.sk\/fr\/journees-de-la-francophonie-2023\/#breadcrumb\",\"itemListElement\":[{\"@type\":\"ListItem\",\"position\":1,\"name\":\"Home\",\"item\":\"https:\/\/institutfrancais.sk\/fr\/\"},{\"@type\":\"ListItem\",\"position\":2,\"name\":\"Journ\u00e9es de la Francophonie 2023\"}]},{\"@type\":\"WebSite\",\"@id\":\"https:\/\/institutfrancais.sk\/fr\/#website\",\"url\":\"https:\/\/institutfrancais.sk\/fr\/\",\"name\":\"Franc\u00fazsky in\u0161tit\u00fat na Slovensku\",\"description\":\"Franc\u00fazsky in\u0161tit\u00fat na Slovensku\",\"potentialAction\":[{\"@type\":\"SearchAction\",\"target\":{\"@type\":\"EntryPoint\",\"urlTemplate\":\"https:\/\/institutfrancais.sk\/fr\/?s={search_term_string}\"},\"query-input\":{\"@type\":\"PropertyValueSpecification\",\"valueRequired\":true,\"valueName\":\"search_term_string\"}}],\"inLanguage\":\"fr-FR\"}]}<\/script>\n<!-- \/ Yoast SEO plugin. -->","yoast_head_json":{"title":"Journ\u00e9es de la Francophonie 2023 - Franc\u00fazsky in\u0161tit\u00fat na Slovensku","robots":{"index":"index","follow":"follow","max-snippet":"max-snippet:-1","max-image-preview":"max-image-preview:large","max-video-preview":"max-video-preview:-1"},"canonical":"https:\/\/institutfrancais.sk\/fr\/journees-de-la-francophonie-2023\/","og_locale":"fr_FR","og_type":"article","og_title":"Journ\u00e9es de la Francophonie 2023 - Franc\u00fazsky in\u0161tit\u00fat na Slovensku","og_description":"Des Journ\u00e9es pour \u00ab&nbsp;D\u00e9passer les fronti\u00e8res&nbsp;\u00bb Les Journ\u00e9es de la Francophonie 2023 inviteront le grand public, les publics scolaire et universitaire, \u00e0 \u00ab&nbsp;D\u00e9passer les fronti\u00e8res&nbsp;\u00bb. La Francophonie, langue partag\u00e9e par 300 millions de locuteurs \/ locutrices \u00e0 travers le monde, sur les cinq continents, est en constante \u00e9volution. L\u2019\u00e9dition 2023 illustrera cette diversit\u00e9&nbsp;en Slovaquie par [&hellip;]","og_url":"https:\/\/institutfrancais.sk\/fr\/journees-de-la-francophonie-2023\/","og_site_name":"Franc\u00fazsky in\u0161tit\u00fat na Slovensku","article_modified_time":"2023-03-22T15:17:39+00:00","og_image":[{"width":1920,"height":1080,"url":"https:\/\/institutfrancais.sk\/wp-content\/uploads\/2023\/02\/JF-2023-Web-and-FB-event-Banner-FR-Simple.png","type":"image\/png"}],"twitter_card":"summary_large_image","twitter_misc":{"Dur\u00e9e de lecture estim\u00e9e":"2 minutes"},"schema":{"@context":"https:\/\/schema.org","@graph":[{"@type":"WebPage","@id":"https:\/\/institutfrancais.sk\/fr\/journees-de-la-francophonie-2023\/","url":"https:\/\/institutfrancais.sk\/fr\/journees-de-la-francophonie-2023\/","name":"Journ\u00e9es de la Francophonie 2023 - Franc\u00fazsky in\u0161tit\u00fat na Slovensku","isPartOf":{"@id":"https:\/\/institutfrancais.sk\/fr\/#website"},"primaryImageOfPage":{"@id":"https:\/\/institutfrancais.sk\/fr\/journees-de-la-francophonie-2023\/#primaryimage"},"image":{"@id":"https:\/\/institutfrancais.sk\/fr\/journees-de-la-francophonie-2023\/#primaryimage"},"thumbnailUrl":"https:\/\/institutfrancais.sk\/wp-content\/uploads\/2023\/02\/JF-2023-Web-and-FB-event-Banner-FR-Simple.png","datePublished":"2023-02-17T16:07:38+00:00","dateModified":"2023-03-22T15:17:39+00:00","breadcrumb":{"@id":"https:\/\/institutfrancais.sk\/fr\/journees-de-la-francophonie-2023\/#breadcrumb"},"inLanguage":"fr-FR","potentialAction":[{"@type":"ReadAction","target":["https:\/\/institutfrancais.sk\/fr\/journees-de-la-francophonie-2023\/"]}]},{"@type":"ImageObject","inLanguage":"fr-FR","@id":"https:\/\/institutfrancais.sk\/fr\/journees-de-la-francophonie-2023\/#primaryimage","url":"https:\/\/institutfrancais.sk\/wp-content\/uploads\/2023\/02\/JF-2023-Web-and-FB-event-Banner-FR-Simple.png","contentUrl":"https:\/\/institutfrancais.sk\/wp-content\/uploads\/2023\/02\/JF-2023-Web-and-FB-event-Banner-FR-Simple.png","width":1920,"height":1080},{"@type":"BreadcrumbList","@id":"https:\/\/institutfrancais.sk\/fr\/journees-de-la-francophonie-2023\/#breadcrumb","itemListElement":[{"@type":"ListItem","position":1,"name":"Home","item":"https:\/\/institutfrancais.sk\/fr\/"},{"@type":"ListItem","position":2,"name":"Journ\u00e9es de la Francophonie 2023"}]},{"@type":"WebSite","@id":"https:\/\/institutfrancais.sk\/fr\/#website","url":"https:\/\/institutfrancais.sk\/fr\/","name":"Franc\u00fazsky in\u0161tit\u00fat na Slovensku","description":"Franc\u00fazsky in\u0161tit\u00fat na Slovensku","potentialAction":[{"@type":"SearchAction","target":{"@type":"EntryPoint","urlTemplate":"https:\/\/institutfrancais.sk\/fr\/?s={search_term_string}"},"query-input":{"@type":"PropertyValueSpecification","valueRequired":true,"valueName":"search_term_string"}}],"inLanguage":"fr-FR"}]}},"_links":{"self":[{"href":"https:\/\/institutfrancais.sk\/fr\/wp-json\/wp\/v2\/pages\/25788"}],"collection":[{"href":"https:\/\/institutfrancais.sk\/fr\/wp-json\/wp\/v2\/pages"}],"about":[{"href":"https:\/\/institutfrancais.sk\/fr\/wp-json\/wp\/v2\/types\/page"}],"author":[{"embeddable":true,"href":"https:\/\/institutfrancais.sk\/fr\/wp-json\/wp\/v2\/users\/14"}],"replies":[{"embeddable":true,"href":"https:\/\/institutfrancais.sk\/fr\/wp-json\/wp\/v2\/comments?post=25788"}],"version-history":[{"count":0,"href":"https:\/\/institutfrancais.sk\/fr\/wp-json\/wp\/v2\/pages\/25788\/revisions"}],"wp:featuredmedia":[{"embeddable":true,"href":"https:\/\/institutfrancais.sk\/fr\/wp-json\/wp\/v2\/media\/25789"}],"wp:attachment":[{"href":"https:\/\/institutfrancais.sk\/fr\/wp-json\/wp\/v2\/media?parent=25788"}],"curies":[{"name":"wp","href":"https:\/\/api.w.org\/{rel}","templated":true}]}}