{"id":30830,"date":"2024-03-01T13:26:12","date_gmt":"2024-03-01T12:26:12","guid":{"rendered":"https:\/\/institutfrancais.sk\/?page_id=30830"},"modified":"2024-03-06T11:42:12","modified_gmt":"2024-03-06T10:42:12","slug":"journees-de-la-francophonie-2024","status":"publish","type":"page","link":"https:\/\/institutfrancais.sk\/fr\/journees-de-la-francophonie-2024\/","title":{"rendered":"Journ\u00e9es de la Francophonie 2024"},"content":{"rendered":"\n<h2 class=\"wp-block-heading\">C\u00e9l\u00e9brons la \u00ab&nbsp;Francophonie plurielle&nbsp;\u00bb<\/h2>\n\n\n\n<p style=\"font-size:16px;letter-spacing:0px\">Chers francophones,<\/p>\n\n\n\n<p style=\"font-size:16px;letter-spacing:0px\">Comme chaque ann\u00e9e, le mois de mars est d\u00e9di\u00e9 \u00e0 la Francophonie.&nbsp;<\/p>\n\n\n\n<p style=\"font-size:16px;letter-spacing:0px\">La Francophonie est une communaut\u00e9 linguistique compos\u00e9e de personnes qui partagent une langue mondiale, le fran\u00e7ais, non pas la plus parl\u00e9e, mais la plus r\u00e9pandue et la plus enseign\u00e9e, apr\u00e8s l\u2019anglais.&nbsp;<\/p>\n\n\n\n<p style=\"font-size:16px;letter-spacing:0px\">Comme le dit si bien l\u2019acad\u00e9micienne Barbara Cassin : la langue est notre seule demeure. &nbsp;&nbsp;<\/p>\n\n\n\n<p style=\"font-size:16px;letter-spacing:0px\">Et cette maison, la langue fran\u00e7aise, les amoureux de&nbsp;toutes les&nbsp;cultures francophones&nbsp;peuvent la partager&nbsp;\u00e0 travers la Slovaquie,&nbsp;gr\u00e2ce \u00e0 un programme vari\u00e9&nbsp;que nous vous avons pr\u00e9par\u00e9, en partenariat avec les Alliances fran\u00e7aises de Banska Bystrica et de Kosice.<\/p>\n\n\n\n<p style=\"font-size:16px;letter-spacing:0px\">Nous attirons votre attention particuli\u00e8re sur l&rsquo;exposition \u00ab\u00a0Rimbaud l&rsquo;explorateur\u00a0\u00bb qui se tiendra dans la galerie de l&rsquo;Institut fran\u00e7ais de Slovaquie du 5 au 28 mars.<\/p>\n\n\n\n<p style=\"font-size:16px;letter-spacing:0px\">Parmi les nombreux autres \u00e9v\u00e9nements, vous d\u00e9couvrirez, pour la premi\u00e8re fois en Slovaquie, le Choix Goncourt, ainsi que, comme chaque ann\u00e9e, le Forum \u00e9tudiants-entreprises.<\/p>\n\n\n\n<p style=\"font-size:16px;letter-spacing:0px\">Nous sommes \u00e9galement fiers d&rsquo;\u00eatre partenaire de l&rsquo;exposition du Groupe VAL \u00e0 la Galerie de la Radio slovaque, c\u00e9l\u00e9brant le 90e anniversaire de l&rsquo;artiste Alex Mlynarcik.&nbsp;<\/p>\n\n\n\n<p style=\"font-size:16px;letter-spacing:0px\">Enfin, n\u2019oubliez pas que la&nbsp;Journ\u00e9e portes ouvertes de l\u2019IFS se tiendra le 20 mars, avec des cours de d\u00e9monstration de fran\u00e7ais et des activit\u00e9s pour les enfants.&nbsp;<\/p>\n\n\n\n<p style=\"font-size:16px;letter-spacing:0px\">Vous pourrez vous inscrire au trimestre de cours de langue pour tous les niveaux, avec la possibilit\u00e9 d\u2019obtenir un dipl\u00f4me.<\/p>\n\n\n\n<p style=\"font-size:16px;letter-spacing:0px\">Par ailleurs, la Journ\u00e9e portes ouvertes de l\u2019Ecole fran\u00e7aise internationale de Bratislava (EFIB) se tiendra le 16 mars.<\/p>\n\n\n\n<p style=\"font-size:16px\">Olivier FAVRY, Directeur et Conseiller de Coop\u00e9ration et d\u2019Action Culturelle<\/p>\n\n\n<div class=\"space sm\"><\/div>\n\n\n<h2 class=\"wp-block-heading\"> Les Journ\u00e9es de la Francophonie \u00e0 Bratislava<\/h2>\n\n\n<\/div><div class=\"lines-bg lines-bg-threeleft-g\"><div class=\"lines-bg lines-bg-absolute lines-bg-oneright-g\"><\/div><div class=\"wrap\"><div class=\"events articles-events\"><div class=\"row\"><div class=\"col-md-6 col-lg-4\"><a href=\"https:\/\/institutfrancais.sk\/fr\/podujatie\/exposition-rimbaud-explorateur-photographies-du-poete-vagabond\/\" class=\"event \"><div class=\"bg\"><div class=\"bghdn\"><div class=\"img\" style=\"background-image:url(https:\/\/institutfrancais.sk\/wp-content\/uploads\/2024\/02\/Etienne_Carjat_-_Portrait_dArthur_Rimbaud-v2.jpg)\"><\/div><\/div><span class=\"type\">exposition<\/span><\/div><div class=\"content\"><div class=\"meta\"><strong class=\"color-green\">5.3. &#8211;&nbsp;28.2.<\/strong><\/div><h3>Exposition \u00ab\u00a0Rimbaud, Explorateur \u2013 Photographies du po\u00e8te vagabond\u00a0\u00bb<\/h3><\/div><\/a><\/div><div class=\"col-md-6 col-lg-4\"><a href=\"https:\/\/institutfrancais.sk\/fr\/podujatie\/projection-du-film-tambour-battant\/\" class=\"event \"><div class=\"bg\"><div class=\"bghdn\"><div class=\"img\" style=\"background-image:url(https:\/\/institutfrancais.sk\/wp-content\/uploads\/2024\/03\/images-682x1024.jpg)\"><\/div><\/div><span class=\"type\">cin\u00e9ma\/film<\/span><\/div><div class=\"content\"><div class=\"meta\"><strong class=\"color-green\">7.3.<\/strong> | <span class=\"color-black\">17:30<\/span><\/div><h3>Projection du film \/ Tambour battant\u00a0<\/h3><\/div><\/a><\/div><div class=\"col-md-6 col-lg-4\"><a href=\"https:\/\/institutfrancais.sk\/fr\/podujatie\/lisez-vous-le-belge-belgitude-en-slovaquie\/\" class=\"event \"><div class=\"bg\"><div class=\"bghdn\"><div class=\"img\" style=\"background-image:url(https:\/\/institutfrancais.sk\/wp-content\/uploads\/2025\/02\/Instagram-post-Lisez-vous-le-belge-Univerzitna-kniznica-v-Bratislave-UKB-537x537.png)\"><\/div><\/div><span class=\"type\">litt\u00e9rature<\/span><\/div><div class=\"content\"><div class=\"meta\"><strong class=\"color-green\">7.3.<\/strong><\/div><h3>\u00ab\u00a0Lisez-vous le belge ?\u00a0\u00bb \u2013 Belgitude en Slovaquie\u00a0<\/h3><\/div><\/a><\/div><\/div><\/div><\/div><\/div><div class=\"wrap narrow-wrap\">\n\n<\/div><div class=\"lines-bg lines-bg-threeleft-g\"><div class=\"lines-bg lines-bg-absolute lines-bg-oneright-g\"><\/div><div class=\"wrap\"><div class=\"events articles-events\"><div class=\"row\"><div class=\"col-md-6 col-lg-4\"><a href=\"https:\/\/institutfrancais.sk\/fr\/podujatie\/groupe-val-voies-et-aspects-du-lendemain-viera-meckova-alex-mlynarcik-ludovit-kupkovic-a-la-galerie-de-la-radio-slovaque\/\" class=\"event \"><div class=\"bg\"><div class=\"bghdn\"><div class=\"img\" style=\"background-image:url(https:\/\/institutfrancais.sk\/wp-content\/uploads\/2024\/02\/VAL-front-page-760x1024.png)\"><\/div><\/div><span class=\"type\">exposition<\/span><\/div><div class=\"content\"><div class=\"meta\"><strong class=\"color-green\">12.3. &#8211;&nbsp;26.4.<\/strong><\/div><h3>VAL : Voies et aspects du lendemain \/ Viera Meckov\u00e1, Alex Mlyn\u00e1r\u010dik, \u013dudov\u00edt Kupkovi\u010d \/ \u2013 l&rsquo;ultime exposition de la Galerie de la Radio Slovaque<\/h3><\/div><\/a><\/div><div class=\"col-md-6 col-lg-4\"><a href=\"https:\/\/institutfrancais.sk\/fr\/podujatie\/choix-goncourt\/\" class=\"event \"><div class=\"bg\"><div class=\"bghdn\"><div class=\"img\" style=\"background-image:url(https:\/\/institutfrancais.sk\/wp-content\/uploads\/2024\/03\/CHOIX-GONCOURT-SLOVAQUIE-1024x1024.png)\"><\/div><\/div><span class=\"type\">litt\u00e9rature<\/span><\/div><div class=\"content\"><div class=\"meta\"><strong class=\"color-green\">13.3.<\/strong> | <span class=\"color-black\">13:30<\/span><\/div><h3>Choix Goncourt<\/h3><\/div><\/a><\/div><div class=\"col-md-6 col-lg-4\"><a href=\"https:\/\/institutfrancais.sk\/fr\/podujatie\/atelier-de-realite-virtuelle\/\" class=\"event \"><div class=\"bg\"><div class=\"bghdn\"><div class=\"img\" style=\"background-image:url(https:\/\/institutfrancais.sk\/wp-content\/uploads\/2023\/10\/VR-mars-1024x1024.png)\"><\/div><\/div><span class=\"type\">rencontre<\/span><\/div><div class=\"content\"><div class=\"meta\"><strong class=\"color-green\">16.3.<\/strong> | <span class=\"color-black\">09:15<\/span><\/div><h3>Atelier de r\u00e9alit\u00e9 virtuelle \/ Espace<\/h3><\/div><\/a><\/div><div class=\"col-md-6 col-lg-4\"><a href=\"https:\/\/institutfrancais.sk\/fr\/podujatie\/forum-etudiants-entreprises\/\" class=\"event \"><div class=\"bg\"><div class=\"bghdn\"><div class=\"img\" style=\"background-image:url(https:\/\/institutfrancais.sk\/wp-content\/uploads\/2026\/02\/FEE-FR-JPG-537x302.jpg)\"><\/div><\/div><span class=\"type\">conf\u00e9rence\/d\u00e9bat<\/span><\/div><div class=\"content\"><div class=\"meta\"><strong class=\"color-green\">20.3.<\/strong> | <span class=\"color-black\">08:30<\/span><\/div><h3>Forum \u00c9tudiants &#8211;&nbsp;Entreprises<\/h3><\/div><\/a><\/div><div class=\"col-md-6 col-lg-4\"><a href=\"https:\/\/institutfrancais.sk\/fr\/podujatie\/erasmus-a-la-croisee-des-chemins\/\" class=\"event \"><div class=\"bg\"><div class=\"bghdn\"><div class=\"img\" style=\"background-image:url(https:\/\/institutfrancais.sk\/wp-content\/uploads\/2024\/03\/ERASMUS-1024x858.png)\"><\/div><\/div><span class=\"type\">rencontre<\/span><\/div><div class=\"content\"><div class=\"meta\"><strong class=\"color-green\">20.3.<\/strong> | <span class=\"color-black\">13:30<\/span><\/div><h3>Rencontre \/ Erasmus \u00e0 la crois\u00e9e des chemins<\/h3><\/div><\/a><\/div><div class=\"col-md-6 col-lg-4\"><a href=\"https:\/\/institutfrancais.sk\/fr\/podujatie\/journee-portes-ouvertes-de-linstitut-francais\/\" class=\"event \"><div class=\"bg\"><div class=\"bghdn\"><div class=\"img\" style=\"background-image:url(https:\/\/institutfrancais.sk\/wp-content\/uploads\/2020\/01\/JPO-Facebook-Cover-1024x577.png)\"><\/div><\/div><span class=\"type\">rencontre<\/span><\/div><div class=\"content\"><div class=\"meta\"><strong class=\"color-green\">20.3.<\/strong> | <span class=\"color-black\">15:00<\/span><\/div><h3>Journ\u00e9e Portes Ouvertes de l&rsquo;Institut fran\u00e7ais<\/h3><\/div><\/a><\/div><div class=\"col-md-6 col-lg-4\"><a href=\"https:\/\/institutfrancais.sk\/fr\/podujatie\/concours-video-chansons-francophones-quand-tu-te-prends-pour-une-artiste\/\" class=\"event \"><div class=\"bg\"><div class=\"bghdn\"><div class=\"img\" style=\"background-image:url(https:\/\/institutfrancais.sk\/wp-content\/uploads\/2024\/02\/projet-Francophonie-2024-SK-1_page-0001-1024x1003.jpg)\"><\/div><\/div><span class=\"type\">jeu-concours\/quiz<\/span><\/div><div class=\"content\"><div class=\"meta\"><strong class=\"color-green\">20.3.<\/strong><\/div><h3>Remise des prix du concours vid\u00e9o \/ Chansons francophones &#8211;&nbsp;quand tu te prends pour un(e) artiste!<\/h3><\/div><\/a><\/div><div class=\"col-md-6 col-lg-4\"><a href=\"https:\/\/institutfrancais.sk\/fr\/podujatie\/la-soiree-du-film-canadien-projection-du-film-dounia-et-la-princesse-dalep\/\" class=\"event \"><div class=\"bg\"><div class=\"bghdn\"><div class=\"img\" style=\"background-image:url(https:\/\/institutfrancais.sk\/wp-content\/uploads\/2024\/03\/5134260.jpg-c_310_420_x-f_jpg-q_x-xxyxx-1024x894.jpg)\"><\/div><\/div><span class=\"type\">cin\u00e9ma\/film<\/span><\/div><div class=\"content\"><div class=\"meta\"><strong class=\"color-green\">20.3.<\/strong> | <span class=\"color-black\">18:00<\/span><\/div><h3>La soir\u00e9e du film canadien \/ projection du film \u00ab\u00a0Dounia et la princesse d&rsquo;Alep\u00a0\u00bb<\/h3><\/div><\/a><\/div><div class=\"col-md-6 col-lg-4\"><a href=\"https:\/\/institutfrancais.sk\/fr\/podujatie\/heure-du-conte-francophone-a-la-mediatheque\/\" class=\"event \"><div class=\"bg\"><div class=\"bghdn\"><div class=\"img\" style=\"background-image:url(https:\/\/institutfrancais.sk\/wp-content\/uploads\/2022\/02\/CONTE-mars-1024x1024.png)\"><\/div><\/div><span class=\"type\">enfants<\/span><\/div><div class=\"content\"><div class=\"meta\"><strong class=\"color-green\">23.3.<\/strong> | <span class=\"color-black\">10:00<\/span><\/div><h3>Heure du conte \/ Lulu la Tortue<\/h3><\/div><\/a><\/div><div class=\"col-md-6 col-lg-4\"><a href=\"https:\/\/institutfrancais.sk\/fr\/podujatie\/comedie-building-spectacle\/\" class=\"event \"><div class=\"bg\"><div class=\"bghdn\"><div class=\"img\" style=\"background-image:url(https:\/\/institutfrancais.sk\/wp-content\/uploads\/2024\/03\/ComedieBuilding-1024x577.png)\"><\/div><\/div><span class=\"type\">spectacle<\/span><\/div><div class=\"content\"><div class=\"meta\"><strong class=\"color-green\">27.3.<\/strong> | <span class=\"color-black\">19:30<\/span><\/div><h3>COM\u00c9DIE BUILDING\u00a0\/ spectacle<\/h3><\/div><\/a><\/div><div class=\"col-md-6 col-lg-4\"><a href=\"https:\/\/institutfrancais.sk\/fr\/podujatie\/cineklub-premietanie-filmu-annie-colere\/\" class=\"event \"><div class=\"bg\"><div class=\"bghdn\"><div class=\"img\" style=\"background-image:url(https:\/\/institutfrancais.sk\/wp-content\/uploads\/2024\/03\/C-2-537x537.png)\"><\/div><\/div><span class=\"type\">cin\u00e9ma\/film<\/span><\/div><div class=\"content\"><div class=\"meta\"><strong class=\"color-green\">24.4.<\/strong> | <span class=\"color-black\">18:30<\/span><\/div><h3>Cin\u00e9club \/ Le Cours de la vie<\/h3><\/div><\/a><\/div><\/div><\/div><\/div><\/div><div class=\"wrap narrow-wrap\">\n\n\n<p><em>Programme sous r\u00e9serve de modifications<\/em><\/p>\n\n\n<div class=\"space sm\"><\/div>\n\n\n<h2 class=\"wp-block-heading\">Les Journ\u00e9es de la Francophonie avec les Alliances fran\u00e7aises <\/h2>\n\n\n\n<div class=\"wp-block-columns is-layout-flex wp-container-core-columns-is-layout-1 wp-block-columns-is-layout-flex\">\n<div class=\"wp-block-column is-layout-flow wp-block-column-is-layout-flow\" style=\"flex-basis:100%\"><div class=\"accordion-menu\"><a href=\"#a1-\" class=\"smooth\"><\/a><\/div><div class=\"accordion\" id=\"a85\"><div class=\"card\"><div class=\"card-header\" id=\"ha85_1\"><h3 class=\"card-opener\"><button class=\"collapsed\" type=\"button\" data-toggle=\"collapse\" data-target=\"#ca85_1\" aria-expanded=\"true\" aria-controls=\"ca85_1\">Rendez-vous \u00e0 Bansk\u00e1 Bystrica<span class=\"plus\"><svg viewBox=\"0 0 29 29\" xmlns=\"http:\/\/www.w3.org\/2000\/svg\"><path d=\"M28.2857 12.9286V16.7857C28.2857 17.3214 28.0982 17.7768 27.7232 18.1518C27.3482 18.5268 26.8929 18.7143 26.3571 18.7143H18V27.0714C18 27.6071 17.8125 28.0625 17.4375 28.4375C17.0625 28.8125 16.6071 29 16.0714 29H12.2143C11.6786 29 11.2232 28.8125 10.8482 28.4375C10.4732 28.0625 10.2857 27.6071 10.2857 27.0714V18.7143H1.92857C1.39286 18.7143 0.9375 18.5268 0.5625 18.1518C0.1875 17.7768 0 17.3214 0 16.7857V12.9286C0 12.3929 0.1875 11.9375 0.5625 11.5625C0.9375 11.1875 1.39286 11 1.92857 11H10.2857V2.64286C10.2857 2.10714 10.4732 1.65178 10.8482 1.27678C11.2232 0.901784 11.6786 0.714284 12.2143 0.714284H16.0714C16.6071 0.714284 17.0625 0.901784 17.4375 1.27678C17.8125 1.65178 18 2.10714 18 2.64286V11H26.3571C26.8929 11 27.3482 11.1875 27.7232 11.5625C28.0982 11.9375 28.2857 12.3929 28.2857 12.9286Z\"><\/svg><\/span><span class=\"minus\"><svg viewBox=\"0 0 29 8\" xmlns=\"http:\/\/www.w3.org\/2000\/svg\"><path d=\"M28.2857 1.92857V5.78571C28.2857 6.32143 28.0982 6.77679 27.7232 7.15179C27.3482 7.52679 26.8929 7.71429 26.3571 7.71429H1.92857C1.39286 7.71429 0.9375 7.52679 0.5625 7.15179C0.1875 6.77679 0 6.32143 0 5.78571V1.92857C0 1.39286 0.1875 0.937499 0.5625 0.562499C0.9375 0.1875 1.39286 0 1.92857 0H26.3571C26.8929 0 27.3482 0.1875 27.7232 0.562499C28.0982 0.937499 28.2857 1.39286 28.2857 1.92857Z\"><\/svg><\/span><\/button><\/h3><\/div><div id=\"ca85_1\" class=\"collapse\" aria-labelledby=\"ha85_1\" data-parent=\"#a85\"><div class=\"card-body\"><h3 style=\"text-align: center;\"><strong>Sport &#8211;&nbsp;Jeux olympiques<\/strong><\/h3>\n<ul>\n<li><em><strong>Entretien vid\u00e9o avec Adama Sako, repr\u00e9sentant du handball pour Tatran &#8211;&nbsp;Pre\u0161ov<\/strong><\/em>, disponible ici : <a href=\"https:\/\/www.youtube.com\/watch?v=QhYAd49zPSo\" target=\"_new\">lien vers YouTube<\/a><\/li>\n<li><em><strong>Entretien vid\u00e9o avec l&rsquo;\u00e9quipe de volley-ball f\u00e9minin VK Pirane Brusno<\/strong><\/em>, disponible ici : <a href=\"https:\/\/www.youtube.com\/watch?v=etL9vuTkYBM\" target=\"_new\">lien vers YouTube<\/a><\/li>\n<li><em><strong>5 mars 2024 \u00e0 21h00 &#8211;&nbsp;Football : Real Sociedad contre Paris SG (Ligue des champions)<\/strong> <\/em>\/<em> Banskobystrick\u00e1 Perla, Horn\u00e1 104, 974&nbsp;01 Bansk\u00e1 Bystrica<\/em><\/li>\n<li><em><strong>13 mars 2024 \u00e0 17h30 &#8211;&nbsp;Tournoi d&rsquo;\u00e9checs<\/strong><\/em> &#8211;&nbsp;Inscription : <a target=\"_new\">directionbb@afsk.sk<\/a> <em>\/ Club de Jazz U&nbsp;Franc\u00faza<\/em><\/li>\n<\/ul>\n<h3 style=\"text-align: center;\"><strong>Quiz<\/strong><\/h3>\n<ul>\n<li><strong><em>4 mars 2024 \u00e0 13h00 &#8211;&nbsp;KvizKid vol.13<\/em><\/strong><\/li>\n<\/ul>\n<p>Les enfants testeront leurs connaissances sur les sujets suivants : Ours, \u00cele, Chiffre 3. Le KvizKids est organis\u00e9 par l&rsquo;Alliance Fran\u00e7aise pour la 13e fois en langue franco-slovaque, avec une limite d&rsquo;\u00e2ge de 13 ans. Inscription : <a href=\"https:\/\/form.jotform.com\/240303667297056\" target=\"_new\">lien vers le formulaire<\/a> <em>\/ Biblioth\u00e8que scientifique d&rsquo;\u00c9tat, Lazovn\u00e1 9, Bansk\u00e1 Bystrica<\/em><\/p>\n<ul>\n<li><em><strong>26 mars 2024 \u00e0 20h00 &#8211;&nbsp;Quiz franco-slovaque vol. 19<\/strong><\/em><\/li>\n<\/ul>\n<p>Dans ce quiz, vous testerez vos connaissances avec 3 s\u00e9ries de 10 questions r\u00e9parties dans les cat\u00e9gories suivantes: Ch\u00e2teau, Chapeau, Jean. Vous pouvez vous inscrire ici : <a href=\"https:\/\/form.jotform.com\/232692847586069\" target=\"_new\">lien vers le formulaire<\/a> \/ <em>Z\u00e1hrada CNK<\/em><\/p>\n<h3 style=\"text-align: center;\"><strong>Expositions<\/strong><\/h3>\n<ul>\n<li><strong><em>6 mars &#8211;&nbsp;19 avril 2024 &#8211;&nbsp;Exposition de photographies &#8211;&nbsp;Variations sur le folklore &#8211;&nbsp;Silvia Volkov\u00e1 &amp;&nbsp;Tom\u00e1\u0161 Varga<\/em><\/strong><\/li>\n<\/ul>\n<p>Nous vous invitons au vernissage de l&rsquo;exposition qui aura lieu le 8 mars 2024 \u00e0 16h00. Programme musical : Joanna Wicik \/ <em>Biblioth\u00e8que scientifique d&rsquo;\u00c9tat, Lazovn\u00e1 9, Bansk\u00e1 Bystrica<\/em><\/p>\n<ul>\n<li><em><strong>15 mars 2024 &#8211;&nbsp;Exposition itin\u00e9rante de dessins\/peintures\/collages sur les Jeux olympiques intitul\u00e9e \u00ab\u00a0Moi aux Jeux Olympiques\u00a0\u00bb<\/strong><\/em> \/ <em>Europa SC<\/em><\/li>\n<li><strong><em>23 mars 2024 &#8211;&nbsp;26 avril 2024 &#8211;&nbsp;Exposition sur l&rsquo;histoire des Jeux olympiques &#8211;&nbsp;\u00ab\u00a0Histoire, sport et citoyennet\u00e9\u00a0\u00bb (CASDEN)<\/em><\/strong><\/li>\n<\/ul>\n<p>Nous vous invitons au vernissage de l&rsquo;exposition qui aura lieu le 22 mars \u00e0 10h00 au Lyc\u00e9e Jozef Gregor Tajovsk\u00fd.<\/p>\n<h3 style=\"text-align: center;\"><strong>Concerts et danse<\/strong><\/h3>\n<ul>\n<li><em><strong>9 mars 2024 &#8211;&nbsp;Chef Nomade + Concert de Billyan + Groupe SPF<\/strong> \/ Horn\u00e1 Mi\u010din\u00e1<\/em><\/li>\n<li><em><strong>15 mars &#8211;&nbsp;17 mars &#8211;&nbsp;Jours fran\u00e7ais<\/strong><\/em> &#8211;&nbsp;Cr\u00eapes, chocolat, quiz, exposition, danse, stand GJGT, performance des groupes participant \u00e0 la comp\u00e9tition Spievam po&nbsp;franc\u00fazsky (de 15h00 \u00e0 18h00) \/<em> Europa SC<\/em><\/li>\n<li><strong><em>16 avril 2024 \u00e0 18h30 &#8211;&nbsp;Concert La balle du chien (France) + Introduction : Ambr\u00f3zi Andrej Gust\u00e1v (piano)<\/em> <\/strong><em>\/ Club de Jazz U&nbsp;Franc\u00faza<\/em><\/li>\n<li><em><strong>22 avril 2024 \u00e0 19h30 &#8211;&nbsp;Concert d&rsquo;orgue : Vivat vox organi &#8211;&nbsp;Michael Matthes (FR)<\/strong> <\/em>\/ <em>\u00c9glise \u00e9vang\u00e9lique<\/em><\/li>\n<\/ul>\n<h3 style=\"text-align: center;\"><strong>Gastronomie<\/strong><\/h3>\n<ul>\n<li><strong><em>19 mars 2024 \u00e0 18h30 &#8211;&nbsp;Pr\u00e9sentation et d\u00e9gustation du chocolat<\/em><\/strong> &#8211;&nbsp;Samim Elciler \u00ab\u00a0chocolates\u00a0\u00bb \/ <em>Club de Jazz U&nbsp;Franc\u00faza<\/em><\/li>\n<li><em><strong>12 avril 2024 \u00e0 19h00 &#8211;&nbsp;Soir\u00e9e Couscous<\/strong><\/em> &#8211;&nbsp;R\u00e9servations sur : <a target=\"_new\">directionbb@afsk.sk<\/a>, prix du d\u00eener : 10 euros \/ Bistro au <em>Club de Jazz U&nbsp;Franc\u00faza<\/em><\/li>\n<\/ul>\n<h3 style=\"text-align: center;\"><strong>Concours<\/strong><\/h3>\n<ul>\n<li><strong><em>20 mars 2024 &#8211;&nbsp;Concours La plume d&rsquo;or<\/em> <\/strong>\/ <em>Alliance fran\u00e7aise de Bansk\u00e1 Bystrica<\/em><\/li>\n<li><strong><em>5 avril 2024 &#8211;&nbsp;Demi-finale du concours Spievam po&nbsp;franc\u00fazsky<\/em><\/strong>\/<em> Z\u00e1hrada\u00a0CNK<\/em><\/li>\n<\/ul>\n<h3 style=\"text-align: center;\"><strong>Jeux<\/strong><\/h3>\n<ul>\n<li><em><strong>24 avril 2024 \u00e0 18h30 &#8211;&nbsp;Soir\u00e9e de jeux de soci\u00e9t\u00e9 avec Julien<\/strong><\/em> &#8211;&nbsp;Entr\u00e9e libre \/ <em>Club de Jazz U&nbsp;Franc\u00faza<\/em><\/li>\n<\/ul>\n<h4><strong>Suivez l&rsquo;Alliance Fran\u00e7aise Bansk\u00e1 Bystrica :\u00a0<\/strong><\/h4>\n<ul>\n<li><strong><a href=\"https:\/\/www.afsk.sk\/index.php?lang=sk\">www.afsk.sk<\/a><\/strong><\/li>\n<li><strong><a href=\"https:\/\/www.facebook.com\/af.debanskabystrica\">Facebook\u00a0<\/a><\/strong><\/li>\n<li><strong><a href=\"https:\/\/www.instagram.com\/alliancefrancaisebb\/\">Instagram<\/a><\/strong><\/li>\n<\/ul>\n\n\t\t<style type=\"text\/css\">\n\t\t\t#gallery-1 {\n\t\t\t\tmargin: auto;\n\t\t\t}\n\t\t\t#gallery-1 .gallery-item {\n\t\t\t\tfloat: left;\n\t\t\t\tmargin-top: 10px;\n\t\t\t\ttext-align: center;\n\t\t\t\twidth: 33%;\n\t\t\t}\n\t\t\t#gallery-1 img {\n\t\t\t\tborder: 2px solid #cfcfcf;\n\t\t\t}\n\t\t\t#gallery-1 .gallery-caption {\n\t\t\t\tmargin-left: 0;\n\t\t\t}\n\t\t\t\/* see gallery_shortcode() in wp-includes\/media.php *\/\n\t\t<\/style>\n\t\t<div id='gallery-1' class='gallery galleryid-30830 gallery-columns-3 gallery-size-thumbnail'><dl class='gallery-item'>\n\t\t\t<dt class='gallery-icon portrait'>\n\t\t\t\t<a href='https:\/\/institutfrancais.sk\/fr\/journees-de-la-francophonie-2024\/francophonie-afbb-2024\/'><img loading=\"lazy\" decoding=\"async\" width=\"150\" height=\"150\" src=\"https:\/\/institutfrancais.sk\/wp-content\/uploads\/2024\/03\/Francophonie-AFBB-2024-150x150.png\" class=\"attachment-thumbnail size-thumbnail\" alt=\"\" \/><\/a>\n\t\t\t<\/dt><\/dl><dl class='gallery-item'>\n\t\t\t<dt class='gallery-icon landscape'>\n\t\t\t\t<a href='https:\/\/institutfrancais.sk\/fr\/journees-de-la-francophonie-2024\/7-11\/'><img loading=\"lazy\" decoding=\"async\" width=\"150\" height=\"150\" src=\"https:\/\/institutfrancais.sk\/wp-content\/uploads\/2024\/03\/7-150x150.jpg\" class=\"attachment-thumbnail size-thumbnail\" alt=\"\" \/><\/a>\n\t\t\t<\/dt><\/dl><dl class='gallery-item'>\n\t\t\t<dt class='gallery-icon landscape'>\n\t\t\t\t<a href='https:\/\/institutfrancais.sk\/fr\/journees-de-la-francophonie-2024\/5-14\/'><img loading=\"lazy\" decoding=\"async\" width=\"150\" height=\"150\" src=\"https:\/\/institutfrancais.sk\/wp-content\/uploads\/2024\/03\/5-150x150.jpg\" class=\"attachment-thumbnail size-thumbnail\" alt=\"\" \/><\/a>\n\t\t\t<\/dt><\/dl><br style=\"clear: both\" \/><dl class='gallery-item'>\n\t\t\t<dt class='gallery-icon portrait'>\n\t\t\t\t<a href='https:\/\/institutfrancais.sk\/fr\/journees-de-la-francophonie-2024\/12-5\/'><img loading=\"lazy\" decoding=\"async\" width=\"150\" height=\"150\" src=\"https:\/\/institutfrancais.sk\/wp-content\/uploads\/2024\/03\/12-150x150.png\" class=\"attachment-thumbnail size-thumbnail\" alt=\"\" \/><\/a>\n\t\t\t<\/dt><\/dl><dl class='gallery-item'>\n\t\t\t<dt class='gallery-icon portrait'>\n\t\t\t\t<a href='https:\/\/institutfrancais.sk\/fr\/journees-de-la-francophonie-2024\/6-11\/'><img loading=\"lazy\" decoding=\"async\" width=\"150\" height=\"150\" src=\"https:\/\/institutfrancais.sk\/wp-content\/uploads\/2024\/03\/6-150x150.jpg\" class=\"attachment-thumbnail size-thumbnail\" alt=\"\" \/><\/a>\n\t\t\t<\/dt><\/dl><dl class='gallery-item'>\n\t\t\t<dt class='gallery-icon portrait'>\n\t\t\t\t<a href='https:\/\/institutfrancais.sk\/fr\/journees-de-la-francophonie-2024\/2-13\/'><img loading=\"lazy\" decoding=\"async\" width=\"150\" height=\"150\" src=\"https:\/\/institutfrancais.sk\/wp-content\/uploads\/2024\/03\/2-150x150.jpg\" class=\"attachment-thumbnail size-thumbnail\" alt=\"\" \/><\/a>\n\t\t\t<\/dt><\/dl><br style=\"clear: both\" \/><dl class='gallery-item'>\n\t\t\t<dt class='gallery-icon landscape'>\n\t\t\t\t<a href='https:\/\/institutfrancais.sk\/fr\/journees-de-la-francophonie-2024\/13-3\/'><img loading=\"lazy\" decoding=\"async\" width=\"150\" height=\"150\" src=\"https:\/\/institutfrancais.sk\/wp-content\/uploads\/2024\/03\/13-150x150.jpg\" class=\"attachment-thumbnail size-thumbnail\" alt=\"\" \/><\/a>\n\t\t\t<\/dt><\/dl><dl class='gallery-item'>\n\t\t\t<dt class='gallery-icon portrait'>\n\t\t\t\t<a href='https:\/\/institutfrancais.sk\/fr\/journees-de-la-francophonie-2024\/14-3\/'><img loading=\"lazy\" decoding=\"async\" width=\"150\" height=\"150\" src=\"https:\/\/institutfrancais.sk\/wp-content\/uploads\/2024\/03\/14-150x150.jpg\" class=\"attachment-thumbnail size-thumbnail\" alt=\"\" \/><\/a>\n\t\t\t<\/dt><\/dl><dl class='gallery-item'>\n\t\t\t<dt class='gallery-icon landscape'>\n\t\t\t\t<a href='https:\/\/institutfrancais.sk\/fr\/journees-de-la-francophonie-2024\/4-16\/'><img loading=\"lazy\" decoding=\"async\" width=\"150\" height=\"150\" src=\"https:\/\/institutfrancais.sk\/wp-content\/uploads\/2024\/03\/4-150x150.png\" class=\"attachment-thumbnail size-thumbnail\" alt=\"\" \/><\/a>\n\t\t\t<\/dt><\/dl><br style=\"clear: both\" \/><dl class='gallery-item'>\n\t\t\t<dt class='gallery-icon landscape'>\n\t\t\t\t<a href='https:\/\/institutfrancais.sk\/fr\/journees-de-la-francophonie-2024\/15-3\/'><img loading=\"lazy\" decoding=\"async\" width=\"150\" height=\"150\" src=\"https:\/\/institutfrancais.sk\/wp-content\/uploads\/2024\/03\/15-150x150.png\" class=\"attachment-thumbnail size-thumbnail\" alt=\"\" \/><\/a>\n\t\t\t<\/dt><\/dl><dl class='gallery-item'>\n\t\t\t<dt class='gallery-icon landscape'>\n\t\t\t\t<a href='https:\/\/institutfrancais.sk\/fr\/journees-de-la-francophonie-2024\/16-3\/'><img loading=\"lazy\" decoding=\"async\" width=\"150\" height=\"150\" src=\"https:\/\/institutfrancais.sk\/wp-content\/uploads\/2024\/03\/16-150x150.png\" class=\"attachment-thumbnail size-thumbnail\" alt=\"\" srcset=\"https:\/\/institutfrancais.sk\/wp-content\/uploads\/2024\/03\/16-150x150.png 150w, https:\/\/institutfrancais.sk\/wp-content\/uploads\/2024\/03\/16-300x300.png 300w, https:\/\/institutfrancais.sk\/wp-content\/uploads\/2024\/03\/16-1024x1024.png 1024w, https:\/\/institutfrancais.sk\/wp-content\/uploads\/2024\/03\/16-768x768.png 768w, https:\/\/institutfrancais.sk\/wp-content\/uploads\/2024\/03\/16-1000x1000.png 1000w, https:\/\/institutfrancais.sk\/wp-content\/uploads\/2024\/03\/16.png 1080w\" sizes=\"(max-width: 150px) 100vw, 150px\" \/><\/a>\n\t\t\t<\/dt><\/dl><dl class='gallery-item'>\n\t\t\t<dt class='gallery-icon portrait'>\n\t\t\t\t<a href='https:\/\/institutfrancais.sk\/fr\/journees-de-la-francophonie-2024\/18-3\/'><img loading=\"lazy\" decoding=\"async\" width=\"150\" height=\"150\" src=\"https:\/\/institutfrancais.sk\/wp-content\/uploads\/2024\/03\/18-150x150.png\" class=\"attachment-thumbnail size-thumbnail\" alt=\"\" \/><\/a>\n\t\t\t<\/dt><\/dl><br style=\"clear: both\" \/><dl class='gallery-item'>\n\t\t\t<dt class='gallery-icon landscape'>\n\t\t\t\t<a href='https:\/\/institutfrancais.sk\/fr\/journees-de-la-francophonie-2024\/attachment\/22\/'><img loading=\"lazy\" decoding=\"async\" width=\"150\" height=\"150\" src=\"https:\/\/institutfrancais.sk\/wp-content\/uploads\/2024\/03\/22-150x150.jpg\" class=\"attachment-thumbnail size-thumbnail\" alt=\"\" srcset=\"https:\/\/institutfrancais.sk\/wp-content\/uploads\/2024\/03\/22-150x150.jpg 150w, https:\/\/institutfrancais.sk\/wp-content\/uploads\/2024\/03\/22-300x300.jpg 300w, https:\/\/institutfrancais.sk\/wp-content\/uploads\/2024\/03\/22-1024x1024.jpg 1024w, https:\/\/institutfrancais.sk\/wp-content\/uploads\/2024\/03\/22-768x768.jpg 768w, https:\/\/institutfrancais.sk\/wp-content\/uploads\/2024\/03\/22-1000x1000.jpg 1000w, https:\/\/institutfrancais.sk\/wp-content\/uploads\/2024\/03\/22.jpg 1080w\" sizes=\"(max-width: 150px) 100vw, 150px\" \/><\/a>\n\t\t\t<\/dt><\/dl><dl class='gallery-item'>\n\t\t\t<dt class='gallery-icon landscape'>\n\t\t\t\t<a href='https:\/\/institutfrancais.sk\/fr\/journees-de-la-francophonie-2024\/20-3\/'><img loading=\"lazy\" decoding=\"async\" width=\"150\" height=\"150\" src=\"https:\/\/institutfrancais.sk\/wp-content\/uploads\/2024\/03\/20-150x150.jpg\" class=\"attachment-thumbnail size-thumbnail\" alt=\"\" \/><\/a>\n\t\t\t<\/dt><\/dl><dl class='gallery-item'>\n\t\t\t<dt class='gallery-icon landscape'>\n\t\t\t\t<a href='https:\/\/institutfrancais.sk\/fr\/journees-de-la-francophonie-2024\/3-14\/'><img loading=\"lazy\" decoding=\"async\" width=\"150\" height=\"150\" src=\"https:\/\/institutfrancais.sk\/wp-content\/uploads\/2024\/03\/3-150x150.jpg\" class=\"attachment-thumbnail size-thumbnail\" alt=\"\" \/><\/a>\n\t\t\t<\/dt><\/dl><br style=\"clear: both\" \/><dl class='gallery-item'>\n\t\t\t<dt class='gallery-icon portrait'>\n\t\t\t\t<a href='https:\/\/institutfrancais.sk\/fr\/journees-de-la-francophonie-2024\/17-3\/'><img loading=\"lazy\" decoding=\"async\" width=\"150\" height=\"150\" src=\"https:\/\/institutfrancais.sk\/wp-content\/uploads\/2024\/03\/17-150x150.jpg\" class=\"attachment-thumbnail size-thumbnail\" alt=\"\" \/><\/a>\n\t\t\t<\/dt><\/dl><dl class='gallery-item'>\n\t\t\t<dt class='gallery-icon landscape'>\n\t\t\t\t<a href='https:\/\/institutfrancais.sk\/fr\/journees-de-la-francophonie-2024\/21-3\/'><img loading=\"lazy\" decoding=\"async\" width=\"150\" height=\"150\" src=\"https:\/\/institutfrancais.sk\/wp-content\/uploads\/2024\/03\/21-150x150.jpg\" class=\"attachment-thumbnail size-thumbnail\" alt=\"\" \/><\/a>\n\t\t\t<\/dt><\/dl><dl class='gallery-item'>\n\t\t\t<dt class='gallery-icon landscape'>\n\t\t\t\t<a href='https:\/\/institutfrancais.sk\/fr\/journees-de-la-francophonie-2024\/11-4\/'><img loading=\"lazy\" decoding=\"async\" width=\"150\" height=\"150\" src=\"https:\/\/institutfrancais.sk\/wp-content\/uploads\/2024\/03\/11-150x150.jpg\" class=\"attachment-thumbnail size-thumbnail\" alt=\"\" \/><\/a>\n\t\t\t<\/dt><\/dl><br style=\"clear: both\" \/>\n\t\t<\/div>\n\n<\/div><\/div><\/div><div class=\"card\"><div class=\"card-header\" id=\"ha85_2\"><h3 class=\"card-opener\"><button class=\"collapsed\" type=\"button\" data-toggle=\"collapse\" data-target=\"#ca85_2\" aria-expanded=\"true\" aria-controls=\"ca85_2\">Rendez-vous \u00e0 Ko\u0161ice<span class=\"plus\"><svg viewBox=\"0 0 29 29\" xmlns=\"http:\/\/www.w3.org\/2000\/svg\"><path d=\"M28.2857 12.9286V16.7857C28.2857 17.3214 28.0982 17.7768 27.7232 18.1518C27.3482 18.5268 26.8929 18.7143 26.3571 18.7143H18V27.0714C18 27.6071 17.8125 28.0625 17.4375 28.4375C17.0625 28.8125 16.6071 29 16.0714 29H12.2143C11.6786 29 11.2232 28.8125 10.8482 28.4375C10.4732 28.0625 10.2857 27.6071 10.2857 27.0714V18.7143H1.92857C1.39286 18.7143 0.9375 18.5268 0.5625 18.1518C0.1875 17.7768 0 17.3214 0 16.7857V12.9286C0 12.3929 0.1875 11.9375 0.5625 11.5625C0.9375 11.1875 1.39286 11 1.92857 11H10.2857V2.64286C10.2857 2.10714 10.4732 1.65178 10.8482 1.27678C11.2232 0.901784 11.6786 0.714284 12.2143 0.714284H16.0714C16.6071 0.714284 17.0625 0.901784 17.4375 1.27678C17.8125 1.65178 18 2.10714 18 2.64286V11H26.3571C26.8929 11 27.3482 11.1875 27.7232 11.5625C28.0982 11.9375 28.2857 12.3929 28.2857 12.9286Z\"><\/svg><\/span><span class=\"minus\"><svg viewBox=\"0 0 29 8\" xmlns=\"http:\/\/www.w3.org\/2000\/svg\"><path d=\"M28.2857 1.92857V5.78571C28.2857 6.32143 28.0982 6.77679 27.7232 7.15179C27.3482 7.52679 26.8929 7.71429 26.3571 7.71429H1.92857C1.39286 7.71429 0.9375 7.52679 0.5625 7.15179C0.1875 6.77679 0 6.32143 0 5.78571V1.92857C0 1.39286 0.1875 0.937499 0.5625 0.562499C0.9375 0.1875 1.39286 0 1.92857 0H26.3571C26.8929 0 27.3482 0.1875 27.7232 0.562499C28.0982 0.937499 28.2857 1.39286 28.2857 1.92857Z\"><\/svg><\/span><\/button><\/h3><\/div><div id=\"ca85_2\" class=\"collapse\" aria-labelledby=\"ha85_2\" data-parent=\"#a85\"><div class=\"card-body\"><h3 style=\"text-align: center;\"><strong>Film<\/strong><\/h3>\n<ul>\n<li><strong><em>6 mars 2024 \u00e0 18:00 &#8211;&nbsp;Projection du film \u00ab\u00a0CHIENS DE LA CASSE\u00a0\u00bb <\/em><\/strong><em>\/ \u010cukolada (Pre\u0161ov)<\/em><\/li>\n<li><strong><em>11 mars 2024 \u00e0 18:00 &#8211;&nbsp;Projection du film \u00ab\u00a0FIFI\u00a0\u00bb \/<\/em><\/strong> <em>Taba\u010dka Kulturfabrik (Ko\u0161ice)<\/em><\/li>\n<\/ul>\n<h3 style=\"text-align: center;\"><strong>Gastronomie<\/strong><\/h3>\n<ul>\n<li><em><strong>8 mars 2024 \u00e0 17:00 &#8211;&nbsp;22:00<\/strong> <strong>&#8211;&nbsp;Atelier culinaire \u00ab\u00a0French cuisine\u00a0\u00bb<\/strong><\/em> (\u00e9cole de cuisine avec Matej Bako\u0161)\/ <em>Platz Group (Ko\u0161ice)<\/em><\/li>\n<li><em><strong>15 mars 2024 \u00e0 17:00 &#8211;&nbsp;22:00 &#8211;&nbsp;Atelier culinaire \u00ab\u00a0French cuisine\u00a0\u00bb <\/strong>(\u00e9cole de cuisine avec Matej Bako\u0161)\/ Platz Group (Ko\u0161ice)<\/em><\/li>\n<\/ul>\n<h3 style=\"text-align: center;\"><strong>Rencontres<\/strong><\/h3>\n<ul>\n<li><strong><em>8 mars 2024 \u00e0 15:00 &#8211;&nbsp;Entretien avec S\u00e1ra \u010cin\u010durov\u00e1 sur les droits des femmes en Slovaquie et dans le monde<\/em><\/strong><\/li>\n<li><strong><em>12 mars 2024 \u00e0 9:30 &#8211;&nbsp;10:30 &#8211;&nbsp;Quiz \u00ab\u00a0la France et les Fran\u00e7ais\u00a0\u00bb<\/em><\/strong><em>\/Alliance fran\u00e7aise de Ko\u0161ice<\/em><\/li>\n<li><strong><em>18 mars 2024 \u00e0 11:00 &#8211;&nbsp;Rencontre sportive avec les handballeurs francophones de Tatran Pre\u0161ov <\/em><\/strong><em>\/ Club de handball de Tatran Pre\u0161ov<\/em><\/li>\n<\/ul>\n<h3 style=\"text-align: center;\"><strong>Musique<\/strong><\/h3>\n<ul>\n<li><strong><em>21 mars 2024 \u00e0 9:00 &#8211;&nbsp;14:00 &#8211;&nbsp;Demi-finale du concours \u00ab\u00a0Spievam po&nbsp;franc\u00fazsky\u00a0\u00bb <\/em><\/strong><em>\/ Club (Ko\u0161ice)<\/em><\/li>\n<\/ul>\n<h3 style=\"text-align: center;\"><strong>Enfants<\/strong><\/h3>\n<ul>\n<li><strong><em>16 mars 2024 \u00e0 10:30 &#8211;&nbsp;12:30 &#8211;&nbsp;La francophonie des petits <\/em><\/strong><em>\/ Alliance Fran\u00e7aise de Ko\u0161ice<\/em><\/li>\n<\/ul>\n<h4><strong>Suivez l&rsquo;Alliance Fran\u00e7aise Ko\u0161ice :\u00a0<\/strong><\/h4>\n<ul>\n<li><strong><a href=\"http:\/\/afke.sk\/\">www.afke.sk<\/a><\/strong><\/li>\n<li><strong><a href=\"https:\/\/www.facebook.com\/AFKosice\">Facebook\u00a0<\/a><\/strong><\/li>\n<li><strong><a href=\"https:\/\/www.instagram.com\/alliancefrancaisekosice\/\">Instagram<\/a><\/strong><\/li>\n<\/ul>\n\n\t\t<style type=\"text\/css\">\n\t\t\t#gallery-2 {\n\t\t\t\tmargin: auto;\n\t\t\t}\n\t\t\t#gallery-2 .gallery-item {\n\t\t\t\tfloat: left;\n\t\t\t\tmargin-top: 10px;\n\t\t\t\ttext-align: center;\n\t\t\t\twidth: 33%;\n\t\t\t}\n\t\t\t#gallery-2 img {\n\t\t\t\tborder: 2px solid #cfcfcf;\n\t\t\t}\n\t\t\t#gallery-2 .gallery-caption {\n\t\t\t\tmargin-left: 0;\n\t\t\t}\n\t\t\t\/* see gallery_shortcode() in wp-includes\/media.php *\/\n\t\t<\/style>\n\t\t<div id='gallery-2' class='gallery galleryid-30830 gallery-columns-3 gallery-size-thumbnail'><dl class='gallery-item'>\n\t\t\t<dt class='gallery-icon landscape'>\n\t\t\t\t<a href='https:\/\/institutfrancais.sk\/wp-content\/uploads\/2024\/03\/2-Journee-internationale-des-droits-des-femmes.png'><img loading=\"lazy\" decoding=\"async\" width=\"150\" height=\"150\" src=\"https:\/\/institutfrancais.sk\/wp-content\/uploads\/2024\/03\/2-Journee-internationale-des-droits-des-femmes-150x150.png\" class=\"attachment-thumbnail size-thumbnail\" alt=\"\" srcset=\"https:\/\/institutfrancais.sk\/wp-content\/uploads\/2024\/03\/2-Journee-internationale-des-droits-des-femmes-150x150.png 150w, https:\/\/institutfrancais.sk\/wp-content\/uploads\/2024\/03\/2-Journee-internationale-des-droits-des-femmes-300x300.png 300w, https:\/\/institutfrancais.sk\/wp-content\/uploads\/2024\/03\/2-Journee-internationale-des-droits-des-femmes-1024x1024.png 1024w, https:\/\/institutfrancais.sk\/wp-content\/uploads\/2024\/03\/2-Journee-internationale-des-droits-des-femmes-768x768.png 768w, https:\/\/institutfrancais.sk\/wp-content\/uploads\/2024\/03\/2-Journee-internationale-des-droits-des-femmes-1000x1000.png 1000w, https:\/\/institutfrancais.sk\/wp-content\/uploads\/2024\/03\/2-Journee-internationale-des-droits-des-femmes.png 1080w\" sizes=\"(max-width: 150px) 100vw, 150px\" \/><\/a>\n\t\t\t<\/dt><\/dl><dl class='gallery-item'>\n\t\t\t<dt class='gallery-icon portrait'>\n\t\t\t\t<a href='https:\/\/institutfrancais.sk\/wp-content\/uploads\/2024\/03\/1-Chien-de-la-casse-6.3.2024-1-scaled.jpg'><img loading=\"lazy\" decoding=\"async\" width=\"150\" height=\"150\" src=\"https:\/\/institutfrancais.sk\/wp-content\/uploads\/2024\/03\/1-Chien-de-la-casse-6.3.2024-1-150x150.jpg\" class=\"attachment-thumbnail size-thumbnail\" alt=\"\" \/><\/a>\n\t\t\t<\/dt><\/dl><dl class='gallery-item'>\n\t\t\t<dt class='gallery-icon landscape'>\n\t\t\t\t<a href='https:\/\/institutfrancais.sk\/wp-content\/uploads\/2024\/03\/Programme-Francophonie_fr.png'><img loading=\"lazy\" decoding=\"async\" width=\"150\" height=\"150\" src=\"https:\/\/institutfrancais.sk\/wp-content\/uploads\/2024\/03\/Programme-Francophonie_fr-150x150.png\" class=\"attachment-thumbnail size-thumbnail\" alt=\"\" srcset=\"https:\/\/institutfrancais.sk\/wp-content\/uploads\/2024\/03\/Programme-Francophonie_fr-150x150.png 150w, https:\/\/institutfrancais.sk\/wp-content\/uploads\/2024\/03\/Programme-Francophonie_fr-300x300.png 300w, https:\/\/institutfrancais.sk\/wp-content\/uploads\/2024\/03\/Programme-Francophonie_fr-1024x1024.png 1024w, https:\/\/institutfrancais.sk\/wp-content\/uploads\/2024\/03\/Programme-Francophonie_fr-768x768.png 768w, https:\/\/institutfrancais.sk\/wp-content\/uploads\/2024\/03\/Programme-Francophonie_fr-1000x1000.png 1000w, https:\/\/institutfrancais.sk\/wp-content\/uploads\/2024\/03\/Programme-Francophonie_fr.png 1080w\" sizes=\"(max-width: 150px) 100vw, 150px\" \/><\/a>\n\t\t\t<\/dt><\/dl><br style=\"clear: both\" \/><dl class='gallery-item'>\n\t\t\t<dt class='gallery-icon portrait'>\n\t\t\t\t<a href='https:\/\/institutfrancais.sk\/wp-content\/uploads\/2024\/03\/A4-SPF-2024-KE51118.png'><img loading=\"lazy\" decoding=\"async\" width=\"150\" height=\"150\" src=\"https:\/\/institutfrancais.sk\/wp-content\/uploads\/2024\/03\/A4-SPF-2024-KE51118-150x150.png\" class=\"attachment-thumbnail size-thumbnail\" alt=\"\" \/><\/a>\n\t\t\t<\/dt><\/dl><dl class='gallery-item'>\n\t\t\t<dt class='gallery-icon landscape'>\n\t\t\t\t<a href='https:\/\/institutfrancais.sk\/wp-content\/uploads\/2024\/03\/FRANC-ET-SPORT-18-mars-2024.png'><img loading=\"lazy\" decoding=\"async\" width=\"150\" height=\"150\" src=\"https:\/\/institutfrancais.sk\/wp-content\/uploads\/2024\/03\/FRANC-ET-SPORT-18-mars-2024-150x150.png\" class=\"attachment-thumbnail size-thumbnail\" alt=\"\" srcset=\"https:\/\/institutfrancais.sk\/wp-content\/uploads\/2024\/03\/FRANC-ET-SPORT-18-mars-2024-150x150.png 150w, https:\/\/institutfrancais.sk\/wp-content\/uploads\/2024\/03\/FRANC-ET-SPORT-18-mars-2024-300x300.png 300w, https:\/\/institutfrancais.sk\/wp-content\/uploads\/2024\/03\/FRANC-ET-SPORT-18-mars-2024-1024x1024.png 1024w, https:\/\/institutfrancais.sk\/wp-content\/uploads\/2024\/03\/FRANC-ET-SPORT-18-mars-2024-768x768.png 768w, https:\/\/institutfrancais.sk\/wp-content\/uploads\/2024\/03\/FRANC-ET-SPORT-18-mars-2024-1000x1000.png 1000w, https:\/\/institutfrancais.sk\/wp-content\/uploads\/2024\/03\/FRANC-ET-SPORT-18-mars-2024.png 1080w\" sizes=\"(max-width: 150px) 100vw, 150px\" \/><\/a>\n\t\t\t<\/dt><\/dl><dl class='gallery-item'>\n\t\t\t<dt class='gallery-icon landscape'>\n\t\t\t\t<a href='https:\/\/institutfrancais.sk\/wp-content\/uploads\/2024\/03\/La-francophonie-des-petits.png'><img loading=\"lazy\" decoding=\"async\" width=\"150\" height=\"150\" src=\"https:\/\/institutfrancais.sk\/wp-content\/uploads\/2024\/03\/La-francophonie-des-petits-150x150.png\" class=\"attachment-thumbnail size-thumbnail\" alt=\"\" srcset=\"https:\/\/institutfrancais.sk\/wp-content\/uploads\/2024\/03\/La-francophonie-des-petits-150x150.png 150w, https:\/\/institutfrancais.sk\/wp-content\/uploads\/2024\/03\/La-francophonie-des-petits-300x300.png 300w, https:\/\/institutfrancais.sk\/wp-content\/uploads\/2024\/03\/La-francophonie-des-petits-1024x1024.png 1024w, https:\/\/institutfrancais.sk\/wp-content\/uploads\/2024\/03\/La-francophonie-des-petits-768x768.png 768w, https:\/\/institutfrancais.sk\/wp-content\/uploads\/2024\/03\/La-francophonie-des-petits-1000x1000.png 1000w, https:\/\/institutfrancais.sk\/wp-content\/uploads\/2024\/03\/La-francophonie-des-petits.png 1080w\" sizes=\"(max-width: 150px) 100vw, 150px\" \/><\/a>\n\t\t\t<\/dt><\/dl><br style=\"clear: both\" \/>\n\t\t<\/div>\n\n<\/div><\/div><\/div><\/div><\/div>\n<\/div>\n\n\n<div class=\"space sm\"><\/div>\n\n\n\n\n<h2 class=\"wp-block-heading\">Les coorganisateurs et partenaires <\/h2>\n\n\n\n<p><em>Les Journ\u00e9es de la Francophonie sont organis\u00e9es par l\u2019Institut fran\u00e7ais de Slovaquie, conjointement avec les Ambassades des pays membres ou membres observateurs de l\u2019OIF, le Minist\u00e8re des Affaires \u00e9trang\u00e8res de la R\u00e9publique slovaque, et les Alliances fran\u00e7aises de Bansk\u00e1 Bystrica et de Ko\u0161ice, ainsi qu\u2019avec la participation des \u00e9coles, lyc\u00e9es et universit\u00e9s slovaques et de l\u2019\u00c9cole Internationale Fran\u00e7aise de Bratislava<\/em>.<\/p>\n\n\n<\/div><div class=\"gray-bg\"><div class=\"wrap\"><div class=\"white-boxes sponsors-partners nobtn\"><h2><span>Partenaires<\/span><\/h2><div class=\"box\"><h3>Partenaires<\/h3><div class=\"owl-carousel loop\"><div class=\"img\"><picture><source srcset=\"https:\/\/institutfrancais.sk\/wp-content\/uploads\/2021\/02\/OIF-300x148.jpg\" type=\"image\/jpeg\"><img decoding=\"async\" src=\"https:\/\/institutfrancais.sk\/wp-content\/uploads\/2021\/02\/OIF-300x148.jpg\" alt=\"\"width=\"100%\"\"><\/picture><\/div><div class=\"img\"><picture><source srcset=\"https:\/\/institutfrancais.sk\/wp-content\/uploads\/2023\/02\/IF_Logo_Slovaquie_Sans-Claim_Bleu_RVB-300x201.png\" type=\"image\/jpeg\"><img decoding=\"async\" src=\"https:\/\/institutfrancais.sk\/wp-content\/uploads\/2023\/02\/IF_Logo_Slovaquie_Sans-Claim_Bleu_RVB-300x201.png\" alt=\"\"width=\"100%\"\"><\/picture><\/div><div class=\"img\"><picture><source srcset=\"https:\/\/institutfrancais.sk\/wp-content\/uploads\/2020\/09\/logoAmb-Slovaquie-300x208.png\" type=\"image\/jpeg\"><img decoding=\"async\" src=\"https:\/\/institutfrancais.sk\/wp-content\/uploads\/2020\/09\/logoAmb-Slovaquie-300x208.png\" alt=\"\"width=\"100%\"\"><\/picture><\/div><div class=\"img\"><picture><source srcset=\"https:\/\/institutfrancais.sk\/wp-content\/uploads\/2021\/02\/3-Ambassade-de-Suisse-300x118.jpg\" type=\"image\/jpeg\"><img decoding=\"async\" src=\"https:\/\/institutfrancais.sk\/wp-content\/uploads\/2021\/02\/3-Ambassade-de-Suisse-300x118.jpg\" alt=\"\"width=\"100%\"\"><\/picture><\/div><div class=\"img\"><picture><source srcset=\"https:\/\/institutfrancais.sk\/wp-content\/uploads\/2021\/02\/6-Ambassade-du-Canada-2-300x75.jpg\" type=\"image\/jpeg\"><img decoding=\"async\" src=\"https:\/\/institutfrancais.sk\/wp-content\/uploads\/2021\/02\/6-Ambassade-du-Canada-2-300x75.jpg\" alt=\"\"width=\"100%\"\"><\/picture><\/div><div class=\"img\"><picture><source srcset=\"https:\/\/institutfrancais.sk\/wp-content\/uploads\/2021\/02\/5-Walonnie-Bruxelles-International-300x168.jpg\" type=\"image\/jpeg\"><img decoding=\"async\" src=\"https:\/\/institutfrancais.sk\/wp-content\/uploads\/2021\/02\/5-Walonnie-Bruxelles-International-300x168.jpg\" alt=\"\"width=\"100%\"\"><\/picture><\/div><div class=\"img\"><picture><source srcset=\"https:\/\/institutfrancais.sk\/wp-content\/uploads\/2021\/02\/9-MZV-300x88.jpg\" type=\"image\/jpeg\"><img decoding=\"async\" src=\"https:\/\/institutfrancais.sk\/wp-content\/uploads\/2021\/02\/9-MZV-300x88.jpg\" alt=\"\"width=\"100%\"\"><\/picture><\/div><div class=\"img\"><picture><source srcset=\"https:\/\/institutfrancais.sk\/wp-content\/uploads\/2020\/01\/Logo-AF-BB-1-300x268.jpg\" type=\"image\/jpeg\"><img decoding=\"async\" src=\"https:\/\/institutfrancais.sk\/wp-content\/uploads\/2020\/01\/Logo-AF-BB-1-300x268.jpg\" alt=\"\"width=\"100%\"\"><\/picture><\/div><div class=\"img\"><picture><source srcset=\"https:\/\/institutfrancais.sk\/wp-content\/uploads\/2020\/01\/af-kosice-300x229.png\" type=\"image\/jpeg\"><img decoding=\"async\" src=\"https:\/\/institutfrancais.sk\/wp-content\/uploads\/2020\/01\/af-kosice-300x229.png\" alt=\"\"width=\"100%\"\"><\/picture><\/div><div class=\"img\"><picture><source srcset=\"https:\/\/institutfrancais.sk\/wp-content\/uploads\/2021\/02\/13-Ambassade-de-Roumanie-215x300.jpg\" type=\"image\/jpeg\"><img decoding=\"async\" src=\"https:\/\/institutfrancais.sk\/wp-content\/uploads\/2021\/02\/13-Ambassade-de-Roumanie-215x300.jpg\" alt=\"\"width=\"100%\"\"><\/picture><\/div><div class=\"img\"><picture><source srcset=\"https:\/\/institutfrancais.sk\/wp-content\/uploads\/2022\/03\/LOGO-Albanie-2-300x253.png\" type=\"image\/jpeg\"><img decoding=\"async\" src=\"https:\/\/institutfrancais.sk\/wp-content\/uploads\/2022\/03\/LOGO-Albanie-2-300x253.png\" alt=\"\"width=\"100%\"\"><\/picture><\/div><div class=\"img\"><picture><source srcset=\"https:\/\/institutfrancais.sk\/wp-content\/uploads\/2021\/02\/14-Bulharsky-kulturny-institut-300x53.jpg\" type=\"image\/jpeg\"><img decoding=\"async\" src=\"https:\/\/institutfrancais.sk\/wp-content\/uploads\/2021\/02\/14-Bulharsky-kulturny-institut-300x53.jpg\" alt=\"\"width=\"100%\"\"><\/picture><\/div><div class=\"img\"><picture><source srcset=\"https:\/\/institutfrancais.sk\/wp-content\/uploads\/2023\/02\/logo-nivam-300x108.png\" type=\"image\/jpeg\"><img decoding=\"async\" src=\"https:\/\/institutfrancais.sk\/wp-content\/uploads\/2023\/02\/logo-nivam-300x108.png\" alt=\"\"width=\"100%\"\"><\/picture><\/div><div class=\"img\"><picture><source srcset=\"https:\/\/institutfrancais.sk\/wp-content\/uploads\/2023\/02\/efib-logo.jpg\" type=\"image\/jpeg\"><img decoding=\"async\" src=\"https:\/\/institutfrancais.sk\/wp-content\/uploads\/2023\/02\/efib-logo.jpg\" alt=\"\"width=\"100%\"\"><\/picture><\/div><div class=\"img\"><picture><source srcset=\"https:\/\/institutfrancais.sk\/wp-content\/uploads\/2023\/02\/Logo-Metodova.jpg\" type=\"image\/jpeg\"><img decoding=\"async\" src=\"https:\/\/institutfrancais.sk\/wp-content\/uploads\/2023\/02\/Logo-Metodova.jpg\" alt=\"\"width=\"100%\"\"><\/picture><\/div><div class=\"img\"><picture><source srcset=\"https:\/\/institutfrancais.sk\/wp-content\/uploads\/2021\/02\/18-Section-bilingue-GJGT-212x300.jpg\" type=\"image\/jpeg\"><img decoding=\"async\" src=\"https:\/\/institutfrancais.sk\/wp-content\/uploads\/2021\/02\/18-Section-bilingue-GJGT-212x300.jpg\" alt=\"\"width=\"100%\"\"><\/picture><\/div><div class=\"img\"><picture><source srcset=\"https:\/\/institutfrancais.sk\/wp-content\/uploads\/2021\/02\/unnamed.png\" type=\"image\/jpeg\"><img decoding=\"async\" src=\"https:\/\/institutfrancais.sk\/wp-content\/uploads\/2021\/02\/unnamed.png\" alt=\"\"width=\"100%\"\"><\/picture><\/div><div class=\"img\"><picture><source srcset=\"https:\/\/institutfrancais.sk\/wp-content\/uploads\/2021\/02\/20-UMB.png\" type=\"image\/jpeg\"><img decoding=\"async\" src=\"https:\/\/institutfrancais.sk\/wp-content\/uploads\/2021\/02\/20-UMB.png\" alt=\"\"width=\"100%\"\"><\/picture><\/div><div class=\"img\"><picture><source srcset=\"https:\/\/institutfrancais.sk\/wp-content\/uploads\/2021\/02\/unnamed-300x300.jpg\" type=\"image\/jpeg\"><img decoding=\"async\" src=\"https:\/\/institutfrancais.sk\/wp-content\/uploads\/2021\/02\/unnamed-300x300.jpg\" alt=\"\"width=\"100%\"\"><\/picture><\/div><div class=\"img\"><picture><source srcset=\"https:\/\/institutfrancais.sk\/wp-content\/uploads\/2023\/02\/FAJ-EUBA-300x200.jpg\" type=\"image\/jpeg\"><img decoding=\"async\" src=\"https:\/\/institutfrancais.sk\/wp-content\/uploads\/2023\/02\/FAJ-EUBA-300x200.jpg\" alt=\"\"width=\"100%\"\"><\/picture><\/div><div class=\"img\"><picture><source srcset=\"https:\/\/institutfrancais.sk\/wp-content\/uploads\/2021\/02\/30-Universite-de-Presov.jpg\" type=\"image\/jpeg\"><img decoding=\"async\" src=\"https:\/\/institutfrancais.sk\/wp-content\/uploads\/2021\/02\/30-Universite-de-Presov.jpg\" alt=\"\"width=\"100%\"\"><\/picture><\/div><div class=\"img\"><picture><source srcset=\"https:\/\/institutfrancais.sk\/wp-content\/uploads\/2023\/02\/logo-upjs-300x300.jpg\" type=\"image\/jpeg\"><img decoding=\"async\" src=\"https:\/\/institutfrancais.sk\/wp-content\/uploads\/2023\/02\/logo-upjs-300x300.jpg\" alt=\"\"width=\"100%\"\"><\/picture><\/div><div class=\"img\"><picture><source srcset=\"https:\/\/institutfrancais.sk\/wp-content\/uploads\/2022\/02\/92498669_1159849881034534_5729274570846765056_n-300x300.png\" type=\"image\/jpeg\"><img decoding=\"async\" src=\"https:\/\/institutfrancais.sk\/wp-content\/uploads\/2022\/02\/92498669_1159849881034534_5729274570846765056_n-300x300.png\" alt=\"\"width=\"100%\"\"><\/picture><\/div><div class=\"img\"><picture><source srcset=\"https:\/\/institutfrancais.sk\/wp-content\/uploads\/2023\/02\/les-ateliers-francais-logo.jpg\" type=\"image\/jpeg\"><img decoding=\"async\" src=\"https:\/\/institutfrancais.sk\/wp-content\/uploads\/2023\/02\/les-ateliers-francais-logo.jpg\" alt=\"\"width=\"100%\"\"><\/picture><\/div><\/div><\/div><\/div><\/div><\/div><\/div><div class=\"wrap narrow-wrap\">\n\n<\/div><div class=\"gray-bg\"><div class=\"wrap\"><div class=\"white-boxes sponsors-partners nobtn\"><h2><span>Partenaires<\/span><\/h2><div class=\"box\"><h3>Partenaires<\/h3><div class=\"owl-carousel loop-8\"><div class=\"img\"><picture><source srcset=\"https:\/\/institutfrancais.sk\/wp-content\/uploads\/2021\/02\/1-RTVS-300x194.png\" type=\"image\/jpeg\"><img decoding=\"async\" src=\"https:\/\/institutfrancais.sk\/wp-content\/uploads\/2021\/02\/1-RTVS-300x194.png\" alt=\"\"width=\"100%\"\"><\/picture><\/div><div class=\"img\"><picture><source srcset=\"https:\/\/institutfrancais.sk\/wp-content\/uploads\/2021\/02\/2-Radio-Devin-300x101.png\" type=\"image\/jpeg\"><img decoding=\"async\" src=\"https:\/\/institutfrancais.sk\/wp-content\/uploads\/2021\/02\/2-Radio-Devin-300x101.png\" alt=\"\"width=\"100%\"\"><\/picture><\/div><div class=\"img\"><picture><source srcset=\"https:\/\/institutfrancais.sk\/wp-content\/uploads\/2021\/02\/3-Radio-Slovakia-International-300x73.png\" type=\"image\/jpeg\"><img decoding=\"async\" src=\"https:\/\/institutfrancais.sk\/wp-content\/uploads\/2021\/02\/3-Radio-Slovakia-International-300x73.png\" alt=\"\"width=\"100%\"\"><\/picture><\/div><div class=\"img\"><picture><source srcset=\"https:\/\/institutfrancais.sk\/wp-content\/uploads\/2022\/12\/Dizajn-bez-nazvu-51-300x193.png\" type=\"image\/jpeg\"><img decoding=\"async\" src=\"https:\/\/institutfrancais.sk\/wp-content\/uploads\/2022\/12\/Dizajn-bez-nazvu-51-300x193.png\" alt=\"\"width=\"100%\"\"><\/picture><\/div><div class=\"img\"><picture><source srcset=\"https:\/\/institutfrancais.sk\/wp-content\/uploads\/2021\/02\/6-InBa-300x211.jpg\" type=\"image\/jpeg\"><img decoding=\"async\" src=\"https:\/\/institutfrancais.sk\/wp-content\/uploads\/2021\/02\/6-InBa-300x211.jpg\" alt=\"\"width=\"100%\"\"><\/picture><\/div><div class=\"img\"><picture><source srcset=\"https:\/\/institutfrancais.sk\/wp-content\/uploads\/2021\/02\/GO-OUT-300x151.jpg\" type=\"image\/jpeg\"><img decoding=\"async\" src=\"https:\/\/institutfrancais.sk\/wp-content\/uploads\/2021\/02\/GO-OUT-300x151.jpg\" alt=\"\"width=\"100%\"\"><\/picture><\/div><div class=\"img\"><picture><source srcset=\"https:\/\/institutfrancais.sk\/wp-content\/uploads\/2022\/01\/LOGO-TV5MONDE-digita\u0301l-modre\u0301-300x104.png\" type=\"image\/jpeg\"><img decoding=\"async\" src=\"https:\/\/institutfrancais.sk\/wp-content\/uploads\/2022\/01\/LOGO-TV5MONDE-digita\u0301l-modre\u0301-300x104.png\" alt=\"\"width=\"100%\"\"><\/picture><\/div><div class=\"img\"><picture><source srcset=\"https:\/\/institutfrancais.sk\/wp-content\/uploads\/2020\/01\/635px-France24-300x283.png\" type=\"image\/jpeg\"><img decoding=\"async\" src=\"https:\/\/institutfrancais.sk\/wp-content\/uploads\/2020\/01\/635px-France24-300x283.png\" alt=\"\"width=\"100%\"\"><\/picture><\/div><\/div><\/div><\/div><\/div><\/div><\/div><div class=\"wrap narrow-wrap\">\n\n<div class=\"space sm\"><\/div>\n\n\n<h2 class=\"wp-block-heading\">Liens utiles <\/h2>\n\n\n<div class=\"space xs\"><\/div>\n\n<a href=\"https:\/\/www.facebook.com\/dnifrankofonie\" class=\"btn btn-blue-invert\" target=\"blank\" rel=\"noreferrer noopener\">Suivez-nous sur Facebook<\/a>\n\n<div class=\"space xs\"><\/div>\n\n<\/div><div class=\"articles articles-events\"><div class=\"gray-bg\"><div class=\"lines-bg lines-bg-boldright-c\"><div class=\"wrap\"><div class=\"white-boxes\"><div class=\"row posts-list\"><a class=\"articles-redirection\" href=\"https:\/\/institutfrancais.sk\/fr\/fr\/informacie\/\"><svg xmlns=\"http:\/\/www.w3.org\/2000\/svg\" viewBox=\"0 0 320 512\" width=\"20\"><path fill=\"#000\" d=\"M285.476 272.971L91.132 467.314c-9.373 9.373-24.569 9.373-33.941 0l-22.667-22.667c-9.357-9.357-9.375-24.522-.04-33.901L188.505 256 34.484 101.255c-9.335-9.379-9.317-24.544.04-33.901l22.667-22.667c9.373-9.373 24.569-9.373 33.941 0L285.475 239.03c9.373 9.372 9.373 24.568.001 33.941z\"><\/path><\/svg> <\/a><div class=\"col-lg-4 col-md-6 col-sm-6\">\n<section>\n<div class=\"post\">\n<div class=\"post-container\">\n<a href=\"https:\/\/institutfrancais.sk\/fr\/spievam-po-francuzsky-2026-2\/\"><div class=\"post-img\">\n<img decoding=\"async\" src=\"https:\/\/institutfrancais.sk\/wp-content\/uploads\/2025\/11\/SPF-2026-J1-537x235.png\" alt=\"Spievam po\u00a0franc\u00fazsky 2026 &#8211;&nbsp;le concours de la chanson francophone\" class=\"post-thumbnail\" width=\"100%\">\n<\/div><\/a>\n<div class=\"card-content\">\n<div class=\"post-meta\">\n<a href=\"https:\/\/institutfrancais.sk\/fr\/category\/non-classifiee\/\">Musique<\/a> \/<\/div>\n<a href=\"https:\/\/institutfrancais.sk\/fr\/spievam-po-francuzsky-2026-2\/\">\n<h1>Spievam po\u00a0franc\u00fazsky 2026 &#8211;&nbsp;le concours de la chanson francophone<\/h1>\n<\/a>\n<div class=\"line-after-title\"><\/div>\n<article>\n<p>Le concours de la chanson francophone&nbsp;&nbsp;Je chante en fran\u00e7ais &nbsp;est de retour en 2026 ! Vous \u00eates amateurs de chansons francophones ? Votre langue maternelle n&rsquo;est pas le fran\u00e7ais ? Vous r\u00e9sidez en Slovaquie ? Vous \u00eates \u00e0 la bonne adresse ! Inscrivez-vous jusqu\u2019au 15 mars 2026 ! Comment faire&#8230;<\/p>\n<\/article>\n<\/div>\n<\/div>\n<\/div>\n<\/section>\n<\/div>\n<div class=\"col-lg-4 col-md-6 col-sm-6\">\n<section>\n<div class=\"post\">\n<div class=\"post-container\">\n<a href=\"https:\/\/institutfrancais.sk\/fr\/cours-de-francais-session-de-printemps-2025\/\"><div class=\"post-img\">\n<img decoding=\"async\" src=\"https:\/\/institutfrancais.sk\/wp-content\/uploads\/2025\/02\/Jarne-kurzy-1080-x-1080-px-Website-16-537x302.jpg\" alt=\"Cours de fran\u00e7ais : session de printemps 2025\" class=\"post-thumbnail\" width=\"100%\">\n<\/div><\/a>\n<div class=\"card-content\">\n<div class=\"post-meta\">\n<a href=\"https:\/\/institutfrancais.sk\/fr\/category\/cours\/\">Cours<\/a> \/<\/div>\n<a href=\"https:\/\/institutfrancais.sk\/fr\/cours-de-francais-session-de-printemps-2025\/\">\n<h1>Cours de fran\u00e7ais : session de printemps 2025<\/h1>\n<\/a>\n<div class=\"line-after-title\"><\/div>\n<article>\n<p>Trimestre de printemps \u00e0 partir du 7 avril 2025 Inscription en ligne Inscription en pr\u00e9sentiel \u00e0 partir du 1er mars 2025 du 31 mars au 1er avril 2025 de 14h00 \u00e0 18h00 L&rsquo;ann\u00e9e de la mer 2025&nbsp;est une occasion id\u00e9ale de plonger dans le monde de la langue et de&#8230;<\/p>\n<\/article>\n<\/div>\n<\/div>\n<\/div>\n<\/section>\n<\/div>\n<\/div><\/div><div class=\"btn-articles-redirection\"><a class=\"btn btn-black\" href=\"https:\/\/institutfrancais.sk\/fr\/informacie\/\">Plus d&rsquo;infos<\/a><\/div><\/div><\/div><\/div><\/div><div class=\"wrap narrow-wrap\">","protected":false},"excerpt":{"rendered":"<p>C\u00e9l\u00e9brons la \u00ab&nbsp;Francophonie plurielle&nbsp;\u00bb Chers francophones, Comme chaque ann\u00e9e, le mois de mars est d\u00e9di\u00e9 \u00e0 la Francophonie.&nbsp;&nbsp;La Francophonie est une communaut\u00e9 linguistique compos\u00e9e de personnes qui partagent une langue mondiale, le fran\u00e7ais, non pas la plus parl\u00e9e, mais la plus r\u00e9pandue et la plus enseign\u00e9e, apr\u00e8s l\u2019anglais.&nbsp;&nbsp;Comme le dit si bien l\u2019acad\u00e9micienne [&hellip;]<\/p>\n","protected":false},"author":14,"featured_media":31137,"parent":0,"menu_order":0,"comment_status":"closed","ping_status":"closed","template":"","meta":{"_acf_changed":false,"footnotes":""},"acf":[],"yoast_head":"<!-- This site is optimized with the Yoast SEO plugin v24.5 - https:\/\/yoast.com\/wordpress\/plugins\/seo\/ -->\n<title>Journ\u00e9es de la Francophonie 2024 - Franc\u00fazsky in\u0161tit\u00fat na Slovensku<\/title>\n<meta name=\"robots\" content=\"index, follow, max-snippet:-1, max-image-preview:large, max-video-preview:-1\" \/>\n<link rel=\"canonical\" href=\"https:\/\/institutfrancais.sk\/fr\/journees-de-la-francophonie-2024\/\" \/>\n<meta property=\"og:locale\" content=\"fr_FR\" \/>\n<meta property=\"og:type\" content=\"article\" \/>\n<meta property=\"og:title\" content=\"Journ\u00e9es de la Francophonie 2024 - Franc\u00fazsky in\u0161tit\u00fat na Slovensku\" \/>\n<meta property=\"og:description\" content=\"C\u00e9l\u00e9brons la \u00ab&nbsp;Francophonie plurielle&nbsp;\u00bb Chers francophones, Comme chaque ann\u00e9e, le mois de mars est d\u00e9di\u00e9 \u00e0 la Francophonie.&nbsp; La Francophonie est une communaut\u00e9 linguistique compos\u00e9e de personnes qui partagent une langue mondiale, le fran\u00e7ais, non pas la plus parl\u00e9e, mais la plus r\u00e9pandue et la plus enseign\u00e9e, apr\u00e8s l\u2019anglais.&nbsp; Comme le dit si bien l\u2019acad\u00e9micienne [&hellip;]\" \/>\n<meta property=\"og:url\" content=\"https:\/\/institutfrancais.sk\/fr\/journees-de-la-francophonie-2024\/\" \/>\n<meta property=\"og:site_name\" content=\"Franc\u00fazsky in\u0161tit\u00fat na Slovensku\" \/>\n<meta property=\"article:modified_time\" content=\"2024-03-06T10:42:12+00:00\" \/>\n<meta property=\"og:image\" content=\"https:\/\/institutfrancais.sk\/wp-content\/uploads\/2024\/03\/Pr-3-1.png\" \/>\n\t<meta property=\"og:image:width\" content=\"1640\" \/>\n\t<meta property=\"og:image:height\" content=\"924\" \/>\n\t<meta property=\"og:image:type\" content=\"image\/png\" \/>\n<meta name=\"twitter:card\" content=\"summary_large_image\" \/>\n<meta name=\"twitter:label1\" content=\"Dur\u00e9e de lecture estim\u00e9e\" \/>\n\t<meta name=\"twitter:data1\" content=\"3 minutes\" \/>\n<script type=\"application\/ld+json\" class=\"yoast-schema-graph\">{\"@context\":\"https:\/\/schema.org\",\"@graph\":[{\"@type\":\"WebPage\",\"@id\":\"https:\/\/institutfrancais.sk\/fr\/journees-de-la-francophonie-2024\/\",\"url\":\"https:\/\/institutfrancais.sk\/fr\/journees-de-la-francophonie-2024\/\",\"name\":\"Journ\u00e9es de la Francophonie 2024 - Franc\u00fazsky in\u0161tit\u00fat na Slovensku\",\"isPartOf\":{\"@id\":\"https:\/\/institutfrancais.sk\/fr\/#website\"},\"primaryImageOfPage\":{\"@id\":\"https:\/\/institutfrancais.sk\/fr\/journees-de-la-francophonie-2024\/#primaryimage\"},\"image\":{\"@id\":\"https:\/\/institutfrancais.sk\/fr\/journees-de-la-francophonie-2024\/#primaryimage\"},\"thumbnailUrl\":\"https:\/\/institutfrancais.sk\/wp-content\/uploads\/2024\/03\/Pr-3-1.png\",\"datePublished\":\"2024-03-01T12:26:12+00:00\",\"dateModified\":\"2024-03-06T10:42:12+00:00\",\"breadcrumb\":{\"@id\":\"https:\/\/institutfrancais.sk\/fr\/journees-de-la-francophonie-2024\/#breadcrumb\"},\"inLanguage\":\"fr-FR\",\"potentialAction\":[{\"@type\":\"ReadAction\",\"target\":[\"https:\/\/institutfrancais.sk\/fr\/journees-de-la-francophonie-2024\/\"]}]},{\"@type\":\"ImageObject\",\"inLanguage\":\"fr-FR\",\"@id\":\"https:\/\/institutfrancais.sk\/fr\/journees-de-la-francophonie-2024\/#primaryimage\",\"url\":\"https:\/\/institutfrancais.sk\/wp-content\/uploads\/2024\/03\/Pr-3-1.png\",\"contentUrl\":\"https:\/\/institutfrancais.sk\/wp-content\/uploads\/2024\/03\/Pr-3-1.png\",\"width\":1640,\"height\":924},{\"@type\":\"BreadcrumbList\",\"@id\":\"https:\/\/institutfrancais.sk\/fr\/journees-de-la-francophonie-2024\/#breadcrumb\",\"itemListElement\":[{\"@type\":\"ListItem\",\"position\":1,\"name\":\"Home\",\"item\":\"https:\/\/institutfrancais.sk\/fr\/\"},{\"@type\":\"ListItem\",\"position\":2,\"name\":\"Journ\u00e9es de la Francophonie 2024\"}]},{\"@type\":\"WebSite\",\"@id\":\"https:\/\/institutfrancais.sk\/fr\/#website\",\"url\":\"https:\/\/institutfrancais.sk\/fr\/\",\"name\":\"Franc\u00fazsky in\u0161tit\u00fat na Slovensku\",\"description\":\"Franc\u00fazsky in\u0161tit\u00fat na Slovensku\",\"potentialAction\":[{\"@type\":\"SearchAction\",\"target\":{\"@type\":\"EntryPoint\",\"urlTemplate\":\"https:\/\/institutfrancais.sk\/fr\/?s={search_term_string}\"},\"query-input\":{\"@type\":\"PropertyValueSpecification\",\"valueRequired\":true,\"valueName\":\"search_term_string\"}}],\"inLanguage\":\"fr-FR\"}]}<\/script>\n<!-- \/ Yoast SEO plugin. -->","yoast_head_json":{"title":"Journ\u00e9es de la Francophonie 2024 - Franc\u00fazsky in\u0161tit\u00fat na Slovensku","robots":{"index":"index","follow":"follow","max-snippet":"max-snippet:-1","max-image-preview":"max-image-preview:large","max-video-preview":"max-video-preview:-1"},"canonical":"https:\/\/institutfrancais.sk\/fr\/journees-de-la-francophonie-2024\/","og_locale":"fr_FR","og_type":"article","og_title":"Journ\u00e9es de la Francophonie 2024 - Franc\u00fazsky in\u0161tit\u00fat na Slovensku","og_description":"C\u00e9l\u00e9brons la \u00ab&nbsp;Francophonie plurielle&nbsp;\u00bb Chers francophones, Comme chaque ann\u00e9e, le mois de mars est d\u00e9di\u00e9 \u00e0 la Francophonie.&nbsp; La Francophonie est une communaut\u00e9 linguistique compos\u00e9e de personnes qui partagent une langue mondiale, le fran\u00e7ais, non pas la plus parl\u00e9e, mais la plus r\u00e9pandue et la plus enseign\u00e9e, apr\u00e8s l\u2019anglais.&nbsp; Comme le dit si bien l\u2019acad\u00e9micienne [&hellip;]","og_url":"https:\/\/institutfrancais.sk\/fr\/journees-de-la-francophonie-2024\/","og_site_name":"Franc\u00fazsky in\u0161tit\u00fat na Slovensku","article_modified_time":"2024-03-06T10:42:12+00:00","og_image":[{"width":1640,"height":924,"url":"https:\/\/institutfrancais.sk\/wp-content\/uploads\/2024\/03\/Pr-3-1.png","type":"image\/png"}],"twitter_card":"summary_large_image","twitter_misc":{"Dur\u00e9e de lecture estim\u00e9e":"3 minutes"},"schema":{"@context":"https:\/\/schema.org","@graph":[{"@type":"WebPage","@id":"https:\/\/institutfrancais.sk\/fr\/journees-de-la-francophonie-2024\/","url":"https:\/\/institutfrancais.sk\/fr\/journees-de-la-francophonie-2024\/","name":"Journ\u00e9es de la Francophonie 2024 - Franc\u00fazsky in\u0161tit\u00fat na Slovensku","isPartOf":{"@id":"https:\/\/institutfrancais.sk\/fr\/#website"},"primaryImageOfPage":{"@id":"https:\/\/institutfrancais.sk\/fr\/journees-de-la-francophonie-2024\/#primaryimage"},"image":{"@id":"https:\/\/institutfrancais.sk\/fr\/journees-de-la-francophonie-2024\/#primaryimage"},"thumbnailUrl":"https:\/\/institutfrancais.sk\/wp-content\/uploads\/2024\/03\/Pr-3-1.png","datePublished":"2024-03-01T12:26:12+00:00","dateModified":"2024-03-06T10:42:12+00:00","breadcrumb":{"@id":"https:\/\/institutfrancais.sk\/fr\/journees-de-la-francophonie-2024\/#breadcrumb"},"inLanguage":"fr-FR","potentialAction":[{"@type":"ReadAction","target":["https:\/\/institutfrancais.sk\/fr\/journees-de-la-francophonie-2024\/"]}]},{"@type":"ImageObject","inLanguage":"fr-FR","@id":"https:\/\/institutfrancais.sk\/fr\/journees-de-la-francophonie-2024\/#primaryimage","url":"https:\/\/institutfrancais.sk\/wp-content\/uploads\/2024\/03\/Pr-3-1.png","contentUrl":"https:\/\/institutfrancais.sk\/wp-content\/uploads\/2024\/03\/Pr-3-1.png","width":1640,"height":924},{"@type":"BreadcrumbList","@id":"https:\/\/institutfrancais.sk\/fr\/journees-de-la-francophonie-2024\/#breadcrumb","itemListElement":[{"@type":"ListItem","position":1,"name":"Home","item":"https:\/\/institutfrancais.sk\/fr\/"},{"@type":"ListItem","position":2,"name":"Journ\u00e9es de la Francophonie 2024"}]},{"@type":"WebSite","@id":"https:\/\/institutfrancais.sk\/fr\/#website","url":"https:\/\/institutfrancais.sk\/fr\/","name":"Franc\u00fazsky in\u0161tit\u00fat na Slovensku","description":"Franc\u00fazsky in\u0161tit\u00fat na Slovensku","potentialAction":[{"@type":"SearchAction","target":{"@type":"EntryPoint","urlTemplate":"https:\/\/institutfrancais.sk\/fr\/?s={search_term_string}"},"query-input":{"@type":"PropertyValueSpecification","valueRequired":true,"valueName":"search_term_string"}}],"inLanguage":"fr-FR"}]}},"_links":{"self":[{"href":"https:\/\/institutfrancais.sk\/fr\/wp-json\/wp\/v2\/pages\/30830"}],"collection":[{"href":"https:\/\/institutfrancais.sk\/fr\/wp-json\/wp\/v2\/pages"}],"about":[{"href":"https:\/\/institutfrancais.sk\/fr\/wp-json\/wp\/v2\/types\/page"}],"author":[{"embeddable":true,"href":"https:\/\/institutfrancais.sk\/fr\/wp-json\/wp\/v2\/users\/14"}],"replies":[{"embeddable":true,"href":"https:\/\/institutfrancais.sk\/fr\/wp-json\/wp\/v2\/comments?post=30830"}],"version-history":[{"count":0,"href":"https:\/\/institutfrancais.sk\/fr\/wp-json\/wp\/v2\/pages\/30830\/revisions"}],"wp:featuredmedia":[{"embeddable":true,"href":"https:\/\/institutfrancais.sk\/fr\/wp-json\/wp\/v2\/media\/31137"}],"wp:attachment":[{"href":"https:\/\/institutfrancais.sk\/fr\/wp-json\/wp\/v2\/media?parent=30830"}],"curies":[{"name":"wp","href":"https:\/\/api.w.org\/{rel}","templated":true}]}}