{"id":6408,"date":"2020-02-12T18:38:45","date_gmt":"2020-02-12T17:38:45","guid":{"rendered":"https:\/\/institutfrancais.sk\/?page_id=6408"},"modified":"2023-04-17T17:51:10","modified_gmt":"2023-04-17T15:51:10","slug":"education","status":"publish","type":"page","link":"https:\/\/institutfrancais.sk\/fr\/education\/","title":{"rendered":"\u00c9ducation"},"content":{"rendered":"<div class=\"benefits row text-center\"><div class=\"col-6 col-sm-3\"><img decoding=\"async\" src=\"https:\/\/institutfrancais.sk\/wp-content\/uploads\/2020\/01\/ed_ico1.png\"><div class=\"line-after-title\"><\/div><spa class=\"benefits-description\">300 millions de francophones dans le monde<\/span><\/div><div class=\"col-6 col-sm-3\"><img decoding=\"async\" src=\"https:\/\/institutfrancais.sk\/wp-content\/uploads\/2020\/01\/ed_ico2.png\"><div class=\"line-after-title\"><\/div><spa class=\"benefits-description\">Enseignement de qualit\u00e9, #LabelFrancEducation<\/span><\/div><div class=\"col-6 col-sm-3\"><img decoding=\"async\" src=\"https:\/\/institutfrancais.sk\/wp-content\/uploads\/2020\/01\/ed_ico3.png\"><div class=\"line-after-title\"><\/div><spa class=\"benefits-description\">Le fran\u00e7ais au c\u0153ur de l&rsquo;Europe<\/span><\/div><div class=\"col-6 col-sm-3\"><img decoding=\"async\" src=\"https:\/\/institutfrancais.sk\/wp-content\/uploads\/2020\/01\/ed_ico4.png\"><div class=\"line-after-title\"><\/div><spa class=\"benefits-description\">\u00c9changes scolaires et projets francophones<\/span><\/div><\/div>\n\n<span class=\"wider_content_end_block\"><\/span><\/div><div class=\"wrap narrow-wrap\">\n\n<div class=\"space md\"><\/div>\n\n<\/div><div class=\"articles articles-events\"><div class=\"gray-bg\"><div class=\"lines-bg lines-bg-boldright-c\"><div class=\"wrap\"><div class=\"white-boxes\"><h2>Le fran\u00e7ais dans l&rsquo;enseignement slovaque<\/h2><div class=\"row posts-list\"><a class=\"articles-redirection\" href=\"https:\/\/institutfrancais.sk\/fr\/fr\/informacie\/\"><svg xmlns=\"http:\/\/www.w3.org\/2000\/svg\" viewBox=\"0 0 320 512\" width=\"20\"><path fill=\"#000\" d=\"M285.476 272.971L91.132 467.314c-9.373 9.373-24.569 9.373-33.941 0l-22.667-22.667c-9.357-9.357-9.375-24.522-.04-33.901L188.505 256 34.484 101.255c-9.335-9.379-9.317-24.544.04-33.901l22.667-22.667c9.373-9.373 24.569-9.373 33.941 0L285.475 239.03c9.373 9.372 9.373 24.568.001 33.941z\"><\/path><\/svg> <\/a><div class=\"col-lg-4 col-md-6 col-sm-6\">\n<section>\n<div class=\"post\">\n<div class=\"post-container\">\n<a href=\"https:\/\/institutfrancais.sk\/fr\/spievam-po-francuzsky-2026-2\/\"><div class=\"post-img\">\n<img decoding=\"async\" src=\"https:\/\/institutfrancais.sk\/wp-content\/uploads\/2025\/11\/SPF-2026-J1-537x235.png\" alt=\"Spievam po\u00a0franc\u00fazsky 2026 &#8211;&nbsp;le concours de la chanson francophone\" class=\"post-thumbnail\" width=\"100%\">\n<\/div><\/a>\n<div class=\"card-content\">\n<div class=\"post-meta\">\n<a href=\"https:\/\/institutfrancais.sk\/fr\/category\/non-classifiee\/\">Musique<\/a> \/<\/div>\n<a href=\"https:\/\/institutfrancais.sk\/fr\/spievam-po-francuzsky-2026-2\/\">\n<h1>Spievam po\u00a0franc\u00fazsky 2026 &#8211;&nbsp;le concours de la chanson francophone<\/h1>\n<\/a>\n<div class=\"line-after-title\"><\/div>\n<article>\n<p>Le concours de la chanson francophone&nbsp;&nbsp;Je chante en fran\u00e7ais &nbsp;est de retour en 2026 ! Vous \u00eates amateurs de chansons francophones ? Votre langue maternelle n&rsquo;est pas le fran\u00e7ais ? Vous r\u00e9sidez en Slovaquie ? Vous \u00eates \u00e0 la bonne adresse ! Inscrivez-vous jusqu\u2019au 15 mars 2026 ! Comment faire&#8230;<\/p>\n<\/article>\n<\/div>\n<\/div>\n<\/div>\n<\/section>\n<\/div>\n<div class=\"col-lg-4 col-md-6 col-sm-6\">\n<section>\n<div class=\"post\">\n<div class=\"post-container\">\n<a href=\"https:\/\/institutfrancais.sk\/fr\/premiere-ou-deuxieme-langue-vivante\/\"><div class=\"post-img\">\n<img decoding=\"async\" src=\"https:\/\/institutfrancais.sk\/wp-content\/uploads\/2020\/02\/school-reading-glasses-picture-id690598700.jpg\" alt=\"Premi\u00e8re ou deuxi\u00e8me langue vivante\" class=\"post-thumbnail\" width=\"100%\">\n<\/div><\/a>\n<div class=\"card-content\">\n<div class=\"post-meta\">\n<a href=\"https:\/\/institutfrancais.sk\/fr\/category\/education\/\">Education<\/a> \/<\/div>\n<a href=\"https:\/\/institutfrancais.sk\/fr\/premiere-ou-deuxieme-langue-vivante\/\">\n<h1>Premi\u00e8re ou deuxi\u00e8me langue vivante<\/h1>\n<\/a>\n<div class=\"line-after-title\"><\/div>\n<article>\n<p>1\u00e8re ou 2\u00e8me langue vivante \u00e9trang\u00e8re, le fran\u00e7ais en \u00e9cole fondamentale (Zakladna \u0160kola), en lyc\u00e9e (gymnazium) est enseign\u00e9 par des professeurs qualifi\u00e9s et motiv\u00e9s. L\u2019apprentissage de la langue fran\u00e7aise facilite celui de l\u2019anglais, permet de d\u00e9couvrir les cultures francophones, ouvre les portes des \u00e9tudes sup\u00e9rieures et du march\u00e9 du travail&#8230;.<\/p>\n<\/article>\n<\/div>\n<\/div>\n<\/div>\n<\/section>\n<\/div>\n<div class=\"col-lg-4 col-md-6 col-sm-6\">\n<section>\n<div class=\"post\">\n<div class=\"post-container\">\n<a href=\"https:\/\/institutfrancais.sk\/fr\/sections-bilingues\/\"><div class=\"post-img\">\n<img decoding=\"async\" src=\"https:\/\/institutfrancais.sk\/wp-content\/uploads\/2020\/02\/pariz.jpg\" alt=\"Sections bilingues\" class=\"post-thumbnail\" width=\"100%\">\n<\/div><\/a>\n<div class=\"card-content\">\n<div class=\"post-meta\">\n<a href=\"https:\/\/institutfrancais.sk\/fr\/category\/education\/\">Education<\/a> \/<\/div>\n<a href=\"https:\/\/institutfrancais.sk\/fr\/sections-bilingues\/\">\n<h1>Sections bilingues<\/h1>\n<\/a>\n<div class=\"line-after-title\"><\/div>\n<article>\n<p>Cr\u00e9\u00e9es au d\u00e9but des ann\u00e9es 1990, les sections bilingues franco-slovaques de lyc\u00e9e proposent un enseignement d\u2019excellence en 5 ans. Elles sont destin\u00e9es \u00e0 des \u00e9l\u00e8ves motiv\u00e9s qui apprennent des mati\u00e8res scientifiques en fran\u00e7ais et atteignent le niveau C1 \u00e0 la fin de leurs \u00e9tudes. Les sections bilingues sont le r\u00e9sultat&#8230;<\/p>\n<\/article>\n<\/div>\n<\/div>\n<\/div>\n<\/section>\n<\/div>\n<div class=\"col-lg-4 col-md-6 col-sm-6\">\n<section>\n<div class=\"post\">\n<div class=\"post-container\">\n<a href=\"https:\/\/institutfrancais.sk\/fr\/le-francais-dans-les-universites\/\"><div class=\"post-img\">\n<img decoding=\"async\" src=\"https:\/\/institutfrancais.sk\/wp-content\/uploads\/2020\/02\/library-high-angle-photro-159775-1024x683.jpg\" alt=\"Le fran\u00e7ais dans les universit\u00e9s\" class=\"post-thumbnail\" width=\"100%\">\n<\/div><\/a>\n<div class=\"card-content\">\n<div class=\"post-meta\">\n<a href=\"https:\/\/institutfrancais.sk\/fr\/category\/education\/\">Education<\/a> \/<\/div>\n<a href=\"https:\/\/institutfrancais.sk\/fr\/le-francais-dans-les-universites\/\">\n<h1>Le fran\u00e7ais dans les universit\u00e9s<\/h1>\n<\/a>\n<div class=\"line-after-title\"><\/div>\n<article>\n<p>Double-cursus, romanistique, \u00e9tudes en France et dans les pays francophones\u00a0: la langue fran\u00e7aise permet des \u00e9tudes dans tous les domaines\u00a0: sciences, lettres, droit et \u00e9conomie, politique, m\u00e9decine,\u2026\nAtout mobilit\u00e9, le fran\u00e7ais vous permet d\u2019\u00e9tudier dans 116 pays\u00a0!\nD\u00e9couvrez aussi les universit\u00e9s slovaques qui proposent des \u00e9tudes\nen lien avec la langue fran\u00e7aise ou&#8230;<\/p>\n<\/article>\n<\/div>\n<\/div>\n<\/div>\n<\/section>\n<\/div>\n<\/div><\/div><div class=\"btn-articles-redirection\"><a class=\"btn btn-black\" href=\"https:\/\/institutfrancais.sk\/fr\/informacie\/\">Plus d&rsquo;infos<\/a><\/div><\/div><\/div><\/div><\/div><div class=\"wrap narrow-wrap\">\n\n<\/div><div class=\"gray-bg\"><div class=\"cta-box\"><div class=\"wrap\"><div class=\"content dark-blue\"><div class=\"cta-box-content\"><div class=\"left-side\"><div class=\"left-content\"><h2 class=\"course-title\">Ateliers vo\u00a0franc\u00faz\u0161tine<\/h2>\n<div class=\"content-after-title\">\n<p>Prenez rendez-vous avec la langue et la culture francophone\u00a0! En coordination avec les professeurs de fran\u00e7ais dans les \u00e9coles de Bratislava et de sa proche r\u00e9gion, l\u2019Institut fran\u00e7ais de Slovaquie organise des ateliers d\u2019immersion en fran\u00e7ais anim\u00e9s par des professeurs francophones de l\u2019Institut fran\u00e7ais, sp\u00e9cialistes du FLE.<\/p>\n<\/div>\n<\/div><a class=\"btn btn-white\" href=\"https:\/\/institutfrancais.sk\/fr\/kurz\/ateliers-vo-francuzstine\/\">Plus d&rsquo;infos<\/a><\/div><div class=\"right-side\"><div class=\"right-content\"><p><img loading=\"lazy\" decoding=\"async\" class=\"size-medium wp-image-26715 alignright\" src=\"https:\/\/institutfrancais.sk\/wp-content\/uploads\/2023\/04\/LOGO-ATELIERS-FRANCAIS_1-300x300.png\" alt=\"\" width=\"300\" height=\"300\" srcset=\"https:\/\/institutfrancais.sk\/wp-content\/uploads\/2023\/04\/LOGO-ATELIERS-FRANCAIS_1-300x300.png 300w, https:\/\/institutfrancais.sk\/wp-content\/uploads\/2023\/04\/LOGO-ATELIERS-FRANCAIS_1-1024x1024.png 1024w, https:\/\/institutfrancais.sk\/wp-content\/uploads\/2023\/04\/LOGO-ATELIERS-FRANCAIS_1-150x150.png 150w, https:\/\/institutfrancais.sk\/wp-content\/uploads\/2023\/04\/LOGO-ATELIERS-FRANCAIS_1-768x768.png 768w, https:\/\/institutfrancais.sk\/wp-content\/uploads\/2023\/04\/LOGO-ATELIERS-FRANCAIS_1-1000x1000.png 1000w, https:\/\/institutfrancais.sk\/wp-content\/uploads\/2023\/04\/LOGO-ATELIERS-FRANCAIS_1.png 1080w\" sizes=\"(max-width: 300px) 100vw, 300px\" \/><\/p>\n<\/div><\/div><\/div><\/div><\/div><\/div><\/div><div class=\"wrap narrow-wrap\">\n\n<\/div><div class=\"articles articles-events\"><div class=\"gray-bg\"><div class=\"lines-bg lines-bg-boldright-c\"><div class=\"wrap\"><div class=\"white-boxes\"><h2>Pour les enseignants<\/h2><div class=\"row posts-list\"><a class=\"articles-redirection\" href=\"https:\/\/institutfrancais.sk\/fr\/fr\/informacie\/\"><svg xmlns=\"http:\/\/www.w3.org\/2000\/svg\" viewBox=\"0 0 320 512\" width=\"20\"><path fill=\"#000\" d=\"M285.476 272.971L91.132 467.314c-9.373 9.373-24.569 9.373-33.941 0l-22.667-22.667c-9.357-9.357-9.375-24.522-.04-33.901L188.505 256 34.484 101.255c-9.335-9.379-9.317-24.544.04-33.901l22.667-22.667c9.373-9.373 24.569-9.373 33.941 0L285.475 239.03c9.373 9.372 9.373 24.568.001 33.941z\"><\/path><\/svg> <\/a><div class=\"col-lg-4 col-md-6 col-sm-6\">\n<section>\n<div class=\"post\">\n<div class=\"post-container\">\n<a href=\"https:\/\/institutfrancais.sk\/fr\/spievam-po-francuzsky-2026-2\/\"><div class=\"post-img\">\n<img decoding=\"async\" src=\"https:\/\/institutfrancais.sk\/wp-content\/uploads\/2025\/11\/SPF-2026-J1-537x235.png\" alt=\"Spievam po\u00a0franc\u00fazsky 2026 &#8211;&nbsp;le concours de la chanson francophone\" class=\"post-thumbnail\" width=\"100%\">\n<\/div><\/a>\n<div class=\"card-content\">\n<div class=\"post-meta\">\n<a href=\"https:\/\/institutfrancais.sk\/fr\/category\/non-classifiee\/\">Musique<\/a> \/<\/div>\n<a href=\"https:\/\/institutfrancais.sk\/fr\/spievam-po-francuzsky-2026-2\/\">\n<h1>Spievam po\u00a0franc\u00fazsky 2026 &#8211;&nbsp;le concours de la chanson francophone<\/h1>\n<\/a>\n<div class=\"line-after-title\"><\/div>\n<article>\n<p>Le concours de la chanson francophone&nbsp;&nbsp;Je chante en fran\u00e7ais &nbsp;est de retour en 2026 ! Vous \u00eates amateurs de chansons francophones ? Votre langue maternelle n&rsquo;est pas le fran\u00e7ais ? Vous r\u00e9sidez en Slovaquie ? Vous \u00eates \u00e0 la bonne adresse ! Inscrivez-vous jusqu\u2019au 15 mars 2026 ! Comment faire&#8230;<\/p>\n<\/article>\n<\/div>\n<\/div>\n<\/div>\n<\/section>\n<\/div>\n<div class=\"col-lg-4 col-md-6 col-sm-6\">\n<section>\n<div class=\"post\">\n<div class=\"post-container\">\n<a href=\"https:\/\/institutfrancais.sk\/fr\/journee-du-professeur-de-francais-2024\/\"><div class=\"post-img\">\n<img decoding=\"async\" src=\"https:\/\/institutfrancais.sk\/wp-content\/uploads\/2024\/10\/Affiche_ecran_JIPF2024-1-pdf-380x537.jpg\" alt=\"Journ\u00e9e du professeur de fran\u00e7ais 2024\" class=\"post-thumbnail\" width=\"100%\">\n<\/div><\/a>\n<div class=\"card-content\">\n<div class=\"post-meta\">\n<a href=\"https:\/\/institutfrancais.sk\/fr\/category\/appel\/\">Appel<\/a> \/<\/div>\n<a href=\"https:\/\/institutfrancais.sk\/fr\/journee-du-professeur-de-francais-2024\/\">\n<h1>Journ\u00e9e du professeur de fran\u00e7ais 2024<\/h1>\n<\/a>\n<div class=\"line-after-title\"><\/div>\n<article>\n<p>Gagnez une formation lors d\u2019un voyage en France en participant au concours vid\u00e9o de l\u2019Institut fran\u00e7ais de Slovaquie \u00e0 l\u2019occasion de la Journ\u00e9e Internationale des Professeurs de Fran\u00e7ais !\n<\/p>\n<\/article>\n<\/div>\n<\/div>\n<\/div>\n<\/section>\n<\/div>\n<div class=\"col-lg-4 col-md-6 col-sm-6\">\n<section>\n<div class=\"post\">\n<div class=\"post-container\">\n<a href=\"https:\/\/institutfrancais.sk\/fr\/ressources-pedagogiques\/\"><div class=\"post-img\">\n<img decoding=\"async\" src=\"https:\/\/institutfrancais.sk\/wp-content\/uploads\/2020\/02\/apple-check-computer-female-7079-1024x678.jpg\" alt=\"Ressources p\u00e9dagogiques\" class=\"post-thumbnail\" width=\"100%\">\n<\/div><\/a>\n<div class=\"card-content\">\n<div class=\"post-meta\">\n<a href=\"https:\/\/institutfrancais.sk\/fr\/category\/education\/\">Education<\/a> \/<\/div>\n<a href=\"https:\/\/institutfrancais.sk\/fr\/ressources-pedagogiques\/\">\n<h1>Ressources p\u00e9dagogiques<\/h1>\n<\/a>\n<div class=\"line-after-title\"><\/div>\n<article>\n<p>Voici un kit de survie de l\u2019enseignant et un panel non exhaustif de ressources \u00e0 utiliser en classe : sites internet, techniques de classe, tutoriels, dossiers th\u00e9matiques, etc.\n<\/p>\n<\/article>\n<\/div>\n<\/div>\n<\/div>\n<\/section>\n<\/div>\n<div class=\"col-lg-4 col-md-6 col-sm-6\">\n<section>\n<div class=\"post\">\n<div class=\"post-container\">\n<a href=\"https:\/\/institutfrancais.sk\/fr\/formations\/\"><div class=\"post-img\">\n<img decoding=\"async\" src=\"https:\/\/institutfrancais.sk\/wp-content\/uploads\/2020\/02\/man-in-beige-blazer-holding-tablet-computer-3184328-1024x683.jpg\" alt=\"Formations\" class=\"post-thumbnail\" width=\"100%\">\n<\/div><\/a>\n<div class=\"card-content\">\n<div class=\"post-meta\">\n<a href=\"https:\/\/institutfrancais.sk\/fr\/category\/education\/\">Education<\/a> \/<\/div>\n<a href=\"https:\/\/institutfrancais.sk\/fr\/formations\/\">\n<h1>Formations<\/h1>\n<\/a>\n<div class=\"line-after-title\"><\/div>\n<article>\n<p>Enseigner, c\u2019est former.\nC\u2019est aussi se former !\u00a0 \n<\/p>\n<\/article>\n<\/div>\n<\/div>\n<\/div>\n<\/section>\n<\/div>\n<div class=\"col-lg-4 col-md-6 col-sm-6\">\n<section>\n<div class=\"post\">\n<div class=\"post-container\">\n<a href=\"https:\/\/institutfrancais.sk\/fr\/if-profs\/\"><div class=\"post-img\">\n<img decoding=\"async\" src=\"https:\/\/institutfrancais.sk\/wp-content\/uploads\/2020\/02\/ifprofs2-carrousel-e1500890818705-1-1024x492.jpg\" alt=\"IF Profs\" class=\"post-thumbnail\" width=\"100%\">\n<\/div><\/a>\n<div class=\"card-content\">\n<div class=\"post-meta\">\n<a href=\"https:\/\/institutfrancais.sk\/fr\/category\/education\/\">Education<\/a> \/<\/div>\n<a href=\"https:\/\/institutfrancais.sk\/fr\/if-profs\/\">\n<h1>IF Profs<\/h1>\n<\/a>\n<div class=\"line-after-title\"><\/div>\n<article>\n<p>Vous travaillez dans le domaine de l\u2019enseignement francophone ? Vous \u00eates professeur de fran\u00e7ais ou\u00a0 d\u2019autres mati\u00e8res en fran\u00e7ais\u00a0? Formateur, coordinateur p\u00e9dagogique et de section bilingue\u00a0? Chef d\u2019\u00e9tablissement\u00a0? Rejoignez-nous\u00a0 sur &nbsp;IF Profs, le r\u00e9seau social d\u2019\u00e9changes entre professionnels. Communaut\u00e9 mondiale de l\u2019\u00e9ducation francophone, IF profs est une plateforme d\u2019\u00e9changes de&#8230;<\/p>\n<\/article>\n<\/div>\n<\/div>\n<\/div>\n<\/section>\n<\/div>\n<\/div><\/div><div class=\"btn-articles-redirection\"><a class=\"btn btn-black\" href=\"https:\/\/institutfrancais.sk\/fr\/informacie\/\">Plus d&rsquo;infos<\/a><\/div><\/div><\/div><\/div><\/div><div class=\"wrap narrow-wrap\">","protected":false},"excerpt":{"rendered":"","protected":false},"author":14,"featured_media":1873,"parent":0,"menu_order":0,"comment_status":"closed","ping_status":"closed","template":"template-educations.php","meta":{"_acf_changed":false,"footnotes":""},"acf":[],"yoast_head":"<!-- This site is optimized with the Yoast SEO plugin v24.5 - https:\/\/yoast.com\/wordpress\/plugins\/seo\/ -->\n<title>\u00c9ducation - Franc\u00fazsky in\u0161tit\u00fat na Slovensku<\/title>\n<meta name=\"robots\" content=\"index, follow, max-snippet:-1, max-image-preview:large, max-video-preview:-1\" \/>\n<link rel=\"canonical\" href=\"https:\/\/institutfrancais.sk\/fr\/education\/\" \/>\n<meta property=\"og:locale\" content=\"fr_FR\" \/>\n<meta property=\"og:type\" content=\"article\" \/>\n<meta property=\"og:title\" content=\"\u00c9ducation - Franc\u00fazsky in\u0161tit\u00fat na Slovensku\" \/>\n<meta property=\"og:url\" content=\"https:\/\/institutfrancais.sk\/fr\/education\/\" \/>\n<meta property=\"og:site_name\" content=\"Franc\u00fazsky in\u0161tit\u00fat na Slovensku\" \/>\n<meta property=\"article:modified_time\" content=\"2023-04-17T15:51:10+00:00\" \/>\n<meta property=\"og:image\" content=\"https:\/\/institutfrancais.sk\/wp-content\/uploads\/2020\/01\/veda-univerzity-bck.png\" \/>\n\t<meta property=\"og:image:width\" content=\"1441\" \/>\n\t<meta property=\"og:image:height\" content=\"640\" \/>\n\t<meta property=\"og:image:type\" content=\"image\/png\" \/>\n<meta name=\"twitter:card\" content=\"summary_large_image\" \/>\n<script type=\"application\/ld+json\" class=\"yoast-schema-graph\">{\"@context\":\"https:\/\/schema.org\",\"@graph\":[{\"@type\":\"WebPage\",\"@id\":\"https:\/\/institutfrancais.sk\/fr\/education\/\",\"url\":\"https:\/\/institutfrancais.sk\/fr\/education\/\",\"name\":\"\u00c9ducation - Franc\u00fazsky in\u0161tit\u00fat na Slovensku\",\"isPartOf\":{\"@id\":\"https:\/\/institutfrancais.sk\/fr\/#website\"},\"primaryImageOfPage\":{\"@id\":\"https:\/\/institutfrancais.sk\/fr\/education\/#primaryimage\"},\"image\":{\"@id\":\"https:\/\/institutfrancais.sk\/fr\/education\/#primaryimage\"},\"thumbnailUrl\":\"https:\/\/institutfrancais.sk\/wp-content\/uploads\/2020\/01\/veda-univerzity-bck.png\",\"datePublished\":\"2020-02-12T17:38:45+00:00\",\"dateModified\":\"2023-04-17T15:51:10+00:00\",\"breadcrumb\":{\"@id\":\"https:\/\/institutfrancais.sk\/fr\/education\/#breadcrumb\"},\"inLanguage\":\"fr-FR\",\"potentialAction\":[{\"@type\":\"ReadAction\",\"target\":[\"https:\/\/institutfrancais.sk\/fr\/education\/\"]}]},{\"@type\":\"ImageObject\",\"inLanguage\":\"fr-FR\",\"@id\":\"https:\/\/institutfrancais.sk\/fr\/education\/#primaryimage\",\"url\":\"https:\/\/institutfrancais.sk\/wp-content\/uploads\/2020\/01\/veda-univerzity-bck.png\",\"contentUrl\":\"https:\/\/institutfrancais.sk\/wp-content\/uploads\/2020\/01\/veda-univerzity-bck.png\",\"width\":1441,\"height\":640},{\"@type\":\"BreadcrumbList\",\"@id\":\"https:\/\/institutfrancais.sk\/fr\/education\/#breadcrumb\",\"itemListElement\":[{\"@type\":\"ListItem\",\"position\":1,\"name\":\"Home\",\"item\":\"https:\/\/institutfrancais.sk\/fr\/\"},{\"@type\":\"ListItem\",\"position\":2,\"name\":\"\u00c9ducation\"}]},{\"@type\":\"WebSite\",\"@id\":\"https:\/\/institutfrancais.sk\/fr\/#website\",\"url\":\"https:\/\/institutfrancais.sk\/fr\/\",\"name\":\"Franc\u00fazsky in\u0161tit\u00fat na Slovensku\",\"description\":\"Franc\u00fazsky in\u0161tit\u00fat na Slovensku\",\"potentialAction\":[{\"@type\":\"SearchAction\",\"target\":{\"@type\":\"EntryPoint\",\"urlTemplate\":\"https:\/\/institutfrancais.sk\/fr\/?s={search_term_string}\"},\"query-input\":{\"@type\":\"PropertyValueSpecification\",\"valueRequired\":true,\"valueName\":\"search_term_string\"}}],\"inLanguage\":\"fr-FR\"}]}<\/script>\n<!-- \/ Yoast SEO plugin. -->","yoast_head_json":{"title":"\u00c9ducation - Franc\u00fazsky in\u0161tit\u00fat na Slovensku","robots":{"index":"index","follow":"follow","max-snippet":"max-snippet:-1","max-image-preview":"max-image-preview:large","max-video-preview":"max-video-preview:-1"},"canonical":"https:\/\/institutfrancais.sk\/fr\/education\/","og_locale":"fr_FR","og_type":"article","og_title":"\u00c9ducation - Franc\u00fazsky in\u0161tit\u00fat na Slovensku","og_url":"https:\/\/institutfrancais.sk\/fr\/education\/","og_site_name":"Franc\u00fazsky in\u0161tit\u00fat na Slovensku","article_modified_time":"2023-04-17T15:51:10+00:00","og_image":[{"width":1441,"height":640,"url":"https:\/\/institutfrancais.sk\/wp-content\/uploads\/2020\/01\/veda-univerzity-bck.png","type":"image\/png"}],"twitter_card":"summary_large_image","schema":{"@context":"https:\/\/schema.org","@graph":[{"@type":"WebPage","@id":"https:\/\/institutfrancais.sk\/fr\/education\/","url":"https:\/\/institutfrancais.sk\/fr\/education\/","name":"\u00c9ducation - Franc\u00fazsky in\u0161tit\u00fat na Slovensku","isPartOf":{"@id":"https:\/\/institutfrancais.sk\/fr\/#website"},"primaryImageOfPage":{"@id":"https:\/\/institutfrancais.sk\/fr\/education\/#primaryimage"},"image":{"@id":"https:\/\/institutfrancais.sk\/fr\/education\/#primaryimage"},"thumbnailUrl":"https:\/\/institutfrancais.sk\/wp-content\/uploads\/2020\/01\/veda-univerzity-bck.png","datePublished":"2020-02-12T17:38:45+00:00","dateModified":"2023-04-17T15:51:10+00:00","breadcrumb":{"@id":"https:\/\/institutfrancais.sk\/fr\/education\/#breadcrumb"},"inLanguage":"fr-FR","potentialAction":[{"@type":"ReadAction","target":["https:\/\/institutfrancais.sk\/fr\/education\/"]}]},{"@type":"ImageObject","inLanguage":"fr-FR","@id":"https:\/\/institutfrancais.sk\/fr\/education\/#primaryimage","url":"https:\/\/institutfrancais.sk\/wp-content\/uploads\/2020\/01\/veda-univerzity-bck.png","contentUrl":"https:\/\/institutfrancais.sk\/wp-content\/uploads\/2020\/01\/veda-univerzity-bck.png","width":1441,"height":640},{"@type":"BreadcrumbList","@id":"https:\/\/institutfrancais.sk\/fr\/education\/#breadcrumb","itemListElement":[{"@type":"ListItem","position":1,"name":"Home","item":"https:\/\/institutfrancais.sk\/fr\/"},{"@type":"ListItem","position":2,"name":"\u00c9ducation"}]},{"@type":"WebSite","@id":"https:\/\/institutfrancais.sk\/fr\/#website","url":"https:\/\/institutfrancais.sk\/fr\/","name":"Franc\u00fazsky in\u0161tit\u00fat na Slovensku","description":"Franc\u00fazsky in\u0161tit\u00fat na Slovensku","potentialAction":[{"@type":"SearchAction","target":{"@type":"EntryPoint","urlTemplate":"https:\/\/institutfrancais.sk\/fr\/?s={search_term_string}"},"query-input":{"@type":"PropertyValueSpecification","valueRequired":true,"valueName":"search_term_string"}}],"inLanguage":"fr-FR"}]}},"_links":{"self":[{"href":"https:\/\/institutfrancais.sk\/fr\/wp-json\/wp\/v2\/pages\/6408"}],"collection":[{"href":"https:\/\/institutfrancais.sk\/fr\/wp-json\/wp\/v2\/pages"}],"about":[{"href":"https:\/\/institutfrancais.sk\/fr\/wp-json\/wp\/v2\/types\/page"}],"author":[{"embeddable":true,"href":"https:\/\/institutfrancais.sk\/fr\/wp-json\/wp\/v2\/users\/14"}],"replies":[{"embeddable":true,"href":"https:\/\/institutfrancais.sk\/fr\/wp-json\/wp\/v2\/comments?post=6408"}],"version-history":[{"count":0,"href":"https:\/\/institutfrancais.sk\/fr\/wp-json\/wp\/v2\/pages\/6408\/revisions"}],"wp:featuredmedia":[{"embeddable":true,"href":"https:\/\/institutfrancais.sk\/fr\/wp-json\/wp\/v2\/media\/1873"}],"wp:attachment":[{"href":"https:\/\/institutfrancais.sk\/fr\/wp-json\/wp\/v2\/media?parent=6408"}],"curies":[{"name":"wp","href":"https:\/\/api.w.org\/{rel}","templated":true}]}}