{"id":12760,"date":"2020-09-24T16:18:51","date_gmt":"2020-09-24T14:18:51","guid":{"rendered":"https:\/\/institutfrancais.sk\/?post_type=podujatie&#038;p=12760"},"modified":"2020-09-25T15:16:13","modified_gmt":"2020-09-25T13:16:13","slug":"octobre-films-francais-au-kino-nostalgia","status":"publish","type":"podujatie","link":"https:\/\/institutfrancais.sk\/fr\/podujatie\/octobre-films-francais-au-kino-nostalgia\/","title":{"rendered":"Octobre \/ Films fran\u00e7ais au Kino Nostalgia"},"content":{"rendered":"\n<h3 class=\"wp-block-heading\">Pinocchio \/ 2 octobre \u00e0 18:00<\/h3>\n\n\n<div class=\"space xs\"><\/div>\n\n\n<figure class=\"wp-block-embed-youtube wp-block-embed is-type-video is-provider-youtube wp-embed-aspect-16-9 wp-has-aspect-ratio\"><div class=\"wp-block-embed__wrapper\">\n<iframe loading=\"lazy\" title=\"PINOCCHIO Trailer (2020) Fantasy Movie\" width=\"500\" height=\"281\" src=\"https:\/\/www.youtube.com\/embed\/y8UDuUVwUzg?feature=oembed\" frameborder=\"0\" allow=\"accelerometer; autoplay; clipboard-write; encrypted-media; gyroscope; picture-in-picture; web-share\" referrerpolicy=\"strict-origin-when-cross-origin\" allowfullscreen><\/iframe>\n<\/div><\/figure>\n\n\n\n<p> Geppetto est un pauvre charpentier toscan. Ayant vu arriver dans son village un th\u00e9\u00e2tre marionnettes en bois, il d\u00e9cide d\u2019en fabriquer une, faire le tour du pays et, par &nbsp;la notori\u00e9t\u00e9 obtenue, gagner un peu d&rsquo;argent. Durant la fabrication, &nbsp;l&rsquo;homme se rend compte que sa cr\u00e9ation prend vie. Il d\u00e9cide le nommer Pinocchio &nbsp;et le consid\u00e8re comme son fils. La marionnette attir\u00e9e par la troupe du &nbsp;th\u00e9\u00e2tre d\u00e9cide de partir avec eux, un peu entra\u00een\u00e9 par son directeur &nbsp;qui esp\u00e8re en tirer profit. <br><br><strong>Matteo Garrone, IT\/ GB \/ FR, 2019,<\/strong> 120 min., 2D,<strong> doublage slovaque<\/strong>, 4.50\/5.00&nbsp;\u20ac<\/p>\n\n\n<div class=\"space sm\"><\/div>\n\n<div class=\"text-center\"><a href=\"https:\/\/www.facebook.com\/events\/2530029027287526\/\" class=\"btn btn-black-invert\" target=\"blank\" rel=\"noreferrer noopener\">Facebook Event<\/a><\/div>\n\n<div class=\"space md\"><\/div>\n\n\n<h3 class=\"wp-block-heading\">#JESUISL\u00c0 \/ 3 octobre \u00e0 20:00 <\/h3>\n\n\n<div class=\"space xs\"><\/div>\n\n\n<figure class=\"wp-block-embed-youtube wp-block-embed is-type-video is-provider-youtube wp-embed-aspect-16-9 wp-has-aspect-ratio\"><div class=\"wp-block-embed__wrapper\">\n<iframe loading=\"lazy\" title=\"#JeSuisL\u00e0 Bande Annonce (2020) Alain  Chabat, Blanche Gardin\" width=\"500\" height=\"281\" src=\"https:\/\/www.youtube.com\/embed\/86zMFG87IvQ?feature=oembed\" frameborder=\"0\" allow=\"accelerometer; autoplay; clipboard-write; encrypted-media; gyroscope; picture-in-picture; web-share\" referrerpolicy=\"strict-origin-when-cross-origin\" allowfullscreen><\/iframe>\n<\/div><\/figure>\n\n\n\n<p> St\u00e9phane m\u00e8ne une vie normale et sans souci au Pays basque. &nbsp;Ce chef cuisinier a&nbsp;repris le restaurant de son p\u00e8re. Divorc\u00e9, il a&nbsp;&nbsp;deux fils, aujourd&rsquo;hui adultes. En qu\u00eate d&rsquo;un peu d&rsquo;aventure, il surfe &nbsp;sur Internet. Sur Instagram, il fait la connaissance de Soo, une myst\u00e9rieuse Sud-cor\u00e9enne \u00e2g\u00e9e de 35&nbsp;ans. Sur un coup de t\u00eate, St\u00e9phane d\u00e9cide de partir \u00e0 S\u00e9oul et de tout tenter pour la retrouver. <br><br><strong>Eric Lartigau, FR, 2019,<\/strong> 98 min., 2D, <strong>VO sous-titr\u00e9e<\/strong>, 4.50\/5.00&nbsp;\u20ac<\/p>\n\n\n<div class=\"space sm\"><\/div>\n\n<div class=\"text-center\"><a href=\"https:\/\/www.facebook.com\/events\/512795156251404\/\" class=\"btn btn-black-invert\" target=\"blank\" rel=\"noreferrer noopener\">Facebook event<\/a><\/div>\n\n<div class=\"space md\"><\/div>\n\n\n<h3 class=\"wp-block-heading\">Proxima \/ 14 octobre \u00e0 19:30 <\/h3>\n\n\n<div class=\"space xs\"><\/div>\n\n\n<figure class=\"wp-block-embed-youtube wp-block-embed is-type-video is-provider-youtube wp-embed-aspect-16-9 wp-has-aspect-ratio\"><div class=\"wp-block-embed__wrapper\">\n<iframe loading=\"lazy\" title=\"PROXIMA Official Trailer (2020) Eva Green, Matt Dillon Movie HD\" width=\"500\" height=\"281\" src=\"https:\/\/www.youtube.com\/embed\/eVVHmw3uH2Q?feature=oembed\" frameborder=\"0\" allow=\"accelerometer; autoplay; clipboard-write; encrypted-media; gyroscope; picture-in-picture; web-share\" referrerpolicy=\"strict-origin-when-cross-origin\" allowfullscreen><\/iframe>\n<\/div><\/figure>\n\n\n\n<p>Sarah est une astronaute fran\u00e7aise qui s&rsquo;appr\u00eate \u00e0 quitter la terre pour &nbsp;une mission d&rsquo;un an, Proxima. Alors qu&rsquo;elle suit l&rsquo;entra\u00eenement &nbsp;rigoureux impos\u00e9 aux astronautes, seule femme au milieu d&rsquo;hommes, elle &nbsp;se pr\u00e9pare surtout \u00e0 la s\u00e9paration avec sa fille de 8 ans. &nbsp;&nbsp;<br><br><strong>Alice Winocour, FR \/ DE, 2019,<\/strong> 107 min., 2D, &nbsp;langue: <strong>fran\u00e7ais, anglais, russe, allemand<\/strong>, sous-titr\u00e9e, 4.50\/5.00&nbsp;\u20ac <\/p>\n\n\n<div class=\"space sm\"><\/div>\n\n<div class=\"text-center\"><a href=\"https:\/\/www.facebook.com\/events\/2104338616368379\/\" class=\"btn btn-black-invert\" target=\"blank\" rel=\"noreferrer noopener\">Facebook event<\/a><\/div>\n\n<div class=\"space sm\"><\/div>\n\n\n<h3 class=\"wp-block-heading\">La bonne \u00e9pouse \/ 16 octobre \u00e0 19:30 <\/h3>\n\n\n<div class=\"space xs\"><\/div>\n\n\n<figure class=\"wp-block-embed-youtube wp-block-embed is-type-video is-provider-youtube wp-embed-aspect-16-9 wp-has-aspect-ratio\"><div class=\"wp-block-embed__wrapper\">\n<iframe loading=\"lazy\" title=\"\ud83d\ude02 LA BONNE \u00c9POUSE Bande Annonce VF (2020)\" width=\"500\" height=\"281\" src=\"https:\/\/www.youtube.com\/embed\/Aj-Bj-76FT8?feature=oembed\" frameborder=\"0\" allow=\"accelerometer; autoplay; clipboard-write; encrypted-media; gyroscope; picture-in-picture; web-share\" referrerpolicy=\"strict-origin-when-cross-origin\" allowfullscreen><\/iframe>\n<\/div><\/figure>\n\n\n\n<p>Tenir son foyer et se plier au devoir conjugal sans moufter : c\u2019est ce &nbsp;qu\u2019enseigne avec ardeur Paulette Van Der Beck dans son \u00e9cole &nbsp;m\u00e9nag\u00e8re.&nbsp;Ses certitudes vacillent quand elle se retrouve veuve et &nbsp;ruin\u00e9e.&nbsp;Est-ce le retour de son premier amour ou le vent de libert\u00e9 de &nbsp;mai 68 ? Et si la bonne \u00e9pouse devenait une femme libre ? &nbsp;&nbsp;&nbsp;&nbsp;&nbsp;&nbsp;&nbsp;&nbsp;&nbsp;&nbsp;&nbsp;&nbsp;&nbsp;&nbsp;&nbsp;&nbsp;&nbsp;&nbsp;&nbsp;&nbsp;&nbsp;&nbsp;<br><br><strong>Martin Provost, FR \/ BELG, 2020,<\/strong> 108 min., 2D, <strong>VO<\/strong>, sous-titr\u00e9e, 4.50\/5.00&nbsp;\u20ac <\/p>\n\n\n<div class=\"space sm\"><\/div>\n\n<div class=\"text-center\"><a href=\"https:\/\/www.facebook.com\/events\/1048731665598162\/\" class=\"btn btn-black-invert\" target=\"blank\" rel=\"noreferrer noopener\">Facebook event<\/a><\/div>\n\n<div class=\"space md\"><\/div>\n\n\n<h3 class=\"wp-block-heading\">La Communion \/ 28 octobre \u00e0 19:30 <\/h3>\n\n\n<div class=\"space xs\"><\/div>\n\n\n<figure class=\"wp-block-embed-youtube wp-block-embed is-type-video is-provider-youtube wp-embed-aspect-16-9 wp-has-aspect-ratio\"><div class=\"wp-block-embed__wrapper\">\nhttps:\/\/www.youtube.com\/watch?v=MqYiahs1ypU\n<\/div><\/figure>\n\n\n\n<p>Daniel, 20 ans, se d\u00e9couvre une vocation spirituelle dans un centre de &nbsp;d\u00e9tention pour la jeunesse mais le crime qu&rsquo;il a&nbsp;commis l&#8217;emp\u00eache &nbsp;d&rsquo;acc\u00e9der aux \u00e9tudes de s\u00e9minariste. Envoy\u00e9 dans une petite ville pour &nbsp;travailler dans un atelier de menuiserie, il se fait passer pour un &nbsp;pr\u00eatre et prend la t\u00eate de la paroisse. &nbsp;&nbsp;&nbsp;&nbsp;&nbsp;&nbsp;&nbsp;&nbsp;&nbsp;&nbsp;&nbsp;&nbsp;&nbsp;&nbsp;&nbsp;&nbsp;&nbsp;&nbsp;&nbsp;&nbsp;&nbsp;&nbsp;<br><br><strong>Jan Komasa, PL&nbsp;\/ FR, 2019,<\/strong> 125 min., 2D, langue: <strong>polonais<\/strong>, sous-titr\u00e9e, 4.50\/5.00&nbsp;\u20ac<\/p>\n\n\n<div class=\"space sm\"><\/div>\n\n<div class=\"text-center\"><a href=\"https:\/\/www.facebook.com\/events\/984496988716146\/\" class=\"btn btn-black-invert\" target=\"blank\" rel=\"noreferrer noopener\">Facebook event<\/a><\/div>\n\n<div class=\"space md\"><\/div>\n\n\n<h3 class=\"wp-block-heading\">La V\u00e9rit\u00e9 \/ 29 octobre \u00e0 19:30 <\/h3>\n\n\n<div class=\"space xs\"><\/div>\n\n\n<figure class=\"wp-block-embed-youtube wp-block-embed is-type-video is-provider-youtube wp-embed-aspect-16-9 wp-has-aspect-ratio\"><div class=\"wp-block-embed__wrapper\">\n<iframe loading=\"lazy\" title=\"The Truth \/ La V\u00e9rit\u00e9 (2019) - Trailer (French)\" width=\"500\" height=\"281\" src=\"https:\/\/www.youtube.com\/embed\/PEGS0Wv_reY?feature=oembed\" frameborder=\"0\" allow=\"accelerometer; autoplay; clipboard-write; encrypted-media; gyroscope; picture-in-picture; web-share\" referrerpolicy=\"strict-origin-when-cross-origin\" allowfullscreen><\/iframe>\n<\/div><\/figure>\n\n\n\n<p> Fabienne, ic\u00f4ne du cin\u00e9ma, est la m\u00e8re de Lumir, sc\u00e9nariste \u00e0 New York. &nbsp;La publication des M\u00e9moires de cette grande actrice incite Lumir et sa &nbsp;famille \u00e0 revenir dans la maison de son enfance. Mais les retrouvailles &nbsp;vont vite tourner \u00e0 la confrontation&#8230;&nbsp;&nbsp;&nbsp;&nbsp;&nbsp;&nbsp;&nbsp;&nbsp;&nbsp;&nbsp;&nbsp;&nbsp;&nbsp;&nbsp;&nbsp;&nbsp;&nbsp;&nbsp;&nbsp;&nbsp;&nbsp;&nbsp;&nbsp;<br><br><strong>Hirokazu Koreeda, FR \/ JAP, 2019,<\/strong> 106 min., 2D, langue: <strong>fran\u00e7ais, anglais<\/strong>, sous-titr\u00e9e, 4.50\/5.00&nbsp;\u20ac <\/p>\n\n\n<div class=\"space sm\"><\/div>\n\n<div class=\"text-center\"><a href=\" https:\/\/www.facebook.com\/events\/350785369612375\/\" class=\"btn btn-black-invert\" target=\"blank\" rel=\"noreferrer noopener\">Facebook event<\/a><\/div>\n\n<div class=\"space sm\"><\/div>\n\n<\/div><iframe loading=\"lazy\" src=\"https:\/\/www.google.com\/maps\/embed?pb=!1m18!1m12!1m3!1d2661.9122267328057!2d17.12643431598923!3d48.150497379224426!2m3!1f0!2f0!3f0!3m2!1i1024!2i768!4f13.1!3m3!1m2!1s0x476c894fa73ceb15%3A0x518d8e467adf53d5!2sNostalgia%20Cinema!5e0!3m2!1sfr!2ssk!4v1600957265171!5m2!1sfr!2ssk\" width=\"100%\" height=\"558\" frameborder=\"0\" class=\"gmap-iframe\" allowfullscreen=\"\"><\/iframe><div class=\"wrap narrow-wrap\">","protected":false},"featured_media":12766,"template":"","typ-podujatia":[52],"acf":[],"yoast_head":"<!-- This site is optimized with the Yoast SEO plugin v24.5 - https:\/\/yoast.com\/wordpress\/plugins\/seo\/ -->\n<title>Octobre \/ Films fran\u00e7ais au Kino Nostalgia - Franc\u00fazsky in\u0161tit\u00fat na Slovensku<\/title>\n<meta name=\"robots\" content=\"index, follow, max-snippet:-1, max-image-preview:large, max-video-preview:-1\" \/>\n<link rel=\"canonical\" href=\"https:\/\/institutfrancais.sk\/fr\/podujatie\/octobre-films-francais-au-kino-nostalgia\/\" \/>\n<meta property=\"og:locale\" content=\"fr_FR\" \/>\n<meta property=\"og:type\" content=\"article\" \/>\n<meta property=\"og:title\" content=\"Octobre \/ Films fran\u00e7ais au Kino Nostalgia - Franc\u00fazsky in\u0161tit\u00fat na Slovensku\" \/>\n<meta property=\"og:description\" content=\"Pinocchio \/ 2 octobre \u00e0 18:00 Geppetto est un pauvre charpentier toscan. Ayant vu arriver dans son village un th\u00e9\u00e2tre marionnettes en bois, il d\u00e9cide d\u2019en fabriquer une, faire le tour du pays et, par &nbsp;la notori\u00e9t\u00e9 obtenue, gagner un peu d&rsquo;argent. Durant la fabrication, &nbsp;l&rsquo;homme se rend compte que sa cr\u00e9ation prend vie. Il [&hellip;]\" \/>\n<meta property=\"og:url\" content=\"https:\/\/institutfrancais.sk\/fr\/podujatie\/octobre-films-francais-au-kino-nostalgia\/\" \/>\n<meta property=\"og:site_name\" content=\"Franc\u00fazsky in\u0161tit\u00fat na Slovensku\" \/>\n<meta property=\"article:modified_time\" content=\"2020-09-25T13:16:13+00:00\" \/>\n<meta property=\"og:image\" content=\"https:\/\/institutfrancais.sk\/wp-content\/uploads\/2020\/09\/14980639_10154705640894207_5017846878515901879_n.png\" \/>\n\t<meta property=\"og:image:width\" content=\"848\" \/>\n\t<meta property=\"og:image:height\" content=\"566\" \/>\n\t<meta property=\"og:image:type\" content=\"image\/png\" \/>\n<meta name=\"twitter:card\" content=\"summary_large_image\" \/>\n<meta name=\"twitter:label1\" content=\"Dur\u00e9e de lecture estim\u00e9e\" \/>\n\t<meta name=\"twitter:data1\" content=\"3 minutes\" \/>\n<script type=\"application\/ld+json\" class=\"yoast-schema-graph\">{\"@context\":\"https:\/\/schema.org\",\"@graph\":[{\"@type\":\"WebPage\",\"@id\":\"https:\/\/institutfrancais.sk\/fr\/podujatie\/octobre-films-francais-au-kino-nostalgia\/\",\"url\":\"https:\/\/institutfrancais.sk\/fr\/podujatie\/octobre-films-francais-au-kino-nostalgia\/\",\"name\":\"Octobre \/ Films fran\u00e7ais au Kino Nostalgia - Franc\u00fazsky in\u0161tit\u00fat na Slovensku\",\"isPartOf\":{\"@id\":\"https:\/\/institutfrancais.sk\/fr\/#website\"},\"primaryImageOfPage\":{\"@id\":\"https:\/\/institutfrancais.sk\/fr\/podujatie\/octobre-films-francais-au-kino-nostalgia\/#primaryimage\"},\"image\":{\"@id\":\"https:\/\/institutfrancais.sk\/fr\/podujatie\/octobre-films-francais-au-kino-nostalgia\/#primaryimage\"},\"thumbnailUrl\":\"https:\/\/institutfrancais.sk\/wp-content\/uploads\/2020\/09\/14980639_10154705640894207_5017846878515901879_n.png\",\"datePublished\":\"2020-09-24T14:18:51+00:00\",\"dateModified\":\"2020-09-25T13:16:13+00:00\",\"breadcrumb\":{\"@id\":\"https:\/\/institutfrancais.sk\/fr\/podujatie\/octobre-films-francais-au-kino-nostalgia\/#breadcrumb\"},\"inLanguage\":\"fr-FR\",\"potentialAction\":[{\"@type\":\"ReadAction\",\"target\":[\"https:\/\/institutfrancais.sk\/fr\/podujatie\/octobre-films-francais-au-kino-nostalgia\/\"]}]},{\"@type\":\"ImageObject\",\"inLanguage\":\"fr-FR\",\"@id\":\"https:\/\/institutfrancais.sk\/fr\/podujatie\/octobre-films-francais-au-kino-nostalgia\/#primaryimage\",\"url\":\"https:\/\/institutfrancais.sk\/wp-content\/uploads\/2020\/09\/14980639_10154705640894207_5017846878515901879_n.png\",\"contentUrl\":\"https:\/\/institutfrancais.sk\/wp-content\/uploads\/2020\/09\/14980639_10154705640894207_5017846878515901879_n.png\",\"width\":848,\"height\":566},{\"@type\":\"BreadcrumbList\",\"@id\":\"https:\/\/institutfrancais.sk\/fr\/podujatie\/octobre-films-francais-au-kino-nostalgia\/#breadcrumb\",\"itemListElement\":[{\"@type\":\"ListItem\",\"position\":1,\"name\":\"Home\",\"item\":\"https:\/\/institutfrancais.sk\/fr\/\"},{\"@type\":\"ListItem\",\"position\":2,\"name\":\"Events\",\"item\":\"https:\/\/institutfrancais.sk\/fr\/podujatie\/\"},{\"@type\":\"ListItem\",\"position\":3,\"name\":\"Octobre \/ Films fran\u00e7ais au Kino Nostalgia\"}]},{\"@type\":\"WebSite\",\"@id\":\"https:\/\/institutfrancais.sk\/fr\/#website\",\"url\":\"https:\/\/institutfrancais.sk\/fr\/\",\"name\":\"Franc\u00fazsky in\u0161tit\u00fat na Slovensku\",\"description\":\"Franc\u00fazsky in\u0161tit\u00fat na Slovensku\",\"potentialAction\":[{\"@type\":\"SearchAction\",\"target\":{\"@type\":\"EntryPoint\",\"urlTemplate\":\"https:\/\/institutfrancais.sk\/fr\/?s={search_term_string}\"},\"query-input\":{\"@type\":\"PropertyValueSpecification\",\"valueRequired\":true,\"valueName\":\"search_term_string\"}}],\"inLanguage\":\"fr-FR\"}]}<\/script>\n<!-- \/ Yoast SEO plugin. -->","yoast_head_json":{"title":"Octobre \/ Films fran\u00e7ais au Kino Nostalgia - Franc\u00fazsky in\u0161tit\u00fat na Slovensku","robots":{"index":"index","follow":"follow","max-snippet":"max-snippet:-1","max-image-preview":"max-image-preview:large","max-video-preview":"max-video-preview:-1"},"canonical":"https:\/\/institutfrancais.sk\/fr\/podujatie\/octobre-films-francais-au-kino-nostalgia\/","og_locale":"fr_FR","og_type":"article","og_title":"Octobre \/ Films fran\u00e7ais au Kino Nostalgia - Franc\u00fazsky in\u0161tit\u00fat na Slovensku","og_description":"Pinocchio \/ 2 octobre \u00e0 18:00 Geppetto est un pauvre charpentier toscan. Ayant vu arriver dans son village un th\u00e9\u00e2tre marionnettes en bois, il d\u00e9cide d\u2019en fabriquer une, faire le tour du pays et, par &nbsp;la notori\u00e9t\u00e9 obtenue, gagner un peu d&rsquo;argent. Durant la fabrication, &nbsp;l&rsquo;homme se rend compte que sa cr\u00e9ation prend vie. Il [&hellip;]","og_url":"https:\/\/institutfrancais.sk\/fr\/podujatie\/octobre-films-francais-au-kino-nostalgia\/","og_site_name":"Franc\u00fazsky in\u0161tit\u00fat na Slovensku","article_modified_time":"2020-09-25T13:16:13+00:00","og_image":[{"width":848,"height":566,"url":"https:\/\/institutfrancais.sk\/wp-content\/uploads\/2020\/09\/14980639_10154705640894207_5017846878515901879_n.png","type":"image\/png"}],"twitter_card":"summary_large_image","twitter_misc":{"Dur\u00e9e de lecture estim\u00e9e":"3 minutes"},"schema":{"@context":"https:\/\/schema.org","@graph":[{"@type":"WebPage","@id":"https:\/\/institutfrancais.sk\/fr\/podujatie\/octobre-films-francais-au-kino-nostalgia\/","url":"https:\/\/institutfrancais.sk\/fr\/podujatie\/octobre-films-francais-au-kino-nostalgia\/","name":"Octobre \/ Films fran\u00e7ais au Kino Nostalgia - Franc\u00fazsky in\u0161tit\u00fat na Slovensku","isPartOf":{"@id":"https:\/\/institutfrancais.sk\/fr\/#website"},"primaryImageOfPage":{"@id":"https:\/\/institutfrancais.sk\/fr\/podujatie\/octobre-films-francais-au-kino-nostalgia\/#primaryimage"},"image":{"@id":"https:\/\/institutfrancais.sk\/fr\/podujatie\/octobre-films-francais-au-kino-nostalgia\/#primaryimage"},"thumbnailUrl":"https:\/\/institutfrancais.sk\/wp-content\/uploads\/2020\/09\/14980639_10154705640894207_5017846878515901879_n.png","datePublished":"2020-09-24T14:18:51+00:00","dateModified":"2020-09-25T13:16:13+00:00","breadcrumb":{"@id":"https:\/\/institutfrancais.sk\/fr\/podujatie\/octobre-films-francais-au-kino-nostalgia\/#breadcrumb"},"inLanguage":"fr-FR","potentialAction":[{"@type":"ReadAction","target":["https:\/\/institutfrancais.sk\/fr\/podujatie\/octobre-films-francais-au-kino-nostalgia\/"]}]},{"@type":"ImageObject","inLanguage":"fr-FR","@id":"https:\/\/institutfrancais.sk\/fr\/podujatie\/octobre-films-francais-au-kino-nostalgia\/#primaryimage","url":"https:\/\/institutfrancais.sk\/wp-content\/uploads\/2020\/09\/14980639_10154705640894207_5017846878515901879_n.png","contentUrl":"https:\/\/institutfrancais.sk\/wp-content\/uploads\/2020\/09\/14980639_10154705640894207_5017846878515901879_n.png","width":848,"height":566},{"@type":"BreadcrumbList","@id":"https:\/\/institutfrancais.sk\/fr\/podujatie\/octobre-films-francais-au-kino-nostalgia\/#breadcrumb","itemListElement":[{"@type":"ListItem","position":1,"name":"Home","item":"https:\/\/institutfrancais.sk\/fr\/"},{"@type":"ListItem","position":2,"name":"Events","item":"https:\/\/institutfrancais.sk\/fr\/podujatie\/"},{"@type":"ListItem","position":3,"name":"Octobre \/ Films fran\u00e7ais au Kino Nostalgia"}]},{"@type":"WebSite","@id":"https:\/\/institutfrancais.sk\/fr\/#website","url":"https:\/\/institutfrancais.sk\/fr\/","name":"Franc\u00fazsky in\u0161tit\u00fat na Slovensku","description":"Franc\u00fazsky in\u0161tit\u00fat na Slovensku","potentialAction":[{"@type":"SearchAction","target":{"@type":"EntryPoint","urlTemplate":"https:\/\/institutfrancais.sk\/fr\/?s={search_term_string}"},"query-input":{"@type":"PropertyValueSpecification","valueRequired":true,"valueName":"search_term_string"}}],"inLanguage":"fr-FR"}]}},"_links":{"self":[{"href":"https:\/\/institutfrancais.sk\/fr\/wp-json\/wp\/v2\/podujatie\/12760"}],"collection":[{"href":"https:\/\/institutfrancais.sk\/fr\/wp-json\/wp\/v2\/podujatie"}],"about":[{"href":"https:\/\/institutfrancais.sk\/fr\/wp-json\/wp\/v2\/types\/podujatie"}],"wp:featuredmedia":[{"embeddable":true,"href":"https:\/\/institutfrancais.sk\/fr\/wp-json\/wp\/v2\/media\/12766"}],"wp:attachment":[{"href":"https:\/\/institutfrancais.sk\/fr\/wp-json\/wp\/v2\/media?parent=12760"}],"wp:term":[{"taxonomy":"typ-podujatia","embeddable":true,"href":"https:\/\/institutfrancais.sk\/fr\/wp-json\/wp\/v2\/typ-podujatia?post=12760"}],"curies":[{"name":"wp","href":"https:\/\/api.w.org\/{rel}","templated":true}]}}