{"id":12874,"date":"2024-09-06T15:30:09","date_gmt":"2024-09-06T13:30:09","guid":{"rendered":"https:\/\/institutfrancais.sk\/?post_type=podujatie&#038;p=12874"},"modified":"2024-09-23T12:04:33","modified_gmt":"2024-09-23T10:04:33","slug":"journee-europeenne-des-langues-2024","status":"publish","type":"podujatie","link":"https:\/\/institutfrancais.sk\/fr\/podujatie\/journee-europeenne-des-langues-2024\/","title":{"rendered":"Journ\u00e9e europ\u00e9enne des langues 2024"},"content":{"rendered":"<\/div><div class=\"gray-bg\"><div class=\"cta-box\"><div class=\"wrap narrow-wrap\"><div class=\"content dark-blue\"><div class=\"cta-box-content\"><div class=\"left-side\"><div class=\"left-content\"><h2><strong>Connaissez-vous bien la France ? Participez \u00e0 nos quiz<\/strong><strong> ! <\/strong><\/h2>\n<p><strong><br \/>\n<\/strong>T\u00e9l\u00e9charger le quiz de votre choix en PDF, faites vos recherches et r\u00e9pondez aux questions via l&rsquo;application Kahoot.<\/p>\n<h2><\/h2>\n<\/div><\/div><div class=\"right-side\"><div class=\"right-content\"><p><img loading=\"lazy\" decoding=\"async\" class=\"size-medium wp-image-12969\" src=\"https:\/\/institutfrancais.sk\/wp-content\/uploads\/2020\/10\/17973869-300x300.jpg\" alt=\"\" width=\"300\" height=\"300\" srcset=\"https:\/\/institutfrancais.sk\/wp-content\/uploads\/2020\/10\/17973869-300x300.jpg 300w, https:\/\/institutfrancais.sk\/wp-content\/uploads\/2020\/10\/17973869-1024x1024.jpg 1024w, https:\/\/institutfrancais.sk\/wp-content\/uploads\/2020\/10\/17973869-150x150.jpg 150w, https:\/\/institutfrancais.sk\/wp-content\/uploads\/2020\/10\/17973869-768x768.jpg 768w, https:\/\/institutfrancais.sk\/wp-content\/uploads\/2020\/10\/17973869-1536x1536.jpg 1536w, https:\/\/institutfrancais.sk\/wp-content\/uploads\/2020\/10\/17973869-2048x2048.jpg 2048w, https:\/\/institutfrancais.sk\/wp-content\/uploads\/2020\/10\/17973869-1000x1000.jpg 1000w\" sizes=\"(max-width: 300px) 100vw, 300px\" \/><\/p>\n<\/div><\/div><\/div><\/div><\/div><\/div><\/div><div class=\"wrap narrow-wrap\">\n\n\n<h2 class=\"wp-block-heading\">Pour les professeurs des \u00e9coles \u00e9lementaires <\/h2>\n\n\n<a href=\"https:\/\/institutfrancais.sk\/wp-content\/uploads\/2020\/10\/Rallye-quizz-Journ\u00e9es-europ\u00e9ennes-Scolaire.pdf\" class=\"btn\" target=\"blank\" rel=\"noreferrer noopener\">Quiz 1<\/a>\n\n<a href=\"https:\/\/institutfrancais.sk\/wp-content\/uploads\/2020\/10\/Kv\u00edz-pre-Z\u0160.pdf\" class=\"btn\" target=\"blank\" rel=\"noreferrer noopener\">Quiz 2<\/a>\n\n<div class=\"space sm\"><\/div>\n\n\n<h2 class=\"wp-block-heading\">Pour les autres curieux <\/h2>\n\n\n<a href=\"https:\/\/institutfrancais.sk\/wp-content\/uploads\/2020\/10\/Rallye-quizz-Journ\u00e9es-europ\u00e9ennes-Grand-Public.pdf\" class=\"btn\" target=\"blank\" rel=\"noreferrer noopener\">Quiz 1<\/a>\n\n<a href=\"https:\/\/institutfrancais.sk\/wp-content\/uploads\/2020\/10\/Kv\u00edz-v-sloven\u010dine.docx.pdf\" class=\"btn\" target=\"blank\" rel=\"noreferrer noopener\">Quiz 2<\/a>\n\n<div class=\"space sm\"><\/div>\n\n\n<h2 class=\"wp-block-heading\">Vous avez les r\u00e9ponses ? Rendez-vous sur Kahoot ! <\/h2>\n\n\n\n<ul>\n<li>Cliquez <strong><a href=\"https:\/\/play.kahoot.it\/v2\/?quizId=9c067ca9-267f-459d-bc4d-dffc742791df&amp;\">ici <\/a><\/strong><\/li>\n\n\n\n<li>Choisissez l&rsquo;option \u00ab\u00a0Classic\u00a0\u00bb (bouton vert) <\/li>\n\n\n\n<li>T\u00e9l\u00e9chargez l&rsquo;application <strong>Kahoot <\/strong>sur votre smartphone ou connectez-vous sur la <strong><a href=\"https:\/\/kahoot.it\/\">plateforme<\/a><\/strong><\/li>\n\n\n\n<li>Rentrez le <strong>PIN <\/strong>qui vous a&nbsp;\u00e9t\u00e9 g\u00e9n\u00e9r\u00e9 apr\u00e8s avoir appuy\u00e9 sur le bouton vert \u00ab\u00a0Classic\u00a0\u00bb <\/li>\n\n\n\n<li>Rentrez votre <strong>nickname<\/strong><\/li>\n\n\n\n<li>Cliquez sur <strong>Start <\/strong>et c&rsquo;est parti ! &nbsp;<\/li>\n<\/ul>\n\n\n<div class=\"space sm\"><\/div>\n\n<\/div><div class=\"gray-bg\"><div class=\"cta-box\"><div class=\"wrap narrow-wrap\"><div class=\"content\"><div class=\"cta-box-content\"><div class=\"left-side\"><div class=\"left-content\"><p><!-- wp:heading --><\/p>\n<h2>Avez-vous l\u2019oreille pour les langues\u00a0?<\/h2>\n<p><!-- \/wp:heading --> <!-- wp:paragraph --><\/p>\n<p>On vous propose une petite activit\u00e9\u00a0! Sauriez-vous reconna\u00eetre ces langues\u00a0?<\/p>\n<p><!-- \/wp:paragraph --><\/p>\n<\/div><a class=\"btn btn-white\" href=\"https:\/\/edl.ecml.at\/Games\/Whichlanguageisit\/tabid\/3202\/language\/fr-FR\/Default.aspx\">Rendez-vous ici<\/a><\/div><div class=\"right-side\"><div class=\"right-content\"><p><img loading=\"lazy\" decoding=\"async\" class=\"size-full wp-image-1869 alignright\" src=\"https:\/\/institutfrancais.sk\/wp-content\/uploads\/2020\/01\/ed_ico4.png\" alt=\"\" width=\"300\" height=\"240\" \/><\/p>\n<\/div><\/div><\/div><\/div><\/div><\/div><\/div><div class=\"wrap narrow-wrap\">\n\n<div class=\"space sm\"><\/div>\n\n\n<h2 class=\"wp-block-heading\">D\u2019apr\u00e8s vous, dans quel pays trouve-t-on le plus long mot d\u2019Europe&nbsp;?<\/h2>\n\n\n<div class=\"accordion-menu\"><a href=\"#a1-\" class=\"smooth\"><\/a><\/div><div class=\"accordion\" id=\"a761\"><div class=\"card\"><div class=\"card-header\" id=\"ha761_1\"><h3 class=\"card-opener\"><button class=\"collapsed\" type=\"button\" data-toggle=\"collapse\" data-target=\"#ca761_1\" aria-expanded=\"true\" aria-controls=\"ca761_1\">A : en Su\u00e8de<span class=\"plus\"><svg viewBox=\"0 0 29 29\" xmlns=\"http:\/\/www.w3.org\/2000\/svg\"><path d=\"M28.2857 12.9286V16.7857C28.2857 17.3214 28.0982 17.7768 27.7232 18.1518C27.3482 18.5268 26.8929 18.7143 26.3571 18.7143H18V27.0714C18 27.6071 17.8125 28.0625 17.4375 28.4375C17.0625 28.8125 16.6071 29 16.0714 29H12.2143C11.6786 29 11.2232 28.8125 10.8482 28.4375C10.4732 28.0625 10.2857 27.6071 10.2857 27.0714V18.7143H1.92857C1.39286 18.7143 0.9375 18.5268 0.5625 18.1518C0.1875 17.7768 0 17.3214 0 16.7857V12.9286C0 12.3929 0.1875 11.9375 0.5625 11.5625C0.9375 11.1875 1.39286 11 1.92857 11H10.2857V2.64286C10.2857 2.10714 10.4732 1.65178 10.8482 1.27678C11.2232 0.901784 11.6786 0.714284 12.2143 0.714284H16.0714C16.6071 0.714284 17.0625 0.901784 17.4375 1.27678C17.8125 1.65178 18 2.10714 18 2.64286V11H26.3571C26.8929 11 27.3482 11.1875 27.7232 11.5625C28.0982 11.9375 28.2857 12.3929 28.2857 12.9286Z\"><\/svg><\/span><span class=\"minus\"><svg viewBox=\"0 0 29 8\" xmlns=\"http:\/\/www.w3.org\/2000\/svg\"><path d=\"M28.2857 1.92857V5.78571C28.2857 6.32143 28.0982 6.77679 27.7232 7.15179C27.3482 7.52679 26.8929 7.71429 26.3571 7.71429H1.92857C1.39286 7.71429 0.9375 7.52679 0.5625 7.15179C0.1875 6.77679 0 6.32143 0 5.78571V1.92857C0 1.39286 0.1875 0.937499 0.5625 0.562499C0.9375 0.1875 1.39286 0 1.92857 0H26.3571C26.8929 0 27.3482 0.1875 27.7232 0.562499C28.0982 0.937499 28.2857 1.39286 28.2857 1.92857Z\"><\/svg><\/span><\/button><\/h3><\/div><div id=\"ca761_1\" class=\"collapse\" aria-labelledby=\"ha761_1\" data-parent=\"#a761\"><div class=\"card-body\"><p><em data-rich-text-format-boundary=\"true\">\u00ab\u00a0nordv\u00e4stersj\u00f6kustartilleriflygspaningssimulatoranl\u00e4ggningsmaterielunderh\u00e5ll \u2013 <\/em><em data-rich-text-format-boundary=\"true\">suppf\u00f6ljningssystemdiskussionsinl\u00e4ggsf\u00f6rberedelsearbeten\u00a0\u00bb<\/em><\/p>\n<p>Et il fait 131 lettres\u00a0!<\/p>\n<\/div><\/div><\/div><div class=\"card\"><div class=\"card-header\" id=\"ha761_2\"><h3 class=\"card-opener\"><button class=\"collapsed\" type=\"button\" data-toggle=\"collapse\" data-target=\"#ca761_2\" aria-expanded=\"true\" aria-controls=\"ca761_2\">B : en France<span class=\"plus\"><svg viewBox=\"0 0 29 29\" xmlns=\"http:\/\/www.w3.org\/2000\/svg\"><path d=\"M28.2857 12.9286V16.7857C28.2857 17.3214 28.0982 17.7768 27.7232 18.1518C27.3482 18.5268 26.8929 18.7143 26.3571 18.7143H18V27.0714C18 27.6071 17.8125 28.0625 17.4375 28.4375C17.0625 28.8125 16.6071 29 16.0714 29H12.2143C11.6786 29 11.2232 28.8125 10.8482 28.4375C10.4732 28.0625 10.2857 27.6071 10.2857 27.0714V18.7143H1.92857C1.39286 18.7143 0.9375 18.5268 0.5625 18.1518C0.1875 17.7768 0 17.3214 0 16.7857V12.9286C0 12.3929 0.1875 11.9375 0.5625 11.5625C0.9375 11.1875 1.39286 11 1.92857 11H10.2857V2.64286C10.2857 2.10714 10.4732 1.65178 10.8482 1.27678C11.2232 0.901784 11.6786 0.714284 12.2143 0.714284H16.0714C16.6071 0.714284 17.0625 0.901784 17.4375 1.27678C17.8125 1.65178 18 2.10714 18 2.64286V11H26.3571C26.8929 11 27.3482 11.1875 27.7232 11.5625C28.0982 11.9375 28.2857 12.3929 28.2857 12.9286Z\"><\/svg><\/span><span class=\"minus\"><svg viewBox=\"0 0 29 8\" xmlns=\"http:\/\/www.w3.org\/2000\/svg\"><path d=\"M28.2857 1.92857V5.78571C28.2857 6.32143 28.0982 6.77679 27.7232 7.15179C27.3482 7.52679 26.8929 7.71429 26.3571 7.71429H1.92857C1.39286 7.71429 0.9375 7.52679 0.5625 7.15179C0.1875 6.77679 0 6.32143 0 5.78571V1.92857C0 1.39286 0.1875 0.937499 0.5625 0.562499C0.9375 0.1875 1.39286 0 1.92857 0H26.3571C26.8929 0 27.3482 0.1875 27.7232 0.562499C28.0982 0.937499 28.2857 1.39286 28.2857 1.92857Z\"><\/svg><\/span><\/button><\/h3><\/div><div id=\"ca761_2\" class=\"collapse\" aria-labelledby=\"ha761_2\" data-parent=\"#a761\"><div class=\"card-body\"><p><em data-rich-text-format-boundary=\"true\">Anticonstitutionnellement \u2013 25 lettres<\/em><\/p>\n<\/div><\/div><\/div><div class=\"card\"><div class=\"card-header\" id=\"ha761_3\"><h3 class=\"card-opener\"><button class=\"collapsed\" type=\"button\" data-toggle=\"collapse\" data-target=\"#ca761_3\" aria-expanded=\"true\" aria-controls=\"ca761_3\">C : en Slovaquie<span class=\"plus\"><svg viewBox=\"0 0 29 29\" xmlns=\"http:\/\/www.w3.org\/2000\/svg\"><path d=\"M28.2857 12.9286V16.7857C28.2857 17.3214 28.0982 17.7768 27.7232 18.1518C27.3482 18.5268 26.8929 18.7143 26.3571 18.7143H18V27.0714C18 27.6071 17.8125 28.0625 17.4375 28.4375C17.0625 28.8125 16.6071 29 16.0714 29H12.2143C11.6786 29 11.2232 28.8125 10.8482 28.4375C10.4732 28.0625 10.2857 27.6071 10.2857 27.0714V18.7143H1.92857C1.39286 18.7143 0.9375 18.5268 0.5625 18.1518C0.1875 17.7768 0 17.3214 0 16.7857V12.9286C0 12.3929 0.1875 11.9375 0.5625 11.5625C0.9375 11.1875 1.39286 11 1.92857 11H10.2857V2.64286C10.2857 2.10714 10.4732 1.65178 10.8482 1.27678C11.2232 0.901784 11.6786 0.714284 12.2143 0.714284H16.0714C16.6071 0.714284 17.0625 0.901784 17.4375 1.27678C17.8125 1.65178 18 2.10714 18 2.64286V11H26.3571C26.8929 11 27.3482 11.1875 27.7232 11.5625C28.0982 11.9375 28.2857 12.3929 28.2857 12.9286Z\"><\/svg><\/span><span class=\"minus\"><svg viewBox=\"0 0 29 8\" xmlns=\"http:\/\/www.w3.org\/2000\/svg\"><path d=\"M28.2857 1.92857V5.78571C28.2857 6.32143 28.0982 6.77679 27.7232 7.15179C27.3482 7.52679 26.8929 7.71429 26.3571 7.71429H1.92857C1.39286 7.71429 0.9375 7.52679 0.5625 7.15179C0.1875 6.77679 0 6.32143 0 5.78571V1.92857C0 1.39286 0.1875 0.937499 0.5625 0.562499C0.9375 0.1875 1.39286 0 1.92857 0H26.3571C26.8929 0 27.3482 0.1875 27.7232 0.562499C28.0982 0.937499 28.2857 1.39286 28.2857 1.92857Z\"><\/svg><\/span><\/button><\/h3><\/div><div id=\"ca761_3\" class=\"collapse\" aria-labelledby=\"ha761_3\" data-parent=\"#a761\"><div class=\"card-body\"><p><em data-rich-text-format-boundary=\"true\">Najneobhospod\u00e1rovatel&rsquo;nej\u0161\u00ed \u2013 26 lettres <\/em><\/p>\n<\/div><\/div><\/div><\/div>\n\n<div class=\"space sm\"><\/div>\n\n\n<h2 class=\"wp-block-heading\">Le saviez-vous ? <\/h2>\n\n\n\n<ol>\n<li>Il y a&nbsp;entre 6&nbsp;000 et 7&nbsp;000 langues diff\u00e9rentes<br>dans le monde, dont 3% est en Europe.<\/li>\n\n\n\n<li>La<br>Russie est le pays avec le plus de langues parl\u00e9es sur son territoire : environ<br>150 langues.<\/li>\n\n\n\n<li>La<br>plupart des langues du monde sont parl\u00e9es en Asie et en Afrique.<\/li>\n\n\n\n<li>Plus<br>de la moiti\u00e9 de la population mondiale est bilingue, et un grand nombre<br>d&rsquo;individus sont plurilingues, c&rsquo;est-\u00e0-dire qu&rsquo;ils parlent plus de deux<br>langues.<\/li>\n\n\n\n<li>Les<br>langues sont reli\u00e9es entre elles comme les membres d&rsquo;une famille. La plupart<br>des langues europ\u00e9ennes appartiennent \u00e0 la grande famille des langues<br>indo-europ\u00e9ennes.<\/li>\n\n\n\n<li>Les langues non europ\u00e9ennes les plus utilis\u00e9es<br>sur le territoire europ\u00e9en sont l&rsquo;arabe, le chinois et l\u2019hindi. Chacune a&nbsp;son<br>propre syst\u00e8me de calligraphie.<\/li>\n<\/ol>\n\n\n<div class=\"space sm\"><\/div>\n\n\n<h2 class=\"wp-block-heading\">Dans un monde plurilingue, parler plus d\u2019une langue est une force ! <\/h2>\n\n\n\n<p>C\u2019est pourquoi le Conseil de l\u2019Europe sensibilise les Europ\u00e9ens \u00e0 l&rsquo;importance de l&rsquo;apprentissage des langues et la promotion de son patrimoine linguistique \u00e0 travers la <strong><a aria-label=\"Journ\u00e9e europ\u00e9enne des langues (otvor\u00ed sa v novej karte)\" href=\"https:\/\/edl.ecml.at\/Home\/Whatisit\/tabid\/1760\/language\/fr-FR\/Default.aspx\" target=\"_blank\" rel=\"noreferrer noopener\">Journ\u00e9e europ\u00e9enne des langues<\/a><\/strong> qui a&nbsp;lieu tous les ans le 26 septembre en coop\u00e9ration avec l&rsquo;Union europ\u00e9enne. Cette ann\u00e9e la Repr\u00e9sentation de la Commission Europ\u00e9enne en Slovaquie propose <strong>un programme plurilingue et pluriculturel<\/strong> \u00e0 destination des \u00e9l\u00e8ves et professeurs slovaques. <strong>Le 26 septembre<\/strong>, les \u00e9coles de Bratislava pourront participer \u00e0 <strong>un March\u00e9 des Langues \u00e0 <a href=\"https:\/\/novacvernovka.eu\/o-nas?lang=en\">Nov\u00e1 Cvernovka<\/a>.<\/strong>&nbsp;: la matin\u00e9e sera d\u00e9di\u00e9e aux \u00e9l\u00e8ves qui pourront d\u00e9couvrir de nouvelles langues au moyen d&rsquo;ateliers et autres activit\u00e9s ! Ce march\u00e9 des langues sera \u00e9galement d\u00e9ploy\u00e9 \u00e0 l&rsquo;Universit\u00e9 UPJ\u0160 \u00e0 Ko\u0161ice le 12 septembre prochain. <strong>Le 27 septembre<\/strong>, des ateliers de langues seront \u00e9galement propos\u00e9s en ligne pour les classes ne pouvant se rendre \u00e0 Bratislava la veille.<\/p>\n\n\n\n<p>Pour les adultes, un speak dating est organis\u00e9 le soir du 26 septembre, o\u00f9 chacun pourra venir parler avec des natifs de diff\u00e9rents pays de l&rsquo;Union Europ\u00e9enne, et peut-\u00eatre d\u00e9couvrir (ou red\u00e9couvrir) leur langue coup de c\u0153ur !<\/p>\n\n\n<div class=\"space sm\"><\/div>\n\n\n<h2 class=\"wp-block-heading\">L\u2019Institut fran\u00e7ais de Slovaquie propose :<\/h2>\n\n\n\n<figure class=\"wp-block-table is-style-regular\"><table><tbody><tr><td>pour les \u00e9l\u00e8ves et les enseignants<\/td><td><strong>le jeudi 12 septembre de 8h30 \u00e0 13h00<\/strong> \u00e0 l&rsquo;Universit\u00e9 UPJ\u0160, Ko\u0161ice : ateliers de d\u00e9couverte pour les \u00e9l\u00e8ves du primaire et secondaire (complet)<br><br> <strong>le jeudi 26 septembre de 9h00 \u00e0 13h00<\/strong> \u00e0 <strong><a href=\"https:\/\/novacvernovka.eu\/o-nas?lang=en\">Nov\u00e1 Cvernovka<\/a><\/strong>, Bratislava : march\u00e9 des langues et atelier de d\u00e9couverte pour les \u00e9l\u00e8ves du primaire et secondaire<br><br><strong>le vendredi 27 septembre de 9h00 \u00e0 13h00<\/strong> : ateliers de d\u00e9couverte pour les \u00e9l\u00e8ves du primaire et secondaire (EN LIGNE)<\/td><\/tr><tr><td>pour les adultes<\/td><td><strong>le jeudi 26 septembre de 18h00 \u00e0 20h00 <\/strong>: speak-dating (TBA)<\/td><\/tr><\/tbody><\/table><\/figure>\n\n\n<div class=\"space sm\"><\/div>\n\n\n<p>Ces journ\u00e9es sont organis\u00e9es par la repr\u00e9sentation de la <strong><a aria-label=\"Commission europ\u00e9enne en Slovaquie (otvor\u00ed sa v novej karte)\" class=\"ready\" onclick=\"return false;\" href=\"#\" target=\"_blank\" rel=\"noreferrer noopener\">Commission europ\u00e9enne en Slovaquie<\/a><\/strong> et l\u2019Universit\u00e9 UPJ\u0160 \u00e0 Ko\u0161ice, en coop\u00e9ration avec les instituts de langues pr\u00e9sents en Slovaquie.<\/p>\n\n\n\n<p><\/p>\n\n\n\n<p><\/p>\n\n\n\n<p><\/p>\n","protected":false},"featured_media":33185,"template":"","typ-podujatia":[53,184,98],"acf":[],"yoast_head":"<!-- This site is optimized with the Yoast SEO plugin v24.5 - https:\/\/yoast.com\/wordpress\/plugins\/seo\/ -->\n<title>Journ\u00e9e europ\u00e9enne des langues 2024 - Franc\u00fazsky in\u0161tit\u00fat na Slovensku<\/title>\n<meta name=\"robots\" content=\"index, follow, max-snippet:-1, max-image-preview:large, max-video-preview:-1\" \/>\n<link rel=\"canonical\" href=\"https:\/\/institutfrancais.sk\/fr\/podujatie\/journee-europeenne-des-langues-2024\/\" \/>\n<meta property=\"og:locale\" content=\"fr_FR\" \/>\n<meta property=\"og:type\" content=\"article\" \/>\n<meta property=\"og:title\" content=\"Journ\u00e9e europ\u00e9enne des langues 2024 - Franc\u00fazsky in\u0161tit\u00fat na Slovensku\" \/>\n<meta property=\"og:description\" content=\"Pour les professeurs des \u00e9coles \u00e9lementaires Pour les autres curieux Vous avez les r\u00e9ponses ? Rendez-vous sur Kahoot ! D\u2019apr\u00e8s vous, dans quel pays trouve-t-on le plus long mot d\u2019Europe&nbsp;? Le saviez-vous ? Dans un monde plurilingue, parler plus d\u2019une langue est une force ! C\u2019est pourquoi le Conseil de l\u2019Europe sensibilise les Europ\u00e9ens \u00e0 [&hellip;]\" \/>\n<meta property=\"og:url\" content=\"https:\/\/institutfrancais.sk\/fr\/podujatie\/journee-europeenne-des-langues-2024\/\" \/>\n<meta property=\"og:site_name\" content=\"Franc\u00fazsky in\u0161tit\u00fat na Slovensku\" \/>\n<meta property=\"article:modified_time\" content=\"2024-09-23T10:04:33+00:00\" \/>\n<meta property=\"og:image\" content=\"https:\/\/institutfrancais.sk\/wp-content\/uploads\/2024\/09\/460133213_961532116013728_7530671647927428452_n.jpg\" \/>\n\t<meta property=\"og:image:width\" content=\"1920\" \/>\n\t<meta property=\"og:image:height\" content=\"1080\" \/>\n\t<meta property=\"og:image:type\" content=\"image\/jpeg\" \/>\n<meta name=\"twitter:card\" content=\"summary_large_image\" \/>\n<meta name=\"twitter:label1\" content=\"Dur\u00e9e de lecture estim\u00e9e\" \/>\n\t<meta name=\"twitter:data1\" content=\"3 minutes\" \/>\n<script type=\"application\/ld+json\" class=\"yoast-schema-graph\">{\"@context\":\"https:\/\/schema.org\",\"@graph\":[{\"@type\":\"WebPage\",\"@id\":\"https:\/\/institutfrancais.sk\/fr\/podujatie\/journee-europeenne-des-langues-2024\/\",\"url\":\"https:\/\/institutfrancais.sk\/fr\/podujatie\/journee-europeenne-des-langues-2024\/\",\"name\":\"Journ\u00e9e europ\u00e9enne des langues 2024 - Franc\u00fazsky in\u0161tit\u00fat na Slovensku\",\"isPartOf\":{\"@id\":\"https:\/\/institutfrancais.sk\/fr\/#website\"},\"primaryImageOfPage\":{\"@id\":\"https:\/\/institutfrancais.sk\/fr\/podujatie\/journee-europeenne-des-langues-2024\/#primaryimage\"},\"image\":{\"@id\":\"https:\/\/institutfrancais.sk\/fr\/podujatie\/journee-europeenne-des-langues-2024\/#primaryimage\"},\"thumbnailUrl\":\"https:\/\/institutfrancais.sk\/wp-content\/uploads\/2024\/09\/460133213_961532116013728_7530671647927428452_n.jpg\",\"datePublished\":\"2024-09-06T13:30:09+00:00\",\"dateModified\":\"2024-09-23T10:04:33+00:00\",\"breadcrumb\":{\"@id\":\"https:\/\/institutfrancais.sk\/fr\/podujatie\/journee-europeenne-des-langues-2024\/#breadcrumb\"},\"inLanguage\":\"fr-FR\",\"potentialAction\":[{\"@type\":\"ReadAction\",\"target\":[\"https:\/\/institutfrancais.sk\/fr\/podujatie\/journee-europeenne-des-langues-2024\/\"]}]},{\"@type\":\"ImageObject\",\"inLanguage\":\"fr-FR\",\"@id\":\"https:\/\/institutfrancais.sk\/fr\/podujatie\/journee-europeenne-des-langues-2024\/#primaryimage\",\"url\":\"https:\/\/institutfrancais.sk\/wp-content\/uploads\/2024\/09\/460133213_961532116013728_7530671647927428452_n.jpg\",\"contentUrl\":\"https:\/\/institutfrancais.sk\/wp-content\/uploads\/2024\/09\/460133213_961532116013728_7530671647927428452_n.jpg\",\"width\":1920,\"height\":1080},{\"@type\":\"BreadcrumbList\",\"@id\":\"https:\/\/institutfrancais.sk\/fr\/podujatie\/journee-europeenne-des-langues-2024\/#breadcrumb\",\"itemListElement\":[{\"@type\":\"ListItem\",\"position\":1,\"name\":\"Home\",\"item\":\"https:\/\/institutfrancais.sk\/fr\/\"},{\"@type\":\"ListItem\",\"position\":2,\"name\":\"Events\",\"item\":\"https:\/\/institutfrancais.sk\/fr\/podujatie\/\"},{\"@type\":\"ListItem\",\"position\":3,\"name\":\"Journ\u00e9e europ\u00e9enne des langues 2024\"}]},{\"@type\":\"WebSite\",\"@id\":\"https:\/\/institutfrancais.sk\/fr\/#website\",\"url\":\"https:\/\/institutfrancais.sk\/fr\/\",\"name\":\"Franc\u00fazsky in\u0161tit\u00fat na Slovensku\",\"description\":\"Franc\u00fazsky in\u0161tit\u00fat na Slovensku\",\"potentialAction\":[{\"@type\":\"SearchAction\",\"target\":{\"@type\":\"EntryPoint\",\"urlTemplate\":\"https:\/\/institutfrancais.sk\/fr\/?s={search_term_string}\"},\"query-input\":{\"@type\":\"PropertyValueSpecification\",\"valueRequired\":true,\"valueName\":\"search_term_string\"}}],\"inLanguage\":\"fr-FR\"}]}<\/script>\n<!-- \/ Yoast SEO plugin. -->","yoast_head_json":{"title":"Journ\u00e9e europ\u00e9enne des langues 2024 - Franc\u00fazsky in\u0161tit\u00fat na Slovensku","robots":{"index":"index","follow":"follow","max-snippet":"max-snippet:-1","max-image-preview":"max-image-preview:large","max-video-preview":"max-video-preview:-1"},"canonical":"https:\/\/institutfrancais.sk\/fr\/podujatie\/journee-europeenne-des-langues-2024\/","og_locale":"fr_FR","og_type":"article","og_title":"Journ\u00e9e europ\u00e9enne des langues 2024 - Franc\u00fazsky in\u0161tit\u00fat na Slovensku","og_description":"Pour les professeurs des \u00e9coles \u00e9lementaires Pour les autres curieux Vous avez les r\u00e9ponses ? Rendez-vous sur Kahoot ! D\u2019apr\u00e8s vous, dans quel pays trouve-t-on le plus long mot d\u2019Europe&nbsp;? Le saviez-vous ? Dans un monde plurilingue, parler plus d\u2019une langue est une force ! C\u2019est pourquoi le Conseil de l\u2019Europe sensibilise les Europ\u00e9ens \u00e0 [&hellip;]","og_url":"https:\/\/institutfrancais.sk\/fr\/podujatie\/journee-europeenne-des-langues-2024\/","og_site_name":"Franc\u00fazsky in\u0161tit\u00fat na Slovensku","article_modified_time":"2024-09-23T10:04:33+00:00","og_image":[{"width":1920,"height":1080,"url":"https:\/\/institutfrancais.sk\/wp-content\/uploads\/2024\/09\/460133213_961532116013728_7530671647927428452_n.jpg","type":"image\/jpeg"}],"twitter_card":"summary_large_image","twitter_misc":{"Dur\u00e9e de lecture estim\u00e9e":"3 minutes"},"schema":{"@context":"https:\/\/schema.org","@graph":[{"@type":"WebPage","@id":"https:\/\/institutfrancais.sk\/fr\/podujatie\/journee-europeenne-des-langues-2024\/","url":"https:\/\/institutfrancais.sk\/fr\/podujatie\/journee-europeenne-des-langues-2024\/","name":"Journ\u00e9e europ\u00e9enne des langues 2024 - Franc\u00fazsky in\u0161tit\u00fat na Slovensku","isPartOf":{"@id":"https:\/\/institutfrancais.sk\/fr\/#website"},"primaryImageOfPage":{"@id":"https:\/\/institutfrancais.sk\/fr\/podujatie\/journee-europeenne-des-langues-2024\/#primaryimage"},"image":{"@id":"https:\/\/institutfrancais.sk\/fr\/podujatie\/journee-europeenne-des-langues-2024\/#primaryimage"},"thumbnailUrl":"https:\/\/institutfrancais.sk\/wp-content\/uploads\/2024\/09\/460133213_961532116013728_7530671647927428452_n.jpg","datePublished":"2024-09-06T13:30:09+00:00","dateModified":"2024-09-23T10:04:33+00:00","breadcrumb":{"@id":"https:\/\/institutfrancais.sk\/fr\/podujatie\/journee-europeenne-des-langues-2024\/#breadcrumb"},"inLanguage":"fr-FR","potentialAction":[{"@type":"ReadAction","target":["https:\/\/institutfrancais.sk\/fr\/podujatie\/journee-europeenne-des-langues-2024\/"]}]},{"@type":"ImageObject","inLanguage":"fr-FR","@id":"https:\/\/institutfrancais.sk\/fr\/podujatie\/journee-europeenne-des-langues-2024\/#primaryimage","url":"https:\/\/institutfrancais.sk\/wp-content\/uploads\/2024\/09\/460133213_961532116013728_7530671647927428452_n.jpg","contentUrl":"https:\/\/institutfrancais.sk\/wp-content\/uploads\/2024\/09\/460133213_961532116013728_7530671647927428452_n.jpg","width":1920,"height":1080},{"@type":"BreadcrumbList","@id":"https:\/\/institutfrancais.sk\/fr\/podujatie\/journee-europeenne-des-langues-2024\/#breadcrumb","itemListElement":[{"@type":"ListItem","position":1,"name":"Home","item":"https:\/\/institutfrancais.sk\/fr\/"},{"@type":"ListItem","position":2,"name":"Events","item":"https:\/\/institutfrancais.sk\/fr\/podujatie\/"},{"@type":"ListItem","position":3,"name":"Journ\u00e9e europ\u00e9enne des langues 2024"}]},{"@type":"WebSite","@id":"https:\/\/institutfrancais.sk\/fr\/#website","url":"https:\/\/institutfrancais.sk\/fr\/","name":"Franc\u00fazsky in\u0161tit\u00fat na Slovensku","description":"Franc\u00fazsky in\u0161tit\u00fat na Slovensku","potentialAction":[{"@type":"SearchAction","target":{"@type":"EntryPoint","urlTemplate":"https:\/\/institutfrancais.sk\/fr\/?s={search_term_string}"},"query-input":{"@type":"PropertyValueSpecification","valueRequired":true,"valueName":"search_term_string"}}],"inLanguage":"fr-FR"}]}},"_links":{"self":[{"href":"https:\/\/institutfrancais.sk\/fr\/wp-json\/wp\/v2\/podujatie\/12874"}],"collection":[{"href":"https:\/\/institutfrancais.sk\/fr\/wp-json\/wp\/v2\/podujatie"}],"about":[{"href":"https:\/\/institutfrancais.sk\/fr\/wp-json\/wp\/v2\/types\/podujatie"}],"wp:featuredmedia":[{"embeddable":true,"href":"https:\/\/institutfrancais.sk\/fr\/wp-json\/wp\/v2\/media\/33185"}],"wp:attachment":[{"href":"https:\/\/institutfrancais.sk\/fr\/wp-json\/wp\/v2\/media?parent=12874"}],"wp:term":[{"taxonomy":"typ-podujatia","embeddable":true,"href":"https:\/\/institutfrancais.sk\/fr\/wp-json\/wp\/v2\/typ-podujatia?post=12874"}],"curies":[{"name":"wp","href":"https:\/\/api.w.org\/{rel}","templated":true}]}}