{"id":13574,"date":"2020-10-29T11:08:44","date_gmt":"2020-10-29T10:08:44","guid":{"rendered":"https:\/\/institutfrancais.sk\/?post_type=podujatie&#038;p=13574"},"modified":"2020-10-29T11:08:45","modified_gmt":"2020-10-29T10:08:45","slug":"le-festival-jeden-svet-2020-sera-en-ligne","status":"publish","type":"podujatie","link":"https:\/\/institutfrancais.sk\/fr\/podujatie\/le-festival-jeden-svet-2020-sera-en-ligne\/","title":{"rendered":"Le festival Jeden svet 2020 sera EN LIGNE"},"content":{"rendered":"\n<p>La 21\u00e8me \u00e9dition du festival international du film documentaire sur les droits de l&rsquo;homme <strong><a rel=\"noreferrer noopener\" href=\"https:\/\/www.jedensvet.sk\/en\/\" target=\"_blank\">Jeden svet<\/a> <\/strong>(Un monde) se d\u00e9roulera cette ann\u00e9e en ligne <strong>du 5 au 11 novembre 2020<\/strong>. Les choix &#8211;&nbsp;personnels, sociaux ainsi que politiques seront le th\u00e8me central du festival. Tout le festival en ligne pourra \u00eatre simplement visionn\u00e9 sur le site internet du festival <a rel=\"noreferrer noopener\" href=\"https:\/\/www.jedensvet.sk\/\" target=\"_blank\">www.jedensvet.sk<\/a>. Presque <strong>50 films au programme<\/strong> seront mises en ligne en collaboration avec le portail &nbsp;<a rel=\"noreferrer noopener\" href=\"http:\/\/www.dafilms.sk\" target=\"_blank\">www.dafilms.sk<\/a>. Les streamings des d\u00e9bats seront r\u00e9alis\u00e9s pour Jeden svet &nbsp;par le studio Filma. L&rsquo;\u00e9quipe et les invit\u00e9s du festival se r\u00e9uniront dans les murs du centre culturel <strong>Nov\u00e1 Cvernovka<\/strong>, d&rsquo;o\u00f9 ils diffuseront leur d\u00e9bats aux spectateurs. Du live streaming pour le festival sera produit aussi en r\u00e9gion. Le festival offrira aussi des projection pour \u00e9coles accompagn\u00e9es de d\u00e9bats qui se tiendront eux-aussi dans l&rsquo;espace virtuel.<\/p>\n\n\n<div class=\"space sm\"><\/div>\n\n\n<h2 class=\"wp-block-heading\">Films fran\u00e7ais dans le programme<\/h2>\n\n\n\n<p>Dans le programme du festival <strong>Jeden svet 2020 EN LIGNE<\/strong> vous pourrez visionner <strong>7 films produits ou co-produits en France<\/strong>.<\/p>\n\n\n<div class=\"space sm\"><\/div>\n\n\n<figure class=\"wp-block-embed-youtube wp-block-embed is-type-video is-provider-youtube wp-embed-aspect-16-9 wp-has-aspect-ratio\"><div class=\"wp-block-embed__wrapper\">\n<iframe loading=\"lazy\" title=\"ONE WAY TICKET\" width=\"500\" height=\"281\" src=\"https:\/\/www.youtube.com\/embed\/yEW6-n0Uljc?feature=oembed\" frameborder=\"0\" allow=\"accelerometer; autoplay; clipboard-write; encrypted-media; gyroscope; picture-in-picture; web-share\" referrerpolicy=\"strict-origin-when-cross-origin\" allowfullscreen><\/iframe>\n<\/div><\/figure>\n\n\n\n<h3 class=\"wp-block-heading\">One Way Ticket<\/h3>\n\n\n\n<p><em>Un film de Gr\u00e9gorie Gosset \/ France \/ 2019 \/ 82 min \/ en version anglaise sous-titres slovaques<\/em><\/p>\n\n\n\n<p>Le voyage extraordinaire d&rsquo;une famille et d&rsquo;un homme c\u00e9libataire qui quittent un camp de r\u00e9fugi\u00e9s en Afrique pour commencer une nouvelle vie aux \u00c9tats-Unis. Une histoire d&rsquo;hommes et de femmes qui ont tout perdu et qui r\u00e9inventent maintenant un avenir ailleurs, tr\u00e8s lointain&#8230;<\/p>\n\n\n\n<p>PROJECTION EN LIGNE : 11 NOV 12H00 \u2014 12. NOV 12H00 &nbsp;&nbsp;&nbsp;&nbsp;<a rel=\"noreferrer noopener\" href=\"https:\/\/www.jedensvet.sk\/program\/\" target=\"_blank\">Tout le programme<\/a><\/p>\n\n\n\n<p>D\u00e9tail du film : <a rel=\"noreferrer noopener\" href=\"https:\/\/www.jedensvet.sk\/filmy\/jednosmerny-listok\/\" target=\"_blank\">jedensvet.sk<\/a> | <a rel=\"noreferrer noopener\" href=\"https:\/\/www.jedensvet.sk\/en\/filmy\/jednosmerny-listok\/\" target=\"_blank\">jedensvet.sk (anglais)<\/a> | <a rel=\"noreferrer noopener\" href=\"http:\/\/www.film-documentaire.fr\/4DACTION\/w_fiche_film\/58116_0\" target=\"_blank\">film-documentaire.fr<\/a><\/p>\n\n\n<div class=\"space sm\"><\/div>\n\n\n<figure class=\"wp-block-embed-youtube wp-block-embed is-type-video is-provider-youtube wp-embed-aspect-16-9 wp-has-aspect-ratio\"><div class=\"wp-block-embed__wrapper\">\nhttps:\/\/www.youtube.com\/watch?v=fZuHsHVKwic\n<\/div><\/figure>\n\n\n\n<h3 class=\"wp-block-heading\">Woman<\/h3>\n\n\n\n<p><em>Un film de Anasatasia Mikova et Yann Arthus-Bertrand \/ France \/ 2019 \/ 104 min \/ en version originale avec sous-titres tch\u00e8ques<\/em><\/p>\n\n\n\n<p><em>Woman<\/em> est un projet international qui donne la parole \u00e0 2000 femmes film\u00e9es dans plus de 50 pays. Ces milliers d\u2019heures d\u2019entretiens n\u2019emp\u00eachent pas le film qui en est tir\u00e9 d\u2019offrir un portrait v\u00e9ritablement intimiste de celles qui constituent la moiti\u00e9 de l\u2019humanit\u00e9. C\u2019est une occasion de mettre en lumi\u00e8re les injustices dont les femmes sont victimes dans le monde entier, mais ce que <em>Woman<\/em> souligne par-dessus tout, c\u2019est la force int\u00e9rieure des femmes et leur capacit\u00e9 \u00e0 changer le monde malgr\u00e9 toutes les difficult\u00e9s auxquelles elles sont confront\u00e9es. Dans cette nouvelle \u00e8re o\u00f9 la voix des femmes trouve de plus en plus d\u2019\u00e9cho, ce film n\u2019a pas seulement pour but de revendiquer des droits ou de se concentrer sur ce qui ne va pas, mais aussi de trouver des solutions et d\u2019essayer de r\u00e9concilier les deux sexes.<\/p>\n\n\n\n<p><span class=\"has-inline-color has-luminous-vivid-orange-color\">Ce film est limit\u00e9 \u00e0 un maximum de 500 vues. Nous vous conseillons de le visionner d\u00e8s l&rsquo;ouverture de la projection s&rsquo;il vous int\u00e9resse.<\/span><\/p>\n\n\n\n<p>PROJECTION EN LIGNE : 10 NOV 12H00 \u2014 11 NOV 12H00 &nbsp;&nbsp;&nbsp;&nbsp;<a rel=\"noreferrer noopener\" href=\"https:\/\/www.jedensvet.sk\/program\/\" target=\"_blank\">Tout le programme<\/a><\/p>\n\n\n\n<p>D\u00e9tail du film : <a href=\"https:\/\/www.jedensvet.sk\/filmy\/zena\/\" target=\"_blank\" rel=\"noreferrer noopener\">jedensvet.sk<\/a> | <a href=\"http:\/\/www.film-documentaire.fr\/4DACTION\/w_fiche_film\/58261_0\" target=\"_blank\" rel=\"noreferrer noopener\">film-documentaire.fr<\/a><\/p>\n\n\n<div class=\"space sm\"><\/div>\n\n\n<figure class=\"wp-block-embed-youtube wp-block-embed is-type-video is-provider-youtube wp-embed-aspect-16-9 wp-has-aspect-ratio\"><div class=\"wp-block-embed__wrapper\">\n<iframe loading=\"lazy\" title=\"Sing me a song Trailer NL\" width=\"500\" height=\"281\" src=\"https:\/\/www.youtube.com\/embed\/uAL8WEjRCB4?feature=oembed\" frameborder=\"0\" allow=\"accelerometer; autoplay; clipboard-write; encrypted-media; gyroscope; picture-in-picture; web-share\" referrerpolicy=\"strict-origin-when-cross-origin\" allowfullscreen><\/iframe>\n<\/div><\/figure>\n\n\n\n<h3 class=\"wp-block-heading\">Sing me a&nbsp;song<\/h3>\n\n\n\n<p><em>Un film de Thomas Balm\u00e8s \/ France, Allemagne, Suisse \/ 2019 \/ 99 min \/ en version originale avec sous-titres slovaques et anglais<\/em><\/p>\n\n\n\n<p>Alors qu\u2019Internet arrive au Bhoutan, un jeune moine bouddhiste voit sa vie boulevers\u00e9e par la technologie, et son excitation initiale laisse place \u00e0 un engagement profond avec celle-ci. Lui et les autres enfants moines sont attir\u00e9s par les possibilit\u00e9s qu\u2019offrent leurs smartphones. Ces derniers entrent d\u00e9sormais en comp\u00e9tition avec les rituels quotidiens de la vie monastique. Inattendue et profonde, l\u2019histoire de cet adolescent nous pousse \u00e0 r\u00e9\u00e9valuer notre propre perception des liens sociaux et de l\u2019estime de soi \u00e0 une \u00e9poque plus que jamais connect\u00e9e.<\/p>\n\n\n\n<p>D\u00e9tail du film : <a href=\"https:\/\/www.jedensvet.sk\/filmy\/zaspievaj-mi\/\" target=\"_blank\" rel=\"noreferrer noopener\">jedensvet.sk<\/a> | <a href=\"https:\/\/www.jedensvet.sk\/en\/filmy\/zaspievaj-mi\/\" target=\"_blank\" rel=\"noreferrer noopener\">jedensvet.sk (anglais)<\/a> | <a href=\"http:\/\/www.film-documentaire.fr\/4DACTION\/w_fiche_film\/58917_0\" target=\"_blank\" rel=\"noreferrer noopener\">film-documentaire.fr<\/a><\/p>\n\n\n<div class=\"space sm\"><\/div>\n\n\n<figure class=\"wp-block-embed-youtube wp-block-embed is-type-video is-provider-youtube wp-embed-aspect-16-9 wp-has-aspect-ratio\"><div class=\"wp-block-embed__wrapper\">\n<iframe loading=\"lazy\" title=\"Trailer | That Which Does Not Kill | Alexe Poukine\" width=\"500\" height=\"281\" src=\"https:\/\/www.youtube.com\/embed\/C1WZZWFdB1Y?feature=oembed\" frameborder=\"0\" allow=\"accelerometer; autoplay; clipboard-write; encrypted-media; gyroscope; picture-in-picture; web-share\" referrerpolicy=\"strict-origin-when-cross-origin\" allowfullscreen><\/iframe>\n<\/div><\/figure>\n\n\n\n<h3 class=\"wp-block-heading\">Sans frapper<\/h3>\n\n\n\n<p><em>Un film d&rsquo;Alexe Poukine \/ France, Belgique \/ 2019 \/ 85 min<\/em> \/<em> en version origianale avec sous-titres slovaques et anglais<\/em><\/p>\n\n\n\n<p>Ada a&nbsp;dix-neuf ans. Elle accepte d&rsquo;aller d\u00eener chez un gar\u00e7on qu\u2019elle conna\u00eet. Tout va tr\u00e8s vite, elle ne se d\u00e9fend pas. C\u2019est en 2013, \u00e0 la fin d&rsquo;une projection de son premier film qu\u2019Alexe Poukine la rencontre : une femme de son \u00e2ge qui lui relate une histoire advenue neuf ans auparavant, dont elle ne sait que faire. Habit\u00e9e d\u00e9sormais par ce r\u00e9cit et ses implications, la cin\u00e9aste se confronte \u00e0 la discr\u00e9pance entre ses a&nbsp;priori sur le viol et le constat que nombre de ses proches ont subi une exp\u00e9rience similaire. Il s\u2019agit d\u00e8s lors de trouver une forme pouvant incarner et faire \u00e9merger la parole, ainsi que questionner et investiguer la nature humaine dans ses sombres recoins, de part et d\u2019autre. Le r\u00e9cit d\u2019Ada se m\u00e9lange \u00e0 ceux d\u2019autres, tous diff\u00e9rents et pourtant semblables. La m\u00eame sale histoire, insens\u00e9e et banale, vue sous diff\u00e9rents angles. Entrela\u00e7ant les \u00eatres et les mots, les exp\u00e9riences et la douleur,&nbsp;<em>Sans frapper<\/em>&nbsp;bouleverse par la sinc\u00e9rit\u00e9 qu\u2019il parvient \u00e0 manifester, avec grande force et sensibilit\u00e9. (Emilie Buj\u00e8s, source: <a href=\"http:\/\/www.film-documentaire.fr\" target=\"_blank\" rel=\"noreferrer noopener\">www.film-documentaire.fr<\/a>)<\/p>\n\n\n\n<p>PROJECTION EN LIGNE : 5 NOV 12H00 \u2014 6 NOV 12H00 &nbsp;&nbsp;&nbsp;&nbsp;<a rel=\"noreferrer noopener\" href=\"https:\/\/www.jedensvet.sk\/program\/\" target=\"_blank\">Tout le programme<\/a><\/p>\n\n\n\n<p>D\u00e9tail du film : <a href=\"https:\/\/www.jedensvet.sk\/filmy\/co-ta-nezabije\/\" target=\"_blank\" rel=\"noreferrer noopener\">jedensvet.sk<\/a> | <a href=\"https:\/\/www.jedensvet.sk\/en\/filmy\/that-which-does-not-kill\/\" target=\"_blank\" rel=\"noreferrer noopener\">jedensvet.sk (anglais)<\/a> | <a href=\"http:\/\/www.film-documentaire.fr\/4DACTION\/w_fiche_film\/55788_1\" target=\"_blank\" rel=\"noreferrer noopener\">film-documentaire.fr<\/a><\/p>\n\n\n<div class=\"space sm\"><\/div>\n\n\n<figure class=\"wp-block-embed-youtube wp-block-embed is-type-video is-provider-youtube wp-embed-aspect-16-9 wp-has-aspect-ratio\"><div class=\"wp-block-embed__wrapper\">\n<iframe loading=\"lazy\" title=\"S\u00f3lo (2019) CZ HD trailer\" width=\"500\" height=\"281\" src=\"https:\/\/www.youtube.com\/embed\/TAnInHy0aoY?feature=oembed\" frameborder=\"0\" allow=\"accelerometer; autoplay; clipboard-write; encrypted-media; gyroscope; picture-in-picture; web-share\" referrerpolicy=\"strict-origin-when-cross-origin\" allowfullscreen><\/iframe>\n<\/div><\/figure>\n\n\n\n<h3 class=\"wp-block-heading\">Solo<\/h3>\n\n\n\n<p><em>Un film de Artemio Benki \/ R\u00e9publique tch\u00e8que, France, Argentine, Autriche \/ 2019 \/ 84 min \/ en version espagnole avec sous-titres tch\u00e8ques<\/em><\/p>\n\n\n\n<p>Mart\u00edn, pianiste virtuose et compositeur argentin, est depuis quatre ans patient de l&rsquo;h\u00f4pital psychiatrique El Borda. Absorb\u00e9 par la cr\u00e9ation de sa prochaine \u0153uvre&nbsp;<em>Enfermaria<\/em>, il tente en m\u00eame temps de faire face \u00e0 sa maladie et de retrouver, peut-\u00eatre, une vie hors de l\u2019h\u00f4pital.<\/p>\n\n\n\n<p>PROJECTION EN LIGNE : 7 NOV 12H00 \u2014 8 NOV 12H00 &nbsp;&nbsp;&nbsp;&nbsp;<a rel=\"noreferrer noopener\" href=\"https:\/\/www.jedensvet.sk\/program\/\" target=\"_blank\">Tout le programme<\/a><\/p>\n\n\n\n<p>D\u00e9tail du film : <a href=\"https:\/\/www.jedensvet.sk\/filmy\/solo\/\" target=\"_blank\" rel=\"noreferrer noopener\">jedensvet.sk<\/a> | <a href=\"https:\/\/www.jedensvet.sk\/en\/filmy\/solo\/\" target=\"_blank\" rel=\"noreferrer noopener\">jedensvet.sk (anglais)<\/a> | <a href=\"http:\/\/www.film-documentaire.fr\/4DACTION\/w_fiche_film\/56173_0\" target=\"_blank\" rel=\"noreferrer noopener\">film-documentaire.fr<\/a><\/p>\n\n\n<div class=\"space sm\"><\/div>\n\n\n<figure class=\"wp-block-embed-youtube wp-block-embed is-type-video is-provider-youtube wp-embed-aspect-16-9 wp-has-aspect-ratio\"><div class=\"wp-block-embed__wrapper\">\n<iframe loading=\"lazy\" title=\"OVERSEAS trailer | BFI London Film Festival 2019\" width=\"500\" height=\"281\" src=\"https:\/\/www.youtube.com\/embed\/41UR9A7pdsQ?feature=oembed\" frameborder=\"0\" allow=\"accelerometer; autoplay; clipboard-write; encrypted-media; gyroscope; picture-in-picture; web-share\" referrerpolicy=\"strict-origin-when-cross-origin\" allowfullscreen><\/iframe>\n<\/div><\/figure>\n\n\n\n<h3 class=\"wp-block-heading\">Overseas<\/h3>\n\n\n\n<p><em>Un film de Sung-A Yoon \/ Belgique, France \/ 2019 \/ 90 min \/ en version originale avec sous-titres slovaques et anglais<\/em><\/p>\n\n\n\n<p>Aux Philippines, on d\u00e9ploie les femmes en masse \u00e0 l\u2019\u00e9tranger comme aides m\u00e9nag\u00e8res ou nounous. Elles laissent souvent derri\u00e8re elles leurs propres enfants, avant de se jeter dans l\u2019inconnu. Dans un centre de formation au travail domestique, comme tant d\u2019autres aux Philippines, un groupe de candidates au d\u00e9part se pr\u00e9parent au mal du pays et aux maltraitances qui pourraient les atteindre. Lors d\u2019exercices de jeux de r\u00f4les, les femmes se mettent tant dans la peau de l\u2019employ\u00e9e que des employeurs.<\/p>\n\n\n\n<p><span class=\"has-inline-color has-luminous-vivid-orange-color\">Ce film est limit\u00e9 \u00e0 un maximum de 500 vues. Nous vous conseillons de le visionner d\u00e8s l&rsquo;ouverture de la projection s&rsquo;il vous int\u00e9resse.<\/span><\/p>\n\n\n\n<p>PROJECTION EN LIGNE : 10 NOV 12H00 \u2014 11 NOV 12H00 &nbsp;&nbsp;&nbsp;&nbsp;<a href=\"https:\/\/www.jedensvet.sk\/program\/\" target=\"_blank\" rel=\"noreferrer noopener\">Tout le programme<\/a><\/p>\n\n\n\n<p>D\u00e9tail du film : <a href=\"https:\/\/www.jedensvet.sk\/filmy\/za-morom\/\" target=\"_blank\" rel=\"noreferrer noopener\">jedensvet.sk<\/a> | <a href=\"https:\/\/www.jedensvet.sk\/en\/filmy\/za-morom\/\" target=\"_blank\" rel=\"noreferrer noopener\">jedensvet.sk (anglais)<\/a> | <a href=\"http:\/\/www.film-documentaire.fr\/4DACTION\/w_fiche_film\/57067_0\" target=\"_blank\" rel=\"noreferrer noopener\">film-documentaire.fr<\/a><\/p>\n\n\n<div class=\"space sm\"><\/div>\n\n\n<figure class=\"wp-block-embed-youtube wp-block-embed is-type-video is-provider-youtube wp-embed-aspect-16-9 wp-has-aspect-ratio\"><div class=\"wp-block-embed__wrapper\">\n<iframe loading=\"lazy\" title=\"La Arrancada Trailer\" width=\"500\" height=\"281\" src=\"https:\/\/www.youtube.com\/embed\/CY55dkzVVco?feature=oembed\" frameborder=\"0\" allow=\"accelerometer; autoplay; clipboard-write; encrypted-media; gyroscope; picture-in-picture; web-share\" referrerpolicy=\"strict-origin-when-cross-origin\" allowfullscreen><\/iframe>\n<\/div><\/figure>\n\n\n\n<h3 class=\"wp-block-heading\">Sur la ligne de d\u00e9part (La Arrancada)<\/h3>\n\n\n\n<p><em>Un film de Aldemar Mat\u00edas \/ Cuba, Br\u00e9sil, France \/ 2019 \/ 63 min. \/ en version espagnole avec sous-titres slovaques et anglais<\/em><\/p>\n\n\n\n<p>Jenniffer est une jeune sportive qui remet en question son engagement dans l\u2019\u00e9quipe nationale d\u2019athl\u00e9tisme de Cuba. Sa m\u00e8re, Marbelis, dirige d\u2019une main de fer un \u00e9tablissement de sant\u00e9 public \u00e0 La Havane. Alors que son jeune fr\u00e8re s\u2019appr\u00eate \u00e0 quitter le pays, les doutes de Jenniffer se renforcent. Cette chronique familiale intimiste et sensible dresse le portrait d\u2019une jeunesse dans un pays \u00e0 l\u2019avenir incertain.<\/p>\n\n\n\n<p>PROJECTION EN LIGNE : 11 NOV 12H00 \u2014 12 NOV 12H00 &nbsp;&nbsp;&nbsp;&nbsp;<a rel=\"noreferrer noopener\" href=\"https:\/\/www.jedensvet.sk\/program\/\" target=\"_blank\">Tout le programme<\/a><\/p>\n\n\n\n<p>D\u00e9tail du film : <a href=\"https:\/\/www.jedensvet.sk\/filmy\/na-startovacej-ciare\/\" target=\"_blank\" rel=\"noreferrer noopener\">jedensvet.sk<\/a> | <a href=\"https:\/\/www.jedensvet.sk\/en\/filmy\/na-startovacej-ciare\/\" target=\"_blank\" rel=\"noreferrer noopener\">jedensvet.sk (anglais)<\/a> | <a href=\"http:\/\/www.film-documentaire.fr\/4DACTION\/w_fiche_film\/55323_0\" target=\"_blank\" rel=\"noreferrer noopener\">film-documentaire.fr<\/a><\/p>\n\n\n<div class=\"space sm\"><\/div>\n\n\n<h2 class=\"wp-block-heading\">Tickets et pass<\/h2>\n\n\n\n<p>La vente des <a rel=\"noreferrer noopener\" href=\"https:\/\/www.jedensvet.sk\/en\/permanentky\/\" target=\"_blank\">tickets<\/a> pour un film sera rendue accessible le jour du streaming du film directement dans le d\u00e9tail (slovaque) de chaque film. Pour visionner les films, vous pouvez utiliser \u00e9galement les <a href=\"https:\/\/www.jedensvet.sk\/en\/permanentky\/\">pass du festival<\/a>, mais il ne seront en vente que jusqu&rsquo;au 30 octobre.<\/p>\n\n\n<div class=\"space\"><\/div>","protected":false},"featured_media":13566,"template":"","typ-podujatia":[52],"acf":[],"yoast_head":"<!-- This site is optimized with the Yoast SEO plugin v24.5 - https:\/\/yoast.com\/wordpress\/plugins\/seo\/ -->\n<title>Le festival Jeden svet 2020 sera EN LIGNE - Franc\u00fazsky in\u0161tit\u00fat na Slovensku<\/title>\n<meta name=\"description\" content=\"L&#039;\u00e9dition 2020 du festival Jeden svet pr\u00e9sent\u00e9e exclusivement en ligne proposera un programme de 50 films, dont 7 produits en France.\" \/>\n<meta name=\"robots\" content=\"index, follow, max-snippet:-1, max-image-preview:large, max-video-preview:-1\" \/>\n<link rel=\"canonical\" href=\"https:\/\/institutfrancais.sk\/fr\/podujatie\/le-festival-jeden-svet-2020-sera-en-ligne\/\" \/>\n<meta property=\"og:locale\" content=\"fr_FR\" \/>\n<meta property=\"og:type\" content=\"article\" \/>\n<meta property=\"og:title\" content=\"Le festival Jeden svet 2020 sera EN LIGNE - Franc\u00fazsky in\u0161tit\u00fat na Slovensku\" \/>\n<meta property=\"og:description\" content=\"L&#039;\u00e9dition 2020 du festival Jeden svet pr\u00e9sent\u00e9e exclusivement en ligne proposera un programme de 50 films, dont 7 produits en France.\" \/>\n<meta property=\"og:url\" content=\"https:\/\/institutfrancais.sk\/fr\/podujatie\/le-festival-jeden-svet-2020-sera-en-ligne\/\" \/>\n<meta property=\"og:site_name\" content=\"Franc\u00fazsky in\u0161tit\u00fat na Slovensku\" \/>\n<meta property=\"article:modified_time\" content=\"2020-10-29T10:08:45+00:00\" \/>\n<meta property=\"og:image\" content=\"https:\/\/institutfrancais.sk\/wp-content\/uploads\/2020\/10\/js-online-banner-1024x576-1.png\" \/>\n\t<meta property=\"og:image:width\" content=\"1024\" \/>\n\t<meta property=\"og:image:height\" content=\"576\" \/>\n\t<meta property=\"og:image:type\" content=\"image\/png\" \/>\n<meta name=\"twitter:card\" content=\"summary_large_image\" \/>\n<meta name=\"twitter:label1\" content=\"Dur\u00e9e de lecture estim\u00e9e\" \/>\n\t<meta name=\"twitter:data1\" content=\"7 minutes\" \/>\n<script type=\"application\/ld+json\" class=\"yoast-schema-graph\">{\"@context\":\"https:\/\/schema.org\",\"@graph\":[{\"@type\":\"WebPage\",\"@id\":\"https:\/\/institutfrancais.sk\/fr\/podujatie\/le-festival-jeden-svet-2020-sera-en-ligne\/\",\"url\":\"https:\/\/institutfrancais.sk\/fr\/podujatie\/le-festival-jeden-svet-2020-sera-en-ligne\/\",\"name\":\"Le festival Jeden svet 2020 sera EN LIGNE - Franc\u00fazsky in\u0161tit\u00fat na Slovensku\",\"isPartOf\":{\"@id\":\"https:\/\/institutfrancais.sk\/fr\/#website\"},\"primaryImageOfPage\":{\"@id\":\"https:\/\/institutfrancais.sk\/fr\/podujatie\/le-festival-jeden-svet-2020-sera-en-ligne\/#primaryimage\"},\"image\":{\"@id\":\"https:\/\/institutfrancais.sk\/fr\/podujatie\/le-festival-jeden-svet-2020-sera-en-ligne\/#primaryimage\"},\"thumbnailUrl\":\"https:\/\/institutfrancais.sk\/wp-content\/uploads\/2020\/10\/js-online-banner-1024x576-1.png\",\"datePublished\":\"2020-10-29T10:08:44+00:00\",\"dateModified\":\"2020-10-29T10:08:45+00:00\",\"description\":\"L'\u00e9dition 2020 du festival Jeden svet pr\u00e9sent\u00e9e exclusivement en ligne proposera un programme de 50 films, dont 7 produits en France.\",\"breadcrumb\":{\"@id\":\"https:\/\/institutfrancais.sk\/fr\/podujatie\/le-festival-jeden-svet-2020-sera-en-ligne\/#breadcrumb\"},\"inLanguage\":\"fr-FR\",\"potentialAction\":[{\"@type\":\"ReadAction\",\"target\":[\"https:\/\/institutfrancais.sk\/fr\/podujatie\/le-festival-jeden-svet-2020-sera-en-ligne\/\"]}]},{\"@type\":\"ImageObject\",\"inLanguage\":\"fr-FR\",\"@id\":\"https:\/\/institutfrancais.sk\/fr\/podujatie\/le-festival-jeden-svet-2020-sera-en-ligne\/#primaryimage\",\"url\":\"https:\/\/institutfrancais.sk\/wp-content\/uploads\/2020\/10\/js-online-banner-1024x576-1.png\",\"contentUrl\":\"https:\/\/institutfrancais.sk\/wp-content\/uploads\/2020\/10\/js-online-banner-1024x576-1.png\",\"width\":1024,\"height\":576},{\"@type\":\"BreadcrumbList\",\"@id\":\"https:\/\/institutfrancais.sk\/fr\/podujatie\/le-festival-jeden-svet-2020-sera-en-ligne\/#breadcrumb\",\"itemListElement\":[{\"@type\":\"ListItem\",\"position\":1,\"name\":\"Home\",\"item\":\"https:\/\/institutfrancais.sk\/fr\/\"},{\"@type\":\"ListItem\",\"position\":2,\"name\":\"Events\",\"item\":\"https:\/\/institutfrancais.sk\/fr\/podujatie\/\"},{\"@type\":\"ListItem\",\"position\":3,\"name\":\"Le festival Jeden svet 2020 sera EN LIGNE\"}]},{\"@type\":\"WebSite\",\"@id\":\"https:\/\/institutfrancais.sk\/fr\/#website\",\"url\":\"https:\/\/institutfrancais.sk\/fr\/\",\"name\":\"Franc\u00fazsky in\u0161tit\u00fat na Slovensku\",\"description\":\"Franc\u00fazsky in\u0161tit\u00fat na Slovensku\",\"potentialAction\":[{\"@type\":\"SearchAction\",\"target\":{\"@type\":\"EntryPoint\",\"urlTemplate\":\"https:\/\/institutfrancais.sk\/fr\/?s={search_term_string}\"},\"query-input\":{\"@type\":\"PropertyValueSpecification\",\"valueRequired\":true,\"valueName\":\"search_term_string\"}}],\"inLanguage\":\"fr-FR\"}]}<\/script>\n<!-- \/ Yoast SEO plugin. -->","yoast_head_json":{"title":"Le festival Jeden svet 2020 sera EN LIGNE - Franc\u00fazsky in\u0161tit\u00fat na Slovensku","description":"L'\u00e9dition 2020 du festival Jeden svet pr\u00e9sent\u00e9e exclusivement en ligne proposera un programme de 50 films, dont 7 produits en France.","robots":{"index":"index","follow":"follow","max-snippet":"max-snippet:-1","max-image-preview":"max-image-preview:large","max-video-preview":"max-video-preview:-1"},"canonical":"https:\/\/institutfrancais.sk\/fr\/podujatie\/le-festival-jeden-svet-2020-sera-en-ligne\/","og_locale":"fr_FR","og_type":"article","og_title":"Le festival Jeden svet 2020 sera EN LIGNE - Franc\u00fazsky in\u0161tit\u00fat na Slovensku","og_description":"L'\u00e9dition 2020 du festival Jeden svet pr\u00e9sent\u00e9e exclusivement en ligne proposera un programme de 50 films, dont 7 produits en France.","og_url":"https:\/\/institutfrancais.sk\/fr\/podujatie\/le-festival-jeden-svet-2020-sera-en-ligne\/","og_site_name":"Franc\u00fazsky in\u0161tit\u00fat na Slovensku","article_modified_time":"2020-10-29T10:08:45+00:00","og_image":[{"width":1024,"height":576,"url":"https:\/\/institutfrancais.sk\/wp-content\/uploads\/2020\/10\/js-online-banner-1024x576-1.png","type":"image\/png"}],"twitter_card":"summary_large_image","twitter_misc":{"Dur\u00e9e de lecture estim\u00e9e":"7 minutes"},"schema":{"@context":"https:\/\/schema.org","@graph":[{"@type":"WebPage","@id":"https:\/\/institutfrancais.sk\/fr\/podujatie\/le-festival-jeden-svet-2020-sera-en-ligne\/","url":"https:\/\/institutfrancais.sk\/fr\/podujatie\/le-festival-jeden-svet-2020-sera-en-ligne\/","name":"Le festival Jeden svet 2020 sera EN LIGNE - Franc\u00fazsky in\u0161tit\u00fat na Slovensku","isPartOf":{"@id":"https:\/\/institutfrancais.sk\/fr\/#website"},"primaryImageOfPage":{"@id":"https:\/\/institutfrancais.sk\/fr\/podujatie\/le-festival-jeden-svet-2020-sera-en-ligne\/#primaryimage"},"image":{"@id":"https:\/\/institutfrancais.sk\/fr\/podujatie\/le-festival-jeden-svet-2020-sera-en-ligne\/#primaryimage"},"thumbnailUrl":"https:\/\/institutfrancais.sk\/wp-content\/uploads\/2020\/10\/js-online-banner-1024x576-1.png","datePublished":"2020-10-29T10:08:44+00:00","dateModified":"2020-10-29T10:08:45+00:00","description":"L'\u00e9dition 2020 du festival Jeden svet pr\u00e9sent\u00e9e exclusivement en ligne proposera un programme de 50 films, dont 7 produits en France.","breadcrumb":{"@id":"https:\/\/institutfrancais.sk\/fr\/podujatie\/le-festival-jeden-svet-2020-sera-en-ligne\/#breadcrumb"},"inLanguage":"fr-FR","potentialAction":[{"@type":"ReadAction","target":["https:\/\/institutfrancais.sk\/fr\/podujatie\/le-festival-jeden-svet-2020-sera-en-ligne\/"]}]},{"@type":"ImageObject","inLanguage":"fr-FR","@id":"https:\/\/institutfrancais.sk\/fr\/podujatie\/le-festival-jeden-svet-2020-sera-en-ligne\/#primaryimage","url":"https:\/\/institutfrancais.sk\/wp-content\/uploads\/2020\/10\/js-online-banner-1024x576-1.png","contentUrl":"https:\/\/institutfrancais.sk\/wp-content\/uploads\/2020\/10\/js-online-banner-1024x576-1.png","width":1024,"height":576},{"@type":"BreadcrumbList","@id":"https:\/\/institutfrancais.sk\/fr\/podujatie\/le-festival-jeden-svet-2020-sera-en-ligne\/#breadcrumb","itemListElement":[{"@type":"ListItem","position":1,"name":"Home","item":"https:\/\/institutfrancais.sk\/fr\/"},{"@type":"ListItem","position":2,"name":"Events","item":"https:\/\/institutfrancais.sk\/fr\/podujatie\/"},{"@type":"ListItem","position":3,"name":"Le festival Jeden svet 2020 sera EN LIGNE"}]},{"@type":"WebSite","@id":"https:\/\/institutfrancais.sk\/fr\/#website","url":"https:\/\/institutfrancais.sk\/fr\/","name":"Franc\u00fazsky in\u0161tit\u00fat na Slovensku","description":"Franc\u00fazsky in\u0161tit\u00fat na Slovensku","potentialAction":[{"@type":"SearchAction","target":{"@type":"EntryPoint","urlTemplate":"https:\/\/institutfrancais.sk\/fr\/?s={search_term_string}"},"query-input":{"@type":"PropertyValueSpecification","valueRequired":true,"valueName":"search_term_string"}}],"inLanguage":"fr-FR"}]}},"_links":{"self":[{"href":"https:\/\/institutfrancais.sk\/fr\/wp-json\/wp\/v2\/podujatie\/13574"}],"collection":[{"href":"https:\/\/institutfrancais.sk\/fr\/wp-json\/wp\/v2\/podujatie"}],"about":[{"href":"https:\/\/institutfrancais.sk\/fr\/wp-json\/wp\/v2\/types\/podujatie"}],"wp:featuredmedia":[{"embeddable":true,"href":"https:\/\/institutfrancais.sk\/fr\/wp-json\/wp\/v2\/media\/13566"}],"wp:attachment":[{"href":"https:\/\/institutfrancais.sk\/fr\/wp-json\/wp\/v2\/media?parent=13574"}],"wp:term":[{"taxonomy":"typ-podujatia","embeddable":true,"href":"https:\/\/institutfrancais.sk\/fr\/wp-json\/wp\/v2\/typ-podujatia?post=13574"}],"curies":[{"name":"wp","href":"https:\/\/api.w.org\/{rel}","templated":true}]}}