{"id":13640,"date":"2020-11-03T15:27:06","date_gmt":"2020-11-03T14:27:06","guid":{"rendered":"https:\/\/institutfrancais.sk\/podujatie\/zelena-dohoda-a-plan-obnovy-naplna-europska-unia-ocakavania-obcanov\/"},"modified":"2020-11-03T15:56:35","modified_gmt":"2020-11-03T14:56:35","slug":"conference-pacte-vert-relance-verte","status":"publish","type":"podujatie","link":"https:\/\/institutfrancais.sk\/fr\/podujatie\/conference-pacte-vert-relance-verte\/","title":{"rendered":"Pacte vert, relance verte : l\u2019Union Europ\u00e9enne r\u00e9pond-elle aux attentes des citoyens ?"},"content":{"rendered":"\n<p><strong>Le Pacte vert europ\u00e9en<\/strong>, pr\u00e9sent\u00e9 en d\u00e9cembre 2019, est un ensemble de mesures visant \u00e0 mener l\u2019Union Europ\u00e9enne \u00e0 la neutralit\u00e9 carbone en 2050 (objectif mondial admis comme n\u00e9cessaire pour limiter le r\u00e9chauffement \u00e0 2\u00b0C) en agissant sur <strong>l\u2019efficacit\u00e9 \u00e9nerg\u00e9tique, l\u2019\u00e9conomie circulaire et la d\u00e9carbonation de l\u2019industrie et des transports<\/strong>. Comportant \u00e0 la fois un vaste plan d\u2019investissement et des r\u00e9formes structurelles, ce Pacte vert est un projet politique d\u2019une ambition exceptionnelle. Plus r\u00e9cemment, le plan de relance propos\u00e9 par l\u2019Union europ\u00e9enne en r\u00e9action \u00e0 la crise sanitaire de 2020 a&nbsp;pris en compte la le\u00e7on sur l\u2019importance de la r\u00e9silience pour l\u2019avenir de nos soci\u00e9t\u00e9s, et a&nbsp;donc int\u00e9gr\u00e9 de nombreux \u00e9l\u00e9ments de politique environnementale.<\/p>\n\n\n\n<p>Malgr\u00e9 l\u2019ambition de ces textes, les critiques sont nombreuses&nbsp;: ces politiques vont-elles assez vite, assez fort&nbsp;? Peuvent-elles fonctionner&nbsp;? Sont-elles socialement justes&nbsp;? Certains d\u00e9plorent des objectifs trop lointains et le manque de changement structurel de notre syst\u00e8me \u00e9conomique. D\u2019autres pointent la d\u00e9connexion des r\u00e9alit\u00e9s du march\u00e9 et l\u2019inad\u00e9quation des r\u00e9formes \u00e0 transformer les id\u00e9es en actes. Les craintes d\u2019un accroissement des in\u00e9galit\u00e9s, entre individus ou en r\u00e9gions, font na\u00eetre des tensions nationales et internationales. Enfin, on peut se demander simplement si l\u2019approche de la r\u00e9gulation par le haut est la bonne ou s\u2019il faut se tourner vers des d\u00e9cisions locales.<\/p>\n\n\n\n<p><strong>L\u2019Institut fran\u00e7ais de Slovaquie et l\u2019Ambassade de France en Slovaquie<\/strong> organiseront une table ronde qui permettra aux citoyens de l\u2019Europe de s\u2019interroger sur les mesures \u00e9voqu\u00e9es par ces deux plans d\u2019actions.<\/p>\n\n\n<div class=\"space sm\"><\/div>\n\n\n<h2 class=\"wp-block-heading\"><strong>Intervenants<\/strong><\/h2>\n\n\n\n<ul><li><strong>Claus Habfast,<\/strong> conseiller municipal d\u00e9l\u00e9gu\u00e9, Ville de Grenoble<\/li><li><strong>&nbsp;Neil Makaroff<\/strong>, responsable des politiques europ\u00e9ennes, R\u00e9seau Action Climat France<\/li><li><strong>Tom\u00e1\u0161 \u0160imovi\u010d<\/strong>, chef de groupe support quantitatif gestion production, d\u00e9partement&nbsp;Trading, Slovensk\u00e9 elektr\u00e1rne<\/li><li><strong>Norbert Kurilla<\/strong>, conseiller de la pr\u00e9sidente de la R\u00e9publique slovaque &nbsp;pour l&rsquo;environnement, l&rsquo;\u00e9nergie, changement climatique et entreprise<\/li><\/ul>\n\n\n\n<p>Mod\u00e9ratrice : Irena Jen\u010dov\u00e1, \u00e9ditrice, Euractiv<\/p>\n\n\n<div class=\"space sm\"><\/div>\n\n<div class=\"text-center\"><a href=\"https:\/\/docs.google.com\/forms\/d\/1G_HGaZFPYTZWMKlZy6xWtC4AQgC2DxRbPU9zOvz8WrA\/viewform?edit_requested=true\" class=\"btn btn-black-invert\" target=\"blank\" rel=\"noreferrer noopener\">Inscrivez-vous<\/a><\/div>\n\n<div class=\"space sm\"><\/div>\n\n\n<p><\/p>\n","protected":false},"featured_media":13636,"template":"","typ-podujatia":[53],"acf":[],"yoast_head":"<!-- This site is optimized with the Yoast SEO plugin v24.5 - https:\/\/yoast.com\/wordpress\/plugins\/seo\/ -->\n<title>Pacte vert, relance verte : l\u2019Union Europ\u00e9enne r\u00e9pond-elle aux attentes des citoyens ? - Franc\u00fazsky in\u0161tit\u00fat na Slovensku<\/title>\n<meta name=\"robots\" content=\"index, follow, max-snippet:-1, max-image-preview:large, max-video-preview:-1\" \/>\n<link rel=\"canonical\" href=\"https:\/\/institutfrancais.sk\/fr\/podujatie\/conference-pacte-vert-relance-verte\/\" \/>\n<meta property=\"og:locale\" content=\"fr_FR\" \/>\n<meta property=\"og:type\" content=\"article\" \/>\n<meta property=\"og:title\" content=\"Pacte vert, relance verte : l\u2019Union Europ\u00e9enne r\u00e9pond-elle aux attentes des citoyens ? - Franc\u00fazsky in\u0161tit\u00fat na Slovensku\" \/>\n<meta property=\"og:description\" content=\"Le Pacte vert europ\u00e9en, pr\u00e9sent\u00e9 en d\u00e9cembre 2019, est un ensemble de mesures visant \u00e0 mener l\u2019Union Europ\u00e9enne \u00e0 la neutralit\u00e9 carbone en 2050 (objectif mondial admis comme n\u00e9cessaire pour limiter le r\u00e9chauffement \u00e0 2\u00b0C) en agissant sur l\u2019efficacit\u00e9 \u00e9nerg\u00e9tique, l\u2019\u00e9conomie circulaire et la d\u00e9carbonation de l\u2019industrie et des transports. Comportant \u00e0 la fois un [&hellip;]\" \/>\n<meta property=\"og:url\" content=\"https:\/\/institutfrancais.sk\/fr\/podujatie\/conference-pacte-vert-relance-verte\/\" \/>\n<meta property=\"og:site_name\" content=\"Franc\u00fazsky in\u0161tit\u00fat na Slovensku\" \/>\n<meta property=\"article:modified_time\" content=\"2020-11-03T14:56:35+00:00\" \/>\n<meta property=\"og:image\" content=\"https:\/\/institutfrancais.sk\/wp-content\/uploads\/2020\/11\/Web-FR.png\" \/>\n\t<meta property=\"og:image:width\" content=\"1920\" \/>\n\t<meta property=\"og:image:height\" content=\"1080\" \/>\n\t<meta property=\"og:image:type\" content=\"image\/png\" \/>\n<meta name=\"twitter:card\" content=\"summary_large_image\" \/>\n<meta name=\"twitter:label1\" content=\"Dur\u00e9e de lecture estim\u00e9e\" \/>\n\t<meta name=\"twitter:data1\" content=\"2 minutes\" \/>\n<script type=\"application\/ld+json\" class=\"yoast-schema-graph\">{\"@context\":\"https:\/\/schema.org\",\"@graph\":[{\"@type\":\"WebPage\",\"@id\":\"https:\/\/institutfrancais.sk\/fr\/podujatie\/conference-pacte-vert-relance-verte\/\",\"url\":\"https:\/\/institutfrancais.sk\/fr\/podujatie\/conference-pacte-vert-relance-verte\/\",\"name\":\"Pacte vert, relance verte : l\u2019Union Europ\u00e9enne r\u00e9pond-elle aux attentes des citoyens ? - Franc\u00fazsky in\u0161tit\u00fat na Slovensku\",\"isPartOf\":{\"@id\":\"https:\/\/institutfrancais.sk\/fr\/#website\"},\"primaryImageOfPage\":{\"@id\":\"https:\/\/institutfrancais.sk\/fr\/podujatie\/conference-pacte-vert-relance-verte\/#primaryimage\"},\"image\":{\"@id\":\"https:\/\/institutfrancais.sk\/fr\/podujatie\/conference-pacte-vert-relance-verte\/#primaryimage\"},\"thumbnailUrl\":\"https:\/\/institutfrancais.sk\/wp-content\/uploads\/2020\/11\/Web-FR.png\",\"datePublished\":\"2020-11-03T14:27:06+00:00\",\"dateModified\":\"2020-11-03T14:56:35+00:00\",\"breadcrumb\":{\"@id\":\"https:\/\/institutfrancais.sk\/fr\/podujatie\/conference-pacte-vert-relance-verte\/#breadcrumb\"},\"inLanguage\":\"fr-FR\",\"potentialAction\":[{\"@type\":\"ReadAction\",\"target\":[\"https:\/\/institutfrancais.sk\/fr\/podujatie\/conference-pacte-vert-relance-verte\/\"]}]},{\"@type\":\"ImageObject\",\"inLanguage\":\"fr-FR\",\"@id\":\"https:\/\/institutfrancais.sk\/fr\/podujatie\/conference-pacte-vert-relance-verte\/#primaryimage\",\"url\":\"https:\/\/institutfrancais.sk\/wp-content\/uploads\/2020\/11\/Web-FR.png\",\"contentUrl\":\"https:\/\/institutfrancais.sk\/wp-content\/uploads\/2020\/11\/Web-FR.png\",\"width\":1920,\"height\":1080},{\"@type\":\"BreadcrumbList\",\"@id\":\"https:\/\/institutfrancais.sk\/fr\/podujatie\/conference-pacte-vert-relance-verte\/#breadcrumb\",\"itemListElement\":[{\"@type\":\"ListItem\",\"position\":1,\"name\":\"Home\",\"item\":\"https:\/\/institutfrancais.sk\/fr\/\"},{\"@type\":\"ListItem\",\"position\":2,\"name\":\"Events\",\"item\":\"https:\/\/institutfrancais.sk\/fr\/podujatie\/\"},{\"@type\":\"ListItem\",\"position\":3,\"name\":\"Pacte vert, relance verte : l\u2019Union Europ\u00e9enne r\u00e9pond-elle aux attentes des citoyens ?\"}]},{\"@type\":\"WebSite\",\"@id\":\"https:\/\/institutfrancais.sk\/fr\/#website\",\"url\":\"https:\/\/institutfrancais.sk\/fr\/\",\"name\":\"Franc\u00fazsky in\u0161tit\u00fat na Slovensku\",\"description\":\"Franc\u00fazsky in\u0161tit\u00fat na Slovensku\",\"potentialAction\":[{\"@type\":\"SearchAction\",\"target\":{\"@type\":\"EntryPoint\",\"urlTemplate\":\"https:\/\/institutfrancais.sk\/fr\/?s={search_term_string}\"},\"query-input\":{\"@type\":\"PropertyValueSpecification\",\"valueRequired\":true,\"valueName\":\"search_term_string\"}}],\"inLanguage\":\"fr-FR\"}]}<\/script>\n<!-- \/ Yoast SEO plugin. -->","yoast_head_json":{"title":"Pacte vert, relance verte : l\u2019Union Europ\u00e9enne r\u00e9pond-elle aux attentes des citoyens ? - Franc\u00fazsky in\u0161tit\u00fat na Slovensku","robots":{"index":"index","follow":"follow","max-snippet":"max-snippet:-1","max-image-preview":"max-image-preview:large","max-video-preview":"max-video-preview:-1"},"canonical":"https:\/\/institutfrancais.sk\/fr\/podujatie\/conference-pacte-vert-relance-verte\/","og_locale":"fr_FR","og_type":"article","og_title":"Pacte vert, relance verte : l\u2019Union Europ\u00e9enne r\u00e9pond-elle aux attentes des citoyens ? - Franc\u00fazsky in\u0161tit\u00fat na Slovensku","og_description":"Le Pacte vert europ\u00e9en, pr\u00e9sent\u00e9 en d\u00e9cembre 2019, est un ensemble de mesures visant \u00e0 mener l\u2019Union Europ\u00e9enne \u00e0 la neutralit\u00e9 carbone en 2050 (objectif mondial admis comme n\u00e9cessaire pour limiter le r\u00e9chauffement \u00e0 2\u00b0C) en agissant sur l\u2019efficacit\u00e9 \u00e9nerg\u00e9tique, l\u2019\u00e9conomie circulaire et la d\u00e9carbonation de l\u2019industrie et des transports. Comportant \u00e0 la fois un [&hellip;]","og_url":"https:\/\/institutfrancais.sk\/fr\/podujatie\/conference-pacte-vert-relance-verte\/","og_site_name":"Franc\u00fazsky in\u0161tit\u00fat na Slovensku","article_modified_time":"2020-11-03T14:56:35+00:00","og_image":[{"width":1920,"height":1080,"url":"https:\/\/institutfrancais.sk\/wp-content\/uploads\/2020\/11\/Web-FR.png","type":"image\/png"}],"twitter_card":"summary_large_image","twitter_misc":{"Dur\u00e9e de lecture estim\u00e9e":"2 minutes"},"schema":{"@context":"https:\/\/schema.org","@graph":[{"@type":"WebPage","@id":"https:\/\/institutfrancais.sk\/fr\/podujatie\/conference-pacte-vert-relance-verte\/","url":"https:\/\/institutfrancais.sk\/fr\/podujatie\/conference-pacte-vert-relance-verte\/","name":"Pacte vert, relance verte : l\u2019Union Europ\u00e9enne r\u00e9pond-elle aux attentes des citoyens ? - Franc\u00fazsky in\u0161tit\u00fat na Slovensku","isPartOf":{"@id":"https:\/\/institutfrancais.sk\/fr\/#website"},"primaryImageOfPage":{"@id":"https:\/\/institutfrancais.sk\/fr\/podujatie\/conference-pacte-vert-relance-verte\/#primaryimage"},"image":{"@id":"https:\/\/institutfrancais.sk\/fr\/podujatie\/conference-pacte-vert-relance-verte\/#primaryimage"},"thumbnailUrl":"https:\/\/institutfrancais.sk\/wp-content\/uploads\/2020\/11\/Web-FR.png","datePublished":"2020-11-03T14:27:06+00:00","dateModified":"2020-11-03T14:56:35+00:00","breadcrumb":{"@id":"https:\/\/institutfrancais.sk\/fr\/podujatie\/conference-pacte-vert-relance-verte\/#breadcrumb"},"inLanguage":"fr-FR","potentialAction":[{"@type":"ReadAction","target":["https:\/\/institutfrancais.sk\/fr\/podujatie\/conference-pacte-vert-relance-verte\/"]}]},{"@type":"ImageObject","inLanguage":"fr-FR","@id":"https:\/\/institutfrancais.sk\/fr\/podujatie\/conference-pacte-vert-relance-verte\/#primaryimage","url":"https:\/\/institutfrancais.sk\/wp-content\/uploads\/2020\/11\/Web-FR.png","contentUrl":"https:\/\/institutfrancais.sk\/wp-content\/uploads\/2020\/11\/Web-FR.png","width":1920,"height":1080},{"@type":"BreadcrumbList","@id":"https:\/\/institutfrancais.sk\/fr\/podujatie\/conference-pacte-vert-relance-verte\/#breadcrumb","itemListElement":[{"@type":"ListItem","position":1,"name":"Home","item":"https:\/\/institutfrancais.sk\/fr\/"},{"@type":"ListItem","position":2,"name":"Events","item":"https:\/\/institutfrancais.sk\/fr\/podujatie\/"},{"@type":"ListItem","position":3,"name":"Pacte vert, relance verte : l\u2019Union Europ\u00e9enne r\u00e9pond-elle aux attentes des citoyens ?"}]},{"@type":"WebSite","@id":"https:\/\/institutfrancais.sk\/fr\/#website","url":"https:\/\/institutfrancais.sk\/fr\/","name":"Franc\u00fazsky in\u0161tit\u00fat na Slovensku","description":"Franc\u00fazsky in\u0161tit\u00fat na Slovensku","potentialAction":[{"@type":"SearchAction","target":{"@type":"EntryPoint","urlTemplate":"https:\/\/institutfrancais.sk\/fr\/?s={search_term_string}"},"query-input":{"@type":"PropertyValueSpecification","valueRequired":true,"valueName":"search_term_string"}}],"inLanguage":"fr-FR"}]}},"_links":{"self":[{"href":"https:\/\/institutfrancais.sk\/fr\/wp-json\/wp\/v2\/podujatie\/13640"}],"collection":[{"href":"https:\/\/institutfrancais.sk\/fr\/wp-json\/wp\/v2\/podujatie"}],"about":[{"href":"https:\/\/institutfrancais.sk\/fr\/wp-json\/wp\/v2\/types\/podujatie"}],"wp:featuredmedia":[{"embeddable":true,"href":"https:\/\/institutfrancais.sk\/fr\/wp-json\/wp\/v2\/media\/13636"}],"wp:attachment":[{"href":"https:\/\/institutfrancais.sk\/fr\/wp-json\/wp\/v2\/media?parent=13640"}],"wp:term":[{"taxonomy":"typ-podujatia","embeddable":true,"href":"https:\/\/institutfrancais.sk\/fr\/wp-json\/wp\/v2\/typ-podujatia?post=13640"}],"curies":[{"name":"wp","href":"https:\/\/api.w.org\/{rel}","templated":true}]}}