{"id":13932,"date":"2020-11-25T16:50:46","date_gmt":"2020-11-25T15:50:46","guid":{"rendered":"https:\/\/institutfrancais.sk\/?post_type=podujatie&#038;p=13932"},"modified":"2020-11-27T13:41:36","modified_gmt":"2020-11-27T12:41:36","slug":"16-levers-de-soleil-projection-du-film-en-ligne-et-debat-avec-son-realisateur","status":"publish","type":"podujatie","link":"https:\/\/institutfrancais.sk\/fr\/podujatie\/16-levers-de-soleil-projection-du-film-en-ligne-et-debat-avec-son-realisateur\/","title":{"rendered":"16 LEVERS DE SOLEIL : projection du film en ligne et d\u00e9bat avec son r\u00e9alisateur"},"content":{"rendered":"<div class=\"text-center\"><a href=\"https:\/\/sallevirtuelle.25eheure.com\/seance\/3980\/6aadceb39aaaa62cf9198f475715aeacd67cf701\" class=\"btn btn-black-invert\" target=\"blank\" rel=\"noreferrer noopener\">Acc\u00e9dez \u00e0 la projection<\/a><\/div>\n\n<div class=\"space sm\"><\/div>\n\n\n<div class=\"wp-block-image\"><figure class=\"alignright size-large is-resized\"><img loading=\"lazy\" decoding=\"async\" src=\"https:\/\/institutfrancais.sk\/wp-content\/uploads\/2020\/11\/16levers.jpg\" alt=\"\" class=\"wp-image-13911\" width=\"400\" height=\"601\" srcset=\"https:\/\/institutfrancais.sk\/wp-content\/uploads\/2020\/11\/16levers.jpg 682w, https:\/\/institutfrancais.sk\/wp-content\/uploads\/2020\/11\/16levers-200x300.jpg 200w, https:\/\/institutfrancais.sk\/wp-content\/uploads\/2020\/11\/16levers-667x1000.jpg 667w\" sizes=\"(max-width: 400px) 100vw, 400px\" \/><\/figure><\/div>\n\n\n\n<p class=\"has-text-align-right\">\u00ab L\u2019avenir tu n\u2019as pas \u00e0 le pr\u00e9voir mais \u00e0 le permettre \u00bb<br>Antoine de Saint-Exup\u00e9ry<\/p>\n\n\n\n<p class=\"has-text-align-right\">Le 27 septembre 1968, sortait en France \u00ab 2001, L\u2019ODYSS\u00c9E DE L\u2019ESPACE \u00bb,<br>le chef d\u2019oeuvre de Stanley Kubrick. 50 ans plus tard, la fiction est devenue r\u00e9alit\u00e9\u2026<\/p>\n\n\n\n<p><a href=\"https:\/\/www.16leversdesoleil.com\/\" target=\"_blank\" rel=\"noreferrer noopener\"><\/a><\/p>\n\n\n\n<p>Le long-m\u00e9trage documentaire <em><strong>16 levers de soleil<\/strong>&nbsp;&nbsp;<\/em>est une approche m\u00e9taphorique et onirique de l&rsquo;\u00e9pop\u00e9e spatiale de <strong>Thomas Pesquet<\/strong>. Tout au long du r\u00e9cit, l&rsquo;astronaute dialogue avec l\u2019\u0153uvre de l&rsquo;aviateur et \u00e9crivain <strong>Antoine de Saint-Exup\u00e9ry<\/strong> dont les \u00e9crits l&rsquo;ont suivi jusque dans l&rsquo;espace. Depuis la Station spatiale internationale, Thomas devient le t\u00e9moin d&rsquo;une plan\u00e8te qui \u00e9volue et dont il prend conscience de la fragilit\u00e9.<\/p>\n\n\n\n<p>Synopsis: <em>S&rsquo;envoler pour l&rsquo;espace. C&rsquo;est ce r\u00eave que Thomas Pesquet a&nbsp;r\u00e9alis\u00e9 en d\u00e9collant depuis la base de Ba\u00efkonour. A&nbsp;450 kilom\u00e8tres de la Terre, durant ces six mois o\u00f9 le monde semble basculer dans l\u2019inconnu, un dialogue se tisse entre l&rsquo;astronaute et l\u2019\u0153uvre visionnaire de Saint Exup\u00e9ry qu\u2019il a&nbsp;emport\u00e9e dans la station spatiale.<\/em><\/p>\n\n\n\n<h3 class=\"wp-block-heading\">D\u00e9tails du tournage<\/h3>\n\n\n\n<p>Le tournage s&rsquo;est d\u00e9roul\u00e9 sur pr\u00e8s de deux ans, commen\u00e7ant plus d&rsquo;un an avant le d\u00e9collage de Thomas Pesquet depuis le cosmodrome de Ba\u00efkonour. Durant la mission spatiale, le r\u00e9alisateur \u00e9tait en contact par mail avec l&rsquo;astronaute pour lui donner des directives sur les s\u00e9quences \u00e0 tourner. <em>16 levers de soleil<\/em> est le premier long-m\u00e9trage r\u00e9alis\u00e9 \u00e0 partir de prise de vues en 6K tourn\u00e9es dans l\u2019espace. La s\u00e9quence de sortie extrav\u00e9hiculaire a&nbsp;\u00e9t\u00e9 tourn\u00e9e \u00e0 l&rsquo;aide d&rsquo;une cam\u00e9ra prot\u00e9g\u00e9e par un dispositif lui permettant de r\u00e9sister \u00e0 des variations de temp\u00e9ratures comprises entre -100&nbsp;\u00b0C et +150&nbsp;\u00b0C. L&rsquo;ensemble des plans utilis\u00e9s dans le film ont n\u00e9cessit\u00e9 un traitement particulier pour \u00ab\u00a0effacer\u00a0\u00bb les pixels morts des capteurs des cam\u00e9ras, cons\u00e9quence du rayonnement cosmique subi en permanence par les astronautes dans la station spatiale internationale.<\/p>\n\n\n\n<h3 class=\"wp-block-heading\">Musique<\/h3>\n\n\n\n<p>Le r\u00e9alisateur du film &nbsp;fait appel au saxophoniste et compositeur <strong>Guillaume Perret<\/strong> pour la bande originale du film. Le morceau <em>Into the Infinite<\/em> est interpr\u00e9t\u00e9 par l\u2019astronaute Thomas Pesquet lui-m\u00eame \u00e0 bord de la Station spatiale internationale avec son propre saxophone, livr\u00e9 quelques semaines plus t\u00f4t par cargo spatial.<\/p>\n\n\n\n<p>Les morceaux sont compos\u00e9s \u00e0 partir des vrais sons de la station spatiale internationale et des enregistrements des vibrations de \u00e9toiles et du chant des plan\u00e8tes enregistr\u00e9s par les capteurs \u00e9lectromagn\u00e9tiques de la sonde Voyager.<\/p>\n\n\n\n<h3 class=\"wp-block-heading\">R\u00e9alisateur<\/h3>\n\n\n\n<div class=\"wp-block-image\"><figure class=\"alignleft size-large is-resized\"><img loading=\"lazy\" decoding=\"async\" src=\"https:\/\/institutfrancais.sk\/wp-content\/uploads\/2020\/11\/image.png\" alt=\"\" class=\"wp-image-13909\" width=\"216\" height=\"216\" srcset=\"https:\/\/institutfrancais.sk\/wp-content\/uploads\/2020\/11\/image.png 299w, https:\/\/institutfrancais.sk\/wp-content\/uploads\/2020\/11\/image-150x150.png 150w\" sizes=\"(max-width: 216px) 100vw, 216px\" \/><figcaption>Pierre-Emmanuel Le Goff<\/figcaption><\/figure><\/div>\n\n\n\n<p><strong>Pierre-Emmanuel Le Goff<\/strong> est r\u00e9alisateur, producteur, distributeur et fondateur de la soci\u00e9t\u00e9 La Vingt-Cinqui\u00e8me Heure. Avec SlumberLand Factory, sa premi\u00e8re soci\u00e9t\u00e9, il r\u00e9alise le court-m\u00e9trage # COPIE 0 et produit ALICE AU PAYS S\u2019EMERVEILLE de Marie-Eve Signeyrole, le premier film fran\u00e7ais int\u00e9gralement financ\u00e9 par internet dans lequel joue Emir Kusturica (s\u00e9lection festival de Locarno 2010). L\u2019ann\u00e9e suivante, il co\u00e9crit et produit IRANIAN STORIES, un webdocumentaire sur le mouvement de contestation iranien (finaliste Prix France 24) puis dirige la distribution du film DONOMA de Djinn Carr\u00e9nard (Prix Louis Delluc 2011). Il fonde ensuite La Vingt-Cinqui\u00e8me Heure avec laquelle il produit et distribue une dizaine de long-m\u00e9trages dont LE TEMPS DE QUELQUES JOURS de Nicolas Gayraud, FIEVRES d\u2019Hicham Ayouch (Grand Prix Fespaco 2015) et VOYOUCRATIE de FGKO. En 2016, il d\u00e9cide de suivre l\u2019aventure spatiale de l\u2019astronaute fran\u00e7ais Thomas Pesquet \u00e0 partir de laquelle il produit et r\u00e9alise plusieurs films dont DANS LA PEAU DE THOMAS PESQUET, premier film en r\u00e9alit\u00e9 virtuelle tourn\u00e9 dans l\u2019espace, et 16 LEVERS DE SOLEIL, projet multiformat incluant un film pour \u00e9cran g\u00e9ant, deux films plan\u00e9tariums et un long-m\u00e9trage pour le cin\u00e9ma.<\/p>\n\n\n\n<p><em>L&rsquo;\u00e9v\u00e9nement est organis\u00e9 par l&rsquo;Institut fran\u00e7ais de Paris en collaboration avec le r\u00e9seau culturel fran\u00e7ais \u00e0 l&rsquo;\u00e9tranger.<\/em><\/p>\n\n\n\n<p>Plus sur le film <a rel=\"noreferrer noopener\" href=\"https:\/\/www.25eheure.com\/16-levers-de-soleil\" target=\"_blank\">ici<\/a>.<\/p>\n\n\n\n<p><strong><a href=\"https:\/\/sallevirtuelle.25eheure.com\/seance\/3980\/6aadceb39aaaa62cf9198f475715aeacd67cf701\" target=\"_blank\" rel=\"noreferrer noopener\">ACC\u00c9DEZ LA PROJECTION<\/a><\/strong><\/p>\n\n\n<\/div><div class=\"wrap carousel-gallery-title\"><h1><\/h1><\/div><div class=\"carousel-gallery\"><div class=\"modal fade\" id=\"img1cg796\" tabindex=\"-1\" role=\"dialog\" aria-hidden=\"true\"><div class=\"modal-dialog\" role=\"document\"><div class=\"modal-img\"><span class=\"img-wrap\"><button type=\"button\" class=\"close\" data-dismiss=\"modal\" aria-label=\"Close\"><span aria-hidden=\"true\">&times;<\/span><\/button><span class=\"bbimg1\"><\/span><\/span><\/div><\/div><\/div><div class=\"modal fade\" id=\"img2cg796\" tabindex=\"-1\" role=\"dialog\" aria-hidden=\"true\"><div class=\"modal-dialog\" role=\"document\"><div class=\"modal-img\"><span class=\"img-wrap\"><button type=\"button\" class=\"close\" data-dismiss=\"modal\" aria-label=\"Close\"><span aria-hidden=\"true\">&times;<\/span><\/button><span class=\"bbimg2\"><\/span><\/span><\/div><\/div><\/div><div class=\"wrap\"><div class=\"row\"><div class=\"col-sm-6\"><div class=\"bimg bimg1\" data-toggle=\"modal\" data-target=\"#img1cg796\"><\/div><\/div><div class=\"col-sm-6\"><div class=\"bimg bimg2\" data-toggle=\"modal\" data-target=\"#img2cg796\"><\/div><\/div><\/div><div class=\"owl-carousel owl-carousel-gallery\"><div class=\"img\" data-img=\"https:\/\/institutfrancais.sk\/wp-content\/uploads\/2020\/11\/16-levers-de-soleil6.jpg\" data-link=\"https:\/\/institutfrancais.sk\/wp-content\/uploads\/2020\/11\/16-levers-de-soleil6.jpg\"><img decoding=\"async\" src=\"https:\/\/institutfrancais.sk\/wp-content\/uploads\/2020\/11\/16-levers-de-soleil6.jpg\" alt=\"\" data-position=\"-2\"><\/div><div class=\"img\" data-img=\"https:\/\/institutfrancais.sk\/wp-content\/uploads\/2020\/11\/16-levers-de-soleil7.jpg\" data-link=\"https:\/\/institutfrancais.sk\/wp-content\/uploads\/2020\/11\/16-levers-de-soleil7.jpg\"><img decoding=\"async\" src=\"https:\/\/institutfrancais.sk\/wp-content\/uploads\/2020\/11\/16-levers-de-soleil7.jpg\" alt=\"\" data-position=\"-1\"><\/div><\/div><\/div><\/div><div class=\"wrap narrow-wrap\">\n\n\n<figure class=\"wp-block-embed-youtube wp-block-embed is-type-video is-provider-youtube wp-embed-aspect-16-9 wp-has-aspect-ratio\"><div class=\"wp-block-embed__wrapper\">\n<iframe loading=\"lazy\" title=\"16 LEVERS DE SOLEIL - Bande Annonce Officielle\" width=\"500\" height=\"281\" src=\"https:\/\/www.youtube.com\/embed\/Miu8e9DWFd0?feature=oembed\" frameborder=\"0\" allow=\"accelerometer; autoplay; clipboard-write; encrypted-media; gyroscope; picture-in-picture; web-share\" referrerpolicy=\"strict-origin-when-cross-origin\" allowfullscreen><\/iframe>\n<\/div><\/figure>\n","protected":false},"featured_media":0,"template":"","typ-podujatia":[52],"acf":[],"yoast_head":"<!-- This site is optimized with the Yoast SEO plugin v24.5 - https:\/\/yoast.com\/wordpress\/plugins\/seo\/ -->\n<title>16 LEVERS DE SOLEIL : projection du film en ligne et d\u00e9bat avec son r\u00e9alisateur - Franc\u00fazsky in\u0161tit\u00fat na Slovensku<\/title>\n<meta name=\"description\" content=\"Projection sp\u00e9ciale en ligne du film 16 LEVERS DE SOLEIL, documentaire extraordinaire sur l&#039;\u00e9pop\u00e9e spatiale de l&#039;astronaute fran\u00e7ais Thomas Pesquet au bord de la Station spatiale internationale. Sera suivie d&#039;un d\u00e9bat avec le r\u00e9alisateur du film, Pierre-Emmanuel Le Goff.\" \/>\n<meta name=\"robots\" content=\"index, follow, max-snippet:-1, max-image-preview:large, max-video-preview:-1\" \/>\n<link rel=\"canonical\" href=\"https:\/\/institutfrancais.sk\/fr\/podujatie\/16-levers-de-soleil-projection-du-film-en-ligne-et-debat-avec-son-realisateur\/\" \/>\n<meta property=\"og:locale\" content=\"fr_FR\" \/>\n<meta property=\"og:type\" content=\"article\" \/>\n<meta property=\"og:title\" content=\"16 LEVERS DE SOLEIL : projection du film en ligne et d\u00e9bat avec son r\u00e9alisateur - Franc\u00fazsky in\u0161tit\u00fat na Slovensku\" \/>\n<meta property=\"og:description\" content=\"Projection sp\u00e9ciale en ligne du film 16 LEVERS DE SOLEIL, documentaire extraordinaire sur l&#039;\u00e9pop\u00e9e spatiale de l&#039;astronaute fran\u00e7ais Thomas Pesquet au bord de la Station spatiale internationale. Sera suivie d&#039;un d\u00e9bat avec le r\u00e9alisateur du film, Pierre-Emmanuel Le Goff.\" \/>\n<meta property=\"og:url\" content=\"https:\/\/institutfrancais.sk\/fr\/podujatie\/16-levers-de-soleil-projection-du-film-en-ligne-et-debat-avec-son-realisateur\/\" \/>\n<meta property=\"og:site_name\" content=\"Franc\u00fazsky in\u0161tit\u00fat na Slovensku\" \/>\n<meta property=\"article:modified_time\" content=\"2020-11-27T12:41:36+00:00\" \/>\n<meta property=\"og:image\" content=\"https:\/\/institutfrancais.sk\/wp-content\/uploads\/2020\/11\/16-levers-de-soleil.jpg\" \/>\n\t<meta property=\"og:image:width\" content=\"1023\" \/>\n\t<meta property=\"og:image:height\" content=\"553\" \/>\n\t<meta property=\"og:image:type\" content=\"image\/jpeg\" \/>\n<meta name=\"twitter:card\" content=\"summary_large_image\" \/>\n<meta name=\"twitter:label1\" content=\"Dur\u00e9e de lecture estim\u00e9e\" \/>\n\t<meta name=\"twitter:data1\" content=\"3 minutes\" \/>\n<script type=\"application\/ld+json\" class=\"yoast-schema-graph\">{\"@context\":\"https:\/\/schema.org\",\"@graph\":[{\"@type\":\"WebPage\",\"@id\":\"https:\/\/institutfrancais.sk\/fr\/podujatie\/16-levers-de-soleil-projection-du-film-en-ligne-et-debat-avec-son-realisateur\/\",\"url\":\"https:\/\/institutfrancais.sk\/fr\/podujatie\/16-levers-de-soleil-projection-du-film-en-ligne-et-debat-avec-son-realisateur\/\",\"name\":\"16 LEVERS DE SOLEIL : projection du film en ligne et d\u00e9bat avec son r\u00e9alisateur - Franc\u00fazsky in\u0161tit\u00fat na Slovensku\",\"isPartOf\":{\"@id\":\"https:\/\/institutfrancais.sk\/fr\/#website\"},\"primaryImageOfPage\":{\"@id\":\"https:\/\/institutfrancais.sk\/fr\/podujatie\/16-levers-de-soleil-projection-du-film-en-ligne-et-debat-avec-son-realisateur\/#primaryimage\"},\"image\":{\"@id\":\"https:\/\/institutfrancais.sk\/fr\/podujatie\/16-levers-de-soleil-projection-du-film-en-ligne-et-debat-avec-son-realisateur\/#primaryimage\"},\"thumbnailUrl\":\"https:\/\/institutfrancais.sk\/wp-content\/uploads\/2020\/11\/16levers.jpg\",\"datePublished\":\"2020-11-25T15:50:46+00:00\",\"dateModified\":\"2020-11-27T12:41:36+00:00\",\"description\":\"Projection sp\u00e9ciale en ligne du film 16 LEVERS DE SOLEIL, documentaire extraordinaire sur l'\u00e9pop\u00e9e spatiale de l'astronaute fran\u00e7ais Thomas Pesquet au bord de la Station spatiale internationale. Sera suivie d'un d\u00e9bat avec le r\u00e9alisateur du film, Pierre-Emmanuel Le Goff.\",\"breadcrumb\":{\"@id\":\"https:\/\/institutfrancais.sk\/fr\/podujatie\/16-levers-de-soleil-projection-du-film-en-ligne-et-debat-avec-son-realisateur\/#breadcrumb\"},\"inLanguage\":\"fr-FR\",\"potentialAction\":[{\"@type\":\"ReadAction\",\"target\":[\"https:\/\/institutfrancais.sk\/fr\/podujatie\/16-levers-de-soleil-projection-du-film-en-ligne-et-debat-avec-son-realisateur\/\"]}]},{\"@type\":\"ImageObject\",\"inLanguage\":\"fr-FR\",\"@id\":\"https:\/\/institutfrancais.sk\/fr\/podujatie\/16-levers-de-soleil-projection-du-film-en-ligne-et-debat-avec-son-realisateur\/#primaryimage\",\"url\":\"https:\/\/institutfrancais.sk\/wp-content\/uploads\/2020\/11\/16levers.jpg\",\"contentUrl\":\"https:\/\/institutfrancais.sk\/wp-content\/uploads\/2020\/11\/16levers.jpg\"},{\"@type\":\"BreadcrumbList\",\"@id\":\"https:\/\/institutfrancais.sk\/fr\/podujatie\/16-levers-de-soleil-projection-du-film-en-ligne-et-debat-avec-son-realisateur\/#breadcrumb\",\"itemListElement\":[{\"@type\":\"ListItem\",\"position\":1,\"name\":\"Home\",\"item\":\"https:\/\/institutfrancais.sk\/fr\/\"},{\"@type\":\"ListItem\",\"position\":2,\"name\":\"Events\",\"item\":\"https:\/\/institutfrancais.sk\/fr\/podujatie\/\"},{\"@type\":\"ListItem\",\"position\":3,\"name\":\"16 LEVERS DE SOLEIL : projection du film en ligne et d\u00e9bat avec son r\u00e9alisateur\"}]},{\"@type\":\"WebSite\",\"@id\":\"https:\/\/institutfrancais.sk\/fr\/#website\",\"url\":\"https:\/\/institutfrancais.sk\/fr\/\",\"name\":\"Franc\u00fazsky in\u0161tit\u00fat na Slovensku\",\"description\":\"Franc\u00fazsky in\u0161tit\u00fat na Slovensku\",\"potentialAction\":[{\"@type\":\"SearchAction\",\"target\":{\"@type\":\"EntryPoint\",\"urlTemplate\":\"https:\/\/institutfrancais.sk\/fr\/?s={search_term_string}\"},\"query-input\":{\"@type\":\"PropertyValueSpecification\",\"valueRequired\":true,\"valueName\":\"search_term_string\"}}],\"inLanguage\":\"fr-FR\"}]}<\/script>\n<!-- \/ Yoast SEO plugin. -->","yoast_head_json":{"title":"16 LEVERS DE SOLEIL : projection du film en ligne et d\u00e9bat avec son r\u00e9alisateur - Franc\u00fazsky in\u0161tit\u00fat na Slovensku","description":"Projection sp\u00e9ciale en ligne du film 16 LEVERS DE SOLEIL, documentaire extraordinaire sur l'\u00e9pop\u00e9e spatiale de l'astronaute fran\u00e7ais Thomas Pesquet au bord de la Station spatiale internationale. Sera suivie d'un d\u00e9bat avec le r\u00e9alisateur du film, Pierre-Emmanuel Le Goff.","robots":{"index":"index","follow":"follow","max-snippet":"max-snippet:-1","max-image-preview":"max-image-preview:large","max-video-preview":"max-video-preview:-1"},"canonical":"https:\/\/institutfrancais.sk\/fr\/podujatie\/16-levers-de-soleil-projection-du-film-en-ligne-et-debat-avec-son-realisateur\/","og_locale":"fr_FR","og_type":"article","og_title":"16 LEVERS DE SOLEIL : projection du film en ligne et d\u00e9bat avec son r\u00e9alisateur - Franc\u00fazsky in\u0161tit\u00fat na Slovensku","og_description":"Projection sp\u00e9ciale en ligne du film 16 LEVERS DE SOLEIL, documentaire extraordinaire sur l'\u00e9pop\u00e9e spatiale de l'astronaute fran\u00e7ais Thomas Pesquet au bord de la Station spatiale internationale. Sera suivie d'un d\u00e9bat avec le r\u00e9alisateur du film, Pierre-Emmanuel Le Goff.","og_url":"https:\/\/institutfrancais.sk\/fr\/podujatie\/16-levers-de-soleil-projection-du-film-en-ligne-et-debat-avec-son-realisateur\/","og_site_name":"Franc\u00fazsky in\u0161tit\u00fat na Slovensku","article_modified_time":"2020-11-27T12:41:36+00:00","og_image":[{"width":1023,"height":553,"url":"https:\/\/institutfrancais.sk\/wp-content\/uploads\/2020\/11\/16-levers-de-soleil.jpg","type":"image\/jpeg"}],"twitter_card":"summary_large_image","twitter_misc":{"Dur\u00e9e de lecture estim\u00e9e":"3 minutes"},"schema":{"@context":"https:\/\/schema.org","@graph":[{"@type":"WebPage","@id":"https:\/\/institutfrancais.sk\/fr\/podujatie\/16-levers-de-soleil-projection-du-film-en-ligne-et-debat-avec-son-realisateur\/","url":"https:\/\/institutfrancais.sk\/fr\/podujatie\/16-levers-de-soleil-projection-du-film-en-ligne-et-debat-avec-son-realisateur\/","name":"16 LEVERS DE SOLEIL : projection du film en ligne et d\u00e9bat avec son r\u00e9alisateur - Franc\u00fazsky in\u0161tit\u00fat na Slovensku","isPartOf":{"@id":"https:\/\/institutfrancais.sk\/fr\/#website"},"primaryImageOfPage":{"@id":"https:\/\/institutfrancais.sk\/fr\/podujatie\/16-levers-de-soleil-projection-du-film-en-ligne-et-debat-avec-son-realisateur\/#primaryimage"},"image":{"@id":"https:\/\/institutfrancais.sk\/fr\/podujatie\/16-levers-de-soleil-projection-du-film-en-ligne-et-debat-avec-son-realisateur\/#primaryimage"},"thumbnailUrl":"https:\/\/institutfrancais.sk\/wp-content\/uploads\/2020\/11\/16levers.jpg","datePublished":"2020-11-25T15:50:46+00:00","dateModified":"2020-11-27T12:41:36+00:00","description":"Projection sp\u00e9ciale en ligne du film 16 LEVERS DE SOLEIL, documentaire extraordinaire sur l'\u00e9pop\u00e9e spatiale de l'astronaute fran\u00e7ais Thomas Pesquet au bord de la Station spatiale internationale. Sera suivie d'un d\u00e9bat avec le r\u00e9alisateur du film, Pierre-Emmanuel Le Goff.","breadcrumb":{"@id":"https:\/\/institutfrancais.sk\/fr\/podujatie\/16-levers-de-soleil-projection-du-film-en-ligne-et-debat-avec-son-realisateur\/#breadcrumb"},"inLanguage":"fr-FR","potentialAction":[{"@type":"ReadAction","target":["https:\/\/institutfrancais.sk\/fr\/podujatie\/16-levers-de-soleil-projection-du-film-en-ligne-et-debat-avec-son-realisateur\/"]}]},{"@type":"ImageObject","inLanguage":"fr-FR","@id":"https:\/\/institutfrancais.sk\/fr\/podujatie\/16-levers-de-soleil-projection-du-film-en-ligne-et-debat-avec-son-realisateur\/#primaryimage","url":"https:\/\/institutfrancais.sk\/wp-content\/uploads\/2020\/11\/16levers.jpg","contentUrl":"https:\/\/institutfrancais.sk\/wp-content\/uploads\/2020\/11\/16levers.jpg"},{"@type":"BreadcrumbList","@id":"https:\/\/institutfrancais.sk\/fr\/podujatie\/16-levers-de-soleil-projection-du-film-en-ligne-et-debat-avec-son-realisateur\/#breadcrumb","itemListElement":[{"@type":"ListItem","position":1,"name":"Home","item":"https:\/\/institutfrancais.sk\/fr\/"},{"@type":"ListItem","position":2,"name":"Events","item":"https:\/\/institutfrancais.sk\/fr\/podujatie\/"},{"@type":"ListItem","position":3,"name":"16 LEVERS DE SOLEIL : projection du film en ligne et d\u00e9bat avec son r\u00e9alisateur"}]},{"@type":"WebSite","@id":"https:\/\/institutfrancais.sk\/fr\/#website","url":"https:\/\/institutfrancais.sk\/fr\/","name":"Franc\u00fazsky in\u0161tit\u00fat na Slovensku","description":"Franc\u00fazsky in\u0161tit\u00fat na Slovensku","potentialAction":[{"@type":"SearchAction","target":{"@type":"EntryPoint","urlTemplate":"https:\/\/institutfrancais.sk\/fr\/?s={search_term_string}"},"query-input":{"@type":"PropertyValueSpecification","valueRequired":true,"valueName":"search_term_string"}}],"inLanguage":"fr-FR"}]}},"_links":{"self":[{"href":"https:\/\/institutfrancais.sk\/fr\/wp-json\/wp\/v2\/podujatie\/13932"}],"collection":[{"href":"https:\/\/institutfrancais.sk\/fr\/wp-json\/wp\/v2\/podujatie"}],"about":[{"href":"https:\/\/institutfrancais.sk\/fr\/wp-json\/wp\/v2\/types\/podujatie"}],"wp:attachment":[{"href":"https:\/\/institutfrancais.sk\/fr\/wp-json\/wp\/v2\/media?parent=13932"}],"wp:term":[{"taxonomy":"typ-podujatia","embeddable":true,"href":"https:\/\/institutfrancais.sk\/fr\/wp-json\/wp\/v2\/typ-podujatia?post=13932"}],"curies":[{"name":"wp","href":"https:\/\/api.w.org\/{rel}","templated":true}]}}