{"id":15604,"date":"2021-02-08T07:30:52","date_gmt":"2021-02-08T06:30:52","guid":{"rendered":"https:\/\/institutfrancais.sk\/podujatie\/exposition-femmes-de-specs\/"},"modified":"2021-03-15T18:31:30","modified_gmt":"2021-03-15T17:31:30","slug":"femmes-jennifer","status":"publish","type":"podujatie","link":"https:\/\/institutfrancais.sk\/fr\/podujatie\/femmes-jennifer\/","title":{"rendered":"\u00ab\u00a0Femmes\u00a0\u00bb [Jennifer]"},"content":{"rendered":"<div class=\"accordion-menu\"><a href=\"#a1-\" class=\"smooth\"><\/a><\/div><div class=\"accordion\" id=\"a960\"><div class=\"card\"><div class=\"card-header\" id=\"ha960_1\"><h3 class=\"card-opener\"><button class=\"collapsed\" type=\"button\" data-toggle=\"collapse\" data-target=\"#ca960_1\" aria-expanded=\"true\" aria-controls=\"ca960_1\">Jennifer<span class=\"plus\"><svg viewBox=\"0 0 29 29\" xmlns=\"http:\/\/www.w3.org\/2000\/svg\"><path d=\"M28.2857 12.9286V16.7857C28.2857 17.3214 28.0982 17.7768 27.7232 18.1518C27.3482 18.5268 26.8929 18.7143 26.3571 18.7143H18V27.0714C18 27.6071 17.8125 28.0625 17.4375 28.4375C17.0625 28.8125 16.6071 29 16.0714 29H12.2143C11.6786 29 11.2232 28.8125 10.8482 28.4375C10.4732 28.0625 10.2857 27.6071 10.2857 27.0714V18.7143H1.92857C1.39286 18.7143 0.9375 18.5268 0.5625 18.1518C0.1875 17.7768 0 17.3214 0 16.7857V12.9286C0 12.3929 0.1875 11.9375 0.5625 11.5625C0.9375 11.1875 1.39286 11 1.92857 11H10.2857V2.64286C10.2857 2.10714 10.4732 1.65178 10.8482 1.27678C11.2232 0.901784 11.6786 0.714284 12.2143 0.714284H16.0714C16.6071 0.714284 17.0625 0.901784 17.4375 1.27678C17.8125 1.65178 18 2.10714 18 2.64286V11H26.3571C26.8929 11 27.3482 11.1875 27.7232 11.5625C28.0982 11.9375 28.2857 12.3929 28.2857 12.9286Z\"><\/svg><\/span><span class=\"minus\"><svg viewBox=\"0 0 29 8\" xmlns=\"http:\/\/www.w3.org\/2000\/svg\"><path d=\"M28.2857 1.92857V5.78571C28.2857 6.32143 28.0982 6.77679 27.7232 7.15179C27.3482 7.52679 26.8929 7.71429 26.3571 7.71429H1.92857C1.39286 7.71429 0.9375 7.52679 0.5625 7.15179C0.1875 6.77679 0 6.32143 0 5.78571V1.92857C0 1.39286 0.1875 0.937499 0.5625 0.562499C0.9375 0.1875 1.39286 0 1.92857 0H26.3571C26.8929 0 27.3482 0.1875 27.7232 0.562499C28.0982 0.937499 28.2857 1.39286 28.2857 1.92857Z\"><\/svg><\/span><\/button><\/h3><\/div><div id=\"ca960_1\" class=\"collapse\" aria-labelledby=\"ha960_1\" data-parent=\"#a960\"><div class=\"card-body\"><p><img loading=\"lazy\" decoding=\"async\" class=\"alignnone wp-image-15733 size-large\" src=\"https:\/\/institutfrancais.sk\/wp-content\/uploads\/2021\/02\/Contenu-du-portrait_-Femmes_AWEX-WBI-1-700x1024.png\" alt=\"\" width=\"700\" height=\"1024\" srcset=\"https:\/\/institutfrancais.sk\/wp-content\/uploads\/2021\/02\/Contenu-du-portrait_-Femmes_AWEX-WBI-1-700x1024.png 700w, https:\/\/institutfrancais.sk\/wp-content\/uploads\/2021\/02\/Contenu-du-portrait_-Femmes_AWEX-WBI-1-205x300.png 205w, https:\/\/institutfrancais.sk\/wp-content\/uploads\/2021\/02\/Contenu-du-portrait_-Femmes_AWEX-WBI-1-768x1123.png 768w, https:\/\/institutfrancais.sk\/wp-content\/uploads\/2021\/02\/Contenu-du-portrait_-Femmes_AWEX-WBI-1-1050x1536.png 1050w, https:\/\/institutfrancais.sk\/wp-content\/uploads\/2021\/02\/Contenu-du-portrait_-Femmes_AWEX-WBI-1-1400x2048.png 1400w, https:\/\/institutfrancais.sk\/wp-content\/uploads\/2021\/02\/Contenu-du-portrait_-Femmes_AWEX-WBI-1-684x1000.png 684w, https:\/\/institutfrancais.sk\/wp-content\/uploads\/2021\/02\/Contenu-du-portrait_-Femmes_AWEX-WBI-1.png 1411w\" sizes=\"(max-width: 700px) 100vw, 700px\" \/><\/p>\n<p><em>\u00a9 Auteur Ga\u00ebl Turine<\/em><\/p>\n<p>Mon p\u00e8re adoptif m\u2019a viol\u00e9e et je suis tomb\u00e9e enceinte. J\u2019avais 15 ans lorsque ma fille est n\u00e9e. J\u2019ai tent\u00e9 d\u2019avorter en me jetant dans l\u2019escalier. Mais \u00e7a n\u2019a pas suffi. J\u2019ai arr\u00eat\u00e9 l\u2019\u00e9cole, j\u2019ai quitt\u00e9 la maison.<\/p>\n<p>Dans les rues de Li\u00e8ge, la ville o\u00f9 j\u2019ai grandi, j\u2019ai connu de mauvaises fr\u00e9quentations. J\u2019ai commenc\u00e9 \u00e0 boire et \u00e0 me droguer. J\u2019ai rencontr\u00e9 un homme avec qui j\u2019ai eu trois enfants. J\u2019ai connu d\u2019autres hommes, certains \u00e9taient violents. L\u2019un d\u2019eux a&nbsp;voulu frapper ma fille&#8230;&nbsp;J\u2019ai beaucoup v\u00e9cu dans la rue.<\/p>\n<p>A Bruxelles, je dormais dans une tente pr\u00e8s de la gare du Midi. Un jour, quelqu\u2019un y a&nbsp;mis le feu.<\/p>\n<p>Aujourd\u2019hui, mes enfants ont 24, 19, 17 et 15 ans. Malgr\u00e9 toutes ces horreurs, je travaille \u00e0 ma reconstruction, je continue \u00e0 avancer. Je devrais int\u00e9grer un centre d\u2019accueil. Je ne me sens pas pr\u00eate \u00e0 vivre seule ou m\u00eame en colocation. Je vais avoir 40 ans, j\u2019esp\u00e8re pouvoir remonter la pente.<\/p>\n<p><a href=\"https:\/\/drive.google.com\/file\/d\/1nh_n1Db2uN-VhDDl3nKeCoMmxq_tDSjP\/view?usp=sharing\"><strong>TEMOIGNAGE AUDIO<\/strong><\/a><\/p>\n<p>&nbsp;<\/p>\n<\/div><\/div><\/div><\/div>\n\n<div class=\"space sm\"><\/div>\n\n\n<h2 class=\"wp-block-heading\"><strong>Ev\u00e8nement<\/strong><\/h2>\n\n\n\n<p><strong><em>Date<\/em><\/strong> : du 1er au 31 mars<br><strong><em>Lieu<\/em><\/strong> : Exposition virtuelle et t\u00e9moignage sur <strong><a href=\"https:\/\/frrsi.rtvs.sk\/\" target=\"_blank\" rel=\"noreferrer noopener\">Radio Slovaquie Internationale<\/a><\/strong> (<em>\u00e9mission en direct le 1er mars, puis \u00e0 retrouver en podcast<\/em>)<\/p>\n\n\n\n<p><strong>Wallonie-Bruxelles International<\/strong>, en collaboration avec l\u2019association humanitaire <strong>le Samusocial de Bruxelles<\/strong>, vous invite \u00e0 d\u00e9couvrir l&rsquo;<strong>exposition virtuelle photos<\/strong> \u00ab <em><strong>Femmes<\/strong> <\/em>\u00bb.&nbsp;<\/p>\n\n\n\n<p>\u00c0 travers le regard du photographe Ga\u00ebl Turine et les textes d\u2019Anne-C\u00e9cile Huwart, vous \u00eates invit\u00e9(e) \u00e0 d\u00e9couvrir la femme qui se r\u00e9v\u00e8le derri\u00e8re chaque situation de sans-abri.<\/p>\n\n\n\n<p><em>Elles sont des femmes \u00ab sans abri chroniques \u00bb, \u00ab sdf \u00bb, \u00ab victimes de violences \u00bb, \u00ab victimes de la traite des \u00eatres humains \u00bb, \u00ab malades \u00bb, \u00ab migrantes \u00bb, \u00ab exil\u00e9es \u00bb, \u00ab toxicomanes \u00bb, \u00ab alcooliques \u00bb, \u2026&nbsp;Mais elles sont femmes avant tout.<\/em> <em>Des femmes avec, derri\u00e8re elles, une vie et un parcours souvent traumatiques. Mais aussi et surtout avec un avenir, un horizon sur lequel il est encore possible d\u2019agir de fa\u00e7on positive.<\/em><\/p>\n\n\n<div class=\"space xs\"><\/div>\n\n<div class=\"text-center\"><a href=\"https:\/\/expo.samusocial.be\/femmes\/\" class=\"btn btn-black-invert\" target=\"blank\" rel=\"noreferrer noopener\">Exposition virtuelle<\/a><\/div>\n\n<div class=\"space sm\"><\/div>\n\n\n<p>D\u00e9couvrez aussi le t\u00e9moignage de Monsieur <strong>Christophe Thielens<\/strong> du Samusocial de Bruxelles, sur les ondes de la Radio Slovaquie Internationale.<\/p>\n\n\n<div class=\"space xs\"><\/div>\n\n<div class=\"text-center\"><a href=\"https:\/\/www.rtvs.sk\/radio\/archiv\/1485\/1517974\" class=\"btn btn-black-invert\" target=\"blank\" rel=\"noreferrer noopener\">T\u00e9moignage radio<\/a><\/div>\n\n<div class=\"space md\"><\/div>\n\n\n<h2 class=\"wp-block-heading\"><strong>Pour aller plus loin<\/strong><\/h2>\n\n\n\n<ul><li><em>\u00ab L\u2019id\u00e9e \u00e9tait de les mettre en valeur en tant que femmes, montrer leur f\u00e9minit\u00e9 mais aussi de reconnaitre leur situation et expliquer comment on en arrive l\u00e0, que cela peut arriver \u00e0 tout le monde. \u00bb&nbsp;<\/em>Anne-C\u00e9cile Huwart, journaliste, a&nbsp;rencontr\u00e9 et interview\u00e9 les femmes sans abri. \u00c9coutez son <a href=\"https:\/\/www.rtbf.be\/info\/regions\/bruxelles\/detail_bruxelles-l-exposition-femmes-retrace-le-parcours-de-femmes-sans-abris-pendant-la-periode-du-confinement?id=10610125\">t\u00e9moignage<\/a> !<\/li><li>Durant quatre mois, entre mai et ao\u00fbt 2020, les fonctionnaires du Parlement europ\u00e9en de Bruxelles en t\u00e9l\u00e9travail ont laiss\u00e9 leur bureau \u00e0 279 femmes sans abri permettant ainsi au Samusocial de Bruxelles de cr\u00e9er un centre d\u2019h\u00e9bergement. Apprenez-en plus sur cette <a href=\"https:\/\/samusocial.be\/ouverture-prochaine-dun-centre-pour-100-femmes-sans-abri-dans-un-batiment-du-parlement-europeen\/\">initiative<\/a>.&nbsp;<\/li><\/ul>\n\n\n<div class=\"space sm\"><\/div>\n\n\n<h2 class=\"wp-block-heading\"><strong>Organisateurs<\/strong><\/h2>\n\n\n<\/div><div class=\"gray-bg\"><div class=\"wrap\"><div class=\"white-boxes sponsors-partners nobtn\"><h2><span>Partenaires<\/span><\/h2><div class=\"box\"><h3>Partenaires<\/h3><div class=\"owl-carousel loop-4\"><div class=\"img\"><a href=\"https:\/\/wbi.be\/\" target=\"_blank\"><picture><source srcset=\"https:\/\/institutfrancais.sk\/wp-content\/uploads\/2021\/02\/5-Walonnie-Bruxelles-International-300x168.jpg\" type=\"image\/jpeg\"><img decoding=\"async\" src=\"https:\/\/institutfrancais.sk\/wp-content\/uploads\/2021\/02\/5-Walonnie-Bruxelles-International-300x168.jpg\" alt=\"\"width=\"100%\"\"><\/picture><\/a><\/div><div class=\"img\"><a href=\"https:\/\/austria.diplomatie.belgium.be\/fr\" target=\"_blank\"><picture><source srcset=\"https:\/\/institutfrancais.sk\/wp-content\/uploads\/2021\/02\/4-Ambassade-de-Belgique-300x284.jpg\" type=\"image\/jpeg\"><img decoding=\"async\" src=\"https:\/\/institutfrancais.sk\/wp-content\/uploads\/2021\/02\/4-Ambassade-de-Belgique-300x284.jpg\" alt=\"\"width=\"100%\"\"><\/picture><\/a><\/div><div class=\"img\"><a href=\"https:\/\/samusocial.be\/\" target=\"_blank\"><picture><source srcset=\"https:\/\/institutfrancais.sk\/wp-content\/uploads\/2021\/02\/5-Samusocial-Brussels-300x300.jpg\" type=\"image\/jpeg\"><img decoding=\"async\" src=\"https:\/\/institutfrancais.sk\/wp-content\/uploads\/2021\/02\/5-Samusocial-Brussels-300x300.jpg\" alt=\"\"width=\"100%\"\"><\/picture><\/a><\/div><div class=\"img\"><a href=\"https:\/\/frrsi.rtvs.sk\/\" target=\"_blank\"><picture><source srcset=\"https:\/\/institutfrancais.sk\/wp-content\/uploads\/2021\/02\/3-Radio-Slovakia-International-300x73.png\" type=\"image\/jpeg\"><img decoding=\"async\" src=\"https:\/\/institutfrancais.sk\/wp-content\/uploads\/2021\/02\/3-Radio-Slovakia-International-300x73.png\" alt=\"\"width=\"100%\"\"><\/picture><\/a><\/div><\/div><\/div><\/div><\/div><\/div><\/div><div class=\"wrap narrow-wrap\">\n\n<div class=\"space sm\"><\/div>\n\n\n<p><em>\u00a9 Photo de couverture :<em> Ga\u00ebl Turine<\/em><\/em> \/ <em>Graphisme : Chiqui Garcia<\/em><\/p>\n\n\n<div class=\"space md\"><\/div>","protected":false},"featured_media":15735,"template":"","typ-podujatia":[56,160],"acf":[],"yoast_head":"<!-- This site is optimized with the Yoast SEO plugin v24.5 - https:\/\/yoast.com\/wordpress\/plugins\/seo\/ -->\n<title>&quot;Femmes&quot; [Jennifer] - Franc\u00fazsky in\u0161tit\u00fat na Slovensku<\/title>\n<meta name=\"robots\" content=\"index, follow, max-snippet:-1, max-image-preview:large, max-video-preview:-1\" \/>\n<link rel=\"canonical\" href=\"https:\/\/institutfrancais.sk\/fr\/podujatie\/femmes-jennifer\/\" \/>\n<meta property=\"og:locale\" content=\"fr_FR\" \/>\n<meta property=\"og:type\" content=\"article\" \/>\n<meta property=\"og:title\" content=\"&quot;Femmes&quot; [Jennifer] - Franc\u00fazsky in\u0161tit\u00fat na Slovensku\" \/>\n<meta property=\"og:description\" content=\"Ev\u00e8nement Date : du 1er au 31 marsLieu : Exposition virtuelle et t\u00e9moignage sur Radio Slovaquie Internationale (\u00e9mission en direct le 1er mars, puis \u00e0 retrouver en podcast) Wallonie-Bruxelles International, en collaboration avec l\u2019association humanitaire le Samusocial de Bruxelles, vous invite \u00e0 d\u00e9couvrir l&rsquo;exposition virtuelle photos \u00ab Femmes \u00bb.&nbsp; \u00c0 travers le regard du photographe [&hellip;]\" \/>\n<meta property=\"og:url\" content=\"https:\/\/institutfrancais.sk\/fr\/podujatie\/femmes-jennifer\/\" \/>\n<meta property=\"og:site_name\" content=\"Franc\u00fazsky in\u0161tit\u00fat na Slovensku\" \/>\n<meta property=\"article:modified_time\" content=\"2021-03-15T17:31:30+00:00\" \/>\n<meta property=\"og:image\" content=\"https:\/\/institutfrancais.sk\/wp-content\/uploads\/2021\/02\/Femmes_banner-1920x1080-px-scaled.jpg\" \/>\n\t<meta property=\"og:image:width\" content=\"2560\" \/>\n\t<meta property=\"og:image:height\" content=\"1440\" \/>\n\t<meta property=\"og:image:type\" content=\"image\/jpeg\" \/>\n<meta name=\"twitter:card\" content=\"summary_large_image\" \/>\n<meta name=\"twitter:label1\" content=\"Dur\u00e9e de lecture estim\u00e9e\" \/>\n\t<meta name=\"twitter:data1\" content=\"2 minutes\" \/>\n<script type=\"application\/ld+json\" class=\"yoast-schema-graph\">{\"@context\":\"https:\/\/schema.org\",\"@graph\":[{\"@type\":\"WebPage\",\"@id\":\"https:\/\/institutfrancais.sk\/fr\/podujatie\/femmes-jennifer\/\",\"url\":\"https:\/\/institutfrancais.sk\/fr\/podujatie\/femmes-jennifer\/\",\"name\":\"\\\"Femmes\\\" [Jennifer] - Franc\u00fazsky in\u0161tit\u00fat na Slovensku\",\"isPartOf\":{\"@id\":\"https:\/\/institutfrancais.sk\/fr\/#website\"},\"primaryImageOfPage\":{\"@id\":\"https:\/\/institutfrancais.sk\/fr\/podujatie\/femmes-jennifer\/#primaryimage\"},\"image\":{\"@id\":\"https:\/\/institutfrancais.sk\/fr\/podujatie\/femmes-jennifer\/#primaryimage\"},\"thumbnailUrl\":\"https:\/\/institutfrancais.sk\/wp-content\/uploads\/2021\/02\/Femmes_banner-1920x1080-px-scaled.jpg\",\"datePublished\":\"2021-02-08T06:30:52+00:00\",\"dateModified\":\"2021-03-15T17:31:30+00:00\",\"breadcrumb\":{\"@id\":\"https:\/\/institutfrancais.sk\/fr\/podujatie\/femmes-jennifer\/#breadcrumb\"},\"inLanguage\":\"fr-FR\",\"potentialAction\":[{\"@type\":\"ReadAction\",\"target\":[\"https:\/\/institutfrancais.sk\/fr\/podujatie\/femmes-jennifer\/\"]}]},{\"@type\":\"ImageObject\",\"inLanguage\":\"fr-FR\",\"@id\":\"https:\/\/institutfrancais.sk\/fr\/podujatie\/femmes-jennifer\/#primaryimage\",\"url\":\"https:\/\/institutfrancais.sk\/wp-content\/uploads\/2021\/02\/Femmes_banner-1920x1080-px-scaled.jpg\",\"contentUrl\":\"https:\/\/institutfrancais.sk\/wp-content\/uploads\/2021\/02\/Femmes_banner-1920x1080-px-scaled.jpg\",\"width\":2560,\"height\":1440},{\"@type\":\"BreadcrumbList\",\"@id\":\"https:\/\/institutfrancais.sk\/fr\/podujatie\/femmes-jennifer\/#breadcrumb\",\"itemListElement\":[{\"@type\":\"ListItem\",\"position\":1,\"name\":\"Home\",\"item\":\"https:\/\/institutfrancais.sk\/fr\/\"},{\"@type\":\"ListItem\",\"position\":2,\"name\":\"Events\",\"item\":\"https:\/\/institutfrancais.sk\/fr\/podujatie\/\"},{\"@type\":\"ListItem\",\"position\":3,\"name\":\"\u00ab\u00a0Femmes\u00a0\u00bb [Jennifer]\"}]},{\"@type\":\"WebSite\",\"@id\":\"https:\/\/institutfrancais.sk\/fr\/#website\",\"url\":\"https:\/\/institutfrancais.sk\/fr\/\",\"name\":\"Franc\u00fazsky in\u0161tit\u00fat na Slovensku\",\"description\":\"Franc\u00fazsky in\u0161tit\u00fat na Slovensku\",\"potentialAction\":[{\"@type\":\"SearchAction\",\"target\":{\"@type\":\"EntryPoint\",\"urlTemplate\":\"https:\/\/institutfrancais.sk\/fr\/?s={search_term_string}\"},\"query-input\":{\"@type\":\"PropertyValueSpecification\",\"valueRequired\":true,\"valueName\":\"search_term_string\"}}],\"inLanguage\":\"fr-FR\"}]}<\/script>\n<!-- \/ Yoast SEO plugin. -->","yoast_head_json":{"title":"\"Femmes\" [Jennifer] - Franc\u00fazsky in\u0161tit\u00fat na Slovensku","robots":{"index":"index","follow":"follow","max-snippet":"max-snippet:-1","max-image-preview":"max-image-preview:large","max-video-preview":"max-video-preview:-1"},"canonical":"https:\/\/institutfrancais.sk\/fr\/podujatie\/femmes-jennifer\/","og_locale":"fr_FR","og_type":"article","og_title":"\"Femmes\" [Jennifer] - Franc\u00fazsky in\u0161tit\u00fat na Slovensku","og_description":"Ev\u00e8nement Date : du 1er au 31 marsLieu : Exposition virtuelle et t\u00e9moignage sur Radio Slovaquie Internationale (\u00e9mission en direct le 1er mars, puis \u00e0 retrouver en podcast) Wallonie-Bruxelles International, en collaboration avec l\u2019association humanitaire le Samusocial de Bruxelles, vous invite \u00e0 d\u00e9couvrir l&rsquo;exposition virtuelle photos \u00ab Femmes \u00bb.&nbsp; \u00c0 travers le regard du photographe [&hellip;]","og_url":"https:\/\/institutfrancais.sk\/fr\/podujatie\/femmes-jennifer\/","og_site_name":"Franc\u00fazsky in\u0161tit\u00fat na Slovensku","article_modified_time":"2021-03-15T17:31:30+00:00","og_image":[{"width":2560,"height":1440,"url":"https:\/\/institutfrancais.sk\/wp-content\/uploads\/2021\/02\/Femmes_banner-1920x1080-px-scaled.jpg","type":"image\/jpeg"}],"twitter_card":"summary_large_image","twitter_misc":{"Dur\u00e9e de lecture estim\u00e9e":"2 minutes"},"schema":{"@context":"https:\/\/schema.org","@graph":[{"@type":"WebPage","@id":"https:\/\/institutfrancais.sk\/fr\/podujatie\/femmes-jennifer\/","url":"https:\/\/institutfrancais.sk\/fr\/podujatie\/femmes-jennifer\/","name":"\"Femmes\" [Jennifer] - Franc\u00fazsky in\u0161tit\u00fat na Slovensku","isPartOf":{"@id":"https:\/\/institutfrancais.sk\/fr\/#website"},"primaryImageOfPage":{"@id":"https:\/\/institutfrancais.sk\/fr\/podujatie\/femmes-jennifer\/#primaryimage"},"image":{"@id":"https:\/\/institutfrancais.sk\/fr\/podujatie\/femmes-jennifer\/#primaryimage"},"thumbnailUrl":"https:\/\/institutfrancais.sk\/wp-content\/uploads\/2021\/02\/Femmes_banner-1920x1080-px-scaled.jpg","datePublished":"2021-02-08T06:30:52+00:00","dateModified":"2021-03-15T17:31:30+00:00","breadcrumb":{"@id":"https:\/\/institutfrancais.sk\/fr\/podujatie\/femmes-jennifer\/#breadcrumb"},"inLanguage":"fr-FR","potentialAction":[{"@type":"ReadAction","target":["https:\/\/institutfrancais.sk\/fr\/podujatie\/femmes-jennifer\/"]}]},{"@type":"ImageObject","inLanguage":"fr-FR","@id":"https:\/\/institutfrancais.sk\/fr\/podujatie\/femmes-jennifer\/#primaryimage","url":"https:\/\/institutfrancais.sk\/wp-content\/uploads\/2021\/02\/Femmes_banner-1920x1080-px-scaled.jpg","contentUrl":"https:\/\/institutfrancais.sk\/wp-content\/uploads\/2021\/02\/Femmes_banner-1920x1080-px-scaled.jpg","width":2560,"height":1440},{"@type":"BreadcrumbList","@id":"https:\/\/institutfrancais.sk\/fr\/podujatie\/femmes-jennifer\/#breadcrumb","itemListElement":[{"@type":"ListItem","position":1,"name":"Home","item":"https:\/\/institutfrancais.sk\/fr\/"},{"@type":"ListItem","position":2,"name":"Events","item":"https:\/\/institutfrancais.sk\/fr\/podujatie\/"},{"@type":"ListItem","position":3,"name":"\u00ab\u00a0Femmes\u00a0\u00bb [Jennifer]"}]},{"@type":"WebSite","@id":"https:\/\/institutfrancais.sk\/fr\/#website","url":"https:\/\/institutfrancais.sk\/fr\/","name":"Franc\u00fazsky in\u0161tit\u00fat na Slovensku","description":"Franc\u00fazsky in\u0161tit\u00fat na Slovensku","potentialAction":[{"@type":"SearchAction","target":{"@type":"EntryPoint","urlTemplate":"https:\/\/institutfrancais.sk\/fr\/?s={search_term_string}"},"query-input":{"@type":"PropertyValueSpecification","valueRequired":true,"valueName":"search_term_string"}}],"inLanguage":"fr-FR"}]}},"_links":{"self":[{"href":"https:\/\/institutfrancais.sk\/fr\/wp-json\/wp\/v2\/podujatie\/15604"}],"collection":[{"href":"https:\/\/institutfrancais.sk\/fr\/wp-json\/wp\/v2\/podujatie"}],"about":[{"href":"https:\/\/institutfrancais.sk\/fr\/wp-json\/wp\/v2\/types\/podujatie"}],"wp:featuredmedia":[{"embeddable":true,"href":"https:\/\/institutfrancais.sk\/fr\/wp-json\/wp\/v2\/media\/15735"}],"wp:attachment":[{"href":"https:\/\/institutfrancais.sk\/fr\/wp-json\/wp\/v2\/media?parent=15604"}],"wp:term":[{"taxonomy":"typ-podujatia","embeddable":true,"href":"https:\/\/institutfrancais.sk\/fr\/wp-json\/wp\/v2\/typ-podujatia?post=15604"}],"curies":[{"name":"wp","href":"https:\/\/api.w.org\/{rel}","templated":true}]}}