{"id":15647,"date":"2021-02-08T09:30:31","date_gmt":"2021-02-08T08:30:31","guid":{"rendered":"https:\/\/institutfrancais.sk\/?post_type=podujatie&#038;p=15647"},"modified":"2021-02-19T14:23:30","modified_gmt":"2021-02-19T13:23:30","slug":"je-mappelle-humain-josephine-bacon","status":"publish","type":"podujatie","link":"https:\/\/institutfrancais.sk\/fr\/podujatie\/je-mappelle-humain-josephine-bacon\/","title":{"rendered":"Je m\u2019appelle humain [Jos\u00e9phine Bacon]"},"content":{"rendered":"<div class=\"accordion-menu\"><a href=\"#a1-\" class=\"smooth\"><\/a><\/div><div class=\"accordion\" id=\"a897\"><div class=\"card\"><div class=\"card-header\" id=\"ha897_1\"><h3 class=\"card-opener\"><button class=\"collapsed\" type=\"button\" data-toggle=\"collapse\" data-target=\"#ca897_1\" aria-expanded=\"true\" aria-controls=\"ca897_1\">Jos\u00e9phine Bacon, la po\u00e9tesse innue<span class=\"plus\"><svg viewBox=\"0 0 29 29\" xmlns=\"http:\/\/www.w3.org\/2000\/svg\"><path d=\"M28.2857 12.9286V16.7857C28.2857 17.3214 28.0982 17.7768 27.7232 18.1518C27.3482 18.5268 26.8929 18.7143 26.3571 18.7143H18V27.0714C18 27.6071 17.8125 28.0625 17.4375 28.4375C17.0625 28.8125 16.6071 29 16.0714 29H12.2143C11.6786 29 11.2232 28.8125 10.8482 28.4375C10.4732 28.0625 10.2857 27.6071 10.2857 27.0714V18.7143H1.92857C1.39286 18.7143 0.9375 18.5268 0.5625 18.1518C0.1875 17.7768 0 17.3214 0 16.7857V12.9286C0 12.3929 0.1875 11.9375 0.5625 11.5625C0.9375 11.1875 1.39286 11 1.92857 11H10.2857V2.64286C10.2857 2.10714 10.4732 1.65178 10.8482 1.27678C11.2232 0.901784 11.6786 0.714284 12.2143 0.714284H16.0714C16.6071 0.714284 17.0625 0.901784 17.4375 1.27678C17.8125 1.65178 18 2.10714 18 2.64286V11H26.3571C26.8929 11 27.3482 11.1875 27.7232 11.5625C28.0982 11.9375 28.2857 12.3929 28.2857 12.9286Z\"><\/svg><\/span><span class=\"minus\"><svg viewBox=\"0 0 29 8\" xmlns=\"http:\/\/www.w3.org\/2000\/svg\"><path d=\"M28.2857 1.92857V5.78571C28.2857 6.32143 28.0982 6.77679 27.7232 7.15179C27.3482 7.52679 26.8929 7.71429 26.3571 7.71429H1.92857C1.39286 7.71429 0.9375 7.52679 0.5625 7.15179C0.1875 6.77679 0 6.32143 0 5.78571V1.92857C0 1.39286 0.1875 0.937499 0.5625 0.562499C0.9375 0.1875 1.39286 0 1.92857 0H26.3571C26.8929 0 27.3482 0.1875 27.7232 0.562499C28.0982 0.937499 28.2857 1.39286 28.2857 1.92857Z\"><\/svg><\/span><\/button><\/h3><\/div><div id=\"ca897_1\" class=\"collapse\" aria-labelledby=\"ha897_1\" data-parent=\"#a897\"><div class=\"card-body\"><p>N\u00e9e en 1947, elle vient de Pessamit dans la r\u00e9gion de la C\u00f4te Nord au Qu\u00e9bec, Jos\u00e9phine Bacon est paroli\u00e8re, conteuse et r\u00e9alisatrice innue (un peuple autochtone du Canada) de renomm\u00e9e internationale. Auteure phare du Qu\u00e9bec, elle est une grande ambassadrice de la culture des Premi\u00e8res Nations au Qu\u00e9bec et \u00e0 l\u2019\u00e9tranger.\u00a0Tr\u00e8s engag\u00e9e sur la sc\u00e8ne litt\u00e9raire et artistique autochtone, elle inspire aux jeunes g\u00e9n\u00e9rations la fiert\u00e9 d\u2019\u00eatre autochtone et la volont\u00e9 de d\u00e9fendre leur langue et leur culture. La po\u00e9sie de Jos\u00e9phine Bacon est un hommage au territoire, aux anc\u00eatres et \u00e0 la langue innu-aimun.<\/p>\n<p><img loading=\"lazy\" decoding=\"async\" class=\"alignnone wp-image-15653 size-full\" src=\"https:\/\/institutfrancais.sk\/wp-content\/uploads\/2021\/02\/Image-portrait_Je-mappelle-humain_CA.png\" alt=\"\" width=\"468\" height=\"871\" srcset=\"https:\/\/institutfrancais.sk\/wp-content\/uploads\/2021\/02\/Image-portrait_Je-mappelle-humain_CA.png 468w, https:\/\/institutfrancais.sk\/wp-content\/uploads\/2021\/02\/Image-portrait_Je-mappelle-humain_CA-161x300.png 161w\" sizes=\"(max-width: 468px) 100vw, 468px\" \/><\/p>\n<\/div><\/div><\/div><\/div>\n\n<div class=\"space sm\"><\/div>\n\n\n<h2 class=\"wp-block-heading\"><strong>Ev\u00e8nement<\/strong><\/h2>\n\n\n\n<p><strong><em>Date<\/em><\/strong> : lundi 08 mars, 20h30 \u00e0 l&rsquo;occasion de la Journ\u00e9e internationale de la femme<br><strong><em>Lieu<\/em><\/strong> : page Facebook de l&rsquo;ambassade du Canada en Slovaquie (<em>lien valable pendant 24 heures<\/em>)<br><strong><em>Film<\/em><\/strong>: Film documentaire de Kim O\u2019Bomsawin avec Jos\u00e9phine Bacon, 2020, 78 min, v.o. fran\u00e7ais &amp;&nbsp;innu, sous-titr\u00e9 en slovaque<\/p>\n\n\n\n<p><em><strong>Je m\u2019appelle humain<\/strong><\/em> propose une incursion dans l\u2019histoire aux c\u00f4t\u00e9s de Jos\u00e9phine Bacon, une femme libre qui a&nbsp;consacr\u00e9 sa vie \u00e0 transmettre son savoir et celui de ses anc\u00eatres.\u00a0Avec ce portrait de l&rsquo;une des figures les plus importantes de la <strong>culture des Premi\u00e8res Nations<\/strong>, l&rsquo;<strong>autrice et cin\u00e9aste ab\u00e9nakise Kim O&rsquo;Bomsawin <\/strong>poursuit sa mission, gr\u00e2ce \u00e0 laquelle les gens doivent d\u00e9couvrir diverses facettes de la culture autochtone contemporaine. Outre sa voix d\u00e9licate et po\u00e9tique, le film s\u00e9duit aussi par son traitement modeste de sujets encore douloureux, mais surtout par une illustration de la relation de fusion qu&rsquo;une femme de lettres entretient avec la terre de ses anc\u00eatres. Lorsque les anciens nous quittent, le lien avec le pass\u00e9 dispara\u00eet avec eux. Ce <strong>documentaire gracieux<\/strong>, port\u00e9 par de belles images de la toundra qu\u00e9b\u00e9coise, nous permet n\u00e9anmoins de percevoir le niveau de sagesse et de spiritualit\u00e9 de<strong> l&rsquo;inspirante Jos\u00e9phine Bacon<\/strong>, qui travaille depuis des d\u00e9cennies pour survivre \u00e0 la langue et aux traditions d&rsquo;Inn. Dans sa langue, Inna signifie \u201ehomme\u201c.<\/p>\n\n\n\n<p>Les Innus, un peuple autochtone, vivent dans les r\u00e9gions subarctiques et bor\u00e9ales du Qu\u00e9bec et du Labrador. <\/p>\n\n\n<div class=\"space xs\"><\/div>\n\n<div class=\"text-center\"><a href=\"https:\/\/bit.ly\/3rFVqbA \" class=\"btn btn-black-invert\" target=\"blank\" rel=\"noreferrer noopener\">Rendez-vous ici<\/a><\/div>\n\n<div class=\"space sm\"><\/div>\n\n\n<figure class=\"wp-block-embed is-type-video is-provider-youtube wp-block-embed-youtube wp-embed-aspect-16-9 wp-has-aspect-ratio\"><div class=\"wp-block-embed__wrapper\">\n<iframe loading=\"lazy\" title=\"Je m&#039;appelle Humain - Bande-annonce\" width=\"500\" height=\"281\" src=\"https:\/\/www.youtube.com\/embed\/WymW9Q5qCBw?feature=oembed\" frameborder=\"0\" allow=\"accelerometer; autoplay; clipboard-write; encrypted-media; gyroscope; picture-in-picture; web-share\" referrerpolicy=\"strict-origin-when-cross-origin\" allowfullscreen><\/iframe>\n<\/div><\/figure>\n\n\n<div class=\"space xs\"><\/div>\n\n\n<ul><li><em><strong>Festival de cin\u00e9ma de la ville de Qu\u00e9bec<\/strong> : Prix coll\u00e9gial (ex aequo) &amp;&nbsp;Mention Sp\u00e9ciale Grand Prix Comp\u00e9tition \u2013 Long\u00a0m\u00e9trage 2020<\/em><\/li><li><em><strong>Vancouver International Film Festival <\/strong>: Meilleur documentaire canadien 2020\u00a0<\/em><\/li><li><em><strong>Calgary International Film Festival <\/strong>: Meilleur documentaire canadien &amp;&nbsp;Prix du Public 2020\u00a0<\/em><\/li><li><em><strong>Cinefest Sudbury International Film Festival<\/strong>\u00a0: Prix du Public 2020<\/em><\/li><\/ul>\n\n\n<div class=\"space sm\"><\/div>\n\n\n<h2 class=\"wp-block-heading\"><strong>Pour aller plus loin<\/strong><\/h2>\n\n\n\n<p>Vous pouvez en savoir plus sur Jos\u00e9phine Bacon <a href=\"https:\/\/ville.montreal.qc.ca\/ordre\/en\/josephine-bacon\">ici<\/a> et sur les Innus <a href=\"https:\/\/www.thecanadianencyclopedia.ca\/fr\/article\/innu-montagnais-naskapi\">ici<\/a>.<\/p>\n\n\n<div class=\"space sm\"><\/div>\n\n\n<h2 class=\"wp-block-heading\"><strong>Organisateurs<\/strong><\/h2>\n\n\n<\/div><div class=\"gray-bg\"><div class=\"wrap\"><div class=\"white-boxes sponsors-partners nobtn\"><h2><span>Partenaires<\/span><\/h2><div class=\"box\"><h3>Partenaires<\/h3><div class=\"owl-carousel loop-2\"><div class=\"img\"><a href=\"https:\/\/www.facebook.com\/CanadaenSlovaquie\" target=\"_blank\"><picture><source srcset=\"https:\/\/institutfrancais.sk\/wp-content\/uploads\/2021\/02\/6-Ambassade-du-Canada-1-300x225.jpg\" type=\"image\/jpeg\"><img decoding=\"async\" src=\"https:\/\/institutfrancais.sk\/wp-content\/uploads\/2021\/02\/6-Ambassade-du-Canada-1-300x225.jpg\" alt=\"\"width=\"100%\"\"><\/picture><\/a><\/div><div class=\"img\"><a href=\"https:\/\/www.facebook.com\/CanadaenSlovaquie\" target=\"_blank\"><picture><source srcset=\"https:\/\/institutfrancais.sk\/wp-content\/uploads\/2021\/02\/6-Ambassade-du-Canada-2-300x75.jpg\" type=\"image\/jpeg\"><img decoding=\"async\" src=\"https:\/\/institutfrancais.sk\/wp-content\/uploads\/2021\/02\/6-Ambassade-du-Canada-2-300x75.jpg\" alt=\"\"width=\"100%\"\"><\/picture><\/a><\/div><\/div><\/div><\/div><\/div><\/div><\/div><div class=\"wrap narrow-wrap\">","protected":false},"featured_media":15742,"template":"","typ-podujatia":[52],"acf":[],"yoast_head":"<!-- This site is optimized with the Yoast SEO plugin v24.5 - https:\/\/yoast.com\/wordpress\/plugins\/seo\/ -->\n<title>Je m\u2019appelle humain [Jos\u00e9phine Bacon] - Franc\u00fazsky in\u0161tit\u00fat na Slovensku<\/title>\n<meta name=\"robots\" content=\"index, follow, max-snippet:-1, max-image-preview:large, max-video-preview:-1\" \/>\n<link rel=\"canonical\" href=\"https:\/\/institutfrancais.sk\/fr\/podujatie\/je-mappelle-humain-josephine-bacon\/\" \/>\n<meta property=\"og:locale\" content=\"fr_FR\" \/>\n<meta property=\"og:type\" content=\"article\" \/>\n<meta property=\"og:title\" content=\"Je m\u2019appelle humain [Jos\u00e9phine Bacon] - Franc\u00fazsky in\u0161tit\u00fat na Slovensku\" \/>\n<meta property=\"og:description\" content=\"Ev\u00e8nement Date : lundi 08 mars, 20h30 \u00e0 l&rsquo;occasion de la Journ\u00e9e internationale de la femmeLieu : page Facebook de l&rsquo;ambassade du Canada en Slovaquie (lien valable pendant 24 heures)Film: Film documentaire de Kim O\u2019Bomsawin avec Jos\u00e9phine Bacon, 2020, 78 min, v.o. fran\u00e7ais &amp;&nbsp;innu, sous-titr\u00e9 en slovaque Je m\u2019appelle humain propose une incursion dans l\u2019histoire [&hellip;]\" \/>\n<meta property=\"og:url\" content=\"https:\/\/institutfrancais.sk\/fr\/podujatie\/je-mappelle-humain-josephine-bacon\/\" \/>\n<meta property=\"og:site_name\" content=\"Franc\u00fazsky in\u0161tit\u00fat na Slovensku\" \/>\n<meta property=\"article:modified_time\" content=\"2021-02-19T13:23:30+00:00\" \/>\n<meta property=\"og:image\" content=\"https:\/\/institutfrancais.sk\/wp-content\/uploads\/2021\/02\/Image-portrait_Josephine-Bacon_Je-mappelle-humain_CA-1024x565.png\" \/>\n\t<meta property=\"og:image:width\" content=\"1024\" \/>\n\t<meta property=\"og:image:height\" content=\"565\" \/>\n\t<meta property=\"og:image:type\" content=\"image\/png\" \/>\n<meta name=\"twitter:card\" content=\"summary_large_image\" \/>\n<meta name=\"twitter:label1\" content=\"Dur\u00e9e de lecture estim\u00e9e\" \/>\n\t<meta name=\"twitter:data1\" content=\"2 minutes\" \/>\n<script type=\"application\/ld+json\" class=\"yoast-schema-graph\">{\"@context\":\"https:\/\/schema.org\",\"@graph\":[{\"@type\":\"WebPage\",\"@id\":\"https:\/\/institutfrancais.sk\/fr\/podujatie\/je-mappelle-humain-josephine-bacon\/\",\"url\":\"https:\/\/institutfrancais.sk\/fr\/podujatie\/je-mappelle-humain-josephine-bacon\/\",\"name\":\"Je m\u2019appelle humain [Jos\u00e9phine Bacon] - Franc\u00fazsky in\u0161tit\u00fat na Slovensku\",\"isPartOf\":{\"@id\":\"https:\/\/institutfrancais.sk\/fr\/#website\"},\"primaryImageOfPage\":{\"@id\":\"https:\/\/institutfrancais.sk\/fr\/podujatie\/je-mappelle-humain-josephine-bacon\/#primaryimage\"},\"image\":{\"@id\":\"https:\/\/institutfrancais.sk\/fr\/podujatie\/je-mappelle-humain-josephine-bacon\/#primaryimage\"},\"thumbnailUrl\":\"https:\/\/institutfrancais.sk\/wp-content\/uploads\/2021\/02\/Image-portrait_Josephine-Bacon_Je-mappelle-humain_CA.png\",\"datePublished\":\"2021-02-08T08:30:31+00:00\",\"dateModified\":\"2021-02-19T13:23:30+00:00\",\"breadcrumb\":{\"@id\":\"https:\/\/institutfrancais.sk\/fr\/podujatie\/je-mappelle-humain-josephine-bacon\/#breadcrumb\"},\"inLanguage\":\"fr-FR\",\"potentialAction\":[{\"@type\":\"ReadAction\",\"target\":[\"https:\/\/institutfrancais.sk\/fr\/podujatie\/je-mappelle-humain-josephine-bacon\/\"]}]},{\"@type\":\"ImageObject\",\"inLanguage\":\"fr-FR\",\"@id\":\"https:\/\/institutfrancais.sk\/fr\/podujatie\/je-mappelle-humain-josephine-bacon\/#primaryimage\",\"url\":\"https:\/\/institutfrancais.sk\/wp-content\/uploads\/2021\/02\/Image-portrait_Josephine-Bacon_Je-mappelle-humain_CA.png\",\"contentUrl\":\"https:\/\/institutfrancais.sk\/wp-content\/uploads\/2021\/02\/Image-portrait_Josephine-Bacon_Je-mappelle-humain_CA.png\",\"width\":1626,\"height\":897},{\"@type\":\"BreadcrumbList\",\"@id\":\"https:\/\/institutfrancais.sk\/fr\/podujatie\/je-mappelle-humain-josephine-bacon\/#breadcrumb\",\"itemListElement\":[{\"@type\":\"ListItem\",\"position\":1,\"name\":\"Home\",\"item\":\"https:\/\/institutfrancais.sk\/fr\/\"},{\"@type\":\"ListItem\",\"position\":2,\"name\":\"Events\",\"item\":\"https:\/\/institutfrancais.sk\/fr\/podujatie\/\"},{\"@type\":\"ListItem\",\"position\":3,\"name\":\"Je m\u2019appelle humain [Jos\u00e9phine Bacon]\"}]},{\"@type\":\"WebSite\",\"@id\":\"https:\/\/institutfrancais.sk\/fr\/#website\",\"url\":\"https:\/\/institutfrancais.sk\/fr\/\",\"name\":\"Franc\u00fazsky in\u0161tit\u00fat na Slovensku\",\"description\":\"Franc\u00fazsky in\u0161tit\u00fat na Slovensku\",\"potentialAction\":[{\"@type\":\"SearchAction\",\"target\":{\"@type\":\"EntryPoint\",\"urlTemplate\":\"https:\/\/institutfrancais.sk\/fr\/?s={search_term_string}\"},\"query-input\":{\"@type\":\"PropertyValueSpecification\",\"valueRequired\":true,\"valueName\":\"search_term_string\"}}],\"inLanguage\":\"fr-FR\"}]}<\/script>\n<!-- \/ Yoast SEO plugin. -->","yoast_head_json":{"title":"Je m\u2019appelle humain [Jos\u00e9phine Bacon] - Franc\u00fazsky in\u0161tit\u00fat na Slovensku","robots":{"index":"index","follow":"follow","max-snippet":"max-snippet:-1","max-image-preview":"max-image-preview:large","max-video-preview":"max-video-preview:-1"},"canonical":"https:\/\/institutfrancais.sk\/fr\/podujatie\/je-mappelle-humain-josephine-bacon\/","og_locale":"fr_FR","og_type":"article","og_title":"Je m\u2019appelle humain [Jos\u00e9phine Bacon] - Franc\u00fazsky in\u0161tit\u00fat na Slovensku","og_description":"Ev\u00e8nement Date : lundi 08 mars, 20h30 \u00e0 l&rsquo;occasion de la Journ\u00e9e internationale de la femmeLieu : page Facebook de l&rsquo;ambassade du Canada en Slovaquie (lien valable pendant 24 heures)Film: Film documentaire de Kim O\u2019Bomsawin avec Jos\u00e9phine Bacon, 2020, 78 min, v.o. fran\u00e7ais &amp;&nbsp;innu, sous-titr\u00e9 en slovaque Je m\u2019appelle humain propose une incursion dans l\u2019histoire [&hellip;]","og_url":"https:\/\/institutfrancais.sk\/fr\/podujatie\/je-mappelle-humain-josephine-bacon\/","og_site_name":"Franc\u00fazsky in\u0161tit\u00fat na Slovensku","article_modified_time":"2021-02-19T13:23:30+00:00","og_image":[{"width":1024,"height":565,"url":"https:\/\/institutfrancais.sk\/wp-content\/uploads\/2021\/02\/Image-portrait_Josephine-Bacon_Je-mappelle-humain_CA-1024x565.png","type":"image\/png"}],"twitter_card":"summary_large_image","twitter_misc":{"Dur\u00e9e de lecture estim\u00e9e":"2 minutes"},"schema":{"@context":"https:\/\/schema.org","@graph":[{"@type":"WebPage","@id":"https:\/\/institutfrancais.sk\/fr\/podujatie\/je-mappelle-humain-josephine-bacon\/","url":"https:\/\/institutfrancais.sk\/fr\/podujatie\/je-mappelle-humain-josephine-bacon\/","name":"Je m\u2019appelle humain [Jos\u00e9phine Bacon] - Franc\u00fazsky in\u0161tit\u00fat na Slovensku","isPartOf":{"@id":"https:\/\/institutfrancais.sk\/fr\/#website"},"primaryImageOfPage":{"@id":"https:\/\/institutfrancais.sk\/fr\/podujatie\/je-mappelle-humain-josephine-bacon\/#primaryimage"},"image":{"@id":"https:\/\/institutfrancais.sk\/fr\/podujatie\/je-mappelle-humain-josephine-bacon\/#primaryimage"},"thumbnailUrl":"https:\/\/institutfrancais.sk\/wp-content\/uploads\/2021\/02\/Image-portrait_Josephine-Bacon_Je-mappelle-humain_CA.png","datePublished":"2021-02-08T08:30:31+00:00","dateModified":"2021-02-19T13:23:30+00:00","breadcrumb":{"@id":"https:\/\/institutfrancais.sk\/fr\/podujatie\/je-mappelle-humain-josephine-bacon\/#breadcrumb"},"inLanguage":"fr-FR","potentialAction":[{"@type":"ReadAction","target":["https:\/\/institutfrancais.sk\/fr\/podujatie\/je-mappelle-humain-josephine-bacon\/"]}]},{"@type":"ImageObject","inLanguage":"fr-FR","@id":"https:\/\/institutfrancais.sk\/fr\/podujatie\/je-mappelle-humain-josephine-bacon\/#primaryimage","url":"https:\/\/institutfrancais.sk\/wp-content\/uploads\/2021\/02\/Image-portrait_Josephine-Bacon_Je-mappelle-humain_CA.png","contentUrl":"https:\/\/institutfrancais.sk\/wp-content\/uploads\/2021\/02\/Image-portrait_Josephine-Bacon_Je-mappelle-humain_CA.png","width":1626,"height":897},{"@type":"BreadcrumbList","@id":"https:\/\/institutfrancais.sk\/fr\/podujatie\/je-mappelle-humain-josephine-bacon\/#breadcrumb","itemListElement":[{"@type":"ListItem","position":1,"name":"Home","item":"https:\/\/institutfrancais.sk\/fr\/"},{"@type":"ListItem","position":2,"name":"Events","item":"https:\/\/institutfrancais.sk\/fr\/podujatie\/"},{"@type":"ListItem","position":3,"name":"Je m\u2019appelle humain [Jos\u00e9phine Bacon]"}]},{"@type":"WebSite","@id":"https:\/\/institutfrancais.sk\/fr\/#website","url":"https:\/\/institutfrancais.sk\/fr\/","name":"Franc\u00fazsky in\u0161tit\u00fat na Slovensku","description":"Franc\u00fazsky in\u0161tit\u00fat na Slovensku","potentialAction":[{"@type":"SearchAction","target":{"@type":"EntryPoint","urlTemplate":"https:\/\/institutfrancais.sk\/fr\/?s={search_term_string}"},"query-input":{"@type":"PropertyValueSpecification","valueRequired":true,"valueName":"search_term_string"}}],"inLanguage":"fr-FR"}]}},"_links":{"self":[{"href":"https:\/\/institutfrancais.sk\/fr\/wp-json\/wp\/v2\/podujatie\/15647"}],"collection":[{"href":"https:\/\/institutfrancais.sk\/fr\/wp-json\/wp\/v2\/podujatie"}],"about":[{"href":"https:\/\/institutfrancais.sk\/fr\/wp-json\/wp\/v2\/types\/podujatie"}],"wp:featuredmedia":[{"embeddable":true,"href":"https:\/\/institutfrancais.sk\/fr\/wp-json\/wp\/v2\/media\/15742"}],"wp:attachment":[{"href":"https:\/\/institutfrancais.sk\/fr\/wp-json\/wp\/v2\/media?parent=15647"}],"wp:term":[{"taxonomy":"typ-podujatia","embeddable":true,"href":"https:\/\/institutfrancais.sk\/fr\/wp-json\/wp\/v2\/typ-podujatia?post=15647"}],"curies":[{"name":"wp","href":"https:\/\/api.w.org\/{rel}","templated":true}]}}