{"id":15666,"date":"2021-02-08T07:00:28","date_gmt":"2021-02-08T06:00:28","guid":{"rendered":"https:\/\/institutfrancais.sk\/?post_type=podujatie&#038;p=15666"},"modified":"2021-03-01T12:12:38","modified_gmt":"2021-03-01T11:12:38","slug":"une-journee-dans-la-vie-de-deux-influenceuses-selena-gomez","status":"publish","type":"podujatie","link":"https:\/\/institutfrancais.sk\/fr\/podujatie\/une-journee-dans-la-vie-de-deux-influenceuses-selena-gomez\/","title":{"rendered":"Une journ\u00e9e dans la vie de deux influenceuses [Selena Gomez]"},"content":{"rendered":"<div class=\"accordion-menu\"><a href=\"#a1-\" class=\"smooth\"><\/a><\/div><div class=\"accordion\" id=\"a823\"><div class=\"card\"><div class=\"card-header\" id=\"ha823_1\"><h3 class=\"card-opener\"><button class=\"collapsed\" type=\"button\" data-toggle=\"collapse\" data-target=\"#ca823_1\" aria-expanded=\"true\" aria-controls=\"ca823_1\">Portrait : Selena Gomez<span class=\"plus\"><svg viewBox=\"0 0 29 29\" xmlns=\"http:\/\/www.w3.org\/2000\/svg\"><path d=\"M28.2857 12.9286V16.7857C28.2857 17.3214 28.0982 17.7768 27.7232 18.1518C27.3482 18.5268 26.8929 18.7143 26.3571 18.7143H18V27.0714C18 27.6071 17.8125 28.0625 17.4375 28.4375C17.0625 28.8125 16.6071 29 16.0714 29H12.2143C11.6786 29 11.2232 28.8125 10.8482 28.4375C10.4732 28.0625 10.2857 27.6071 10.2857 27.0714V18.7143H1.92857C1.39286 18.7143 0.9375 18.5268 0.5625 18.1518C0.1875 17.7768 0 17.3214 0 16.7857V12.9286C0 12.3929 0.1875 11.9375 0.5625 11.5625C0.9375 11.1875 1.39286 11 1.92857 11H10.2857V2.64286C10.2857 2.10714 10.4732 1.65178 10.8482 1.27678C11.2232 0.901784 11.6786 0.714284 12.2143 0.714284H16.0714C16.6071 0.714284 17.0625 0.901784 17.4375 1.27678C17.8125 1.65178 18 2.10714 18 2.64286V11H26.3571C26.8929 11 27.3482 11.1875 27.7232 11.5625C28.0982 11.9375 28.2857 12.3929 28.2857 12.9286Z\"><\/svg><\/span><span class=\"minus\"><svg viewBox=\"0 0 29 8\" xmlns=\"http:\/\/www.w3.org\/2000\/svg\"><path d=\"M28.2857 1.92857V5.78571C28.2857 6.32143 28.0982 6.77679 27.7232 7.15179C27.3482 7.52679 26.8929 7.71429 26.3571 7.71429H1.92857C1.39286 7.71429 0.9375 7.52679 0.5625 7.15179C0.1875 6.77679 0 6.32143 0 5.78571V1.92857C0 1.39286 0.1875 0.937499 0.5625 0.562499C0.9375 0.1875 1.39286 0 1.92857 0H26.3571C26.8929 0 27.3482 0.1875 27.7232 0.562499C28.0982 0.937499 28.2857 1.39286 28.2857 1.92857Z\"><\/svg><\/span><\/button><\/h3><\/div><div id=\"ca823_1\" class=\"collapse\" aria-labelledby=\"ha823_1\" data-parent=\"#a823\"><div class=\"card-body\"><p>Selena Gomez est n\u00e9e en 1992 au Texas. Sa carri\u00e8re d\u00e9colle en 2004 lorsqu&rsquo;elle <strong>gagne le concours national de jeunes talents organis\u00e9 par Disney<\/strong>. Rapidement, la compagnie lui offre sa propre s\u00e9rie\u00a0:\u00a0\u00ab\u00a0<em>Les sorciers de Waverly Place<\/em>\u00ab\u00a0. Elle incarnera son h\u00e9ro\u00efne, Alex Russo, pendant plus de quatre ans, ce qui lui vaudra deux Emmy Awards et une audience de plus de 10 millions de spectateurs par \u00e9pisode.<\/p>\n<p><strong> Tr\u00e8s vite, Selena se tourne vers la musique.<\/strong> Le premier album de son groupe, \u00ab\u00a0<em>Selena &amp;&nbsp;The Scene<\/em>\u00ab\u00a0, sort en 2009 et conna\u00eet un succ\u00e8s retentissant. En 2011, \u00e0 la suite de leur troisi\u00e8me album, \u00ab\u00a0<em>When the Sun Goes Down<\/em>\u00ab\u00a0, Selena annonce la rupture du groupe. Son premier album solo, \u00ab\u00a0<em>Stars Dance<\/em>\u00ab\u00a0, et la tourn\u00e9e qui l&rsquo;accompagne font de Selena une superstar mondiale. Parall\u00e8lement, Selena appara\u00eet sur le grand \u00e9cran.<\/p>\n<p><strong>Selena est tr\u00e8s engag\u00e9e dans la protection de l&rsquo;environnement et dans le combat contre la pauvret\u00e9<\/strong> : c&rsquo;est \u00e0 ce jour la plus jeune ambassadrice de l&rsquo;UNICEF.<\/p>\n<\/div><\/div><\/div><\/div>\n\n<div class=\"space sm\"><\/div>\n\n\n<h2 class=\"wp-block-heading\"><strong>Ev\u00e8nement<\/strong><\/h2>\n\n\n\n<p><strong><em>Date<\/em><\/strong> : lundi 1er mars<br><strong><em>Lieu<\/em><\/strong> : cha\u00eene YouTube de l\u2019<strong>Alliance Fran\u00e7aise Bansk\u00e1 Bystrica<\/strong><\/p>\n\n\n\n<p>De nos jours, les <strong>influenceuses<\/strong> sont de plus en plus pr\u00e9sentes sur les r\u00e9seaux sociaux. Gr\u00e2ce \u00e0 leur communaut\u00e9 de plusieurs milliers voire millions d&rsquo;abonn\u00e9s, elles ont un \u00e9norme pouvoir de communication et d&rsquo;influence. Avec ses 211 millions d&rsquo;abonn\u00e9s <strong>Selena Gomez<\/strong> est une figure incontournable sur Instagram. <\/p>\n\n\n\n<p>Lucia Trimayov\u00e1 et Sofia Imreov\u00e1, deux lyc\u00e9ennes en cinqui\u00e8me ann\u00e9e de la <strong>section bilingue du lyc\u00e9e J. G. Tajovsk\u00fd de Bansk\u00e1 Bystrica<\/strong>, sont les r\u00e9alisatrices et actrices du <strong>court-m\u00e9trage parodique <\/strong><em>Une journ\u00e9e dans la vie de deux influenceuses<\/em>.<\/p>\n\n\n<div class=\"space xs\"><\/div>\n\n\n<figure class=\"wp-block-embed is-type-video is-provider-youtube wp-block-embed-youtube wp-embed-aspect-16-9 wp-has-aspect-ratio\"><div class=\"wp-block-embed__wrapper\">\n<iframe loading=\"lazy\" title=\"Une journ\u00e9e dans la vie de deux influenceuses\" width=\"500\" height=\"281\" src=\"https:\/\/www.youtube.com\/embed\/-PubFzHrwRU?feature=oembed\" frameborder=\"0\" allow=\"accelerometer; autoplay; clipboard-write; encrypted-media; gyroscope; picture-in-picture; web-share\" referrerpolicy=\"strict-origin-when-cross-origin\" allowfullscreen><\/iframe>\n<\/div><\/figure>\n\n\n<div class=\"space sm\"><\/div>\n\n\n<h2 class=\"wp-block-heading\"><strong>Pour aller plus loin<\/strong><\/h2>\n\n\n\n<figure class=\"wp-block-embed is-type-video is-provider-youtube wp-block-embed-youtube wp-embed-aspect-16-9 wp-has-aspect-ratio\"><div class=\"wp-block-embed__wrapper\">\n<iframe loading=\"lazy\" title=\"INFLUENCEUSE - Court M\u00e9trage\" width=\"500\" height=\"281\" src=\"https:\/\/www.youtube.com\/embed\/utkuLf8mE6k?feature=oembed\" frameborder=\"0\" allow=\"accelerometer; autoplay; clipboard-write; encrypted-media; gyroscope; picture-in-picture; web-share\" referrerpolicy=\"strict-origin-when-cross-origin\" allowfullscreen><\/iframe>\n<\/div><figcaption><em>Nous vous conseillons de voir ce court m\u00e9trage sur votre t\u00e9l\u00e9phone en haute qualit\u00e9<\/em>.<\/figcaption><\/figure>\n\n\n\n<figure class=\"wp-block-embed is-type-video is-provider-youtube wp-block-embed-youtube wp-embed-aspect-16-9 wp-has-aspect-ratio\"><div class=\"wp-block-embed__wrapper\">\n<iframe loading=\"lazy\" title=\"Bilingv\u00e1lna sekcia GJGT BB\" width=\"500\" height=\"281\" src=\"https:\/\/www.youtube.com\/embed\/c8Ob6Gq5JT8?feature=oembed\" frameborder=\"0\" allow=\"accelerometer; autoplay; clipboard-write; encrypted-media; gyroscope; picture-in-picture; web-share\" referrerpolicy=\"strict-origin-when-cross-origin\" allowfullscreen><\/iframe>\n<\/div><\/figure>\n\n\n<div class=\"space sm\"><\/div>\n\n\n<h2 class=\"wp-block-heading\"><strong>Organisateurs<\/strong><\/h2>\n\n\n<\/div><div class=\"gray-bg\"><div class=\"wrap\"><div class=\"white-boxes sponsors-partners nobtn\"><h2><span>Partenaires<\/span><\/h2><div class=\"box\"><h3>Partenaires<\/h3><div class=\"owl-carousel loop-3\"><div class=\"img\"><a href=\"https:\/\/www.afsk.sk\/index.php?lang=fr\" target=\"_blank\"><picture><source srcset=\"https:\/\/institutfrancais.sk\/wp-content\/uploads\/2020\/11\/logo-afbb-300x182.png\" type=\"image\/jpeg\"><img decoding=\"async\" src=\"https:\/\/institutfrancais.sk\/wp-content\/uploads\/2020\/11\/logo-afbb-300x182.png\" alt=\"\"width=\"100%\"\"><\/picture><\/a><\/div><div class=\"img\"><a href=\"https:\/\/www.stvps.sk\/\" target=\"_blank\"><picture><source srcset=\"https:\/\/institutfrancais.sk\/wp-content\/uploads\/2021\/02\/7-Veolia-1-300x212.jpg\" type=\"image\/jpeg\"><img decoding=\"async\" src=\"https:\/\/institutfrancais.sk\/wp-content\/uploads\/2021\/02\/7-Veolia-1-300x212.jpg\" alt=\"\"width=\"100%\"\"><\/picture><\/a><\/div><div class=\"img\"><a href=\"https:\/\/www.facebook.com\/Steep-Plast-406760930175599\/\" target=\"_blank\"><picture><source srcset=\"https:\/\/institutfrancais.sk\/wp-content\/uploads\/2021\/02\/8-Steep-Plast-Nitra-1-300x212.jpg\" type=\"image\/jpeg\"><img decoding=\"async\" src=\"https:\/\/institutfrancais.sk\/wp-content\/uploads\/2021\/02\/8-Steep-Plast-Nitra-1-300x212.jpg\" alt=\"\"width=\"100%\"\"><\/picture><\/a><\/div><\/div><\/div><\/div><\/div><\/div><\/div><div class=\"wrap narrow-wrap\">\n\n<div class=\"space sm\"><\/div>\n\n\n<p><em>\u00a9 Photo de couverture : Eva Rut\u0161ekov\u00e1, lyc\u00e9enne en cinqui\u00e8me ann\u00e9e de la section bilingue du lyc\u00e9e J.G.Tajovsk\u00fd, Bansk\u00e1 Bystrica<\/em><\/p>\n\n\n<div class=\"space sm\"><\/div>","protected":false},"featured_media":15882,"template":"","typ-podujatia":[52],"acf":[],"yoast_head":"<!-- This site is optimized with the Yoast SEO plugin v24.5 - https:\/\/yoast.com\/wordpress\/plugins\/seo\/ -->\n<title>Une journ\u00e9e dans la vie de deux influenceuses [Selena Gomez] - Franc\u00fazsky in\u0161tit\u00fat na Slovensku<\/title>\n<meta name=\"robots\" content=\"index, follow, max-snippet:-1, max-image-preview:large, max-video-preview:-1\" \/>\n<link rel=\"canonical\" href=\"https:\/\/institutfrancais.sk\/fr\/podujatie\/une-journee-dans-la-vie-de-deux-influenceuses-selena-gomez\/\" \/>\n<meta property=\"og:locale\" content=\"fr_FR\" \/>\n<meta property=\"og:type\" content=\"article\" \/>\n<meta property=\"og:title\" content=\"Une journ\u00e9e dans la vie de deux influenceuses [Selena Gomez] - Franc\u00fazsky in\u0161tit\u00fat na Slovensku\" \/>\n<meta property=\"og:description\" content=\"Ev\u00e8nement Date : lundi 1er marsLieu : cha\u00eene YouTube de l\u2019Alliance Fran\u00e7aise Bansk\u00e1 Bystrica De nos jours, les influenceuses sont de plus en plus pr\u00e9sentes sur les r\u00e9seaux sociaux. Gr\u00e2ce \u00e0 leur communaut\u00e9 de plusieurs milliers voire millions d&rsquo;abonn\u00e9s, elles ont un \u00e9norme pouvoir de communication et d&rsquo;influence. Avec ses 211 millions d&rsquo;abonn\u00e9s Selena Gomez [&hellip;]\" \/>\n<meta property=\"og:url\" content=\"https:\/\/institutfrancais.sk\/fr\/podujatie\/une-journee-dans-la-vie-de-deux-influenceuses-selena-gomez\/\" \/>\n<meta property=\"og:site_name\" content=\"Franc\u00fazsky in\u0161tit\u00fat na Slovensku\" \/>\n<meta property=\"article:modified_time\" content=\"2021-03-01T11:12:38+00:00\" \/>\n<meta property=\"og:image\" content=\"https:\/\/institutfrancais.sk\/wp-content\/uploads\/2021\/02\/Image-Selena-Gomez-_-Influenceuses-_-AFBB-scaled.jpg\" \/>\n\t<meta property=\"og:image:width\" content=\"2115\" \/>\n\t<meta property=\"og:image:height\" content=\"2560\" \/>\n\t<meta property=\"og:image:type\" content=\"image\/jpeg\" \/>\n<meta name=\"twitter:card\" content=\"summary_large_image\" \/>\n<meta name=\"twitter:label1\" content=\"Dur\u00e9e de lecture estim\u00e9e\" \/>\n\t<meta name=\"twitter:data1\" content=\"1 minute\" \/>\n<script type=\"application\/ld+json\" class=\"yoast-schema-graph\">{\"@context\":\"https:\/\/schema.org\",\"@graph\":[{\"@type\":\"WebPage\",\"@id\":\"https:\/\/institutfrancais.sk\/fr\/podujatie\/une-journee-dans-la-vie-de-deux-influenceuses-selena-gomez\/\",\"url\":\"https:\/\/institutfrancais.sk\/fr\/podujatie\/une-journee-dans-la-vie-de-deux-influenceuses-selena-gomez\/\",\"name\":\"Une journ\u00e9e dans la vie de deux influenceuses [Selena Gomez] - Franc\u00fazsky in\u0161tit\u00fat na Slovensku\",\"isPartOf\":{\"@id\":\"https:\/\/institutfrancais.sk\/fr\/#website\"},\"primaryImageOfPage\":{\"@id\":\"https:\/\/institutfrancais.sk\/fr\/podujatie\/une-journee-dans-la-vie-de-deux-influenceuses-selena-gomez\/#primaryimage\"},\"image\":{\"@id\":\"https:\/\/institutfrancais.sk\/fr\/podujatie\/une-journee-dans-la-vie-de-deux-influenceuses-selena-gomez\/#primaryimage\"},\"thumbnailUrl\":\"https:\/\/institutfrancais.sk\/wp-content\/uploads\/2021\/02\/Image-Selena-Gomez-_-Influenceuses-_-AFBB-scaled.jpg\",\"datePublished\":\"2021-02-08T06:00:28+00:00\",\"dateModified\":\"2021-03-01T11:12:38+00:00\",\"breadcrumb\":{\"@id\":\"https:\/\/institutfrancais.sk\/fr\/podujatie\/une-journee-dans-la-vie-de-deux-influenceuses-selena-gomez\/#breadcrumb\"},\"inLanguage\":\"fr-FR\",\"potentialAction\":[{\"@type\":\"ReadAction\",\"target\":[\"https:\/\/institutfrancais.sk\/fr\/podujatie\/une-journee-dans-la-vie-de-deux-influenceuses-selena-gomez\/\"]}]},{\"@type\":\"ImageObject\",\"inLanguage\":\"fr-FR\",\"@id\":\"https:\/\/institutfrancais.sk\/fr\/podujatie\/une-journee-dans-la-vie-de-deux-influenceuses-selena-gomez\/#primaryimage\",\"url\":\"https:\/\/institutfrancais.sk\/wp-content\/uploads\/2021\/02\/Image-Selena-Gomez-_-Influenceuses-_-AFBB-scaled.jpg\",\"contentUrl\":\"https:\/\/institutfrancais.sk\/wp-content\/uploads\/2021\/02\/Image-Selena-Gomez-_-Influenceuses-_-AFBB-scaled.jpg\",\"width\":2115,\"height\":2560},{\"@type\":\"BreadcrumbList\",\"@id\":\"https:\/\/institutfrancais.sk\/fr\/podujatie\/une-journee-dans-la-vie-de-deux-influenceuses-selena-gomez\/#breadcrumb\",\"itemListElement\":[{\"@type\":\"ListItem\",\"position\":1,\"name\":\"Home\",\"item\":\"https:\/\/institutfrancais.sk\/fr\/\"},{\"@type\":\"ListItem\",\"position\":2,\"name\":\"Events\",\"item\":\"https:\/\/institutfrancais.sk\/fr\/podujatie\/\"},{\"@type\":\"ListItem\",\"position\":3,\"name\":\"Une journ\u00e9e dans la vie de deux influenceuses [Selena Gomez]\"}]},{\"@type\":\"WebSite\",\"@id\":\"https:\/\/institutfrancais.sk\/fr\/#website\",\"url\":\"https:\/\/institutfrancais.sk\/fr\/\",\"name\":\"Franc\u00fazsky in\u0161tit\u00fat na Slovensku\",\"description\":\"Franc\u00fazsky in\u0161tit\u00fat na Slovensku\",\"potentialAction\":[{\"@type\":\"SearchAction\",\"target\":{\"@type\":\"EntryPoint\",\"urlTemplate\":\"https:\/\/institutfrancais.sk\/fr\/?s={search_term_string}\"},\"query-input\":{\"@type\":\"PropertyValueSpecification\",\"valueRequired\":true,\"valueName\":\"search_term_string\"}}],\"inLanguage\":\"fr-FR\"}]}<\/script>\n<!-- \/ Yoast SEO plugin. -->","yoast_head_json":{"title":"Une journ\u00e9e dans la vie de deux influenceuses [Selena Gomez] - Franc\u00fazsky in\u0161tit\u00fat na Slovensku","robots":{"index":"index","follow":"follow","max-snippet":"max-snippet:-1","max-image-preview":"max-image-preview:large","max-video-preview":"max-video-preview:-1"},"canonical":"https:\/\/institutfrancais.sk\/fr\/podujatie\/une-journee-dans-la-vie-de-deux-influenceuses-selena-gomez\/","og_locale":"fr_FR","og_type":"article","og_title":"Une journ\u00e9e dans la vie de deux influenceuses [Selena Gomez] - Franc\u00fazsky in\u0161tit\u00fat na Slovensku","og_description":"Ev\u00e8nement Date : lundi 1er marsLieu : cha\u00eene YouTube de l\u2019Alliance Fran\u00e7aise Bansk\u00e1 Bystrica De nos jours, les influenceuses sont de plus en plus pr\u00e9sentes sur les r\u00e9seaux sociaux. Gr\u00e2ce \u00e0 leur communaut\u00e9 de plusieurs milliers voire millions d&rsquo;abonn\u00e9s, elles ont un \u00e9norme pouvoir de communication et d&rsquo;influence. Avec ses 211 millions d&rsquo;abonn\u00e9s Selena Gomez [&hellip;]","og_url":"https:\/\/institutfrancais.sk\/fr\/podujatie\/une-journee-dans-la-vie-de-deux-influenceuses-selena-gomez\/","og_site_name":"Franc\u00fazsky in\u0161tit\u00fat na Slovensku","article_modified_time":"2021-03-01T11:12:38+00:00","og_image":[{"width":2115,"height":2560,"url":"https:\/\/institutfrancais.sk\/wp-content\/uploads\/2021\/02\/Image-Selena-Gomez-_-Influenceuses-_-AFBB-scaled.jpg","type":"image\/jpeg"}],"twitter_card":"summary_large_image","twitter_misc":{"Dur\u00e9e de lecture estim\u00e9e":"1 minute"},"schema":{"@context":"https:\/\/schema.org","@graph":[{"@type":"WebPage","@id":"https:\/\/institutfrancais.sk\/fr\/podujatie\/une-journee-dans-la-vie-de-deux-influenceuses-selena-gomez\/","url":"https:\/\/institutfrancais.sk\/fr\/podujatie\/une-journee-dans-la-vie-de-deux-influenceuses-selena-gomez\/","name":"Une journ\u00e9e dans la vie de deux influenceuses [Selena Gomez] - Franc\u00fazsky in\u0161tit\u00fat na Slovensku","isPartOf":{"@id":"https:\/\/institutfrancais.sk\/fr\/#website"},"primaryImageOfPage":{"@id":"https:\/\/institutfrancais.sk\/fr\/podujatie\/une-journee-dans-la-vie-de-deux-influenceuses-selena-gomez\/#primaryimage"},"image":{"@id":"https:\/\/institutfrancais.sk\/fr\/podujatie\/une-journee-dans-la-vie-de-deux-influenceuses-selena-gomez\/#primaryimage"},"thumbnailUrl":"https:\/\/institutfrancais.sk\/wp-content\/uploads\/2021\/02\/Image-Selena-Gomez-_-Influenceuses-_-AFBB-scaled.jpg","datePublished":"2021-02-08T06:00:28+00:00","dateModified":"2021-03-01T11:12:38+00:00","breadcrumb":{"@id":"https:\/\/institutfrancais.sk\/fr\/podujatie\/une-journee-dans-la-vie-de-deux-influenceuses-selena-gomez\/#breadcrumb"},"inLanguage":"fr-FR","potentialAction":[{"@type":"ReadAction","target":["https:\/\/institutfrancais.sk\/fr\/podujatie\/une-journee-dans-la-vie-de-deux-influenceuses-selena-gomez\/"]}]},{"@type":"ImageObject","inLanguage":"fr-FR","@id":"https:\/\/institutfrancais.sk\/fr\/podujatie\/une-journee-dans-la-vie-de-deux-influenceuses-selena-gomez\/#primaryimage","url":"https:\/\/institutfrancais.sk\/wp-content\/uploads\/2021\/02\/Image-Selena-Gomez-_-Influenceuses-_-AFBB-scaled.jpg","contentUrl":"https:\/\/institutfrancais.sk\/wp-content\/uploads\/2021\/02\/Image-Selena-Gomez-_-Influenceuses-_-AFBB-scaled.jpg","width":2115,"height":2560},{"@type":"BreadcrumbList","@id":"https:\/\/institutfrancais.sk\/fr\/podujatie\/une-journee-dans-la-vie-de-deux-influenceuses-selena-gomez\/#breadcrumb","itemListElement":[{"@type":"ListItem","position":1,"name":"Home","item":"https:\/\/institutfrancais.sk\/fr\/"},{"@type":"ListItem","position":2,"name":"Events","item":"https:\/\/institutfrancais.sk\/fr\/podujatie\/"},{"@type":"ListItem","position":3,"name":"Une journ\u00e9e dans la vie de deux influenceuses [Selena Gomez]"}]},{"@type":"WebSite","@id":"https:\/\/institutfrancais.sk\/fr\/#website","url":"https:\/\/institutfrancais.sk\/fr\/","name":"Franc\u00fazsky in\u0161tit\u00fat na Slovensku","description":"Franc\u00fazsky in\u0161tit\u00fat na Slovensku","potentialAction":[{"@type":"SearchAction","target":{"@type":"EntryPoint","urlTemplate":"https:\/\/institutfrancais.sk\/fr\/?s={search_term_string}"},"query-input":{"@type":"PropertyValueSpecification","valueRequired":true,"valueName":"search_term_string"}}],"inLanguage":"fr-FR"}]}},"_links":{"self":[{"href":"https:\/\/institutfrancais.sk\/fr\/wp-json\/wp\/v2\/podujatie\/15666"}],"collection":[{"href":"https:\/\/institutfrancais.sk\/fr\/wp-json\/wp\/v2\/podujatie"}],"about":[{"href":"https:\/\/institutfrancais.sk\/fr\/wp-json\/wp\/v2\/types\/podujatie"}],"wp:featuredmedia":[{"embeddable":true,"href":"https:\/\/institutfrancais.sk\/fr\/wp-json\/wp\/v2\/media\/15882"}],"wp:attachment":[{"href":"https:\/\/institutfrancais.sk\/fr\/wp-json\/wp\/v2\/media?parent=15666"}],"wp:term":[{"taxonomy":"typ-podujatia","embeddable":true,"href":"https:\/\/institutfrancais.sk\/fr\/wp-json\/wp\/v2\/typ-podujatia?post=15666"}],"curies":[{"name":"wp","href":"https:\/\/api.w.org\/{rel}","templated":true}]}}