{"id":15669,"date":"2021-02-08T12:45:49","date_gmt":"2021-02-08T11:45:49","guid":{"rendered":"https:\/\/institutfrancais.sk\/?post_type=podujatie&#038;p=15669"},"modified":"2021-03-01T12:05:35","modified_gmt":"2021-03-01T11:05:35","slug":"soiree-litterature-et-musique-vol-8-malala-yousafzai","status":"publish","type":"podujatie","link":"https:\/\/institutfrancais.sk\/fr\/podujatie\/soiree-litterature-et-musique-vol-8-malala-yousafzai\/","title":{"rendered":"Soir\u00e9e Litt\u00e9rature et musique vol.8 [Malala Yousafzai]"},"content":{"rendered":"<div class=\"accordion-menu\"><a href=\"#a1-\" class=\"smooth\"><\/a><\/div><div class=\"accordion\" id=\"a78\"><div class=\"card\"><div class=\"card-header\" id=\"ha78_1\"><h3 class=\"card-opener\"><button class=\"collapsed\" type=\"button\" data-toggle=\"collapse\" data-target=\"#ca78_1\" aria-expanded=\"true\" aria-controls=\"ca78_1\">Portrait : Malala Yousafzai<span class=\"plus\"><svg viewBox=\"0 0 29 29\" xmlns=\"http:\/\/www.w3.org\/2000\/svg\"><path d=\"M28.2857 12.9286V16.7857C28.2857 17.3214 28.0982 17.7768 27.7232 18.1518C27.3482 18.5268 26.8929 18.7143 26.3571 18.7143H18V27.0714C18 27.6071 17.8125 28.0625 17.4375 28.4375C17.0625 28.8125 16.6071 29 16.0714 29H12.2143C11.6786 29 11.2232 28.8125 10.8482 28.4375C10.4732 28.0625 10.2857 27.6071 10.2857 27.0714V18.7143H1.92857C1.39286 18.7143 0.9375 18.5268 0.5625 18.1518C0.1875 17.7768 0 17.3214 0 16.7857V12.9286C0 12.3929 0.1875 11.9375 0.5625 11.5625C0.9375 11.1875 1.39286 11 1.92857 11H10.2857V2.64286C10.2857 2.10714 10.4732 1.65178 10.8482 1.27678C11.2232 0.901784 11.6786 0.714284 12.2143 0.714284H16.0714C16.6071 0.714284 17.0625 0.901784 17.4375 1.27678C17.8125 1.65178 18 2.10714 18 2.64286V11H26.3571C26.8929 11 27.3482 11.1875 27.7232 11.5625C28.0982 11.9375 28.2857 12.3929 28.2857 12.9286Z\"><\/svg><\/span><span class=\"minus\"><svg viewBox=\"0 0 29 8\" xmlns=\"http:\/\/www.w3.org\/2000\/svg\"><path d=\"M28.2857 1.92857V5.78571C28.2857 6.32143 28.0982 6.77679 27.7232 7.15179C27.3482 7.52679 26.8929 7.71429 26.3571 7.71429H1.92857C1.39286 7.71429 0.9375 7.52679 0.5625 7.15179C0.1875 6.77679 0 6.32143 0 5.78571V1.92857C0 1.39286 0.1875 0.937499 0.5625 0.562499C0.9375 0.1875 1.39286 0 1.92857 0H26.3571C26.8929 0 27.3482 0.1875 27.7232 0.562499C28.0982 0.937499 28.2857 1.39286 28.2857 1.92857Z\"><\/svg><\/span><\/button><\/h3><\/div><div id=\"ca78_1\" class=\"collapse\" aria-labelledby=\"ha78_1\" data-parent=\"#a78\"><div class=\"card-body\"><p><strong>Malala Yousafzai<\/strong>, militante pakistanaise des droits des femmes, s&rsquo;est oppos\u00e9e aux talibans sur la question de l&rsquo;interdiction de la scolarisation des filles. En 2014, \u00e0 l&rsquo;\u00e2ge de 17 ans, elle obtient le <strong>prix Nobel de la paix<\/strong>.<\/p>\n<\/div><\/div><\/div><\/div>\n\n<div class=\"space sm\"><\/div>\n\n\n<h2 class=\"wp-block-heading\"><strong>Ev\u00e8nement<\/strong><\/h2>\n\n\n\n<p><strong><em>Date<\/em><\/strong> : mercredi 31 mars, \u00e0 18h15<br><strong><em>Lieu<\/em><\/strong> : en direct sur Zoom<br><strong><em>\u00c9v\u00e8nement : <\/em><\/strong>en fran\u00e7ais<\/p>\n\n\n\n<p><strong>Aur\u00e9lie Letissier<\/strong>, actuellement stagiaire en Master 2 en <strong>Fran\u00e7ais langue \u00e9trang\u00e8re<\/strong> (FLE) au sein de l&rsquo;<strong>Alliance Fran\u00e7aise Bansk\u00e1 Bystrica<\/strong>, animera cette <strong>soir\u00e9e sur la litt\u00e9rature et le f\u00e9minisme<\/strong>. Elle invitera des <strong>amateurs de litt\u00e9rature francophone<\/strong> \u00e0 lire plusieurs textes qu&rsquo;elle aura, au pr\u00e9alable, s\u00e9lectionn\u00e9s.<\/p>\n\n\n\n<p>La soir\u00e9e se d\u00e9roulera en trois parties : \u00ab\u00a0<strong>parit\u00e9\u00a0\u00bb \/ \u00ab\u00a0masculin-f\u00e9minin\u00a0\u00bb \/ \u00ab\u00a0\u00e9cof\u00e9minisme<\/strong>\u00ab\u00a0. Des extraits \u00e9crits notamment par George Sand, Simone de Beauvoir, Mona Chollet, Estelle Penain ou encore Fia Maureen Kakou seront pr\u00e9sent\u00e9s. Des<strong> interludes musicaux <\/strong>seront \u00e9galement propos\u00e9s.<\/p>\n\n\n<div class=\"space xs\"><\/div>\n\n<div class=\"text-center\"><a href=\"https:\/\/zoom.us\/j\/98628597200?pwd=VmtnRFFHOVhEK2NaRVFEOEdWV2pvUT09  \" class=\"btn btn-black-invert\" target=\"blank\" rel=\"noreferrer noopener\">Rendez-vous ici<\/a><\/div>\n\n<div class=\"space sm\"><\/div>\n\n\n<h2 class=\"wp-block-heading\"><strong>Pour aller plus loin<\/strong><\/h2>\n\n\n\n<p><strong>P\u00e9n\u00e9lope Bagieu<\/strong>, b\u00e9d\u00e9iste fran\u00e7aise r\u00e9pond \u00e0 la question <em>Comment dessiner \u00ab\u00a0Sacr\u00e9es sorci\u00e8res\u00a0\u00bb<\/em> ?<\/p>\n\n\n\n<figure class=\"wp-block-embed is-type-video is-provider-youtube wp-block-embed-youtube wp-embed-aspect-16-9 wp-has-aspect-ratio\"><div class=\"wp-block-embed__wrapper\">\n<iframe loading=\"lazy\" title=\"P\u00e9n\u00e9lope Bagieu : Comment dessiner &quot;Sacr\u00e9es sorci\u00e8res&quot;, d&#039;apr\u00e8s Roald Dahl\" width=\"500\" height=\"281\" src=\"https:\/\/www.youtube.com\/embed\/W0MIydg3flE?feature=oembed\" frameborder=\"0\" allow=\"accelerometer; autoplay; clipboard-write; encrypted-media; gyroscope; picture-in-picture; web-share\" referrerpolicy=\"strict-origin-when-cross-origin\" allowfullscreen><\/iframe>\n<\/div><\/figure>\n\n\n<div class=\"space sm\"><\/div>\n\n\n<h2 class=\"wp-block-heading\"><strong>Organisateurs<\/strong><\/h2>\n\n\n<\/div><div class=\"gray-bg\"><div class=\"wrap\"><div class=\"white-boxes sponsors-partners nobtn\"><h2><span>Partenaires<\/span><\/h2><div class=\"box\"><h3>Partenaires<\/h3><div class=\"owl-carousel loop-5\"><div class=\"img\"><a href=\"https:\/\/www.afsk.sk\/index.php?lang=fr\" target=\"_blank\"><picture><source srcset=\"https:\/\/institutfrancais.sk\/wp-content\/uploads\/2020\/11\/logo-afbb-300x182.png\" type=\"image\/jpeg\"><img decoding=\"async\" src=\"https:\/\/institutfrancais.sk\/wp-content\/uploads\/2020\/11\/logo-afbb-300x182.png\" alt=\"\"width=\"100%\"\"><\/picture><\/a><\/div><div class=\"img\"><a href=\"https:\/\/www.facebook.com\/MilujemBSBB\" target=\"_blank\"><picture><source srcset=\"https:\/\/institutfrancais.sk\/wp-content\/uploads\/2021\/02\/18-Section-bilingue-GJGT-212x300.jpg\" type=\"image\/jpeg\"><img decoding=\"async\" src=\"https:\/\/institutfrancais.sk\/wp-content\/uploads\/2021\/02\/18-Section-bilingue-GJGT-212x300.jpg\" alt=\"\"width=\"100%\"\"><\/picture><\/a><\/div><div class=\"img\"><a href=\"https:\/\/www.stvps.sk\/\" target=\"_blank\"><picture><source srcset=\"https:\/\/institutfrancais.sk\/wp-content\/uploads\/2021\/02\/7-Veolia-300x212.jpg\" type=\"image\/jpeg\"><img decoding=\"async\" src=\"https:\/\/institutfrancais.sk\/wp-content\/uploads\/2021\/02\/7-Veolia-300x212.jpg\" alt=\"\"width=\"100%\"\"><\/picture><\/a><\/div><div class=\"img\"><a href=\"https:\/\/www.facebook.com\/Steep-Plast-406760930175599\/\" target=\"_blank\"><picture><source srcset=\"https:\/\/institutfrancais.sk\/wp-content\/uploads\/2021\/02\/8-Steep-Plast-Nitra-300x212.jpg\" type=\"image\/jpeg\"><img decoding=\"async\" src=\"https:\/\/institutfrancais.sk\/wp-content\/uploads\/2021\/02\/8-Steep-Plast-Nitra-300x212.jpg\" alt=\"\"width=\"100%\"\"><\/picture><\/a><\/div><div class=\"img\"><a href=\"https:\/\/www.facebook.com\/U-Franc%C3%BAza-Jazz-Klub-12-205622400165295\" target=\"_blank\"><picture><source srcset=\"https:\/\/institutfrancais.sk\/wp-content\/uploads\/2021\/02\/9-U-Francuza-Jazz-Klub-12-300x190.jpg\" type=\"image\/jpeg\"><img decoding=\"async\" src=\"https:\/\/institutfrancais.sk\/wp-content\/uploads\/2021\/02\/9-U-Francuza-Jazz-Klub-12-300x190.jpg\" alt=\"\"width=\"100%\"\"><\/picture><\/a><\/div><\/div><\/div><\/div><\/div><\/div><\/div><div class=\"wrap narrow-wrap\">\n\n<div class=\"space sm\"><\/div>\n\n\n<p><em>\u00a9 Photo de couverture : Eva Rut\u0161ekov\u00e1, lyc\u00e9enne en cinqui\u00e8me ann\u00e9e de la section bilingue du lyc\u00e9e J.G.Tajovsk\u00fd, Bansk\u00e1 Bystrica<\/em><\/p>\n\n\n<div class=\"space sm\"><\/div>","protected":false},"featured_media":15890,"template":"","typ-podujatia":[58],"acf":[],"yoast_head":"<!-- This site is optimized with the Yoast SEO plugin v24.5 - https:\/\/yoast.com\/wordpress\/plugins\/seo\/ -->\n<title>Soir\u00e9e Litt\u00e9rature et musique vol.8 [Malala Yousafzai] - Franc\u00fazsky in\u0161tit\u00fat na Slovensku<\/title>\n<meta name=\"robots\" content=\"index, follow, max-snippet:-1, max-image-preview:large, max-video-preview:-1\" \/>\n<link rel=\"canonical\" href=\"https:\/\/institutfrancais.sk\/fr\/podujatie\/soiree-litterature-et-musique-vol-8-malala-yousafzai\/\" \/>\n<meta property=\"og:locale\" content=\"fr_FR\" \/>\n<meta property=\"og:type\" content=\"article\" \/>\n<meta property=\"og:title\" content=\"Soir\u00e9e Litt\u00e9rature et musique vol.8 [Malala Yousafzai] - Franc\u00fazsky in\u0161tit\u00fat na Slovensku\" \/>\n<meta property=\"og:description\" content=\"Ev\u00e8nement Date : mercredi 31 mars, \u00e0 18h15Lieu : en direct sur Zoom\u00c9v\u00e8nement : en fran\u00e7ais Aur\u00e9lie Letissier, actuellement stagiaire en Master 2 en Fran\u00e7ais langue \u00e9trang\u00e8re (FLE) au sein de l&rsquo;Alliance Fran\u00e7aise Bansk\u00e1 Bystrica, animera cette soir\u00e9e sur la litt\u00e9rature et le f\u00e9minisme. Elle invitera des amateurs de litt\u00e9rature francophone \u00e0 lire plusieurs textes [&hellip;]\" \/>\n<meta property=\"og:url\" content=\"https:\/\/institutfrancais.sk\/fr\/podujatie\/soiree-litterature-et-musique-vol-8-malala-yousafzai\/\" \/>\n<meta property=\"og:site_name\" content=\"Franc\u00fazsky in\u0161tit\u00fat na Slovensku\" \/>\n<meta property=\"article:modified_time\" content=\"2021-03-01T11:05:35+00:00\" \/>\n<meta property=\"og:image\" content=\"https:\/\/institutfrancais.sk\/wp-content\/uploads\/2021\/02\/Malala-Yousafzai.jpg\" \/>\n\t<meta property=\"og:image:width\" content=\"697\" \/>\n\t<meta property=\"og:image:height\" content=\"800\" \/>\n\t<meta property=\"og:image:type\" content=\"image\/jpeg\" \/>\n<meta name=\"twitter:card\" content=\"summary_large_image\" \/>\n<meta name=\"twitter:label1\" content=\"Dur\u00e9e de lecture estim\u00e9e\" \/>\n\t<meta name=\"twitter:data1\" content=\"1 minute\" \/>\n<script type=\"application\/ld+json\" class=\"yoast-schema-graph\">{\"@context\":\"https:\/\/schema.org\",\"@graph\":[{\"@type\":\"WebPage\",\"@id\":\"https:\/\/institutfrancais.sk\/fr\/podujatie\/soiree-litterature-et-musique-vol-8-malala-yousafzai\/\",\"url\":\"https:\/\/institutfrancais.sk\/fr\/podujatie\/soiree-litterature-et-musique-vol-8-malala-yousafzai\/\",\"name\":\"Soir\u00e9e Litt\u00e9rature et musique vol.8 [Malala Yousafzai] - Franc\u00fazsky in\u0161tit\u00fat na Slovensku\",\"isPartOf\":{\"@id\":\"https:\/\/institutfrancais.sk\/fr\/#website\"},\"primaryImageOfPage\":{\"@id\":\"https:\/\/institutfrancais.sk\/fr\/podujatie\/soiree-litterature-et-musique-vol-8-malala-yousafzai\/#primaryimage\"},\"image\":{\"@id\":\"https:\/\/institutfrancais.sk\/fr\/podujatie\/soiree-litterature-et-musique-vol-8-malala-yousafzai\/#primaryimage\"},\"thumbnailUrl\":\"https:\/\/institutfrancais.sk\/wp-content\/uploads\/2021\/02\/Malala-Yousafzai.jpg\",\"datePublished\":\"2021-02-08T11:45:49+00:00\",\"dateModified\":\"2021-03-01T11:05:35+00:00\",\"breadcrumb\":{\"@id\":\"https:\/\/institutfrancais.sk\/fr\/podujatie\/soiree-litterature-et-musique-vol-8-malala-yousafzai\/#breadcrumb\"},\"inLanguage\":\"fr-FR\",\"potentialAction\":[{\"@type\":\"ReadAction\",\"target\":[\"https:\/\/institutfrancais.sk\/fr\/podujatie\/soiree-litterature-et-musique-vol-8-malala-yousafzai\/\"]}]},{\"@type\":\"ImageObject\",\"inLanguage\":\"fr-FR\",\"@id\":\"https:\/\/institutfrancais.sk\/fr\/podujatie\/soiree-litterature-et-musique-vol-8-malala-yousafzai\/#primaryimage\",\"url\":\"https:\/\/institutfrancais.sk\/wp-content\/uploads\/2021\/02\/Malala-Yousafzai.jpg\",\"contentUrl\":\"https:\/\/institutfrancais.sk\/wp-content\/uploads\/2021\/02\/Malala-Yousafzai.jpg\",\"width\":697,\"height\":800},{\"@type\":\"BreadcrumbList\",\"@id\":\"https:\/\/institutfrancais.sk\/fr\/podujatie\/soiree-litterature-et-musique-vol-8-malala-yousafzai\/#breadcrumb\",\"itemListElement\":[{\"@type\":\"ListItem\",\"position\":1,\"name\":\"Home\",\"item\":\"https:\/\/institutfrancais.sk\/fr\/\"},{\"@type\":\"ListItem\",\"position\":2,\"name\":\"Events\",\"item\":\"https:\/\/institutfrancais.sk\/fr\/podujatie\/\"},{\"@type\":\"ListItem\",\"position\":3,\"name\":\"Soir\u00e9e Litt\u00e9rature et musique vol.8 [Malala Yousafzai]\"}]},{\"@type\":\"WebSite\",\"@id\":\"https:\/\/institutfrancais.sk\/fr\/#website\",\"url\":\"https:\/\/institutfrancais.sk\/fr\/\",\"name\":\"Franc\u00fazsky in\u0161tit\u00fat na Slovensku\",\"description\":\"Franc\u00fazsky in\u0161tit\u00fat na Slovensku\",\"potentialAction\":[{\"@type\":\"SearchAction\",\"target\":{\"@type\":\"EntryPoint\",\"urlTemplate\":\"https:\/\/institutfrancais.sk\/fr\/?s={search_term_string}\"},\"query-input\":{\"@type\":\"PropertyValueSpecification\",\"valueRequired\":true,\"valueName\":\"search_term_string\"}}],\"inLanguage\":\"fr-FR\"}]}<\/script>\n<!-- \/ Yoast SEO plugin. -->","yoast_head_json":{"title":"Soir\u00e9e Litt\u00e9rature et musique vol.8 [Malala Yousafzai] - Franc\u00fazsky in\u0161tit\u00fat na Slovensku","robots":{"index":"index","follow":"follow","max-snippet":"max-snippet:-1","max-image-preview":"max-image-preview:large","max-video-preview":"max-video-preview:-1"},"canonical":"https:\/\/institutfrancais.sk\/fr\/podujatie\/soiree-litterature-et-musique-vol-8-malala-yousafzai\/","og_locale":"fr_FR","og_type":"article","og_title":"Soir\u00e9e Litt\u00e9rature et musique vol.8 [Malala Yousafzai] - Franc\u00fazsky in\u0161tit\u00fat na Slovensku","og_description":"Ev\u00e8nement Date : mercredi 31 mars, \u00e0 18h15Lieu : en direct sur Zoom\u00c9v\u00e8nement : en fran\u00e7ais Aur\u00e9lie Letissier, actuellement stagiaire en Master 2 en Fran\u00e7ais langue \u00e9trang\u00e8re (FLE) au sein de l&rsquo;Alliance Fran\u00e7aise Bansk\u00e1 Bystrica, animera cette soir\u00e9e sur la litt\u00e9rature et le f\u00e9minisme. Elle invitera des amateurs de litt\u00e9rature francophone \u00e0 lire plusieurs textes [&hellip;]","og_url":"https:\/\/institutfrancais.sk\/fr\/podujatie\/soiree-litterature-et-musique-vol-8-malala-yousafzai\/","og_site_name":"Franc\u00fazsky in\u0161tit\u00fat na Slovensku","article_modified_time":"2021-03-01T11:05:35+00:00","og_image":[{"width":697,"height":800,"url":"https:\/\/institutfrancais.sk\/wp-content\/uploads\/2021\/02\/Malala-Yousafzai.jpg","type":"image\/jpeg"}],"twitter_card":"summary_large_image","twitter_misc":{"Dur\u00e9e de lecture estim\u00e9e":"1 minute"},"schema":{"@context":"https:\/\/schema.org","@graph":[{"@type":"WebPage","@id":"https:\/\/institutfrancais.sk\/fr\/podujatie\/soiree-litterature-et-musique-vol-8-malala-yousafzai\/","url":"https:\/\/institutfrancais.sk\/fr\/podujatie\/soiree-litterature-et-musique-vol-8-malala-yousafzai\/","name":"Soir\u00e9e Litt\u00e9rature et musique vol.8 [Malala Yousafzai] - Franc\u00fazsky in\u0161tit\u00fat na Slovensku","isPartOf":{"@id":"https:\/\/institutfrancais.sk\/fr\/#website"},"primaryImageOfPage":{"@id":"https:\/\/institutfrancais.sk\/fr\/podujatie\/soiree-litterature-et-musique-vol-8-malala-yousafzai\/#primaryimage"},"image":{"@id":"https:\/\/institutfrancais.sk\/fr\/podujatie\/soiree-litterature-et-musique-vol-8-malala-yousafzai\/#primaryimage"},"thumbnailUrl":"https:\/\/institutfrancais.sk\/wp-content\/uploads\/2021\/02\/Malala-Yousafzai.jpg","datePublished":"2021-02-08T11:45:49+00:00","dateModified":"2021-03-01T11:05:35+00:00","breadcrumb":{"@id":"https:\/\/institutfrancais.sk\/fr\/podujatie\/soiree-litterature-et-musique-vol-8-malala-yousafzai\/#breadcrumb"},"inLanguage":"fr-FR","potentialAction":[{"@type":"ReadAction","target":["https:\/\/institutfrancais.sk\/fr\/podujatie\/soiree-litterature-et-musique-vol-8-malala-yousafzai\/"]}]},{"@type":"ImageObject","inLanguage":"fr-FR","@id":"https:\/\/institutfrancais.sk\/fr\/podujatie\/soiree-litterature-et-musique-vol-8-malala-yousafzai\/#primaryimage","url":"https:\/\/institutfrancais.sk\/wp-content\/uploads\/2021\/02\/Malala-Yousafzai.jpg","contentUrl":"https:\/\/institutfrancais.sk\/wp-content\/uploads\/2021\/02\/Malala-Yousafzai.jpg","width":697,"height":800},{"@type":"BreadcrumbList","@id":"https:\/\/institutfrancais.sk\/fr\/podujatie\/soiree-litterature-et-musique-vol-8-malala-yousafzai\/#breadcrumb","itemListElement":[{"@type":"ListItem","position":1,"name":"Home","item":"https:\/\/institutfrancais.sk\/fr\/"},{"@type":"ListItem","position":2,"name":"Events","item":"https:\/\/institutfrancais.sk\/fr\/podujatie\/"},{"@type":"ListItem","position":3,"name":"Soir\u00e9e Litt\u00e9rature et musique vol.8 [Malala Yousafzai]"}]},{"@type":"WebSite","@id":"https:\/\/institutfrancais.sk\/fr\/#website","url":"https:\/\/institutfrancais.sk\/fr\/","name":"Franc\u00fazsky in\u0161tit\u00fat na Slovensku","description":"Franc\u00fazsky in\u0161tit\u00fat na Slovensku","potentialAction":[{"@type":"SearchAction","target":{"@type":"EntryPoint","urlTemplate":"https:\/\/institutfrancais.sk\/fr\/?s={search_term_string}"},"query-input":{"@type":"PropertyValueSpecification","valueRequired":true,"valueName":"search_term_string"}}],"inLanguage":"fr-FR"}]}},"_links":{"self":[{"href":"https:\/\/institutfrancais.sk\/fr\/wp-json\/wp\/v2\/podujatie\/15669"}],"collection":[{"href":"https:\/\/institutfrancais.sk\/fr\/wp-json\/wp\/v2\/podujatie"}],"about":[{"href":"https:\/\/institutfrancais.sk\/fr\/wp-json\/wp\/v2\/types\/podujatie"}],"wp:featuredmedia":[{"embeddable":true,"href":"https:\/\/institutfrancais.sk\/fr\/wp-json\/wp\/v2\/media\/15890"}],"wp:attachment":[{"href":"https:\/\/institutfrancais.sk\/fr\/wp-json\/wp\/v2\/media?parent=15669"}],"wp:term":[{"taxonomy":"typ-podujatia","embeddable":true,"href":"https:\/\/institutfrancais.sk\/fr\/wp-json\/wp\/v2\/typ-podujatia?post=15669"}],"curies":[{"name":"wp","href":"https:\/\/api.w.org\/{rel}","templated":true}]}}