{"id":15671,"date":"2021-02-08T07:45:31","date_gmt":"2021-02-08T06:45:31","guid":{"rendered":"https:\/\/institutfrancais.sk\/?post_type=podujatie&#038;p=15671"},"modified":"2021-03-02T18:41:16","modified_gmt":"2021-03-02T17:41:16","slug":"la-pauvrete-des-femmes-a-bruxelles-wendy","status":"publish","type":"podujatie","link":"https:\/\/institutfrancais.sk\/fr\/podujatie\/la-pauvrete-des-femmes-a-bruxelles-wendy\/","title":{"rendered":"La pauvret\u00e9 des femmes \u00e0 Bruxelles [Wendy]"},"content":{"rendered":"<div class=\"accordion-menu\"><a href=\"#a1-\" class=\"smooth\"><\/a><\/div><div class=\"accordion\" id=\"a531\"><div class=\"card\"><div class=\"card-header\" id=\"ha531_1\"><h3 class=\"card-opener\"><button class=\"collapsed\" type=\"button\" data-toggle=\"collapse\" data-target=\"#ca531_1\" aria-expanded=\"true\" aria-controls=\"ca531_1\">Wendy &#8211;&nbsp;Reine des pince-sans-rire<span class=\"plus\"><svg viewBox=\"0 0 29 29\" xmlns=\"http:\/\/www.w3.org\/2000\/svg\"><path d=\"M28.2857 12.9286V16.7857C28.2857 17.3214 28.0982 17.7768 27.7232 18.1518C27.3482 18.5268 26.8929 18.7143 26.3571 18.7143H18V27.0714C18 27.6071 17.8125 28.0625 17.4375 28.4375C17.0625 28.8125 16.6071 29 16.0714 29H12.2143C11.6786 29 11.2232 28.8125 10.8482 28.4375C10.4732 28.0625 10.2857 27.6071 10.2857 27.0714V18.7143H1.92857C1.39286 18.7143 0.9375 18.5268 0.5625 18.1518C0.1875 17.7768 0 17.3214 0 16.7857V12.9286C0 12.3929 0.1875 11.9375 0.5625 11.5625C0.9375 11.1875 1.39286 11 1.92857 11H10.2857V2.64286C10.2857 2.10714 10.4732 1.65178 10.8482 1.27678C11.2232 0.901784 11.6786 0.714284 12.2143 0.714284H16.0714C16.6071 0.714284 17.0625 0.901784 17.4375 1.27678C17.8125 1.65178 18 2.10714 18 2.64286V11H26.3571C26.8929 11 27.3482 11.1875 27.7232 11.5625C28.0982 11.9375 28.2857 12.3929 28.2857 12.9286Z\"><\/svg><\/span><span class=\"minus\"><svg viewBox=\"0 0 29 8\" xmlns=\"http:\/\/www.w3.org\/2000\/svg\"><path d=\"M28.2857 1.92857V5.78571C28.2857 6.32143 28.0982 6.77679 27.7232 7.15179C27.3482 7.52679 26.8929 7.71429 26.3571 7.71429H1.92857C1.39286 7.71429 0.9375 7.52679 0.5625 7.15179C0.1875 6.77679 0 6.32143 0 5.78571V1.92857C0 1.39286 0.1875 0.937499 0.5625 0.562499C0.9375 0.1875 1.39286 0 1.92857 0H26.3571C26.8929 0 27.3482 0.1875 27.7232 0.562499C28.0982 0.937499 28.2857 1.39286 28.2857 1.92857Z\"><\/svg><\/span><\/button><\/h3><\/div><div id=\"ca531_1\" class=\"collapse\" aria-labelledby=\"ha531_1\" data-parent=\"#a531\"><div class=\"card-body\"><p>Qu\u2019est-ce que vous attendez de la vie ? \u00ab <em>La mort ! Pourquoi pas ?<\/em> \u00bb<\/p>\n<p>Wendy, 66 ans, reine des pince-sans-rire. Sur un muret de la Gare centrale, elle regarde passer les voyageurs.<\/p>\n<p>\u00ab <em>Je fais la manche ici depuis 20 ans. Pour manger. Je touche mais tout part pour mon appartement, qui est insalubre. Ils savent, les gens&#8230;<\/em> \u00bb<\/p>\n<p>Les gens savent mais ne regardent pas. Un jeune homme s\u2019arr\u00eate pour lui faire la bise. \u00ab <em>C\u2019est mon amant.<\/em> \u00bb Wendy ricane.<\/p>\n<p>L\u2019amant imaginaire s\u2019en va, tout sourire : \u00ab <em>Ma femme va \u00eatre jalouse<\/em> \u00bb. Un peu de l\u00e9g\u00e8ret\u00e9, pr\u00e9cieux cadeau de ce navetteur. \u00ab <em>La vie est belle, non ? Moi, je la prends toujours du bon c\u00f4t\u00e9. M\u00eame que \u00e7a va pas.<\/em> \u00bb<\/p>\n<p>Wendy a&nbsp;\u00e9t\u00e9 mari\u00e9e, a&nbsp;travaill\u00e9, a&nbsp;vu son mari mourir et s\u2019est retrouv\u00e9e \u00e0 la rue avec deux enfants. Quelle est sa vie ? Myst\u00e8re.<\/p>\n<p>\u00ab <em>Tiens, \u00e7a, c\u2019est un simple sac. Vieux, comme moi. Allez, prends ta photo, sinon, je mords.<\/em> \u00bb Elle rit.<\/p>\n<p>\u00ab <em>Et toi, laisse-moi un peu tranquille avec tes questions<\/em>. \u00bb<\/p>\n<p><img loading=\"lazy\" decoding=\"async\" class=\"alignnone size-medium wp-image-15672\" src=\"https:\/\/institutfrancais.sk\/wp-content\/uploads\/2021\/02\/Contenu-du-portrait_-La-pauvretC\u0327-des-femmes-O\u0308-Bruxelles_AWEX-WBI-300x300.jpg\" alt=\"\" width=\"300\" height=\"300\" srcset=\"https:\/\/institutfrancais.sk\/wp-content\/uploads\/2021\/02\/Contenu-du-portrait_-La-pauvretC\u0327-des-femmes-O\u0308-Bruxelles_AWEX-WBI-300x300.jpg 300w, https:\/\/institutfrancais.sk\/wp-content\/uploads\/2021\/02\/Contenu-du-portrait_-La-pauvretC\u0327-des-femmes-O\u0308-Bruxelles_AWEX-WBI-150x150.jpg 150w, https:\/\/institutfrancais.sk\/wp-content\/uploads\/2021\/02\/Contenu-du-portrait_-La-pauvretC\u0327-des-femmes-O\u0308-Bruxelles_AWEX-WBI-768x771.jpg 768w, https:\/\/institutfrancais.sk\/wp-content\/uploads\/2021\/02\/Contenu-du-portrait_-La-pauvretC\u0327-des-femmes-O\u0308-Bruxelles_AWEX-WBI-996x1000.jpg 996w, https:\/\/institutfrancais.sk\/wp-content\/uploads\/2021\/02\/Contenu-du-portrait_-La-pauvretC\u0327-des-femmes-O\u0308-Bruxelles_AWEX-WBI.jpg 1016w\" sizes=\"(max-width: 300px) 100vw, 300px\" \/><\/p>\n<p><em>\u00a9 Auteur Christophe Smets<\/em><\/p>\n<p>&nbsp;<\/p>\n<\/div><\/div><\/div><\/div>\n\n<div class=\"space sm\"><\/div>\n\n\n<h2 class=\"wp-block-heading\"><strong>Ev\u00e8nement<\/strong><\/h2>\n\n\n\n<p><strong><em>Date<\/em><\/strong> : du 1er au 31 mars<br><strong><em>Lieu<\/em><\/strong> : Exposition virtuelle et t\u00e9moignage sur <strong><a href=\"https:\/\/frrsi.rtvs.sk\/\" target=\"_blank\" rel=\"noreferrer noopener\">Radio Slovaquie Internationale<\/a><\/strong> (<em>\u00e9mission en direct le 1er mars, puis \u00e0 retrouver en podcast<\/em>)<\/p>\n\n\n\n<p>Wallonie-Bruxelles International vous invite \u00e0 d\u00e9couvrir <strong>l&rsquo;exposition photographique virtuelle \u00ab <em>La pauvret\u00e9 des femmes \u00e0 Bruxelles<\/em> \u00bb<\/strong>.<strong> <\/strong>R\u00e9alis\u00e9e par le photographe <strong>Christophe Smets<\/strong> et la journaliste <strong>C\u00e9line Gautier<\/strong>, en collaboration avec <strong>Le Conseil des Femmes Francophones de Belgique<\/strong>, elle \u00e9voque <strong>la pauvret\u00e9 et la dignit\u00e9 des femmes.&nbsp;<\/strong>L&rsquo;exposition pr\u00e9sentera sept portraits et t\u00e9moignages poignants de femmes vivant dans la pauvret\u00e9.<\/p>\n\n\n<div class=\"space sm\"><\/div>\n\n<div class=\"text-center\"><a href=\"https:\/\/www.cffb.be\/lhomme-le-plus-pauvre-de-wallonie-est-toujours-une-femme\/#expotarget\" class=\"btn btn-black-invert\" target=\"blank\" rel=\"noreferrer noopener\">Exposition virtuelle<\/a><\/div>\n\n<div class=\"space sm\"><\/div>\n\n\n<p>D\u00e9couvrez aussi le t\u00e9moignage de Madame Sylvie Lausberg, Pr\u00e9sidente du <em>Conseil des Femmes Francophones de Belgique<\/em>, sur les ondes de la Radio Slovaquie Internationale.<\/p>\n\n\n<div class=\"space sm\"><\/div>\n\n\n<h2 class=\"wp-block-heading\"><strong>\u00ab&nbsp;L\u2019homme le plus pauvre de Wallonie est TOUJOURS une femme.&nbsp;\u00bb<\/strong><\/h2>\n\n\n<div class=\"space md\"><\/div>\n\n<div class=\"text-center\"><a href=\"https:\/\/frrsi.rtvs.sk\/clanky\/la-slovaquie-sans-fronticres\/249549\/la-pauvrete-touche-en-priorite-les-femmes \" class=\"btn btn-black-invert\" target=\"blank\" rel=\"noreferrer noopener\">T\u00e9moignage radio<\/a><\/div>\n\n<div class=\"space md\"><\/div>\n\n\n<h2 class=\"wp-block-heading\"><strong>Pour aller plus loin<\/strong><\/h2>\n\n\n\n<ul><li>Le <strong>Conseil de Femmes Francophones de Belgique<\/strong> m\u00e8ne jusqu&rsquo;en mars 2021 une campagne \u00ab <em>La pauvret\u00e9 AUSSI est sexiste<\/em> \u00bb dont l&rsquo;exposition \u00ab <em>La pauvret\u00e9 des femmes \u00e0 Bruxelles<\/em> \u00bb fait partie.&nbsp;<\/li><li><a href=\"https:\/\/www.facebook.com\/176170955780752\/videos\/347319573183700\/\">Cinq minutes<\/a> pour faire le tour des associations partenaires francophones de la campagne.<\/li><li>\u00ab <a href=\"https:\/\/www.cffb.be\/trop-peu-de-tout-video-de-la-campagne-la-pauvrete-aussi-est-sexiste\/\">Trop peu de tout <\/a>\u00bb : La jeune graphiste Lucile Van Laecken exprime en image les <strong>diff\u00e9rents facteurs de pauvret\u00e9<\/strong>.<\/li><\/ul>\n\n\n<div class=\"space sm\"><\/div>\n\n\n<figure class=\"wp-block-embed is-type-video is-provider-youtube wp-block-embed-youtube wp-embed-aspect-16-9 wp-has-aspect-ratio\"><div class=\"wp-block-embed__wrapper\">\n<iframe loading=\"lazy\" title=\"La pauvret\u00e9 AUSSI est sexiste\" width=\"500\" height=\"281\" src=\"https:\/\/www.youtube.com\/embed\/9JYv58iPaJg?feature=oembed\" frameborder=\"0\" allow=\"accelerometer; autoplay; clipboard-write; encrypted-media; gyroscope; picture-in-picture; web-share\" referrerpolicy=\"strict-origin-when-cross-origin\" allowfullscreen><\/iframe>\n<\/div><\/figure>\n\n\n<div class=\"space sm\"><\/div>\n\n\n<h2 class=\"wp-block-heading\"><strong>Organisateurs<\/strong><\/h2>\n\n\n<\/div><div class=\"gray-bg\"><div class=\"wrap\"><div class=\"white-boxes sponsors-partners nobtn\"><h2><span>Partenaires<\/span><\/h2><div class=\"box\"><h3>Partenaires<\/h3><div class=\"owl-carousel loop-6\"><div class=\"img\"><a href=\"https:\/\/wbi.be\/\" target=\"_blank\"><picture><source srcset=\"https:\/\/institutfrancais.sk\/wp-content\/uploads\/2021\/02\/5-Walonnie-Bruxelles-International-300x168.jpg\" type=\"image\/jpeg\"><img decoding=\"async\" src=\"https:\/\/institutfrancais.sk\/wp-content\/uploads\/2021\/02\/5-Walonnie-Bruxelles-International-300x168.jpg\" alt=\"\"width=\"100%\"\"><\/picture><\/a><\/div><div class=\"img\"><a href=\"https:\/\/austria.diplomatie.belgium.be\/fr\" target=\"_blank\"><picture><source srcset=\"https:\/\/institutfrancais.sk\/wp-content\/uploads\/2021\/02\/4-Ambassade-de-Belgique-300x284.jpg\" type=\"image\/jpeg\"><img decoding=\"async\" src=\"https:\/\/institutfrancais.sk\/wp-content\/uploads\/2021\/02\/4-Ambassade-de-Belgique-300x284.jpg\" alt=\"\"width=\"100%\"\"><\/picture><\/a><\/div><div class=\"img\"><a href=\"https:\/\/www.cffb.be\/lhomme-le-plus-pauvre-de-wallonie-est-toujours-une-femme\/#expotarget\" target=\"_blank\"><picture><source srcset=\"https:\/\/institutfrancais.sk\/wp-content\/uploads\/2021\/02\/5-CFFB-300x143.jpg\" type=\"image\/jpeg\"><img decoding=\"async\" src=\"https:\/\/institutfrancais.sk\/wp-content\/uploads\/2021\/02\/5-CFFB-300x143.jpg\" alt=\"\"width=\"100%\"\"><\/picture><\/a><\/div><div class=\"img\"><a href=\"https:\/\/www.laicite.be\/\" target=\"_blank\"><picture><source srcset=\"https:\/\/institutfrancais.sk\/wp-content\/uploads\/2021\/02\/5-Centre-dAction-Lai\u0308que-1.jpg\" type=\"image\/jpeg\"><img decoding=\"async\" src=\"https:\/\/institutfrancais.sk\/wp-content\/uploads\/2021\/02\/5-Centre-dAction-Lai\u0308que-1.jpg\" alt=\"\"width=\"100%\"\"><\/picture><\/a><\/div><div class=\"img\"><a href=\"https:\/\/www.loterie-nationale.be\/\" target=\"_blank\"><picture><source srcset=\"https:\/\/institutfrancais.sk\/wp-content\/uploads\/2021\/02\/5-Loterie-Nationale-300x114.jpg\" type=\"image\/jpeg\"><img decoding=\"async\" src=\"https:\/\/institutfrancais.sk\/wp-content\/uploads\/2021\/02\/5-Loterie-Nationale-300x114.jpg\" alt=\"\"width=\"100%\"\"><\/picture><\/a><\/div><div class=\"img\"><a href=\"https:\/\/frrsi.rtvs.sk\/\" target=\"_blank\"><picture><source srcset=\"https:\/\/institutfrancais.sk\/wp-content\/uploads\/2021\/02\/3-Radio-Slovakia-International-300x73.png\" type=\"image\/jpeg\"><img decoding=\"async\" src=\"https:\/\/institutfrancais.sk\/wp-content\/uploads\/2021\/02\/3-Radio-Slovakia-International-300x73.png\" alt=\"\"width=\"100%\"\"><\/picture><\/a><\/div><\/div><\/div><\/div><\/div><\/div><\/div><div class=\"wrap narrow-wrap\">\n\n<div class=\"space sm\"><\/div>\n\n\n<p><em>\u00a9 Photo de couverture :&nbsp;Christophe Smets<\/em><\/p>\n\n\n<div class=\"space sm\"><\/div>","protected":false},"featured_media":15674,"template":"","typ-podujatia":[56,160,98],"acf":[],"yoast_head":"<!-- This site is optimized with the Yoast SEO plugin v24.5 - https:\/\/yoast.com\/wordpress\/plugins\/seo\/ -->\n<title>La pauvret\u00e9 des femmes \u00e0 Bruxelles [Wendy] - Franc\u00fazsky in\u0161tit\u00fat na Slovensku<\/title>\n<meta name=\"robots\" content=\"index, follow, max-snippet:-1, max-image-preview:large, max-video-preview:-1\" \/>\n<link rel=\"canonical\" href=\"https:\/\/institutfrancais.sk\/fr\/podujatie\/la-pauvrete-des-femmes-a-bruxelles-wendy\/\" \/>\n<meta property=\"og:locale\" content=\"fr_FR\" \/>\n<meta property=\"og:type\" content=\"article\" \/>\n<meta property=\"og:title\" content=\"La pauvret\u00e9 des femmes \u00e0 Bruxelles [Wendy] - Franc\u00fazsky in\u0161tit\u00fat na Slovensku\" \/>\n<meta property=\"og:description\" content=\"Ev\u00e8nement Date : du 1er au 31 marsLieu : Exposition virtuelle et t\u00e9moignage sur Radio Slovaquie Internationale (\u00e9mission en direct le 1er mars, puis \u00e0 retrouver en podcast) Wallonie-Bruxelles International vous invite \u00e0 d\u00e9couvrir l&rsquo;exposition photographique virtuelle \u00ab La pauvret\u00e9 des femmes \u00e0 Bruxelles \u00bb. R\u00e9alis\u00e9e par le photographe Christophe Smets et la journaliste C\u00e9line [&hellip;]\" \/>\n<meta property=\"og:url\" content=\"https:\/\/institutfrancais.sk\/fr\/podujatie\/la-pauvrete-des-femmes-a-bruxelles-wendy\/\" \/>\n<meta property=\"og:site_name\" content=\"Franc\u00fazsky in\u0161tit\u00fat na Slovensku\" \/>\n<meta property=\"article:modified_time\" content=\"2021-03-02T17:41:16+00:00\" \/>\n<meta property=\"og:image\" content=\"https:\/\/institutfrancais.sk\/wp-content\/uploads\/2021\/02\/Image-portrait-_-La-pauvretC\u0327-des-femmes-O\u0308-Bruxelles_AWEX-WBI.jpg\" \/>\n\t<meta property=\"og:image:width\" content=\"1022\" \/>\n\t<meta property=\"og:image:height\" content=\"1020\" \/>\n\t<meta property=\"og:image:type\" content=\"image\/jpeg\" \/>\n<meta name=\"twitter:card\" content=\"summary_large_image\" \/>\n<meta name=\"twitter:label1\" content=\"Dur\u00e9e de lecture estim\u00e9e\" \/>\n\t<meta name=\"twitter:data1\" content=\"1 minute\" \/>\n<script type=\"application\/ld+json\" class=\"yoast-schema-graph\">{\"@context\":\"https:\/\/schema.org\",\"@graph\":[{\"@type\":\"WebPage\",\"@id\":\"https:\/\/institutfrancais.sk\/fr\/podujatie\/la-pauvrete-des-femmes-a-bruxelles-wendy\/\",\"url\":\"https:\/\/institutfrancais.sk\/fr\/podujatie\/la-pauvrete-des-femmes-a-bruxelles-wendy\/\",\"name\":\"La pauvret\u00e9 des femmes \u00e0 Bruxelles [Wendy] - Franc\u00fazsky in\u0161tit\u00fat na Slovensku\",\"isPartOf\":{\"@id\":\"https:\/\/institutfrancais.sk\/fr\/#website\"},\"primaryImageOfPage\":{\"@id\":\"https:\/\/institutfrancais.sk\/fr\/podujatie\/la-pauvrete-des-femmes-a-bruxelles-wendy\/#primaryimage\"},\"image\":{\"@id\":\"https:\/\/institutfrancais.sk\/fr\/podujatie\/la-pauvrete-des-femmes-a-bruxelles-wendy\/#primaryimage\"},\"thumbnailUrl\":\"https:\/\/institutfrancais.sk\/wp-content\/uploads\/2021\/02\/Image-portrait-_-La-pauvretC\u0327-des-femmes-O\u0308-Bruxelles_AWEX-WBI.jpg\",\"datePublished\":\"2021-02-08T06:45:31+00:00\",\"dateModified\":\"2021-03-02T17:41:16+00:00\",\"breadcrumb\":{\"@id\":\"https:\/\/institutfrancais.sk\/fr\/podujatie\/la-pauvrete-des-femmes-a-bruxelles-wendy\/#breadcrumb\"},\"inLanguage\":\"fr-FR\",\"potentialAction\":[{\"@type\":\"ReadAction\",\"target\":[\"https:\/\/institutfrancais.sk\/fr\/podujatie\/la-pauvrete-des-femmes-a-bruxelles-wendy\/\"]}]},{\"@type\":\"ImageObject\",\"inLanguage\":\"fr-FR\",\"@id\":\"https:\/\/institutfrancais.sk\/fr\/podujatie\/la-pauvrete-des-femmes-a-bruxelles-wendy\/#primaryimage\",\"url\":\"https:\/\/institutfrancais.sk\/wp-content\/uploads\/2021\/02\/Image-portrait-_-La-pauvretC\u0327-des-femmes-O\u0308-Bruxelles_AWEX-WBI.jpg\",\"contentUrl\":\"https:\/\/institutfrancais.sk\/wp-content\/uploads\/2021\/02\/Image-portrait-_-La-pauvretC\u0327-des-femmes-O\u0308-Bruxelles_AWEX-WBI.jpg\",\"width\":1022,\"height\":1020},{\"@type\":\"BreadcrumbList\",\"@id\":\"https:\/\/institutfrancais.sk\/fr\/podujatie\/la-pauvrete-des-femmes-a-bruxelles-wendy\/#breadcrumb\",\"itemListElement\":[{\"@type\":\"ListItem\",\"position\":1,\"name\":\"Home\",\"item\":\"https:\/\/institutfrancais.sk\/fr\/\"},{\"@type\":\"ListItem\",\"position\":2,\"name\":\"Events\",\"item\":\"https:\/\/institutfrancais.sk\/fr\/podujatie\/\"},{\"@type\":\"ListItem\",\"position\":3,\"name\":\"La pauvret\u00e9 des femmes \u00e0 Bruxelles [Wendy]\"}]},{\"@type\":\"WebSite\",\"@id\":\"https:\/\/institutfrancais.sk\/fr\/#website\",\"url\":\"https:\/\/institutfrancais.sk\/fr\/\",\"name\":\"Franc\u00fazsky in\u0161tit\u00fat na Slovensku\",\"description\":\"Franc\u00fazsky in\u0161tit\u00fat na Slovensku\",\"potentialAction\":[{\"@type\":\"SearchAction\",\"target\":{\"@type\":\"EntryPoint\",\"urlTemplate\":\"https:\/\/institutfrancais.sk\/fr\/?s={search_term_string}\"},\"query-input\":{\"@type\":\"PropertyValueSpecification\",\"valueRequired\":true,\"valueName\":\"search_term_string\"}}],\"inLanguage\":\"fr-FR\"}]}<\/script>\n<!-- \/ Yoast SEO plugin. -->","yoast_head_json":{"title":"La pauvret\u00e9 des femmes \u00e0 Bruxelles [Wendy] - Franc\u00fazsky in\u0161tit\u00fat na Slovensku","robots":{"index":"index","follow":"follow","max-snippet":"max-snippet:-1","max-image-preview":"max-image-preview:large","max-video-preview":"max-video-preview:-1"},"canonical":"https:\/\/institutfrancais.sk\/fr\/podujatie\/la-pauvrete-des-femmes-a-bruxelles-wendy\/","og_locale":"fr_FR","og_type":"article","og_title":"La pauvret\u00e9 des femmes \u00e0 Bruxelles [Wendy] - Franc\u00fazsky in\u0161tit\u00fat na Slovensku","og_description":"Ev\u00e8nement Date : du 1er au 31 marsLieu : Exposition virtuelle et t\u00e9moignage sur Radio Slovaquie Internationale (\u00e9mission en direct le 1er mars, puis \u00e0 retrouver en podcast) Wallonie-Bruxelles International vous invite \u00e0 d\u00e9couvrir l&rsquo;exposition photographique virtuelle \u00ab La pauvret\u00e9 des femmes \u00e0 Bruxelles \u00bb. R\u00e9alis\u00e9e par le photographe Christophe Smets et la journaliste C\u00e9line [&hellip;]","og_url":"https:\/\/institutfrancais.sk\/fr\/podujatie\/la-pauvrete-des-femmes-a-bruxelles-wendy\/","og_site_name":"Franc\u00fazsky in\u0161tit\u00fat na Slovensku","article_modified_time":"2021-03-02T17:41:16+00:00","og_image":[{"width":1022,"height":1020,"url":"https:\/\/institutfrancais.sk\/wp-content\/uploads\/2021\/02\/Image-portrait-_-La-pauvretC\u0327-des-femmes-O\u0308-Bruxelles_AWEX-WBI.jpg","type":"image\/jpeg"}],"twitter_card":"summary_large_image","twitter_misc":{"Dur\u00e9e de lecture estim\u00e9e":"1 minute"},"schema":{"@context":"https:\/\/schema.org","@graph":[{"@type":"WebPage","@id":"https:\/\/institutfrancais.sk\/fr\/podujatie\/la-pauvrete-des-femmes-a-bruxelles-wendy\/","url":"https:\/\/institutfrancais.sk\/fr\/podujatie\/la-pauvrete-des-femmes-a-bruxelles-wendy\/","name":"La pauvret\u00e9 des femmes \u00e0 Bruxelles [Wendy] - Franc\u00fazsky in\u0161tit\u00fat na Slovensku","isPartOf":{"@id":"https:\/\/institutfrancais.sk\/fr\/#website"},"primaryImageOfPage":{"@id":"https:\/\/institutfrancais.sk\/fr\/podujatie\/la-pauvrete-des-femmes-a-bruxelles-wendy\/#primaryimage"},"image":{"@id":"https:\/\/institutfrancais.sk\/fr\/podujatie\/la-pauvrete-des-femmes-a-bruxelles-wendy\/#primaryimage"},"thumbnailUrl":"https:\/\/institutfrancais.sk\/wp-content\/uploads\/2021\/02\/Image-portrait-_-La-pauvretC\u0327-des-femmes-O\u0308-Bruxelles_AWEX-WBI.jpg","datePublished":"2021-02-08T06:45:31+00:00","dateModified":"2021-03-02T17:41:16+00:00","breadcrumb":{"@id":"https:\/\/institutfrancais.sk\/fr\/podujatie\/la-pauvrete-des-femmes-a-bruxelles-wendy\/#breadcrumb"},"inLanguage":"fr-FR","potentialAction":[{"@type":"ReadAction","target":["https:\/\/institutfrancais.sk\/fr\/podujatie\/la-pauvrete-des-femmes-a-bruxelles-wendy\/"]}]},{"@type":"ImageObject","inLanguage":"fr-FR","@id":"https:\/\/institutfrancais.sk\/fr\/podujatie\/la-pauvrete-des-femmes-a-bruxelles-wendy\/#primaryimage","url":"https:\/\/institutfrancais.sk\/wp-content\/uploads\/2021\/02\/Image-portrait-_-La-pauvretC\u0327-des-femmes-O\u0308-Bruxelles_AWEX-WBI.jpg","contentUrl":"https:\/\/institutfrancais.sk\/wp-content\/uploads\/2021\/02\/Image-portrait-_-La-pauvretC\u0327-des-femmes-O\u0308-Bruxelles_AWEX-WBI.jpg","width":1022,"height":1020},{"@type":"BreadcrumbList","@id":"https:\/\/institutfrancais.sk\/fr\/podujatie\/la-pauvrete-des-femmes-a-bruxelles-wendy\/#breadcrumb","itemListElement":[{"@type":"ListItem","position":1,"name":"Home","item":"https:\/\/institutfrancais.sk\/fr\/"},{"@type":"ListItem","position":2,"name":"Events","item":"https:\/\/institutfrancais.sk\/fr\/podujatie\/"},{"@type":"ListItem","position":3,"name":"La pauvret\u00e9 des femmes \u00e0 Bruxelles [Wendy]"}]},{"@type":"WebSite","@id":"https:\/\/institutfrancais.sk\/fr\/#website","url":"https:\/\/institutfrancais.sk\/fr\/","name":"Franc\u00fazsky in\u0161tit\u00fat na Slovensku","description":"Franc\u00fazsky in\u0161tit\u00fat na Slovensku","potentialAction":[{"@type":"SearchAction","target":{"@type":"EntryPoint","urlTemplate":"https:\/\/institutfrancais.sk\/fr\/?s={search_term_string}"},"query-input":{"@type":"PropertyValueSpecification","valueRequired":true,"valueName":"search_term_string"}}],"inLanguage":"fr-FR"}]}},"_links":{"self":[{"href":"https:\/\/institutfrancais.sk\/fr\/wp-json\/wp\/v2\/podujatie\/15671"}],"collection":[{"href":"https:\/\/institutfrancais.sk\/fr\/wp-json\/wp\/v2\/podujatie"}],"about":[{"href":"https:\/\/institutfrancais.sk\/fr\/wp-json\/wp\/v2\/types\/podujatie"}],"wp:featuredmedia":[{"embeddable":true,"href":"https:\/\/institutfrancais.sk\/fr\/wp-json\/wp\/v2\/media\/15674"}],"wp:attachment":[{"href":"https:\/\/institutfrancais.sk\/fr\/wp-json\/wp\/v2\/media?parent=15671"}],"wp:term":[{"taxonomy":"typ-podujatia","embeddable":true,"href":"https:\/\/institutfrancais.sk\/fr\/wp-json\/wp\/v2\/typ-podujatia?post=15671"}],"curies":[{"name":"wp","href":"https:\/\/api.w.org\/{rel}","templated":true}]}}