{"id":15713,"date":"2021-02-08T09:00:42","date_gmt":"2021-02-08T08:00:42","guid":{"rendered":"https:\/\/institutfrancais.sk\/?post_type=podujatie&#038;p=15713"},"modified":"2021-03-17T12:06:36","modified_gmt":"2021-03-17T11:06:36","slug":"50-ans-de-suffrage-feminin-en-suisse-tilo-frey","status":"publish","type":"podujatie","link":"https:\/\/institutfrancais.sk\/fr\/podujatie\/50-ans-de-suffrage-feminin-en-suisse-tilo-frey\/","title":{"rendered":"50 ans de suffrage f\u00e9minin en Suisse [Tilo Frey]"},"content":{"rendered":"<div class=\"accordion-menu\"><a href=\"#a1-\" class=\"smooth\"><\/a><\/div><div class=\"accordion\" id=\"a18\"><div class=\"card\"><div class=\"card-header\" id=\"ha18_1\"><h3 class=\"card-opener\"><button class=\"collapsed\" type=\"button\" data-toggle=\"collapse\" data-target=\"#ca18_1\" aria-expanded=\"true\" aria-controls=\"ca18_1\">Portrait : Tilo Frey<span class=\"plus\"><svg viewBox=\"0 0 29 29\" xmlns=\"http:\/\/www.w3.org\/2000\/svg\"><path d=\"M28.2857 12.9286V16.7857C28.2857 17.3214 28.0982 17.7768 27.7232 18.1518C27.3482 18.5268 26.8929 18.7143 26.3571 18.7143H18V27.0714C18 27.6071 17.8125 28.0625 17.4375 28.4375C17.0625 28.8125 16.6071 29 16.0714 29H12.2143C11.6786 29 11.2232 28.8125 10.8482 28.4375C10.4732 28.0625 10.2857 27.6071 10.2857 27.0714V18.7143H1.92857C1.39286 18.7143 0.9375 18.5268 0.5625 18.1518C0.1875 17.7768 0 17.3214 0 16.7857V12.9286C0 12.3929 0.1875 11.9375 0.5625 11.5625C0.9375 11.1875 1.39286 11 1.92857 11H10.2857V2.64286C10.2857 2.10714 10.4732 1.65178 10.8482 1.27678C11.2232 0.901784 11.6786 0.714284 12.2143 0.714284H16.0714C16.6071 0.714284 17.0625 0.901784 17.4375 1.27678C17.8125 1.65178 18 2.10714 18 2.64286V11H26.3571C26.8929 11 27.3482 11.1875 27.7232 11.5625C28.0982 11.9375 28.2857 12.3929 28.2857 12.9286Z\"><\/svg><\/span><span class=\"minus\"><svg viewBox=\"0 0 29 8\" xmlns=\"http:\/\/www.w3.org\/2000\/svg\"><path d=\"M28.2857 1.92857V5.78571C28.2857 6.32143 28.0982 6.77679 27.7232 7.15179C27.3482 7.52679 26.8929 7.71429 26.3571 7.71429H1.92857C1.39286 7.71429 0.9375 7.52679 0.5625 7.15179C0.1875 6.77679 0 6.32143 0 5.78571V1.92857C0 1.39286 0.1875 0.937499 0.5625 0.562499C0.9375 0.1875 1.39286 0 1.92857 0H26.3571C26.8929 0 27.3482 0.1875 27.7232 0.562499C28.0982 0.937499 28.2857 1.39286 28.2857 1.92857Z\"><\/svg><\/span><\/button><\/h3><\/div><div id=\"ca18_1\" class=\"collapse\" aria-labelledby=\"ha18_1\" data-parent=\"#a18\"><div class=\"card-body\"><p><strong>Tilo Frey<\/strong> \u00e9tait une des 12 femmes \u00e9lues au Conseil National (parlement) <strong>Suisse en 1971<\/strong>, l\u2019ann\u00e9e o\u00f9 les femmes en Suisse ont enfin eu le <strong>droit de vote<\/strong>.\u00a0Elle \u00e9tait la seule femme noire \u00e0 \u00eatre \u00e9lue.<\/p>\n<p>N\u00e9e en 1923 \u00e0 Maroua, au <strong>Cameroun<\/strong>, elle est arriv\u00e9e en Suisse \u00e0 5 ans, o\u00f9 elle a&nbsp;fait carri\u00e8re en politique en tant que membre du parti Les Lib\u00e9raux-Radicaux.<\/p>\n<p>Son \u00e9lection \u00e9tait inattendue et sa politique caract\u00e9ris\u00e9e par diff\u00e9rentes exigences : son p\u00e8re lui avait recommand\u00e9 de rester \u00ab blanc comme un lis \u00bb. Elle s\u2019est donc pas engag\u00e9e pour une politique antiraciste malgr\u00e9 ses propres exp\u00e9riences de racisme.<\/p>\n<p>Tilo Frey a&nbsp;autant men\u00e9 bataille pour le <strong>droit \u00e0 l\u2019avortement<\/strong> et la politique de coop\u00e9ration nationale, que pour un <strong>renforcement de l\u2019arm\u00e9e<\/strong>. Mais elle a&nbsp;pendant toute sa carri\u00e8re manqu\u00e9 de l\u2019appui d\u00e9cisif de son parti. Elle n&rsquo;a&nbsp;pas \u00e9t\u00e9 \u00e9lue aux \u00e9lections suivantes et oubli\u00e9e.<\/p>\n<p>Jusqu\u2019en 2019, o\u00f9 un groupe d\u2019<strong>activistes antiracistes<\/strong> \u00e0 r\u00e9ussi \u00e0 ce qu&rsquo;une place \u00e0 Neuch\u00e2tel, o\u00f9 elle a&nbsp;v\u00e9cu, soit nomm\u00e9e d\u2019apr\u00e8s elle. Et pas n\u2019importe quelle place ! L&rsquo;ancienne place de Louis Agassiz qui avait bas\u00e9 ses recherches scientifiques sur la sup\u00e9riorit\u00e9 de la race blanche. N\u00e9anmoins, aucun m\u00e9dia national a&nbsp;couvert l\u2019\u00e9v\u00e9nement du bapt\u00eame si historique en Suisse.<\/p>\n<p>Cela est symbolique pour la Suisse : les accomplissements d\u00e9mocratiques ne se font pas gr\u00e2ce \u00e0 une politique d\u2019inclusion, mais gr\u00e2ce \u00e0 beaucoup de <strong>d\u00e9termination de la part de la soci\u00e9t\u00e9 civile<\/strong>, moteur principal dans la lutte pour le droit de vote des femmes.<\/p>\n<\/div><\/div><\/div><\/div>\n\n<div class=\"space sm\"><\/div>\n\n\n<h2 class=\"wp-block-heading\"><strong>Ev\u00e8nement<\/strong><\/h2>\n\n\n\n<p><strong><em>Date<\/em><\/strong> : mercredi 03 mars, 11h &#8211;&nbsp;12h30<br><strong><em>Lieu<\/em><\/strong> : En direct sur MS Teams<\/p>\n\n\n\n<p>La conf\u00e9rence tracera l\u2019histoire de la <strong>lutte pour le droit de vote des femmes<\/strong> ainsi que ses cons\u00e9quences. Elle montrera le r\u00f4le que la migration a&nbsp;jou\u00e9, comment les femmes ont chang\u00e9 la politique en Suisse par leur comportement \u00e9lectoral, ce qui a&nbsp;\u00e9t\u00e9 accompli depuis en termes d\u2019\u00e9galit\u00e9 des sexes et ce qui reste \u00e0 faire en termes de participation politique.&nbsp;<\/p>\n\n\n\n<p><em>La conf\u00e9rence sera donn\u00e9e par Mme <strong>Dr.<\/strong> <strong>Leandra Bias<\/strong>, Gender &amp;&nbsp;Peacebuilding Advisor, <a href=\"http:\/\/www.swisspeace.com\" target=\"_blank\" rel=\"noreferrer noopener\"><strong>Swisspeace<\/strong><\/a>.<\/em> <em>L&rsquo;enregistrement de la conf\u00e9rence sera publi\u00e9 ult\u00e9rieurement. <\/em><\/p>\n\n\n<div class=\"space sm\"><\/div>\n\n<div class=\"text-center\"><a href=\"https:\/\/www.eda.admin.ch\/countries\/slovakia\/de\/home\/aktuell\/agenda.html\/content\/countries\/slovakia\/de\/meta\/agenda\/2021\/3\/conference-50-ans-de-suffrage-feminin-en-suisse    \" class=\"btn\" target=\"blank\" rel=\"noreferrer noopener\">Voir l&rsquo;enregistrement vid\u00e9o<\/a><\/div>\n\n<div class=\"space sm\"><\/div>\n\n\n<h2 class=\"wp-block-heading\">Inscription<\/h2>\n\n\n\n<p>Inscrivez-vous \u00e0 la conf\u00e9rence <strong>par mail avant le 1er mars<\/strong> afin de recevoir le lien de participation : <strong><a href=\"mailto:andrea.turekova@euba.sk\">andrea.turekova@euba.sk<\/a><\/strong><\/p>\n\n\n\n<p>Pour le bon d\u00e9roul\u00e9, veillez \u00e0 joindre MS Teams au plus tard 5 minutes avant le d\u00e9but de la conf\u00e9rence.<\/p>\n\n\n<div class=\"space sm\"><\/div>\n\n\n<h2 class=\"wp-block-heading\"><strong>Organisateurs<\/strong><\/h2>\n\n\n<\/div><div class=\"gray-bg\"><div class=\"wrap\"><div class=\"white-boxes sponsors-partners nobtn\"><h2><span>Partenaires<\/span><\/h2><div class=\"box\"><h3>Partenaires<\/h3><div class=\"owl-carousel loop-2\"><div class=\"img\"><a href=\"https:\/\/www.eda.admin.ch\/bratislava\" target=\"_blank\"><picture><source srcset=\"https:\/\/institutfrancais.sk\/wp-content\/uploads\/2021\/02\/3-Ambassade-de-Suisse-300x118.jpg\" type=\"image\/jpeg\"><img decoding=\"async\" src=\"https:\/\/institutfrancais.sk\/wp-content\/uploads\/2021\/02\/3-Ambassade-de-Suisse-300x118.jpg\" alt=\"\"width=\"100%\"\"><\/picture><\/a><\/div><div class=\"img\"><a href=\"https:\/\/faj.euba.sk\/fakulta\/oznamy-fakulty\" target=\"_blank\"><picture><source srcset=\"https:\/\/institutfrancais.sk\/wp-content\/uploads\/2021\/02\/23-Faculte-des-langues-appliquees-300x200.jpg\" type=\"image\/jpeg\"><img decoding=\"async\" src=\"https:\/\/institutfrancais.sk\/wp-content\/uploads\/2021\/02\/23-Faculte-des-langues-appliquees-300x200.jpg\" alt=\"\"width=\"100%\"\"><\/picture><\/a><\/div><\/div><\/div><\/div><\/div><\/div><\/div><div class=\"wrap narrow-wrap\">\n\n<div class=\"space sm\"><\/div>\n\n\n<p><em>\u00a9 Photo de couverture :&nbsp;Tilo Frey, d\u00e9put\u00e9e de PLR, photographi\u00e9e en d\u00e9cembre 1973 \u00e0 la tribune du Parlement \u00e0 Berne. (KEYSTONE\/Str)<\/em><\/p>\n\n\n<div class=\"space sm\"><\/div>","protected":false},"featured_media":16364,"template":"","typ-podujatia":[53],"acf":[],"yoast_head":"<!-- This site is optimized with the Yoast SEO plugin v24.5 - https:\/\/yoast.com\/wordpress\/plugins\/seo\/ -->\n<title>50 ans de suffrage f\u00e9minin en Suisse [Tilo Frey] - Franc\u00fazsky in\u0161tit\u00fat na Slovensku<\/title>\n<meta name=\"robots\" content=\"index, follow, max-snippet:-1, max-image-preview:large, max-video-preview:-1\" \/>\n<link rel=\"canonical\" href=\"https:\/\/institutfrancais.sk\/fr\/podujatie\/50-ans-de-suffrage-feminin-en-suisse-tilo-frey\/\" \/>\n<meta property=\"og:locale\" content=\"fr_FR\" \/>\n<meta property=\"og:type\" content=\"article\" \/>\n<meta property=\"og:title\" content=\"50 ans de suffrage f\u00e9minin en Suisse [Tilo Frey] - Franc\u00fazsky in\u0161tit\u00fat na Slovensku\" \/>\n<meta property=\"og:description\" content=\"Ev\u00e8nement Date : mercredi 03 mars, 11h &#8211;&nbsp;12h30Lieu : En direct sur MS Teams La conf\u00e9rence tracera l\u2019histoire de la lutte pour le droit de vote des femmes ainsi que ses cons\u00e9quences. Elle montrera le r\u00f4le que la migration a&nbsp;jou\u00e9, comment les femmes ont chang\u00e9 la politique en Suisse par leur comportement \u00e9lectoral, ce qui [&hellip;]\" \/>\n<meta property=\"og:url\" content=\"https:\/\/institutfrancais.sk\/fr\/podujatie\/50-ans-de-suffrage-feminin-en-suisse-tilo-frey\/\" \/>\n<meta property=\"og:site_name\" content=\"Franc\u00fazsky in\u0161tit\u00fat na Slovensku\" \/>\n<meta property=\"article:modified_time\" content=\"2021-03-17T11:06:36+00:00\" \/>\n<meta property=\"og:image\" content=\"https:\/\/institutfrancais.sk\/wp-content\/uploads\/2021\/02\/Tilo-Frey.jpg\" \/>\n\t<meta property=\"og:image:width\" content=\"1300\" \/>\n\t<meta property=\"og:image:height\" content=\"876\" \/>\n\t<meta property=\"og:image:type\" content=\"image\/jpeg\" \/>\n<meta name=\"twitter:card\" content=\"summary_large_image\" \/>\n<meta name=\"twitter:label1\" content=\"Dur\u00e9e de lecture estim\u00e9e\" \/>\n\t<meta name=\"twitter:data1\" content=\"1 minute\" \/>\n<script type=\"application\/ld+json\" class=\"yoast-schema-graph\">{\"@context\":\"https:\/\/schema.org\",\"@graph\":[{\"@type\":\"WebPage\",\"@id\":\"https:\/\/institutfrancais.sk\/fr\/podujatie\/50-ans-de-suffrage-feminin-en-suisse-tilo-frey\/\",\"url\":\"https:\/\/institutfrancais.sk\/fr\/podujatie\/50-ans-de-suffrage-feminin-en-suisse-tilo-frey\/\",\"name\":\"50 ans de suffrage f\u00e9minin en Suisse [Tilo Frey] - Franc\u00fazsky in\u0161tit\u00fat na Slovensku\",\"isPartOf\":{\"@id\":\"https:\/\/institutfrancais.sk\/fr\/#website\"},\"primaryImageOfPage\":{\"@id\":\"https:\/\/institutfrancais.sk\/fr\/podujatie\/50-ans-de-suffrage-feminin-en-suisse-tilo-frey\/#primaryimage\"},\"image\":{\"@id\":\"https:\/\/institutfrancais.sk\/fr\/podujatie\/50-ans-de-suffrage-feminin-en-suisse-tilo-frey\/#primaryimage\"},\"thumbnailUrl\":\"https:\/\/institutfrancais.sk\/wp-content\/uploads\/2021\/02\/Tilo-Frey.jpg\",\"datePublished\":\"2021-02-08T08:00:42+00:00\",\"dateModified\":\"2021-03-17T11:06:36+00:00\",\"breadcrumb\":{\"@id\":\"https:\/\/institutfrancais.sk\/fr\/podujatie\/50-ans-de-suffrage-feminin-en-suisse-tilo-frey\/#breadcrumb\"},\"inLanguage\":\"fr-FR\",\"potentialAction\":[{\"@type\":\"ReadAction\",\"target\":[\"https:\/\/institutfrancais.sk\/fr\/podujatie\/50-ans-de-suffrage-feminin-en-suisse-tilo-frey\/\"]}]},{\"@type\":\"ImageObject\",\"inLanguage\":\"fr-FR\",\"@id\":\"https:\/\/institutfrancais.sk\/fr\/podujatie\/50-ans-de-suffrage-feminin-en-suisse-tilo-frey\/#primaryimage\",\"url\":\"https:\/\/institutfrancais.sk\/wp-content\/uploads\/2021\/02\/Tilo-Frey.jpg\",\"contentUrl\":\"https:\/\/institutfrancais.sk\/wp-content\/uploads\/2021\/02\/Tilo-Frey.jpg\",\"width\":1300,\"height\":876,\"caption\":\"Tilo Frey, FDP-Nationalraetin, aufgenommen im Dezember 1973 am Rednerpult im Bundeshaus in Bern. (KEYSTONE\/Str)\"},{\"@type\":\"BreadcrumbList\",\"@id\":\"https:\/\/institutfrancais.sk\/fr\/podujatie\/50-ans-de-suffrage-feminin-en-suisse-tilo-frey\/#breadcrumb\",\"itemListElement\":[{\"@type\":\"ListItem\",\"position\":1,\"name\":\"Home\",\"item\":\"https:\/\/institutfrancais.sk\/fr\/\"},{\"@type\":\"ListItem\",\"position\":2,\"name\":\"Events\",\"item\":\"https:\/\/institutfrancais.sk\/fr\/podujatie\/\"},{\"@type\":\"ListItem\",\"position\":3,\"name\":\"50 ans de suffrage f\u00e9minin en Suisse [Tilo Frey]\"}]},{\"@type\":\"WebSite\",\"@id\":\"https:\/\/institutfrancais.sk\/fr\/#website\",\"url\":\"https:\/\/institutfrancais.sk\/fr\/\",\"name\":\"Franc\u00fazsky in\u0161tit\u00fat na Slovensku\",\"description\":\"Franc\u00fazsky in\u0161tit\u00fat na Slovensku\",\"potentialAction\":[{\"@type\":\"SearchAction\",\"target\":{\"@type\":\"EntryPoint\",\"urlTemplate\":\"https:\/\/institutfrancais.sk\/fr\/?s={search_term_string}\"},\"query-input\":{\"@type\":\"PropertyValueSpecification\",\"valueRequired\":true,\"valueName\":\"search_term_string\"}}],\"inLanguage\":\"fr-FR\"}]}<\/script>\n<!-- \/ Yoast SEO plugin. -->","yoast_head_json":{"title":"50 ans de suffrage f\u00e9minin en Suisse [Tilo Frey] - Franc\u00fazsky in\u0161tit\u00fat na Slovensku","robots":{"index":"index","follow":"follow","max-snippet":"max-snippet:-1","max-image-preview":"max-image-preview:large","max-video-preview":"max-video-preview:-1"},"canonical":"https:\/\/institutfrancais.sk\/fr\/podujatie\/50-ans-de-suffrage-feminin-en-suisse-tilo-frey\/","og_locale":"fr_FR","og_type":"article","og_title":"50 ans de suffrage f\u00e9minin en Suisse [Tilo Frey] - Franc\u00fazsky in\u0161tit\u00fat na Slovensku","og_description":"Ev\u00e8nement Date : mercredi 03 mars, 11h &#8211;&nbsp;12h30Lieu : En direct sur MS Teams La conf\u00e9rence tracera l\u2019histoire de la lutte pour le droit de vote des femmes ainsi que ses cons\u00e9quences. Elle montrera le r\u00f4le que la migration a&nbsp;jou\u00e9, comment les femmes ont chang\u00e9 la politique en Suisse par leur comportement \u00e9lectoral, ce qui [&hellip;]","og_url":"https:\/\/institutfrancais.sk\/fr\/podujatie\/50-ans-de-suffrage-feminin-en-suisse-tilo-frey\/","og_site_name":"Franc\u00fazsky in\u0161tit\u00fat na Slovensku","article_modified_time":"2021-03-17T11:06:36+00:00","og_image":[{"width":1300,"height":876,"url":"https:\/\/institutfrancais.sk\/wp-content\/uploads\/2021\/02\/Tilo-Frey.jpg","type":"image\/jpeg"}],"twitter_card":"summary_large_image","twitter_misc":{"Dur\u00e9e de lecture estim\u00e9e":"1 minute"},"schema":{"@context":"https:\/\/schema.org","@graph":[{"@type":"WebPage","@id":"https:\/\/institutfrancais.sk\/fr\/podujatie\/50-ans-de-suffrage-feminin-en-suisse-tilo-frey\/","url":"https:\/\/institutfrancais.sk\/fr\/podujatie\/50-ans-de-suffrage-feminin-en-suisse-tilo-frey\/","name":"50 ans de suffrage f\u00e9minin en Suisse [Tilo Frey] - Franc\u00fazsky in\u0161tit\u00fat na Slovensku","isPartOf":{"@id":"https:\/\/institutfrancais.sk\/fr\/#website"},"primaryImageOfPage":{"@id":"https:\/\/institutfrancais.sk\/fr\/podujatie\/50-ans-de-suffrage-feminin-en-suisse-tilo-frey\/#primaryimage"},"image":{"@id":"https:\/\/institutfrancais.sk\/fr\/podujatie\/50-ans-de-suffrage-feminin-en-suisse-tilo-frey\/#primaryimage"},"thumbnailUrl":"https:\/\/institutfrancais.sk\/wp-content\/uploads\/2021\/02\/Tilo-Frey.jpg","datePublished":"2021-02-08T08:00:42+00:00","dateModified":"2021-03-17T11:06:36+00:00","breadcrumb":{"@id":"https:\/\/institutfrancais.sk\/fr\/podujatie\/50-ans-de-suffrage-feminin-en-suisse-tilo-frey\/#breadcrumb"},"inLanguage":"fr-FR","potentialAction":[{"@type":"ReadAction","target":["https:\/\/institutfrancais.sk\/fr\/podujatie\/50-ans-de-suffrage-feminin-en-suisse-tilo-frey\/"]}]},{"@type":"ImageObject","inLanguage":"fr-FR","@id":"https:\/\/institutfrancais.sk\/fr\/podujatie\/50-ans-de-suffrage-feminin-en-suisse-tilo-frey\/#primaryimage","url":"https:\/\/institutfrancais.sk\/wp-content\/uploads\/2021\/02\/Tilo-Frey.jpg","contentUrl":"https:\/\/institutfrancais.sk\/wp-content\/uploads\/2021\/02\/Tilo-Frey.jpg","width":1300,"height":876,"caption":"Tilo Frey, FDP-Nationalraetin, aufgenommen im Dezember 1973 am Rednerpult im Bundeshaus in Bern. (KEYSTONE\/Str)"},{"@type":"BreadcrumbList","@id":"https:\/\/institutfrancais.sk\/fr\/podujatie\/50-ans-de-suffrage-feminin-en-suisse-tilo-frey\/#breadcrumb","itemListElement":[{"@type":"ListItem","position":1,"name":"Home","item":"https:\/\/institutfrancais.sk\/fr\/"},{"@type":"ListItem","position":2,"name":"Events","item":"https:\/\/institutfrancais.sk\/fr\/podujatie\/"},{"@type":"ListItem","position":3,"name":"50 ans de suffrage f\u00e9minin en Suisse [Tilo Frey]"}]},{"@type":"WebSite","@id":"https:\/\/institutfrancais.sk\/fr\/#website","url":"https:\/\/institutfrancais.sk\/fr\/","name":"Franc\u00fazsky in\u0161tit\u00fat na Slovensku","description":"Franc\u00fazsky in\u0161tit\u00fat na Slovensku","potentialAction":[{"@type":"SearchAction","target":{"@type":"EntryPoint","urlTemplate":"https:\/\/institutfrancais.sk\/fr\/?s={search_term_string}"},"query-input":{"@type":"PropertyValueSpecification","valueRequired":true,"valueName":"search_term_string"}}],"inLanguage":"fr-FR"}]}},"_links":{"self":[{"href":"https:\/\/institutfrancais.sk\/fr\/wp-json\/wp\/v2\/podujatie\/15713"}],"collection":[{"href":"https:\/\/institutfrancais.sk\/fr\/wp-json\/wp\/v2\/podujatie"}],"about":[{"href":"https:\/\/institutfrancais.sk\/fr\/wp-json\/wp\/v2\/types\/podujatie"}],"wp:featuredmedia":[{"embeddable":true,"href":"https:\/\/institutfrancais.sk\/fr\/wp-json\/wp\/v2\/media\/16364"}],"wp:attachment":[{"href":"https:\/\/institutfrancais.sk\/fr\/wp-json\/wp\/v2\/media?parent=15713"}],"wp:term":[{"taxonomy":"typ-podujatia","embeddable":true,"href":"https:\/\/institutfrancais.sk\/fr\/wp-json\/wp\/v2\/typ-podujatia?post=15713"}],"curies":[{"name":"wp","href":"https:\/\/api.w.org\/{rel}","templated":true}]}}