{"id":15719,"date":"2021-02-08T10:45:07","date_gmt":"2021-02-08T09:45:07","guid":{"rendered":"https:\/\/institutfrancais.sk\/?post_type=podujatie&#038;p=15719"},"modified":"2021-03-15T18:30:52","modified_gmt":"2021-03-15T17:30:52","slug":"rencontre-avec-elena-baranova","status":"publish","type":"podujatie","link":"https:\/\/institutfrancais.sk\/fr\/podujatie\/rencontre-avec-elena-baranova\/","title":{"rendered":"Rencontre avec [Elena Baranov\u00e1]"},"content":{"rendered":"<div class=\"accordion-menu\"><a href=\"#a1-\" class=\"smooth\"><\/a><\/div><div class=\"accordion\" id=\"a696\"><div class=\"card\"><div class=\"card-header\" id=\"ha696_1\"><h3 class=\"card-opener\"><button class=\"collapsed\" type=\"button\" data-toggle=\"collapse\" data-target=\"#ca696_1\" aria-expanded=\"true\" aria-controls=\"ca696_1\">Elena Baranov\u00e1, la passion du fran\u00e7ais<span class=\"plus\"><svg viewBox=\"0 0 29 29\" xmlns=\"http:\/\/www.w3.org\/2000\/svg\"><path d=\"M28.2857 12.9286V16.7857C28.2857 17.3214 28.0982 17.7768 27.7232 18.1518C27.3482 18.5268 26.8929 18.7143 26.3571 18.7143H18V27.0714C18 27.6071 17.8125 28.0625 17.4375 28.4375C17.0625 28.8125 16.6071 29 16.0714 29H12.2143C11.6786 29 11.2232 28.8125 10.8482 28.4375C10.4732 28.0625 10.2857 27.6071 10.2857 27.0714V18.7143H1.92857C1.39286 18.7143 0.9375 18.5268 0.5625 18.1518C0.1875 17.7768 0 17.3214 0 16.7857V12.9286C0 12.3929 0.1875 11.9375 0.5625 11.5625C0.9375 11.1875 1.39286 11 1.92857 11H10.2857V2.64286C10.2857 2.10714 10.4732 1.65178 10.8482 1.27678C11.2232 0.901784 11.6786 0.714284 12.2143 0.714284H16.0714C16.6071 0.714284 17.0625 0.901784 17.4375 1.27678C17.8125 1.65178 18 2.10714 18 2.64286V11H26.3571C26.8929 11 27.3482 11.1875 27.7232 11.5625C28.0982 11.9375 28.2857 12.3929 28.2857 12.9286Z\"><\/svg><\/span><span class=\"minus\"><svg viewBox=\"0 0 29 8\" xmlns=\"http:\/\/www.w3.org\/2000\/svg\"><path d=\"M28.2857 1.92857V5.78571C28.2857 6.32143 28.0982 6.77679 27.7232 7.15179C27.3482 7.52679 26.8929 7.71429 26.3571 7.71429H1.92857C1.39286 7.71429 0.9375 7.52679 0.5625 7.15179C0.1875 6.77679 0 6.32143 0 5.78571V1.92857C0 1.39286 0.1875 0.937499 0.5625 0.562499C0.9375 0.1875 1.39286 0 1.92857 0H26.3571C26.8929 0 27.3482 0.1875 27.7232 0.562499C28.0982 0.937499 28.2857 1.39286 28.2857 1.92857Z\"><\/svg><\/span><\/button><\/h3><\/div><div id=\"ca696_1\" class=\"collapse\" aria-labelledby=\"ha696_1\" data-parent=\"#a696\"><div class=\"card-body\"><p>La vie et la personnalit\u00e9 d\u2019<strong>Elena Baranov\u00e1<\/strong> sont guid\u00e9es par une passion intense pour le fran\u00e7ais, passion qui l\u2019a men\u00e9e, d\u00e8s la fin des ann\u00e9es soixante, de Prague \u00e0 Rennes en passant par Paris. Mais c\u2019est surtout \u00e0 Bansk\u00e1 Bystrica, \u00e0 l\u2019universit\u00e9, qu\u2019Elena Baranov\u00e1 vit le fran\u00e7ais et partage cette passion avec ses \u00e9tudiants, en d\u00e9pit des soubresauts politiques qui ont marqu\u00e9 la vie universitaire d\u2019avant novembre 1989, souvent au d\u00e9triment de l\u2019enseignement du fran\u00e7ais en milieu acad\u00e9mique.<br \/>\n<strong><br \/>\n<\/strong>Destin particulier d&rsquo;une \u00e9poque particuli\u00e8re, Madame Baranov\u00e1 est le t\u00e9moin d&rsquo;une vie d&rsquo;<strong>\u00e9changes franco-slovaques<\/strong> et de l&rsquo;<strong>\u00e9volution de la francophonie en Slovaquie<\/strong> o\u00f9 les femmes ont jou\u00e9 et continuent \u00e0 jouer un r\u00f4le primordial.<\/p>\n<\/div><\/div><\/div><\/div>\n\n<div class=\"space sm\"><\/div>\n\n\n<h2 class=\"wp-block-heading\"><strong>Ev\u00e8nement<\/strong><\/h2>\n\n\n\n<p><strong><em>Date<\/em><\/strong> :<span class=\"has-inline-color has-vivid-red-color\"> <\/span>lundi 15 mars, 18h00, puis en podcast tout le reste du mois de mars<br><strong><em>Lieu<\/em><\/strong> : Facebook<\/p>\n\n\n\n<p><strong>Rencontre virtuelle<\/strong> entre les \u00e9tudiantes de fran\u00e7ais de l&rsquo;<strong>Universit\u00e9 Matej Bel<\/strong> impliqu\u00e9es dans le <strong>projet radio Francofunisk<\/strong> dans le cadre du CRU et Elena Baranov\u00e1, professeure de fran\u00e7ais \u00e0 l&rsquo;universit\u00e9 retrait\u00e9e. <\/p>\n\n\n\n<p>L&rsquo;interview portera principalement sur le parcours de Mme Baranov\u00e1, son rapport personnel \u00e0 la francophonie et l&rsquo;enseignement du fran\u00e7ais.&nbsp;<\/p>\n\n\n<div class=\"space xs\"><\/div>\n\n<div class=\"text-center\"><a href=\"https:\/\/www.mixcloud.com\/FrancofuniSK\/%C3%A9mission-sp%C3%A9ciale-mois-de-la-francophonie-2021-elena-baranov%C3%A1-la-passion-du-fran%C3%A7ais\/?fbclid=IwAR3RvWNNCVi3aPtW6ObdJ28SQUKiw9oOmoQ_5wH4iKVWbHK8unqrMf8cl8k\" class=\"btn btn-black-invert\" target=\"blank\" rel=\"noreferrer noopener\">Rendez-vous ici<\/a><\/div>\n\n<div class=\"space md\"><\/div>\n\n\n<h2 class=\"wp-block-heading\"><strong>Pour aller plus loin<\/strong><\/h2>\n\n\n\n<ul><li><a href=\"https:\/\/www.ff.umb.sk\/katedry\/katedra-romanistiky\/fotogaleria\/rozhovor-s-doc-baranovou-cez-prekazky-s-pokorou-na-slovicko-s-e-baranovou.html\" target=\"_blank\" rel=\"noreferrer noopener\">Interview <\/a>en slovaque de Elena Baranov\u00e1<\/li><li>Retrouvez FrancofuniSK en <a href=\"https:\/\/www.mixcloud.com\/FrancofuniSK\/\" target=\"_blank\" rel=\"noreferrer noopener\">Podcasts <\/a><\/li><\/ul>\n\n\n\n<figure class=\"wp-block-embed is-type-rich is-provider-mixcloud wp-block-embed-mixcloud wp-embed-aspect-21-9 wp-has-aspect-ratio\"><div class=\"wp-block-embed__wrapper\">\n<iframe loading=\"lazy\" title=\"\u00c9mission Sp\u00e9ciale : Covid-19\" width=\"100%\" height=\"120\" src=\"https:\/\/www.mixcloud.com\/widget\/iframe\/?feed=https%3A%2F%2Fwww.mixcloud.com%2FFrancofuniSK%2F%25C3%25A9mission-sp%25C3%25A9ciale-covid-19%2F&amp;hide_cover=1\" frameborder=\"0\"><\/iframe>\n<\/div><\/figure>\n\n\n<div class=\"space sm\"><\/div>\n\n\n<h2 class=\"wp-block-heading\"><strong>Organisateurs<\/strong><\/h2>\n\n\n<\/div><div class=\"gray-bg\"><div class=\"wrap\"><div class=\"white-boxes sponsors-partners nobtn\"><h2><span>Partenaires<\/span><\/h2><div class=\"box\"><h3>Partenaires<\/h3><div class=\"owl-carousel loop-2\"><div class=\"img\"><a href=\"https:\/\/www.facebook.com\/UMBCRU\" target=\"_blank\"><picture><source srcset=\"https:\/\/institutfrancais.sk\/wp-content\/uploads\/2021\/02\/19-CRU-UMB-194x300.jpg\" type=\"image\/jpeg\"><img decoding=\"async\" src=\"https:\/\/institutfrancais.sk\/wp-content\/uploads\/2021\/02\/19-CRU-UMB-194x300.jpg\" alt=\"\"width=\"100%\"\"><\/picture><\/a><\/div><div class=\"img\"><a href=\"https:\/\/www.ff.umb.sk\/katedry\/katedra-romanistiky\/ \" target=\"_blank\"><picture><source srcset=\"https:\/\/institutfrancais.sk\/wp-content\/uploads\/2021\/02\/20-UMB.png\" type=\"image\/jpeg\"><img decoding=\"async\" src=\"https:\/\/institutfrancais.sk\/wp-content\/uploads\/2021\/02\/20-UMB.png\" alt=\"\"width=\"100%\"\"><\/picture><\/a><\/div><\/div><\/div><\/div><\/div><\/div><\/div><div class=\"wrap narrow-wrap\">\n\n<div class=\"space sm\"><\/div>\n\n\n<p><em>\u00a9 Photo de couverture : Monika Z\u00e1zrivcov\u00e1<\/em><\/p>\n\n\n<div class=\"space sm\"><\/div>","protected":false},"featured_media":15720,"template":"","typ-podujatia":[98],"acf":[],"yoast_head":"<!-- This site is optimized with the Yoast SEO plugin v24.5 - https:\/\/yoast.com\/wordpress\/plugins\/seo\/ -->\n<title>Rencontre avec [Elena Baranov\u00e1] - Franc\u00fazsky in\u0161tit\u00fat na Slovensku<\/title>\n<meta name=\"robots\" content=\"index, follow, max-snippet:-1, max-image-preview:large, max-video-preview:-1\" \/>\n<link rel=\"canonical\" href=\"https:\/\/institutfrancais.sk\/fr\/podujatie\/rencontre-avec-elena-baranova\/\" \/>\n<meta property=\"og:locale\" content=\"fr_FR\" \/>\n<meta property=\"og:type\" content=\"article\" \/>\n<meta property=\"og:title\" content=\"Rencontre avec [Elena Baranov\u00e1] - Franc\u00fazsky in\u0161tit\u00fat na Slovensku\" \/>\n<meta property=\"og:description\" content=\"Ev\u00e8nement Date : lundi 15 mars, 18h00, puis en podcast tout le reste du mois de marsLieu : Facebook Rencontre virtuelle entre les \u00e9tudiantes de fran\u00e7ais de l&rsquo;Universit\u00e9 Matej Bel impliqu\u00e9es dans le projet radio Francofunisk dans le cadre du CRU et Elena Baranov\u00e1, professeure de fran\u00e7ais \u00e0 l&rsquo;universit\u00e9 retrait\u00e9e. L&rsquo;interview portera principalement sur le [&hellip;]\" \/>\n<meta property=\"og:url\" content=\"https:\/\/institutfrancais.sk\/fr\/podujatie\/rencontre-avec-elena-baranova\/\" \/>\n<meta property=\"og:site_name\" content=\"Franc\u00fazsky in\u0161tit\u00fat na Slovensku\" \/>\n<meta property=\"article:modified_time\" content=\"2021-03-15T17:30:52+00:00\" \/>\n<meta property=\"og:image\" content=\"https:\/\/institutfrancais.sk\/wp-content\/uploads\/2021\/02\/Image_Portrait_E.-Baranova.jpg\" \/>\n\t<meta property=\"og:image:width\" content=\"800\" \/>\n\t<meta property=\"og:image:height\" content=\"517\" \/>\n\t<meta property=\"og:image:type\" content=\"image\/jpeg\" \/>\n<meta name=\"twitter:card\" content=\"summary_large_image\" \/>\n<meta name=\"twitter:label1\" content=\"Dur\u00e9e de lecture estim\u00e9e\" \/>\n\t<meta name=\"twitter:data1\" content=\"1 minute\" \/>\n<script type=\"application\/ld+json\" class=\"yoast-schema-graph\">{\"@context\":\"https:\/\/schema.org\",\"@graph\":[{\"@type\":\"WebPage\",\"@id\":\"https:\/\/institutfrancais.sk\/fr\/podujatie\/rencontre-avec-elena-baranova\/\",\"url\":\"https:\/\/institutfrancais.sk\/fr\/podujatie\/rencontre-avec-elena-baranova\/\",\"name\":\"Rencontre avec [Elena Baranov\u00e1] - Franc\u00fazsky in\u0161tit\u00fat na Slovensku\",\"isPartOf\":{\"@id\":\"https:\/\/institutfrancais.sk\/fr\/#website\"},\"primaryImageOfPage\":{\"@id\":\"https:\/\/institutfrancais.sk\/fr\/podujatie\/rencontre-avec-elena-baranova\/#primaryimage\"},\"image\":{\"@id\":\"https:\/\/institutfrancais.sk\/fr\/podujatie\/rencontre-avec-elena-baranova\/#primaryimage\"},\"thumbnailUrl\":\"https:\/\/institutfrancais.sk\/wp-content\/uploads\/2021\/02\/Image_Portrait_E.-Baranova.jpg\",\"datePublished\":\"2021-02-08T09:45:07+00:00\",\"dateModified\":\"2021-03-15T17:30:52+00:00\",\"breadcrumb\":{\"@id\":\"https:\/\/institutfrancais.sk\/fr\/podujatie\/rencontre-avec-elena-baranova\/#breadcrumb\"},\"inLanguage\":\"fr-FR\",\"potentialAction\":[{\"@type\":\"ReadAction\",\"target\":[\"https:\/\/institutfrancais.sk\/fr\/podujatie\/rencontre-avec-elena-baranova\/\"]}]},{\"@type\":\"ImageObject\",\"inLanguage\":\"fr-FR\",\"@id\":\"https:\/\/institutfrancais.sk\/fr\/podujatie\/rencontre-avec-elena-baranova\/#primaryimage\",\"url\":\"https:\/\/institutfrancais.sk\/wp-content\/uploads\/2021\/02\/Image_Portrait_E.-Baranova.jpg\",\"contentUrl\":\"https:\/\/institutfrancais.sk\/wp-content\/uploads\/2021\/02\/Image_Portrait_E.-Baranova.jpg\",\"width\":800,\"height\":517},{\"@type\":\"BreadcrumbList\",\"@id\":\"https:\/\/institutfrancais.sk\/fr\/podujatie\/rencontre-avec-elena-baranova\/#breadcrumb\",\"itemListElement\":[{\"@type\":\"ListItem\",\"position\":1,\"name\":\"Home\",\"item\":\"https:\/\/institutfrancais.sk\/fr\/\"},{\"@type\":\"ListItem\",\"position\":2,\"name\":\"Events\",\"item\":\"https:\/\/institutfrancais.sk\/fr\/podujatie\/\"},{\"@type\":\"ListItem\",\"position\":3,\"name\":\"Rencontre avec [Elena Baranov\u00e1]\"}]},{\"@type\":\"WebSite\",\"@id\":\"https:\/\/institutfrancais.sk\/fr\/#website\",\"url\":\"https:\/\/institutfrancais.sk\/fr\/\",\"name\":\"Franc\u00fazsky in\u0161tit\u00fat na Slovensku\",\"description\":\"Franc\u00fazsky in\u0161tit\u00fat na Slovensku\",\"potentialAction\":[{\"@type\":\"SearchAction\",\"target\":{\"@type\":\"EntryPoint\",\"urlTemplate\":\"https:\/\/institutfrancais.sk\/fr\/?s={search_term_string}\"},\"query-input\":{\"@type\":\"PropertyValueSpecification\",\"valueRequired\":true,\"valueName\":\"search_term_string\"}}],\"inLanguage\":\"fr-FR\"}]}<\/script>\n<!-- \/ Yoast SEO plugin. -->","yoast_head_json":{"title":"Rencontre avec [Elena Baranov\u00e1] - Franc\u00fazsky in\u0161tit\u00fat na Slovensku","robots":{"index":"index","follow":"follow","max-snippet":"max-snippet:-1","max-image-preview":"max-image-preview:large","max-video-preview":"max-video-preview:-1"},"canonical":"https:\/\/institutfrancais.sk\/fr\/podujatie\/rencontre-avec-elena-baranova\/","og_locale":"fr_FR","og_type":"article","og_title":"Rencontre avec [Elena Baranov\u00e1] - Franc\u00fazsky in\u0161tit\u00fat na Slovensku","og_description":"Ev\u00e8nement Date : lundi 15 mars, 18h00, puis en podcast tout le reste du mois de marsLieu : Facebook Rencontre virtuelle entre les \u00e9tudiantes de fran\u00e7ais de l&rsquo;Universit\u00e9 Matej Bel impliqu\u00e9es dans le projet radio Francofunisk dans le cadre du CRU et Elena Baranov\u00e1, professeure de fran\u00e7ais \u00e0 l&rsquo;universit\u00e9 retrait\u00e9e. L&rsquo;interview portera principalement sur le [&hellip;]","og_url":"https:\/\/institutfrancais.sk\/fr\/podujatie\/rencontre-avec-elena-baranova\/","og_site_name":"Franc\u00fazsky in\u0161tit\u00fat na Slovensku","article_modified_time":"2021-03-15T17:30:52+00:00","og_image":[{"width":800,"height":517,"url":"https:\/\/institutfrancais.sk\/wp-content\/uploads\/2021\/02\/Image_Portrait_E.-Baranova.jpg","type":"image\/jpeg"}],"twitter_card":"summary_large_image","twitter_misc":{"Dur\u00e9e de lecture estim\u00e9e":"1 minute"},"schema":{"@context":"https:\/\/schema.org","@graph":[{"@type":"WebPage","@id":"https:\/\/institutfrancais.sk\/fr\/podujatie\/rencontre-avec-elena-baranova\/","url":"https:\/\/institutfrancais.sk\/fr\/podujatie\/rencontre-avec-elena-baranova\/","name":"Rencontre avec [Elena Baranov\u00e1] - Franc\u00fazsky in\u0161tit\u00fat na Slovensku","isPartOf":{"@id":"https:\/\/institutfrancais.sk\/fr\/#website"},"primaryImageOfPage":{"@id":"https:\/\/institutfrancais.sk\/fr\/podujatie\/rencontre-avec-elena-baranova\/#primaryimage"},"image":{"@id":"https:\/\/institutfrancais.sk\/fr\/podujatie\/rencontre-avec-elena-baranova\/#primaryimage"},"thumbnailUrl":"https:\/\/institutfrancais.sk\/wp-content\/uploads\/2021\/02\/Image_Portrait_E.-Baranova.jpg","datePublished":"2021-02-08T09:45:07+00:00","dateModified":"2021-03-15T17:30:52+00:00","breadcrumb":{"@id":"https:\/\/institutfrancais.sk\/fr\/podujatie\/rencontre-avec-elena-baranova\/#breadcrumb"},"inLanguage":"fr-FR","potentialAction":[{"@type":"ReadAction","target":["https:\/\/institutfrancais.sk\/fr\/podujatie\/rencontre-avec-elena-baranova\/"]}]},{"@type":"ImageObject","inLanguage":"fr-FR","@id":"https:\/\/institutfrancais.sk\/fr\/podujatie\/rencontre-avec-elena-baranova\/#primaryimage","url":"https:\/\/institutfrancais.sk\/wp-content\/uploads\/2021\/02\/Image_Portrait_E.-Baranova.jpg","contentUrl":"https:\/\/institutfrancais.sk\/wp-content\/uploads\/2021\/02\/Image_Portrait_E.-Baranova.jpg","width":800,"height":517},{"@type":"BreadcrumbList","@id":"https:\/\/institutfrancais.sk\/fr\/podujatie\/rencontre-avec-elena-baranova\/#breadcrumb","itemListElement":[{"@type":"ListItem","position":1,"name":"Home","item":"https:\/\/institutfrancais.sk\/fr\/"},{"@type":"ListItem","position":2,"name":"Events","item":"https:\/\/institutfrancais.sk\/fr\/podujatie\/"},{"@type":"ListItem","position":3,"name":"Rencontre avec [Elena Baranov\u00e1]"}]},{"@type":"WebSite","@id":"https:\/\/institutfrancais.sk\/fr\/#website","url":"https:\/\/institutfrancais.sk\/fr\/","name":"Franc\u00fazsky in\u0161tit\u00fat na Slovensku","description":"Franc\u00fazsky in\u0161tit\u00fat na Slovensku","potentialAction":[{"@type":"SearchAction","target":{"@type":"EntryPoint","urlTemplate":"https:\/\/institutfrancais.sk\/fr\/?s={search_term_string}"},"query-input":{"@type":"PropertyValueSpecification","valueRequired":true,"valueName":"search_term_string"}}],"inLanguage":"fr-FR"}]}},"_links":{"self":[{"href":"https:\/\/institutfrancais.sk\/fr\/wp-json\/wp\/v2\/podujatie\/15719"}],"collection":[{"href":"https:\/\/institutfrancais.sk\/fr\/wp-json\/wp\/v2\/podujatie"}],"about":[{"href":"https:\/\/institutfrancais.sk\/fr\/wp-json\/wp\/v2\/types\/podujatie"}],"wp:featuredmedia":[{"embeddable":true,"href":"https:\/\/institutfrancais.sk\/fr\/wp-json\/wp\/v2\/media\/15720"}],"wp:attachment":[{"href":"https:\/\/institutfrancais.sk\/fr\/wp-json\/wp\/v2\/media?parent=15719"}],"wp:term":[{"taxonomy":"typ-podujatia","embeddable":true,"href":"https:\/\/institutfrancais.sk\/fr\/wp-json\/wp\/v2\/typ-podujatia?post=15719"}],"curies":[{"name":"wp","href":"https:\/\/api.w.org\/{rel}","templated":true}]}}