{"id":15905,"date":"2021-02-08T09:45:42","date_gmt":"2021-02-08T08:45:42","guid":{"rendered":"https:\/\/institutfrancais.sk\/?post_type=podujatie&#038;p=15905"},"modified":"2021-03-26T16:47:28","modified_gmt":"2021-03-26T15:47:28","slug":"femmes-dans-la-diplomatie-slovaque-ingrid-brockova","status":"publish","type":"podujatie","link":"https:\/\/institutfrancais.sk\/fr\/podujatie\/femmes-dans-la-diplomatie-slovaque-ingrid-brockova\/","title":{"rendered":"Femmes dans la diplomatie slovaque [Ingrid Brockov\u00e1]"},"content":{"rendered":"<div class=\"accordion-menu\"><a href=\"#a1-\" class=\"smooth\"><\/a><\/div><div class=\"accordion\" id=\"a796\"><div class=\"card\"><div class=\"card-header\" id=\"ha796_1\"><h3 class=\"card-opener\"><button class=\"collapsed\" type=\"button\" data-toggle=\"collapse\" data-target=\"#ca796_1\" aria-expanded=\"true\" aria-controls=\"ca796_1\">Ingrid Brockov\u00e1, Secr\u00e9taire d&rsquo;Etat du Minist\u00e8re des affaires \u00e9trang\u00e8res et europ\u00e9ennes slovaque<span class=\"plus\"><svg viewBox=\"0 0 29 29\" xmlns=\"http:\/\/www.w3.org\/2000\/svg\"><path d=\"M28.2857 12.9286V16.7857C28.2857 17.3214 28.0982 17.7768 27.7232 18.1518C27.3482 18.5268 26.8929 18.7143 26.3571 18.7143H18V27.0714C18 27.6071 17.8125 28.0625 17.4375 28.4375C17.0625 28.8125 16.6071 29 16.0714 29H12.2143C11.6786 29 11.2232 28.8125 10.8482 28.4375C10.4732 28.0625 10.2857 27.6071 10.2857 27.0714V18.7143H1.92857C1.39286 18.7143 0.9375 18.5268 0.5625 18.1518C0.1875 17.7768 0 17.3214 0 16.7857V12.9286C0 12.3929 0.1875 11.9375 0.5625 11.5625C0.9375 11.1875 1.39286 11 1.92857 11H10.2857V2.64286C10.2857 2.10714 10.4732 1.65178 10.8482 1.27678C11.2232 0.901784 11.6786 0.714284 12.2143 0.714284H16.0714C16.6071 0.714284 17.0625 0.901784 17.4375 1.27678C17.8125 1.65178 18 2.10714 18 2.64286V11H26.3571C26.8929 11 27.3482 11.1875 27.7232 11.5625C28.0982 11.9375 28.2857 12.3929 28.2857 12.9286Z\"><\/svg><\/span><span class=\"minus\"><svg viewBox=\"0 0 29 8\" xmlns=\"http:\/\/www.w3.org\/2000\/svg\"><path d=\"M28.2857 1.92857V5.78571C28.2857 6.32143 28.0982 6.77679 27.7232 7.15179C27.3482 7.52679 26.8929 7.71429 26.3571 7.71429H1.92857C1.39286 7.71429 0.9375 7.52679 0.5625 7.15179C0.1875 6.77679 0 6.32143 0 5.78571V1.92857C0 1.39286 0.1875 0.937499 0.5625 0.562499C0.9375 0.1875 1.39286 0 1.92857 0H26.3571C26.8929 0 27.3482 0.1875 27.7232 0.562499C28.0982 0.937499 28.2857 1.39286 28.2857 1.92857Z\"><\/svg><\/span><\/button><\/h3><\/div><div id=\"ca796_1\" class=\"collapse\" aria-labelledby=\"ha796_1\" data-parent=\"#a796\"><div class=\"card-body\"><p><img loading=\"lazy\" decoding=\"async\" class=\"alignnone wp-image-15906 size-full\" src=\"https:\/\/institutfrancais.sk\/wp-content\/uploads\/2021\/02\/I.-Brockova-photo_profil.jpg\" alt=\"\" width=\"1000\" height=\"1500\" srcset=\"https:\/\/institutfrancais.sk\/wp-content\/uploads\/2021\/02\/I.-Brockova-photo_profil.jpg 1000w, https:\/\/institutfrancais.sk\/wp-content\/uploads\/2021\/02\/I.-Brockova-photo_profil-200x300.jpg 200w, https:\/\/institutfrancais.sk\/wp-content\/uploads\/2021\/02\/I.-Brockova-photo_profil-683x1024.jpg 683w, https:\/\/institutfrancais.sk\/wp-content\/uploads\/2021\/02\/I.-Brockova-photo_profil-768x1152.jpg 768w, https:\/\/institutfrancais.sk\/wp-content\/uploads\/2021\/02\/I.-Brockova-photo_profil-667x1000.jpg 667w\" sizes=\"(max-width: 1000px) 100vw, 1000px\" \/><\/p>\n<p><em>\u00a9 Minist\u00e8re des Affaires Etrang\u00e8res<\/em><\/p>\n<p><strong>Ingrid Brockov\u00e1 <\/strong>est une femme qui fait son chemin dans la <strong>diplomatie et la politique \u00e9trang\u00e8re slovaque depuis une trentaine d&rsquo;ann\u00e9es<\/strong>. Elle a&nbsp;occup\u00e9 plusieurs postes \u00e9lev\u00e9s au Minist\u00e8re des affaires \u00e9trang\u00e8res et europ\u00e9ennes slovaque.<\/p>\n<p>Apr\u00e8s ses \u00e9tudes \u00e0 la Facult\u00e9 de technologie chimique de l&rsquo;Universit\u00e9 slovaque de technologie, et \u00e0 l&rsquo;Institut des relations internationales de l&rsquo;Universit\u00e9 Comenius, elle poursuit son parcours universitaire et se sp\u00e9cialise en politique publique internationale \u00e0 l&rsquo;Universit\u00e9 de Johns Hopkins \u00e0 Washington, D.C, SAIS The Paul H.Nitze School of Advanced International Studies.<\/p>\n<p>Elle a&nbsp;aussi effectu\u00e9 plusieurs stages \u00e0 l&rsquo;\u00e9tranger &#8211;&nbsp;Saint Mary\u2019s University, Halifax, Canada (1992) ;&nbsp;Stanford University, Hoover Institution, USA (1994) ;&nbsp;La Commission europ\u00e9enne &#8211;&nbsp;Direction de la politique de d\u00e9veloppement (2007);&nbsp;IPDET, Charleton University, Ottawa, Canada (2008).<\/p>\n<p>Elle travaille au Minist\u00e8re des affaires \u00e9trang\u00e8res et europ\u00e9ennes slovaque <strong>depuis 1993<\/strong>, d&rsquo;abord au D\u00e9partement de la coop\u00e9ration \u00e9conomique internationale, puis plus tard \u00e0 l&rsquo;Ambassade de la R\u00e9publique slovaque \u00e0 Washington et au D\u00e9partement d&rsquo;analyse et de planification. Entre 2001 et 2008 elle a&nbsp;travaill\u00e9 en tant que repr\u00e9sentante de la Banque mondiale en Slovaquie.<\/p>\n<p>Apr\u00e8s son retour au minist\u00e8re, elle a&nbsp;successivement occup\u00e9 le poste de <strong>directrice du D\u00e9partement politique de l&rsquo;Union europ\u00e9enne<\/strong>, d&rsquo;<strong>Ambassadrice et repr\u00e9sentante permanente de la R\u00e9publique slovaque aupr\u00e8s de l&rsquo;OCDE<\/strong> \u00e0 Paris, de <strong>directrice g\u00e9n\u00e9rale de la Section de la coop\u00e9ration \u00e9conomique<\/strong>, et de nouveau d&rsquo;Ambassadrice de la R\u00e9publique slovaque aupr\u00e8s de l&rsquo;Organisation de coop\u00e9ration et de d\u00e9veloppement des affaires \u00e9conomiques (OCDE) \u00e0 Paris.<\/p>\n<p>Depuis mars 2020, elle est la <strong>Secr\u00e9taire d\u2019\u00c9tat du Minist\u00e8re des affaires \u00e9trang\u00e8res et europ\u00e9ennes<\/strong>, responsable pour la diplomatie \u00e9conomique, le d\u00e9veloppement et de l&rsquo;aide humanitaire et la coop\u00e9ration multilat\u00e9rale.<\/p>\n<p>&nbsp;<\/p>\n<\/div><\/div><\/div><\/div>\n\n<div class=\"space xs\"><\/div>\n\n\n<h2 class=\"wp-block-heading\">\u00c9v\u00e8nement<\/h2>\n\n\n\n<p><strong><em>Date<\/em><\/strong> : mardi 09 mars, 14h00<br><strong><em>Lieu<\/em><\/strong> : MS Teams<br><strong><em>Public <\/em><\/strong>: fonctionnaires d&rsquo;\u00e9tat francophones, corps diplomatique francophone\u200b,&nbsp;\u00e9tudiants francophones<\/p>\n\n\n\n<p>Le service europ\u00e9en pour l&rsquo;action ext\u00e9rieure a&nbsp;fix\u00e9 un objectif de <strong>40% d&rsquo;ambassadrices<\/strong> pour les missions de l&rsquo;UE \u00e0 l&rsquo;\u00e9tranger et la haute direction \u00e0 Bruxelles. <strong>Dans les 27 pays europ\u00e9ens, 4 femmes sont actuellement ministres des affaires \u00e9trang\u00e8res<\/strong>. <\/p>\n\n\n\n<p><em>Est-ce beaucoup ? Trop peu ? Quelle est la repr\u00e9sentation des femmes dans&nbsp;la diplomatie et la politique \u00e9trang\u00e8re slovaque ? <em>La Slovaquie \u0153uvre-t-elle \u00e0 l&rsquo;augmentation des repr\u00e9sentations f\u00e9minines au service diplomatique ou est-ce plut\u00f4t un club masculin relativement exclusif qui suit la tendance ?<\/em><\/em><\/p>\n\n\n\n<p>Lors d&rsquo;une table ronde, venez discuter avec nous de ces questions, de la mani\u00e8re dont sont per\u00e7ues les femmes dans la politique \u00e9trang\u00e8re slovaque. A&nbsp;travers des partages d&rsquo;exp\u00e9rience de repr\u00e9sentantes slovaques et leurs parcours professionnels, il sera question de r\u00e9fl\u00e9chir \u00e0 l&rsquo;\u00e9galit\u00e9 des femmes et des hommes dans ce domaine.<\/p>\n\n\n<div class=\"space xs\"><\/div>\n\n<div class=\"text-center\"><a href=\"https:\/\/www.youtube.com\/watch?v=nOehx-qazSg\" class=\"btn\" target=\"blank\" rel=\"noreferrer noopener\">Voir l&rsquo;enregistrement vid\u00e9o<\/a><\/div>\n\n<div class=\"space md\"><\/div>\n\n\n<h2 class=\"wp-block-heading\"><strong>Pour aller plus loin<\/strong><\/h2>\n\n\n\n<ul><li>Activit\u00e9s propos\u00e9es la semaine du 8 mars par le Minist\u00e8res des Affaires \u00e9trang\u00e8re sur le <a href=\"https:\/\/www.mzv.sk\/aktuality\/tyzden-zien-v-diplomacii\/-\/asset_publisher\/05ZE7OUSxLDD\/content\/minister-ivan-korcok-ocenil-pri-prilezitosti-tyzdna-zien-v-diplomacii-pat-vynimocnych-sloveniek?_101_INSTANCE_05ZE7OUSxLDD_redirect=%2Faktuality%2Ftyzden-zien-v-diplomacii%3Ffbclid%3DIwAR3QpK54X9AQ3b8M2L9kVMa_Y2Z0z5hNTuRPTy-dcb4zjAVFjJztnQ3GsyM\" target=\"_blank\" rel=\"noreferrer noopener\">site<\/a>.<\/li><li>Suivez les activit\u00e9s de la Secr\u00e9taire d\u2019\u00c9tat en consultant son <a href=\"https:\/\/www.facebook.com\/IBrockova\/\" target=\"_blank\" rel=\"noreferrer noopener\">profil Facebook<\/a><a href=\"https:\/\/www.facebook.com\/IBrockova\/\"><strong>.<\/strong><\/a><\/li><li>Pour \u00eatre inform\u00e9.e des priorit\u00e9s \u00e0 long terme de la politique \u00e9trang\u00e8re et de s\u00e9curit\u00e9 de la R\u00e9publique slovaque et de l&rsquo;importance de la politique \u00e9trang\u00e8re pour les habitants de la Slovaquie, consultez le profil Facebook <a href=\"https:\/\/www.facebook.com\/1589080011178196\/posts\/3596273700458807\/?fbclid=IwAR1AaVw1tBKvKQBwSTRLcbJVF9ngKgPnHlK2OeTn7Bby3S4AG6lETG6L7lQ\" target=\"_blank\" rel=\"noreferrer noopener\">Zahrani\u010dn\u00e1 politika sa n\u00e1s t\u00fdka<\/a>.<\/li><\/ul>\n\n\n<div class=\"space sm\"><\/div>\n\n\n<h2 class=\"wp-block-heading\"><strong>Organisateurs<\/strong><\/h2>\n\n\n<\/div><div class=\"gray-bg\"><div class=\"wrap\"><div class=\"white-boxes sponsors-partners nobtn\"><h2><span>Partenaires<\/span><\/h2><div class=\"box\"><h3>Partenaires<\/h3><div class=\"owl-carousel loop-2\"><div class=\"img\"><a href=\"https:\/\/www.mzv.sk\/\" target=\"_blank\"><picture><source srcset=\"https:\/\/institutfrancais.sk\/wp-content\/uploads\/2021\/02\/9-MZV-300x88.jpg\" type=\"image\/jpeg\"><img decoding=\"async\" src=\"https:\/\/institutfrancais.sk\/wp-content\/uploads\/2021\/02\/9-MZV-300x88.jpg\" alt=\"\"width=\"100%\"\"><\/picture><\/a><\/div><div class=\"img\"><a href=\"https:\/\/www.minedu.sk\/\" target=\"_blank\"><picture><source srcset=\"https:\/\/institutfrancais.sk\/wp-content\/uploads\/2021\/02\/10-Minedu-1-300x106.jpg\" type=\"image\/jpeg\"><img decoding=\"async\" src=\"https:\/\/institutfrancais.sk\/wp-content\/uploads\/2021\/02\/10-Minedu-1-300x106.jpg\" alt=\"\"width=\"100%\"\"><\/picture><\/a><\/div><\/div><\/div><\/div><\/div><\/div><\/div><div class=\"wrap narrow-wrap\">","protected":false},"featured_media":15920,"template":"","typ-podujatia":[53],"acf":[],"yoast_head":"<!-- This site is optimized with the Yoast SEO plugin v24.5 - https:\/\/yoast.com\/wordpress\/plugins\/seo\/ -->\n<title>Femmes dans la diplomatie slovaque [Ingrid Brockov\u00e1] - Franc\u00fazsky in\u0161tit\u00fat na Slovensku<\/title>\n<meta name=\"robots\" content=\"index, follow, max-snippet:-1, max-image-preview:large, max-video-preview:-1\" \/>\n<link rel=\"canonical\" href=\"https:\/\/institutfrancais.sk\/fr\/podujatie\/femmes-dans-la-diplomatie-slovaque-ingrid-brockova\/\" \/>\n<meta property=\"og:locale\" content=\"fr_FR\" \/>\n<meta property=\"og:type\" content=\"article\" \/>\n<meta property=\"og:title\" content=\"Femmes dans la diplomatie slovaque [Ingrid Brockov\u00e1] - Franc\u00fazsky in\u0161tit\u00fat na Slovensku\" \/>\n<meta property=\"og:description\" content=\"\u00c9v\u00e8nement Date : mardi 09 mars, 14h00Lieu : MS TeamsPublic : fonctionnaires d&rsquo;\u00e9tat francophones, corps diplomatique francophone\u200b,&nbsp;\u00e9tudiants francophones Le service europ\u00e9en pour l&rsquo;action ext\u00e9rieure a&nbsp;fix\u00e9 un objectif de 40% d&rsquo;ambassadrices pour les missions de l&rsquo;UE \u00e0 l&rsquo;\u00e9tranger et la haute direction \u00e0 Bruxelles. Dans les 27 pays europ\u00e9ens, 4 femmes sont actuellement ministres des affaires [&hellip;]\" \/>\n<meta property=\"og:url\" content=\"https:\/\/institutfrancais.sk\/fr\/podujatie\/femmes-dans-la-diplomatie-slovaque-ingrid-brockova\/\" \/>\n<meta property=\"og:site_name\" content=\"Franc\u00fazsky in\u0161tit\u00fat na Slovensku\" \/>\n<meta property=\"article:modified_time\" content=\"2021-03-26T15:47:28+00:00\" \/>\n<meta property=\"og:image\" content=\"https:\/\/institutfrancais.sk\/wp-content\/uploads\/2021\/02\/Image_tete-d\u00b4evenement-2-scaled.jpg\" \/>\n\t<meta property=\"og:image:width\" content=\"2560\" \/>\n\t<meta property=\"og:image:height\" content=\"1418\" \/>\n\t<meta property=\"og:image:type\" content=\"image\/jpeg\" \/>\n<meta name=\"twitter:card\" content=\"summary_large_image\" \/>\n<meta name=\"twitter:label1\" content=\"Dur\u00e9e de lecture estim\u00e9e\" \/>\n\t<meta name=\"twitter:data1\" content=\"1 minute\" \/>\n<script type=\"application\/ld+json\" class=\"yoast-schema-graph\">{\"@context\":\"https:\/\/schema.org\",\"@graph\":[{\"@type\":\"WebPage\",\"@id\":\"https:\/\/institutfrancais.sk\/fr\/podujatie\/femmes-dans-la-diplomatie-slovaque-ingrid-brockova\/\",\"url\":\"https:\/\/institutfrancais.sk\/fr\/podujatie\/femmes-dans-la-diplomatie-slovaque-ingrid-brockova\/\",\"name\":\"Femmes dans la diplomatie slovaque [Ingrid Brockov\u00e1] - Franc\u00fazsky in\u0161tit\u00fat na Slovensku\",\"isPartOf\":{\"@id\":\"https:\/\/institutfrancais.sk\/fr\/#website\"},\"primaryImageOfPage\":{\"@id\":\"https:\/\/institutfrancais.sk\/fr\/podujatie\/femmes-dans-la-diplomatie-slovaque-ingrid-brockova\/#primaryimage\"},\"image\":{\"@id\":\"https:\/\/institutfrancais.sk\/fr\/podujatie\/femmes-dans-la-diplomatie-slovaque-ingrid-brockova\/#primaryimage\"},\"thumbnailUrl\":\"https:\/\/institutfrancais.sk\/wp-content\/uploads\/2021\/02\/Image_tete-d\u00b4evenement-2-scaled.jpg\",\"datePublished\":\"2021-02-08T08:45:42+00:00\",\"dateModified\":\"2021-03-26T15:47:28+00:00\",\"breadcrumb\":{\"@id\":\"https:\/\/institutfrancais.sk\/fr\/podujatie\/femmes-dans-la-diplomatie-slovaque-ingrid-brockova\/#breadcrumb\"},\"inLanguage\":\"fr-FR\",\"potentialAction\":[{\"@type\":\"ReadAction\",\"target\":[\"https:\/\/institutfrancais.sk\/fr\/podujatie\/femmes-dans-la-diplomatie-slovaque-ingrid-brockova\/\"]}]},{\"@type\":\"ImageObject\",\"inLanguage\":\"fr-FR\",\"@id\":\"https:\/\/institutfrancais.sk\/fr\/podujatie\/femmes-dans-la-diplomatie-slovaque-ingrid-brockova\/#primaryimage\",\"url\":\"https:\/\/institutfrancais.sk\/wp-content\/uploads\/2021\/02\/Image_tete-d\u00b4evenement-2-scaled.jpg\",\"contentUrl\":\"https:\/\/institutfrancais.sk\/wp-content\/uploads\/2021\/02\/Image_tete-d\u00b4evenement-2-scaled.jpg\",\"width\":2560,\"height\":1418},{\"@type\":\"BreadcrumbList\",\"@id\":\"https:\/\/institutfrancais.sk\/fr\/podujatie\/femmes-dans-la-diplomatie-slovaque-ingrid-brockova\/#breadcrumb\",\"itemListElement\":[{\"@type\":\"ListItem\",\"position\":1,\"name\":\"Home\",\"item\":\"https:\/\/institutfrancais.sk\/fr\/\"},{\"@type\":\"ListItem\",\"position\":2,\"name\":\"Events\",\"item\":\"https:\/\/institutfrancais.sk\/fr\/podujatie\/\"},{\"@type\":\"ListItem\",\"position\":3,\"name\":\"Femmes dans la diplomatie slovaque [Ingrid Brockov\u00e1]\"}]},{\"@type\":\"WebSite\",\"@id\":\"https:\/\/institutfrancais.sk\/fr\/#website\",\"url\":\"https:\/\/institutfrancais.sk\/fr\/\",\"name\":\"Franc\u00fazsky in\u0161tit\u00fat na Slovensku\",\"description\":\"Franc\u00fazsky in\u0161tit\u00fat na Slovensku\",\"potentialAction\":[{\"@type\":\"SearchAction\",\"target\":{\"@type\":\"EntryPoint\",\"urlTemplate\":\"https:\/\/institutfrancais.sk\/fr\/?s={search_term_string}\"},\"query-input\":{\"@type\":\"PropertyValueSpecification\",\"valueRequired\":true,\"valueName\":\"search_term_string\"}}],\"inLanguage\":\"fr-FR\"}]}<\/script>\n<!-- \/ Yoast SEO plugin. -->","yoast_head_json":{"title":"Femmes dans la diplomatie slovaque [Ingrid Brockov\u00e1] - Franc\u00fazsky in\u0161tit\u00fat na Slovensku","robots":{"index":"index","follow":"follow","max-snippet":"max-snippet:-1","max-image-preview":"max-image-preview:large","max-video-preview":"max-video-preview:-1"},"canonical":"https:\/\/institutfrancais.sk\/fr\/podujatie\/femmes-dans-la-diplomatie-slovaque-ingrid-brockova\/","og_locale":"fr_FR","og_type":"article","og_title":"Femmes dans la diplomatie slovaque [Ingrid Brockov\u00e1] - Franc\u00fazsky in\u0161tit\u00fat na Slovensku","og_description":"\u00c9v\u00e8nement Date : mardi 09 mars, 14h00Lieu : MS TeamsPublic : fonctionnaires d&rsquo;\u00e9tat francophones, corps diplomatique francophone\u200b,&nbsp;\u00e9tudiants francophones Le service europ\u00e9en pour l&rsquo;action ext\u00e9rieure a&nbsp;fix\u00e9 un objectif de 40% d&rsquo;ambassadrices pour les missions de l&rsquo;UE \u00e0 l&rsquo;\u00e9tranger et la haute direction \u00e0 Bruxelles. Dans les 27 pays europ\u00e9ens, 4 femmes sont actuellement ministres des affaires [&hellip;]","og_url":"https:\/\/institutfrancais.sk\/fr\/podujatie\/femmes-dans-la-diplomatie-slovaque-ingrid-brockova\/","og_site_name":"Franc\u00fazsky in\u0161tit\u00fat na Slovensku","article_modified_time":"2021-03-26T15:47:28+00:00","og_image":[{"width":2560,"height":1418,"url":"https:\/\/institutfrancais.sk\/wp-content\/uploads\/2021\/02\/Image_tete-d\u00b4evenement-2-scaled.jpg","type":"image\/jpeg"}],"twitter_card":"summary_large_image","twitter_misc":{"Dur\u00e9e de lecture estim\u00e9e":"1 minute"},"schema":{"@context":"https:\/\/schema.org","@graph":[{"@type":"WebPage","@id":"https:\/\/institutfrancais.sk\/fr\/podujatie\/femmes-dans-la-diplomatie-slovaque-ingrid-brockova\/","url":"https:\/\/institutfrancais.sk\/fr\/podujatie\/femmes-dans-la-diplomatie-slovaque-ingrid-brockova\/","name":"Femmes dans la diplomatie slovaque [Ingrid Brockov\u00e1] - Franc\u00fazsky in\u0161tit\u00fat na Slovensku","isPartOf":{"@id":"https:\/\/institutfrancais.sk\/fr\/#website"},"primaryImageOfPage":{"@id":"https:\/\/institutfrancais.sk\/fr\/podujatie\/femmes-dans-la-diplomatie-slovaque-ingrid-brockova\/#primaryimage"},"image":{"@id":"https:\/\/institutfrancais.sk\/fr\/podujatie\/femmes-dans-la-diplomatie-slovaque-ingrid-brockova\/#primaryimage"},"thumbnailUrl":"https:\/\/institutfrancais.sk\/wp-content\/uploads\/2021\/02\/Image_tete-d\u00b4evenement-2-scaled.jpg","datePublished":"2021-02-08T08:45:42+00:00","dateModified":"2021-03-26T15:47:28+00:00","breadcrumb":{"@id":"https:\/\/institutfrancais.sk\/fr\/podujatie\/femmes-dans-la-diplomatie-slovaque-ingrid-brockova\/#breadcrumb"},"inLanguage":"fr-FR","potentialAction":[{"@type":"ReadAction","target":["https:\/\/institutfrancais.sk\/fr\/podujatie\/femmes-dans-la-diplomatie-slovaque-ingrid-brockova\/"]}]},{"@type":"ImageObject","inLanguage":"fr-FR","@id":"https:\/\/institutfrancais.sk\/fr\/podujatie\/femmes-dans-la-diplomatie-slovaque-ingrid-brockova\/#primaryimage","url":"https:\/\/institutfrancais.sk\/wp-content\/uploads\/2021\/02\/Image_tete-d\u00b4evenement-2-scaled.jpg","contentUrl":"https:\/\/institutfrancais.sk\/wp-content\/uploads\/2021\/02\/Image_tete-d\u00b4evenement-2-scaled.jpg","width":2560,"height":1418},{"@type":"BreadcrumbList","@id":"https:\/\/institutfrancais.sk\/fr\/podujatie\/femmes-dans-la-diplomatie-slovaque-ingrid-brockova\/#breadcrumb","itemListElement":[{"@type":"ListItem","position":1,"name":"Home","item":"https:\/\/institutfrancais.sk\/fr\/"},{"@type":"ListItem","position":2,"name":"Events","item":"https:\/\/institutfrancais.sk\/fr\/podujatie\/"},{"@type":"ListItem","position":3,"name":"Femmes dans la diplomatie slovaque [Ingrid Brockov\u00e1]"}]},{"@type":"WebSite","@id":"https:\/\/institutfrancais.sk\/fr\/#website","url":"https:\/\/institutfrancais.sk\/fr\/","name":"Franc\u00fazsky in\u0161tit\u00fat na Slovensku","description":"Franc\u00fazsky in\u0161tit\u00fat na Slovensku","potentialAction":[{"@type":"SearchAction","target":{"@type":"EntryPoint","urlTemplate":"https:\/\/institutfrancais.sk\/fr\/?s={search_term_string}"},"query-input":{"@type":"PropertyValueSpecification","valueRequired":true,"valueName":"search_term_string"}}],"inLanguage":"fr-FR"}]}},"_links":{"self":[{"href":"https:\/\/institutfrancais.sk\/fr\/wp-json\/wp\/v2\/podujatie\/15905"}],"collection":[{"href":"https:\/\/institutfrancais.sk\/fr\/wp-json\/wp\/v2\/podujatie"}],"about":[{"href":"https:\/\/institutfrancais.sk\/fr\/wp-json\/wp\/v2\/types\/podujatie"}],"wp:featuredmedia":[{"embeddable":true,"href":"https:\/\/institutfrancais.sk\/fr\/wp-json\/wp\/v2\/media\/15920"}],"wp:attachment":[{"href":"https:\/\/institutfrancais.sk\/fr\/wp-json\/wp\/v2\/media?parent=15905"}],"wp:term":[{"taxonomy":"typ-podujatia","embeddable":true,"href":"https:\/\/institutfrancais.sk\/fr\/wp-json\/wp\/v2\/typ-podujatia?post=15905"}],"curies":[{"name":"wp","href":"https:\/\/api.w.org\/{rel}","templated":true}]}}