{"id":16027,"date":"2021-02-08T11:50:32","date_gmt":"2021-02-08T10:50:32","guid":{"rendered":"https:\/\/institutfrancais.sk\/?post_type=podujatie&#038;p=16027"},"modified":"2021-02-19T14:40:03","modified_gmt":"2021-02-19T13:40:03","slug":"femmes-contemporaines-liees-a-la-nature-lamya-essemlali","status":"publish","type":"podujatie","link":"https:\/\/institutfrancais.sk\/fr\/podujatie\/femmes-contemporaines-liees-a-la-nature-lamya-essemlali\/","title":{"rendered":"Femmes contemporaines li\u00e9es \u00e0 la nature [Lamya Essemlali]"},"content":{"rendered":"<div class=\"accordion-menu\"><a href=\"#a1-\" class=\"smooth\"><\/a><\/div><div class=\"accordion\" id=\"a748\"><div class=\"card\"><div class=\"card-header\" id=\"ha748_1\"><h3 class=\"card-opener\"><button class=\"collapsed\" type=\"button\" data-toggle=\"collapse\" data-target=\"#ca748_1\" aria-expanded=\"true\" aria-controls=\"ca748_1\">Lamya Essemlali, pr\u00e9sidente de Sea Shepherd France<span class=\"plus\"><svg viewBox=\"0 0 29 29\" xmlns=\"http:\/\/www.w3.org\/2000\/svg\"><path d=\"M28.2857 12.9286V16.7857C28.2857 17.3214 28.0982 17.7768 27.7232 18.1518C27.3482 18.5268 26.8929 18.7143 26.3571 18.7143H18V27.0714C18 27.6071 17.8125 28.0625 17.4375 28.4375C17.0625 28.8125 16.6071 29 16.0714 29H12.2143C11.6786 29 11.2232 28.8125 10.8482 28.4375C10.4732 28.0625 10.2857 27.6071 10.2857 27.0714V18.7143H1.92857C1.39286 18.7143 0.9375 18.5268 0.5625 18.1518C0.1875 17.7768 0 17.3214 0 16.7857V12.9286C0 12.3929 0.1875 11.9375 0.5625 11.5625C0.9375 11.1875 1.39286 11 1.92857 11H10.2857V2.64286C10.2857 2.10714 10.4732 1.65178 10.8482 1.27678C11.2232 0.901784 11.6786 0.714284 12.2143 0.714284H16.0714C16.6071 0.714284 17.0625 0.901784 17.4375 1.27678C17.8125 1.65178 18 2.10714 18 2.64286V11H26.3571C26.8929 11 27.3482 11.1875 27.7232 11.5625C28.0982 11.9375 28.2857 12.3929 28.2857 12.9286Z\"><\/svg><\/span><span class=\"minus\"><svg viewBox=\"0 0 29 8\" xmlns=\"http:\/\/www.w3.org\/2000\/svg\"><path d=\"M28.2857 1.92857V5.78571C28.2857 6.32143 28.0982 6.77679 27.7232 7.15179C27.3482 7.52679 26.8929 7.71429 26.3571 7.71429H1.92857C1.39286 7.71429 0.9375 7.52679 0.5625 7.15179C0.1875 6.77679 0 6.32143 0 5.78571V1.92857C0 1.39286 0.1875 0.937499 0.5625 0.562499C0.9375 0.1875 1.39286 0 1.92857 0H26.3571C26.8929 0 27.3482 0.1875 27.7232 0.562499C28.0982 0.937499 28.2857 1.39286 28.2857 1.92857Z\"><\/svg><\/span><\/button><\/h3><\/div><div id=\"ca748_1\" class=\"collapse\" aria-labelledby=\"ha748_1\" data-parent=\"#a748\"><div class=\"card-body\"><div style=\"width: 1280px;\" class=\"wp-video\"><!--[if lt IE 9]><script>document.createElement('video');<\/script><![endif]-->\n<video class=\"wp-video-shortcode\" id=\"video-16027-1\" width=\"1280\" height=\"1280\" preload=\"metadata\" controls=\"controls\"><source type=\"video\/mp4\" src=\"https:\/\/institutfrancais.sk\/wp-content\/uploads\/2021\/02\/Lamya-Essemlali-Francophonie-2021.mp4?_=1\" \/><a href=\"https:\/\/institutfrancais.sk\/wp-content\/uploads\/2021\/02\/Lamya-Essemlali-Francophonie-2021.mp4\">https:\/\/institutfrancais.sk\/wp-content\/uploads\/2021\/02\/Lamya-Essemlali-Francophonie-2021.mp4<\/a><\/video><\/div>\n<p>&nbsp;<\/p>\n<p><iframe loading=\"lazy\" src=\"https:\/\/embed.radiofrance.fr\/franceinfo\/player\/aod\/51b02a67-4b27-4578-94e7-247fe7e88af0\" width=\"540\" height=\"170\" frameborder=\"0\" scrolling=\"no\"><\/iframe><\/p>\n<p><a href=\"https:\/\/www.francetvinfo.fr\/replay-radio\/heroines\/lamya-essemlali-la-gardienne-des-oceans_4279595.html\" target=\"_blank\" rel=\"noopener\"><em>Article \/ transcription<\/em><\/a><\/p>\n<\/div><\/div><\/div><\/div>\n\n<div class=\"space sm\"><\/div>\n\n\n<h2 class=\"wp-block-heading\">Ev\u00e8nement<\/h2>\n\n\n\n<p><strong><em>Date <\/em><\/strong>: mardi 23 mars<br><strong><em>Lieu<\/em><\/strong> : exposition sur le site internet de la Section Bilingue Metodova<\/p>\n\n\n\n<p><strong>Des femmes se battent au quotidien<\/strong> pour d\u00e9fendre la nature, les animaux ou leurs terres.&nbsp;<\/p>\n\n\n\n<p>Dans leur projet Francophonie, la <strong>Section Bilingue Metodova<\/strong> invite ses \u00e9l\u00e8ves \u00e0 faire un portrait complet d\u2019une femme en lien avec la nature, tout en apportant une r\u00e9flexion sur le lien entre le monde animal et humain, ainsi que la nature humaine et l\u2019\u00e9cologie.&nbsp;<\/p>\n\n\n<div class=\"space xs\"><\/div>\n\n<div class=\"text-center\"><a href=\"https:\/\/gmet.edupage.org\/text77\/\" class=\"btn btn-black-invert\" target=\"blank\" rel=\"noreferrer noopener\">Rendez-vous ici<\/a><\/div>\n\n<div class=\"space sm\"><\/div>\n\n\n<h2 class=\"wp-block-heading\"><strong>Organisateurs<\/strong><\/h2>\n\n\n<\/div><div class=\"gray-bg\"><div class=\"wrap\"><div class=\"white-boxes sponsors-partners nobtn\"><h2><span>Partenaires<\/span><\/h2><div class=\"box\"><h3>Partenaires<\/h3><div class=\"owl-carousel loop-2\"><div class=\"img\"><a href=\"https:\/\/gmet.edupage.org\/\" target=\"_blank\"><picture><source srcset=\"https:\/\/institutfrancais.sk\/wp-content\/uploads\/2021\/02\/17-Metodova-1.jpeg\" type=\"image\/jpeg\"><img decoding=\"async\" src=\"https:\/\/institutfrancais.sk\/wp-content\/uploads\/2021\/02\/17-Metodova-1.jpeg\" alt=\"\"width=\"100%\"\"><\/picture><\/a><\/div><\/div><\/div><\/div><\/div><\/div><\/div><div class=\"wrap narrow-wrap\">\n\n<div class=\"space sm\"><\/div>\n\n\n<p><em>\u00a9 Photo de couverture : \u00ab\u00a0File:Lamya Essemlali 2012.jpg\u00a0\u00bb&nbsp;by&nbsp;Paul Watson Lamya Essemlali crop.jpg: Brandbook DE Derivative work: L\u00e9odras&nbsp;is licensed under&nbsp;CC BY-SA 4.0<\/em><\/p>\n\n\n<div class=\"space sm\"><\/div>","protected":false},"featured_media":16132,"template":"","typ-podujatia":[56],"acf":[],"yoast_head":"<!-- This site is optimized with the Yoast SEO plugin v24.5 - https:\/\/yoast.com\/wordpress\/plugins\/seo\/ -->\n<title>Femmes contemporaines li\u00e9es \u00e0 la nature [Lamya Essemlali] - Franc\u00fazsky in\u0161tit\u00fat na Slovensku<\/title>\n<meta name=\"robots\" content=\"index, follow, max-snippet:-1, max-image-preview:large, max-video-preview:-1\" \/>\n<link rel=\"canonical\" href=\"https:\/\/institutfrancais.sk\/fr\/podujatie\/femmes-contemporaines-liees-a-la-nature-lamya-essemlali\/\" \/>\n<meta property=\"og:locale\" content=\"fr_FR\" \/>\n<meta property=\"og:type\" content=\"article\" \/>\n<meta property=\"og:title\" content=\"Femmes contemporaines li\u00e9es \u00e0 la nature [Lamya Essemlali] - Franc\u00fazsky in\u0161tit\u00fat na Slovensku\" \/>\n<meta property=\"og:description\" content=\"Ev\u00e8nement Date : mardi 23 marsLieu : exposition sur le site internet de la Section Bilingue Metodova Des femmes se battent au quotidien pour d\u00e9fendre la nature, les animaux ou leurs terres.&nbsp; Dans leur projet Francophonie, la Section Bilingue Metodova invite ses \u00e9l\u00e8ves \u00e0 faire un portrait complet d\u2019une femme en lien avec la nature, [&hellip;]\" \/>\n<meta property=\"og:url\" content=\"https:\/\/institutfrancais.sk\/fr\/podujatie\/femmes-contemporaines-liees-a-la-nature-lamya-essemlali\/\" \/>\n<meta property=\"og:site_name\" content=\"Franc\u00fazsky in\u0161tit\u00fat na Slovensku\" \/>\n<meta property=\"article:modified_time\" content=\"2021-02-19T13:40:03+00:00\" \/>\n<meta property=\"og:image\" content=\"https:\/\/institutfrancais.sk\/wp-content\/uploads\/2021\/02\/Lamya-Essemlali-CC.jpg\" \/>\n\t<meta property=\"og:image:width\" content=\"840\" \/>\n\t<meta property=\"og:image:height\" content=\"693\" \/>\n\t<meta property=\"og:image:type\" content=\"image\/jpeg\" \/>\n<meta name=\"twitter:card\" content=\"summary_large_image\" \/>\n<meta name=\"twitter:label1\" content=\"Dur\u00e9e de lecture estim\u00e9e\" \/>\n\t<meta name=\"twitter:data1\" content=\"1 minute\" \/>\n<script type=\"application\/ld+json\" class=\"yoast-schema-graph\">{\"@context\":\"https:\/\/schema.org\",\"@graph\":[{\"@type\":\"WebPage\",\"@id\":\"https:\/\/institutfrancais.sk\/fr\/podujatie\/femmes-contemporaines-liees-a-la-nature-lamya-essemlali\/\",\"url\":\"https:\/\/institutfrancais.sk\/fr\/podujatie\/femmes-contemporaines-liees-a-la-nature-lamya-essemlali\/\",\"name\":\"Femmes contemporaines li\u00e9es \u00e0 la nature [Lamya Essemlali] - Franc\u00fazsky in\u0161tit\u00fat na Slovensku\",\"isPartOf\":{\"@id\":\"https:\/\/institutfrancais.sk\/fr\/#website\"},\"primaryImageOfPage\":{\"@id\":\"https:\/\/institutfrancais.sk\/fr\/podujatie\/femmes-contemporaines-liees-a-la-nature-lamya-essemlali\/#primaryimage\"},\"image\":{\"@id\":\"https:\/\/institutfrancais.sk\/fr\/podujatie\/femmes-contemporaines-liees-a-la-nature-lamya-essemlali\/#primaryimage\"},\"thumbnailUrl\":\"https:\/\/institutfrancais.sk\/wp-content\/uploads\/2021\/02\/Lamya-Essemlali-CC.jpg\",\"datePublished\":\"2021-02-08T10:50:32+00:00\",\"dateModified\":\"2021-02-19T13:40:03+00:00\",\"breadcrumb\":{\"@id\":\"https:\/\/institutfrancais.sk\/fr\/podujatie\/femmes-contemporaines-liees-a-la-nature-lamya-essemlali\/#breadcrumb\"},\"inLanguage\":\"fr-FR\",\"potentialAction\":[{\"@type\":\"ReadAction\",\"target\":[\"https:\/\/institutfrancais.sk\/fr\/podujatie\/femmes-contemporaines-liees-a-la-nature-lamya-essemlali\/\"]}]},{\"@type\":\"ImageObject\",\"inLanguage\":\"fr-FR\",\"@id\":\"https:\/\/institutfrancais.sk\/fr\/podujatie\/femmes-contemporaines-liees-a-la-nature-lamya-essemlali\/#primaryimage\",\"url\":\"https:\/\/institutfrancais.sk\/wp-content\/uploads\/2021\/02\/Lamya-Essemlali-CC.jpg\",\"contentUrl\":\"https:\/\/institutfrancais.sk\/wp-content\/uploads\/2021\/02\/Lamya-Essemlali-CC.jpg\",\"width\":840,\"height\":693},{\"@type\":\"BreadcrumbList\",\"@id\":\"https:\/\/institutfrancais.sk\/fr\/podujatie\/femmes-contemporaines-liees-a-la-nature-lamya-essemlali\/#breadcrumb\",\"itemListElement\":[{\"@type\":\"ListItem\",\"position\":1,\"name\":\"Home\",\"item\":\"https:\/\/institutfrancais.sk\/fr\/\"},{\"@type\":\"ListItem\",\"position\":2,\"name\":\"Events\",\"item\":\"https:\/\/institutfrancais.sk\/fr\/podujatie\/\"},{\"@type\":\"ListItem\",\"position\":3,\"name\":\"Femmes contemporaines li\u00e9es \u00e0 la nature [Lamya Essemlali]\"}]},{\"@type\":\"WebSite\",\"@id\":\"https:\/\/institutfrancais.sk\/fr\/#website\",\"url\":\"https:\/\/institutfrancais.sk\/fr\/\",\"name\":\"Franc\u00fazsky in\u0161tit\u00fat na Slovensku\",\"description\":\"Franc\u00fazsky in\u0161tit\u00fat na Slovensku\",\"potentialAction\":[{\"@type\":\"SearchAction\",\"target\":{\"@type\":\"EntryPoint\",\"urlTemplate\":\"https:\/\/institutfrancais.sk\/fr\/?s={search_term_string}\"},\"query-input\":{\"@type\":\"PropertyValueSpecification\",\"valueRequired\":true,\"valueName\":\"search_term_string\"}}],\"inLanguage\":\"fr-FR\"}]}<\/script>\n<!-- \/ Yoast SEO plugin. -->","yoast_head_json":{"title":"Femmes contemporaines li\u00e9es \u00e0 la nature [Lamya Essemlali] - Franc\u00fazsky in\u0161tit\u00fat na Slovensku","robots":{"index":"index","follow":"follow","max-snippet":"max-snippet:-1","max-image-preview":"max-image-preview:large","max-video-preview":"max-video-preview:-1"},"canonical":"https:\/\/institutfrancais.sk\/fr\/podujatie\/femmes-contemporaines-liees-a-la-nature-lamya-essemlali\/","og_locale":"fr_FR","og_type":"article","og_title":"Femmes contemporaines li\u00e9es \u00e0 la nature [Lamya Essemlali] - Franc\u00fazsky in\u0161tit\u00fat na Slovensku","og_description":"Ev\u00e8nement Date : mardi 23 marsLieu : exposition sur le site internet de la Section Bilingue Metodova Des femmes se battent au quotidien pour d\u00e9fendre la nature, les animaux ou leurs terres.&nbsp; Dans leur projet Francophonie, la Section Bilingue Metodova invite ses \u00e9l\u00e8ves \u00e0 faire un portrait complet d\u2019une femme en lien avec la nature, [&hellip;]","og_url":"https:\/\/institutfrancais.sk\/fr\/podujatie\/femmes-contemporaines-liees-a-la-nature-lamya-essemlali\/","og_site_name":"Franc\u00fazsky in\u0161tit\u00fat na Slovensku","article_modified_time":"2021-02-19T13:40:03+00:00","og_image":[{"width":840,"height":693,"url":"https:\/\/institutfrancais.sk\/wp-content\/uploads\/2021\/02\/Lamya-Essemlali-CC.jpg","type":"image\/jpeg"}],"twitter_card":"summary_large_image","twitter_misc":{"Dur\u00e9e de lecture estim\u00e9e":"1 minute"},"schema":{"@context":"https:\/\/schema.org","@graph":[{"@type":"WebPage","@id":"https:\/\/institutfrancais.sk\/fr\/podujatie\/femmes-contemporaines-liees-a-la-nature-lamya-essemlali\/","url":"https:\/\/institutfrancais.sk\/fr\/podujatie\/femmes-contemporaines-liees-a-la-nature-lamya-essemlali\/","name":"Femmes contemporaines li\u00e9es \u00e0 la nature [Lamya Essemlali] - Franc\u00fazsky in\u0161tit\u00fat na Slovensku","isPartOf":{"@id":"https:\/\/institutfrancais.sk\/fr\/#website"},"primaryImageOfPage":{"@id":"https:\/\/institutfrancais.sk\/fr\/podujatie\/femmes-contemporaines-liees-a-la-nature-lamya-essemlali\/#primaryimage"},"image":{"@id":"https:\/\/institutfrancais.sk\/fr\/podujatie\/femmes-contemporaines-liees-a-la-nature-lamya-essemlali\/#primaryimage"},"thumbnailUrl":"https:\/\/institutfrancais.sk\/wp-content\/uploads\/2021\/02\/Lamya-Essemlali-CC.jpg","datePublished":"2021-02-08T10:50:32+00:00","dateModified":"2021-02-19T13:40:03+00:00","breadcrumb":{"@id":"https:\/\/institutfrancais.sk\/fr\/podujatie\/femmes-contemporaines-liees-a-la-nature-lamya-essemlali\/#breadcrumb"},"inLanguage":"fr-FR","potentialAction":[{"@type":"ReadAction","target":["https:\/\/institutfrancais.sk\/fr\/podujatie\/femmes-contemporaines-liees-a-la-nature-lamya-essemlali\/"]}]},{"@type":"ImageObject","inLanguage":"fr-FR","@id":"https:\/\/institutfrancais.sk\/fr\/podujatie\/femmes-contemporaines-liees-a-la-nature-lamya-essemlali\/#primaryimage","url":"https:\/\/institutfrancais.sk\/wp-content\/uploads\/2021\/02\/Lamya-Essemlali-CC.jpg","contentUrl":"https:\/\/institutfrancais.sk\/wp-content\/uploads\/2021\/02\/Lamya-Essemlali-CC.jpg","width":840,"height":693},{"@type":"BreadcrumbList","@id":"https:\/\/institutfrancais.sk\/fr\/podujatie\/femmes-contemporaines-liees-a-la-nature-lamya-essemlali\/#breadcrumb","itemListElement":[{"@type":"ListItem","position":1,"name":"Home","item":"https:\/\/institutfrancais.sk\/fr\/"},{"@type":"ListItem","position":2,"name":"Events","item":"https:\/\/institutfrancais.sk\/fr\/podujatie\/"},{"@type":"ListItem","position":3,"name":"Femmes contemporaines li\u00e9es \u00e0 la nature [Lamya Essemlali]"}]},{"@type":"WebSite","@id":"https:\/\/institutfrancais.sk\/fr\/#website","url":"https:\/\/institutfrancais.sk\/fr\/","name":"Franc\u00fazsky in\u0161tit\u00fat na Slovensku","description":"Franc\u00fazsky in\u0161tit\u00fat na Slovensku","potentialAction":[{"@type":"SearchAction","target":{"@type":"EntryPoint","urlTemplate":"https:\/\/institutfrancais.sk\/fr\/?s={search_term_string}"},"query-input":{"@type":"PropertyValueSpecification","valueRequired":true,"valueName":"search_term_string"}}],"inLanguage":"fr-FR"}]}},"_links":{"self":[{"href":"https:\/\/institutfrancais.sk\/fr\/wp-json\/wp\/v2\/podujatie\/16027"}],"collection":[{"href":"https:\/\/institutfrancais.sk\/fr\/wp-json\/wp\/v2\/podujatie"}],"about":[{"href":"https:\/\/institutfrancais.sk\/fr\/wp-json\/wp\/v2\/types\/podujatie"}],"wp:featuredmedia":[{"embeddable":true,"href":"https:\/\/institutfrancais.sk\/fr\/wp-json\/wp\/v2\/media\/16132"}],"wp:attachment":[{"href":"https:\/\/institutfrancais.sk\/fr\/wp-json\/wp\/v2\/media?parent=16027"}],"wp:term":[{"taxonomy":"typ-podujatia","embeddable":true,"href":"https:\/\/institutfrancais.sk\/fr\/wp-json\/wp\/v2\/typ-podujatia?post=16027"}],"curies":[{"name":"wp","href":"https:\/\/api.w.org\/{rel}","templated":true}]}}