{"id":16031,"date":"2021-02-08T09:15:17","date_gmt":"2021-02-08T08:15:17","guid":{"rendered":"https:\/\/institutfrancais.sk\/?post_type=podujatie&#038;p=16031"},"modified":"2021-03-08T16:17:27","modified_gmt":"2021-03-08T15:17:27","slug":"femmes-celebres-de-roumanie-du-xixe-au-debut-du-xxe","status":"publish","type":"podujatie","link":"https:\/\/institutfrancais.sk\/fr\/podujatie\/femmes-celebres-de-roumanie-du-xixe-au-debut-du-xxe\/","title":{"rendered":"Femmes c\u00e9l\u00e8bres de Roumanie du XIXe au d\u00e9but du XXe [Sarmiza Bilcescu]"},"content":{"rendered":"<div class=\"accordion-menu\"><a href=\"#a1-\" class=\"smooth\"><\/a><\/div><div class=\"accordion\" id=\"a64\"><div class=\"card\"><div class=\"card-header\" id=\"ha64_1\"><h3 class=\"card-opener\"><button class=\"collapsed\" type=\"button\" data-toggle=\"collapse\" data-target=\"#ca64_1\" aria-expanded=\"true\" aria-controls=\"ca64_1\">Sarmiza Bilcescu<span class=\"plus\"><svg viewBox=\"0 0 29 29\" xmlns=\"http:\/\/www.w3.org\/2000\/svg\"><path d=\"M28.2857 12.9286V16.7857C28.2857 17.3214 28.0982 17.7768 27.7232 18.1518C27.3482 18.5268 26.8929 18.7143 26.3571 18.7143H18V27.0714C18 27.6071 17.8125 28.0625 17.4375 28.4375C17.0625 28.8125 16.6071 29 16.0714 29H12.2143C11.6786 29 11.2232 28.8125 10.8482 28.4375C10.4732 28.0625 10.2857 27.6071 10.2857 27.0714V18.7143H1.92857C1.39286 18.7143 0.9375 18.5268 0.5625 18.1518C0.1875 17.7768 0 17.3214 0 16.7857V12.9286C0 12.3929 0.1875 11.9375 0.5625 11.5625C0.9375 11.1875 1.39286 11 1.92857 11H10.2857V2.64286C10.2857 2.10714 10.4732 1.65178 10.8482 1.27678C11.2232 0.901784 11.6786 0.714284 12.2143 0.714284H16.0714C16.6071 0.714284 17.0625 0.901784 17.4375 1.27678C17.8125 1.65178 18 2.10714 18 2.64286V11H26.3571C26.8929 11 27.3482 11.1875 27.7232 11.5625C28.0982 11.9375 28.2857 12.3929 28.2857 12.9286Z\"><\/svg><\/span><span class=\"minus\"><svg viewBox=\"0 0 29 8\" xmlns=\"http:\/\/www.w3.org\/2000\/svg\"><path d=\"M28.2857 1.92857V5.78571C28.2857 6.32143 28.0982 6.77679 27.7232 7.15179C27.3482 7.52679 26.8929 7.71429 26.3571 7.71429H1.92857C1.39286 7.71429 0.9375 7.52679 0.5625 7.15179C0.1875 6.77679 0 6.32143 0 5.78571V1.92857C0 1.39286 0.1875 0.937499 0.5625 0.562499C0.9375 0.1875 1.39286 0 1.92857 0H26.3571C26.8929 0 27.3482 0.1875 27.7232 0.562499C28.0982 0.937499 28.2857 1.39286 28.2857 1.92857Z\"><\/svg><\/span><\/button><\/h3><\/div><div id=\"ca64_1\" class=\"collapse\" aria-labelledby=\"ha64_1\" data-parent=\"#a64\"><div class=\"card-body\"><p><strong>Sarmiza Bilcescu<\/strong>, connue comme pionni\u00e8re des femmes licenci\u00e9e dans le domaine du droit, est <strong>la premi\u00e8re femme docteur en droit au monde<\/strong>.<\/p>\n<p>N\u00e9e en 1867 \u00e0 Bucarest, elle obtient sa licence en Sciences juridiques en 1887 \u00e0 la Sorbonne. Trois ans plus tard, en 1890, elle devient <strong>la premi\u00e8re femme en Europe \u00e0 obtenir un doctorat en droit<\/strong>.<\/p>\n<p>De retour en Roumanie, Sarmiza Bilcescu a&nbsp;\u00e9t\u00e9 admise au barreau en 1981. Bien qu&rsquo;elle n&rsquo;ait pas plaid\u00e9 devant le tribunal et ait pris sa retraite apr\u00e8s six ans, elle a&nbsp;continu\u00e9 \u00e0 \u00eatre active dans les cercles f\u00e9ministes en Roumanie, <strong>luttant pour augmenter le niveau d&rsquo;\u00e9ducation des femmes<\/strong>.<\/p>\n<p>Par son travail et sa personnalit\u00e9, Sarmiza Bilcescu<strong> a&nbsp;ouvert de nouvelles voies en termes d&rsquo;\u00e9mancipation des femmes roumaines<\/strong>.<\/p>\n<\/div><\/div><\/div><\/div>\n\n<div class=\"space sm\"><\/div>\n\n\n<h2 class=\"wp-block-heading\">\u00c9v\u00e8nement<\/h2>\n\n\n\n<p><strong><em>Date <\/em><\/strong>: lundi 08 mars<br><strong><em>Lieu<\/em><\/strong> : Premi\u00e8re sur Facebook du Mois de la Francophonie, puis en ligne sur le site<\/p>\n\n\n\n<p>L&rsquo;<strong>Ambassade de Roumanie<\/strong> emm\u00e8ne les curieux et curieuses <strong>\u00e0 la d\u00e9couverte de personnalit\u00e9s f\u00e9minines d&rsquo;origine roumaine<\/strong> qui, de par leurs destin\u00e9es extraordinaires et leurs contributions remarquables, ont ouvert de nouvelles voies dans des domaines tels que la m\u00e9decine, l&rsquo;architecture, l&rsquo;ing\u00e9nierie, le droit ou encore la sant\u00e9.<\/p>\n\n\n\n<div class=\"wp-block-image\"><figure class=\"aligncenter size-large is-resized\"><img loading=\"lazy\" decoding=\"async\" src=\"https:\/\/institutfrancais.sk\/wp-content\/uploads\/2021\/02\/Image1-1024x627.png\" alt=\"\" class=\"wp-image-16052\" width=\"575\" height=\"352\" srcset=\"https:\/\/institutfrancais.sk\/wp-content\/uploads\/2021\/02\/Image1-1024x627.png 1024w, https:\/\/institutfrancais.sk\/wp-content\/uploads\/2021\/02\/Image1-300x184.png 300w, https:\/\/institutfrancais.sk\/wp-content\/uploads\/2021\/02\/Image1-768x470.png 768w, https:\/\/institutfrancais.sk\/wp-content\/uploads\/2021\/02\/Image1-1536x940.png 1536w, https:\/\/institutfrancais.sk\/wp-content\/uploads\/2021\/02\/Image1-1190x728.png 1190w, https:\/\/institutfrancais.sk\/wp-content\/uploads\/2021\/02\/Image1-1634x1000.png 1634w, https:\/\/institutfrancais.sk\/wp-content\/uploads\/2021\/02\/Image1.png 1704w\" sizes=\"(max-width: 575px) 100vw, 575px\" \/><\/figure><\/div>\n\n\n<div class=\"space xs\"><\/div>\n\n\n<p>Ce documentaire porte sur des femmes exceptionnelles, sur leur courage, leur passion et leur volont\u00e9 de surmonter des barri\u00e8res en tous genres. On y \u00e9voque quelques personnalit\u00e9s f\u00e9minines, dont <strong><em>Iulia Hasdeu<\/em><\/strong>, la premi\u00e8re roumaine \u00e9tudiante \u00e0 la Sorbonne ;&nbsp;<strong><em>Maria Cu\u021barida-Cr\u0103tunescu<\/em><\/strong>, la premi\u00e8re Roumaine dipl\u00f4m\u00e9e en m\u00e9decine ;&nbsp;Virginia Andreescu Haret, la premi\u00e8re femme architecte au monde ;&nbsp;<strong><em>Eliza Leonida Zamfirescu<\/em><\/strong>, la premi\u00e8re femme-ing\u00e9nieur en Europe ;&nbsp;<strong><em>Sarmiza Bilcescu<\/em><\/strong>, la premi\u00e8re femme en Europe dipl\u00f4m\u00e9e en droit, mais aussi la premi\u00e8re femme au monde titulaire d&rsquo;un doctorat en droit et la premi\u00e8re femme avocate en Roumanie ;&nbsp;enfin, <strong><em>Florica Bagdasar<\/em><\/strong>, la premi\u00e8re femme ministre en Roumanie (ministre de la Sant\u00e9).<\/p>\n\n\n<div class=\"space xs\"><\/div>\n\n<div class=\"text-center\"><a href=\"https:\/\/www.facebook.com\/mesiacfrankofonie\/videos\/847096949172210\" class=\"btn btn-black-invert\" target=\"blank\" rel=\"noreferrer noopener\">Rendez-vous ici<\/a><\/div>\n\n<div class=\"space sm\"><\/div>\n\n\n<h2 class=\"wp-block-heading\"><strong>Organisateurs<\/strong><\/h2>\n\n\n<\/div><div class=\"gray-bg\"><div class=\"wrap\"><div class=\"white-boxes sponsors-partners nobtn\"><h2><span>Partenaires<\/span><\/h2><div class=\"box\"><h3>Partenaires<\/h3><div class=\"owl-carousel loop-2\"><div class=\"img\"><a href=\"http:\/\/bratislava.mae.ro\/\" target=\"_blank\"><picture><source srcset=\"https:\/\/institutfrancais.sk\/wp-content\/uploads\/2021\/02\/13-Ambassade-de-Roumanie-215x300.jpg\" type=\"image\/jpeg\"><img decoding=\"async\" src=\"https:\/\/institutfrancais.sk\/wp-content\/uploads\/2021\/02\/13-Ambassade-de-Roumanie-215x300.jpg\" alt=\"\"width=\"100%\"\"><\/picture><\/a><\/div><\/div><\/div><\/div><\/div><\/div><\/div><div class=\"wrap narrow-wrap\">","protected":false},"featured_media":16144,"template":"","typ-podujatia":[52],"acf":[],"yoast_head":"<!-- This site is optimized with the Yoast SEO plugin v24.5 - https:\/\/yoast.com\/wordpress\/plugins\/seo\/ -->\n<title>Femmes c\u00e9l\u00e8bres de Roumanie du XIXe au d\u00e9but du XXe [Sarmiza Bilcescu] - Franc\u00fazsky in\u0161tit\u00fat na Slovensku<\/title>\n<meta name=\"robots\" content=\"index, follow, max-snippet:-1, max-image-preview:large, max-video-preview:-1\" \/>\n<link rel=\"canonical\" href=\"https:\/\/institutfrancais.sk\/fr\/podujatie\/femmes-celebres-de-roumanie-du-xixe-au-debut-du-xxe\/\" \/>\n<meta property=\"og:locale\" content=\"fr_FR\" \/>\n<meta property=\"og:type\" content=\"article\" \/>\n<meta property=\"og:title\" content=\"Femmes c\u00e9l\u00e8bres de Roumanie du XIXe au d\u00e9but du XXe [Sarmiza Bilcescu] - Franc\u00fazsky in\u0161tit\u00fat na Slovensku\" \/>\n<meta property=\"og:description\" content=\"\u00c9v\u00e8nement Date : lundi 08 marsLieu : Premi\u00e8re sur Facebook du Mois de la Francophonie, puis en ligne sur le site L&rsquo;Ambassade de Roumanie emm\u00e8ne les curieux et curieuses \u00e0 la d\u00e9couverte de personnalit\u00e9s f\u00e9minines d&rsquo;origine roumaine qui, de par leurs destin\u00e9es extraordinaires et leurs contributions remarquables, ont ouvert de nouvelles voies dans des domaines [&hellip;]\" \/>\n<meta property=\"og:url\" content=\"https:\/\/institutfrancais.sk\/fr\/podujatie\/femmes-celebres-de-roumanie-du-xixe-au-debut-du-xxe\/\" \/>\n<meta property=\"og:site_name\" content=\"Franc\u00fazsky in\u0161tit\u00fat na Slovensku\" \/>\n<meta property=\"article:modified_time\" content=\"2021-03-08T15:17:27+00:00\" \/>\n<meta property=\"og:image\" content=\"https:\/\/institutfrancais.sk\/wp-content\/uploads\/2021\/02\/Sarmiza-Bilcescu.png\" \/>\n\t<meta property=\"og:image:width\" content=\"2000\" \/>\n\t<meta property=\"og:image:height\" content=\"1125\" \/>\n\t<meta property=\"og:image:type\" content=\"image\/png\" \/>\n<meta name=\"twitter:card\" content=\"summary_large_image\" \/>\n<meta name=\"twitter:label1\" content=\"Dur\u00e9e de lecture estim\u00e9e\" \/>\n\t<meta name=\"twitter:data1\" content=\"1 minute\" \/>\n<script type=\"application\/ld+json\" class=\"yoast-schema-graph\">{\"@context\":\"https:\/\/schema.org\",\"@graph\":[{\"@type\":\"WebPage\",\"@id\":\"https:\/\/institutfrancais.sk\/fr\/podujatie\/femmes-celebres-de-roumanie-du-xixe-au-debut-du-xxe\/\",\"url\":\"https:\/\/institutfrancais.sk\/fr\/podujatie\/femmes-celebres-de-roumanie-du-xixe-au-debut-du-xxe\/\",\"name\":\"Femmes c\u00e9l\u00e8bres de Roumanie du XIXe au d\u00e9but du XXe [Sarmiza Bilcescu] - Franc\u00fazsky in\u0161tit\u00fat na Slovensku\",\"isPartOf\":{\"@id\":\"https:\/\/institutfrancais.sk\/fr\/#website\"},\"primaryImageOfPage\":{\"@id\":\"https:\/\/institutfrancais.sk\/fr\/podujatie\/femmes-celebres-de-roumanie-du-xixe-au-debut-du-xxe\/#primaryimage\"},\"image\":{\"@id\":\"https:\/\/institutfrancais.sk\/fr\/podujatie\/femmes-celebres-de-roumanie-du-xixe-au-debut-du-xxe\/#primaryimage\"},\"thumbnailUrl\":\"https:\/\/institutfrancais.sk\/wp-content\/uploads\/2021\/02\/Sarmiza-Bilcescu.png\",\"datePublished\":\"2021-02-08T08:15:17+00:00\",\"dateModified\":\"2021-03-08T15:17:27+00:00\",\"breadcrumb\":{\"@id\":\"https:\/\/institutfrancais.sk\/fr\/podujatie\/femmes-celebres-de-roumanie-du-xixe-au-debut-du-xxe\/#breadcrumb\"},\"inLanguage\":\"fr-FR\",\"potentialAction\":[{\"@type\":\"ReadAction\",\"target\":[\"https:\/\/institutfrancais.sk\/fr\/podujatie\/femmes-celebres-de-roumanie-du-xixe-au-debut-du-xxe\/\"]}]},{\"@type\":\"ImageObject\",\"inLanguage\":\"fr-FR\",\"@id\":\"https:\/\/institutfrancais.sk\/fr\/podujatie\/femmes-celebres-de-roumanie-du-xixe-au-debut-du-xxe\/#primaryimage\",\"url\":\"https:\/\/institutfrancais.sk\/wp-content\/uploads\/2021\/02\/Sarmiza-Bilcescu.png\",\"contentUrl\":\"https:\/\/institutfrancais.sk\/wp-content\/uploads\/2021\/02\/Sarmiza-Bilcescu.png\",\"width\":2000,\"height\":1125},{\"@type\":\"BreadcrumbList\",\"@id\":\"https:\/\/institutfrancais.sk\/fr\/podujatie\/femmes-celebres-de-roumanie-du-xixe-au-debut-du-xxe\/#breadcrumb\",\"itemListElement\":[{\"@type\":\"ListItem\",\"position\":1,\"name\":\"Home\",\"item\":\"https:\/\/institutfrancais.sk\/fr\/\"},{\"@type\":\"ListItem\",\"position\":2,\"name\":\"Events\",\"item\":\"https:\/\/institutfrancais.sk\/fr\/podujatie\/\"},{\"@type\":\"ListItem\",\"position\":3,\"name\":\"Femmes c\u00e9l\u00e8bres de Roumanie du XIXe au d\u00e9but du XXe [Sarmiza Bilcescu]\"}]},{\"@type\":\"WebSite\",\"@id\":\"https:\/\/institutfrancais.sk\/fr\/#website\",\"url\":\"https:\/\/institutfrancais.sk\/fr\/\",\"name\":\"Franc\u00fazsky in\u0161tit\u00fat na Slovensku\",\"description\":\"Franc\u00fazsky in\u0161tit\u00fat na Slovensku\",\"potentialAction\":[{\"@type\":\"SearchAction\",\"target\":{\"@type\":\"EntryPoint\",\"urlTemplate\":\"https:\/\/institutfrancais.sk\/fr\/?s={search_term_string}\"},\"query-input\":{\"@type\":\"PropertyValueSpecification\",\"valueRequired\":true,\"valueName\":\"search_term_string\"}}],\"inLanguage\":\"fr-FR\"}]}<\/script>\n<!-- \/ Yoast SEO plugin. -->","yoast_head_json":{"title":"Femmes c\u00e9l\u00e8bres de Roumanie du XIXe au d\u00e9but du XXe [Sarmiza Bilcescu] - Franc\u00fazsky in\u0161tit\u00fat na Slovensku","robots":{"index":"index","follow":"follow","max-snippet":"max-snippet:-1","max-image-preview":"max-image-preview:large","max-video-preview":"max-video-preview:-1"},"canonical":"https:\/\/institutfrancais.sk\/fr\/podujatie\/femmes-celebres-de-roumanie-du-xixe-au-debut-du-xxe\/","og_locale":"fr_FR","og_type":"article","og_title":"Femmes c\u00e9l\u00e8bres de Roumanie du XIXe au d\u00e9but du XXe [Sarmiza Bilcescu] - Franc\u00fazsky in\u0161tit\u00fat na Slovensku","og_description":"\u00c9v\u00e8nement Date : lundi 08 marsLieu : Premi\u00e8re sur Facebook du Mois de la Francophonie, puis en ligne sur le site L&rsquo;Ambassade de Roumanie emm\u00e8ne les curieux et curieuses \u00e0 la d\u00e9couverte de personnalit\u00e9s f\u00e9minines d&rsquo;origine roumaine qui, de par leurs destin\u00e9es extraordinaires et leurs contributions remarquables, ont ouvert de nouvelles voies dans des domaines [&hellip;]","og_url":"https:\/\/institutfrancais.sk\/fr\/podujatie\/femmes-celebres-de-roumanie-du-xixe-au-debut-du-xxe\/","og_site_name":"Franc\u00fazsky in\u0161tit\u00fat na Slovensku","article_modified_time":"2021-03-08T15:17:27+00:00","og_image":[{"width":2000,"height":1125,"url":"https:\/\/institutfrancais.sk\/wp-content\/uploads\/2021\/02\/Sarmiza-Bilcescu.png","type":"image\/png"}],"twitter_card":"summary_large_image","twitter_misc":{"Dur\u00e9e de lecture estim\u00e9e":"1 minute"},"schema":{"@context":"https:\/\/schema.org","@graph":[{"@type":"WebPage","@id":"https:\/\/institutfrancais.sk\/fr\/podujatie\/femmes-celebres-de-roumanie-du-xixe-au-debut-du-xxe\/","url":"https:\/\/institutfrancais.sk\/fr\/podujatie\/femmes-celebres-de-roumanie-du-xixe-au-debut-du-xxe\/","name":"Femmes c\u00e9l\u00e8bres de Roumanie du XIXe au d\u00e9but du XXe [Sarmiza Bilcescu] - Franc\u00fazsky in\u0161tit\u00fat na Slovensku","isPartOf":{"@id":"https:\/\/institutfrancais.sk\/fr\/#website"},"primaryImageOfPage":{"@id":"https:\/\/institutfrancais.sk\/fr\/podujatie\/femmes-celebres-de-roumanie-du-xixe-au-debut-du-xxe\/#primaryimage"},"image":{"@id":"https:\/\/institutfrancais.sk\/fr\/podujatie\/femmes-celebres-de-roumanie-du-xixe-au-debut-du-xxe\/#primaryimage"},"thumbnailUrl":"https:\/\/institutfrancais.sk\/wp-content\/uploads\/2021\/02\/Sarmiza-Bilcescu.png","datePublished":"2021-02-08T08:15:17+00:00","dateModified":"2021-03-08T15:17:27+00:00","breadcrumb":{"@id":"https:\/\/institutfrancais.sk\/fr\/podujatie\/femmes-celebres-de-roumanie-du-xixe-au-debut-du-xxe\/#breadcrumb"},"inLanguage":"fr-FR","potentialAction":[{"@type":"ReadAction","target":["https:\/\/institutfrancais.sk\/fr\/podujatie\/femmes-celebres-de-roumanie-du-xixe-au-debut-du-xxe\/"]}]},{"@type":"ImageObject","inLanguage":"fr-FR","@id":"https:\/\/institutfrancais.sk\/fr\/podujatie\/femmes-celebres-de-roumanie-du-xixe-au-debut-du-xxe\/#primaryimage","url":"https:\/\/institutfrancais.sk\/wp-content\/uploads\/2021\/02\/Sarmiza-Bilcescu.png","contentUrl":"https:\/\/institutfrancais.sk\/wp-content\/uploads\/2021\/02\/Sarmiza-Bilcescu.png","width":2000,"height":1125},{"@type":"BreadcrumbList","@id":"https:\/\/institutfrancais.sk\/fr\/podujatie\/femmes-celebres-de-roumanie-du-xixe-au-debut-du-xxe\/#breadcrumb","itemListElement":[{"@type":"ListItem","position":1,"name":"Home","item":"https:\/\/institutfrancais.sk\/fr\/"},{"@type":"ListItem","position":2,"name":"Events","item":"https:\/\/institutfrancais.sk\/fr\/podujatie\/"},{"@type":"ListItem","position":3,"name":"Femmes c\u00e9l\u00e8bres de Roumanie du XIXe au d\u00e9but du XXe [Sarmiza Bilcescu]"}]},{"@type":"WebSite","@id":"https:\/\/institutfrancais.sk\/fr\/#website","url":"https:\/\/institutfrancais.sk\/fr\/","name":"Franc\u00fazsky in\u0161tit\u00fat na Slovensku","description":"Franc\u00fazsky in\u0161tit\u00fat na Slovensku","potentialAction":[{"@type":"SearchAction","target":{"@type":"EntryPoint","urlTemplate":"https:\/\/institutfrancais.sk\/fr\/?s={search_term_string}"},"query-input":{"@type":"PropertyValueSpecification","valueRequired":true,"valueName":"search_term_string"}}],"inLanguage":"fr-FR"}]}},"_links":{"self":[{"href":"https:\/\/institutfrancais.sk\/fr\/wp-json\/wp\/v2\/podujatie\/16031"}],"collection":[{"href":"https:\/\/institutfrancais.sk\/fr\/wp-json\/wp\/v2\/podujatie"}],"about":[{"href":"https:\/\/institutfrancais.sk\/fr\/wp-json\/wp\/v2\/types\/podujatie"}],"wp:featuredmedia":[{"embeddable":true,"href":"https:\/\/institutfrancais.sk\/fr\/wp-json\/wp\/v2\/media\/16144"}],"wp:attachment":[{"href":"https:\/\/institutfrancais.sk\/fr\/wp-json\/wp\/v2\/media?parent=16031"}],"wp:term":[{"taxonomy":"typ-podujatia","embeddable":true,"href":"https:\/\/institutfrancais.sk\/fr\/wp-json\/wp\/v2\/typ-podujatia?post=16031"}],"curies":[{"name":"wp","href":"https:\/\/api.w.org\/{rel}","templated":true}]}}