{"id":16186,"date":"2021-02-22T12:39:40","date_gmt":"2021-02-22T11:39:40","guid":{"rendered":"https:\/\/institutfrancais.sk\/?post_type=podujatie&#038;p=16186"},"modified":"2021-03-16T17:38:59","modified_gmt":"2021-03-16T16:38:59","slug":"conference-de-miroslav-musil-sur-m-r-stefanik","status":"publish","type":"podujatie","link":"https:\/\/institutfrancais.sk\/fr\/podujatie\/conference-de-miroslav-musil-sur-m-r-stefanik\/","title":{"rendered":"Conf\u00e9rence de Miroslav Musil sur M. R. \u0160tef\u00e1nik"},"content":{"rendered":"\n<p>L&rsquo;ancien diplomate, historien et \u00e9crivain Miroslav Musil vous pr\u00e9sentera son nouveau livre intitul\u00e9 : <em><strong>\u00ab M. R. \u0160tef\u00e1nik et la naissance de la Tch\u00e9co-Slovaquie dans les documents de cinq continents \u00bb<\/strong><\/em>. Le livre a&nbsp;pour but de mettre en lumi\u00e8re le m\u00e9rite de \u0160tef\u00e1nik dans le contexte historique de la Tch\u00e9coslovaquie. Le livre comprend \u00e9galement des documents historiques qui servent de r\u00e9f\u00e9rence \u00e0 l\u2019histoire compl\u00e8te du g\u00e9n\u00e9ral \u0160tef\u00e1nik.<\/p>\n\n\n\n<p>En fran\u00e7ais sous-titr\u00e9e slovaque<\/p>\n\n\n\n<p><em><strong>La conf\u00e9rence sera \u00e9mise en premi\u00e8re sur la page facebook de l&rsquo;IFS &nbsp;le jeudi 25 f\u00e9vrier 2021 \u00e0 18h<\/strong><\/em><\/p>\n\n\n<a href=\"https:\/\/www.facebook.com\/events\/894281771325794\/\" class=\"btn\" target=\"blank\" rel=\"noreferrer noopener\">Vid\u00e9o sur Facebook<\/a>\n\n\n<p><em>N&rsquo;oubliez pas d&rsquo;activer le rappel sur Facebook.<\/em><\/p>\n\n\n<div class=\"space sm\"><\/div>\n\n<\/div><div class=\"wrap\"><div class=\"owl-carousel carousel-block cbg-1\" id=\"c386\"><div class=\"item\"><a href=\"Miroslav Musil\" target=\"_blank\"><img decoding=\"async\" src=\"https:\/\/institutfrancais.sk\/wp-content\/uploads\/2021\/02\/Musil_M_autor_foto-1-667x1000.jpg\"><span class=\"sr-only\">Miroslav Musil<\/span><\/a><\/div><div class=\"item\"><a href=\"Couverture du livre \"M. R. \u0160tef\u00e1nik et la naissance de la Tch\u00e8co-Slovaquie dans les documents de cinq continents\"\" target=\"_blank\"><img decoding=\"async\" src=\"https:\/\/institutfrancais.sk\/wp-content\/uploads\/2021\/02\/Stefanik-Cesko-Slovensko-5-svetadielov-1190x727.jpg\"><span class=\"sr-only\">Couverture du livre \u00ab\u00a0M. R. \u0160tef\u00e1nik et la naissance de la Tch\u00e8co-Slovaquie dans les documents de cinq continents\u00a0\u00bb<\/span><\/a><\/div><\/div><div class=\"space lg\"><\/div><\/div><div class=\"wrap narrow-wrap\"><script>\n$(function(){\n  $('#c386').owlCarousel({\n    loop:true,\n    nav:true,\n    autoplay:true,\n    autoplayHoverPause:true,\n    autoplayTimeout:6000,\n    smartSpeed:1000,\n    navText:['<svg xmlns=\"http:\/\/www.w3.org\/2000\/svg\" viewBox=\"0 0 320 512\"><path fill=\"currentColor\" d=\"M34.52 239.03L228.87 44.69c9.37-9.37 24.57-9.37 33.94 0l22.67 22.67c9.36 9.36 9.37 24.52.04 33.9L131.49 256l154.02 154.75c9.34 9.38 9.32 24.54-.04 33.9l-22.67 22.67c-9.37 9.37-24.57 9.37-33.94 0L34.52 272.97c-9.37-9.37-9.37-24.57 0-33.94z\"><\/path><\/svg>','<svg xmlns=\"http:\/\/www.w3.org\/2000\/svg\" viewBox=\"0 0 320 512\"><path d=\"M285.476 272.971L91.132 467.314c-9.373 9.373-24.569 9.373-33.941 0l-22.667-22.667c-9.357-9.357-9.375-24.522-.04-33.901L188.505 256 34.484 101.255c-9.335-9.379-9.317-24.544.04-33.901l22.667-22.667c9.373-9.373 24.569-9.373 33.941 0L285.475 239.03c9.373 9.372 9.373 24.568.001 33.941z\"><\/path><\/svg>'],\n    responsive:{\n      0:{\n        items:1\n      },\n      450:{\n        items:2\n      },\n      700:{\n        items:3\n      },\n      1100:{\n        items:4\n      },\n      1400:{\n        items:1      }\n    }\n  });\n});\n<\/script>\n\n","protected":false},"featured_media":16187,"template":"","typ-podujatia":[],"acf":[],"yoast_head":"<!-- This site is optimized with the Yoast SEO plugin v24.5 - https:\/\/yoast.com\/wordpress\/plugins\/seo\/ -->\n<title>Conf\u00e9rence de Miroslav Musil sur M. R. \u0160tef\u00e1nik - Franc\u00fazsky in\u0161tit\u00fat na Slovensku<\/title>\n<meta name=\"description\" content=\"Pr\u00e9sentation du nouveau livre de l&#039;ancien diplomate, historien et \u00e9crivain slovaque sur M. R. \u0160tef\u00e1nik et son r\u00f4le crucial pour la cr\u00e9ation de la Tch\u00e9co-Slovaquie avec des r\u00e9f\u00e9rences aux documents historiques des pays de cinq continents.\" \/>\n<meta name=\"robots\" content=\"index, follow, max-snippet:-1, max-image-preview:large, max-video-preview:-1\" \/>\n<link rel=\"canonical\" href=\"https:\/\/institutfrancais.sk\/fr\/podujatie\/conference-de-miroslav-musil-sur-m-r-stefanik\/\" \/>\n<meta property=\"og:locale\" content=\"fr_FR\" \/>\n<meta property=\"og:type\" content=\"article\" \/>\n<meta property=\"og:title\" content=\"Conf\u00e9rence de Miroslav Musil sur M. R. \u0160tef\u00e1nik - Franc\u00fazsky in\u0161tit\u00fat na Slovensku\" \/>\n<meta property=\"og:description\" content=\"Pr\u00e9sentation du nouveau livre de l&#039;ancien diplomate, historien et \u00e9crivain slovaque sur M. R. \u0160tef\u00e1nik et son r\u00f4le crucial pour la cr\u00e9ation de la Tch\u00e9co-Slovaquie avec des r\u00e9f\u00e9rences aux documents historiques des pays de cinq continents.\" \/>\n<meta property=\"og:url\" content=\"https:\/\/institutfrancais.sk\/fr\/podujatie\/conference-de-miroslav-musil-sur-m-r-stefanik\/\" \/>\n<meta property=\"og:site_name\" content=\"Franc\u00fazsky in\u0161tit\u00fat na Slovensku\" \/>\n<meta property=\"article:modified_time\" content=\"2021-03-16T16:38:59+00:00\" \/>\n<meta property=\"og:image\" content=\"https:\/\/institutfrancais.sk\/wp-content\/uploads\/2021\/02\/prednaska-musil.png\" \/>\n\t<meta property=\"og:image:width\" content=\"1680\" \/>\n\t<meta property=\"og:image:height\" content=\"945\" \/>\n\t<meta property=\"og:image:type\" content=\"image\/png\" \/>\n<meta name=\"twitter:card\" content=\"summary_large_image\" \/>\n<meta name=\"twitter:label1\" content=\"Dur\u00e9e de lecture estim\u00e9e\" \/>\n\t<meta name=\"twitter:data1\" content=\"1 minute\" \/>\n<script type=\"application\/ld+json\" class=\"yoast-schema-graph\">{\"@context\":\"https:\/\/schema.org\",\"@graph\":[{\"@type\":\"WebPage\",\"@id\":\"https:\/\/institutfrancais.sk\/fr\/podujatie\/conference-de-miroslav-musil-sur-m-r-stefanik\/\",\"url\":\"https:\/\/institutfrancais.sk\/fr\/podujatie\/conference-de-miroslav-musil-sur-m-r-stefanik\/\",\"name\":\"Conf\u00e9rence de Miroslav Musil sur M. R. \u0160tef\u00e1nik - Franc\u00fazsky in\u0161tit\u00fat na Slovensku\",\"isPartOf\":{\"@id\":\"https:\/\/institutfrancais.sk\/fr\/#website\"},\"primaryImageOfPage\":{\"@id\":\"https:\/\/institutfrancais.sk\/fr\/podujatie\/conference-de-miroslav-musil-sur-m-r-stefanik\/#primaryimage\"},\"image\":{\"@id\":\"https:\/\/institutfrancais.sk\/fr\/podujatie\/conference-de-miroslav-musil-sur-m-r-stefanik\/#primaryimage\"},\"thumbnailUrl\":\"https:\/\/institutfrancais.sk\/wp-content\/uploads\/2021\/02\/prednaska-musil.png\",\"datePublished\":\"2021-02-22T11:39:40+00:00\",\"dateModified\":\"2021-03-16T16:38:59+00:00\",\"description\":\"Pr\u00e9sentation du nouveau livre de l'ancien diplomate, historien et \u00e9crivain slovaque sur M. R. \u0160tef\u00e1nik et son r\u00f4le crucial pour la cr\u00e9ation de la Tch\u00e9co-Slovaquie avec des r\u00e9f\u00e9rences aux documents historiques des pays de cinq continents.\",\"breadcrumb\":{\"@id\":\"https:\/\/institutfrancais.sk\/fr\/podujatie\/conference-de-miroslav-musil-sur-m-r-stefanik\/#breadcrumb\"},\"inLanguage\":\"fr-FR\",\"potentialAction\":[{\"@type\":\"ReadAction\",\"target\":[\"https:\/\/institutfrancais.sk\/fr\/podujatie\/conference-de-miroslav-musil-sur-m-r-stefanik\/\"]}]},{\"@type\":\"ImageObject\",\"inLanguage\":\"fr-FR\",\"@id\":\"https:\/\/institutfrancais.sk\/fr\/podujatie\/conference-de-miroslav-musil-sur-m-r-stefanik\/#primaryimage\",\"url\":\"https:\/\/institutfrancais.sk\/wp-content\/uploads\/2021\/02\/prednaska-musil.png\",\"contentUrl\":\"https:\/\/institutfrancais.sk\/wp-content\/uploads\/2021\/02\/prednaska-musil.png\",\"width\":1680,\"height\":945},{\"@type\":\"BreadcrumbList\",\"@id\":\"https:\/\/institutfrancais.sk\/fr\/podujatie\/conference-de-miroslav-musil-sur-m-r-stefanik\/#breadcrumb\",\"itemListElement\":[{\"@type\":\"ListItem\",\"position\":1,\"name\":\"Home\",\"item\":\"https:\/\/institutfrancais.sk\/fr\/\"},{\"@type\":\"ListItem\",\"position\":2,\"name\":\"Events\",\"item\":\"https:\/\/institutfrancais.sk\/fr\/podujatie\/\"},{\"@type\":\"ListItem\",\"position\":3,\"name\":\"Conf\u00e9rence de Miroslav Musil sur M. R. \u0160tef\u00e1nik\"}]},{\"@type\":\"WebSite\",\"@id\":\"https:\/\/institutfrancais.sk\/fr\/#website\",\"url\":\"https:\/\/institutfrancais.sk\/fr\/\",\"name\":\"Franc\u00fazsky in\u0161tit\u00fat na Slovensku\",\"description\":\"Franc\u00fazsky in\u0161tit\u00fat na Slovensku\",\"potentialAction\":[{\"@type\":\"SearchAction\",\"target\":{\"@type\":\"EntryPoint\",\"urlTemplate\":\"https:\/\/institutfrancais.sk\/fr\/?s={search_term_string}\"},\"query-input\":{\"@type\":\"PropertyValueSpecification\",\"valueRequired\":true,\"valueName\":\"search_term_string\"}}],\"inLanguage\":\"fr-FR\"}]}<\/script>\n<!-- \/ Yoast SEO plugin. -->","yoast_head_json":{"title":"Conf\u00e9rence de Miroslav Musil sur M. R. \u0160tef\u00e1nik - Franc\u00fazsky in\u0161tit\u00fat na Slovensku","description":"Pr\u00e9sentation du nouveau livre de l'ancien diplomate, historien et \u00e9crivain slovaque sur M. R. \u0160tef\u00e1nik et son r\u00f4le crucial pour la cr\u00e9ation de la Tch\u00e9co-Slovaquie avec des r\u00e9f\u00e9rences aux documents historiques des pays de cinq continents.","robots":{"index":"index","follow":"follow","max-snippet":"max-snippet:-1","max-image-preview":"max-image-preview:large","max-video-preview":"max-video-preview:-1"},"canonical":"https:\/\/institutfrancais.sk\/fr\/podujatie\/conference-de-miroslav-musil-sur-m-r-stefanik\/","og_locale":"fr_FR","og_type":"article","og_title":"Conf\u00e9rence de Miroslav Musil sur M. R. \u0160tef\u00e1nik - Franc\u00fazsky in\u0161tit\u00fat na Slovensku","og_description":"Pr\u00e9sentation du nouveau livre de l'ancien diplomate, historien et \u00e9crivain slovaque sur M. R. \u0160tef\u00e1nik et son r\u00f4le crucial pour la cr\u00e9ation de la Tch\u00e9co-Slovaquie avec des r\u00e9f\u00e9rences aux documents historiques des pays de cinq continents.","og_url":"https:\/\/institutfrancais.sk\/fr\/podujatie\/conference-de-miroslav-musil-sur-m-r-stefanik\/","og_site_name":"Franc\u00fazsky in\u0161tit\u00fat na Slovensku","article_modified_time":"2021-03-16T16:38:59+00:00","og_image":[{"width":1680,"height":945,"url":"https:\/\/institutfrancais.sk\/wp-content\/uploads\/2021\/02\/prednaska-musil.png","type":"image\/png"}],"twitter_card":"summary_large_image","twitter_misc":{"Dur\u00e9e de lecture estim\u00e9e":"1 minute"},"schema":{"@context":"https:\/\/schema.org","@graph":[{"@type":"WebPage","@id":"https:\/\/institutfrancais.sk\/fr\/podujatie\/conference-de-miroslav-musil-sur-m-r-stefanik\/","url":"https:\/\/institutfrancais.sk\/fr\/podujatie\/conference-de-miroslav-musil-sur-m-r-stefanik\/","name":"Conf\u00e9rence de Miroslav Musil sur M. R. \u0160tef\u00e1nik - Franc\u00fazsky in\u0161tit\u00fat na Slovensku","isPartOf":{"@id":"https:\/\/institutfrancais.sk\/fr\/#website"},"primaryImageOfPage":{"@id":"https:\/\/institutfrancais.sk\/fr\/podujatie\/conference-de-miroslav-musil-sur-m-r-stefanik\/#primaryimage"},"image":{"@id":"https:\/\/institutfrancais.sk\/fr\/podujatie\/conference-de-miroslav-musil-sur-m-r-stefanik\/#primaryimage"},"thumbnailUrl":"https:\/\/institutfrancais.sk\/wp-content\/uploads\/2021\/02\/prednaska-musil.png","datePublished":"2021-02-22T11:39:40+00:00","dateModified":"2021-03-16T16:38:59+00:00","description":"Pr\u00e9sentation du nouveau livre de l'ancien diplomate, historien et \u00e9crivain slovaque sur M. R. \u0160tef\u00e1nik et son r\u00f4le crucial pour la cr\u00e9ation de la Tch\u00e9co-Slovaquie avec des r\u00e9f\u00e9rences aux documents historiques des pays de cinq continents.","breadcrumb":{"@id":"https:\/\/institutfrancais.sk\/fr\/podujatie\/conference-de-miroslav-musil-sur-m-r-stefanik\/#breadcrumb"},"inLanguage":"fr-FR","potentialAction":[{"@type":"ReadAction","target":["https:\/\/institutfrancais.sk\/fr\/podujatie\/conference-de-miroslav-musil-sur-m-r-stefanik\/"]}]},{"@type":"ImageObject","inLanguage":"fr-FR","@id":"https:\/\/institutfrancais.sk\/fr\/podujatie\/conference-de-miroslav-musil-sur-m-r-stefanik\/#primaryimage","url":"https:\/\/institutfrancais.sk\/wp-content\/uploads\/2021\/02\/prednaska-musil.png","contentUrl":"https:\/\/institutfrancais.sk\/wp-content\/uploads\/2021\/02\/prednaska-musil.png","width":1680,"height":945},{"@type":"BreadcrumbList","@id":"https:\/\/institutfrancais.sk\/fr\/podujatie\/conference-de-miroslav-musil-sur-m-r-stefanik\/#breadcrumb","itemListElement":[{"@type":"ListItem","position":1,"name":"Home","item":"https:\/\/institutfrancais.sk\/fr\/"},{"@type":"ListItem","position":2,"name":"Events","item":"https:\/\/institutfrancais.sk\/fr\/podujatie\/"},{"@type":"ListItem","position":3,"name":"Conf\u00e9rence de Miroslav Musil sur M. R. \u0160tef\u00e1nik"}]},{"@type":"WebSite","@id":"https:\/\/institutfrancais.sk\/fr\/#website","url":"https:\/\/institutfrancais.sk\/fr\/","name":"Franc\u00fazsky in\u0161tit\u00fat na Slovensku","description":"Franc\u00fazsky in\u0161tit\u00fat na Slovensku","potentialAction":[{"@type":"SearchAction","target":{"@type":"EntryPoint","urlTemplate":"https:\/\/institutfrancais.sk\/fr\/?s={search_term_string}"},"query-input":{"@type":"PropertyValueSpecification","valueRequired":true,"valueName":"search_term_string"}}],"inLanguage":"fr-FR"}]}},"_links":{"self":[{"href":"https:\/\/institutfrancais.sk\/fr\/wp-json\/wp\/v2\/podujatie\/16186"}],"collection":[{"href":"https:\/\/institutfrancais.sk\/fr\/wp-json\/wp\/v2\/podujatie"}],"about":[{"href":"https:\/\/institutfrancais.sk\/fr\/wp-json\/wp\/v2\/types\/podujatie"}],"wp:featuredmedia":[{"embeddable":true,"href":"https:\/\/institutfrancais.sk\/fr\/wp-json\/wp\/v2\/media\/16187"}],"wp:attachment":[{"href":"https:\/\/institutfrancais.sk\/fr\/wp-json\/wp\/v2\/media?parent=16186"}],"wp:term":[{"taxonomy":"typ-podujatia","embeddable":true,"href":"https:\/\/institutfrancais.sk\/fr\/wp-json\/wp\/v2\/typ-podujatia?post=16186"}],"curies":[{"name":"wp","href":"https:\/\/api.w.org\/{rel}","templated":true}]}}