{"id":16220,"date":"2021-03-05T16:31:19","date_gmt":"2021-03-05T15:31:19","guid":{"rendered":"https:\/\/institutfrancais.sk\/?post_type=podujatie&#038;p=16220"},"modified":"2021-04-21T18:34:03","modified_gmt":"2021-04-21T16:34:03","slug":"exposition-lignes-directes-de-michal-bogar","status":"publish","type":"podujatie","link":"https:\/\/institutfrancais.sk\/fr\/podujatie\/exposition-lignes-directes-de-michal-bogar\/","title":{"rendered":"\u00ab\u00a0Lignes directes\u00a0\u00bb de Michal Bog\u00e1r"},"content":{"rendered":"\n<h2 class=\"wp-block-heading\">Horaires d&rsquo;ouverture de la galerie<\/h2>\n\n\n<div class=\"space sm\"><\/div>\n\n\n<figure class=\"wp-block-table\"><table><tbody><tr><td>lundi 26 \u2013 vendredi 30 avril 2021<\/td><td>13:00 \u2013 18:00<\/td><\/tr><\/tbody><\/table><\/figure>\n\n\n<div class=\"space sm\"><\/div>\n\n<a href=\"https:\/\/kuula.co\/share\/collection\/7YqqF?fs=1&#038;vr=1&#038;zoom=1&#038;sd=1&#038;initload=0&#038;thumbs=1&#038;info=0&#038;logo=0\" class=\"btn\" target=\"blank\" rel=\"noreferrer noopener\">Parcours virtuel<\/a>\n\n<div class=\"space sm\"><\/div>\n\n<\/div><div class=\"wrap\"><div class=\"owl-carousel carousel-block cbg-1\" id=\"c766\"><div class=\"item\"><img decoding=\"async\" src=\"https:\/\/institutfrancais.sk\/wp-content\/uploads\/2021\/03\/Bogar_Plagat_FR-institut_FINAL-2-zlta_cmyk-bk-702x1000.png\"><\/div><div class=\"item\"><img decoding=\"async\" src=\"\"><\/div><div class=\"item\"><img decoding=\"async\" src=\"\"><\/div><div class=\"item\"><img decoding=\"async\" src=\"\"><\/div><div class=\"item\"><img decoding=\"async\" src=\"\"><\/div><div class=\"item\"><img decoding=\"async\" src=\"\"><\/div><div class=\"item\"><img decoding=\"async\" src=\"https:\/\/institutfrancais.sk\/wp-content\/uploads\/2021\/03\/Bogar_Plagat_FR-institut_FINAL-cb-bk-702x1000.png\"><\/div><div class=\"item\"><img decoding=\"async\" src=\"\"><\/div><div class=\"item\"><img decoding=\"async\" src=\"\"><\/div><div class=\"item\"><img decoding=\"async\" src=\"\"><\/div><div class=\"item\"><img decoding=\"async\" src=\"\"><\/div><div class=\"item\"><img decoding=\"async\" src=\"\"><\/div><\/div><div class=\"space lg\"><\/div><\/div><div class=\"wrap narrow-wrap\"><script>\n$(function(){\n  $('#c766').owlCarousel({\n    loop:true,\n    nav:true,\n    autoplay:true,\n    autoplayHoverPause:true,\n    autoplayTimeout:6000,\n    smartSpeed:1000,\n    navText:['<svg xmlns=\"http:\/\/www.w3.org\/2000\/svg\" viewBox=\"0 0 320 512\"><path fill=\"currentColor\" d=\"M34.52 239.03L228.87 44.69c9.37-9.37 24.57-9.37 33.94 0l22.67 22.67c9.36 9.36 9.37 24.52.04 33.9L131.49 256l154.02 154.75c9.34 9.38 9.32 24.54-.04 33.9l-22.67 22.67c-9.37 9.37-24.57 9.37-33.94 0L34.52 272.97c-9.37-9.37-9.37-24.57 0-33.94z\"><\/path><\/svg>','<svg xmlns=\"http:\/\/www.w3.org\/2000\/svg\" viewBox=\"0 0 320 512\"><path d=\"M285.476 272.971L91.132 467.314c-9.373 9.373-24.569 9.373-33.941 0l-22.667-22.667c-9.357-9.357-9.375-24.522-.04-33.901L188.505 256 34.484 101.255c-9.335-9.379-9.317-24.544.04-33.901l22.667-22.667c9.373-9.373 24.569-9.373 33.941 0L285.475 239.03c9.373 9.372 9.373 24.568.001 33.941z\"><\/path><\/svg>'],\n    responsive:{\n      0:{\n        items:1\n      },\n      450:{\n        items:2\n      },\n      700:{\n        items:3\n      },\n      1100:{\n        items:4\n      },\n      1400:{\n        items:1      }\n    }\n  });\n});\n<\/script>\n\n\n<h2 class=\"wp-block-heading\">Lignes directes<\/h2>\n\n\n\n<p><em>Pourquoi des lignes directes?<\/em><\/p>\n\n\n\n<p><em>Principalement parce qu&rsquo;elles apportent chaque jour des images et des histoires diff\u00e9rentes, tout en int\u00e9grant des \u00e9carts et des inexactitudes, qui sont probablement contenus dans chaque connexion directe;&nbsp;c&rsquo;est sans doute ce qui est encore plus int\u00e9ressant que le th\u00e8me initial.<\/em><\/p>\n\n\n\n<p><em>La th\u00e9orie des sous-produits fonctionne&#8230;<\/em><\/p>\n\n\n\n<p><em>Pour moi, ce sont mes d\u00e9placements dans la ville, la lumi\u00e8re matinale unique, l&rsquo;escalier et le passage souterrain au bout de notre rue Kozia;&nbsp;contrairement \u00e0 ce que l&rsquo;on pourrait penser, il ne m\u00e8ne pas \u00e0 une station de m\u00e9tro, mais il contient les m\u00eames situations bizarres que l&rsquo;on peut rencontrer dans le labyrinthe souterrain de Paris, par exemple \u00e0 Ch\u00e2telet &#8211;&nbsp;Les Halles.<\/em><\/p>\n\n\n\n<p><em>Je m&rsquo;int\u00e9resse aux parall\u00e8les entre les villes diff\u00e9rentes. Leur taille est souvent incomparable, mais elles ont n\u00e9anmoins des probl\u00e8mes similaires auxquels elles doivent faire face.<\/em><\/p>\n\n\n\n<p><em>Ce sont les berges des rivi\u00e8res assourdies par le trafic intense;&nbsp;ce sont aussi des ponts qui relient, mais qui, paradoxalement, divisent parfois la ville lorsque leur embouchure sur la rive du fleuve croise sans compromis les quartiers urbains.<\/em><\/p>\n\n\n\n<p><em>Je retourne \u00e0 certains endroits, je dessine ou je fais des photographies de leurs changements. Ce sont entre autres les anciennes banlieues, qui se transforment rapidement en une ville dense et compacte et je reviens \u00e9galement sur plusieurs zones du centre qui ressemblent davantage \u00e0 la p\u00e9riph\u00e9rie.<\/em><\/p>\n\n\n\n<p><em>La ville change rapidement. Cela me rappelle les photographies de Bratislava, qui n&rsquo;ont que quelques ann\u00e9es, mais aussi des photos de certains endroits de Paris et de Versailles o\u00f9 je suis parfois retourn\u00e9 dans la p\u00e9riode pr\u00e9c\u00e9dant la pand\u00e9mie, pendant que c&rsquo;\u00e9tait encore possible &#8230;<\/em><\/p>\n\n\n\n<p><em>Il est utile de regarder \u00e0 nouveau l&rsquo;espace urbain apr\u00e8s une certaine p\u00e9riode pour saisir ses changements et son \u00e9chelle par rapport \u00e0 l&rsquo;homme qui peut s&rsquo;y sentir perdu.<\/em><\/p>\n\n\n\n<p><em>La ville transcende notre perception et provoque parfois des situations difficiles \u00e0 comprendre. Est-ce mauvais? Est-ce bon?<\/em><\/p>\n\n\n\n<p><em>Parfois, il est n\u00e9cessaire de quitter une ligne directe et de rester debout et de regarder la ville pendant un moment.<\/em><\/p>\n\n\n\n<p><em>Ensuite, il est possible de mieux se concentrer et de d\u00e9couvrir des d\u00e9tails, des espaces que nous n&rsquo;avions pas remarqu\u00e9s auparavant.<\/em><\/p>\n\n\n\n<p><em>C&rsquo;est dans ces d\u00e9tails, ces petites nuances que nous pouvons trouver parfois quelques r\u00e9ponses&#8230;<\/em><\/p>\n\n\n\n<p><em>Cette s\u00e9rie de photographies est con\u00e7ue comme une r\u00e9flexion sur les espaces urbains du point de vue de l&rsquo;architecte.<\/em><\/p>\n\n\n\n<p><em>Ce sont des connexions personnelles priv\u00e9es que j\u2019ai voulu vous faire partager \u00e0 travers un objectif photo &#8230;<\/em><\/p>\n\n\n\n<p><em>Michal Bog\u00e1r<\/em><\/p>\n\n\n<div class=\"space sm\"><\/div>\n\n\n<h2 class=\"wp-block-heading\">Un mot sur l&rsquo;artiste<\/h2>\n\n\n\n<div class=\"wp-block-image\"><figure class=\"alignleft size-large is-resized\"><img loading=\"lazy\" decoding=\"async\" src=\"https:\/\/institutfrancais.sk\/wp-content\/uploads\/2021\/03\/Autoportret-s-Weinerom-Kralom20210104_235427-1-1024x768.jpg\" alt=\"\" class=\"wp-image-16413\" width=\"313\" height=\"235\" srcset=\"https:\/\/institutfrancais.sk\/wp-content\/uploads\/2021\/03\/Autoportret-s-Weinerom-Kralom20210104_235427-1-1024x768.jpg 1024w, https:\/\/institutfrancais.sk\/wp-content\/uploads\/2021\/03\/Autoportret-s-Weinerom-Kralom20210104_235427-1-300x225.jpg 300w, https:\/\/institutfrancais.sk\/wp-content\/uploads\/2021\/03\/Autoportret-s-Weinerom-Kralom20210104_235427-1-768x576.jpg 768w, https:\/\/institutfrancais.sk\/wp-content\/uploads\/2021\/03\/Autoportret-s-Weinerom-Kralom20210104_235427-1-1536x1152.jpg 1536w, https:\/\/institutfrancais.sk\/wp-content\/uploads\/2021\/03\/Autoportret-s-Weinerom-Kralom20210104_235427-1-2048x1536.jpg 2048w, https:\/\/institutfrancais.sk\/wp-content\/uploads\/2021\/03\/Autoportret-s-Weinerom-Kralom20210104_235427-1-1190x893.jpg 1190w, https:\/\/institutfrancais.sk\/wp-content\/uploads\/2021\/03\/Autoportret-s-Weinerom-Kralom20210104_235427-1-1333x1000.jpg 1333w\" sizes=\"(max-width: 313px) 100vw, 313px\" \/><\/figure><\/div>\n\n\n\n<p>N\u00e9 \u00e0&nbsp;Bratislava en 1960, <strong>Michal Bog\u00e1r<\/strong> est architecte et urbaniste, dipl\u00f4m\u00e9 de l&rsquo;\u00c9cole d&rsquo;architecture STU de Bratislava en 1984. Ses projets portent principalement sur les th\u00e8mes de la revitalisation urbaine et en m\u00eame temps sur le r\u00e9am\u00e9nagement des banlieues \u00e0 diff\u00e9rentes \u00e9chelles. Il a&nbsp;particip\u00e9 \u00e9galement \u00e0 plusieurs projets architecturaux mis en \u0153uvre. Une partie importante de sa m\u00e9thode cr\u00e9ative est de travailler avec la photographie et le dessin, o\u00f9 il se concentre sur les th\u00e8mes de la ville et de ses r\u00e9cits. Il est co-fondateur de l&rsquo;Atelier Bog\u00e1r Kr\u00e1lik Urban (BKU) o\u00f9 il a&nbsp;travaill\u00e9 pendant la p\u00e9riode 1990-2017. En 2018, il a&nbsp;fond\u00e9 son propre agence BOG\u00c1R ARCHITEKTI avec l&rsquo;architecte M\u00e1ria Bog\u00e1rov\u00e1. Avec son studio, il a&nbsp;particip\u00e9 \u00e0 plusieurs concours internationaux, entre autres il s&rsquo;agissait du concours Jorn Utzon Memorial \u00e0 Sydney (2019), Artcampus V\u0160VU \u00e0 Bratislava (2019), l&rsquo;exposition Slovaque pour la Biennale d&rsquo;architecture de Venise (2019), le Centre multifonctionnel de Miloslavov (1er prix, avec le studio ER, 2020) et d&rsquo;autres projets. Individuellement ou avec ses coll\u00e8gues il a&nbsp;cr\u00e9\u00e9 plus de 50 \u00e9tudes pour des concours d&rsquo;architecture, dont plusieurs ont remport\u00e9 des prix et ont \u00e9t\u00e9 construits en cons\u00e9quence. Michal Bog\u00e1r est l&rsquo;un des auteurs de l&rsquo;ambassade de la R\u00e9publique Slovaque \u00e0 Washington, D.C. (1<sup>er<\/sup> prix &#8211;&nbsp;Bog\u00e1r, Fischer, Kr\u00e1lik, Lizon, Urban, 2001).<\/p>\n\n\n\n<p>Michal Bog\u00e1r est actuellement chercheur et enseignant \u00e0 l&rsquo;\u00e9cole d&rsquo;architecture STU. Aujourd&rsquo;hui, il aborde le th\u00e8me m\u00e9tropolitain et transfrontalier en collaboration avec les enseignants et les \u00e9tudiants de l&rsquo;\u00e9cole d&rsquo;architecture l&rsquo;ENSA Versailles. Il a&nbsp;particip\u00e9 \u00e0 la pr\u00e9paration de plusieurs livres. Il s&rsquo;agit entre autres de la publication Vojnov\u00e1 Bratislava 1939-1945 (Maren\u010din PT, 2019). Dans les ann\u00e9es 2011-2014 il a&nbsp;collabor\u00e9 avec l&rsquo;agence parisienne Dominique Perrault Architecture \u00e0 la pr\u00e9paration du livre Bratislava Metropolis (SAS) o\u00f9 Michal Bog\u00e1r avec l&rsquo;atelier BKU ont jou\u00e9 le r\u00f4le de co-auteur et co-\u00e9diteur de la publication.<\/p>\n\n\n\n<p><em>Le parcours professionnel de Michal Bog\u00e1r s&rsquo;est crois\u00e9 avec celui de l&rsquo;Institut francais de Slovaquie \u00e0&nbsp;nobreuses reprises. Au cours des ann\u00e9es, il a&nbsp;initi\u00e9 et men\u00e9 plusieurs \u00e9changes et collaborations franco-slovaques dans le domaine de l&rsquo;architecture et de l&rsquo;urbanisme, dont l&rsquo;IFS est devenu partenaire. En plus, Michal Bog\u00e1r (avec l&rsquo;agence BKU) a&nbsp;particip\u00e9 en tant qu&rsquo;architecte \u00e0&nbsp;plusieurs r\u00e9am\u00e9nagements des espaces int\u00e9rieurs de l&rsquo;IFS. Il est donc naturel, qu&rsquo;il pr\u00e9sente son exposition \u00e0 l&rsquo;Institut fran\u00e7ais de Slovaquie.<\/em><\/p>\n\n\n<div class=\"space sm\"><\/div>\n\n<a href=\"https:\/\/kuula.co\/share\/collection\/7YqqF?fs=1&#038;vr=1&#038;zoom=1&#038;sd=1&#038;initload=0&#038;thumbs=1&#038;info=0&#038;logo=0\" class=\"btn\" target=\"blank\" rel=\"noreferrer noopener\">Parcours virtuel<\/a>\n\n<div class=\"space md\"><\/div>\n\n\n<h2 class=\"wp-block-heading\">\u00c9chos dans les m\u00e9dias<\/h2>\n\n\n\n<p>RTVS &#8211;&nbsp;Radio et t\u00e9l\u00e9vision slovaque a&nbsp;pr\u00e9sent\u00e9 un reportage sur l&rsquo;exposition \u00ab\u00a0Lignes directes\u00a0\u00bb dans le cadre de l&rsquo;\u00e9mission KULTURA.SK le samedi 10 avril 2021. <\/p>\n\n\n<a href=\"https:\/\/www.rtvs.sk\/televizia\/archiv\/14625\/266785#1022\" class=\"btn btn-black-invert\" target=\"blank\" rel=\"noreferrer noopener\">Reportage [\u00e0 partir de 11:55]<\/a>\n\n<div class=\"space md\"><\/div>\n\n<\/div><iframe loading=\"lazy\" src=\"https:\/\/www.google.com\/maps\/embed?pb=!1m18!1m12!1m3!1d2662.2735746915087!2d17.10532635165492!3d48.14353077912193!2m3!1f0!2f0!3f0!3m2!1i1024!2i768!4f13.1!3m3!1m2!1s0x476c8942d3867d0f%3A0xf92cfa7be90ee73!2zRnJhbmPDunpza3kgaW7FoXRpdMO6dA!5e0!3m2!1ssk!2ssk!4v1575902399794!5m2!1ssk!2ssk\" width=\"100%\" height=\"558\" frameborder=\"0\" class=\"gmap-iframe\" allowfullscreen=\"\"><\/iframe><div class=\"wrap narrow-wrap\">","protected":false},"featured_media":16454,"template":"","typ-podujatia":[56,160],"acf":[],"yoast_head":"<!-- This site is optimized with the Yoast SEO plugin v24.5 - https:\/\/yoast.com\/wordpress\/plugins\/seo\/ -->\n<title>&quot;Lignes directes&quot; de Michal Bog\u00e1r - Franc\u00fazsky in\u0161tit\u00fat na Slovensku<\/title>\n<meta name=\"description\" content=\"Exposition photographique de l\u2019architecte et urbaniste slovaque francophone Michal Bog\u00e1r avec les photographies de Paris et Bratislava.\" \/>\n<meta name=\"robots\" content=\"index, follow, max-snippet:-1, max-image-preview:large, max-video-preview:-1\" \/>\n<link rel=\"canonical\" href=\"https:\/\/institutfrancais.sk\/fr\/podujatie\/exposition-lignes-directes-de-michal-bogar\/\" \/>\n<meta property=\"og:locale\" content=\"fr_FR\" \/>\n<meta property=\"og:type\" content=\"article\" \/>\n<meta property=\"og:title\" content=\"&quot;Lignes directes&quot; de Michal Bog\u00e1r - Franc\u00fazsky in\u0161tit\u00fat na Slovensku\" \/>\n<meta property=\"og:description\" content=\"Exposition photographique de l\u2019architecte et urbaniste slovaque francophone Michal Bog\u00e1r avec les photographies de Paris et Bratislava.\" \/>\n<meta property=\"og:url\" content=\"https:\/\/institutfrancais.sk\/fr\/podujatie\/exposition-lignes-directes-de-michal-bogar\/\" \/>\n<meta property=\"og:site_name\" content=\"Franc\u00fazsky in\u0161tit\u00fat na Slovensku\" \/>\n<meta property=\"article:modified_time\" content=\"2021-04-21T16:34:03+00:00\" \/>\n<meta property=\"og:image\" content=\"https:\/\/institutfrancais.sk\/wp-content\/uploads\/2021\/03\/Lignes-directes-cover--scaled.jpg\" \/>\n\t<meta property=\"og:image:width\" content=\"2560\" \/>\n\t<meta property=\"og:image:height\" content=\"1536\" \/>\n\t<meta property=\"og:image:type\" content=\"image\/jpeg\" \/>\n<meta name=\"twitter:card\" content=\"summary_large_image\" \/>\n<meta name=\"twitter:label1\" content=\"Dur\u00e9e de lecture estim\u00e9e\" \/>\n\t<meta name=\"twitter:data1\" content=\"4 minutes\" \/>\n<script type=\"application\/ld+json\" class=\"yoast-schema-graph\">{\"@context\":\"https:\/\/schema.org\",\"@graph\":[{\"@type\":\"WebPage\",\"@id\":\"https:\/\/institutfrancais.sk\/fr\/podujatie\/exposition-lignes-directes-de-michal-bogar\/\",\"url\":\"https:\/\/institutfrancais.sk\/fr\/podujatie\/exposition-lignes-directes-de-michal-bogar\/\",\"name\":\"\\\"Lignes directes\\\" de Michal Bog\u00e1r - Franc\u00fazsky in\u0161tit\u00fat na Slovensku\",\"isPartOf\":{\"@id\":\"https:\/\/institutfrancais.sk\/fr\/#website\"},\"primaryImageOfPage\":{\"@id\":\"https:\/\/institutfrancais.sk\/fr\/podujatie\/exposition-lignes-directes-de-michal-bogar\/#primaryimage\"},\"image\":{\"@id\":\"https:\/\/institutfrancais.sk\/fr\/podujatie\/exposition-lignes-directes-de-michal-bogar\/#primaryimage\"},\"thumbnailUrl\":\"https:\/\/institutfrancais.sk\/wp-content\/uploads\/2021\/03\/Lignes-directes-cover--scaled.jpg\",\"datePublished\":\"2021-03-05T15:31:19+00:00\",\"dateModified\":\"2021-04-21T16:34:03+00:00\",\"description\":\"Exposition photographique de l\u2019architecte et urbaniste slovaque francophone Michal Bog\u00e1r avec les photographies de Paris et Bratislava.\",\"breadcrumb\":{\"@id\":\"https:\/\/institutfrancais.sk\/fr\/podujatie\/exposition-lignes-directes-de-michal-bogar\/#breadcrumb\"},\"inLanguage\":\"fr-FR\",\"potentialAction\":[{\"@type\":\"ReadAction\",\"target\":[\"https:\/\/institutfrancais.sk\/fr\/podujatie\/exposition-lignes-directes-de-michal-bogar\/\"]}]},{\"@type\":\"ImageObject\",\"inLanguage\":\"fr-FR\",\"@id\":\"https:\/\/institutfrancais.sk\/fr\/podujatie\/exposition-lignes-directes-de-michal-bogar\/#primaryimage\",\"url\":\"https:\/\/institutfrancais.sk\/wp-content\/uploads\/2021\/03\/Lignes-directes-cover--scaled.jpg\",\"contentUrl\":\"https:\/\/institutfrancais.sk\/wp-content\/uploads\/2021\/03\/Lignes-directes-cover--scaled.jpg\",\"width\":2560,\"height\":1536},{\"@type\":\"BreadcrumbList\",\"@id\":\"https:\/\/institutfrancais.sk\/fr\/podujatie\/exposition-lignes-directes-de-michal-bogar\/#breadcrumb\",\"itemListElement\":[{\"@type\":\"ListItem\",\"position\":1,\"name\":\"Home\",\"item\":\"https:\/\/institutfrancais.sk\/fr\/\"},{\"@type\":\"ListItem\",\"position\":2,\"name\":\"Events\",\"item\":\"https:\/\/institutfrancais.sk\/fr\/podujatie\/\"},{\"@type\":\"ListItem\",\"position\":3,\"name\":\"\u00ab\u00a0Lignes directes\u00a0\u00bb de Michal Bog\u00e1r\"}]},{\"@type\":\"WebSite\",\"@id\":\"https:\/\/institutfrancais.sk\/fr\/#website\",\"url\":\"https:\/\/institutfrancais.sk\/fr\/\",\"name\":\"Franc\u00fazsky in\u0161tit\u00fat na Slovensku\",\"description\":\"Franc\u00fazsky in\u0161tit\u00fat na Slovensku\",\"potentialAction\":[{\"@type\":\"SearchAction\",\"target\":{\"@type\":\"EntryPoint\",\"urlTemplate\":\"https:\/\/institutfrancais.sk\/fr\/?s={search_term_string}\"},\"query-input\":{\"@type\":\"PropertyValueSpecification\",\"valueRequired\":true,\"valueName\":\"search_term_string\"}}],\"inLanguage\":\"fr-FR\"}]}<\/script>\n<!-- \/ Yoast SEO plugin. -->","yoast_head_json":{"title":"\"Lignes directes\" de Michal Bog\u00e1r - Franc\u00fazsky in\u0161tit\u00fat na Slovensku","description":"Exposition photographique de l\u2019architecte et urbaniste slovaque francophone Michal Bog\u00e1r avec les photographies de Paris et Bratislava.","robots":{"index":"index","follow":"follow","max-snippet":"max-snippet:-1","max-image-preview":"max-image-preview:large","max-video-preview":"max-video-preview:-1"},"canonical":"https:\/\/institutfrancais.sk\/fr\/podujatie\/exposition-lignes-directes-de-michal-bogar\/","og_locale":"fr_FR","og_type":"article","og_title":"\"Lignes directes\" de Michal Bog\u00e1r - Franc\u00fazsky in\u0161tit\u00fat na Slovensku","og_description":"Exposition photographique de l\u2019architecte et urbaniste slovaque francophone Michal Bog\u00e1r avec les photographies de Paris et Bratislava.","og_url":"https:\/\/institutfrancais.sk\/fr\/podujatie\/exposition-lignes-directes-de-michal-bogar\/","og_site_name":"Franc\u00fazsky in\u0161tit\u00fat na Slovensku","article_modified_time":"2021-04-21T16:34:03+00:00","og_image":[{"width":2560,"height":1536,"url":"https:\/\/institutfrancais.sk\/wp-content\/uploads\/2021\/03\/Lignes-directes-cover--scaled.jpg","type":"image\/jpeg"}],"twitter_card":"summary_large_image","twitter_misc":{"Dur\u00e9e de lecture estim\u00e9e":"4 minutes"},"schema":{"@context":"https:\/\/schema.org","@graph":[{"@type":"WebPage","@id":"https:\/\/institutfrancais.sk\/fr\/podujatie\/exposition-lignes-directes-de-michal-bogar\/","url":"https:\/\/institutfrancais.sk\/fr\/podujatie\/exposition-lignes-directes-de-michal-bogar\/","name":"\"Lignes directes\" de Michal Bog\u00e1r - Franc\u00fazsky in\u0161tit\u00fat na Slovensku","isPartOf":{"@id":"https:\/\/institutfrancais.sk\/fr\/#website"},"primaryImageOfPage":{"@id":"https:\/\/institutfrancais.sk\/fr\/podujatie\/exposition-lignes-directes-de-michal-bogar\/#primaryimage"},"image":{"@id":"https:\/\/institutfrancais.sk\/fr\/podujatie\/exposition-lignes-directes-de-michal-bogar\/#primaryimage"},"thumbnailUrl":"https:\/\/institutfrancais.sk\/wp-content\/uploads\/2021\/03\/Lignes-directes-cover--scaled.jpg","datePublished":"2021-03-05T15:31:19+00:00","dateModified":"2021-04-21T16:34:03+00:00","description":"Exposition photographique de l\u2019architecte et urbaniste slovaque francophone Michal Bog\u00e1r avec les photographies de Paris et Bratislava.","breadcrumb":{"@id":"https:\/\/institutfrancais.sk\/fr\/podujatie\/exposition-lignes-directes-de-michal-bogar\/#breadcrumb"},"inLanguage":"fr-FR","potentialAction":[{"@type":"ReadAction","target":["https:\/\/institutfrancais.sk\/fr\/podujatie\/exposition-lignes-directes-de-michal-bogar\/"]}]},{"@type":"ImageObject","inLanguage":"fr-FR","@id":"https:\/\/institutfrancais.sk\/fr\/podujatie\/exposition-lignes-directes-de-michal-bogar\/#primaryimage","url":"https:\/\/institutfrancais.sk\/wp-content\/uploads\/2021\/03\/Lignes-directes-cover--scaled.jpg","contentUrl":"https:\/\/institutfrancais.sk\/wp-content\/uploads\/2021\/03\/Lignes-directes-cover--scaled.jpg","width":2560,"height":1536},{"@type":"BreadcrumbList","@id":"https:\/\/institutfrancais.sk\/fr\/podujatie\/exposition-lignes-directes-de-michal-bogar\/#breadcrumb","itemListElement":[{"@type":"ListItem","position":1,"name":"Home","item":"https:\/\/institutfrancais.sk\/fr\/"},{"@type":"ListItem","position":2,"name":"Events","item":"https:\/\/institutfrancais.sk\/fr\/podujatie\/"},{"@type":"ListItem","position":3,"name":"\u00ab\u00a0Lignes directes\u00a0\u00bb de Michal Bog\u00e1r"}]},{"@type":"WebSite","@id":"https:\/\/institutfrancais.sk\/fr\/#website","url":"https:\/\/institutfrancais.sk\/fr\/","name":"Franc\u00fazsky in\u0161tit\u00fat na Slovensku","description":"Franc\u00fazsky in\u0161tit\u00fat na Slovensku","potentialAction":[{"@type":"SearchAction","target":{"@type":"EntryPoint","urlTemplate":"https:\/\/institutfrancais.sk\/fr\/?s={search_term_string}"},"query-input":{"@type":"PropertyValueSpecification","valueRequired":true,"valueName":"search_term_string"}}],"inLanguage":"fr-FR"}]}},"_links":{"self":[{"href":"https:\/\/institutfrancais.sk\/fr\/wp-json\/wp\/v2\/podujatie\/16220"}],"collection":[{"href":"https:\/\/institutfrancais.sk\/fr\/wp-json\/wp\/v2\/podujatie"}],"about":[{"href":"https:\/\/institutfrancais.sk\/fr\/wp-json\/wp\/v2\/types\/podujatie"}],"wp:featuredmedia":[{"embeddable":true,"href":"https:\/\/institutfrancais.sk\/fr\/wp-json\/wp\/v2\/media\/16454"}],"wp:attachment":[{"href":"https:\/\/institutfrancais.sk\/fr\/wp-json\/wp\/v2\/media?parent=16220"}],"wp:term":[{"taxonomy":"typ-podujatia","embeddable":true,"href":"https:\/\/institutfrancais.sk\/fr\/wp-json\/wp\/v2\/typ-podujatia?post=16220"}],"curies":[{"name":"wp","href":"https:\/\/api.w.org\/{rel}","templated":true}]}}