{"id":16428,"date":"2021-02-08T11:40:43","date_gmt":"2021-02-08T10:40:43","guid":{"rendered":"https:\/\/institutfrancais.sk\/?post_type=podujatie&#038;p=16428"},"modified":"2021-03-19T18:28:40","modified_gmt":"2021-03-19T17:28:40","slug":"ana-blandiana-ana-blandiana","status":"publish","type":"podujatie","link":"https:\/\/institutfrancais.sk\/fr\/podujatie\/ana-blandiana-ana-blandiana\/","title":{"rendered":"Un moment avec [Ana Blandiana]"},"content":{"rendered":"<div class=\"accordion-menu\"><a href=\"#a1-\" class=\"smooth\"><\/a><\/div><div class=\"accordion\" id=\"a541\"><div class=\"card\"><div class=\"card-header\" id=\"ha541_1\"><h3 class=\"card-opener\"><button class=\"collapsed\" type=\"button\" data-toggle=\"collapse\" data-target=\"#ca541_1\" aria-expanded=\"true\" aria-controls=\"ca541_1\">Ana Blandiana, grande dame de la po\u00e9sie roumaine<span class=\"plus\"><svg viewBox=\"0 0 29 29\" xmlns=\"http:\/\/www.w3.org\/2000\/svg\"><path d=\"M28.2857 12.9286V16.7857C28.2857 17.3214 28.0982 17.7768 27.7232 18.1518C27.3482 18.5268 26.8929 18.7143 26.3571 18.7143H18V27.0714C18 27.6071 17.8125 28.0625 17.4375 28.4375C17.0625 28.8125 16.6071 29 16.0714 29H12.2143C11.6786 29 11.2232 28.8125 10.8482 28.4375C10.4732 28.0625 10.2857 27.6071 10.2857 27.0714V18.7143H1.92857C1.39286 18.7143 0.9375 18.5268 0.5625 18.1518C0.1875 17.7768 0 17.3214 0 16.7857V12.9286C0 12.3929 0.1875 11.9375 0.5625 11.5625C0.9375 11.1875 1.39286 11 1.92857 11H10.2857V2.64286C10.2857 2.10714 10.4732 1.65178 10.8482 1.27678C11.2232 0.901784 11.6786 0.714284 12.2143 0.714284H16.0714C16.6071 0.714284 17.0625 0.901784 17.4375 1.27678C17.8125 1.65178 18 2.10714 18 2.64286V11H26.3571C26.8929 11 27.3482 11.1875 27.7232 11.5625C28.0982 11.9375 28.2857 12.3929 28.2857 12.9286Z\"><\/svg><\/span><span class=\"minus\"><svg viewBox=\"0 0 29 8\" xmlns=\"http:\/\/www.w3.org\/2000\/svg\"><path d=\"M28.2857 1.92857V5.78571C28.2857 6.32143 28.0982 6.77679 27.7232 7.15179C27.3482 7.52679 26.8929 7.71429 26.3571 7.71429H1.92857C1.39286 7.71429 0.9375 7.52679 0.5625 7.15179C0.1875 6.77679 0 6.32143 0 5.78571V1.92857C0 1.39286 0.1875 0.937499 0.5625 0.562499C0.9375 0.1875 1.39286 0 1.92857 0H26.3571C26.8929 0 27.3482 0.1875 27.7232 0.562499C28.0982 0.937499 28.2857 1.39286 28.2857 1.92857Z\"><\/svg><\/span><\/button><\/h3><\/div><div id=\"ca541_1\" class=\"collapse\" aria-labelledby=\"ha541_1\" data-parent=\"#a541\"><div class=\"card-body\"><p><strong>Ana Blandiana<\/strong> est mondialement consid\u00e9r\u00e9e comme l&rsquo;un des po\u00e8tes roumains contemporains les plus repr\u00e9sentatifs de sa g\u00e9n\u00e9ration.<\/p>\n<p>Po\u00e9tesse avant toute chose, mais \u00e9galement essayiste, romanci\u00e8re et traductrice, elle fut aussi, pendant le r\u00e9gime communiste, une voix forte de la r\u00e9sistance par la litt\u00e9rature et qui a&nbsp;marqu\u00e9 la conscience collective.<\/p>\n<p>Elle est aussi connue en Slovaquie : plusieurs de ses po\u00e8mes ont \u00e9t\u00e9 publi\u00e9s dans la presse litt\u00e9raire slovaque, d&rsquo;autres ont \u00e9t\u00e9 pr\u00e9sent\u00e9s lors du Mois de lectures du <em>Festival par les auteurs<\/em>, l\u2019\u00e9t\u00e9 2019.<\/p>\n<p>Ana Blandiana a&nbsp;\u00e9galement re\u00e7u le <strong>prix J\u00e1n Smrek<\/strong>, en 2019.<\/p>\n<\/div><\/div><\/div><\/div>\n\n<div class=\"space sm\"><\/div>\n\n\n<h2 class=\"wp-block-heading\">\u00c9v\u00e8nement<\/h2>\n\n\n\n<p><strong><em>Date <\/em><\/strong>: du samedi 20 au jeudi 25 mars<br><strong><em>Lieu<\/em><\/strong> : En ligne sur le site<\/p>\n\n\n<div class=\"space sm\"><\/div>\n\n\n<figure class=\"wp-block-embed is-type-video is-provider-youtube wp-block-embed-youtube wp-embed-aspect-16-9 wp-has-aspect-ratio\"><div class=\"wp-block-embed__wrapper\">\n<iframe loading=\"lazy\" title=\"Mots d&#039;Ana Blandiana, po\u00e9tesse roumaine\" width=\"500\" height=\"281\" src=\"https:\/\/www.youtube.com\/embed\/SU1kZ3nCXz8?start=157&#038;feature=oembed\" frameborder=\"0\" allow=\"accelerometer; autoplay; clipboard-write; encrypted-media; gyroscope; picture-in-picture; web-share\" referrerpolicy=\"strict-origin-when-cross-origin\" allowfullscreen><\/iframe>\n<\/div><\/figure>\n\n\n<div class=\"space sm\"><\/div>\n\n\n<h2 class=\"wp-block-heading\"><strong>Organisateurs<\/strong><\/h2>\n\n\n<\/div><div class=\"gray-bg\"><div class=\"wrap\"><div class=\"white-boxes sponsors-partners nobtn\"><h2><span>Partenaires<\/span><\/h2><div class=\"box\"><h3>Partenaires<\/h3><div class=\"owl-carousel loop-2\"><div class=\"img\"><a href=\"http:\/\/bratislava.mae.ro\/\" target=\"_blank\"><picture><source srcset=\"https:\/\/institutfrancais.sk\/wp-content\/uploads\/2021\/02\/13-Ambassade-de-Roumanie-215x300.jpg\" type=\"image\/jpeg\"><img decoding=\"async\" src=\"https:\/\/institutfrancais.sk\/wp-content\/uploads\/2021\/02\/13-Ambassade-de-Roumanie-215x300.jpg\" alt=\"\"width=\"100%\"\"><\/picture><\/a><\/div><\/div><\/div><\/div><\/div><\/div><\/div><div class=\"wrap narrow-wrap\">\n\n<div class=\"space md\"><\/div>\n\n\n<p><em>\u00a9 Photo de couverture : Vioricapatea, <a href=\"https:\/\/creativecommons.org\/licenses\/by-sa\/4.0\">CC BY-SA 4.0<\/a>, via Wikimedia Commons<\/em><\/p>\n","protected":false},"featured_media":16429,"template":"","typ-podujatia":[58],"acf":[],"yoast_head":"<!-- This site is optimized with the Yoast SEO plugin v24.5 - https:\/\/yoast.com\/wordpress\/plugins\/seo\/ -->\n<title>Un moment avec [Ana Blandiana] - Franc\u00fazsky in\u0161tit\u00fat na Slovensku<\/title>\n<meta name=\"robots\" content=\"index, follow, max-snippet:-1, max-image-preview:large, max-video-preview:-1\" \/>\n<link rel=\"canonical\" href=\"https:\/\/institutfrancais.sk\/fr\/podujatie\/ana-blandiana-ana-blandiana\/\" \/>\n<meta property=\"og:locale\" content=\"fr_FR\" \/>\n<meta property=\"og:type\" content=\"article\" \/>\n<meta property=\"og:title\" content=\"Un moment avec [Ana Blandiana] - Franc\u00fazsky in\u0161tit\u00fat na Slovensku\" \/>\n<meta property=\"og:description\" content=\"\u00c9v\u00e8nement Date : du samedi 20 au jeudi 25 marsLieu : En ligne sur le site Organisateurs \u00a9 Photo de couverture : Vioricapatea, CC BY-SA 4.0, via Wikimedia Commons\" \/>\n<meta property=\"og:url\" content=\"https:\/\/institutfrancais.sk\/fr\/podujatie\/ana-blandiana-ana-blandiana\/\" \/>\n<meta property=\"og:site_name\" content=\"Franc\u00fazsky in\u0161tit\u00fat na Slovensku\" \/>\n<meta property=\"article:modified_time\" content=\"2021-03-19T17:28:40+00:00\" \/>\n<meta property=\"og:image\" content=\"https:\/\/institutfrancais.sk\/wp-content\/uploads\/2021\/03\/Ana_Blandianapoet-scaled.jpg\" \/>\n\t<meta property=\"og:image:width\" content=\"2560\" \/>\n\t<meta property=\"og:image:height\" content=\"1920\" \/>\n\t<meta property=\"og:image:type\" content=\"image\/jpeg\" \/>\n<meta name=\"twitter:card\" content=\"summary_large_image\" \/>\n<meta name=\"twitter:label1\" content=\"Dur\u00e9e de lecture estim\u00e9e\" \/>\n\t<meta name=\"twitter:data1\" content=\"1 minute\" \/>\n<script type=\"application\/ld+json\" class=\"yoast-schema-graph\">{\"@context\":\"https:\/\/schema.org\",\"@graph\":[{\"@type\":\"WebPage\",\"@id\":\"https:\/\/institutfrancais.sk\/fr\/podujatie\/ana-blandiana-ana-blandiana\/\",\"url\":\"https:\/\/institutfrancais.sk\/fr\/podujatie\/ana-blandiana-ana-blandiana\/\",\"name\":\"Un moment avec [Ana Blandiana] - Franc\u00fazsky in\u0161tit\u00fat na Slovensku\",\"isPartOf\":{\"@id\":\"https:\/\/institutfrancais.sk\/fr\/#website\"},\"primaryImageOfPage\":{\"@id\":\"https:\/\/institutfrancais.sk\/fr\/podujatie\/ana-blandiana-ana-blandiana\/#primaryimage\"},\"image\":{\"@id\":\"https:\/\/institutfrancais.sk\/fr\/podujatie\/ana-blandiana-ana-blandiana\/#primaryimage\"},\"thumbnailUrl\":\"https:\/\/institutfrancais.sk\/wp-content\/uploads\/2021\/03\/Ana_Blandianapoet-scaled.jpg\",\"datePublished\":\"2021-02-08T10:40:43+00:00\",\"dateModified\":\"2021-03-19T17:28:40+00:00\",\"breadcrumb\":{\"@id\":\"https:\/\/institutfrancais.sk\/fr\/podujatie\/ana-blandiana-ana-blandiana\/#breadcrumb\"},\"inLanguage\":\"fr-FR\",\"potentialAction\":[{\"@type\":\"ReadAction\",\"target\":[\"https:\/\/institutfrancais.sk\/fr\/podujatie\/ana-blandiana-ana-blandiana\/\"]}]},{\"@type\":\"ImageObject\",\"inLanguage\":\"fr-FR\",\"@id\":\"https:\/\/institutfrancais.sk\/fr\/podujatie\/ana-blandiana-ana-blandiana\/#primaryimage\",\"url\":\"https:\/\/institutfrancais.sk\/wp-content\/uploads\/2021\/03\/Ana_Blandianapoet-scaled.jpg\",\"contentUrl\":\"https:\/\/institutfrancais.sk\/wp-content\/uploads\/2021\/03\/Ana_Blandianapoet-scaled.jpg\",\"width\":2560,\"height\":1920},{\"@type\":\"BreadcrumbList\",\"@id\":\"https:\/\/institutfrancais.sk\/fr\/podujatie\/ana-blandiana-ana-blandiana\/#breadcrumb\",\"itemListElement\":[{\"@type\":\"ListItem\",\"position\":1,\"name\":\"Home\",\"item\":\"https:\/\/institutfrancais.sk\/fr\/\"},{\"@type\":\"ListItem\",\"position\":2,\"name\":\"Events\",\"item\":\"https:\/\/institutfrancais.sk\/fr\/podujatie\/\"},{\"@type\":\"ListItem\",\"position\":3,\"name\":\"Un moment avec [Ana Blandiana]\"}]},{\"@type\":\"WebSite\",\"@id\":\"https:\/\/institutfrancais.sk\/fr\/#website\",\"url\":\"https:\/\/institutfrancais.sk\/fr\/\",\"name\":\"Franc\u00fazsky in\u0161tit\u00fat na Slovensku\",\"description\":\"Franc\u00fazsky in\u0161tit\u00fat na Slovensku\",\"potentialAction\":[{\"@type\":\"SearchAction\",\"target\":{\"@type\":\"EntryPoint\",\"urlTemplate\":\"https:\/\/institutfrancais.sk\/fr\/?s={search_term_string}\"},\"query-input\":{\"@type\":\"PropertyValueSpecification\",\"valueRequired\":true,\"valueName\":\"search_term_string\"}}],\"inLanguage\":\"fr-FR\"}]}<\/script>\n<!-- \/ Yoast SEO plugin. -->","yoast_head_json":{"title":"Un moment avec [Ana Blandiana] - Franc\u00fazsky in\u0161tit\u00fat na Slovensku","robots":{"index":"index","follow":"follow","max-snippet":"max-snippet:-1","max-image-preview":"max-image-preview:large","max-video-preview":"max-video-preview:-1"},"canonical":"https:\/\/institutfrancais.sk\/fr\/podujatie\/ana-blandiana-ana-blandiana\/","og_locale":"fr_FR","og_type":"article","og_title":"Un moment avec [Ana Blandiana] - Franc\u00fazsky in\u0161tit\u00fat na Slovensku","og_description":"\u00c9v\u00e8nement Date : du samedi 20 au jeudi 25 marsLieu : En ligne sur le site Organisateurs \u00a9 Photo de couverture : Vioricapatea, CC BY-SA 4.0, via Wikimedia Commons","og_url":"https:\/\/institutfrancais.sk\/fr\/podujatie\/ana-blandiana-ana-blandiana\/","og_site_name":"Franc\u00fazsky in\u0161tit\u00fat na Slovensku","article_modified_time":"2021-03-19T17:28:40+00:00","og_image":[{"width":2560,"height":1920,"url":"https:\/\/institutfrancais.sk\/wp-content\/uploads\/2021\/03\/Ana_Blandianapoet-scaled.jpg","type":"image\/jpeg"}],"twitter_card":"summary_large_image","twitter_misc":{"Dur\u00e9e de lecture estim\u00e9e":"1 minute"},"schema":{"@context":"https:\/\/schema.org","@graph":[{"@type":"WebPage","@id":"https:\/\/institutfrancais.sk\/fr\/podujatie\/ana-blandiana-ana-blandiana\/","url":"https:\/\/institutfrancais.sk\/fr\/podujatie\/ana-blandiana-ana-blandiana\/","name":"Un moment avec [Ana Blandiana] - Franc\u00fazsky in\u0161tit\u00fat na Slovensku","isPartOf":{"@id":"https:\/\/institutfrancais.sk\/fr\/#website"},"primaryImageOfPage":{"@id":"https:\/\/institutfrancais.sk\/fr\/podujatie\/ana-blandiana-ana-blandiana\/#primaryimage"},"image":{"@id":"https:\/\/institutfrancais.sk\/fr\/podujatie\/ana-blandiana-ana-blandiana\/#primaryimage"},"thumbnailUrl":"https:\/\/institutfrancais.sk\/wp-content\/uploads\/2021\/03\/Ana_Blandianapoet-scaled.jpg","datePublished":"2021-02-08T10:40:43+00:00","dateModified":"2021-03-19T17:28:40+00:00","breadcrumb":{"@id":"https:\/\/institutfrancais.sk\/fr\/podujatie\/ana-blandiana-ana-blandiana\/#breadcrumb"},"inLanguage":"fr-FR","potentialAction":[{"@type":"ReadAction","target":["https:\/\/institutfrancais.sk\/fr\/podujatie\/ana-blandiana-ana-blandiana\/"]}]},{"@type":"ImageObject","inLanguage":"fr-FR","@id":"https:\/\/institutfrancais.sk\/fr\/podujatie\/ana-blandiana-ana-blandiana\/#primaryimage","url":"https:\/\/institutfrancais.sk\/wp-content\/uploads\/2021\/03\/Ana_Blandianapoet-scaled.jpg","contentUrl":"https:\/\/institutfrancais.sk\/wp-content\/uploads\/2021\/03\/Ana_Blandianapoet-scaled.jpg","width":2560,"height":1920},{"@type":"BreadcrumbList","@id":"https:\/\/institutfrancais.sk\/fr\/podujatie\/ana-blandiana-ana-blandiana\/#breadcrumb","itemListElement":[{"@type":"ListItem","position":1,"name":"Home","item":"https:\/\/institutfrancais.sk\/fr\/"},{"@type":"ListItem","position":2,"name":"Events","item":"https:\/\/institutfrancais.sk\/fr\/podujatie\/"},{"@type":"ListItem","position":3,"name":"Un moment avec [Ana Blandiana]"}]},{"@type":"WebSite","@id":"https:\/\/institutfrancais.sk\/fr\/#website","url":"https:\/\/institutfrancais.sk\/fr\/","name":"Franc\u00fazsky in\u0161tit\u00fat na Slovensku","description":"Franc\u00fazsky in\u0161tit\u00fat na Slovensku","potentialAction":[{"@type":"SearchAction","target":{"@type":"EntryPoint","urlTemplate":"https:\/\/institutfrancais.sk\/fr\/?s={search_term_string}"},"query-input":{"@type":"PropertyValueSpecification","valueRequired":true,"valueName":"search_term_string"}}],"inLanguage":"fr-FR"}]}},"_links":{"self":[{"href":"https:\/\/institutfrancais.sk\/fr\/wp-json\/wp\/v2\/podujatie\/16428"}],"collection":[{"href":"https:\/\/institutfrancais.sk\/fr\/wp-json\/wp\/v2\/podujatie"}],"about":[{"href":"https:\/\/institutfrancais.sk\/fr\/wp-json\/wp\/v2\/types\/podujatie"}],"wp:featuredmedia":[{"embeddable":true,"href":"https:\/\/institutfrancais.sk\/fr\/wp-json\/wp\/v2\/media\/16429"}],"wp:attachment":[{"href":"https:\/\/institutfrancais.sk\/fr\/wp-json\/wp\/v2\/media?parent=16428"}],"wp:term":[{"taxonomy":"typ-podujatia","embeddable":true,"href":"https:\/\/institutfrancais.sk\/fr\/wp-json\/wp\/v2\/typ-podujatia?post=16428"}],"curies":[{"name":"wp","href":"https:\/\/api.w.org\/{rel}","templated":true}]}}