{"id":16472,"date":"2021-02-08T11:10:27","date_gmt":"2021-02-08T10:10:27","guid":{"rendered":"https:\/\/institutfrancais.sk\/?post_type=podujatie&#038;p=16472"},"modified":"2021-03-11T20:22:12","modified_gmt":"2021-03-11T19:22:12","slug":"lapero-du-cafe-francais-simone-de-beauvoir","status":"publish","type":"podujatie","link":"https:\/\/institutfrancais.sk\/fr\/podujatie\/lapero-du-cafe-francais-simone-de-beauvoir\/","title":{"rendered":"L\u2019ap\u00e9ro du Caf\u00e9 Fran\u00e7ais [Simone de Beauvoir]"},"content":{"rendered":"<div class=\"accordion-menu\"><a href=\"#a1-\" class=\"smooth\"><\/a><\/div><div class=\"accordion\" id=\"a895\"><div class=\"card\"><div class=\"card-header\" id=\"ha895_1\"><h3 class=\"card-opener\"><button class=\"collapsed\" type=\"button\" data-toggle=\"collapse\" data-target=\"#ca895_1\" aria-expanded=\"true\" aria-controls=\"ca895_1\">Simone de Beauvoir et le caf\u00e9 de Flore<span class=\"plus\"><svg viewBox=\"0 0 29 29\" xmlns=\"http:\/\/www.w3.org\/2000\/svg\"><path d=\"M28.2857 12.9286V16.7857C28.2857 17.3214 28.0982 17.7768 27.7232 18.1518C27.3482 18.5268 26.8929 18.7143 26.3571 18.7143H18V27.0714C18 27.6071 17.8125 28.0625 17.4375 28.4375C17.0625 28.8125 16.6071 29 16.0714 29H12.2143C11.6786 29 11.2232 28.8125 10.8482 28.4375C10.4732 28.0625 10.2857 27.6071 10.2857 27.0714V18.7143H1.92857C1.39286 18.7143 0.9375 18.5268 0.5625 18.1518C0.1875 17.7768 0 17.3214 0 16.7857V12.9286C0 12.3929 0.1875 11.9375 0.5625 11.5625C0.9375 11.1875 1.39286 11 1.92857 11H10.2857V2.64286C10.2857 2.10714 10.4732 1.65178 10.8482 1.27678C11.2232 0.901784 11.6786 0.714284 12.2143 0.714284H16.0714C16.6071 0.714284 17.0625 0.901784 17.4375 1.27678C17.8125 1.65178 18 2.10714 18 2.64286V11H26.3571C26.8929 11 27.3482 11.1875 27.7232 11.5625C28.0982 11.9375 28.2857 12.3929 28.2857 12.9286Z\"><\/svg><\/span><span class=\"minus\"><svg viewBox=\"0 0 29 8\" xmlns=\"http:\/\/www.w3.org\/2000\/svg\"><path d=\"M28.2857 1.92857V5.78571C28.2857 6.32143 28.0982 6.77679 27.7232 7.15179C27.3482 7.52679 26.8929 7.71429 26.3571 7.71429H1.92857C1.39286 7.71429 0.9375 7.52679 0.5625 7.15179C0.1875 6.77679 0 6.32143 0 5.78571V1.92857C0 1.39286 0.1875 0.937499 0.5625 0.562499C0.9375 0.1875 1.39286 0 1.92857 0H26.3571C26.8929 0 27.3482 0.1875 27.7232 0.562499C28.0982 0.937499 28.2857 1.39286 28.2857 1.92857Z\"><\/svg><\/span><\/button><\/h3><\/div><div id=\"ca895_1\" class=\"collapse\" aria-labelledby=\"ha895_1\" data-parent=\"#a895\"><div class=\"card-body\"><p><strong>Simone de Beauvoir<\/strong> \u00e9tait un philosophe, romanci\u00e8re, m\u00e9morialiste et essayiste fran\u00e7aise. De jeune fille rang\u00e9e \u00e0 autrice f\u00e9ministe elle obtient la notori\u00e9t\u00e9 en 1949 avec la publication du livre <em>Le Deuxi\u00e8me Sexe<\/em>. Cet essai philosophique devient la r\u00e9f\u00e9rence du f\u00e9minisme moderne et la r\u00e9v\u00e8le comme une grande th\u00e9oricienne du mouvement de lib\u00e9ration de la femme.<\/p>\n<p>La philosophe prend l\u2019habitude de s\u2019installer dans les caf\u00e9s pour aiguiser sa plume et aff\u00fbter ses id\u00e9es.<\/p>\n<p>Les \u00e9crivains et artistes parisiens fr\u00e9quentent ces lieux, non pas pour se montrer, mais pour trouver un endroit plus agr\u00e9able que leurs chambres de bonne humides et non chauff\u00e9es.<\/p>\n<p>Le <em><strong>Caf\u00e9 de Flore<\/strong><\/em> au quartier de Saint-Germain-des-Pr\u00e9s est proche de Gallimard, la maison d\u2019\u00e9dition de Simone de Beauvoir. Le tenancier laisse, avec plus ou moins d\u2019enthousiasme, ses clients rester toute la journ\u00e9e sans beaucoup consommer. Il r\u00e9serve \u00e0 la philosophe l\u2019une des dizaines de tables du premier \u00e9tage pour y travailler.<\/p>\n<p>Ce lieu n\u2019existerait sans doute plus sans ces dizaines d\u2019\u00e9crivains qui ont foul\u00e9 ses portes, jour apr\u00e8s jour, ann\u00e9e apr\u00e8s ann\u00e9e. Pendant pr\u00e8s de cinquante ans, ce lieu a&nbsp;\u00e9t\u00e9 celui de toutes les r\u00e9unions litt\u00e9raires, de tous les d\u00e9bats philosophiques et de toutes les r\u00eaveries artistiques.<\/p>\n<\/div><\/div><\/div><\/div>\n\n<div class=\"space xs\"><\/div>\n\n\n<h2 class=\"wp-block-heading\"><strong>Ev\u00e8nement<\/strong><\/h2>\n\n\n\n<p><strong><em>Date <\/em><\/strong>: jeudi 18 mars et samedi 20 mars, 19h &#8211;&nbsp;20h<br><strong><em>Lieu<\/em><\/strong> : sur Zoom<\/p>\n\n\n\n<p>Organis\u00e9 par Stanica-Zariecie, <strong><em>L\u2019ap\u00e9ro du caf\u00e9 fran\u00e7ais<\/em><\/strong>, c\u2019est un hommage \u00e0 ces espaces de socialisation et de cr\u00e9ation qui nous sont chers, devenus &#8211;&nbsp;malheureusement &#8211;&nbsp;trop rares \u00e0 l\u2019\u00e9preuve du COVID. <\/p>\n\n\n\n<p>Pour philosopher, d\u00e9battre, \u00e9changer et se d\u00e9couvrir.<\/p>\n\n\n<div class=\"space xs\"><\/div>\n\n<div class=\"text-center\"><a href=\"https:\/\/forms.gle\/WyJqNNyTTP2Nz4MG9\" class=\"btn btn-black-invert\" target=\"blank\" rel=\"noreferrer noopener\">S&rsquo;inscrire \u00e0 l&rsquo;ap\u00e9ro<\/a><\/div>\n\n<div class=\"space sm\"><\/div>\n\n\n<h2 class=\"wp-block-heading\"><strong>Organisateurs<\/strong><\/h2>\n\n\n<\/div><div class=\"gray-bg\"><div class=\"wrap\"><div class=\"white-boxes sponsors-partners nobtn\"><h2><span>Partenaires<\/span><\/h2><div class=\"box\"><h3>Partenaires<\/h3><div class=\"owl-carousel loop-3\"><div class=\"img\"><a href=\"https:\/\/www.stanica.sk\/\" target=\"_blank\"><picture><source srcset=\"https:\/\/institutfrancais.sk\/wp-content\/uploads\/2021\/03\/logo_stanica_zilina-zariecie-300x160.jpg\" type=\"image\/jpeg\"><img decoding=\"async\" src=\"https:\/\/institutfrancais.sk\/wp-content\/uploads\/2021\/03\/logo_stanica_zilina-zariecie-300x160.jpg\" alt=\"\"width=\"100%\"\"><\/picture><\/a><\/div><div class=\"img\"><a href=\"https:\/\/www.fpu.sk\/sk\/\" target=\"_blank\"><picture><source srcset=\"https:\/\/institutfrancais.sk\/wp-content\/uploads\/2021\/03\/logo-fond-na-podporu-umenia-300x225.jpg\" type=\"image\/jpeg\"><img decoding=\"async\" src=\"https:\/\/institutfrancais.sk\/wp-content\/uploads\/2021\/03\/logo-fond-na-podporu-umenia-300x225.jpg\" alt=\"\"width=\"100%\"\"><\/picture><\/a><\/div><div class=\"img\"><a href=\"https:\/\/www.erasmusplus.sk\/\" target=\"_blank\"><picture><source srcset=\"https:\/\/institutfrancais.sk\/wp-content\/uploads\/2021\/02\/33-Erasmus-plus-300x86.jpg\" type=\"image\/jpeg\"><img decoding=\"async\" src=\"https:\/\/institutfrancais.sk\/wp-content\/uploads\/2021\/02\/33-Erasmus-plus-300x86.jpg\" alt=\"\"width=\"100%\"\"><\/picture><\/a><\/div><\/div><\/div><\/div><\/div><\/div><\/div><div class=\"wrap narrow-wrap\">\n\n<div class=\"space sm\"><\/div>\n\n\n<p><em>\u00a9 Photo de couverture : <a target=\"_blank\" rel=\"noreferrer noopener\" href=\"https:\/\/www.flickr.com\/photos\/40936370@N00\/9334876056\">\u00ab\u00a0Simone De Beauvoir, painted portrait\u00a0\u00bb<\/a> by <a href=\"https:\/\/www.flickr.com\/photos\/40936370@N00\" target=\"_blank\" rel=\"noreferrer noopener\">Abode of Chaos<\/a> is licensed under <a href=\"https:\/\/creativecommons.org\/licenses\/by\/2.0\/?ref=ccsearch&amp;atype=rich\" target=\"_blank\" rel=\"noreferrer noopener\">CC BY 2.0<\/a><\/em><\/p>\n\n\n<div class=\"space sm\"><\/div>","protected":false},"featured_media":16473,"template":"","typ-podujatia":[98],"acf":[],"yoast_head":"<!-- This site is optimized with the Yoast SEO plugin v24.5 - https:\/\/yoast.com\/wordpress\/plugins\/seo\/ -->\n<title>L\u2019ap\u00e9ro du Caf\u00e9 Fran\u00e7ais [Simone de Beauvoir] - Franc\u00fazsky in\u0161tit\u00fat na Slovensku<\/title>\n<meta name=\"robots\" content=\"index, follow, max-snippet:-1, max-image-preview:large, max-video-preview:-1\" \/>\n<link rel=\"canonical\" href=\"https:\/\/institutfrancais.sk\/fr\/podujatie\/lapero-du-cafe-francais-simone-de-beauvoir\/\" \/>\n<meta property=\"og:locale\" content=\"fr_FR\" \/>\n<meta property=\"og:type\" content=\"article\" \/>\n<meta property=\"og:title\" content=\"L\u2019ap\u00e9ro du Caf\u00e9 Fran\u00e7ais [Simone de Beauvoir] - Franc\u00fazsky in\u0161tit\u00fat na Slovensku\" \/>\n<meta property=\"og:description\" content=\"Ev\u00e8nement Date : jeudi 18 mars et samedi 20 mars, 19h &#8211;&nbsp;20hLieu : sur Zoom Organis\u00e9 par Stanica-Zariecie, L\u2019ap\u00e9ro du caf\u00e9 fran\u00e7ais, c\u2019est un hommage \u00e0 ces espaces de socialisation et de cr\u00e9ation qui nous sont chers, devenus &#8211;&nbsp;malheureusement &#8211;&nbsp;trop rares \u00e0 l\u2019\u00e9preuve du COVID. Pour philosopher, d\u00e9battre, \u00e9changer et se d\u00e9couvrir. Organisateurs \u00a9 Photo [&hellip;]\" \/>\n<meta property=\"og:url\" content=\"https:\/\/institutfrancais.sk\/fr\/podujatie\/lapero-du-cafe-francais-simone-de-beauvoir\/\" \/>\n<meta property=\"og:site_name\" content=\"Franc\u00fazsky in\u0161tit\u00fat na Slovensku\" \/>\n<meta property=\"article:modified_time\" content=\"2021-03-11T19:22:12+00:00\" \/>\n<meta property=\"og:image\" content=\"https:\/\/institutfrancais.sk\/wp-content\/uploads\/2021\/03\/9334876056_c112cc4f4a_o.jpg\" \/>\n\t<meta property=\"og:image:width\" content=\"800\" \/>\n\t<meta property=\"og:image:height\" content=\"533\" \/>\n\t<meta property=\"og:image:type\" content=\"image\/jpeg\" \/>\n<meta name=\"twitter:card\" content=\"summary_large_image\" \/>\n<meta name=\"twitter:label1\" content=\"Dur\u00e9e de lecture estim\u00e9e\" \/>\n\t<meta name=\"twitter:data1\" content=\"1 minute\" \/>\n<script type=\"application\/ld+json\" class=\"yoast-schema-graph\">{\"@context\":\"https:\/\/schema.org\",\"@graph\":[{\"@type\":\"WebPage\",\"@id\":\"https:\/\/institutfrancais.sk\/fr\/podujatie\/lapero-du-cafe-francais-simone-de-beauvoir\/\",\"url\":\"https:\/\/institutfrancais.sk\/fr\/podujatie\/lapero-du-cafe-francais-simone-de-beauvoir\/\",\"name\":\"L\u2019ap\u00e9ro du Caf\u00e9 Fran\u00e7ais [Simone de Beauvoir] - Franc\u00fazsky in\u0161tit\u00fat na Slovensku\",\"isPartOf\":{\"@id\":\"https:\/\/institutfrancais.sk\/fr\/#website\"},\"primaryImageOfPage\":{\"@id\":\"https:\/\/institutfrancais.sk\/fr\/podujatie\/lapero-du-cafe-francais-simone-de-beauvoir\/#primaryimage\"},\"image\":{\"@id\":\"https:\/\/institutfrancais.sk\/fr\/podujatie\/lapero-du-cafe-francais-simone-de-beauvoir\/#primaryimage\"},\"thumbnailUrl\":\"https:\/\/institutfrancais.sk\/wp-content\/uploads\/2021\/03\/9334876056_c112cc4f4a_o.jpg\",\"datePublished\":\"2021-02-08T10:10:27+00:00\",\"dateModified\":\"2021-03-11T19:22:12+00:00\",\"breadcrumb\":{\"@id\":\"https:\/\/institutfrancais.sk\/fr\/podujatie\/lapero-du-cafe-francais-simone-de-beauvoir\/#breadcrumb\"},\"inLanguage\":\"fr-FR\",\"potentialAction\":[{\"@type\":\"ReadAction\",\"target\":[\"https:\/\/institutfrancais.sk\/fr\/podujatie\/lapero-du-cafe-francais-simone-de-beauvoir\/\"]}]},{\"@type\":\"ImageObject\",\"inLanguage\":\"fr-FR\",\"@id\":\"https:\/\/institutfrancais.sk\/fr\/podujatie\/lapero-du-cafe-francais-simone-de-beauvoir\/#primaryimage\",\"url\":\"https:\/\/institutfrancais.sk\/wp-content\/uploads\/2021\/03\/9334876056_c112cc4f4a_o.jpg\",\"contentUrl\":\"https:\/\/institutfrancais.sk\/wp-content\/uploads\/2021\/03\/9334876056_c112cc4f4a_o.jpg\",\"width\":800,\"height\":533},{\"@type\":\"BreadcrumbList\",\"@id\":\"https:\/\/institutfrancais.sk\/fr\/podujatie\/lapero-du-cafe-francais-simone-de-beauvoir\/#breadcrumb\",\"itemListElement\":[{\"@type\":\"ListItem\",\"position\":1,\"name\":\"Home\",\"item\":\"https:\/\/institutfrancais.sk\/fr\/\"},{\"@type\":\"ListItem\",\"position\":2,\"name\":\"Events\",\"item\":\"https:\/\/institutfrancais.sk\/fr\/podujatie\/\"},{\"@type\":\"ListItem\",\"position\":3,\"name\":\"L\u2019ap\u00e9ro du Caf\u00e9 Fran\u00e7ais [Simone de Beauvoir]\"}]},{\"@type\":\"WebSite\",\"@id\":\"https:\/\/institutfrancais.sk\/fr\/#website\",\"url\":\"https:\/\/institutfrancais.sk\/fr\/\",\"name\":\"Franc\u00fazsky in\u0161tit\u00fat na Slovensku\",\"description\":\"Franc\u00fazsky in\u0161tit\u00fat na Slovensku\",\"potentialAction\":[{\"@type\":\"SearchAction\",\"target\":{\"@type\":\"EntryPoint\",\"urlTemplate\":\"https:\/\/institutfrancais.sk\/fr\/?s={search_term_string}\"},\"query-input\":{\"@type\":\"PropertyValueSpecification\",\"valueRequired\":true,\"valueName\":\"search_term_string\"}}],\"inLanguage\":\"fr-FR\"}]}<\/script>\n<!-- \/ Yoast SEO plugin. -->","yoast_head_json":{"title":"L\u2019ap\u00e9ro du Caf\u00e9 Fran\u00e7ais [Simone de Beauvoir] - Franc\u00fazsky in\u0161tit\u00fat na Slovensku","robots":{"index":"index","follow":"follow","max-snippet":"max-snippet:-1","max-image-preview":"max-image-preview:large","max-video-preview":"max-video-preview:-1"},"canonical":"https:\/\/institutfrancais.sk\/fr\/podujatie\/lapero-du-cafe-francais-simone-de-beauvoir\/","og_locale":"fr_FR","og_type":"article","og_title":"L\u2019ap\u00e9ro du Caf\u00e9 Fran\u00e7ais [Simone de Beauvoir] - Franc\u00fazsky in\u0161tit\u00fat na Slovensku","og_description":"Ev\u00e8nement Date : jeudi 18 mars et samedi 20 mars, 19h &#8211;&nbsp;20hLieu : sur Zoom Organis\u00e9 par Stanica-Zariecie, L\u2019ap\u00e9ro du caf\u00e9 fran\u00e7ais, c\u2019est un hommage \u00e0 ces espaces de socialisation et de cr\u00e9ation qui nous sont chers, devenus &#8211;&nbsp;malheureusement &#8211;&nbsp;trop rares \u00e0 l\u2019\u00e9preuve du COVID. Pour philosopher, d\u00e9battre, \u00e9changer et se d\u00e9couvrir. Organisateurs \u00a9 Photo [&hellip;]","og_url":"https:\/\/institutfrancais.sk\/fr\/podujatie\/lapero-du-cafe-francais-simone-de-beauvoir\/","og_site_name":"Franc\u00fazsky in\u0161tit\u00fat na Slovensku","article_modified_time":"2021-03-11T19:22:12+00:00","og_image":[{"width":800,"height":533,"url":"https:\/\/institutfrancais.sk\/wp-content\/uploads\/2021\/03\/9334876056_c112cc4f4a_o.jpg","type":"image\/jpeg"}],"twitter_card":"summary_large_image","twitter_misc":{"Dur\u00e9e de lecture estim\u00e9e":"1 minute"},"schema":{"@context":"https:\/\/schema.org","@graph":[{"@type":"WebPage","@id":"https:\/\/institutfrancais.sk\/fr\/podujatie\/lapero-du-cafe-francais-simone-de-beauvoir\/","url":"https:\/\/institutfrancais.sk\/fr\/podujatie\/lapero-du-cafe-francais-simone-de-beauvoir\/","name":"L\u2019ap\u00e9ro du Caf\u00e9 Fran\u00e7ais [Simone de Beauvoir] - Franc\u00fazsky in\u0161tit\u00fat na Slovensku","isPartOf":{"@id":"https:\/\/institutfrancais.sk\/fr\/#website"},"primaryImageOfPage":{"@id":"https:\/\/institutfrancais.sk\/fr\/podujatie\/lapero-du-cafe-francais-simone-de-beauvoir\/#primaryimage"},"image":{"@id":"https:\/\/institutfrancais.sk\/fr\/podujatie\/lapero-du-cafe-francais-simone-de-beauvoir\/#primaryimage"},"thumbnailUrl":"https:\/\/institutfrancais.sk\/wp-content\/uploads\/2021\/03\/9334876056_c112cc4f4a_o.jpg","datePublished":"2021-02-08T10:10:27+00:00","dateModified":"2021-03-11T19:22:12+00:00","breadcrumb":{"@id":"https:\/\/institutfrancais.sk\/fr\/podujatie\/lapero-du-cafe-francais-simone-de-beauvoir\/#breadcrumb"},"inLanguage":"fr-FR","potentialAction":[{"@type":"ReadAction","target":["https:\/\/institutfrancais.sk\/fr\/podujatie\/lapero-du-cafe-francais-simone-de-beauvoir\/"]}]},{"@type":"ImageObject","inLanguage":"fr-FR","@id":"https:\/\/institutfrancais.sk\/fr\/podujatie\/lapero-du-cafe-francais-simone-de-beauvoir\/#primaryimage","url":"https:\/\/institutfrancais.sk\/wp-content\/uploads\/2021\/03\/9334876056_c112cc4f4a_o.jpg","contentUrl":"https:\/\/institutfrancais.sk\/wp-content\/uploads\/2021\/03\/9334876056_c112cc4f4a_o.jpg","width":800,"height":533},{"@type":"BreadcrumbList","@id":"https:\/\/institutfrancais.sk\/fr\/podujatie\/lapero-du-cafe-francais-simone-de-beauvoir\/#breadcrumb","itemListElement":[{"@type":"ListItem","position":1,"name":"Home","item":"https:\/\/institutfrancais.sk\/fr\/"},{"@type":"ListItem","position":2,"name":"Events","item":"https:\/\/institutfrancais.sk\/fr\/podujatie\/"},{"@type":"ListItem","position":3,"name":"L\u2019ap\u00e9ro du Caf\u00e9 Fran\u00e7ais [Simone de Beauvoir]"}]},{"@type":"WebSite","@id":"https:\/\/institutfrancais.sk\/fr\/#website","url":"https:\/\/institutfrancais.sk\/fr\/","name":"Franc\u00fazsky in\u0161tit\u00fat na Slovensku","description":"Franc\u00fazsky in\u0161tit\u00fat na Slovensku","potentialAction":[{"@type":"SearchAction","target":{"@type":"EntryPoint","urlTemplate":"https:\/\/institutfrancais.sk\/fr\/?s={search_term_string}"},"query-input":{"@type":"PropertyValueSpecification","valueRequired":true,"valueName":"search_term_string"}}],"inLanguage":"fr-FR"}]}},"_links":{"self":[{"href":"https:\/\/institutfrancais.sk\/fr\/wp-json\/wp\/v2\/podujatie\/16472"}],"collection":[{"href":"https:\/\/institutfrancais.sk\/fr\/wp-json\/wp\/v2\/podujatie"}],"about":[{"href":"https:\/\/institutfrancais.sk\/fr\/wp-json\/wp\/v2\/types\/podujatie"}],"wp:featuredmedia":[{"embeddable":true,"href":"https:\/\/institutfrancais.sk\/fr\/wp-json\/wp\/v2\/media\/16473"}],"wp:attachment":[{"href":"https:\/\/institutfrancais.sk\/fr\/wp-json\/wp\/v2\/media?parent=16472"}],"wp:term":[{"taxonomy":"typ-podujatia","embeddable":true,"href":"https:\/\/institutfrancais.sk\/fr\/wp-json\/wp\/v2\/typ-podujatia?post=16472"}],"curies":[{"name":"wp","href":"https:\/\/api.w.org\/{rel}","templated":true}]}}