{"id":16573,"date":"2021-02-08T12:35:26","date_gmt":"2021-02-08T11:35:26","guid":{"rendered":"https:\/\/institutfrancais.sk\/?post_type=podujatie&#038;p=16573"},"modified":"2021-03-24T12:04:13","modified_gmt":"2021-03-24T11:04:13","slug":"beautes-fatales-mona-chollet","status":"publish","type":"podujatie","link":"https:\/\/institutfrancais.sk\/fr\/podujatie\/beautes-fatales-mona-chollet\/","title":{"rendered":"Beaut\u00e9s fatales [Mona Chollet]"},"content":{"rendered":"<div class=\"accordion-menu\"><a href=\"#a1-\" class=\"smooth\"><\/a><\/div><div class=\"accordion\" id=\"a1\"><div class=\"card\"><div class=\"card-header\" id=\"ha1_1\"><h3 class=\"card-opener\"><button class=\"collapsed\" type=\"button\" data-toggle=\"collapse\" data-target=\"#ca1_1\" aria-expanded=\"true\" aria-controls=\"ca1_1\">Mona Chollet, autrice du livre \u00ab Beaut\u00e9 fatale \u00bb<span class=\"plus\"><svg viewBox=\"0 0 29 29\" xmlns=\"http:\/\/www.w3.org\/2000\/svg\"><path d=\"M28.2857 12.9286V16.7857C28.2857 17.3214 28.0982 17.7768 27.7232 18.1518C27.3482 18.5268 26.8929 18.7143 26.3571 18.7143H18V27.0714C18 27.6071 17.8125 28.0625 17.4375 28.4375C17.0625 28.8125 16.6071 29 16.0714 29H12.2143C11.6786 29 11.2232 28.8125 10.8482 28.4375C10.4732 28.0625 10.2857 27.6071 10.2857 27.0714V18.7143H1.92857C1.39286 18.7143 0.9375 18.5268 0.5625 18.1518C0.1875 17.7768 0 17.3214 0 16.7857V12.9286C0 12.3929 0.1875 11.9375 0.5625 11.5625C0.9375 11.1875 1.39286 11 1.92857 11H10.2857V2.64286C10.2857 2.10714 10.4732 1.65178 10.8482 1.27678C11.2232 0.901784 11.6786 0.714284 12.2143 0.714284H16.0714C16.6071 0.714284 17.0625 0.901784 17.4375 1.27678C17.8125 1.65178 18 2.10714 18 2.64286V11H26.3571C26.8929 11 27.3482 11.1875 27.7232 11.5625C28.0982 11.9375 28.2857 12.3929 28.2857 12.9286Z\"><\/svg><\/span><span class=\"minus\"><svg viewBox=\"0 0 29 8\" xmlns=\"http:\/\/www.w3.org\/2000\/svg\"><path d=\"M28.2857 1.92857V5.78571C28.2857 6.32143 28.0982 6.77679 27.7232 7.15179C27.3482 7.52679 26.8929 7.71429 26.3571 7.71429H1.92857C1.39286 7.71429 0.9375 7.52679 0.5625 7.15179C0.1875 6.77679 0 6.32143 0 5.78571V1.92857C0 1.39286 0.1875 0.937499 0.5625 0.562499C0.9375 0.1875 1.39286 0 1.92857 0H26.3571C26.8929 0 27.3482 0.1875 27.7232 0.562499C28.0982 0.937499 28.2857 1.39286 28.2857 1.92857Z\"><\/svg><\/span><\/button><\/h3><\/div><div id=\"ca1_1\" class=\"collapse\" aria-labelledby=\"ha1_1\" data-parent=\"#a1\"><div class=\"card-body\"><p>Dans son ouvrage, <strong>Mona Chollet d\u00e9nonce l\u2019emprise de la \u00ab la tyrannie du look \u00bb<\/strong> qui enferme femmes, jeunes filles, et fillettes dans une f\u00e9minit\u00e9 st\u00e9r\u00e9otyp\u00e9e. En fondant son analyse sur la presse f\u00e9minine, les discours publicitaires, blogs, s\u00e9ries t\u00e9l\u00e9vis\u00e9es, et t\u00e9moignages de mannequins, elle montre comment l\u2019industrie de la mode et de la beaut\u00e9 entretiennent cette logique sexiste, au prix d\u2019un ph\u00e9nom\u00e8ne d\u2019auto-d\u00e9valorisation qui condamne les femmes \u00e0 un mal \u00eatre et \u00e0 un \u00e9tat de subordination permanents.<\/p>\n<p>Ainsi, pour Mona Chollet, <strong>la question du corps<\/strong> doit \u00eatre prise tr\u00e8s au s\u00e9rieux car elle constitue la cl\u00e9 d\u2019une <strong>avanc\u00e9 des droits des femmes<\/strong> sur tous les autres plans, de la lutte contre les violences \u00e0 celle contre les in\u00e9galit\u00e9s au travail.<\/p>\n<\/div><\/div><\/div><\/div>\n\n<div class=\"space sm\"><\/div>\n\n\n<h2 class=\"wp-block-heading\"><strong>Ev\u00e8nement<\/strong><\/h2>\n\n\n\n<p><strong><em>Date <\/em><\/strong>: \u00e0 partir du 26 mars<br><strong><em>Lieu<\/em><\/strong> : En ligne<\/p>\n\n\n\n<p>En se basant sur les id\u00e9es d\u00e9velopp\u00e9es par Mona Chollet dans son ouvrage, il a&nbsp;\u00e9t\u00e9 propos\u00e9 aux \u00e9l\u00e8ves de diff\u00e9rents \u00e9tablissements des r\u00e9gions de Pre\u0161ov et Ko\u0161ice d\u2019<strong>entamer une r\u00e9flexion sur la th\u00e9matique des diktats de la beaut\u00e9<\/strong>. Ce projet a&nbsp;pour objectif de recueillir leurs t\u00e9moignages, \u00e0 un \u00e2ge o\u00f9 l\u2019apparence physique est bien souvent au c\u0153ur des pr\u00e9occupations.<\/p>\n\n\n\n<p>L\u2019<strong>exposition comprend trois reportages audio<\/strong> r\u00e9alis\u00e9s par les \u00e9tudiantes de l\u2019Institut des langues romanes \u00e0 l\u2019Universit\u00e9 de Pre\u0161ov, ainsi que <strong>des cr\u00e9ations vari\u00e9es<\/strong> \u00e9labor\u00e9es par les \u00e9l\u00e8ves des lyc\u00e9es &nbsp;J\u00e1n Adam Raymann et Kon\u0161tant\u00ednova \u00e0 Pre\u0161ov, et du lyc\u00e9e Pavol Jozef \u0160af\u00e1rik \u00e0 Ro\u017enava. &nbsp;<\/p>\n\n\n<div class=\"space xs\"><\/div>\n\n<div class=\"text-center\"><a href=\"https:\/\/diktatsdelabeaute.wixsite.com\/my-site\" class=\"btn btn-black-invert\" target=\"blank\" rel=\"noreferrer noopener\">Rendez-vous ici<\/a><\/div>\n\n<div class=\"space sm\"><\/div>\n\n\n<h2 class=\"wp-block-heading\"><strong>Pour aller plus loin<\/strong><\/h2>\n\n\n<div class=\"space xs\"><\/div>\n\n<div class=\"text-center\"><a href=\"https:\/\/www.facebook.com\/romanistika.ff.pu\/?ref=page_internal\" class=\"btn\">Facebook Institut d&rsquo;\u00e9tudes romanes<\/a><\/div>\n\n<div class=\"space sm\"><\/div>\n\n\n<h2 class=\"wp-block-heading\"><strong>Organisateurs<\/strong><\/h2>\n\n\n<\/div><div class=\"gray-bg\"><div class=\"wrap\"><div class=\"white-boxes sponsors-partners nobtn\"><h2><span>Partenaires<\/span><\/h2><div class=\"box\"><h3>Partenaires<\/h3><div class=\"owl-carousel loop-4\"><div class=\"img\"><a href=\"https:\/\/www.unipo.sk\/filozoficka-fakulta\/iro\/ \" target=\"_blank\"><picture><source srcset=\"https:\/\/institutfrancais.sk\/wp-content\/uploads\/2021\/03\/Presov-univerzita-300x300.png\" type=\"image\/jpeg\"><img decoding=\"async\" src=\"https:\/\/institutfrancais.sk\/wp-content\/uploads\/2021\/03\/Presov-univerzita-300x300.png\" alt=\"\"width=\"100%\"\"><\/picture><\/a><\/div><div class=\"img\"><a href=\"https:\/\/gymrv.edupage.org\/\" target=\"_blank\"><picture><source srcset=\"https:\/\/institutfrancais.sk\/wp-content\/uploads\/2021\/03\/Lycee-Pavol-Jozef-Safarik-logo.jpg\" type=\"image\/jpeg\"><img decoding=\"async\" src=\"https:\/\/institutfrancais.sk\/wp-content\/uploads\/2021\/03\/Lycee-Pavol-Jozef-Safarik-logo.jpg\" alt=\"\"width=\"100%\"\"><\/picture><\/a><\/div><div class=\"img\"><a href=\"https:\/\/www.gjar-po.sk\/\" target=\"_blank\"><picture><source srcset=\"https:\/\/institutfrancais.sk\/wp-content\/uploads\/2021\/03\/logo-GJAR-Gymnazium-Raymann.jpg\" type=\"image\/jpeg\"><img decoding=\"async\" src=\"https:\/\/institutfrancais.sk\/wp-content\/uploads\/2021\/03\/logo-GJAR-Gymnazium-Raymann.jpg\" alt=\"\"width=\"100%\"\"><\/picture><\/a><\/div><div class=\"img\"><a href=\"http:\/\/www.gk2-po.sk\/www\/\" target=\"_blank\"><picture><source srcset=\"https:\/\/institutfrancais.sk\/wp-content\/uploads\/2021\/03\/logo-Gymnazium-Konstantinova-300x300.jpg\" type=\"image\/jpeg\"><img decoding=\"async\" src=\"https:\/\/institutfrancais.sk\/wp-content\/uploads\/2021\/03\/logo-Gymnazium-Konstantinova-300x300.jpg\" alt=\"\"width=\"100%\"\"><\/picture><\/a><\/div><\/div><\/div><\/div><\/div><\/div><\/div><div class=\"wrap narrow-wrap\">\n\n<div class=\"space md\"><\/div>\n\n\n<p><em>\u00a9 Photo de couverture : <\/em><a href=\"https:\/\/commons.wikimedia.org\/w\/index.php?curid=86509940\" target=\"_blank\" rel=\"noreferrer noopener\">Par DeuxPlusQuatre<\/a> \u2014 Travail personnel, CC BY-SA 4.0<\/p>\n\n\n<div class=\"space md\"><\/div>","protected":false},"featured_media":16583,"template":"","typ-podujatia":[56],"acf":[],"yoast_head":"<!-- This site is optimized with the Yoast SEO plugin v24.5 - https:\/\/yoast.com\/wordpress\/plugins\/seo\/ -->\n<title>Beaut\u00e9s fatales [Mona Chollet] - Franc\u00fazsky in\u0161tit\u00fat na Slovensku<\/title>\n<meta name=\"robots\" content=\"index, follow, max-snippet:-1, max-image-preview:large, max-video-preview:-1\" \/>\n<link rel=\"canonical\" href=\"https:\/\/institutfrancais.sk\/fr\/podujatie\/beautes-fatales-mona-chollet\/\" \/>\n<meta property=\"og:locale\" content=\"fr_FR\" \/>\n<meta property=\"og:type\" content=\"article\" \/>\n<meta property=\"og:title\" content=\"Beaut\u00e9s fatales [Mona Chollet] - Franc\u00fazsky in\u0161tit\u00fat na Slovensku\" \/>\n<meta property=\"og:description\" content=\"Ev\u00e8nement Date : \u00e0 partir du 26 marsLieu : En ligne En se basant sur les id\u00e9es d\u00e9velopp\u00e9es par Mona Chollet dans son ouvrage, il a&nbsp;\u00e9t\u00e9 propos\u00e9 aux \u00e9l\u00e8ves de diff\u00e9rents \u00e9tablissements des r\u00e9gions de Pre\u0161ov et Ko\u0161ice d\u2019entamer une r\u00e9flexion sur la th\u00e9matique des diktats de la beaut\u00e9. Ce projet a&nbsp;pour objectif de recueillir [&hellip;]\" \/>\n<meta property=\"og:url\" content=\"https:\/\/institutfrancais.sk\/fr\/podujatie\/beautes-fatales-mona-chollet\/\" \/>\n<meta property=\"og:site_name\" content=\"Franc\u00fazsky in\u0161tit\u00fat na Slovensku\" \/>\n<meta property=\"article:modified_time\" content=\"2021-03-24T11:04:13+00:00\" \/>\n<meta property=\"og:image\" content=\"https:\/\/institutfrancais.sk\/wp-content\/uploads\/2021\/03\/Mona-Chollet.png\" \/>\n\t<meta property=\"og:image:width\" content=\"1717\" \/>\n\t<meta property=\"og:image:height\" content=\"1077\" \/>\n\t<meta property=\"og:image:type\" content=\"image\/png\" \/>\n<meta name=\"twitter:card\" content=\"summary_large_image\" \/>\n<meta name=\"twitter:label1\" content=\"Dur\u00e9e de lecture estim\u00e9e\" \/>\n\t<meta name=\"twitter:data1\" content=\"1 minute\" \/>\n<script type=\"application\/ld+json\" class=\"yoast-schema-graph\">{\"@context\":\"https:\/\/schema.org\",\"@graph\":[{\"@type\":\"WebPage\",\"@id\":\"https:\/\/institutfrancais.sk\/fr\/podujatie\/beautes-fatales-mona-chollet\/\",\"url\":\"https:\/\/institutfrancais.sk\/fr\/podujatie\/beautes-fatales-mona-chollet\/\",\"name\":\"Beaut\u00e9s fatales [Mona Chollet] - Franc\u00fazsky in\u0161tit\u00fat na Slovensku\",\"isPartOf\":{\"@id\":\"https:\/\/institutfrancais.sk\/fr\/#website\"},\"primaryImageOfPage\":{\"@id\":\"https:\/\/institutfrancais.sk\/fr\/podujatie\/beautes-fatales-mona-chollet\/#primaryimage\"},\"image\":{\"@id\":\"https:\/\/institutfrancais.sk\/fr\/podujatie\/beautes-fatales-mona-chollet\/#primaryimage\"},\"thumbnailUrl\":\"https:\/\/institutfrancais.sk\/wp-content\/uploads\/2021\/03\/Mona-Chollet.png\",\"datePublished\":\"2021-02-08T11:35:26+00:00\",\"dateModified\":\"2021-03-24T11:04:13+00:00\",\"breadcrumb\":{\"@id\":\"https:\/\/institutfrancais.sk\/fr\/podujatie\/beautes-fatales-mona-chollet\/#breadcrumb\"},\"inLanguage\":\"fr-FR\",\"potentialAction\":[{\"@type\":\"ReadAction\",\"target\":[\"https:\/\/institutfrancais.sk\/fr\/podujatie\/beautes-fatales-mona-chollet\/\"]}]},{\"@type\":\"ImageObject\",\"inLanguage\":\"fr-FR\",\"@id\":\"https:\/\/institutfrancais.sk\/fr\/podujatie\/beautes-fatales-mona-chollet\/#primaryimage\",\"url\":\"https:\/\/institutfrancais.sk\/wp-content\/uploads\/2021\/03\/Mona-Chollet.png\",\"contentUrl\":\"https:\/\/institutfrancais.sk\/wp-content\/uploads\/2021\/03\/Mona-Chollet.png\",\"width\":1717,\"height\":1077},{\"@type\":\"BreadcrumbList\",\"@id\":\"https:\/\/institutfrancais.sk\/fr\/podujatie\/beautes-fatales-mona-chollet\/#breadcrumb\",\"itemListElement\":[{\"@type\":\"ListItem\",\"position\":1,\"name\":\"Home\",\"item\":\"https:\/\/institutfrancais.sk\/fr\/\"},{\"@type\":\"ListItem\",\"position\":2,\"name\":\"Events\",\"item\":\"https:\/\/institutfrancais.sk\/fr\/podujatie\/\"},{\"@type\":\"ListItem\",\"position\":3,\"name\":\"Beaut\u00e9s fatales [Mona Chollet]\"}]},{\"@type\":\"WebSite\",\"@id\":\"https:\/\/institutfrancais.sk\/fr\/#website\",\"url\":\"https:\/\/institutfrancais.sk\/fr\/\",\"name\":\"Franc\u00fazsky in\u0161tit\u00fat na Slovensku\",\"description\":\"Franc\u00fazsky in\u0161tit\u00fat na Slovensku\",\"potentialAction\":[{\"@type\":\"SearchAction\",\"target\":{\"@type\":\"EntryPoint\",\"urlTemplate\":\"https:\/\/institutfrancais.sk\/fr\/?s={search_term_string}\"},\"query-input\":{\"@type\":\"PropertyValueSpecification\",\"valueRequired\":true,\"valueName\":\"search_term_string\"}}],\"inLanguage\":\"fr-FR\"}]}<\/script>\n<!-- \/ Yoast SEO plugin. -->","yoast_head_json":{"title":"Beaut\u00e9s fatales [Mona Chollet] - Franc\u00fazsky in\u0161tit\u00fat na Slovensku","robots":{"index":"index","follow":"follow","max-snippet":"max-snippet:-1","max-image-preview":"max-image-preview:large","max-video-preview":"max-video-preview:-1"},"canonical":"https:\/\/institutfrancais.sk\/fr\/podujatie\/beautes-fatales-mona-chollet\/","og_locale":"fr_FR","og_type":"article","og_title":"Beaut\u00e9s fatales [Mona Chollet] - Franc\u00fazsky in\u0161tit\u00fat na Slovensku","og_description":"Ev\u00e8nement Date : \u00e0 partir du 26 marsLieu : En ligne En se basant sur les id\u00e9es d\u00e9velopp\u00e9es par Mona Chollet dans son ouvrage, il a&nbsp;\u00e9t\u00e9 propos\u00e9 aux \u00e9l\u00e8ves de diff\u00e9rents \u00e9tablissements des r\u00e9gions de Pre\u0161ov et Ko\u0161ice d\u2019entamer une r\u00e9flexion sur la th\u00e9matique des diktats de la beaut\u00e9. Ce projet a&nbsp;pour objectif de recueillir [&hellip;]","og_url":"https:\/\/institutfrancais.sk\/fr\/podujatie\/beautes-fatales-mona-chollet\/","og_site_name":"Franc\u00fazsky in\u0161tit\u00fat na Slovensku","article_modified_time":"2021-03-24T11:04:13+00:00","og_image":[{"width":1717,"height":1077,"url":"https:\/\/institutfrancais.sk\/wp-content\/uploads\/2021\/03\/Mona-Chollet.png","type":"image\/png"}],"twitter_card":"summary_large_image","twitter_misc":{"Dur\u00e9e de lecture estim\u00e9e":"1 minute"},"schema":{"@context":"https:\/\/schema.org","@graph":[{"@type":"WebPage","@id":"https:\/\/institutfrancais.sk\/fr\/podujatie\/beautes-fatales-mona-chollet\/","url":"https:\/\/institutfrancais.sk\/fr\/podujatie\/beautes-fatales-mona-chollet\/","name":"Beaut\u00e9s fatales [Mona Chollet] - Franc\u00fazsky in\u0161tit\u00fat na Slovensku","isPartOf":{"@id":"https:\/\/institutfrancais.sk\/fr\/#website"},"primaryImageOfPage":{"@id":"https:\/\/institutfrancais.sk\/fr\/podujatie\/beautes-fatales-mona-chollet\/#primaryimage"},"image":{"@id":"https:\/\/institutfrancais.sk\/fr\/podujatie\/beautes-fatales-mona-chollet\/#primaryimage"},"thumbnailUrl":"https:\/\/institutfrancais.sk\/wp-content\/uploads\/2021\/03\/Mona-Chollet.png","datePublished":"2021-02-08T11:35:26+00:00","dateModified":"2021-03-24T11:04:13+00:00","breadcrumb":{"@id":"https:\/\/institutfrancais.sk\/fr\/podujatie\/beautes-fatales-mona-chollet\/#breadcrumb"},"inLanguage":"fr-FR","potentialAction":[{"@type":"ReadAction","target":["https:\/\/institutfrancais.sk\/fr\/podujatie\/beautes-fatales-mona-chollet\/"]}]},{"@type":"ImageObject","inLanguage":"fr-FR","@id":"https:\/\/institutfrancais.sk\/fr\/podujatie\/beautes-fatales-mona-chollet\/#primaryimage","url":"https:\/\/institutfrancais.sk\/wp-content\/uploads\/2021\/03\/Mona-Chollet.png","contentUrl":"https:\/\/institutfrancais.sk\/wp-content\/uploads\/2021\/03\/Mona-Chollet.png","width":1717,"height":1077},{"@type":"BreadcrumbList","@id":"https:\/\/institutfrancais.sk\/fr\/podujatie\/beautes-fatales-mona-chollet\/#breadcrumb","itemListElement":[{"@type":"ListItem","position":1,"name":"Home","item":"https:\/\/institutfrancais.sk\/fr\/"},{"@type":"ListItem","position":2,"name":"Events","item":"https:\/\/institutfrancais.sk\/fr\/podujatie\/"},{"@type":"ListItem","position":3,"name":"Beaut\u00e9s fatales [Mona Chollet]"}]},{"@type":"WebSite","@id":"https:\/\/institutfrancais.sk\/fr\/#website","url":"https:\/\/institutfrancais.sk\/fr\/","name":"Franc\u00fazsky in\u0161tit\u00fat na Slovensku","description":"Franc\u00fazsky in\u0161tit\u00fat na Slovensku","potentialAction":[{"@type":"SearchAction","target":{"@type":"EntryPoint","urlTemplate":"https:\/\/institutfrancais.sk\/fr\/?s={search_term_string}"},"query-input":{"@type":"PropertyValueSpecification","valueRequired":true,"valueName":"search_term_string"}}],"inLanguage":"fr-FR"}]}},"_links":{"self":[{"href":"https:\/\/institutfrancais.sk\/fr\/wp-json\/wp\/v2\/podujatie\/16573"}],"collection":[{"href":"https:\/\/institutfrancais.sk\/fr\/wp-json\/wp\/v2\/podujatie"}],"about":[{"href":"https:\/\/institutfrancais.sk\/fr\/wp-json\/wp\/v2\/types\/podujatie"}],"wp:featuredmedia":[{"embeddable":true,"href":"https:\/\/institutfrancais.sk\/fr\/wp-json\/wp\/v2\/media\/16583"}],"wp:attachment":[{"href":"https:\/\/institutfrancais.sk\/fr\/wp-json\/wp\/v2\/media?parent=16573"}],"wp:term":[{"taxonomy":"typ-podujatia","embeddable":true,"href":"https:\/\/institutfrancais.sk\/fr\/wp-json\/wp\/v2\/typ-podujatia?post=16573"}],"curies":[{"name":"wp","href":"https:\/\/api.w.org\/{rel}","templated":true}]}}