{"id":16902,"date":"2021-04-03T23:01:25","date_gmt":"2021-04-03T21:01:25","guid":{"rendered":"https:\/\/institutfrancais.sk\/podujatie\/creme-de-la-creme-sa-vracia-online\/"},"modified":"2021-04-08T20:47:24","modified_gmt":"2021-04-08T18:47:24","slug":"creme-de-la-creme-est-de-retour-en-ligne","status":"publish","type":"podujatie","link":"https:\/\/institutfrancais.sk\/fr\/podujatie\/creme-de-la-creme-est-de-retour-en-ligne\/","title":{"rendered":"Cr\u00e8me de la Cr\u00e8me est de retour en ligne !"},"content":{"rendered":"<div class=\"text-center\"><a href=\"https:\/\/cdlc.sk\/virtualna-kinosala-edisonline\/\" class=\"btn btn-black-invert\" target=\"blank\" rel=\"noreferrer noopener\">PROGRAMME<\/a><\/div>\n\n<div class=\"space sm\"><\/div>\n\n\n<p>C\u2019est la passion pour le cin\u00e9ma fran\u00e7ais et l\u2019envie de le faire d\u00e9couvrir au plus grand nombre de Slovaques qui ont donn\u00e9 naissance en 2014 \u00e0 la semaine du film fran\u00e7ais \u00ab<strong><em>&nbsp;Cr\u00e8me de la Cr\u00e8me<\/em><\/strong>&nbsp;\u00bb<em>. <\/em>Il repr\u00e9sente le fruit d\u2019une coop\u00e9ration fructueuse entre l\u2019Institut fran\u00e7ais de Slovaquie et Film Europe Media Company, coop\u00e9ration qui a&nbsp;depuis donn\u00e9 lieu \u00e0 six \u00e9ditions \u00e0 succ\u00e8s. <\/p>\n\n\n<div class=\"space sm\"><\/div>\n\n\n<h2 class=\"wp-block-heading\">Le d\u00e9fi de cette ann\u00e9e est d\u2019organiser sa septi\u00e8me \u00e9dition d\u2019une mani\u00e8re innovante, combinant confort, s\u00e9curit\u00e9 et qualit\u00e9.<\/h2>\n\n\n\n<figure class=\"wp-block-embed is-type-video is-provider-youtube wp-block-embed-youtube wp-embed-aspect-16-9 wp-has-aspect-ratio\"><div class=\"wp-block-embed__wrapper\">\n<iframe loading=\"lazy\" title=\"Cr\u00e8me de la Cr\u00e8me 2021 na Edisonline\" width=\"500\" height=\"281\" src=\"https:\/\/www.youtube.com\/embed\/bE75YTRH6ig?feature=oembed\" frameborder=\"0\" allow=\"accelerometer; autoplay; clipboard-write; encrypted-media; gyroscope; picture-in-picture; web-share\" referrerpolicy=\"strict-origin-when-cross-origin\" allowfullscreen><\/iframe>\n<\/div><\/figure>\n\n\n<div class=\"space sm\"><\/div>\n\n<div class=\"text-center\"><a href=\"https:\/\/cdlc.sk\/virtualna-kinosala-edisonline\/\" class=\"btn btn-black-invert\" target=\"blank\" rel=\"noreferrer noopener\">PROGRAMME<\/a><\/div>\n\n<div class=\"space sm\"><\/div>\n\n<\/div><div class=\"cta-box full-width\"><div class=\"content dark-blue\"><div class=\"cta-box-content\"><div class=\"left-side\"><div class=\"left-content\"><h2>Gagnez un d\u00e9lice exclusif DS\u00a07\u00a0Crossback\u00a0LOUVRE pendant une semaine avec un r\u00e9servoir plein de la part de DS Automobiles Slovaquie, partenaire principal du festival<\/h2>\n<\/div><a class=\"btn btn-white\" href=\"https:\/\/www.facebook.com\/dsslovensko\/photos\/a.133596051342351\/513790639989555\/\">Pour participer<\/a><\/div><div class=\"right-side\"><div class=\"right-content\"><p><img loading=\"lazy\" decoding=\"async\" class=\"size-medium wp-image-16931 alignright\" src=\"https:\/\/institutfrancais.sk\/wp-content\/uploads\/2021\/04\/169899616_513790643322888_3696294258361606852_n-300x300.jpg\" alt=\"\" width=\"300\" height=\"300\" srcset=\"https:\/\/institutfrancais.sk\/wp-content\/uploads\/2021\/04\/169899616_513790643322888_3696294258361606852_n-300x300.jpg 300w, https:\/\/institutfrancais.sk\/wp-content\/uploads\/2021\/04\/169899616_513790643322888_3696294258361606852_n-1024x1024.jpg 1024w, https:\/\/institutfrancais.sk\/wp-content\/uploads\/2021\/04\/169899616_513790643322888_3696294258361606852_n-150x150.jpg 150w, https:\/\/institutfrancais.sk\/wp-content\/uploads\/2021\/04\/169899616_513790643322888_3696294258361606852_n-768x768.jpg 768w, https:\/\/institutfrancais.sk\/wp-content\/uploads\/2021\/04\/169899616_513790643322888_3696294258361606852_n-1000x1000.jpg 1000w, https:\/\/institutfrancais.sk\/wp-content\/uploads\/2021\/04\/169899616_513790643322888_3696294258361606852_n.jpg 1080w\" sizes=\"(max-width: 300px) 100vw, 300px\" \/><\/p>\n<\/div><\/div><\/div><\/div><\/div><div class=\"wrap narrow-wrap\">\n\n<div class=\"space sm\"><\/div>\n\n\n<h2 class=\"wp-block-heading\"><strong>Salle virtuelle : une salle de cin\u00e9ma qui s\u2019invite chez vous !<\/strong><\/h2>\n\n\n\n<ul><li>Afin de s\u2019adapter au mieux \u00e0 la situation sanitaire actuelle, \u00ab&nbsp;Cr\u00e8me de la Cr\u00e8me&nbsp;\u00bb sera organis\u00e9e sur la plateforme <strong>Edisonline<\/strong>. En plus de ses 300 titres et deux cha\u00eenes de t\u00e9l\u00e9vision, cette plateforme propose un espace pour organiser des s\u00e9ances de cin\u00e9ma virtuelles. Elle permet ainsi aux spectateurs de vivre une v\u00e9ritable exp\u00e9rience \u00ab&nbsp;cin\u00e9ma \u00bb chez soi. Choisissez un film, achetez un billet et, surtout, arrivez \u00e0 l&rsquo;heure \u2013 la projection commence \u00e0 celle indiqu\u00e9e sur le programme. Comme au cin\u00e9ma, vous ne pourrez pas arr\u00eater le film, revenir en arri\u00e8re, avancer ou encore le visualiser plus tard.<\/li><li><\/li><\/ul>\n\n\n<div class=\"space sm\"><\/div>\n\n\n<h2 class=\"wp-block-heading\">Cr\u00e8me de la Cr\u00e8me 7.&nbsp;pr\u00e9sentera de nombreux d\u00e9lices du cin\u00e9ma fran\u00e7ais ! <\/h2>\n\n\n<div class=\"accordion-menu\"><a href=\"#a1-\" class=\"smooth\"><\/a><\/div><div class=\"accordion\" id=\"a564\"><div class=\"card\"><div class=\"card-header\" id=\"ha564_1\"><h3 class=\"card-opener\"><button class=\"collapsed\" type=\"button\" data-toggle=\"collapse\" data-target=\"#ca564_1\" aria-expanded=\"true\" aria-controls=\"ca564_1\">Avant-premi\u00e8res<span class=\"plus\"><svg viewBox=\"0 0 29 29\" xmlns=\"http:\/\/www.w3.org\/2000\/svg\"><path d=\"M28.2857 12.9286V16.7857C28.2857 17.3214 28.0982 17.7768 27.7232 18.1518C27.3482 18.5268 26.8929 18.7143 26.3571 18.7143H18V27.0714C18 27.6071 17.8125 28.0625 17.4375 28.4375C17.0625 28.8125 16.6071 29 16.0714 29H12.2143C11.6786 29 11.2232 28.8125 10.8482 28.4375C10.4732 28.0625 10.2857 27.6071 10.2857 27.0714V18.7143H1.92857C1.39286 18.7143 0.9375 18.5268 0.5625 18.1518C0.1875 17.7768 0 17.3214 0 16.7857V12.9286C0 12.3929 0.1875 11.9375 0.5625 11.5625C0.9375 11.1875 1.39286 11 1.92857 11H10.2857V2.64286C10.2857 2.10714 10.4732 1.65178 10.8482 1.27678C11.2232 0.901784 11.6786 0.714284 12.2143 0.714284H16.0714C16.6071 0.714284 17.0625 0.901784 17.4375 1.27678C17.8125 1.65178 18 2.10714 18 2.64286V11H26.3571C26.8929 11 27.3482 11.1875 27.7232 11.5625C28.0982 11.9375 28.2857 12.3929 28.2857 12.9286Z\"><\/svg><\/span><span class=\"minus\"><svg viewBox=\"0 0 29 8\" xmlns=\"http:\/\/www.w3.org\/2000\/svg\"><path d=\"M28.2857 1.92857V5.78571C28.2857 6.32143 28.0982 6.77679 27.7232 7.15179C27.3482 7.52679 26.8929 7.71429 26.3571 7.71429H1.92857C1.39286 7.71429 0.9375 7.52679 0.5625 7.15179C0.1875 6.77679 0 6.32143 0 5.78571V1.92857C0 1.39286 0.1875 0.937499 0.5625 0.562499C0.9375 0.1875 1.39286 0 1.92857 0H26.3571C26.8929 0 27.3482 0.1875 27.7232 0.562499C28.0982 0.937499 28.2857 1.39286 28.2857 1.92857Z\"><\/svg><\/span><\/button><\/h3><\/div><div id=\"ca564_1\" class=\"collapse\" aria-labelledby=\"ha564_1\" data-parent=\"#a564\"><div class=\"card-body\"><ul>\n<li><strong>Effacer L&rsquo;historique<\/strong> (com\u00e9die de Beno\u00eet Del\u00e9pine et Gustave Kervern)<\/li>\n<li><strong>Amants<\/strong> (thriller romantique de Nicole Garcia)<\/li>\n<li><strong>Teddy<\/strong> (film d&rsquo;horreur fantastique de Ludovic Boukherma et Zoran Boukherma)<\/li>\n<li><strong>Jeanne<\/strong> (drame historique de Bruno Dumont)<\/li>\n<\/ul>\n<p>&nbsp;<\/p>\n<\/div><\/div><\/div><div class=\"card\"><div class=\"card-header\" id=\"ha564_2\"><h3 class=\"card-opener\"><button class=\"collapsed\" type=\"button\" data-toggle=\"collapse\" data-target=\"#ca564_2\" aria-expanded=\"true\" aria-controls=\"ca564_2\">Jumeaux de cin\u00e9ma<span class=\"plus\"><svg viewBox=\"0 0 29 29\" xmlns=\"http:\/\/www.w3.org\/2000\/svg\"><path d=\"M28.2857 12.9286V16.7857C28.2857 17.3214 28.0982 17.7768 27.7232 18.1518C27.3482 18.5268 26.8929 18.7143 26.3571 18.7143H18V27.0714C18 27.6071 17.8125 28.0625 17.4375 28.4375C17.0625 28.8125 16.6071 29 16.0714 29H12.2143C11.6786 29 11.2232 28.8125 10.8482 28.4375C10.4732 28.0625 10.2857 27.6071 10.2857 27.0714V18.7143H1.92857C1.39286 18.7143 0.9375 18.5268 0.5625 18.1518C0.1875 17.7768 0 17.3214 0 16.7857V12.9286C0 12.3929 0.1875 11.9375 0.5625 11.5625C0.9375 11.1875 1.39286 11 1.92857 11H10.2857V2.64286C10.2857 2.10714 10.4732 1.65178 10.8482 1.27678C11.2232 0.901784 11.6786 0.714284 12.2143 0.714284H16.0714C16.6071 0.714284 17.0625 0.901784 17.4375 1.27678C17.8125 1.65178 18 2.10714 18 2.64286V11H26.3571C26.8929 11 27.3482 11.1875 27.7232 11.5625C28.0982 11.9375 28.2857 12.3929 28.2857 12.9286Z\"><\/svg><\/span><span class=\"minus\"><svg viewBox=\"0 0 29 8\" xmlns=\"http:\/\/www.w3.org\/2000\/svg\"><path d=\"M28.2857 1.92857V5.78571C28.2857 6.32143 28.0982 6.77679 27.7232 7.15179C27.3482 7.52679 26.8929 7.71429 26.3571 7.71429H1.92857C1.39286 7.71429 0.9375 7.52679 0.5625 7.15179C0.1875 6.77679 0 6.32143 0 5.78571V1.92857C0 1.39286 0.1875 0.937499 0.5625 0.562499C0.9375 0.1875 1.39286 0 1.92857 0H26.3571C26.8929 0 27.3482 0.1875 27.7232 0.562499C28.0982 0.937499 28.2857 1.39286 28.2857 1.92857Z\"><\/svg><\/span><\/button><\/h3><\/div><div id=\"ca564_2\" class=\"collapse\" aria-labelledby=\"ha564_2\" data-parent=\"#a564\"><div class=\"card-body\"><ul>\n<li><strong>I feel good<\/strong> (com\u00e9die de\u00a0Beno\u00eet Del\u00e9pine, Gustave Kervern)<\/li>\n<li><strong>Jeannette l&rsquo;enfance de Jeanne d&rsquo;Arc<\/strong> (com\u00e9die musicale de Bruno Dumont)<\/li>\n<li><strong>Comme un avion<\/strong> (com\u00e9die de Bruno Podalyd\u00e8s)<\/li>\n<li><strong>Adieu Berthe &#8211;&nbsp;L&rsquo;enterrement de m\u00e9m\u00e9<\/strong> (com\u00e9die de Bruno Podalyd\u00e8s)<\/li>\n<li><strong>La pri\u00e8re<\/strong> (drame)<\/li>\n<li><strong>Le redoutable<\/strong> (drame \/ com\u00e9die biographique de Michel Hazanavicius)<\/li>\n<li><strong>Lux \u00c6terna<\/strong> (drame \/ thriller de Gaspar No\u00e9)<\/li>\n<li><strong>Les Mis\u00e9rables<\/strong> (drame \/ thriller de Ladj Ly)<\/li>\n<li><strong>La v\u00e9rit\u00e9<\/strong> (drame de \u00a0Hirokazu Koreeda)<\/li>\n<li><strong>Celle que vous croyez<\/strong> (drame de : Safy Nebbou)<\/li>\n<\/ul>\n<\/div><\/div><\/div><div class=\"card\"><div class=\"card-header\" id=\"ha564_3\"><h3 class=\"card-opener\"><button class=\"collapsed\" type=\"button\" data-toggle=\"collapse\" data-target=\"#ca564_3\" aria-expanded=\"true\" aria-controls=\"ca564_3\">Section enfants <span class=\"plus\"><svg viewBox=\"0 0 29 29\" xmlns=\"http:\/\/www.w3.org\/2000\/svg\"><path d=\"M28.2857 12.9286V16.7857C28.2857 17.3214 28.0982 17.7768 27.7232 18.1518C27.3482 18.5268 26.8929 18.7143 26.3571 18.7143H18V27.0714C18 27.6071 17.8125 28.0625 17.4375 28.4375C17.0625 28.8125 16.6071 29 16.0714 29H12.2143C11.6786 29 11.2232 28.8125 10.8482 28.4375C10.4732 28.0625 10.2857 27.6071 10.2857 27.0714V18.7143H1.92857C1.39286 18.7143 0.9375 18.5268 0.5625 18.1518C0.1875 17.7768 0 17.3214 0 16.7857V12.9286C0 12.3929 0.1875 11.9375 0.5625 11.5625C0.9375 11.1875 1.39286 11 1.92857 11H10.2857V2.64286C10.2857 2.10714 10.4732 1.65178 10.8482 1.27678C11.2232 0.901784 11.6786 0.714284 12.2143 0.714284H16.0714C16.6071 0.714284 17.0625 0.901784 17.4375 1.27678C17.8125 1.65178 18 2.10714 18 2.64286V11H26.3571C26.8929 11 27.3482 11.1875 27.7232 11.5625C28.0982 11.9375 28.2857 12.3929 28.2857 12.9286Z\"><\/svg><\/span><span class=\"minus\"><svg viewBox=\"0 0 29 8\" xmlns=\"http:\/\/www.w3.org\/2000\/svg\"><path d=\"M28.2857 1.92857V5.78571C28.2857 6.32143 28.0982 6.77679 27.7232 7.15179C27.3482 7.52679 26.8929 7.71429 26.3571 7.71429H1.92857C1.39286 7.71429 0.9375 7.52679 0.5625 7.15179C0.1875 6.77679 0 6.32143 0 5.78571V1.92857C0 1.39286 0.1875 0.937499 0.5625 0.562499C0.9375 0.1875 1.39286 0 1.92857 0H26.3571C26.8929 0 27.3482 0.1875 27.7232 0.562499C28.0982 0.937499 28.2857 1.39286 28.2857 1.92857Z\"><\/svg><\/span><\/button><\/h3><\/div><div id=\"ca564_3\" class=\"collapse\" aria-labelledby=\"ha564_3\" data-parent=\"#a564\"><div class=\"card-body\"><p><strong>Dilili \u00e0 Paris<\/strong> (film anim\u00e9 de Michel Ocelot)<\/p>\n<\/div><\/div><\/div><\/div>\n\n<div class=\"space sm\"><\/div>\n\n<div class=\"text-center\"><a href=\"https:\/\/cdlc.sk\/virtualna-kinosala-edisonline\/\" class=\"btn btn-black-invert\" target=\"blank\" rel=\"noreferrer noopener\">PROGRAMME<\/a><\/div>\n\n<div class=\"space sm\"><\/div>\n\n<\/div><div class=\"cta-box full-width\"><div class=\"content dark-blue\"><div class=\"cta-box-content\"><div class=\"left-side\"><div class=\"left-content\"><h2>Gagnez un d\u00e9lice exclusif DS\u00a07\u00a0Crossback\u00a0LOUVRE pendant une semaine avec un r\u00e9servoir plein de la part de DS Automobiles Slovaquie, partenaire principal du festival<\/h2>\n<\/div><a class=\"btn btn-white\" href=\"https:\/\/www.facebook.com\/dsslovensko\/photos\/a.133596051342351\/513790639989555\/\">Pour participer<\/a><\/div><div class=\"right-side\"><div class=\"right-content\"><p><img loading=\"lazy\" decoding=\"async\" class=\"size-medium wp-image-16931 alignright\" src=\"https:\/\/institutfrancais.sk\/wp-content\/uploads\/2021\/04\/169899616_513790643322888_3696294258361606852_n-300x300.jpg\" alt=\"\" width=\"300\" height=\"300\" srcset=\"https:\/\/institutfrancais.sk\/wp-content\/uploads\/2021\/04\/169899616_513790643322888_3696294258361606852_n-300x300.jpg 300w, https:\/\/institutfrancais.sk\/wp-content\/uploads\/2021\/04\/169899616_513790643322888_3696294258361606852_n-1024x1024.jpg 1024w, https:\/\/institutfrancais.sk\/wp-content\/uploads\/2021\/04\/169899616_513790643322888_3696294258361606852_n-150x150.jpg 150w, https:\/\/institutfrancais.sk\/wp-content\/uploads\/2021\/04\/169899616_513790643322888_3696294258361606852_n-768x768.jpg 768w, https:\/\/institutfrancais.sk\/wp-content\/uploads\/2021\/04\/169899616_513790643322888_3696294258361606852_n-1000x1000.jpg 1000w, https:\/\/institutfrancais.sk\/wp-content\/uploads\/2021\/04\/169899616_513790643322888_3696294258361606852_n.jpg 1080w\" sizes=\"(max-width: 300px) 100vw, 300px\" \/><\/p>\n<\/div><\/div><\/div><\/div><\/div><div class=\"wrap narrow-wrap\">\n\n<div class=\"space sm\"><\/div>\n\n<\/div><div class=\"gray-bg\"><div class=\"wrap\"><div class=\"white-boxes sponsors-partners nobtn\"><h2><span>Partenaires\/Sponsors<\/span><\/h2><div class=\"box\"><h3>Partenaires<\/h3><div class=\"owl-carousel loop-2\"><div class=\"img\"><a href=\"https:\/\/institutfrancais.sk\/\" target=\"_blank\"><picture><source srcset=\"https:\/\/institutfrancais.sk\/wp-content\/uploads\/2020\/01\/logo_if.png\" type=\"image\/jpeg\"><img decoding=\"async\" src=\"https:\/\/institutfrancais.sk\/wp-content\/uploads\/2020\/01\/logo_if.png\" alt=\"\"width=\"100%\"\"><\/picture><\/a><\/div><div class=\"img\"><a href=\"https:\/\/www.filmeurope.sk\/\" target=\"_blank\"><picture><source srcset=\"https:\/\/institutfrancais.sk\/wp-content\/uploads\/2020\/01\/logo_femc.png\" type=\"image\/jpeg\"><img decoding=\"async\" src=\"https:\/\/institutfrancais.sk\/wp-content\/uploads\/2020\/01\/logo_femc.png\" alt=\"\"width=\"100%\"\"><\/picture><\/a><\/div><\/div><h3>Sponsors<\/h3><div class=\"owl-carousel loop2-5\"><div class=\"img\"><picture><source srcset=\"https:\/\/institutfrancais.sk\/wp-content\/uploads\/2020\/02\/1200px-Komer\u010dn\u00ed_banka_logo.svg_-300x111.png\" type=\"image\/jpeg\"><img decoding=\"async\" src=\"https:\/\/institutfrancais.sk\/wp-content\/uploads\/2020\/02\/1200px-Komer\u010dn\u00ed_banka_logo.svg_-300x111.png\" alt=\"\"width=\"100%\"\"><\/picture><\/div><div class=\"img\"><picture><source srcset=\"https:\/\/institutfrancais.sk\/wp-content\/uploads\/2020\/02\/orange-logo-676x676-1-300x300.jpg\" type=\"image\/jpeg\"><img decoding=\"async\" src=\"https:\/\/institutfrancais.sk\/wp-content\/uploads\/2020\/02\/orange-logo-676x676-1-300x300.jpg\" alt=\"\"width=\"100%\"\"><\/picture><\/div><div class=\"img\"><picture><source srcset=\"https:\/\/institutfrancais.sk\/wp-content\/uploads\/2021\/03\/DS_Logo_signature_2019_reversed_RGB-300x300.png\" type=\"image\/jpeg\"><img decoding=\"async\" src=\"https:\/\/institutfrancais.sk\/wp-content\/uploads\/2021\/03\/DS_Logo_signature_2019_reversed_RGB-300x300.png\" alt=\"\"width=\"100%\"\"><\/picture><\/div><div class=\"img\"><picture><source srcset=\"https:\/\/institutfrancais.sk\/wp-content\/uploads\/2020\/02\/4-a69782b3be2e5e3773789345e286c4fe2e8b23a0-300x212.jpg\" type=\"image\/jpeg\"><img decoding=\"async\" src=\"https:\/\/institutfrancais.sk\/wp-content\/uploads\/2020\/02\/4-a69782b3be2e5e3773789345e286c4fe2e8b23a0-300x212.jpg\" alt=\"\"width=\"100%\"\"><\/picture><\/div><div class=\"img\"><picture><source srcset=\"https:\/\/institutfrancais.sk\/wp-content\/uploads\/2021\/04\/peterka-and-partners-300x92.png\" type=\"image\/jpeg\"><img decoding=\"async\" src=\"https:\/\/institutfrancais.sk\/wp-content\/uploads\/2021\/04\/peterka-and-partners-300x92.png\" alt=\"\"width=\"100%\"\"><\/picture><\/div><\/div><\/div><\/div><\/div><\/div><\/div><div class=\"wrap narrow-wrap\">","protected":false},"featured_media":16898,"template":"","typ-podujatia":[52],"acf":[],"yoast_head":"<!-- This site is optimized with the Yoast SEO plugin v24.5 - https:\/\/yoast.com\/wordpress\/plugins\/seo\/ -->\n<title>Cr\u00e8me de la Cr\u00e8me est de retour en ligne ! - Franc\u00fazsky in\u0161tit\u00fat na Slovensku<\/title>\n<meta name=\"description\" content=\"La septi\u00e8me \u00e9dition de la semaine du film fran\u00e7ais Cr\u00e8me de la Cr\u00e8me aura lieu du 12 au 18 avril sur la plateforme virtuelle Edisonline.\u00a0\" \/>\n<meta name=\"robots\" content=\"index, follow, max-snippet:-1, max-image-preview:large, max-video-preview:-1\" \/>\n<link rel=\"canonical\" href=\"https:\/\/institutfrancais.sk\/fr\/podujatie\/creme-de-la-creme-est-de-retour-en-ligne\/\" \/>\n<meta property=\"og:locale\" content=\"fr_FR\" \/>\n<meta property=\"og:type\" content=\"article\" \/>\n<meta property=\"og:title\" content=\"Cr\u00e8me de la Cr\u00e8me est de retour en ligne ! - Franc\u00fazsky in\u0161tit\u00fat na Slovensku\" \/>\n<meta property=\"og:description\" content=\"La septi\u00e8me \u00e9dition de la semaine du film fran\u00e7ais Cr\u00e8me de la Cr\u00e8me aura lieu du 12 au 18 avril sur la plateforme virtuelle Edisonline.\u00a0\" \/>\n<meta property=\"og:url\" content=\"https:\/\/institutfrancais.sk\/fr\/podujatie\/creme-de-la-creme-est-de-retour-en-ligne\/\" \/>\n<meta property=\"og:site_name\" content=\"Franc\u00fazsky in\u0161tit\u00fat na Slovensku\" \/>\n<meta property=\"article:modified_time\" content=\"2021-04-08T18:47:24+00:00\" \/>\n<meta property=\"og:image\" content=\"https:\/\/institutfrancais.sk\/wp-content\/uploads\/2021\/04\/CDLC-banner-web.jpg\" \/>\n\t<meta property=\"og:image:width\" content=\"1200\" \/>\n\t<meta property=\"og:image:height\" content=\"630\" \/>\n\t<meta property=\"og:image:type\" content=\"image\/jpeg\" \/>\n<meta name=\"twitter:card\" content=\"summary_large_image\" \/>\n<meta name=\"twitter:label1\" content=\"Dur\u00e9e de lecture estim\u00e9e\" \/>\n\t<meta name=\"twitter:data1\" content=\"1 minute\" \/>\n<script type=\"application\/ld+json\" class=\"yoast-schema-graph\">{\"@context\":\"https:\/\/schema.org\",\"@graph\":[{\"@type\":\"WebPage\",\"@id\":\"https:\/\/institutfrancais.sk\/fr\/podujatie\/creme-de-la-creme-est-de-retour-en-ligne\/\",\"url\":\"https:\/\/institutfrancais.sk\/fr\/podujatie\/creme-de-la-creme-est-de-retour-en-ligne\/\",\"name\":\"Cr\u00e8me de la Cr\u00e8me est de retour en ligne ! - Franc\u00fazsky in\u0161tit\u00fat na Slovensku\",\"isPartOf\":{\"@id\":\"https:\/\/institutfrancais.sk\/fr\/#website\"},\"primaryImageOfPage\":{\"@id\":\"https:\/\/institutfrancais.sk\/fr\/podujatie\/creme-de-la-creme-est-de-retour-en-ligne\/#primaryimage\"},\"image\":{\"@id\":\"https:\/\/institutfrancais.sk\/fr\/podujatie\/creme-de-la-creme-est-de-retour-en-ligne\/#primaryimage\"},\"thumbnailUrl\":\"https:\/\/institutfrancais.sk\/wp-content\/uploads\/2021\/04\/CDLC-banner-web.jpg\",\"datePublished\":\"2021-04-03T21:01:25+00:00\",\"dateModified\":\"2021-04-08T18:47:24+00:00\",\"description\":\"La septi\u00e8me \u00e9dition de la semaine du film fran\u00e7ais Cr\u00e8me de la Cr\u00e8me aura lieu du 12 au 18 avril sur la plateforme virtuelle Edisonline.\u00a0\",\"breadcrumb\":{\"@id\":\"https:\/\/institutfrancais.sk\/fr\/podujatie\/creme-de-la-creme-est-de-retour-en-ligne\/#breadcrumb\"},\"inLanguage\":\"fr-FR\",\"potentialAction\":[{\"@type\":\"ReadAction\",\"target\":[\"https:\/\/institutfrancais.sk\/fr\/podujatie\/creme-de-la-creme-est-de-retour-en-ligne\/\"]}]},{\"@type\":\"ImageObject\",\"inLanguage\":\"fr-FR\",\"@id\":\"https:\/\/institutfrancais.sk\/fr\/podujatie\/creme-de-la-creme-est-de-retour-en-ligne\/#primaryimage\",\"url\":\"https:\/\/institutfrancais.sk\/wp-content\/uploads\/2021\/04\/CDLC-banner-web.jpg\",\"contentUrl\":\"https:\/\/institutfrancais.sk\/wp-content\/uploads\/2021\/04\/CDLC-banner-web.jpg\",\"width\":1200,\"height\":630},{\"@type\":\"BreadcrumbList\",\"@id\":\"https:\/\/institutfrancais.sk\/fr\/podujatie\/creme-de-la-creme-est-de-retour-en-ligne\/#breadcrumb\",\"itemListElement\":[{\"@type\":\"ListItem\",\"position\":1,\"name\":\"Home\",\"item\":\"https:\/\/institutfrancais.sk\/fr\/\"},{\"@type\":\"ListItem\",\"position\":2,\"name\":\"Events\",\"item\":\"https:\/\/institutfrancais.sk\/fr\/podujatie\/\"},{\"@type\":\"ListItem\",\"position\":3,\"name\":\"Cr\u00e8me de la Cr\u00e8me est de retour en ligne !\"}]},{\"@type\":\"WebSite\",\"@id\":\"https:\/\/institutfrancais.sk\/fr\/#website\",\"url\":\"https:\/\/institutfrancais.sk\/fr\/\",\"name\":\"Franc\u00fazsky in\u0161tit\u00fat na Slovensku\",\"description\":\"Franc\u00fazsky in\u0161tit\u00fat na Slovensku\",\"potentialAction\":[{\"@type\":\"SearchAction\",\"target\":{\"@type\":\"EntryPoint\",\"urlTemplate\":\"https:\/\/institutfrancais.sk\/fr\/?s={search_term_string}\"},\"query-input\":{\"@type\":\"PropertyValueSpecification\",\"valueRequired\":true,\"valueName\":\"search_term_string\"}}],\"inLanguage\":\"fr-FR\"}]}<\/script>\n<!-- \/ Yoast SEO plugin. -->","yoast_head_json":{"title":"Cr\u00e8me de la Cr\u00e8me est de retour en ligne ! - Franc\u00fazsky in\u0161tit\u00fat na Slovensku","description":"La septi\u00e8me \u00e9dition de la semaine du film fran\u00e7ais Cr\u00e8me de la Cr\u00e8me aura lieu du 12 au 18 avril sur la plateforme virtuelle Edisonline.\u00a0","robots":{"index":"index","follow":"follow","max-snippet":"max-snippet:-1","max-image-preview":"max-image-preview:large","max-video-preview":"max-video-preview:-1"},"canonical":"https:\/\/institutfrancais.sk\/fr\/podujatie\/creme-de-la-creme-est-de-retour-en-ligne\/","og_locale":"fr_FR","og_type":"article","og_title":"Cr\u00e8me de la Cr\u00e8me est de retour en ligne ! - Franc\u00fazsky in\u0161tit\u00fat na Slovensku","og_description":"La septi\u00e8me \u00e9dition de la semaine du film fran\u00e7ais Cr\u00e8me de la Cr\u00e8me aura lieu du 12 au 18 avril sur la plateforme virtuelle Edisonline.\u00a0","og_url":"https:\/\/institutfrancais.sk\/fr\/podujatie\/creme-de-la-creme-est-de-retour-en-ligne\/","og_site_name":"Franc\u00fazsky in\u0161tit\u00fat na Slovensku","article_modified_time":"2021-04-08T18:47:24+00:00","og_image":[{"width":1200,"height":630,"url":"https:\/\/institutfrancais.sk\/wp-content\/uploads\/2021\/04\/CDLC-banner-web.jpg","type":"image\/jpeg"}],"twitter_card":"summary_large_image","twitter_misc":{"Dur\u00e9e de lecture estim\u00e9e":"1 minute"},"schema":{"@context":"https:\/\/schema.org","@graph":[{"@type":"WebPage","@id":"https:\/\/institutfrancais.sk\/fr\/podujatie\/creme-de-la-creme-est-de-retour-en-ligne\/","url":"https:\/\/institutfrancais.sk\/fr\/podujatie\/creme-de-la-creme-est-de-retour-en-ligne\/","name":"Cr\u00e8me de la Cr\u00e8me est de retour en ligne ! - Franc\u00fazsky in\u0161tit\u00fat na Slovensku","isPartOf":{"@id":"https:\/\/institutfrancais.sk\/fr\/#website"},"primaryImageOfPage":{"@id":"https:\/\/institutfrancais.sk\/fr\/podujatie\/creme-de-la-creme-est-de-retour-en-ligne\/#primaryimage"},"image":{"@id":"https:\/\/institutfrancais.sk\/fr\/podujatie\/creme-de-la-creme-est-de-retour-en-ligne\/#primaryimage"},"thumbnailUrl":"https:\/\/institutfrancais.sk\/wp-content\/uploads\/2021\/04\/CDLC-banner-web.jpg","datePublished":"2021-04-03T21:01:25+00:00","dateModified":"2021-04-08T18:47:24+00:00","description":"La septi\u00e8me \u00e9dition de la semaine du film fran\u00e7ais Cr\u00e8me de la Cr\u00e8me aura lieu du 12 au 18 avril sur la plateforme virtuelle Edisonline.\u00a0","breadcrumb":{"@id":"https:\/\/institutfrancais.sk\/fr\/podujatie\/creme-de-la-creme-est-de-retour-en-ligne\/#breadcrumb"},"inLanguage":"fr-FR","potentialAction":[{"@type":"ReadAction","target":["https:\/\/institutfrancais.sk\/fr\/podujatie\/creme-de-la-creme-est-de-retour-en-ligne\/"]}]},{"@type":"ImageObject","inLanguage":"fr-FR","@id":"https:\/\/institutfrancais.sk\/fr\/podujatie\/creme-de-la-creme-est-de-retour-en-ligne\/#primaryimage","url":"https:\/\/institutfrancais.sk\/wp-content\/uploads\/2021\/04\/CDLC-banner-web.jpg","contentUrl":"https:\/\/institutfrancais.sk\/wp-content\/uploads\/2021\/04\/CDLC-banner-web.jpg","width":1200,"height":630},{"@type":"BreadcrumbList","@id":"https:\/\/institutfrancais.sk\/fr\/podujatie\/creme-de-la-creme-est-de-retour-en-ligne\/#breadcrumb","itemListElement":[{"@type":"ListItem","position":1,"name":"Home","item":"https:\/\/institutfrancais.sk\/fr\/"},{"@type":"ListItem","position":2,"name":"Events","item":"https:\/\/institutfrancais.sk\/fr\/podujatie\/"},{"@type":"ListItem","position":3,"name":"Cr\u00e8me de la Cr\u00e8me est de retour en ligne !"}]},{"@type":"WebSite","@id":"https:\/\/institutfrancais.sk\/fr\/#website","url":"https:\/\/institutfrancais.sk\/fr\/","name":"Franc\u00fazsky in\u0161tit\u00fat na Slovensku","description":"Franc\u00fazsky in\u0161tit\u00fat na Slovensku","potentialAction":[{"@type":"SearchAction","target":{"@type":"EntryPoint","urlTemplate":"https:\/\/institutfrancais.sk\/fr\/?s={search_term_string}"},"query-input":{"@type":"PropertyValueSpecification","valueRequired":true,"valueName":"search_term_string"}}],"inLanguage":"fr-FR"}]}},"_links":{"self":[{"href":"https:\/\/institutfrancais.sk\/fr\/wp-json\/wp\/v2\/podujatie\/16902"}],"collection":[{"href":"https:\/\/institutfrancais.sk\/fr\/wp-json\/wp\/v2\/podujatie"}],"about":[{"href":"https:\/\/institutfrancais.sk\/fr\/wp-json\/wp\/v2\/types\/podujatie"}],"wp:featuredmedia":[{"embeddable":true,"href":"https:\/\/institutfrancais.sk\/fr\/wp-json\/wp\/v2\/media\/16898"}],"wp:attachment":[{"href":"https:\/\/institutfrancais.sk\/fr\/wp-json\/wp\/v2\/media?parent=16902"}],"wp:term":[{"taxonomy":"typ-podujatia","embeddable":true,"href":"https:\/\/institutfrancais.sk\/fr\/wp-json\/wp\/v2\/typ-podujatia?post=16902"}],"curies":[{"name":"wp","href":"https:\/\/api.w.org\/{rel}","templated":true}]}}