{"id":17467,"date":"2021-05-21T09:55:02","date_gmt":"2021-05-21T07:55:02","guid":{"rendered":"https:\/\/institutfrancais.sk\/?post_type=podujatie&#038;p=17467"},"modified":"2021-05-25T10:04:22","modified_gmt":"2021-05-25T08:04:22","slug":"exposition-lombre-de-la-terre-de-la-photographe-sarah-ritter","status":"publish","type":"podujatie","link":"https:\/\/institutfrancais.sk\/fr\/podujatie\/exposition-lombre-de-la-terre-de-la-photographe-sarah-ritter\/","title":{"rendered":"Exposition \u00ab\u00a0L&rsquo;ombre de la terre\u00a0\u00bb de la photographe Sarah Ritter"},"content":{"rendered":"\n<figure class=\"wp-block-embed is-type-video is-provider-youtube wp-block-embed-youtube wp-embed-aspect-16-9 wp-has-aspect-ratio\"><div class=\"wp-block-embed__wrapper\">\n<iframe loading=\"lazy\" title=\"Dni fotografie v Leviciach 2021 - Katal\u00f3g\" width=\"500\" height=\"281\" src=\"https:\/\/www.youtube.com\/embed\/N0jU20quIRM?feature=oembed\" frameborder=\"0\" allow=\"accelerometer; autoplay; clipboard-write; encrypted-media; gyroscope; picture-in-picture; web-share\" referrerpolicy=\"strict-origin-when-cross-origin\" allowfullscreen><\/iframe>\n<\/div><\/figure>\n\n\n<div class=\"space md\"><\/div>\n\n<a href=\"https:\/\/www.roslevice.sk\/_files\/200003163-5a5925a595\/full.pdf\" class=\"btn\" target=\"blank\" rel=\"noreferrer noopener\">Catalogue du festival<\/a>\n\n<div class=\"space md\"><\/div>\n\n\n<h2 class=\"wp-block-heading\">L&rsquo;exposition<\/h2>\n\n\n\n<figure class=\"wp-block-embed is-type-video is-provider-youtube wp-block-embed-youtube wp-embed-aspect-16-9 wp-has-aspect-ratio\"><div class=\"wp-block-embed__wrapper\">\n<iframe loading=\"lazy\" title=\"Sarah Ritter - DFLV 2021 - Prezent\u00e1cia\" width=\"500\" height=\"281\" src=\"https:\/\/www.youtube.com\/embed\/NiiVJBFxDs8?feature=oembed\" frameborder=\"0\" allow=\"accelerometer; autoplay; clipboard-write; encrypted-media; gyroscope; picture-in-picture; web-share\" referrerpolicy=\"strict-origin-when-cross-origin\" allowfullscreen><\/iframe>\n<\/div><\/figure>\n\n\n<div class=\"space xs\"><\/div>\n\n\n<p><em>Vantablack&nbsp;&nbsp;fabriqu\u00e9 en 2014 par une soci\u00e9t\u00e9&nbsp;&nbsp;britannique, repr\u00e9sente le pigment le plus noir qui ait jamais exist\u00e9. Il absorbe 99,96&nbsp;% de la lumi\u00e8re.<\/em> <em>Tout objet qui s\u2019en trouve recouvert &nbsp;devient quasiment invisible.<\/em><\/p>\n\n\n\n<p><em>Mais le noir est-il une couleur&nbsp;? En sciences cat\u00e9goriquement non.<\/em> <em>Cependant qu\u2019en art, le noir &nbsp;r\u00e9sumerait et consumerait&nbsp;&nbsp;toutes les autres couleurs, serait ant\u00e9rieur \u00e0 la lumi\u00e8re et en tant qu\u2019\u00e9metteur de clart\u00e9 ouvrirait \u00e0 l\u2019infini notre perception mentale\u2026<\/em><\/p>\n\n\n\n<p><em>Les ombres et les nuits pas si monochromes de Sarah Ritter &nbsp;enveloppent et prot\u00e8gent mais dissimulent aussi des inqui\u00e9tudes. Dans son premier ouvrage l\u2019humanit\u00e9 toute enti\u00e8re p\u00e9rit dans le \u00ab&nbsp;dark side&nbsp;\u00bb de la terre et les pages&nbsp;&nbsp;d\u2019un livre m\u00e9tallique.<\/em><\/p>\n\n\n\n<p><em>Les choses paraissent trop simples, un monolithe abandonn\u00e9 comme dans un film, l\u2019ombre qui &nbsp;tombe sur le d\u00e9cor et la vertu des pierres, tandis que l\u2019\u00e9chelle dans sa position contrari\u00e9e \u00e9voque peut-\u00eatre les premiers pas&nbsp;h\u00e9sitants d\u2019un Armstrong de la terre.<\/em><\/p>\n\n\n\n<p><em>Tandis que le sol brille de mille cailloux, paillettes de couleurs, on aper\u00e7oit bien des gens et la main tente de mat\u00e9rialiser des cristaux de lumi\u00e8res.<\/em> <em>Car la lumi\u00e8re reste la condition du spectacle.<\/em><\/p>\n\n\n\n<p class=\"has-text-align-right\">Anne Lefebvre, commissaire de l&rsquo;exposition<\/p>\n\n\n\n<h2 class=\"wp-block-heading\">L&rsquo;artiste<\/h2>\n\n\n<a href=\"http:\/\/www.sarahritter.net\/\" class=\"btn\" target=\"blank\" rel=\"noreferrer noopener\">Site personnel<\/a>\n\n<a href=\"http:\/\/www.sarahritter.net\/uploads\/2\/3\/3\/0\/23303922\/ritter_sarah_cv-2021.pdf\" class=\"btn\" target=\"blank\" rel=\"noreferrer noopener\">CV<\/a>\n\n<div class=\"space md\"><\/div>\n\n<\/div><div class=\"gray-bg\"><div class=\"cta-box\"><div class=\"wrap narrow-wrap\"><div class=\"content dark-blue\"><div class=\"cta-box-content\"><div class=\"left-side\"><div class=\"left-content\"><h2 style=\"text-align: center;\">Ne manquez aucune actualit\u00e9 sur les Journ\u00e9es de la photographie de Levice !<\/h2>\n<\/div><a class=\"btn btn-white\" href=\"https:\/\/www.facebook.com\/RosLevice\">rendez-vous ici<\/a><\/div><\/div><\/div><\/div><\/div><\/div><div class=\"wrap narrow-wrap\">\n\n<div class=\"space md\"><\/div>\n\n<\/div><iframe loading=\"lazy\" src=\"https:\/\/www.google.com\/maps\/embed?pb=!1m18!1m12!1m3!1d2658.243969840226!2d18.601328716035194!3d48.221176579230196!2m3!1f0!2f0!3f0!3m2!1i1024!2i768!4f13.1!3m3!1m2!1s0x476adc450c95e2c3%3A0xcac169ab791b2226!2sSynagogue%20in%20Levice!5e0!3m2!1sfr!2ssk!4v1621583135625!5m2!1sfr!2ssk\" width=\"100%\" height=\"558\" frameborder=\"0\" class=\"gmap-iframe\" allowfullscreen=\"\"><\/iframe><div class=\"wrap narrow-wrap\">\n\n<div class=\"space md\"><\/div>","protected":false},"featured_media":17548,"template":"","typ-podujatia":[56],"acf":[],"yoast_head":"<!-- This site is optimized with the Yoast SEO plugin v24.5 - https:\/\/yoast.com\/wordpress\/plugins\/seo\/ -->\n<title>Exposition &quot;L&#039;ombre de la terre&quot; de la photographe Sarah Ritter - Franc\u00fazsky in\u0161tit\u00fat na Slovensku<\/title>\n<meta name=\"description\" content=\"La 14\u00e8me \u00e9d. des Journ\u00e9es de la photographie de Levice pr\u00e9sente l&#039;exposition &quot;L&#039;ombre de la terre&quot; de la photographe fran\u00e7aise Sarah Ritter.\" \/>\n<meta name=\"robots\" content=\"index, follow, max-snippet:-1, max-image-preview:large, max-video-preview:-1\" \/>\n<link rel=\"canonical\" href=\"https:\/\/institutfrancais.sk\/fr\/podujatie\/exposition-lombre-de-la-terre-de-la-photographe-sarah-ritter\/\" \/>\n<meta property=\"og:locale\" content=\"fr_FR\" \/>\n<meta property=\"og:type\" content=\"article\" \/>\n<meta property=\"og:title\" content=\"Exposition &quot;L&#039;ombre de la terre&quot; de la photographe Sarah Ritter - Franc\u00fazsky in\u0161tit\u00fat na Slovensku\" \/>\n<meta property=\"og:description\" content=\"La 14\u00e8me \u00e9d. des Journ\u00e9es de la photographie de Levice pr\u00e9sente l&#039;exposition &quot;L&#039;ombre de la terre&quot; de la photographe fran\u00e7aise Sarah Ritter.\" \/>\n<meta property=\"og:url\" content=\"https:\/\/institutfrancais.sk\/fr\/podujatie\/exposition-lombre-de-la-terre-de-la-photographe-sarah-ritter\/\" \/>\n<meta property=\"og:site_name\" content=\"Franc\u00fazsky in\u0161tit\u00fat na Slovensku\" \/>\n<meta property=\"article:modified_time\" content=\"2021-05-25T08:04:22+00:00\" \/>\n<meta property=\"og:image\" content=\"https:\/\/institutfrancais.sk\/wp-content\/uploads\/2021\/05\/sarah_ritter-l_ombre_de_la_terre_2.png\" \/>\n\t<meta property=\"og:image:width\" content=\"1915\" \/>\n\t<meta property=\"og:image:height\" content=\"1080\" \/>\n\t<meta property=\"og:image:type\" content=\"image\/png\" \/>\n<meta name=\"twitter:card\" content=\"summary_large_image\" \/>\n<meta name=\"twitter:label1\" content=\"Dur\u00e9e de lecture estim\u00e9e\" \/>\n\t<meta name=\"twitter:data1\" content=\"1 minute\" \/>\n<script type=\"application\/ld+json\" class=\"yoast-schema-graph\">{\"@context\":\"https:\/\/schema.org\",\"@graph\":[{\"@type\":\"WebPage\",\"@id\":\"https:\/\/institutfrancais.sk\/fr\/podujatie\/exposition-lombre-de-la-terre-de-la-photographe-sarah-ritter\/\",\"url\":\"https:\/\/institutfrancais.sk\/fr\/podujatie\/exposition-lombre-de-la-terre-de-la-photographe-sarah-ritter\/\",\"name\":\"Exposition \\\"L'ombre de la terre\\\" de la photographe Sarah Ritter - Franc\u00fazsky in\u0161tit\u00fat na Slovensku\",\"isPartOf\":{\"@id\":\"https:\/\/institutfrancais.sk\/fr\/#website\"},\"primaryImageOfPage\":{\"@id\":\"https:\/\/institutfrancais.sk\/fr\/podujatie\/exposition-lombre-de-la-terre-de-la-photographe-sarah-ritter\/#primaryimage\"},\"image\":{\"@id\":\"https:\/\/institutfrancais.sk\/fr\/podujatie\/exposition-lombre-de-la-terre-de-la-photographe-sarah-ritter\/#primaryimage\"},\"thumbnailUrl\":\"https:\/\/institutfrancais.sk\/wp-content\/uploads\/2021\/05\/sarah_ritter-l_ombre_de_la_terre_2.png\",\"datePublished\":\"2021-05-21T07:55:02+00:00\",\"dateModified\":\"2021-05-25T08:04:22+00:00\",\"description\":\"La 14\u00e8me \u00e9d. des Journ\u00e9es de la photographie de Levice pr\u00e9sente l'exposition \\\"L'ombre de la terre\\\" de la photographe fran\u00e7aise Sarah Ritter.\",\"breadcrumb\":{\"@id\":\"https:\/\/institutfrancais.sk\/fr\/podujatie\/exposition-lombre-de-la-terre-de-la-photographe-sarah-ritter\/#breadcrumb\"},\"inLanguage\":\"fr-FR\",\"potentialAction\":[{\"@type\":\"ReadAction\",\"target\":[\"https:\/\/institutfrancais.sk\/fr\/podujatie\/exposition-lombre-de-la-terre-de-la-photographe-sarah-ritter\/\"]}]},{\"@type\":\"ImageObject\",\"inLanguage\":\"fr-FR\",\"@id\":\"https:\/\/institutfrancais.sk\/fr\/podujatie\/exposition-lombre-de-la-terre-de-la-photographe-sarah-ritter\/#primaryimage\",\"url\":\"https:\/\/institutfrancais.sk\/wp-content\/uploads\/2021\/05\/sarah_ritter-l_ombre_de_la_terre_2.png\",\"contentUrl\":\"https:\/\/institutfrancais.sk\/wp-content\/uploads\/2021\/05\/sarah_ritter-l_ombre_de_la_terre_2.png\",\"width\":1915,\"height\":1080},{\"@type\":\"BreadcrumbList\",\"@id\":\"https:\/\/institutfrancais.sk\/fr\/podujatie\/exposition-lombre-de-la-terre-de-la-photographe-sarah-ritter\/#breadcrumb\",\"itemListElement\":[{\"@type\":\"ListItem\",\"position\":1,\"name\":\"Home\",\"item\":\"https:\/\/institutfrancais.sk\/fr\/\"},{\"@type\":\"ListItem\",\"position\":2,\"name\":\"Events\",\"item\":\"https:\/\/institutfrancais.sk\/fr\/podujatie\/\"},{\"@type\":\"ListItem\",\"position\":3,\"name\":\"Exposition \u00ab\u00a0L&rsquo;ombre de la terre\u00a0\u00bb de la photographe Sarah Ritter\"}]},{\"@type\":\"WebSite\",\"@id\":\"https:\/\/institutfrancais.sk\/fr\/#website\",\"url\":\"https:\/\/institutfrancais.sk\/fr\/\",\"name\":\"Franc\u00fazsky in\u0161tit\u00fat na Slovensku\",\"description\":\"Franc\u00fazsky in\u0161tit\u00fat na Slovensku\",\"potentialAction\":[{\"@type\":\"SearchAction\",\"target\":{\"@type\":\"EntryPoint\",\"urlTemplate\":\"https:\/\/institutfrancais.sk\/fr\/?s={search_term_string}\"},\"query-input\":{\"@type\":\"PropertyValueSpecification\",\"valueRequired\":true,\"valueName\":\"search_term_string\"}}],\"inLanguage\":\"fr-FR\"}]}<\/script>\n<!-- \/ Yoast SEO plugin. -->","yoast_head_json":{"title":"Exposition \"L'ombre de la terre\" de la photographe Sarah Ritter - Franc\u00fazsky in\u0161tit\u00fat na Slovensku","description":"La 14\u00e8me \u00e9d. des Journ\u00e9es de la photographie de Levice pr\u00e9sente l'exposition \"L'ombre de la terre\" de la photographe fran\u00e7aise Sarah Ritter.","robots":{"index":"index","follow":"follow","max-snippet":"max-snippet:-1","max-image-preview":"max-image-preview:large","max-video-preview":"max-video-preview:-1"},"canonical":"https:\/\/institutfrancais.sk\/fr\/podujatie\/exposition-lombre-de-la-terre-de-la-photographe-sarah-ritter\/","og_locale":"fr_FR","og_type":"article","og_title":"Exposition \"L'ombre de la terre\" de la photographe Sarah Ritter - Franc\u00fazsky in\u0161tit\u00fat na Slovensku","og_description":"La 14\u00e8me \u00e9d. des Journ\u00e9es de la photographie de Levice pr\u00e9sente l'exposition \"L'ombre de la terre\" de la photographe fran\u00e7aise Sarah Ritter.","og_url":"https:\/\/institutfrancais.sk\/fr\/podujatie\/exposition-lombre-de-la-terre-de-la-photographe-sarah-ritter\/","og_site_name":"Franc\u00fazsky in\u0161tit\u00fat na Slovensku","article_modified_time":"2021-05-25T08:04:22+00:00","og_image":[{"width":1915,"height":1080,"url":"https:\/\/institutfrancais.sk\/wp-content\/uploads\/2021\/05\/sarah_ritter-l_ombre_de_la_terre_2.png","type":"image\/png"}],"twitter_card":"summary_large_image","twitter_misc":{"Dur\u00e9e de lecture estim\u00e9e":"1 minute"},"schema":{"@context":"https:\/\/schema.org","@graph":[{"@type":"WebPage","@id":"https:\/\/institutfrancais.sk\/fr\/podujatie\/exposition-lombre-de-la-terre-de-la-photographe-sarah-ritter\/","url":"https:\/\/institutfrancais.sk\/fr\/podujatie\/exposition-lombre-de-la-terre-de-la-photographe-sarah-ritter\/","name":"Exposition \"L'ombre de la terre\" de la photographe Sarah Ritter - Franc\u00fazsky in\u0161tit\u00fat na Slovensku","isPartOf":{"@id":"https:\/\/institutfrancais.sk\/fr\/#website"},"primaryImageOfPage":{"@id":"https:\/\/institutfrancais.sk\/fr\/podujatie\/exposition-lombre-de-la-terre-de-la-photographe-sarah-ritter\/#primaryimage"},"image":{"@id":"https:\/\/institutfrancais.sk\/fr\/podujatie\/exposition-lombre-de-la-terre-de-la-photographe-sarah-ritter\/#primaryimage"},"thumbnailUrl":"https:\/\/institutfrancais.sk\/wp-content\/uploads\/2021\/05\/sarah_ritter-l_ombre_de_la_terre_2.png","datePublished":"2021-05-21T07:55:02+00:00","dateModified":"2021-05-25T08:04:22+00:00","description":"La 14\u00e8me \u00e9d. des Journ\u00e9es de la photographie de Levice pr\u00e9sente l'exposition \"L'ombre de la terre\" de la photographe fran\u00e7aise Sarah Ritter.","breadcrumb":{"@id":"https:\/\/institutfrancais.sk\/fr\/podujatie\/exposition-lombre-de-la-terre-de-la-photographe-sarah-ritter\/#breadcrumb"},"inLanguage":"fr-FR","potentialAction":[{"@type":"ReadAction","target":["https:\/\/institutfrancais.sk\/fr\/podujatie\/exposition-lombre-de-la-terre-de-la-photographe-sarah-ritter\/"]}]},{"@type":"ImageObject","inLanguage":"fr-FR","@id":"https:\/\/institutfrancais.sk\/fr\/podujatie\/exposition-lombre-de-la-terre-de-la-photographe-sarah-ritter\/#primaryimage","url":"https:\/\/institutfrancais.sk\/wp-content\/uploads\/2021\/05\/sarah_ritter-l_ombre_de_la_terre_2.png","contentUrl":"https:\/\/institutfrancais.sk\/wp-content\/uploads\/2021\/05\/sarah_ritter-l_ombre_de_la_terre_2.png","width":1915,"height":1080},{"@type":"BreadcrumbList","@id":"https:\/\/institutfrancais.sk\/fr\/podujatie\/exposition-lombre-de-la-terre-de-la-photographe-sarah-ritter\/#breadcrumb","itemListElement":[{"@type":"ListItem","position":1,"name":"Home","item":"https:\/\/institutfrancais.sk\/fr\/"},{"@type":"ListItem","position":2,"name":"Events","item":"https:\/\/institutfrancais.sk\/fr\/podujatie\/"},{"@type":"ListItem","position":3,"name":"Exposition \u00ab\u00a0L&rsquo;ombre de la terre\u00a0\u00bb de la photographe Sarah Ritter"}]},{"@type":"WebSite","@id":"https:\/\/institutfrancais.sk\/fr\/#website","url":"https:\/\/institutfrancais.sk\/fr\/","name":"Franc\u00fazsky in\u0161tit\u00fat na Slovensku","description":"Franc\u00fazsky in\u0161tit\u00fat na Slovensku","potentialAction":[{"@type":"SearchAction","target":{"@type":"EntryPoint","urlTemplate":"https:\/\/institutfrancais.sk\/fr\/?s={search_term_string}"},"query-input":{"@type":"PropertyValueSpecification","valueRequired":true,"valueName":"search_term_string"}}],"inLanguage":"fr-FR"}]}},"_links":{"self":[{"href":"https:\/\/institutfrancais.sk\/fr\/wp-json\/wp\/v2\/podujatie\/17467"}],"collection":[{"href":"https:\/\/institutfrancais.sk\/fr\/wp-json\/wp\/v2\/podujatie"}],"about":[{"href":"https:\/\/institutfrancais.sk\/fr\/wp-json\/wp\/v2\/types\/podujatie"}],"wp:featuredmedia":[{"embeddable":true,"href":"https:\/\/institutfrancais.sk\/fr\/wp-json\/wp\/v2\/media\/17548"}],"wp:attachment":[{"href":"https:\/\/institutfrancais.sk\/fr\/wp-json\/wp\/v2\/media?parent=17467"}],"wp:term":[{"taxonomy":"typ-podujatia","embeddable":true,"href":"https:\/\/institutfrancais.sk\/fr\/wp-json\/wp\/v2\/typ-podujatia?post=17467"}],"curies":[{"name":"wp","href":"https:\/\/api.w.org\/{rel}","templated":true}]}}