{"id":17740,"date":"2021-05-27T17:12:38","date_gmt":"2021-05-27T15:12:38","guid":{"rendered":"https:\/\/institutfrancais.sk\/podujatie\/okruhly-stol-rodove-predsudky-a-umela-inteligencia\/"},"modified":"2021-06-14T11:48:17","modified_gmt":"2021-06-14T09:48:17","slug":"conference-biais-genre-intelligence-artificielle","status":"publish","type":"podujatie","link":"https:\/\/institutfrancais.sk\/fr\/podujatie\/conference-biais-genre-intelligence-artificielle\/","title":{"rendered":"Conf\u00e9rence : Biais de genre dans l\u2019intelligence artificielle"},"content":{"rendered":"\n<p>L\u2019<strong>intelligence artificielle<\/strong> est d\u00e9j\u00e0 pr\u00e9sente dans de nombreux domaines de notre vie courante et son utilisation tend \u00e0 se g\u00e9n\u00e9raliser. On a&nbsp;d\u00e9j\u00e0 pu&nbsp;observer, dans des domaines aussi essentiels que les ressources humaines (avec par exemple le traitement automatis\u00e9 des CV) ou la sant\u00e9 (avec les diagnostics par ordinateur), que les r\u00e9ponses qu\u2019elle propose sont parfois entach\u00e9es de biais de genre. Les origines de ces biais sont multiples, qu\u2019elles aient \u00e9t\u00e9 introduites par ses concepteurs ou qu\u2019elles proviennent des biais pr\u00e9sents dans les donn\u00e9es qui ont nourri l\u2019apprentissage automatis\u00e9 de la machine.<\/p>\n\n\n\n<p>Cette table ronde sera l\u2019occasion d\u2019expliquer pourquoi ces biais existent, quelles cons\u00e9quences ils pourraient avoir et comment nous pouvons y rem\u00e9dier.<\/p>\n\n\n<div class=\"space sm\"><\/div>\n\n\n<h2 class=\"wp-block-heading\"><strong>Les participantes de la table ronde<\/strong><\/h2>\n\n\n<div class=\"space sm\"><\/div>\n\n\n<ul><li><strong>H\u00e9l\u00e8ne Deckx Van Ruy<\/strong>s, copilote du groupe de travail IA de l\u2019association fran\u00e7aise \u00ab&nbsp;laboratoire de l\u2019\u00e9galit\u00e9&nbsp;\u00bb<\/li><li><strong>Petra Kotuliakov\u00e1<\/strong>, pr\u00e9sidente de l\u2019association \u00ab&nbsp;Aj&nbsp;Ty v&nbsp;IT&nbsp;\u00bb qui promeut l\u2019acc\u00e8s des femmes au num\u00e9rique<\/li><li><strong>Jana Novohradsk\u00e1<\/strong>, d\u00e9partement de l&rsquo;agenda num\u00e9rique, MIRRI ;&nbsp;rapporteuse sur l&rsquo;\u00e9galit\u00e9 des&nbsp;genres, groupe de travail du CAHAI du Conseil de l&rsquo;Europe<\/li><li><strong>Serena Villata<\/strong>, directrice Scientifique adjointe de l\u2019Institut 3IA C\u00f4te d\u2019Azur<\/li><li><strong>Martina Zele\u0148\u00e1kov\u00e1<\/strong>, professeure \u00e0 l\u2019Universit\u00e9 technique de Ko\u0161ice<\/li><\/ul>\n\n\n\n<p>La discussion sera anim\u00e9e par <strong>Lucia Yar<\/strong>, journaliste de la branche slovaque d\u2019Euractiv.<\/p>\n\n\n<div class=\"space sm\"><\/div>\n\n<div class=\"text-center\"><a href=\"https:\/\/forms.gle\/PeiNyUKW5nKuPyZx7\" class=\"btn btn-white-invert\" target=\"blank\" rel=\"noreferrer noopener\">Inscription<\/a><\/div>\n\n<div class=\"space sm\"><\/div>\n\n\n<p><em>Cet \u00e9v\u00e9nement est organis\u00e9 en partenariat avec le consortium <em><a href=\"https:\/\/ulysseus.eu\/\">Ulysseus<\/a><\/em><\/em> <em>issu de l\u2019initiative des universit\u00e9s europ\u00e9ennes.<\/em><\/p>\n\n\n\n<figure class=\"wp-block-image size-medium\"><img loading=\"lazy\" decoding=\"async\" width=\"300\" height=\"212\" src=\"https:\/\/institutfrancais.sk\/wp-content\/uploads\/2021\/06\/Ulysseus-Logo-01-MainVersion-300x212.jpg\" alt=\"\" class=\"wp-image-17792\" srcset=\"https:\/\/institutfrancais.sk\/wp-content\/uploads\/2021\/06\/Ulysseus-Logo-01-MainVersion-300x212.jpg 300w, https:\/\/institutfrancais.sk\/wp-content\/uploads\/2021\/06\/Ulysseus-Logo-01-MainVersion-1024x724.jpg 1024w, https:\/\/institutfrancais.sk\/wp-content\/uploads\/2021\/06\/Ulysseus-Logo-01-MainVersion-768x543.jpg 768w, https:\/\/institutfrancais.sk\/wp-content\/uploads\/2021\/06\/Ulysseus-Logo-01-MainVersion-1536x1086.jpg 1536w, https:\/\/institutfrancais.sk\/wp-content\/uploads\/2021\/06\/Ulysseus-Logo-01-MainVersion-2048x1448.jpg 2048w, https:\/\/institutfrancais.sk\/wp-content\/uploads\/2021\/06\/Ulysseus-Logo-01-MainVersion-1190x842.jpg 1190w, https:\/\/institutfrancais.sk\/wp-content\/uploads\/2021\/06\/Ulysseus-Logo-01-MainVersion-1414x1000.jpg 1414w\" sizes=\"(max-width: 300px) 100vw, 300px\" \/><\/figure>\n\n\n<div class=\"space sm\"><\/div>\n\n\n<h2 class=\"wp-block-heading\">Retour sur la table ronde (en langue anglaise)<\/h2>\n\n\n<div class=\"space xs\"><\/div>\n\n\n<figure class=\"wp-block-embed is-type-video is-provider-youtube wp-block-embed-youtube wp-embed-aspect-16-9 wp-has-aspect-ratio\"><div class=\"wp-block-embed__wrapper\">\n<iframe loading=\"lazy\" title=\"Round table on gender bias in artificial intelligence\" width=\"500\" height=\"281\" src=\"https:\/\/www.youtube.com\/embed\/2OHBwlY0m7E?start=114&#038;feature=oembed\" frameborder=\"0\" allow=\"accelerometer; autoplay; clipboard-write; encrypted-media; gyroscope; picture-in-picture; web-share\" referrerpolicy=\"strict-origin-when-cross-origin\" allowfullscreen><\/iframe>\n<\/div><\/figure>\n\n\n<div class=\"space\"><\/div>","protected":false},"featured_media":17738,"template":"","typ-podujatia":[53],"acf":[],"yoast_head":"<!-- This site is optimized with the Yoast SEO plugin v24.5 - https:\/\/yoast.com\/wordpress\/plugins\/seo\/ -->\n<title>Conf\u00e9rence : Biais de genre dans l\u2019intelligence artificielle - Franc\u00fazsky in\u0161tit\u00fat na Slovensku<\/title>\n<meta name=\"description\" content=\"Umel\u00e1 inteligencia je v mnoh\u00fdch oblastiach u\u017e s\u00fa\u010das\u0165ou n\u00e1\u0161ho ka\u017edodenn\u00e9ho \u017eivota a jej pou\u017e\u00edvanie je \u010doraz be\u017enej\u0161ie.\" \/>\n<meta name=\"robots\" content=\"index, follow, max-snippet:-1, max-image-preview:large, max-video-preview:-1\" \/>\n<link rel=\"canonical\" href=\"https:\/\/institutfrancais.sk\/fr\/podujatie\/conference-biais-genre-intelligence-artificielle\/\" \/>\n<meta property=\"og:locale\" content=\"fr_FR\" \/>\n<meta property=\"og:type\" content=\"article\" \/>\n<meta property=\"og:title\" content=\"Conf\u00e9rence : Biais de genre dans l\u2019intelligence artificielle - Franc\u00fazsky in\u0161tit\u00fat na Slovensku\" \/>\n<meta property=\"og:description\" content=\"Umel\u00e1 inteligencia je v mnoh\u00fdch oblastiach u\u017e s\u00fa\u010das\u0165ou n\u00e1\u0161ho ka\u017edodenn\u00e9ho \u017eivota a jej pou\u017e\u00edvanie je \u010doraz be\u017enej\u0161ie.\" \/>\n<meta property=\"og:url\" content=\"https:\/\/institutfrancais.sk\/fr\/podujatie\/conference-biais-genre-intelligence-artificielle\/\" \/>\n<meta property=\"og:site_name\" content=\"Franc\u00fazsky in\u0161tit\u00fat na Slovensku\" \/>\n<meta property=\"article:modified_time\" content=\"2021-06-14T09:48:17+00:00\" \/>\n<meta property=\"og:image\" content=\"https:\/\/institutfrancais.sk\/wp-content\/uploads\/2021\/05\/pexels-alex-knight-2599244-scaled.jpg\" \/>\n\t<meta property=\"og:image:width\" content=\"2560\" \/>\n\t<meta property=\"og:image:height\" content=\"1707\" \/>\n\t<meta property=\"og:image:type\" content=\"image\/jpeg\" \/>\n<meta name=\"twitter:card\" content=\"summary_large_image\" \/>\n<meta name=\"twitter:label1\" content=\"Dur\u00e9e de lecture estim\u00e9e\" \/>\n\t<meta name=\"twitter:data1\" content=\"2 minutes\" \/>\n<script type=\"application\/ld+json\" class=\"yoast-schema-graph\">{\"@context\":\"https:\/\/schema.org\",\"@graph\":[{\"@type\":\"WebPage\",\"@id\":\"https:\/\/institutfrancais.sk\/fr\/podujatie\/conference-biais-genre-intelligence-artificielle\/\",\"url\":\"https:\/\/institutfrancais.sk\/fr\/podujatie\/conference-biais-genre-intelligence-artificielle\/\",\"name\":\"Conf\u00e9rence : Biais de genre dans l\u2019intelligence artificielle - Franc\u00fazsky in\u0161tit\u00fat na Slovensku\",\"isPartOf\":{\"@id\":\"https:\/\/institutfrancais.sk\/fr\/#website\"},\"primaryImageOfPage\":{\"@id\":\"https:\/\/institutfrancais.sk\/fr\/podujatie\/conference-biais-genre-intelligence-artificielle\/#primaryimage\"},\"image\":{\"@id\":\"https:\/\/institutfrancais.sk\/fr\/podujatie\/conference-biais-genre-intelligence-artificielle\/#primaryimage\"},\"thumbnailUrl\":\"https:\/\/institutfrancais.sk\/wp-content\/uploads\/2021\/05\/pexels-alex-knight-2599244-scaled.jpg\",\"datePublished\":\"2021-05-27T15:12:38+00:00\",\"dateModified\":\"2021-06-14T09:48:17+00:00\",\"description\":\"Umel\u00e1 inteligencia je v mnoh\u00fdch oblastiach u\u017e s\u00fa\u010das\u0165ou n\u00e1\u0161ho ka\u017edodenn\u00e9ho \u017eivota a jej pou\u017e\u00edvanie je \u010doraz be\u017enej\u0161ie.\",\"breadcrumb\":{\"@id\":\"https:\/\/institutfrancais.sk\/fr\/podujatie\/conference-biais-genre-intelligence-artificielle\/#breadcrumb\"},\"inLanguage\":\"fr-FR\",\"potentialAction\":[{\"@type\":\"ReadAction\",\"target\":[\"https:\/\/institutfrancais.sk\/fr\/podujatie\/conference-biais-genre-intelligence-artificielle\/\"]}]},{\"@type\":\"ImageObject\",\"inLanguage\":\"fr-FR\",\"@id\":\"https:\/\/institutfrancais.sk\/fr\/podujatie\/conference-biais-genre-intelligence-artificielle\/#primaryimage\",\"url\":\"https:\/\/institutfrancais.sk\/wp-content\/uploads\/2021\/05\/pexels-alex-knight-2599244-scaled.jpg\",\"contentUrl\":\"https:\/\/institutfrancais.sk\/wp-content\/uploads\/2021\/05\/pexels-alex-knight-2599244-scaled.jpg\",\"width\":2560,\"height\":1707},{\"@type\":\"BreadcrumbList\",\"@id\":\"https:\/\/institutfrancais.sk\/fr\/podujatie\/conference-biais-genre-intelligence-artificielle\/#breadcrumb\",\"itemListElement\":[{\"@type\":\"ListItem\",\"position\":1,\"name\":\"Home\",\"item\":\"https:\/\/institutfrancais.sk\/fr\/\"},{\"@type\":\"ListItem\",\"position\":2,\"name\":\"Events\",\"item\":\"https:\/\/institutfrancais.sk\/fr\/podujatie\/\"},{\"@type\":\"ListItem\",\"position\":3,\"name\":\"Conf\u00e9rence : Biais de genre dans l\u2019intelligence artificielle\"}]},{\"@type\":\"WebSite\",\"@id\":\"https:\/\/institutfrancais.sk\/fr\/#website\",\"url\":\"https:\/\/institutfrancais.sk\/fr\/\",\"name\":\"Franc\u00fazsky in\u0161tit\u00fat na Slovensku\",\"description\":\"Franc\u00fazsky in\u0161tit\u00fat na Slovensku\",\"potentialAction\":[{\"@type\":\"SearchAction\",\"target\":{\"@type\":\"EntryPoint\",\"urlTemplate\":\"https:\/\/institutfrancais.sk\/fr\/?s={search_term_string}\"},\"query-input\":{\"@type\":\"PropertyValueSpecification\",\"valueRequired\":true,\"valueName\":\"search_term_string\"}}],\"inLanguage\":\"fr-FR\"}]}<\/script>\n<!-- \/ Yoast SEO plugin. -->","yoast_head_json":{"title":"Conf\u00e9rence : Biais de genre dans l\u2019intelligence artificielle - Franc\u00fazsky in\u0161tit\u00fat na Slovensku","description":"Umel\u00e1 inteligencia je v mnoh\u00fdch oblastiach u\u017e s\u00fa\u010das\u0165ou n\u00e1\u0161ho ka\u017edodenn\u00e9ho \u017eivota a jej pou\u017e\u00edvanie je \u010doraz be\u017enej\u0161ie.","robots":{"index":"index","follow":"follow","max-snippet":"max-snippet:-1","max-image-preview":"max-image-preview:large","max-video-preview":"max-video-preview:-1"},"canonical":"https:\/\/institutfrancais.sk\/fr\/podujatie\/conference-biais-genre-intelligence-artificielle\/","og_locale":"fr_FR","og_type":"article","og_title":"Conf\u00e9rence : Biais de genre dans l\u2019intelligence artificielle - Franc\u00fazsky in\u0161tit\u00fat na Slovensku","og_description":"Umel\u00e1 inteligencia je v mnoh\u00fdch oblastiach u\u017e s\u00fa\u010das\u0165ou n\u00e1\u0161ho ka\u017edodenn\u00e9ho \u017eivota a jej pou\u017e\u00edvanie je \u010doraz be\u017enej\u0161ie.","og_url":"https:\/\/institutfrancais.sk\/fr\/podujatie\/conference-biais-genre-intelligence-artificielle\/","og_site_name":"Franc\u00fazsky in\u0161tit\u00fat na Slovensku","article_modified_time":"2021-06-14T09:48:17+00:00","og_image":[{"width":2560,"height":1707,"url":"https:\/\/institutfrancais.sk\/wp-content\/uploads\/2021\/05\/pexels-alex-knight-2599244-scaled.jpg","type":"image\/jpeg"}],"twitter_card":"summary_large_image","twitter_misc":{"Dur\u00e9e de lecture estim\u00e9e":"2 minutes"},"schema":{"@context":"https:\/\/schema.org","@graph":[{"@type":"WebPage","@id":"https:\/\/institutfrancais.sk\/fr\/podujatie\/conference-biais-genre-intelligence-artificielle\/","url":"https:\/\/institutfrancais.sk\/fr\/podujatie\/conference-biais-genre-intelligence-artificielle\/","name":"Conf\u00e9rence : Biais de genre dans l\u2019intelligence artificielle - Franc\u00fazsky in\u0161tit\u00fat na Slovensku","isPartOf":{"@id":"https:\/\/institutfrancais.sk\/fr\/#website"},"primaryImageOfPage":{"@id":"https:\/\/institutfrancais.sk\/fr\/podujatie\/conference-biais-genre-intelligence-artificielle\/#primaryimage"},"image":{"@id":"https:\/\/institutfrancais.sk\/fr\/podujatie\/conference-biais-genre-intelligence-artificielle\/#primaryimage"},"thumbnailUrl":"https:\/\/institutfrancais.sk\/wp-content\/uploads\/2021\/05\/pexels-alex-knight-2599244-scaled.jpg","datePublished":"2021-05-27T15:12:38+00:00","dateModified":"2021-06-14T09:48:17+00:00","description":"Umel\u00e1 inteligencia je v mnoh\u00fdch oblastiach u\u017e s\u00fa\u010das\u0165ou n\u00e1\u0161ho ka\u017edodenn\u00e9ho \u017eivota a jej pou\u017e\u00edvanie je \u010doraz be\u017enej\u0161ie.","breadcrumb":{"@id":"https:\/\/institutfrancais.sk\/fr\/podujatie\/conference-biais-genre-intelligence-artificielle\/#breadcrumb"},"inLanguage":"fr-FR","potentialAction":[{"@type":"ReadAction","target":["https:\/\/institutfrancais.sk\/fr\/podujatie\/conference-biais-genre-intelligence-artificielle\/"]}]},{"@type":"ImageObject","inLanguage":"fr-FR","@id":"https:\/\/institutfrancais.sk\/fr\/podujatie\/conference-biais-genre-intelligence-artificielle\/#primaryimage","url":"https:\/\/institutfrancais.sk\/wp-content\/uploads\/2021\/05\/pexels-alex-knight-2599244-scaled.jpg","contentUrl":"https:\/\/institutfrancais.sk\/wp-content\/uploads\/2021\/05\/pexels-alex-knight-2599244-scaled.jpg","width":2560,"height":1707},{"@type":"BreadcrumbList","@id":"https:\/\/institutfrancais.sk\/fr\/podujatie\/conference-biais-genre-intelligence-artificielle\/#breadcrumb","itemListElement":[{"@type":"ListItem","position":1,"name":"Home","item":"https:\/\/institutfrancais.sk\/fr\/"},{"@type":"ListItem","position":2,"name":"Events","item":"https:\/\/institutfrancais.sk\/fr\/podujatie\/"},{"@type":"ListItem","position":3,"name":"Conf\u00e9rence : Biais de genre dans l\u2019intelligence artificielle"}]},{"@type":"WebSite","@id":"https:\/\/institutfrancais.sk\/fr\/#website","url":"https:\/\/institutfrancais.sk\/fr\/","name":"Franc\u00fazsky in\u0161tit\u00fat na Slovensku","description":"Franc\u00fazsky in\u0161tit\u00fat na Slovensku","potentialAction":[{"@type":"SearchAction","target":{"@type":"EntryPoint","urlTemplate":"https:\/\/institutfrancais.sk\/fr\/?s={search_term_string}"},"query-input":{"@type":"PropertyValueSpecification","valueRequired":true,"valueName":"search_term_string"}}],"inLanguage":"fr-FR"}]}},"_links":{"self":[{"href":"https:\/\/institutfrancais.sk\/fr\/wp-json\/wp\/v2\/podujatie\/17740"}],"collection":[{"href":"https:\/\/institutfrancais.sk\/fr\/wp-json\/wp\/v2\/podujatie"}],"about":[{"href":"https:\/\/institutfrancais.sk\/fr\/wp-json\/wp\/v2\/types\/podujatie"}],"wp:featuredmedia":[{"embeddable":true,"href":"https:\/\/institutfrancais.sk\/fr\/wp-json\/wp\/v2\/media\/17738"}],"wp:attachment":[{"href":"https:\/\/institutfrancais.sk\/fr\/wp-json\/wp\/v2\/media?parent=17740"}],"wp:term":[{"taxonomy":"typ-podujatia","embeddable":true,"href":"https:\/\/institutfrancais.sk\/fr\/wp-json\/wp\/v2\/typ-podujatia?post=17740"}],"curies":[{"name":"wp","href":"https:\/\/api.w.org\/{rel}","templated":true}]}}