{"id":17895,"date":"2021-06-15T18:46:04","date_gmt":"2021-06-15T16:46:04","guid":{"rendered":"https:\/\/institutfrancais.sk\/?post_type=podujatie&#038;p=17895"},"modified":"2021-06-23T15:47:00","modified_gmt":"2021-06-23T13:47:00","slug":"la-fete-de-la-musique-a-bratislava","status":"publish","type":"podujatie","link":"https:\/\/institutfrancais.sk\/fr\/podujatie\/la-fete-de-la-musique-a-bratislava\/","title":{"rendered":"21 juin &#8211;&nbsp;La f\u00eate de la musique \u00e0 Bratislava"},"content":{"rendered":"\n<p>Une tr\u00e9pidante tradition trouvant des \u00e9chos \u00e0 travers le monde entier ! Sur fond de renouveau culturel apr\u00e8s de longs mois de confinement, l\u2019Institut fran\u00e7ais de Slovaquie est heureux de c\u00e9l\u00e9brer la F\u00eate de la musique entre innovation et tradition. La f\u00eate de la musique 2021 est un renouveau qui correspond au solstice d&rsquo;\u00e9t\u00e9, c\u2019est aussi le jour le plus long de l&rsquo;ann\u00e9e ! <\/p>\n\n\n<div class=\"space sm\"><\/div>\n\n\n<h2 class=\"wp-block-heading\">Une occasion \u00e0 ne pas manquez pour commencer la p\u00e9riode estivale&nbsp;sur le bon pied ! &nbsp;<\/h2>\n\n\n<div class=\"space sm\"><\/div>\n\n\n<p>\u00c0 cette occasion, l\u2019Institut fran\u00e7ais fera sa pop r\u00e9volution et mobilisera ces partenaires du secteur culturel et cr\u00e9atif pour vivre la f\u00eate de la musique en Slovaquie et l\u2019apporter \u00e0 tous&nbsp;! <strong>Le lundi 21 Juin 2021 de 18h00 \u00e0 21h00 <\/strong>nous vous donnons donc rendez-vous dans les magnifiques jardins de La salle de lecture de la biblioth\u00e8que municipale U&nbsp;\u010cerven\u00e9ho Raka, et sommes heureux de vous offrir un concert de musique fran\u00e7aise, convivial et festif en mobilisant le meilleur de la sc\u00e8ne francophone&nbsp;!<\/p>\n\n\n\n<p>Nous proposerons une \u00e9dition vivante, curieuse et color\u00e9e, d\u00e9di\u00e9e \u00e0 la musique fran\u00e7aise, doubl\u00e9e d\u2019un voyage entre les chansons qui marqu\u00e8rent les g\u00e9n\u00e9rations et les tonalit\u00e9s \u00e9mergentes de la sc\u00e8ne musicale. La f\u00eate de la musique \u00e0 Bratislava accueillera les jeunes p\u00e9pites du concours de la chanson fran\u00e7aise <strong>Spievam po&nbsp;franc\u00fazsky<\/strong>, <strong>Krist\u00edna Kraj\u010d\u00edkov\u00e1, Krist\u00edna Kr\u00e1\u013eovi\u010dov\u00e1 <\/strong>et<strong> Simona Bal\u00e1\u017eov\u00e1<\/strong>, ainsi que les tenors de la sc\u00e8ne bratislavienne: <strong>Lucia Bujnov\u00e1<\/strong> et <strong>Peter Adamov<\/strong>, accompagn\u00e9s au piano par <strong>Pavol Bodn\u00e1r<\/strong>.<\/p>\n\n\n<div class=\"space sm\"><\/div>\n\n\n<h2 class=\"wp-block-heading\">Un \u00e9v\u00e8nement gratuit et grand public visant \u00e0 c\u00e9l\u00e9brer la cr\u00e9ation et la pratique musicale dans un \u00e9crin de verdure&nbsp;! Rendez-vous le 21 juin de 18h \u00e0 21h ! <\/h2>\n\n\n<div class=\"space sm\"><\/div>\n\n\n<figure class=\"wp-block-image size-large is-resized\"><img loading=\"lazy\" decoding=\"async\" src=\"https:\/\/institutfrancais.sk\/wp-content\/uploads\/2021\/06\/84174059_2567328106818183_8573379925002496297_n-1024x683.jpg\" alt=\"\" class=\"wp-image-17900\" width=\"910\" height=\"606\" srcset=\"https:\/\/institutfrancais.sk\/wp-content\/uploads\/2021\/06\/84174059_2567328106818183_8573379925002496297_n-1024x683.jpg 1024w, https:\/\/institutfrancais.sk\/wp-content\/uploads\/2021\/06\/84174059_2567328106818183_8573379925002496297_n-300x200.jpg 300w, https:\/\/institutfrancais.sk\/wp-content\/uploads\/2021\/06\/84174059_2567328106818183_8573379925002496297_n-768x512.jpg 768w, https:\/\/institutfrancais.sk\/wp-content\/uploads\/2021\/06\/84174059_2567328106818183_8573379925002496297_n-1190x793.jpg 1190w, https:\/\/institutfrancais.sk\/wp-content\/uploads\/2021\/06\/84174059_2567328106818183_8573379925002496297_n.jpg 1200w\" sizes=\"(max-width: 910px) 100vw, 910px\" \/><figcaption>Source : Facebook<\/figcaption><\/figure>\n\n\n<div class=\"space sm\"><\/div>\n\n<\/div><iframe loading=\"lazy\" src=\"https:\/\/www.google.com\/maps\/embed?pb=!1m18!1m12!1m3!1d2662.1782294877144!2d17.10485026581834!3d48.145369058597026!2m3!1f0!2f0!3f0!3m2!1i1024!2i768!4f13.1!3m3!1m2!1s0x476c895cbfc68ed9%3A0x9006aad8426595bc!2zTGV0bsOhIMSNaXTDoXJlxYggVSDEjWVydmVuw6lobyByYWth!5e0!3m2!1sfr!2ssk!4v1623774745555!5m2!1sfr!2ssk\" width=\"100%\" height=\"558\" frameborder=\"0\" class=\"gmap-iframe\" allowfullscreen=\"\"><\/iframe><div class=\"wrap narrow-wrap\">\n\n<div class=\"space sm\"><\/div>\n\n\n<h2 class=\"wp-block-heading\">Un mot sur les artistes <\/h2>\n\n\n<div class=\"space sm\"><\/div>\n\n\n<h4 class=\"wp-block-heading\"><strong>Lucia Bujnov<\/strong>\u00e1<\/h4>\n\n\n\n<p>Lucia Bujnov\u00e1 chante de la chanson fran\u00e7aise, des compositions accord\u00e9es au jazz et au blues, elle est proche de la chanson populaire. Elle collabore avec des musiciens slovaques de premier plan. Sur le plan professionnel, elle se consacre \u00e0 la langue fran\u00e7aise. Il vit avec sa famille \u00e0 Bratislava. <strong>Suivez <a href=\"http:\/\/www.madamebujna.sk\/\">MadameBujna<\/a> sur les r\u00e9seaux sociaux&nbsp;: <\/strong><a href=\"https:\/\/www.facebook.com\/Lucia-Bujnova-madamebujna-431049547250025\/\">Facebook<\/a> <a href=\"https:\/\/www.youtube.com\/channel\/UC44JyzaLmIfmvhoO3FQZtrw\">Youtube<\/a> <a href=\"https:\/\/soundcloud.com\/user-207065763\/tracks\">SoundCloud<\/a><\/p>\n\n\n\n<figure class=\"wp-block-embed is-type-video is-provider-youtube wp-block-embed-youtube wp-embed-aspect-16-9 wp-has-aspect-ratio\"><div class=\"wp-block-embed__wrapper\">\n<iframe loading=\"lazy\" title=\"Lucia Bujnov\u00e1 &quot;madamebujna&quot; - Les Feuilles mortes [LIVE]\" width=\"500\" height=\"281\" src=\"https:\/\/www.youtube.com\/embed\/qQbxyycgPS0?feature=oembed\" frameborder=\"0\" allow=\"accelerometer; autoplay; clipboard-write; encrypted-media; gyroscope; picture-in-picture; web-share\" referrerpolicy=\"strict-origin-when-cross-origin\" allowfullscreen><\/iframe>\n<\/div><\/figure>\n\n\n<div class=\"space sm\"><\/div>\n\n\n<h4 class=\"wp-block-heading\"><strong>Peter Adamov<\/strong><\/h4>\n\n\n\n<p>Chanteur, compositeur, parolier et multi-instrumentiste Peter Adamov est sans aucun doute l&rsquo;un des chanteurs les plus en vue de la sc\u00e8ne jazz slovaque. Peter Adamov, originaire de \u017dilina, est dipl\u00f4m\u00e9 du Conservatoire de \u017dilina et a&nbsp;\u00e9tudi\u00e9 le chant lyrique \u00e0 l&rsquo;Acad\u00e9mie des arts du spectacle de Prague. Il a&nbsp;commenc\u00e9 sa carri\u00e8re dans le concours PopStar, qu&rsquo;il a&nbsp;\u00e9galement remport\u00e9. Un autre succ\u00e8s a&nbsp;\u00e9t\u00e9 sa victoire dans l&rsquo;\u00e9mission t\u00e9l\u00e9vis\u00e9e \u00ab\u00a0Hit of the Century\u00a0\u00bb avec la chanson \u00ab\u00a0A Song About His Homeland\u00a0\u00bb. En tant que professeur de chant, il a&nbsp;particip\u00e9 au projet caritatif \u00ab\u00a0Wild Poppies\u00a0\u00bb, o\u00f9 il a&nbsp;aid\u00e9 les enfants roms \u00e0 d\u00e9velopper leurs talents. Peu de temps apr\u00e8s, il sort son premier album pop intitul\u00e9 \u00ab\u00a0When\u00a0\u00bb. Son deuxi\u00e8me album \u00ab\u00a0Portrait\u00a0\u00bb a&nbsp;\u00e9t\u00e9 nomin\u00e9 dans la cat\u00e9gorie \u00ab\u00a0Jazz Music 2017 (RadioHead Awards). Fin 2019, il sort son troisi\u00e8me album, qui a&nbsp;une touche du patron br\u00e9silien et s&rsquo;appelle BonBon. Pour la f\u00eate de la musique, Peter Adamov vous proposera un voyage le long des golfes de la chanson fran\u00e7aise, une s\u00e9r\u00e9nade aux tonalit\u00e9s m\u00e9diterran\u00e9enne. <strong>Suivez <a href=\"http:\/\/www.peteradamov.com\/\">Peter Adamov<\/a> sur les r\u00e9seaux sociaux&nbsp;: <\/strong><a href=\"https:\/\/www.facebook.com\/AdamovPeter\">Facebook<\/a> <a href=\"https:\/\/www.youtube.com\/channel\/UC44JyzaLmIfmvhoO3FQZtrw\">Youtube<\/a> <a href=\"https:\/\/soundcloud.com\/user-207065763\/tracks\">SoundCloud<\/a><\/p>\n\n\n\n<figure class=\"wp-block-embed is-type-video is-provider-youtube wp-block-embed-youtube wp-embed-aspect-16-9 wp-has-aspect-ratio\"><div class=\"wp-block-embed__wrapper\">\n<iframe loading=\"lazy\" title=\"Peter Adamov- Le Temps des Cath\u00e9drale\u00a0- Introspekt\u00edvy\" width=\"500\" height=\"281\" src=\"https:\/\/www.youtube.com\/embed\/B0DzF3EOCPI?feature=oembed\" frameborder=\"0\" allow=\"accelerometer; autoplay; clipboard-write; encrypted-media; gyroscope; picture-in-picture; web-share\" referrerpolicy=\"strict-origin-when-cross-origin\" allowfullscreen><\/iframe>\n<\/div><\/figure>\n\n\n<div class=\"space md\"><\/div>\n\n\n<h2 class=\"wp-block-heading\">La f\u00eate de la musique s\u2019inscrit dans une programmation riche et tout au long du mois de Juin! <\/h2>\n\n\n<div class=\"space md\"><\/div>\n\n\n<p>Ne manquez pas :<\/p>\n\n\n\n<ul><li>La grande finale nationale du concours de la chanson francophone <em>Spievam po&nbsp;Franc\u00fazsky<\/em> sur la cha\u00eene <a href=\"https:\/\/www.youtube.com\/channel\/UCWxV9siFqKYs6DLi9Ra4TKg\">YouTube <\/a>de l&rsquo;Alliance Fran\u00e7aise de Bansk\u00e1 Bystrica | 21 juin 2021 \u00e0 16h30<\/li><li>Gardez le son avec nos <a href=\"https:\/\/institutfrancais.sk\/mediateka\/\">recommendations M\u00e9diath\u00e8que<\/a><\/li><li>Les coll\u00e9ctions sp\u00e9ciales F\u00eate de la Musique sur <u><a href=\"https:\/\/www.culturetheque.com\/SVK\/\">CULTURETHEQUE<\/a><\/u> et <a href=\"https:\/\/ifcinema.institutfrancais.com\/\">IFcin\u00e9ma \u00e0 la carte<\/a> <\/li><li>\u00ab\u00a0Voyagez Voyagez Voyagez\u00a0\u00bb avec nos recommendations musicales sur <a href=\"https:\/\/open.spotify.com\/playlist\/5s7HyRgKYFmSen69BUGbH5?si=fdb66ca3048d4178\">Spotify<\/a><\/li><\/ul>\n\n\n<div class=\"space sm\"><\/div>\n\n\n<h2 class=\"wp-block-heading\">Organisateurs <\/h2>\n\n\n<div class=\"space sm\"><\/div>\n\n\n<figure class=\"wp-block-image size-medium\"><img loading=\"lazy\" decoding=\"async\" width=\"300\" height=\"117\" src=\"https:\/\/institutfrancais.sk\/wp-content\/uploads\/2021\/06\/loga--300x117.jpg\" alt=\"\" class=\"wp-image-17903\" srcset=\"https:\/\/institutfrancais.sk\/wp-content\/uploads\/2021\/06\/loga--300x117.jpg 300w, https:\/\/institutfrancais.sk\/wp-content\/uploads\/2021\/06\/loga--1024x399.jpg 1024w, https:\/\/institutfrancais.sk\/wp-content\/uploads\/2021\/06\/loga--768x300.jpg 768w, https:\/\/institutfrancais.sk\/wp-content\/uploads\/2021\/06\/loga--1190x464.jpg 1190w, https:\/\/institutfrancais.sk\/wp-content\/uploads\/2021\/06\/loga-.jpg 1451w\" sizes=\"(max-width: 300px) 100vw, 300px\" \/><\/figure>\n\n\n<div class=\"space sm\"><\/div>\n\n\n<p><\/p>\n\n\n<\/div><div class=\"gray-bg\"><div class=\"cta-box\"><div class=\"wrap narrow-wrap\"><div class=\"content dark-blue\"><div class=\"cta-box-content\"><div class=\"left-side\"><div class=\"left-content\"><h1><strong>La F\u00eate de la Musique fera le tour du monde !<\/strong><\/h1>\n<p>Retrouverez les \u00e9v\u00e8nements musicaux des diff\u00e9rents Instituts fran\u00e7ais et Alliances Fran\u00e7aises dans le monde entier.<\/p>\n<p>&nbsp;<\/p>\n<\/div><a class=\"btn btn-white\" href=\"https:\/\/www.melo-app.com\/en\/collection\/Q29sbGVjdGlvbjoxMQ==\">Rendez-vous ici<\/a><\/div><\/div><\/div><\/div><\/div><\/div><div class=\"wrap narrow-wrap\">\n\n<div class=\"space sm\"><\/div>","protected":false},"featured_media":17896,"template":"","typ-podujatia":[51,98],"acf":[],"yoast_head":"<!-- This site is optimized with the Yoast SEO plugin v24.5 - https:\/\/yoast.com\/wordpress\/plugins\/seo\/ -->\n<title>21 juin - La f\u00eate de la musique \u00e0 Bratislava - Franc\u00fazsky in\u0161tit\u00fat na Slovensku<\/title>\n<meta name=\"robots\" content=\"index, follow, max-snippet:-1, max-image-preview:large, max-video-preview:-1\" \/>\n<link rel=\"canonical\" href=\"https:\/\/institutfrancais.sk\/fr\/podujatie\/la-fete-de-la-musique-a-bratislava\/\" \/>\n<meta property=\"og:locale\" content=\"fr_FR\" \/>\n<meta property=\"og:type\" content=\"article\" \/>\n<meta property=\"og:title\" content=\"21 juin - La f\u00eate de la musique \u00e0 Bratislava - Franc\u00fazsky in\u0161tit\u00fat na Slovensku\" \/>\n<meta property=\"og:description\" content=\"Une tr\u00e9pidante tradition trouvant des \u00e9chos \u00e0 travers le monde entier ! Sur fond de renouveau culturel apr\u00e8s de longs mois de confinement, l\u2019Institut fran\u00e7ais de Slovaquie est heureux de c\u00e9l\u00e9brer la F\u00eate de la musique entre innovation et tradition. La f\u00eate de la musique 2021 est un renouveau qui correspond au solstice d&rsquo;\u00e9t\u00e9, c\u2019est [&hellip;]\" \/>\n<meta property=\"og:url\" content=\"https:\/\/institutfrancais.sk\/fr\/podujatie\/la-fete-de-la-musique-a-bratislava\/\" \/>\n<meta property=\"og:site_name\" content=\"Franc\u00fazsky in\u0161tit\u00fat na Slovensku\" \/>\n<meta property=\"article:modified_time\" content=\"2021-06-23T13:47:00+00:00\" \/>\n<meta property=\"og:image\" content=\"https:\/\/institutfrancais.sk\/wp-content\/uploads\/2021\/06\/FDLM-web-ok.jpg\" \/>\n\t<meta property=\"og:image:width\" content=\"1920\" \/>\n\t<meta property=\"og:image:height\" content=\"1002\" \/>\n\t<meta property=\"og:image:type\" content=\"image\/jpeg\" \/>\n<meta name=\"twitter:card\" content=\"summary_large_image\" \/>\n<meta name=\"twitter:label1\" content=\"Dur\u00e9e de lecture estim\u00e9e\" \/>\n\t<meta name=\"twitter:data1\" content=\"4 minutes\" \/>\n<script type=\"application\/ld+json\" class=\"yoast-schema-graph\">{\"@context\":\"https:\/\/schema.org\",\"@graph\":[{\"@type\":\"WebPage\",\"@id\":\"https:\/\/institutfrancais.sk\/fr\/podujatie\/la-fete-de-la-musique-a-bratislava\/\",\"url\":\"https:\/\/institutfrancais.sk\/fr\/podujatie\/la-fete-de-la-musique-a-bratislava\/\",\"name\":\"21 juin - La f\u00eate de la musique \u00e0 Bratislava - Franc\u00fazsky in\u0161tit\u00fat na Slovensku\",\"isPartOf\":{\"@id\":\"https:\/\/institutfrancais.sk\/fr\/#website\"},\"primaryImageOfPage\":{\"@id\":\"https:\/\/institutfrancais.sk\/fr\/podujatie\/la-fete-de-la-musique-a-bratislava\/#primaryimage\"},\"image\":{\"@id\":\"https:\/\/institutfrancais.sk\/fr\/podujatie\/la-fete-de-la-musique-a-bratislava\/#primaryimage\"},\"thumbnailUrl\":\"https:\/\/institutfrancais.sk\/wp-content\/uploads\/2021\/06\/FDLM-web-ok.jpg\",\"datePublished\":\"2021-06-15T16:46:04+00:00\",\"dateModified\":\"2021-06-23T13:47:00+00:00\",\"breadcrumb\":{\"@id\":\"https:\/\/institutfrancais.sk\/fr\/podujatie\/la-fete-de-la-musique-a-bratislava\/#breadcrumb\"},\"inLanguage\":\"fr-FR\",\"potentialAction\":[{\"@type\":\"ReadAction\",\"target\":[\"https:\/\/institutfrancais.sk\/fr\/podujatie\/la-fete-de-la-musique-a-bratislava\/\"]}]},{\"@type\":\"ImageObject\",\"inLanguage\":\"fr-FR\",\"@id\":\"https:\/\/institutfrancais.sk\/fr\/podujatie\/la-fete-de-la-musique-a-bratislava\/#primaryimage\",\"url\":\"https:\/\/institutfrancais.sk\/wp-content\/uploads\/2021\/06\/FDLM-web-ok.jpg\",\"contentUrl\":\"https:\/\/institutfrancais.sk\/wp-content\/uploads\/2021\/06\/FDLM-web-ok.jpg\",\"width\":1920,\"height\":1002},{\"@type\":\"BreadcrumbList\",\"@id\":\"https:\/\/institutfrancais.sk\/fr\/podujatie\/la-fete-de-la-musique-a-bratislava\/#breadcrumb\",\"itemListElement\":[{\"@type\":\"ListItem\",\"position\":1,\"name\":\"Home\",\"item\":\"https:\/\/institutfrancais.sk\/fr\/\"},{\"@type\":\"ListItem\",\"position\":2,\"name\":\"Events\",\"item\":\"https:\/\/institutfrancais.sk\/fr\/podujatie\/\"},{\"@type\":\"ListItem\",\"position\":3,\"name\":\"21 juin &#8211;&nbsp;La f\u00eate de la musique \u00e0 Bratislava\"}]},{\"@type\":\"WebSite\",\"@id\":\"https:\/\/institutfrancais.sk\/fr\/#website\",\"url\":\"https:\/\/institutfrancais.sk\/fr\/\",\"name\":\"Franc\u00fazsky in\u0161tit\u00fat na Slovensku\",\"description\":\"Franc\u00fazsky in\u0161tit\u00fat na Slovensku\",\"potentialAction\":[{\"@type\":\"SearchAction\",\"target\":{\"@type\":\"EntryPoint\",\"urlTemplate\":\"https:\/\/institutfrancais.sk\/fr\/?s={search_term_string}\"},\"query-input\":{\"@type\":\"PropertyValueSpecification\",\"valueRequired\":true,\"valueName\":\"search_term_string\"}}],\"inLanguage\":\"fr-FR\"}]}<\/script>\n<!-- \/ Yoast SEO plugin. -->","yoast_head_json":{"title":"21 juin - La f\u00eate de la musique \u00e0 Bratislava - Franc\u00fazsky in\u0161tit\u00fat na Slovensku","robots":{"index":"index","follow":"follow","max-snippet":"max-snippet:-1","max-image-preview":"max-image-preview:large","max-video-preview":"max-video-preview:-1"},"canonical":"https:\/\/institutfrancais.sk\/fr\/podujatie\/la-fete-de-la-musique-a-bratislava\/","og_locale":"fr_FR","og_type":"article","og_title":"21 juin - La f\u00eate de la musique \u00e0 Bratislava - Franc\u00fazsky in\u0161tit\u00fat na Slovensku","og_description":"Une tr\u00e9pidante tradition trouvant des \u00e9chos \u00e0 travers le monde entier ! Sur fond de renouveau culturel apr\u00e8s de longs mois de confinement, l\u2019Institut fran\u00e7ais de Slovaquie est heureux de c\u00e9l\u00e9brer la F\u00eate de la musique entre innovation et tradition. La f\u00eate de la musique 2021 est un renouveau qui correspond au solstice d&rsquo;\u00e9t\u00e9, c\u2019est [&hellip;]","og_url":"https:\/\/institutfrancais.sk\/fr\/podujatie\/la-fete-de-la-musique-a-bratislava\/","og_site_name":"Franc\u00fazsky in\u0161tit\u00fat na Slovensku","article_modified_time":"2021-06-23T13:47:00+00:00","og_image":[{"width":1920,"height":1002,"url":"https:\/\/institutfrancais.sk\/wp-content\/uploads\/2021\/06\/FDLM-web-ok.jpg","type":"image\/jpeg"}],"twitter_card":"summary_large_image","twitter_misc":{"Dur\u00e9e de lecture estim\u00e9e":"4 minutes"},"schema":{"@context":"https:\/\/schema.org","@graph":[{"@type":"WebPage","@id":"https:\/\/institutfrancais.sk\/fr\/podujatie\/la-fete-de-la-musique-a-bratislava\/","url":"https:\/\/institutfrancais.sk\/fr\/podujatie\/la-fete-de-la-musique-a-bratislava\/","name":"21 juin - La f\u00eate de la musique \u00e0 Bratislava - Franc\u00fazsky in\u0161tit\u00fat na Slovensku","isPartOf":{"@id":"https:\/\/institutfrancais.sk\/fr\/#website"},"primaryImageOfPage":{"@id":"https:\/\/institutfrancais.sk\/fr\/podujatie\/la-fete-de-la-musique-a-bratislava\/#primaryimage"},"image":{"@id":"https:\/\/institutfrancais.sk\/fr\/podujatie\/la-fete-de-la-musique-a-bratislava\/#primaryimage"},"thumbnailUrl":"https:\/\/institutfrancais.sk\/wp-content\/uploads\/2021\/06\/FDLM-web-ok.jpg","datePublished":"2021-06-15T16:46:04+00:00","dateModified":"2021-06-23T13:47:00+00:00","breadcrumb":{"@id":"https:\/\/institutfrancais.sk\/fr\/podujatie\/la-fete-de-la-musique-a-bratislava\/#breadcrumb"},"inLanguage":"fr-FR","potentialAction":[{"@type":"ReadAction","target":["https:\/\/institutfrancais.sk\/fr\/podujatie\/la-fete-de-la-musique-a-bratislava\/"]}]},{"@type":"ImageObject","inLanguage":"fr-FR","@id":"https:\/\/institutfrancais.sk\/fr\/podujatie\/la-fete-de-la-musique-a-bratislava\/#primaryimage","url":"https:\/\/institutfrancais.sk\/wp-content\/uploads\/2021\/06\/FDLM-web-ok.jpg","contentUrl":"https:\/\/institutfrancais.sk\/wp-content\/uploads\/2021\/06\/FDLM-web-ok.jpg","width":1920,"height":1002},{"@type":"BreadcrumbList","@id":"https:\/\/institutfrancais.sk\/fr\/podujatie\/la-fete-de-la-musique-a-bratislava\/#breadcrumb","itemListElement":[{"@type":"ListItem","position":1,"name":"Home","item":"https:\/\/institutfrancais.sk\/fr\/"},{"@type":"ListItem","position":2,"name":"Events","item":"https:\/\/institutfrancais.sk\/fr\/podujatie\/"},{"@type":"ListItem","position":3,"name":"21 juin &#8211;&nbsp;La f\u00eate de la musique \u00e0 Bratislava"}]},{"@type":"WebSite","@id":"https:\/\/institutfrancais.sk\/fr\/#website","url":"https:\/\/institutfrancais.sk\/fr\/","name":"Franc\u00fazsky in\u0161tit\u00fat na Slovensku","description":"Franc\u00fazsky in\u0161tit\u00fat na Slovensku","potentialAction":[{"@type":"SearchAction","target":{"@type":"EntryPoint","urlTemplate":"https:\/\/institutfrancais.sk\/fr\/?s={search_term_string}"},"query-input":{"@type":"PropertyValueSpecification","valueRequired":true,"valueName":"search_term_string"}}],"inLanguage":"fr-FR"}]}},"_links":{"self":[{"href":"https:\/\/institutfrancais.sk\/fr\/wp-json\/wp\/v2\/podujatie\/17895"}],"collection":[{"href":"https:\/\/institutfrancais.sk\/fr\/wp-json\/wp\/v2\/podujatie"}],"about":[{"href":"https:\/\/institutfrancais.sk\/fr\/wp-json\/wp\/v2\/types\/podujatie"}],"wp:featuredmedia":[{"embeddable":true,"href":"https:\/\/institutfrancais.sk\/fr\/wp-json\/wp\/v2\/media\/17896"}],"wp:attachment":[{"href":"https:\/\/institutfrancais.sk\/fr\/wp-json\/wp\/v2\/media?parent=17895"}],"wp:term":[{"taxonomy":"typ-podujatia","embeddable":true,"href":"https:\/\/institutfrancais.sk\/fr\/wp-json\/wp\/v2\/typ-podujatia?post=17895"}],"curies":[{"name":"wp","href":"https:\/\/api.w.org\/{rel}","templated":true}]}}