{"id":18212,"date":"2021-07-01T13:52:31","date_gmt":"2021-07-01T11:52:31","guid":{"rendered":"https:\/\/institutfrancais.sk\/?post_type=podujatie&#038;p=18212"},"modified":"2021-07-06T14:53:17","modified_gmt":"2021-07-06T12:53:17","slug":"concert-piazzolla-bernstein-a-kosice-avec-la-trompettiste-francaise-vedette-lucienne-renaudin-vary","status":"publish","type":"podujatie","link":"https:\/\/institutfrancais.sk\/fr\/podujatie\/concert-piazzolla-bernstein-a-kosice-avec-la-trompettiste-francaise-vedette-lucienne-renaudin-vary\/","title":{"rendered":"Concert \u00ab\u00a0Piazzolla \u2013 Bernstein\u00a0\u00bb \u00e0 Ko\u0161ice avec la trompettiste fran\u00e7aise vedette Lucienne Renaudin Vary"},"content":{"rendered":"<div class=\"space md\"><\/div>\n\n\n<h1 class=\"wp-block-heading\">PIAZZOLLA \u2013 BERNSTEIN<\/h1>\n\n\n\n<p><a href=\"http:\/\/www.sfk.sk\/podujatia\/Ko%C5%A1ick%C3%A1%20hudobn%C3%A1%20jar\" target=\"_blank\" rel=\"noreferrer noopener\">Printemps musical de Ko\u0161ice<\/a> | 09.07.2021 | Kas\u00e1rne Kulturpark | 19:00<\/p>\n\n\n\n<p><strong>Concert&nbsp;en plein air<\/strong><\/p>\n\n\n\n<p><strong>Philharmornie de Ko\u0161ice<\/strong><\/p>\n\n\n\n<p><strong>Leo\u0161 SV\u00c1ROVSK\u00dd \u2013<\/strong> direction<\/p>\n\n\n\n<p><strong>Lucienne Renaudin VARY \u2013<\/strong> trompette<\/p>\n\n\n<div class=\"space md\"><\/div>\n\n\n<p>Programme:<\/p>\n\n\n\n<p><em>Astor Piazzolla: Mar\u00eda de Buenos Aires (orch. J\u00e9r\u00f4me Ducros)<\/em><\/p>\n\n\n\n<p><em>Astor Piazzolla: Oblivion (arr. Bob Zimmerman)<\/em><\/p>\n\n\n\n<p><em>Astor Piazzolla: Libertango (arr. Julian Milone)<\/em><\/p>\n\n\n\n<p><em>Leonard Bernstein: Divertimento<\/em><\/p>\n\n\n\n<p><em>Leonard Bernstein: Danses symphoniques de West Side Story<\/em><\/p>\n\n\n\n<p><strong>En cas des intemp\u00e9ries le concert aura lieu le m\u00eame jour \u00e0 Dom umenia de Ko\u0161ice.<\/strong><\/p>\n\n\n\n<hr class=\"wp-block-separator\"\/>\n\n\n\n<p>Entr\u00e9e: 13&nbsp;\u20ac tarif r\u00e9duit: 10&nbsp;\u20ac&nbsp;<\/p>\n\n\n<div class=\"space md\"><\/div>\n\n\n<h2 class=\"wp-block-heading\">L&rsquo;Artiste<\/h2>\n\n\n\n<p>Qualifi\u00e9e de \u00ab&nbsp;F\u00e9e trompette&nbsp;\u00bb par le journal Le Monde, la trompettiste fran\u00e7aise <strong>Lucienne Renaudin Vary<\/strong> est vainqueur de la cat\u00e9gorie \u00ab&nbsp;R\u00e9v\u00e9lation&nbsp;\u00bb aux Victoires de la Musique Classique 2016.&nbsp;<\/p>\n\n\n\n<p>N\u00e9e en 1999, elle d\u00e9bute la trompette au conservatoire du Mans. Elle entre en 2015, au Conservatoire National Sup\u00e9rieur de Musique de Paris en Musique Classique et en 2017, dans le d\u00e9partement Jazz et Musiques improvis\u00e9es.&nbsp;<\/p>\n\n\n\n<p>Artiste Warner Classics, elle sort son premier album &lsquo;The Voice of the trumpet&rsquo;&nbsp;en 2017 avec l\u2019Orchestre National de Lille. Son deuxi\u00e8me album, &lsquo;Mademoiselle in New York&rsquo;, enregistr\u00e9 avec le BBC Concert Orchestra sous la direction de Bill Elliott, sort en Octobre 2019 et re\u00e7oit 4 \u00e9toiles au BBC Music Magazine. Son troisi\u00e8me album, &lsquo;Piazzolla Stories&rsquo;, enregistr\u00e9 avec l&rsquo;Orchestre Philharmonique de Monte Carlo sort en 2021 sous la direction de Sascha Goetzel.<\/p>\n\n\n\n<p>Elle joue dans des salles prestigieuses \u00e0 travers le monde, tels que le Th\u00e9\u00e2tre des Champs \u00c9lys\u00e9es, Concertgebouw, Teatro Colon, Cadogan Hall, Tokyo Opera City, Hanoi Opera House, Cape City Hall&#8230;&nbsp;avec des orchestres comme Netherlands Philharmonic, London Chamber Orchestra, Les si\u00e8cles, Philharmonia Orchestra, Ludwig Orchestra, Luzerner Sinfonieorchester, les Violons du Roy, Orchestre National d&rsquo;Ile de France, Kanazawa Ensemble, Suzhou Symphonyorchester, Kaohsiung Symphony Orchestra&#8230;<\/p>\n\n\n\n<p>Elle collabore avec des chefs de renoms&nbsp;;&nbsp;Vladimir Ashekenazy, Paavo Jarvi, Vladimir Spivakov, Sascha Goetzel, Tugan Sokiev, Francois-Xavier Roth, Elena&nbsp;&nbsp;Schwartz&#8230;&nbsp;dans des festivals internationaux&nbsp;;&nbsp;&nbsp;Rheingau Festival, Cartagena Festival, Gstaad Menuhin Festival, Festival de P\u00e2ques, Annecy Classic Festival, Proms&#8230;<\/p>\n\n\n\n<p>Sa carri\u00e8re est ponctu\u00e9e de tourn\u00e9es comme celle avec l&rsquo;orchestre du Capitole de Toulouse en Am\u00e9rique du Sud avec Bertrand Chamayou et Tugan Sokhiev. Au Japon, avec Nobuyuki Tsuji et Patrick Hahn&#8230;&nbsp;En 2019, elle est la soliste de la tourn\u00e9e Toyota Classics en Asie du Sud-Est avec le London Chamber Orchestra.<\/p>\n\n\n\n<p>En juillet 2020, elle se produit au Concert de Paris et en janvier 2021, une \u00e9mission Culturebox lui est consacr\u00e9e.<\/p>\n\n\n\n<p>Outre le r\u00e9pertoire classique, le jazz est d&rsquo;une grande importance pour Lucienne. A&nbsp;l\u2019\u00e9t\u00e9 2018, elle joue au Festival Jazz in Marciac, en premi\u00e8re partie de Wynton Marsalis et Ibrahim Maalouf et joue r\u00e9guli\u00e8rement des concerts de jazz en France et \u00e0 l\u2019\u00e9tranger.<\/p>\n\n\n\n<p>Lucienne est laur\u00e9ate du prix Arthur Waser 2019, devenant la premi\u00e8re femme \u00e0 recevoir le prix qui r\u00e9compense les jeunes musiciens par la fondation suisse Arthur Waser. En 2020, elle commencera une r\u00e9sidence de 5 ans au Menuhin festival de Gstaad, en Suisse.<\/p>\n\n\n<div class=\"space md\"><\/div>\n\n<\/div><iframe loading=\"lazy\" src=\"https:\/\/www.google.com\/maps\/embed?pb=!1m18!1m12!1m3!1d2632.547590352357!2d21.254329915878078!3d48.71412751880724!2m3!1f0!2f0!3f0!3m2!1i1024!2i768!4f13.1!3m3!1m2!1s0x473ee0721bb5288f%3A0x569849857672457c!2sKas%C3%A1rne%2FKulturpark!5e0!3m2!1sfr!2ssk!4v1625237785520!5m2!1sfr!2ssk\" width=\"100%\" height=\"558\" frameborder=\"0\" class=\"gmap-iframe\" allowfullscreen=\"\"><\/iframe><div class=\"wrap narrow-wrap\">","protected":false},"featured_media":18214,"template":"","typ-podujatia":[51],"acf":[],"yoast_head":"<!-- This site is optimized with the Yoast SEO plugin v24.5 - https:\/\/yoast.com\/wordpress\/plugins\/seo\/ -->\n<title>Concert &quot;Piazzolla \u2013 Bernstein&quot; \u00e0 Ko\u0161ice avec la trompettiste fran\u00e7aise vedette Lucienne Renaudin Vary - Franc\u00fazsky in\u0161tit\u00fat na Slovensku<\/title>\n<meta name=\"robots\" content=\"index, follow, max-snippet:-1, max-image-preview:large, max-video-preview:-1\" \/>\n<link rel=\"canonical\" href=\"https:\/\/institutfrancais.sk\/fr\/podujatie\/concert-piazzolla-bernstein-a-kosice-avec-la-trompettiste-francaise-vedette-lucienne-renaudin-vary\/\" \/>\n<meta property=\"og:locale\" content=\"fr_FR\" \/>\n<meta property=\"og:type\" content=\"article\" \/>\n<meta property=\"og:title\" content=\"Concert &quot;Piazzolla \u2013 Bernstein&quot; \u00e0 Ko\u0161ice avec la trompettiste fran\u00e7aise vedette Lucienne Renaudin Vary - Franc\u00fazsky in\u0161tit\u00fat na Slovensku\" \/>\n<meta property=\"og:description\" content=\"PIAZZOLLA \u2013 BERNSTEIN Printemps musical de Ko\u0161ice | 09.07.2021 | Kas\u00e1rne Kulturpark | 19:00 Concert&nbsp;en plein air Philharmornie de Ko\u0161ice Leo\u0161 SV\u00c1ROVSK\u00dd \u2013 direction Lucienne Renaudin VARY \u2013 trompette Programme: Astor Piazzolla: Mar\u00eda de Buenos Aires (orch. J\u00e9r\u00f4me Ducros) Astor Piazzolla: Oblivion (arr. Bob Zimmerman) Astor Piazzolla: Libertango (arr. Julian Milone) Leonard Bernstein: Divertimento Leonard [&hellip;]\" \/>\n<meta property=\"og:url\" content=\"https:\/\/institutfrancais.sk\/fr\/podujatie\/concert-piazzolla-bernstein-a-kosice-avec-la-trompettiste-francaise-vedette-lucienne-renaudin-vary\/\" \/>\n<meta property=\"og:site_name\" content=\"Franc\u00fazsky in\u0161tit\u00fat na Slovensku\" \/>\n<meta property=\"article:modified_time\" content=\"2021-07-06T12:53:17+00:00\" \/>\n<meta property=\"og:image\" content=\"https:\/\/institutfrancais.sk\/wp-content\/uploads\/2021\/07\/lrv-hd.jpg\" \/>\n\t<meta property=\"og:image:width\" content=\"1702\" \/>\n\t<meta property=\"og:image:height\" content=\"1920\" \/>\n\t<meta property=\"og:image:type\" content=\"image\/jpeg\" \/>\n<meta name=\"twitter:card\" content=\"summary_large_image\" \/>\n<meta name=\"twitter:label1\" content=\"Dur\u00e9e de lecture estim\u00e9e\" \/>\n\t<meta name=\"twitter:data1\" content=\"3 minutes\" \/>\n<script type=\"application\/ld+json\" class=\"yoast-schema-graph\">{\"@context\":\"https:\/\/schema.org\",\"@graph\":[{\"@type\":\"WebPage\",\"@id\":\"https:\/\/institutfrancais.sk\/fr\/podujatie\/concert-piazzolla-bernstein-a-kosice-avec-la-trompettiste-francaise-vedette-lucienne-renaudin-vary\/\",\"url\":\"https:\/\/institutfrancais.sk\/fr\/podujatie\/concert-piazzolla-bernstein-a-kosice-avec-la-trompettiste-francaise-vedette-lucienne-renaudin-vary\/\",\"name\":\"Concert \\\"Piazzolla \u2013 Bernstein\\\" \u00e0 Ko\u0161ice avec la trompettiste fran\u00e7aise vedette Lucienne Renaudin Vary - Franc\u00fazsky in\u0161tit\u00fat na Slovensku\",\"isPartOf\":{\"@id\":\"https:\/\/institutfrancais.sk\/fr\/#website\"},\"primaryImageOfPage\":{\"@id\":\"https:\/\/institutfrancais.sk\/fr\/podujatie\/concert-piazzolla-bernstein-a-kosice-avec-la-trompettiste-francaise-vedette-lucienne-renaudin-vary\/#primaryimage\"},\"image\":{\"@id\":\"https:\/\/institutfrancais.sk\/fr\/podujatie\/concert-piazzolla-bernstein-a-kosice-avec-la-trompettiste-francaise-vedette-lucienne-renaudin-vary\/#primaryimage\"},\"thumbnailUrl\":\"https:\/\/institutfrancais.sk\/wp-content\/uploads\/2021\/07\/lrv-hd.jpg\",\"datePublished\":\"2021-07-01T11:52:31+00:00\",\"dateModified\":\"2021-07-06T12:53:17+00:00\",\"breadcrumb\":{\"@id\":\"https:\/\/institutfrancais.sk\/fr\/podujatie\/concert-piazzolla-bernstein-a-kosice-avec-la-trompettiste-francaise-vedette-lucienne-renaudin-vary\/#breadcrumb\"},\"inLanguage\":\"fr-FR\",\"potentialAction\":[{\"@type\":\"ReadAction\",\"target\":[\"https:\/\/institutfrancais.sk\/fr\/podujatie\/concert-piazzolla-bernstein-a-kosice-avec-la-trompettiste-francaise-vedette-lucienne-renaudin-vary\/\"]}]},{\"@type\":\"ImageObject\",\"inLanguage\":\"fr-FR\",\"@id\":\"https:\/\/institutfrancais.sk\/fr\/podujatie\/concert-piazzolla-bernstein-a-kosice-avec-la-trompettiste-francaise-vedette-lucienne-renaudin-vary\/#primaryimage\",\"url\":\"https:\/\/institutfrancais.sk\/wp-content\/uploads\/2021\/07\/lrv-hd.jpg\",\"contentUrl\":\"https:\/\/institutfrancais.sk\/wp-content\/uploads\/2021\/07\/lrv-hd.jpg\",\"width\":1702,\"height\":1920},{\"@type\":\"BreadcrumbList\",\"@id\":\"https:\/\/institutfrancais.sk\/fr\/podujatie\/concert-piazzolla-bernstein-a-kosice-avec-la-trompettiste-francaise-vedette-lucienne-renaudin-vary\/#breadcrumb\",\"itemListElement\":[{\"@type\":\"ListItem\",\"position\":1,\"name\":\"Home\",\"item\":\"https:\/\/institutfrancais.sk\/fr\/\"},{\"@type\":\"ListItem\",\"position\":2,\"name\":\"Events\",\"item\":\"https:\/\/institutfrancais.sk\/fr\/podujatie\/\"},{\"@type\":\"ListItem\",\"position\":3,\"name\":\"Concert \u00ab\u00a0Piazzolla \u2013 Bernstein\u00a0\u00bb \u00e0 Ko\u0161ice avec la trompettiste fran\u00e7aise vedette Lucienne Renaudin Vary\"}]},{\"@type\":\"WebSite\",\"@id\":\"https:\/\/institutfrancais.sk\/fr\/#website\",\"url\":\"https:\/\/institutfrancais.sk\/fr\/\",\"name\":\"Franc\u00fazsky in\u0161tit\u00fat na Slovensku\",\"description\":\"Franc\u00fazsky in\u0161tit\u00fat na Slovensku\",\"potentialAction\":[{\"@type\":\"SearchAction\",\"target\":{\"@type\":\"EntryPoint\",\"urlTemplate\":\"https:\/\/institutfrancais.sk\/fr\/?s={search_term_string}\"},\"query-input\":{\"@type\":\"PropertyValueSpecification\",\"valueRequired\":true,\"valueName\":\"search_term_string\"}}],\"inLanguage\":\"fr-FR\"}]}<\/script>\n<!-- \/ Yoast SEO plugin. -->","yoast_head_json":{"title":"Concert \"Piazzolla \u2013 Bernstein\" \u00e0 Ko\u0161ice avec la trompettiste fran\u00e7aise vedette Lucienne Renaudin Vary - Franc\u00fazsky in\u0161tit\u00fat na Slovensku","robots":{"index":"index","follow":"follow","max-snippet":"max-snippet:-1","max-image-preview":"max-image-preview:large","max-video-preview":"max-video-preview:-1"},"canonical":"https:\/\/institutfrancais.sk\/fr\/podujatie\/concert-piazzolla-bernstein-a-kosice-avec-la-trompettiste-francaise-vedette-lucienne-renaudin-vary\/","og_locale":"fr_FR","og_type":"article","og_title":"Concert \"Piazzolla \u2013 Bernstein\" \u00e0 Ko\u0161ice avec la trompettiste fran\u00e7aise vedette Lucienne Renaudin Vary - Franc\u00fazsky in\u0161tit\u00fat na Slovensku","og_description":"PIAZZOLLA \u2013 BERNSTEIN Printemps musical de Ko\u0161ice | 09.07.2021 | Kas\u00e1rne Kulturpark | 19:00 Concert&nbsp;en plein air Philharmornie de Ko\u0161ice Leo\u0161 SV\u00c1ROVSK\u00dd \u2013 direction Lucienne Renaudin VARY \u2013 trompette Programme: Astor Piazzolla: Mar\u00eda de Buenos Aires (orch. J\u00e9r\u00f4me Ducros) Astor Piazzolla: Oblivion (arr. Bob Zimmerman) Astor Piazzolla: Libertango (arr. Julian Milone) Leonard Bernstein: Divertimento Leonard [&hellip;]","og_url":"https:\/\/institutfrancais.sk\/fr\/podujatie\/concert-piazzolla-bernstein-a-kosice-avec-la-trompettiste-francaise-vedette-lucienne-renaudin-vary\/","og_site_name":"Franc\u00fazsky in\u0161tit\u00fat na Slovensku","article_modified_time":"2021-07-06T12:53:17+00:00","og_image":[{"width":1702,"height":1920,"url":"https:\/\/institutfrancais.sk\/wp-content\/uploads\/2021\/07\/lrv-hd.jpg","type":"image\/jpeg"}],"twitter_card":"summary_large_image","twitter_misc":{"Dur\u00e9e de lecture estim\u00e9e":"3 minutes"},"schema":{"@context":"https:\/\/schema.org","@graph":[{"@type":"WebPage","@id":"https:\/\/institutfrancais.sk\/fr\/podujatie\/concert-piazzolla-bernstein-a-kosice-avec-la-trompettiste-francaise-vedette-lucienne-renaudin-vary\/","url":"https:\/\/institutfrancais.sk\/fr\/podujatie\/concert-piazzolla-bernstein-a-kosice-avec-la-trompettiste-francaise-vedette-lucienne-renaudin-vary\/","name":"Concert \"Piazzolla \u2013 Bernstein\" \u00e0 Ko\u0161ice avec la trompettiste fran\u00e7aise vedette Lucienne Renaudin Vary - Franc\u00fazsky in\u0161tit\u00fat na Slovensku","isPartOf":{"@id":"https:\/\/institutfrancais.sk\/fr\/#website"},"primaryImageOfPage":{"@id":"https:\/\/institutfrancais.sk\/fr\/podujatie\/concert-piazzolla-bernstein-a-kosice-avec-la-trompettiste-francaise-vedette-lucienne-renaudin-vary\/#primaryimage"},"image":{"@id":"https:\/\/institutfrancais.sk\/fr\/podujatie\/concert-piazzolla-bernstein-a-kosice-avec-la-trompettiste-francaise-vedette-lucienne-renaudin-vary\/#primaryimage"},"thumbnailUrl":"https:\/\/institutfrancais.sk\/wp-content\/uploads\/2021\/07\/lrv-hd.jpg","datePublished":"2021-07-01T11:52:31+00:00","dateModified":"2021-07-06T12:53:17+00:00","breadcrumb":{"@id":"https:\/\/institutfrancais.sk\/fr\/podujatie\/concert-piazzolla-bernstein-a-kosice-avec-la-trompettiste-francaise-vedette-lucienne-renaudin-vary\/#breadcrumb"},"inLanguage":"fr-FR","potentialAction":[{"@type":"ReadAction","target":["https:\/\/institutfrancais.sk\/fr\/podujatie\/concert-piazzolla-bernstein-a-kosice-avec-la-trompettiste-francaise-vedette-lucienne-renaudin-vary\/"]}]},{"@type":"ImageObject","inLanguage":"fr-FR","@id":"https:\/\/institutfrancais.sk\/fr\/podujatie\/concert-piazzolla-bernstein-a-kosice-avec-la-trompettiste-francaise-vedette-lucienne-renaudin-vary\/#primaryimage","url":"https:\/\/institutfrancais.sk\/wp-content\/uploads\/2021\/07\/lrv-hd.jpg","contentUrl":"https:\/\/institutfrancais.sk\/wp-content\/uploads\/2021\/07\/lrv-hd.jpg","width":1702,"height":1920},{"@type":"BreadcrumbList","@id":"https:\/\/institutfrancais.sk\/fr\/podujatie\/concert-piazzolla-bernstein-a-kosice-avec-la-trompettiste-francaise-vedette-lucienne-renaudin-vary\/#breadcrumb","itemListElement":[{"@type":"ListItem","position":1,"name":"Home","item":"https:\/\/institutfrancais.sk\/fr\/"},{"@type":"ListItem","position":2,"name":"Events","item":"https:\/\/institutfrancais.sk\/fr\/podujatie\/"},{"@type":"ListItem","position":3,"name":"Concert \u00ab\u00a0Piazzolla \u2013 Bernstein\u00a0\u00bb \u00e0 Ko\u0161ice avec la trompettiste fran\u00e7aise vedette Lucienne Renaudin Vary"}]},{"@type":"WebSite","@id":"https:\/\/institutfrancais.sk\/fr\/#website","url":"https:\/\/institutfrancais.sk\/fr\/","name":"Franc\u00fazsky in\u0161tit\u00fat na Slovensku","description":"Franc\u00fazsky in\u0161tit\u00fat na Slovensku","potentialAction":[{"@type":"SearchAction","target":{"@type":"EntryPoint","urlTemplate":"https:\/\/institutfrancais.sk\/fr\/?s={search_term_string}"},"query-input":{"@type":"PropertyValueSpecification","valueRequired":true,"valueName":"search_term_string"}}],"inLanguage":"fr-FR"}]}},"_links":{"self":[{"href":"https:\/\/institutfrancais.sk\/fr\/wp-json\/wp\/v2\/podujatie\/18212"}],"collection":[{"href":"https:\/\/institutfrancais.sk\/fr\/wp-json\/wp\/v2\/podujatie"}],"about":[{"href":"https:\/\/institutfrancais.sk\/fr\/wp-json\/wp\/v2\/types\/podujatie"}],"wp:featuredmedia":[{"embeddable":true,"href":"https:\/\/institutfrancais.sk\/fr\/wp-json\/wp\/v2\/media\/18214"}],"wp:attachment":[{"href":"https:\/\/institutfrancais.sk\/fr\/wp-json\/wp\/v2\/media?parent=18212"}],"wp:term":[{"taxonomy":"typ-podujatia","embeddable":true,"href":"https:\/\/institutfrancais.sk\/fr\/wp-json\/wp\/v2\/typ-podujatia?post=18212"}],"curies":[{"name":"wp","href":"https:\/\/api.w.org\/{rel}","templated":true}]}}