{"id":18529,"date":"2021-07-20T19:14:41","date_gmt":"2021-07-20T17:14:41","guid":{"rendered":"https:\/\/institutfrancais.sk\/podujatie\/organovy-recital-oliviera-latryho-v-kosiciach\/"},"modified":"2021-07-21T11:28:54","modified_gmt":"2021-07-21T09:28:54","slug":"organovy-recital-oliviera-latryho-v-kosiciach","status":"publish","type":"podujatie","link":"https:\/\/institutfrancais.sk\/fr\/podujatie\/organovy-recital-oliviera-latryho-v-kosiciach\/","title":{"rendered":"R\u00e9cital d&rsquo;orgue d&rsquo;Olivier Latry \u00e0 Ko\u0161ice"},"content":{"rendered":"\n<h2 class=\"wp-block-heading\">Programme<\/h2>\n\n\n\n<p><em>Johann Sebastian Bach: Prelude et Fugue en mi b\u00e9mol majeur, BWV 552<\/em><\/p>\n\n\n\n<p><em>Johann Sebastian Bach: Chorale \u201eAn Wasserfl\u0171ssen Babylon\u201c, BWV 653<\/em><\/p>\n\n\n\n<p><em>Johann Sebastian Bach\/Charles-Marie Widor: \u201eMattheus final\u201c de l&rsquo;oeuvre \u201eMemento Bach\u201c<\/em><\/p>\n\n\n\n<p><em>Franz Liszt\/Camille Saint-Sa\u00ebns:&nbsp;&nbsp;L\u00e9gende n. 1: \u201eSt. Fran\u00e7ois d&rsquo;Assise: La pr\u00e9dication aux oiseaux\u201c<\/em><\/p>\n\n\n\n<p><em>Louis Vierne: Pieces de Fantaisie, deuxi\u00e8me suite, op. 53<\/em><\/p>\n\n\n\n<p><em>Olivier Latry: Improvisation<\/em><\/p>\n\n\n<div class=\"space sm\"><\/div>\n\n\n<p>Tarif : 13&nbsp;\u20ac r\u00e9duit : 10&nbsp;\u20ac<\/p>\n\n\n<div class=\"space sm\"><\/div>\n\n<div class=\"text-center\"><a href=\"https:\/\/www.navstevnik.sk\/vyber-vstupeniek?eventId=1034157\" class=\"btn\" target=\"blank\" rel=\"noreferrer noopener\">Entr\u00e9e<\/a><\/div>\n\n<div class=\"space md\"><\/div>","protected":false},"featured_media":18527,"template":"","typ-podujatia":[51],"acf":[],"yoast_head":"<!-- This site is optimized with the Yoast SEO plugin v24.5 - https:\/\/yoast.com\/wordpress\/plugins\/seo\/ -->\n<title>R\u00e9cital d&#039;orgue d&#039;Olivier Latry \u00e0 Ko\u0161ice - Franc\u00fazsky in\u0161tit\u00fat na Slovensku<\/title>\n<meta name=\"robots\" content=\"index, follow, max-snippet:-1, max-image-preview:large, max-video-preview:-1\" \/>\n<link rel=\"canonical\" href=\"https:\/\/institutfrancais.sk\/fr\/podujatie\/organovy-recital-oliviera-latryho-v-kosiciach\/\" \/>\n<meta property=\"og:locale\" content=\"fr_FR\" \/>\n<meta property=\"og:type\" content=\"article\" \/>\n<meta property=\"og:title\" content=\"R\u00e9cital d&#039;orgue d&#039;Olivier Latry \u00e0 Ko\u0161ice - Franc\u00fazsky in\u0161tit\u00fat na Slovensku\" \/>\n<meta property=\"og:description\" content=\"Programme Johann Sebastian Bach: Prelude et Fugue en mi b\u00e9mol majeur, BWV 552 Johann Sebastian Bach: Chorale \u201eAn Wasserfl\u0171ssen Babylon\u201c, BWV 653 Johann Sebastian Bach\/Charles-Marie Widor: \u201eMattheus final\u201c de l&rsquo;oeuvre \u201eMemento Bach\u201c Franz Liszt\/Camille Saint-Sa\u00ebns:&nbsp;&nbsp;L\u00e9gende n. 1: \u201eSt. Fran\u00e7ois d&rsquo;Assise: La pr\u00e9dication aux oiseaux\u201c Louis Vierne: Pieces de Fantaisie, deuxi\u00e8me suite, op. 53 Olivier Latry: [&hellip;]\" \/>\n<meta property=\"og:url\" content=\"https:\/\/institutfrancais.sk\/fr\/podujatie\/organovy-recital-oliviera-latryho-v-kosiciach\/\" \/>\n<meta property=\"og:site_name\" content=\"Franc\u00fazsky in\u0161tit\u00fat na Slovensku\" \/>\n<meta property=\"article:modified_time\" content=\"2021-07-21T09:28:54+00:00\" \/>\n<meta property=\"og:image\" content=\"https:\/\/institutfrancais.sk\/wp-content\/uploads\/2021\/07\/48845664518_9f19bab02d_b.jpg\" \/>\n\t<meta property=\"og:image:width\" content=\"1024\" \/>\n\t<meta property=\"og:image:height\" content=\"683\" \/>\n\t<meta property=\"og:image:type\" content=\"image\/jpeg\" \/>\n<meta name=\"twitter:card\" content=\"summary_large_image\" \/>\n<meta name=\"twitter:label1\" content=\"Dur\u00e9e de lecture estim\u00e9e\" \/>\n\t<meta name=\"twitter:data1\" content=\"1 minute\" \/>\n<script type=\"application\/ld+json\" class=\"yoast-schema-graph\">{\"@context\":\"https:\/\/schema.org\",\"@graph\":[{\"@type\":\"WebPage\",\"@id\":\"https:\/\/institutfrancais.sk\/fr\/podujatie\/organovy-recital-oliviera-latryho-v-kosiciach\/\",\"url\":\"https:\/\/institutfrancais.sk\/fr\/podujatie\/organovy-recital-oliviera-latryho-v-kosiciach\/\",\"name\":\"R\u00e9cital d'orgue d'Olivier Latry \u00e0 Ko\u0161ice - Franc\u00fazsky in\u0161tit\u00fat na Slovensku\",\"isPartOf\":{\"@id\":\"https:\/\/institutfrancais.sk\/fr\/#website\"},\"primaryImageOfPage\":{\"@id\":\"https:\/\/institutfrancais.sk\/fr\/podujatie\/organovy-recital-oliviera-latryho-v-kosiciach\/#primaryimage\"},\"image\":{\"@id\":\"https:\/\/institutfrancais.sk\/fr\/podujatie\/organovy-recital-oliviera-latryho-v-kosiciach\/#primaryimage\"},\"thumbnailUrl\":\"https:\/\/institutfrancais.sk\/wp-content\/uploads\/2021\/07\/48845664518_9f19bab02d_b.jpg\",\"datePublished\":\"2021-07-20T17:14:41+00:00\",\"dateModified\":\"2021-07-21T09:28:54+00:00\",\"breadcrumb\":{\"@id\":\"https:\/\/institutfrancais.sk\/fr\/podujatie\/organovy-recital-oliviera-latryho-v-kosiciach\/#breadcrumb\"},\"inLanguage\":\"fr-FR\",\"potentialAction\":[{\"@type\":\"ReadAction\",\"target\":[\"https:\/\/institutfrancais.sk\/fr\/podujatie\/organovy-recital-oliviera-latryho-v-kosiciach\/\"]}]},{\"@type\":\"ImageObject\",\"inLanguage\":\"fr-FR\",\"@id\":\"https:\/\/institutfrancais.sk\/fr\/podujatie\/organovy-recital-oliviera-latryho-v-kosiciach\/#primaryimage\",\"url\":\"https:\/\/institutfrancais.sk\/wp-content\/uploads\/2021\/07\/48845664518_9f19bab02d_b.jpg\",\"contentUrl\":\"https:\/\/institutfrancais.sk\/wp-content\/uploads\/2021\/07\/48845664518_9f19bab02d_b.jpg\",\"width\":1024,\"height\":683},{\"@type\":\"BreadcrumbList\",\"@id\":\"https:\/\/institutfrancais.sk\/fr\/podujatie\/organovy-recital-oliviera-latryho-v-kosiciach\/#breadcrumb\",\"itemListElement\":[{\"@type\":\"ListItem\",\"position\":1,\"name\":\"Home\",\"item\":\"https:\/\/institutfrancais.sk\/fr\/\"},{\"@type\":\"ListItem\",\"position\":2,\"name\":\"Events\",\"item\":\"https:\/\/institutfrancais.sk\/fr\/podujatie\/\"},{\"@type\":\"ListItem\",\"position\":3,\"name\":\"R\u00e9cital d&rsquo;orgue d&rsquo;Olivier Latry \u00e0 Ko\u0161ice\"}]},{\"@type\":\"WebSite\",\"@id\":\"https:\/\/institutfrancais.sk\/fr\/#website\",\"url\":\"https:\/\/institutfrancais.sk\/fr\/\",\"name\":\"Franc\u00fazsky in\u0161tit\u00fat na Slovensku\",\"description\":\"Franc\u00fazsky in\u0161tit\u00fat na Slovensku\",\"potentialAction\":[{\"@type\":\"SearchAction\",\"target\":{\"@type\":\"EntryPoint\",\"urlTemplate\":\"https:\/\/institutfrancais.sk\/fr\/?s={search_term_string}\"},\"query-input\":{\"@type\":\"PropertyValueSpecification\",\"valueRequired\":true,\"valueName\":\"search_term_string\"}}],\"inLanguage\":\"fr-FR\"}]}<\/script>\n<!-- \/ Yoast SEO plugin. -->","yoast_head_json":{"title":"R\u00e9cital d'orgue d'Olivier Latry \u00e0 Ko\u0161ice - Franc\u00fazsky in\u0161tit\u00fat na Slovensku","robots":{"index":"index","follow":"follow","max-snippet":"max-snippet:-1","max-image-preview":"max-image-preview:large","max-video-preview":"max-video-preview:-1"},"canonical":"https:\/\/institutfrancais.sk\/fr\/podujatie\/organovy-recital-oliviera-latryho-v-kosiciach\/","og_locale":"fr_FR","og_type":"article","og_title":"R\u00e9cital d'orgue d'Olivier Latry \u00e0 Ko\u0161ice - Franc\u00fazsky in\u0161tit\u00fat na Slovensku","og_description":"Programme Johann Sebastian Bach: Prelude et Fugue en mi b\u00e9mol majeur, BWV 552 Johann Sebastian Bach: Chorale \u201eAn Wasserfl\u0171ssen Babylon\u201c, BWV 653 Johann Sebastian Bach\/Charles-Marie Widor: \u201eMattheus final\u201c de l&rsquo;oeuvre \u201eMemento Bach\u201c Franz Liszt\/Camille Saint-Sa\u00ebns:&nbsp;&nbsp;L\u00e9gende n. 1: \u201eSt. Fran\u00e7ois d&rsquo;Assise: La pr\u00e9dication aux oiseaux\u201c Louis Vierne: Pieces de Fantaisie, deuxi\u00e8me suite, op. 53 Olivier Latry: [&hellip;]","og_url":"https:\/\/institutfrancais.sk\/fr\/podujatie\/organovy-recital-oliviera-latryho-v-kosiciach\/","og_site_name":"Franc\u00fazsky in\u0161tit\u00fat na Slovensku","article_modified_time":"2021-07-21T09:28:54+00:00","og_image":[{"width":1024,"height":683,"url":"https:\/\/institutfrancais.sk\/wp-content\/uploads\/2021\/07\/48845664518_9f19bab02d_b.jpg","type":"image\/jpeg"}],"twitter_card":"summary_large_image","twitter_misc":{"Dur\u00e9e de lecture estim\u00e9e":"1 minute"},"schema":{"@context":"https:\/\/schema.org","@graph":[{"@type":"WebPage","@id":"https:\/\/institutfrancais.sk\/fr\/podujatie\/organovy-recital-oliviera-latryho-v-kosiciach\/","url":"https:\/\/institutfrancais.sk\/fr\/podujatie\/organovy-recital-oliviera-latryho-v-kosiciach\/","name":"R\u00e9cital d'orgue d'Olivier Latry \u00e0 Ko\u0161ice - Franc\u00fazsky in\u0161tit\u00fat na Slovensku","isPartOf":{"@id":"https:\/\/institutfrancais.sk\/fr\/#website"},"primaryImageOfPage":{"@id":"https:\/\/institutfrancais.sk\/fr\/podujatie\/organovy-recital-oliviera-latryho-v-kosiciach\/#primaryimage"},"image":{"@id":"https:\/\/institutfrancais.sk\/fr\/podujatie\/organovy-recital-oliviera-latryho-v-kosiciach\/#primaryimage"},"thumbnailUrl":"https:\/\/institutfrancais.sk\/wp-content\/uploads\/2021\/07\/48845664518_9f19bab02d_b.jpg","datePublished":"2021-07-20T17:14:41+00:00","dateModified":"2021-07-21T09:28:54+00:00","breadcrumb":{"@id":"https:\/\/institutfrancais.sk\/fr\/podujatie\/organovy-recital-oliviera-latryho-v-kosiciach\/#breadcrumb"},"inLanguage":"fr-FR","potentialAction":[{"@type":"ReadAction","target":["https:\/\/institutfrancais.sk\/fr\/podujatie\/organovy-recital-oliviera-latryho-v-kosiciach\/"]}]},{"@type":"ImageObject","inLanguage":"fr-FR","@id":"https:\/\/institutfrancais.sk\/fr\/podujatie\/organovy-recital-oliviera-latryho-v-kosiciach\/#primaryimage","url":"https:\/\/institutfrancais.sk\/wp-content\/uploads\/2021\/07\/48845664518_9f19bab02d_b.jpg","contentUrl":"https:\/\/institutfrancais.sk\/wp-content\/uploads\/2021\/07\/48845664518_9f19bab02d_b.jpg","width":1024,"height":683},{"@type":"BreadcrumbList","@id":"https:\/\/institutfrancais.sk\/fr\/podujatie\/organovy-recital-oliviera-latryho-v-kosiciach\/#breadcrumb","itemListElement":[{"@type":"ListItem","position":1,"name":"Home","item":"https:\/\/institutfrancais.sk\/fr\/"},{"@type":"ListItem","position":2,"name":"Events","item":"https:\/\/institutfrancais.sk\/fr\/podujatie\/"},{"@type":"ListItem","position":3,"name":"R\u00e9cital d&rsquo;orgue d&rsquo;Olivier Latry \u00e0 Ko\u0161ice"}]},{"@type":"WebSite","@id":"https:\/\/institutfrancais.sk\/fr\/#website","url":"https:\/\/institutfrancais.sk\/fr\/","name":"Franc\u00fazsky in\u0161tit\u00fat na Slovensku","description":"Franc\u00fazsky in\u0161tit\u00fat na Slovensku","potentialAction":[{"@type":"SearchAction","target":{"@type":"EntryPoint","urlTemplate":"https:\/\/institutfrancais.sk\/fr\/?s={search_term_string}"},"query-input":{"@type":"PropertyValueSpecification","valueRequired":true,"valueName":"search_term_string"}}],"inLanguage":"fr-FR"}]}},"_links":{"self":[{"href":"https:\/\/institutfrancais.sk\/fr\/wp-json\/wp\/v2\/podujatie\/18529"}],"collection":[{"href":"https:\/\/institutfrancais.sk\/fr\/wp-json\/wp\/v2\/podujatie"}],"about":[{"href":"https:\/\/institutfrancais.sk\/fr\/wp-json\/wp\/v2\/types\/podujatie"}],"wp:featuredmedia":[{"embeddable":true,"href":"https:\/\/institutfrancais.sk\/fr\/wp-json\/wp\/v2\/media\/18527"}],"wp:attachment":[{"href":"https:\/\/institutfrancais.sk\/fr\/wp-json\/wp\/v2\/media?parent=18529"}],"wp:term":[{"taxonomy":"typ-podujatia","embeddable":true,"href":"https:\/\/institutfrancais.sk\/fr\/wp-json\/wp\/v2\/typ-podujatia?post=18529"}],"curies":[{"name":"wp","href":"https:\/\/api.w.org\/{rel}","templated":true}]}}