{"id":18682,"date":"2021-08-19T08:59:12","date_gmt":"2021-08-19T06:59:12","guid":{"rendered":"https:\/\/institutfrancais.sk\/?post_type=podujatie&#038;p=18682"},"modified":"2021-08-20T14:11:20","modified_gmt":"2021-08-20T12:11:20","slug":"agrarianismes-potentiels-y-aura-t-il-du-sucre-meme-apres-la-revolution-la-ferme-des-animaux","status":"publish","type":"podujatie","link":"https:\/\/institutfrancais.sk\/fr\/podujatie\/agrarianismes-potentiels-y-aura-t-il-du-sucre-meme-apres-la-revolution-la-ferme-des-animaux\/","title":{"rendered":"Agrarianismes potentiels : \u00ab\u00a0Y aura-t-il du sucre m\u00eame apr\u00e8s la r\u00e9volution ?\u00a0\u00bb (La ferme des animaux)"},"content":{"rendered":"\n<p>Le programme de l\u2019exposition retient les oeuvres des artistes suivants : Melanie Bonajo (NL), Gerard Ortin Castellv\u00ed (ES), Anetta Mona Chi\u015fa (SK), Annalee Davis (BB), Ferenc Gr\u00f3f avec <strong>Jean-Baptiste Naudy (FR)<\/strong>, Oto Hudec (SK), Marzia Migliora (IT), MyVillages (UK), Ilona N\u00e9meth (SK), Uriel Orlow (CH), Prabhakar Pachpute (IN), Alicja Rogalska (PL). Commissaires : Maja et Reuben Fowkes.<\/p>\n\n\n<div class=\"space md\"><\/div>\n\n\n<h2 class=\"wp-block-heading\"><strong>\u00c0 propos <\/strong><strong>de l\u2019exposition<\/strong><\/h2>\n\n\n\n<p>Le but de l&rsquo;exposition <strong>Potential Agrarianisms (Agrarianismes potentiels)<\/strong> est de diversifier l&rsquo;agriculture et de pluraliser son histoire, de restaurer le pass\u00e9 paysan refoul\u00e9 et d&rsquo;\u00e9veiller ses possibilit\u00e9s non r\u00e9alis\u00e9es, de rompre la dichotomie entre l&rsquo;urbain et le rural, de corriger l&rsquo;ali\u00e9nation au monde naturel et de restaurer une relation bienveillante et r\u00e9ciproque avec le sol et plantes qui nous nourrissent.<\/p>\n\n\n\n<p>L&rsquo;\u00e9v\u00e9nement explore des alternatives au syst\u00e8me mondialis\u00e9 d&rsquo;agriculture industrielle, qui est bas\u00e9 sur une recette brevet\u00e9e d&rsquo;additifs chimiques, de pesticides nocifs et de semences g\u00e9n\u00e9tiquement modifi\u00e9es cultiv\u00e9es intensivement par des machines \u00e0 combustibles fossiles. En m\u00eame temps, il r\u00e9v\u00e8le ses origines dans les plantations coloniales et ses racines dans le capitalisme minier. La red\u00e9couverte et la remise en cause d&rsquo;une attitude consciente envers le sol remet en cause l&rsquo;expansion incessante de l&rsquo;agriculture intensive, qui promettait une nouvelle \u00e8re d&rsquo;abondance mais l&rsquo;\u00e9puisement de la vitalit\u00e9 naturelle du sol, en mena\u00e7ant la biodiversit\u00e9 et en contribuant au changement climatique, il sape d\u00e9sormais ses propres objectifs. Sur la base de perspectives f\u00e9ministes, post-socialistes, noires, indig\u00e8nes et surhumaines, les artistes de cette exposition proposent des r\u00e9formes agraires visant \u00e0 la r\u00e9paration et \u00e0 l&rsquo;avenir, pour parvenir \u00e0 un changement social et \u00e9cologique juste.<\/p>\n\n\n\n<p>L&rsquo;ampleur plan\u00e9taire de la transformation des m\u00e9thodes agricoles et de la vie rurale depuis la colonisation de l&rsquo;Am\u00e9rique et l&rsquo;av\u00e8nement de l&rsquo;industrie moderne est symbolis\u00e9e par les trajectoires parall\u00e8les de la canne \u00e0 sucre et de la betterave \u00e0 sucre, dont l&rsquo;histoire potentielle est r\u00e9activ\u00e9e par les artistes de l&rsquo;exposition. Le constat de la th\u00e9oricienne d\u00e9coloniste Ariella A\u00efshy Azoulay que \u00ab l&rsquo;histoire potentielle ne corrige pas les mondes touch\u00e9s par la violence, mais remonte \u00e0 l&rsquo;instant d&rsquo;avant la violence et vient de l\u00e0 \u00bb, t\u00e9moigne \u00e9galement des probl\u00e8mes sociaux et environnementaux imbriqu\u00e9s du pays.<\/p>\n\n\n\n<p>Les artistes de l&rsquo;exposition remontent jusqu\u2019\u00e0 la p\u00e9riode pr\u00e9c\u00e9dant les plantations en monoculture, avant la rupture de la mosa\u00efque de petites fermes biologiques, rupture qui a&nbsp;effac\u00e9 des si\u00e8cles de connaissances sur les plantes et avant m\u00eame que le ma\u00efs g\u00e9n\u00e9tiquement modifi\u00e9 ne remplace les vari\u00e9t\u00e9s cultiv\u00e9es par les premi\u00e8res nations. <\/p>\n\n\n<div class=\"space md\"><\/div>\n\n\n<h4 class=\"wp-block-heading\">Ils veulent indiquer qu&rsquo;une autre voie agraire \u00e9tait et est encore possible.<\/h4>\n\n\n\n<p>Ces pratiques artistiques sugg\u00e8rent que pour cr\u00e9er des actions correctives, il est n\u00e9cessaire de comprendre la complexit\u00e9 et l&rsquo;interd\u00e9pendance des efforts agraires, dans lesquels tous les \u00eatres terrestres sont en jeu, la prosp\u00e9rit\u00e9 des plantes, la vitalit\u00e9 des sols et le bien-\u00eatre de la Terre.<\/p>\n\n\n\n<p>Un autre courant qui traverse l&rsquo;exposition est la prise de conscience que l&rsquo;histoire potentielle de la transformation en Europe de l&rsquo;Est apr\u00e8s 1989 a&nbsp;peut-\u00eatre eu un cours diff\u00e9rent.<\/p>\n\n\n\n<p>C&rsquo;est le r\u00e9sultat d&rsquo;une recherche collaborative et d&rsquo;un projet \u00e9ditorial d&rsquo;Ilona N\u00e9meth,&nbsp;&nbsp;Eastern Sugar , qui a&nbsp;soulign\u00e9 la disparition de l&rsquo;industrie sucri\u00e8re dans la r\u00e9gion en raison de la marchandisation n\u00e9olib\u00e9rale et de l&rsquo;opportunisme financier.<\/p>\n\n\n\n<p>Sur la base de l&rsquo;histoire r\u00e9volutionnaire significative de la r\u00e9gion et de la r\u00e9activation de son h\u00e9ritage encourageant de soul\u00e8vements paysans, les agrarianismes potentiels indiquent une convergence avec de nombreuses formes de r\u00e9volution n\u00e9cessaires pour faire face \u00e0 la crise environnementale, dans laquelle l&rsquo;agriculture intensive a&nbsp;un r\u00f4le inali\u00e9nable.<\/p>\n\n\n<div class=\"space xs\"><\/div>\n\n\n<h4 class=\"wp-block-heading\">Dans l&rsquo;attente que \u00ab\u00a0la r\u00e9volution arrive\u00a0\u00bb, les protagonistes de la&nbsp;&nbsp;Ferme des animaux se demandent : \u00ab Y aura-t-il encore du sucre apr\u00e8s la r\u00e9volution ?\u00bb, r\u00e9v\u00e9lant la tension entre l&rsquo;anxi\u00e9t\u00e9 existentielle face \u00e0 l&rsquo;avenir \u00e0 venir et la volont\u00e9 de changer.<\/h4>\n\n\n<div class=\"space xs\"><\/div>\n\n\n<p>Evenement co-financ\u00e9 par le programme Europe Creative de l\u2019Union Europ\u00e9enne<\/p>\n\n\n\n<p class=\"has-text-align-right\"><em>Maja et Ruben Fowkes<\/em><\/p>\n\n\n<div class=\"space md\"><\/div>\n\n\n<h2 class=\"wp-block-heading\">A propos des artistes&nbsp;: Ferenc Gr\u00f3f avec Jean-Baptiste Naudy<\/h2>\n\n\n\n<p><strong><a href=\"http:\/\/www.societerealiste.net\/\" target=\"_blank\" rel=\"noreferrer noopener\">Soci\u00e9t\u00e9 R\u00e9aliste<\/a><\/strong>, est une \u00ab coop\u00e9rative parisienne de production artistique \u00bb constitu\u00e9e de Ferenc Gr\u00f3f et Jean Baptiste Naudy cr\u00e9\u00e9e en 2004. Ils explorent les r\u00e9cits de l\u2019histoire, l\u2019\u00e9conomie, l\u2019architecture. Ils r\u00e9alisent des cartographies, typographies, photographies en menant toujours une r\u00e9flexion autour des politiques de la repr\u00e9sentation.<\/p>\n\n\n\n<p>Le travail de Soci\u00e9t\u00e9 R\u00e9aliste a&nbsp;\u00e9t\u00e9 pr\u00e9sent\u00e9 dans de nombreuses expositions en France, \u00e0 la Biennale de Lyon en 2009, au Jeu de Paume (leur solo show \u00a0\u00bb Empire, State, Building \u00ab\u00a0) en 2011, et \u00e0 la Fondation Kadist, mais aussi dans de nombreuses expositions&nbsp;: Budapest en 2012, Bucarest en 2011, au Wroclaw Contemporary Museum en 2012, au Dunaujvaros Institute of Contemporary Art en 2012, au Sheila C. Johnson Desing Center \u00e0 New York en 2012, au Leon MUSAC en 2012, au TOP Contemporary Art Center \u00e0 Shanghai en 2011, au University of Maryland Baltimore Center for Art, Design, and Visual Culture, \u00e0 la Fondazione Pistoletto \u00e0 Biella en 2010, etc.<\/p>\n\n\n<div class=\"space md\"><\/div>\n\n\n<h2 class=\"wp-block-heading\">Liens utiles<\/h2>\n\n\n<a href=\"https:\/\/www.easternsugar.eu\/\" class=\"btn\" target=\"blank\" rel=\"noreferrer noopener\">Eastern Sugar<\/a>\n\n<a href=\"https:\/\/kunsthallebratislava.sk\/event\/potencialne-agrarizmy\" class=\"btn\" target=\"blank\" rel=\"noreferrer noopener\">Kunsthalle Bratislava<\/a>\n\n<a href=\"http:\/\/www.societerealiste.net\/\" class=\"btn\" target=\"blank\" rel=\"noreferrer noopener\">Soci\u00e9t\u00e9 R\u00e9aliste<\/a>\n\n<div class=\"space md\"><\/div>\n\n<\/div><iframe loading=\"lazy\" src=\"https:\/\/www.google.com\/maps\/embed?pb=!1m18!1m12!1m3!1d2662.174526161426!2d17.109358015818383!3d48.145440458592006!2m3!1f0!2f0!3f0!3m2!1i1024!2i768!4f13.1!3m3!1m2!1s0x476c8943793eaaf1%3A0x2222883d6b39624a!2sKunsthalle%20Bratislava!5e0!3m2!1ssk!2ssk!4v1627052308408!5m2!1ssk!2ssk\" width=\"100%\" height=\"558\" frameborder=\"0\" class=\"gmap-iframe\" allowfullscreen=\"\"><\/iframe><div class=\"wrap narrow-wrap\">","protected":false},"featured_media":18683,"template":"","typ-podujatia":[56],"acf":[],"yoast_head":"<!-- This site is optimized with the Yoast SEO plugin v24.5 - https:\/\/yoast.com\/wordpress\/plugins\/seo\/ -->\n<title>Agrarianismes potentiels : &quot;Y aura-t-il du sucre m\u00eame apr\u00e8s la r\u00e9volution ?&quot; (La ferme des animaux) - Franc\u00fazsky in\u0161tit\u00fat na Slovensku<\/title>\n<meta name=\"robots\" content=\"index, follow, max-snippet:-1, max-image-preview:large, max-video-preview:-1\" \/>\n<link rel=\"canonical\" href=\"https:\/\/institutfrancais.sk\/fr\/podujatie\/agrarianismes-potentiels-y-aura-t-il-du-sucre-meme-apres-la-revolution-la-ferme-des-animaux\/\" \/>\n<meta property=\"og:locale\" content=\"fr_FR\" \/>\n<meta property=\"og:type\" content=\"article\" \/>\n<meta property=\"og:title\" content=\"Agrarianismes potentiels : &quot;Y aura-t-il du sucre m\u00eame apr\u00e8s la r\u00e9volution ?&quot; (La ferme des animaux) - Franc\u00fazsky in\u0161tit\u00fat na Slovensku\" \/>\n<meta property=\"og:description\" content=\"Le programme de l\u2019exposition retient les oeuvres des artistes suivants : Melanie Bonajo (NL), Gerard Ortin Castellv\u00ed (ES), Anetta Mona Chi\u015fa (SK), Annalee Davis (BB), Ferenc Gr\u00f3f avec Jean-Baptiste Naudy (FR), Oto Hudec (SK), Marzia Migliora (IT), MyVillages (UK), Ilona N\u00e9meth (SK), Uriel Orlow (CH), Prabhakar Pachpute (IN), Alicja Rogalska (PL). Commissaires : Maja et [&hellip;]\" \/>\n<meta property=\"og:url\" content=\"https:\/\/institutfrancais.sk\/fr\/podujatie\/agrarianismes-potentiels-y-aura-t-il-du-sucre-meme-apres-la-revolution-la-ferme-des-animaux\/\" \/>\n<meta property=\"og:site_name\" content=\"Franc\u00fazsky in\u0161tit\u00fat na Slovensku\" \/>\n<meta property=\"article:modified_time\" content=\"2021-08-20T12:11:20+00:00\" \/>\n<meta property=\"og:image\" content=\"https:\/\/institutfrancais.sk\/wp-content\/uploads\/2021\/07\/articles_000447_769df_resized_max_1000x1000.jpeg\" \/>\n\t<meta property=\"og:image:width\" content=\"1000\" \/>\n\t<meta property=\"og:image:height\" content=\"524\" \/>\n\t<meta property=\"og:image:type\" content=\"image\/jpeg\" \/>\n<meta name=\"twitter:card\" content=\"summary_large_image\" \/>\n<meta name=\"twitter:label1\" content=\"Dur\u00e9e de lecture estim\u00e9e\" \/>\n\t<meta name=\"twitter:data1\" content=\"4 minutes\" \/>\n<script type=\"application\/ld+json\" class=\"yoast-schema-graph\">{\"@context\":\"https:\/\/schema.org\",\"@graph\":[{\"@type\":\"WebPage\",\"@id\":\"https:\/\/institutfrancais.sk\/fr\/podujatie\/agrarianismes-potentiels-y-aura-t-il-du-sucre-meme-apres-la-revolution-la-ferme-des-animaux\/\",\"url\":\"https:\/\/institutfrancais.sk\/fr\/podujatie\/agrarianismes-potentiels-y-aura-t-il-du-sucre-meme-apres-la-revolution-la-ferme-des-animaux\/\",\"name\":\"Agrarianismes potentiels : \\\"Y aura-t-il du sucre m\u00eame apr\u00e8s la r\u00e9volution ?\\\" (La ferme des animaux) - Franc\u00fazsky in\u0161tit\u00fat na Slovensku\",\"isPartOf\":{\"@id\":\"https:\/\/institutfrancais.sk\/fr\/#website\"},\"primaryImageOfPage\":{\"@id\":\"https:\/\/institutfrancais.sk\/fr\/podujatie\/agrarianismes-potentiels-y-aura-t-il-du-sucre-meme-apres-la-revolution-la-ferme-des-animaux\/#primaryimage\"},\"image\":{\"@id\":\"https:\/\/institutfrancais.sk\/fr\/podujatie\/agrarianismes-potentiels-y-aura-t-il-du-sucre-meme-apres-la-revolution-la-ferme-des-animaux\/#primaryimage\"},\"thumbnailUrl\":\"https:\/\/institutfrancais.sk\/wp-content\/uploads\/2021\/07\/articles_000447_769df_resized_max_1000x1000.jpeg\",\"datePublished\":\"2021-08-19T06:59:12+00:00\",\"dateModified\":\"2021-08-20T12:11:20+00:00\",\"breadcrumb\":{\"@id\":\"https:\/\/institutfrancais.sk\/fr\/podujatie\/agrarianismes-potentiels-y-aura-t-il-du-sucre-meme-apres-la-revolution-la-ferme-des-animaux\/#breadcrumb\"},\"inLanguage\":\"fr-FR\",\"potentialAction\":[{\"@type\":\"ReadAction\",\"target\":[\"https:\/\/institutfrancais.sk\/fr\/podujatie\/agrarianismes-potentiels-y-aura-t-il-du-sucre-meme-apres-la-revolution-la-ferme-des-animaux\/\"]}]},{\"@type\":\"ImageObject\",\"inLanguage\":\"fr-FR\",\"@id\":\"https:\/\/institutfrancais.sk\/fr\/podujatie\/agrarianismes-potentiels-y-aura-t-il-du-sucre-meme-apres-la-revolution-la-ferme-des-animaux\/#primaryimage\",\"url\":\"https:\/\/institutfrancais.sk\/wp-content\/uploads\/2021\/07\/articles_000447_769df_resized_max_1000x1000.jpeg\",\"contentUrl\":\"https:\/\/institutfrancais.sk\/wp-content\/uploads\/2021\/07\/articles_000447_769df_resized_max_1000x1000.jpeg\",\"width\":1000,\"height\":524},{\"@type\":\"BreadcrumbList\",\"@id\":\"https:\/\/institutfrancais.sk\/fr\/podujatie\/agrarianismes-potentiels-y-aura-t-il-du-sucre-meme-apres-la-revolution-la-ferme-des-animaux\/#breadcrumb\",\"itemListElement\":[{\"@type\":\"ListItem\",\"position\":1,\"name\":\"Home\",\"item\":\"https:\/\/institutfrancais.sk\/fr\/\"},{\"@type\":\"ListItem\",\"position\":2,\"name\":\"Events\",\"item\":\"https:\/\/institutfrancais.sk\/fr\/podujatie\/\"},{\"@type\":\"ListItem\",\"position\":3,\"name\":\"Agrarianismes potentiels : \u00ab\u00a0Y aura-t-il du sucre m\u00eame apr\u00e8s la r\u00e9volution ?\u00a0\u00bb (La ferme des animaux)\"}]},{\"@type\":\"WebSite\",\"@id\":\"https:\/\/institutfrancais.sk\/fr\/#website\",\"url\":\"https:\/\/institutfrancais.sk\/fr\/\",\"name\":\"Franc\u00fazsky in\u0161tit\u00fat na Slovensku\",\"description\":\"Franc\u00fazsky in\u0161tit\u00fat na Slovensku\",\"potentialAction\":[{\"@type\":\"SearchAction\",\"target\":{\"@type\":\"EntryPoint\",\"urlTemplate\":\"https:\/\/institutfrancais.sk\/fr\/?s={search_term_string}\"},\"query-input\":{\"@type\":\"PropertyValueSpecification\",\"valueRequired\":true,\"valueName\":\"search_term_string\"}}],\"inLanguage\":\"fr-FR\"}]}<\/script>\n<!-- \/ Yoast SEO plugin. -->","yoast_head_json":{"title":"Agrarianismes potentiels : \"Y aura-t-il du sucre m\u00eame apr\u00e8s la r\u00e9volution ?\" (La ferme des animaux) - Franc\u00fazsky in\u0161tit\u00fat na Slovensku","robots":{"index":"index","follow":"follow","max-snippet":"max-snippet:-1","max-image-preview":"max-image-preview:large","max-video-preview":"max-video-preview:-1"},"canonical":"https:\/\/institutfrancais.sk\/fr\/podujatie\/agrarianismes-potentiels-y-aura-t-il-du-sucre-meme-apres-la-revolution-la-ferme-des-animaux\/","og_locale":"fr_FR","og_type":"article","og_title":"Agrarianismes potentiels : \"Y aura-t-il du sucre m\u00eame apr\u00e8s la r\u00e9volution ?\" (La ferme des animaux) - Franc\u00fazsky in\u0161tit\u00fat na Slovensku","og_description":"Le programme de l\u2019exposition retient les oeuvres des artistes suivants : Melanie Bonajo (NL), Gerard Ortin Castellv\u00ed (ES), Anetta Mona Chi\u015fa (SK), Annalee Davis (BB), Ferenc Gr\u00f3f avec Jean-Baptiste Naudy (FR), Oto Hudec (SK), Marzia Migliora (IT), MyVillages (UK), Ilona N\u00e9meth (SK), Uriel Orlow (CH), Prabhakar Pachpute (IN), Alicja Rogalska (PL). Commissaires : Maja et [&hellip;]","og_url":"https:\/\/institutfrancais.sk\/fr\/podujatie\/agrarianismes-potentiels-y-aura-t-il-du-sucre-meme-apres-la-revolution-la-ferme-des-animaux\/","og_site_name":"Franc\u00fazsky in\u0161tit\u00fat na Slovensku","article_modified_time":"2021-08-20T12:11:20+00:00","og_image":[{"width":1000,"height":524,"url":"https:\/\/institutfrancais.sk\/wp-content\/uploads\/2021\/07\/articles_000447_769df_resized_max_1000x1000.jpeg","type":"image\/jpeg"}],"twitter_card":"summary_large_image","twitter_misc":{"Dur\u00e9e de lecture estim\u00e9e":"4 minutes"},"schema":{"@context":"https:\/\/schema.org","@graph":[{"@type":"WebPage","@id":"https:\/\/institutfrancais.sk\/fr\/podujatie\/agrarianismes-potentiels-y-aura-t-il-du-sucre-meme-apres-la-revolution-la-ferme-des-animaux\/","url":"https:\/\/institutfrancais.sk\/fr\/podujatie\/agrarianismes-potentiels-y-aura-t-il-du-sucre-meme-apres-la-revolution-la-ferme-des-animaux\/","name":"Agrarianismes potentiels : \"Y aura-t-il du sucre m\u00eame apr\u00e8s la r\u00e9volution ?\" (La ferme des animaux) - Franc\u00fazsky in\u0161tit\u00fat na Slovensku","isPartOf":{"@id":"https:\/\/institutfrancais.sk\/fr\/#website"},"primaryImageOfPage":{"@id":"https:\/\/institutfrancais.sk\/fr\/podujatie\/agrarianismes-potentiels-y-aura-t-il-du-sucre-meme-apres-la-revolution-la-ferme-des-animaux\/#primaryimage"},"image":{"@id":"https:\/\/institutfrancais.sk\/fr\/podujatie\/agrarianismes-potentiels-y-aura-t-il-du-sucre-meme-apres-la-revolution-la-ferme-des-animaux\/#primaryimage"},"thumbnailUrl":"https:\/\/institutfrancais.sk\/wp-content\/uploads\/2021\/07\/articles_000447_769df_resized_max_1000x1000.jpeg","datePublished":"2021-08-19T06:59:12+00:00","dateModified":"2021-08-20T12:11:20+00:00","breadcrumb":{"@id":"https:\/\/institutfrancais.sk\/fr\/podujatie\/agrarianismes-potentiels-y-aura-t-il-du-sucre-meme-apres-la-revolution-la-ferme-des-animaux\/#breadcrumb"},"inLanguage":"fr-FR","potentialAction":[{"@type":"ReadAction","target":["https:\/\/institutfrancais.sk\/fr\/podujatie\/agrarianismes-potentiels-y-aura-t-il-du-sucre-meme-apres-la-revolution-la-ferme-des-animaux\/"]}]},{"@type":"ImageObject","inLanguage":"fr-FR","@id":"https:\/\/institutfrancais.sk\/fr\/podujatie\/agrarianismes-potentiels-y-aura-t-il-du-sucre-meme-apres-la-revolution-la-ferme-des-animaux\/#primaryimage","url":"https:\/\/institutfrancais.sk\/wp-content\/uploads\/2021\/07\/articles_000447_769df_resized_max_1000x1000.jpeg","contentUrl":"https:\/\/institutfrancais.sk\/wp-content\/uploads\/2021\/07\/articles_000447_769df_resized_max_1000x1000.jpeg","width":1000,"height":524},{"@type":"BreadcrumbList","@id":"https:\/\/institutfrancais.sk\/fr\/podujatie\/agrarianismes-potentiels-y-aura-t-il-du-sucre-meme-apres-la-revolution-la-ferme-des-animaux\/#breadcrumb","itemListElement":[{"@type":"ListItem","position":1,"name":"Home","item":"https:\/\/institutfrancais.sk\/fr\/"},{"@type":"ListItem","position":2,"name":"Events","item":"https:\/\/institutfrancais.sk\/fr\/podujatie\/"},{"@type":"ListItem","position":3,"name":"Agrarianismes potentiels : \u00ab\u00a0Y aura-t-il du sucre m\u00eame apr\u00e8s la r\u00e9volution ?\u00a0\u00bb (La ferme des animaux)"}]},{"@type":"WebSite","@id":"https:\/\/institutfrancais.sk\/fr\/#website","url":"https:\/\/institutfrancais.sk\/fr\/","name":"Franc\u00fazsky in\u0161tit\u00fat na Slovensku","description":"Franc\u00fazsky in\u0161tit\u00fat na Slovensku","potentialAction":[{"@type":"SearchAction","target":{"@type":"EntryPoint","urlTemplate":"https:\/\/institutfrancais.sk\/fr\/?s={search_term_string}"},"query-input":{"@type":"PropertyValueSpecification","valueRequired":true,"valueName":"search_term_string"}}],"inLanguage":"fr-FR"}]}},"_links":{"self":[{"href":"https:\/\/institutfrancais.sk\/fr\/wp-json\/wp\/v2\/podujatie\/18682"}],"collection":[{"href":"https:\/\/institutfrancais.sk\/fr\/wp-json\/wp\/v2\/podujatie"}],"about":[{"href":"https:\/\/institutfrancais.sk\/fr\/wp-json\/wp\/v2\/types\/podujatie"}],"wp:featuredmedia":[{"embeddable":true,"href":"https:\/\/institutfrancais.sk\/fr\/wp-json\/wp\/v2\/media\/18683"}],"wp:attachment":[{"href":"https:\/\/institutfrancais.sk\/fr\/wp-json\/wp\/v2\/media?parent=18682"}],"wp:term":[{"taxonomy":"typ-podujatia","embeddable":true,"href":"https:\/\/institutfrancais.sk\/fr\/wp-json\/wp\/v2\/typ-podujatia?post=18682"}],"curies":[{"name":"wp","href":"https:\/\/api.w.org\/{rel}","templated":true}]}}