{"id":18724,"date":"2021-07-29T23:20:00","date_gmt":"2021-07-29T21:20:00","guid":{"rendered":"https:\/\/institutfrancais.sk\/?post_type=podujatie&#038;p=18724"},"modified":"2021-08-17T16:05:16","modified_gmt":"2021-08-17T14:05:16","slug":"capalest-2021-19e-edition-du-festival-de-poesie-europeen-a-banska-stiavnica","status":"publish","type":"podujatie","link":"https:\/\/institutfrancais.sk\/fr\/podujatie\/capalest-2021-19e-edition-du-festival-de-poesie-europeen-a-banska-stiavnica\/","title":{"rendered":"Cap \u00e0 l&rsquo;est 2021 &#8211;&nbsp;19e \u00e9dition du Festival de po\u00e9sie Europ\u00e9en \u00e0 Bansk\u00e1 \u0160tiavnica"},"content":{"rendered":"\n<h2 class=\"wp-block-heading\"><strong><strong>\u00c0 propos de Cap \u00e0 l&rsquo;est<\/strong><\/strong><\/h2>\n\n\n\n<p>Depuis sa cr\u00e9ation en 2002, le Festival Europ\u00e9en de Po\u00e9sie, Th\u00e9\u00e2tre et Musique, Cap \u00e0 l&rsquo;Est, port\u00e9 par le directeur du Th\u00e9\u00e2tre Moli\u00e8re \u00e0 Paris, Michel de Maulne est devenu un temps fort de la programmation culturelle en Slovaquie.<\/p>\n\n\n\n<p>Cap \u00e0 l&rsquo;est incarne un point de rencontre pour tous les Europ\u00e9ens souhaitant d\u00e9couvrir la Slovaquie. Riche de son historicit\u00e9, il repr\u00e9sente une combinaison de tradition et le meilleur de l&rsquo;art contemporain.<\/p>\n\n\n\n<p>Comme chaque ann\u00e9e le festival fait d\u00e9couvrir au public les artistes les plus talentueux. Cette ann\u00e9e, d\u00e9couvrez de nouveaux contemporains, des pices musiciales m\u00e9di\u00e9vales, de la chanson populaire francais, les finalistes du concours Vague d\u2019Or en slovaque et fran\u00e7ais.<\/p>\n\n\n<div class=\"space md\"><\/div>\n\n\n<h2 class=\"wp-block-heading\">Programme<\/h2>\n\n\n\n<p> <strong>2 &nbsp;\u2013 6 ao\u00fbt <\/strong>: <strong>Flautokruhy<\/strong><\/p>\n\n\n\n<p>Master Class, cours priv\u00e9s sur inscription. Organis\u00e9 par Eleuz\u00edna et&nbsp;&nbsp;Zuzana Kov\u00e1rov\u00e1 avec le soutien de la R\u00e9gion de Banska Bystrica et de FPU.<em> Ecole de musique, Z\u00e1kladn\u00e1 umeleck\u00e1 \u0161kola, Bansk\u00e1 \u0160tiavnica<\/em><\/p>\n\n\n<div class=\"space xs\"><\/div>\n\n\n<p><strong>Vendredi 6 ao\u00fbt<\/strong> &#8211;&nbsp;<strong>18h00<\/strong> : <strong>Premi\u00e8re partie &#8211;&nbsp;Concert de<\/strong> <strong>cl\u00f4ture de Flautokruhy <\/strong><\/p>\n\n\n\n<p>Concert de la musique m\u00e9di\u00e9vale par les \u00e9l\u00e8ves de l\u2019\u00e9cole, accompagn\u00e9s de Robin Troman\u00e0 la fl\u00fbte \u00e0 bec et de Michie Kuryu \u00e0 la viole de gambe. <em>L\u2019\u00e9glise de St. Catherine, Bansk\u00e1 \u0160tiavnica<\/em><\/p>\n\n\n<div class=\"space xs\"><\/div>\n\n\n<p><strong>Vendredi 6 ao\u00fbt<\/strong> : <strong>Seconde partie &#8211;&nbsp;Ars Antiqua<\/strong><\/p>\n\n\n\n<p>Concert de la musique m\u00e9di\u00e9vale. <em>L\u2019\u00e9glise de St. Catherine, Bansk\u00e1 \u0160tiavnica<\/em><\/p>\n\n\n<div class=\"space xs\"><\/div>\n\n\n<p><strong>Lundi 9 ao\u00fbt<\/strong> &#8211;&nbsp;<strong>18h30<\/strong> : <strong>Ars Antiqua<\/strong><\/p>\n\n\n\n<p>Concert de musique m\u00e9di\u00e9vale avec Robin Troman \u00e0 la fl\u00fbte \u00e0 bec et Michie Kuryu \u00e0 la viole de gambe, co-organis\u00e9 avec Vila Po\u00e9zia. <em>L&rsquo;\u00e9glise Saint-Michel, Na&nbsp;V\u0155\u0161ku 1, Nitra<\/em><\/p>\n\n\n<div class=\"space xs\"><\/div>\n\n\n<p><strong>Mardi 10 ao\u00fbt<\/strong> &#8211;&nbsp;<strong>18h00<\/strong> : <strong>Ars Antiqua<\/strong><\/p>\n\n\n\n<p>Concert de la musique m\u00e9di\u00e9vale avec Robin Troman&nbsp;: fl\u00fbtes \u00e0 bec et Michie Kuryu&nbsp;: violeKostol sv.&nbsp;Katar\u00edny.<em> Alexandrijskej, Z\u00e1mock\u00e9 n\u00e1mestie 1, Kremnica<\/em><\/p>\n\n\n\n<p><strong><em>Programme du Concert<\/em><\/strong><\/p>\n\n\n\n<ul><li>1\u00e8re Partie&nbsp;&nbsp;&nbsp;\u2013 p\u00e9riode 1098 \u2013 1230<\/li><li>2\u00e8me Partie \u2013 Guillaume de Machaut (1300 \u2013 1377) \u2013 ballades, rondos<\/li><li>3\u00e8me Partie \u2013 musique anglaise du 14\u00e8me si\u00e8cle<\/li><li>4\u00e8me Partie \u2013 musique italienne du 14\u00e8me si\u00e8cle<\/li><\/ul>\n\n\n\n<p><em>Dix flutes et une viole de gambe pour descendre au jardin des sons en ouvrant les portes du XIIe au XIVe si\u00e8cle. Ballades et Virelais, de P\u00e9rotin le Grand et Hildegarde de Bingen \u00e0 Francesco Landini et Andr\u00e9a Stephani. Musiques fran\u00e7aises, anglaises et italiennes.<\/em><\/p>\n\n\n<div class=\"space xs\"><\/div>\n\n\n<p><strong>Jeudi 19 ao\u00fbt<\/strong> &#8211;&nbsp;<strong>19h00<\/strong> : <strong>Classique et Populaire<\/strong><\/p>\n\n\n\n<p>Concert&nbsp;&nbsp;de musique classique et chansons populaires fran\u00e7aises avec Mari Kazu\u00e9&nbsp;: chant et Patrick Vasori&nbsp;: piano.&nbsp;<em>Vila Po\u00e9zia, Kl\u00e1\u0161torsk\u00e1 ul., Nitra<\/em><\/p>\n\n\n<div class=\"space xs\"><\/div>\n\n\n<p><strong>Vendredi 20 ao\u00fbt<\/strong> &#8211;&nbsp;<strong>18h00<\/strong> : <strong>Po\u00e9sies en \u00e9cho<\/strong><\/p>\n\n\n\n<p>Lecture de po\u00e9sie. Hommage aux po\u00e8tes de Capalest a&nbsp;avec Lucia Letkov\u00e1&nbsp;&nbsp;et Michel de Maulne. <em>Art Caf\u00e9, Bansk\u00e1 \u0160tiavnica<\/em><\/p>\n\n\n\n<p>Tout au long de ces dix-neuf ann\u00e9es de programmation, les meilleurs po\u00e8tes de l\u2018Est europ\u00e9en et de France ont pu&nbsp;\u00e9changer dans le cadre de Cap \u00e0 l\u2018Est \u00e0 Banska Stiavnica. Tous ont marqu\u00e9 leur passage et pour cette \u00e9dition nous voudrions leur rendre l\u2018hommage qu\u2019ils m\u00e9ritent en relisant leurs po\u00e8mes m\u00eal\u00e9s dans les deux langues de nos rencontres. <strong>A. Maren\u010din, T. Patrikios, A. Mihailova, V.<\/strong> <strong>Braziunas, D. Dre\u00efka, D.Podradsk\u00e1, G. Goffette.<\/strong><\/p>\n\n\n<div class=\"space xs\"><\/div>\n\n\n<p><strong>Samedi 21 ao\u00fbt<\/strong> &#8211;&nbsp;<strong>16h30<\/strong> : <strong>Auteur et Traducteur<\/strong><\/p>\n\n\n\n<p>Atelier de traduction avec&nbsp;: Miroslava Vallov\u00e1, Ivana Gibov\u00e1, Miroslav Zelinsk\u00fd.<em> Art Caf\u00e9, Bansk\u00e1 \u0160tiavnica&nbsp;<\/em><\/p>\n\n\n<div class=\"space xs\"><\/div>\n\n\n<p><strong>Samedi 21 Ao\u00fbt<\/strong> &#8211;&nbsp;<strong>18h00 <\/strong>: <strong>\u00ab&nbsp;Vague d\u2019or&nbsp;\u00bb<\/strong><\/p>\n\n\n\n<p>Pr\u00e9sentation des finalistes du concours Vague d\u2019or. <em>Art Caf\u00e9, Bansk\u00e1 \u0160tiavnica&nbsp;<\/em><\/p>\n\n\n<div class=\"space xs\"><\/div>\n\n\n<p><strong>Samedi 21 ao\u00fbt<\/strong> &#8211;&nbsp;<strong>19h30<\/strong> : <strong>Classique et Populaire<\/strong><\/p>\n\n\n\n<p>Concert de musique classique et chansons populaires fran\u00e7aises avec Mari Kazu\u00e9&nbsp;: chant et Patrick Vasori&nbsp;: piano. <em>Ecole de Musique, Z\u00e1kladn\u00e1 umeleck\u00e1 \u0161kola, Bansk\u00e1 \u0160tiavnica<\/em><\/p>\n\n\n\n<p>De Satie \u00e0 Debussy avec la m\u00f4me Piaf, Fr\u00e9hel et Damia. Doux meslanges fran\u00e7ais du d\u00e9but au milieu du Si\u00e8cle pass\u00e9 ou survol d&rsquo;un inoubliable \u00e9clat. On oppose trop souvent ces deux univers qui sont plus compl\u00e9mentaires que s\u00e9par\u00e9s dans la m\u00e9moire et le coeur des&nbsp;publics. Une soir\u00e9e donc \u00e0 l&rsquo;\u00e9coute des Princes et des berg\u00e8res o\u00f9 Satie courtise Fr\u00e9hel, o\u00f9 20 chansons alternent avec&nbsp;5 chefs d&rsquo;\u0153uvre pour piano o\u00f9 Offenbach invite \u00e0 \u00e9couter Damia. <\/p>\n\n\n<div class=\"space md\"><\/div>\n\n\n<p><em><strong>Le Festival Cap \u00e0 l\u2019Est est imagin\u00e9 et r\u00e9alis\u00e9 par L\u2019Athanor, Michel de Maulne, Association Capalest, avec la complicit\u00e9 du LIC.<\/strong> <\/em><\/p>\n\n\n\n<p>Administratrice: Lucia Hutanova, en collaboration avec Antonia Miklikova.<\/p>\n\n\n\n<p>Information: <strong><a href=\"mailto:info@capalest.com\">info@capalest.com<\/a><\/strong><\/p>\n\n\n<a href=\"http:\/\/www.capalest.com\/\" class=\"btn\" target=\"blank\" rel=\"noreferrer noopener\">Cap \u00e0 l&rsquo;Est<\/a>\n\n<div class=\"space md\"><\/div>","protected":false},"featured_media":18767,"template":"","typ-podujatia":[53,193,184,58,98],"acf":[],"yoast_head":"<!-- This site is optimized with the Yoast SEO plugin v24.5 - https:\/\/yoast.com\/wordpress\/plugins\/seo\/ -->\n<title>Cap \u00e0 l&#039;est 2021 - 19e \u00e9dition du Festival de po\u00e9sie Europ\u00e9en \u00e0 Bansk\u00e1 \u0160tiavnica - Franc\u00fazsky in\u0161tit\u00fat na Slovensku<\/title>\n<meta name=\"robots\" content=\"index, follow, max-snippet:-1, max-image-preview:large, max-video-preview:-1\" \/>\n<link rel=\"canonical\" href=\"https:\/\/institutfrancais.sk\/fr\/podujatie\/capalest-2021-19e-edition-du-festival-de-poesie-europeen-a-banska-stiavnica\/\" \/>\n<meta property=\"og:locale\" content=\"fr_FR\" \/>\n<meta property=\"og:type\" content=\"article\" \/>\n<meta property=\"og:title\" content=\"Cap \u00e0 l&#039;est 2021 - 19e \u00e9dition du Festival de po\u00e9sie Europ\u00e9en \u00e0 Bansk\u00e1 \u0160tiavnica - Franc\u00fazsky in\u0161tit\u00fat na Slovensku\" \/>\n<meta property=\"og:description\" content=\"\u00c0 propos de Cap \u00e0 l&rsquo;est Depuis sa cr\u00e9ation en 2002, le Festival Europ\u00e9en de Po\u00e9sie, Th\u00e9\u00e2tre et Musique, Cap \u00e0 l&rsquo;Est, port\u00e9 par le directeur du Th\u00e9\u00e2tre Moli\u00e8re \u00e0 Paris, Michel de Maulne est devenu un temps fort de la programmation culturelle en Slovaquie. Cap \u00e0 l&rsquo;est incarne un point de rencontre pour tous [&hellip;]\" \/>\n<meta property=\"og:url\" content=\"https:\/\/institutfrancais.sk\/fr\/podujatie\/capalest-2021-19e-edition-du-festival-de-poesie-europeen-a-banska-stiavnica\/\" \/>\n<meta property=\"og:site_name\" content=\"Franc\u00fazsky in\u0161tit\u00fat na Slovensku\" \/>\n<meta property=\"article:modified_time\" content=\"2021-08-17T14:05:16+00:00\" \/>\n<meta property=\"og:image\" content=\"https:\/\/institutfrancais.sk\/wp-content\/uploads\/2021\/07\/Cap-a-lest-.jpg\" \/>\n\t<meta property=\"og:image:width\" content=\"2002\" \/>\n\t<meta property=\"og:image:height\" content=\"1127\" \/>\n\t<meta property=\"og:image:type\" content=\"image\/jpeg\" \/>\n<meta name=\"twitter:card\" content=\"summary_large_image\" \/>\n<meta name=\"twitter:label1\" content=\"Dur\u00e9e de lecture estim\u00e9e\" \/>\n\t<meta name=\"twitter:data1\" content=\"3 minutes\" \/>\n<script type=\"application\/ld+json\" class=\"yoast-schema-graph\">{\"@context\":\"https:\/\/schema.org\",\"@graph\":[{\"@type\":\"WebPage\",\"@id\":\"https:\/\/institutfrancais.sk\/fr\/podujatie\/capalest-2021-19e-edition-du-festival-de-poesie-europeen-a-banska-stiavnica\/\",\"url\":\"https:\/\/institutfrancais.sk\/fr\/podujatie\/capalest-2021-19e-edition-du-festival-de-poesie-europeen-a-banska-stiavnica\/\",\"name\":\"Cap \u00e0 l'est 2021 - 19e \u00e9dition du Festival de po\u00e9sie Europ\u00e9en \u00e0 Bansk\u00e1 \u0160tiavnica - Franc\u00fazsky in\u0161tit\u00fat na Slovensku\",\"isPartOf\":{\"@id\":\"https:\/\/institutfrancais.sk\/fr\/#website\"},\"primaryImageOfPage\":{\"@id\":\"https:\/\/institutfrancais.sk\/fr\/podujatie\/capalest-2021-19e-edition-du-festival-de-poesie-europeen-a-banska-stiavnica\/#primaryimage\"},\"image\":{\"@id\":\"https:\/\/institutfrancais.sk\/fr\/podujatie\/capalest-2021-19e-edition-du-festival-de-poesie-europeen-a-banska-stiavnica\/#primaryimage\"},\"thumbnailUrl\":\"https:\/\/institutfrancais.sk\/wp-content\/uploads\/2021\/07\/Cap-a-lest-.jpg\",\"datePublished\":\"2021-07-29T21:20:00+00:00\",\"dateModified\":\"2021-08-17T14:05:16+00:00\",\"breadcrumb\":{\"@id\":\"https:\/\/institutfrancais.sk\/fr\/podujatie\/capalest-2021-19e-edition-du-festival-de-poesie-europeen-a-banska-stiavnica\/#breadcrumb\"},\"inLanguage\":\"fr-FR\",\"potentialAction\":[{\"@type\":\"ReadAction\",\"target\":[\"https:\/\/institutfrancais.sk\/fr\/podujatie\/capalest-2021-19e-edition-du-festival-de-poesie-europeen-a-banska-stiavnica\/\"]}]},{\"@type\":\"ImageObject\",\"inLanguage\":\"fr-FR\",\"@id\":\"https:\/\/institutfrancais.sk\/fr\/podujatie\/capalest-2021-19e-edition-du-festival-de-poesie-europeen-a-banska-stiavnica\/#primaryimage\",\"url\":\"https:\/\/institutfrancais.sk\/wp-content\/uploads\/2021\/07\/Cap-a-lest-.jpg\",\"contentUrl\":\"https:\/\/institutfrancais.sk\/wp-content\/uploads\/2021\/07\/Cap-a-lest-.jpg\",\"width\":2002,\"height\":1127},{\"@type\":\"BreadcrumbList\",\"@id\":\"https:\/\/institutfrancais.sk\/fr\/podujatie\/capalest-2021-19e-edition-du-festival-de-poesie-europeen-a-banska-stiavnica\/#breadcrumb\",\"itemListElement\":[{\"@type\":\"ListItem\",\"position\":1,\"name\":\"Home\",\"item\":\"https:\/\/institutfrancais.sk\/fr\/\"},{\"@type\":\"ListItem\",\"position\":2,\"name\":\"Events\",\"item\":\"https:\/\/institutfrancais.sk\/fr\/podujatie\/\"},{\"@type\":\"ListItem\",\"position\":3,\"name\":\"Cap \u00e0 l&rsquo;est 2021 &#8211;&nbsp;19e \u00e9dition du Festival de po\u00e9sie Europ\u00e9en \u00e0 Bansk\u00e1 \u0160tiavnica\"}]},{\"@type\":\"WebSite\",\"@id\":\"https:\/\/institutfrancais.sk\/fr\/#website\",\"url\":\"https:\/\/institutfrancais.sk\/fr\/\",\"name\":\"Franc\u00fazsky in\u0161tit\u00fat na Slovensku\",\"description\":\"Franc\u00fazsky in\u0161tit\u00fat na Slovensku\",\"potentialAction\":[{\"@type\":\"SearchAction\",\"target\":{\"@type\":\"EntryPoint\",\"urlTemplate\":\"https:\/\/institutfrancais.sk\/fr\/?s={search_term_string}\"},\"query-input\":{\"@type\":\"PropertyValueSpecification\",\"valueRequired\":true,\"valueName\":\"search_term_string\"}}],\"inLanguage\":\"fr-FR\"}]}<\/script>\n<!-- \/ Yoast SEO plugin. -->","yoast_head_json":{"title":"Cap \u00e0 l'est 2021 - 19e \u00e9dition du Festival de po\u00e9sie Europ\u00e9en \u00e0 Bansk\u00e1 \u0160tiavnica - Franc\u00fazsky in\u0161tit\u00fat na Slovensku","robots":{"index":"index","follow":"follow","max-snippet":"max-snippet:-1","max-image-preview":"max-image-preview:large","max-video-preview":"max-video-preview:-1"},"canonical":"https:\/\/institutfrancais.sk\/fr\/podujatie\/capalest-2021-19e-edition-du-festival-de-poesie-europeen-a-banska-stiavnica\/","og_locale":"fr_FR","og_type":"article","og_title":"Cap \u00e0 l'est 2021 - 19e \u00e9dition du Festival de po\u00e9sie Europ\u00e9en \u00e0 Bansk\u00e1 \u0160tiavnica - Franc\u00fazsky in\u0161tit\u00fat na Slovensku","og_description":"\u00c0 propos de Cap \u00e0 l&rsquo;est Depuis sa cr\u00e9ation en 2002, le Festival Europ\u00e9en de Po\u00e9sie, Th\u00e9\u00e2tre et Musique, Cap \u00e0 l&rsquo;Est, port\u00e9 par le directeur du Th\u00e9\u00e2tre Moli\u00e8re \u00e0 Paris, Michel de Maulne est devenu un temps fort de la programmation culturelle en Slovaquie. Cap \u00e0 l&rsquo;est incarne un point de rencontre pour tous [&hellip;]","og_url":"https:\/\/institutfrancais.sk\/fr\/podujatie\/capalest-2021-19e-edition-du-festival-de-poesie-europeen-a-banska-stiavnica\/","og_site_name":"Franc\u00fazsky in\u0161tit\u00fat na Slovensku","article_modified_time":"2021-08-17T14:05:16+00:00","og_image":[{"width":2002,"height":1127,"url":"https:\/\/institutfrancais.sk\/wp-content\/uploads\/2021\/07\/Cap-a-lest-.jpg","type":"image\/jpeg"}],"twitter_card":"summary_large_image","twitter_misc":{"Dur\u00e9e de lecture estim\u00e9e":"3 minutes"},"schema":{"@context":"https:\/\/schema.org","@graph":[{"@type":"WebPage","@id":"https:\/\/institutfrancais.sk\/fr\/podujatie\/capalest-2021-19e-edition-du-festival-de-poesie-europeen-a-banska-stiavnica\/","url":"https:\/\/institutfrancais.sk\/fr\/podujatie\/capalest-2021-19e-edition-du-festival-de-poesie-europeen-a-banska-stiavnica\/","name":"Cap \u00e0 l'est 2021 - 19e \u00e9dition du Festival de po\u00e9sie Europ\u00e9en \u00e0 Bansk\u00e1 \u0160tiavnica - Franc\u00fazsky in\u0161tit\u00fat na Slovensku","isPartOf":{"@id":"https:\/\/institutfrancais.sk\/fr\/#website"},"primaryImageOfPage":{"@id":"https:\/\/institutfrancais.sk\/fr\/podujatie\/capalest-2021-19e-edition-du-festival-de-poesie-europeen-a-banska-stiavnica\/#primaryimage"},"image":{"@id":"https:\/\/institutfrancais.sk\/fr\/podujatie\/capalest-2021-19e-edition-du-festival-de-poesie-europeen-a-banska-stiavnica\/#primaryimage"},"thumbnailUrl":"https:\/\/institutfrancais.sk\/wp-content\/uploads\/2021\/07\/Cap-a-lest-.jpg","datePublished":"2021-07-29T21:20:00+00:00","dateModified":"2021-08-17T14:05:16+00:00","breadcrumb":{"@id":"https:\/\/institutfrancais.sk\/fr\/podujatie\/capalest-2021-19e-edition-du-festival-de-poesie-europeen-a-banska-stiavnica\/#breadcrumb"},"inLanguage":"fr-FR","potentialAction":[{"@type":"ReadAction","target":["https:\/\/institutfrancais.sk\/fr\/podujatie\/capalest-2021-19e-edition-du-festival-de-poesie-europeen-a-banska-stiavnica\/"]}]},{"@type":"ImageObject","inLanguage":"fr-FR","@id":"https:\/\/institutfrancais.sk\/fr\/podujatie\/capalest-2021-19e-edition-du-festival-de-poesie-europeen-a-banska-stiavnica\/#primaryimage","url":"https:\/\/institutfrancais.sk\/wp-content\/uploads\/2021\/07\/Cap-a-lest-.jpg","contentUrl":"https:\/\/institutfrancais.sk\/wp-content\/uploads\/2021\/07\/Cap-a-lest-.jpg","width":2002,"height":1127},{"@type":"BreadcrumbList","@id":"https:\/\/institutfrancais.sk\/fr\/podujatie\/capalest-2021-19e-edition-du-festival-de-poesie-europeen-a-banska-stiavnica\/#breadcrumb","itemListElement":[{"@type":"ListItem","position":1,"name":"Home","item":"https:\/\/institutfrancais.sk\/fr\/"},{"@type":"ListItem","position":2,"name":"Events","item":"https:\/\/institutfrancais.sk\/fr\/podujatie\/"},{"@type":"ListItem","position":3,"name":"Cap \u00e0 l&rsquo;est 2021 &#8211;&nbsp;19e \u00e9dition du Festival de po\u00e9sie Europ\u00e9en \u00e0 Bansk\u00e1 \u0160tiavnica"}]},{"@type":"WebSite","@id":"https:\/\/institutfrancais.sk\/fr\/#website","url":"https:\/\/institutfrancais.sk\/fr\/","name":"Franc\u00fazsky in\u0161tit\u00fat na Slovensku","description":"Franc\u00fazsky in\u0161tit\u00fat na Slovensku","potentialAction":[{"@type":"SearchAction","target":{"@type":"EntryPoint","urlTemplate":"https:\/\/institutfrancais.sk\/fr\/?s={search_term_string}"},"query-input":{"@type":"PropertyValueSpecification","valueRequired":true,"valueName":"search_term_string"}}],"inLanguage":"fr-FR"}]}},"_links":{"self":[{"href":"https:\/\/institutfrancais.sk\/fr\/wp-json\/wp\/v2\/podujatie\/18724"}],"collection":[{"href":"https:\/\/institutfrancais.sk\/fr\/wp-json\/wp\/v2\/podujatie"}],"about":[{"href":"https:\/\/institutfrancais.sk\/fr\/wp-json\/wp\/v2\/types\/podujatie"}],"wp:featuredmedia":[{"embeddable":true,"href":"https:\/\/institutfrancais.sk\/fr\/wp-json\/wp\/v2\/media\/18767"}],"wp:attachment":[{"href":"https:\/\/institutfrancais.sk\/fr\/wp-json\/wp\/v2\/media?parent=18724"}],"wp:term":[{"taxonomy":"typ-podujatia","embeddable":true,"href":"https:\/\/institutfrancais.sk\/fr\/wp-json\/wp\/v2\/typ-podujatia?post=18724"}],"curies":[{"name":"wp","href":"https:\/\/api.w.org\/{rel}","templated":true}]}}