{"id":18939,"date":"2021-09-07T12:00:03","date_gmt":"2021-09-07T10:00:03","guid":{"rendered":"https:\/\/institutfrancais.sk\/?post_type=podujatie&#038;p=18939"},"modified":"2021-09-22T10:01:45","modified_gmt":"2021-09-22T08:01:45","slug":"vivez-la-nuit-de-la-litterature-2021-en-direct-et-en-ligne","status":"publish","type":"podujatie","link":"https:\/\/institutfrancais.sk\/fr\/podujatie\/vivez-la-nuit-de-la-litterature-2021-en-direct-et-en-ligne\/","title":{"rendered":"Vivez la Nuit de la litt\u00e9rature 2021 en direct et en ligne !"},"content":{"rendered":"\n<p><strong>Une s\u00e9rie de lectures d&rsquo;extraits de traductions slovaques de livres d&rsquo;auteurs europ\u00e9ens contemporains, interpr\u00e9t\u00e9s par des acteurs slovaques connus<\/strong>, \u00e0 intervalles r\u00e9guliers d&rsquo;une demi-heure. Les visiteurs assisteront \u00e0 une lecture de 15 minutes et seront invit\u00e9s \u00e0 se rendre dans un autre espace, &nbsp;passer \u00e0 l&rsquo;endroit suivant.<\/p>\n\n\n\n<p>Cette ann\u00e9e, les lectures auront lieu dans les locaux des instituts culturels des pays suivants : R\u00e9publique tch\u00e8que, France, Italie, Pologne, Hongrie, Allemagne, Autriche ainsi que la representation de la &nbsp;Commission europ\u00e9enne.&nbsp;<\/p>\n\n\n\n<p>Pour ceux qui n&rsquo;assisteront pas \u00e0 la Nuit en direct, des vid\u00e9os seront pr\u00e9par\u00e9es avec des extraits lus par les m\u00eames acteurs et actrices, film\u00e9s dans les huit lieux des instituts et ambassades qui ne disposent pas d&rsquo;espaces publics.<\/p>\n\n\n\n<p>Traditionnellement, d&rsquo;autres villes slovaques participeront \u00e9galement \u00e0 la Nuit de la litt\u00e9rature, si la situation actuelle de la pand\u00e9mie le permet. Outre de nombreuses villes slovaques, les visiteurs peuvent \u00e9galement profiter de la Nuit de la litt\u00e9rature \u00e0 Prague et dans des dizaines d&rsquo;autres villes tch\u00e8ques et europ\u00e9ennes.<\/p>\n\n\n<div class=\"space\"><\/div>\n\n\n<h2 class=\"wp-block-heading\">Livres<\/h2>\n\n\n<div class=\"space xs\"><\/div>\n\n\n<div class=\"wp-block-image\"><figure class=\"alignright size-large is-resized\"><img loading=\"lazy\" decoding=\"async\" src=\"https:\/\/institutfrancais.sk\/wp-content\/uploads\/2021\/08\/Prislub-usvitu-obalka-v2-1-655x1024.jpg\" alt=\"\" class=\"wp-image-18964\" width=\"184\" height=\"287\" srcset=\"https:\/\/institutfrancais.sk\/wp-content\/uploads\/2021\/08\/Prislub-usvitu-obalka-v2-1-655x1024.jpg 655w, https:\/\/institutfrancais.sk\/wp-content\/uploads\/2021\/08\/Prislub-usvitu-obalka-v2-1-192x300.jpg 192w, https:\/\/institutfrancais.sk\/wp-content\/uploads\/2021\/08\/Prislub-usvitu-obalka-v2-1-768x1200.jpg 768w, https:\/\/institutfrancais.sk\/wp-content\/uploads\/2021\/08\/Prislub-usvitu-obalka-v2-1-983x1536.jpg 983w, https:\/\/institutfrancais.sk\/wp-content\/uploads\/2021\/08\/Prislub-usvitu-obalka-v2-1-1311x2048.jpg 1311w, https:\/\/institutfrancais.sk\/wp-content\/uploads\/2021\/08\/Prislub-usvitu-obalka-v2-1-640x1000.jpg 640w, https:\/\/institutfrancais.sk\/wp-content\/uploads\/2021\/08\/Prislub-usvitu-obalka-v2-1.jpg 1446w\" sizes=\"(max-width: 184px) 100vw, 184px\" \/><\/figure><\/div>\n\n\n\n<h4 class=\"wp-block-heading\">FRANCE<\/h4>\n\n\n\n<p><strong>Romain Gary \u2013 La Promesse de l&rsquo;aube<\/strong><\/p>\n\n\n\n<p><strong>Editions Monicqa, 2021<\/strong><\/p>\n\n\n\n<p><strong>Traduction : Zuzana Kas\u00e1kov\u00e1, Lucia Ondr\u00e1\u0161kov\u00e1<\/strong> <\/p>\n\n\n\n<p><strong>Pr\u00e9sent\u00e9 par : Ludwig Bagin<\/strong><\/p>\n\n\n\n<p>L&rsquo;histoire autobiographique d&rsquo;un fils qui rend hommage \u00e0 sa m\u00e8re vieillissante est aujourd&rsquo;hui consid\u00e9r\u00e9e comme le chef-d&rsquo;\u0153uvre de Gary. Peu \u00e0 peu, par amour pour elle, il devient tout ce dont elle r\u00eavait pour lui &#8211;&nbsp;un aviateur, un \u00e9crivain, un ambassadeur, mais surtout un Fran\u00e7ais.<\/p>\n\n\n\n<p><em>Le livre a&nbsp;\u00e9t\u00e9 publi\u00e9 avec le soutien du Programme d&rsquo;\u00e9dition de livres (PAP) de l&rsquo;Institut fran\u00e7ais.<\/em><\/p>\n\n\n<div class=\"space xs\"><\/div>\n\n\n<div class=\"wp-block-image\"><figure class=\"alignright size-full is-resized\"><img loading=\"lazy\" decoding=\"async\" src=\"https:\/\/institutfrancais.sk\/wp-content\/uploads\/2021\/08\/sedem-rokov.jpg\" alt=\"\" class=\"wp-image-18938\" width=\"189\" height=\"261\" srcset=\"https:\/\/institutfrancais.sk\/wp-content\/uploads\/2021\/08\/sedem-rokov.jpg 333w, https:\/\/institutfrancais.sk\/wp-content\/uploads\/2021\/08\/sedem-rokov-218x300.jpg 218w\" sizes=\"(max-width: 189px) 100vw, 189px\" \/><\/figure><\/div>\n\n\n\n<h4 class=\"wp-block-heading\">SUISSE<\/h4>\n\n\n\n<p><strong>Peter Stamm \u2013 Sept ans <\/strong><\/p>\n\n\n\n<p><strong>Paru chez :<\/strong> <strong>OZ Face, 2020<\/strong><\/p>\n\n\n\n<p><strong>Traduction en slovaque : J\u00e1n Jambor<\/strong><\/p>\n\n\n\n<p><strong>Pr\u00e9sent\u00e9 par : Ivo Gog\u00e1l<\/strong> <\/p>\n\n\n\n<p>Le narrateur est l&rsquo;architecte allemand Alexander, qui est accompagn\u00e9 dans son voyage vers une vie pleine de sens par deux personnages f\u00e9minins contrast\u00e9s : sa femme Sonja, une femme instruite et s\u00e9duisante issue d&rsquo;une famille ais\u00e9e, et sa ma\u00eetresse Iwona, une immigr\u00e9e polonaise simple et fortement religieuse issue d&rsquo;un milieu pauvre. Il fait la chronique des changements induits par l&rsquo;\u00e9conomie dans les relations interpersonnelles et donne \u00e0 ses personnages un r\u00e9cit implacable.<\/p>\n\n\n<div class=\"space\"><\/div>\n\n<\/div><iframe loading=\"lazy\" src=\"https:\/\/www.google.com\/maps\/embed?pb=!1m18!1m12!1m3!1d2662.2735746915087!2d17.10532635165492!3d48.14353077912193!2m3!1f0!2f0!3f0!3m2!1i1024!2i768!4f13.1!3m3!1m2!1s0x476c8942d3867d0f%3A0xf92cfa7be90ee73!2zRnJhbmPDunpza3kgaW7FoXRpdMO6dA!5e0!3m2!1ssk!2ssk!4v1575902399794!5m2!1ssk!2ssk\" width=\"100%\" height=\"558\" frameborder=\"0\" class=\"gmap-iframe\" allowfullscreen=\"\"><\/iframe><div class=\"wrap narrow-wrap\">","protected":false},"featured_media":18932,"template":"","typ-podujatia":[58],"acf":[],"yoast_head":"<!-- This site is optimized with the Yoast SEO plugin v24.5 - https:\/\/yoast.com\/wordpress\/plugins\/seo\/ -->\n<title>Vivez la Nuit de la litt\u00e9rature 2021 en direct et en ligne ! - Franc\u00fazsky in\u0161tit\u00fat na Slovensku<\/title>\n<meta name=\"robots\" content=\"index, follow, max-snippet:-1, max-image-preview:large, max-video-preview:-1\" \/>\n<link rel=\"canonical\" href=\"https:\/\/institutfrancais.sk\/fr\/podujatie\/vivez-la-nuit-de-la-litterature-2021-en-direct-et-en-ligne\/\" \/>\n<meta property=\"og:locale\" content=\"fr_FR\" \/>\n<meta property=\"og:type\" content=\"article\" \/>\n<meta property=\"og:title\" content=\"Vivez la Nuit de la litt\u00e9rature 2021 en direct et en ligne ! - Franc\u00fazsky in\u0161tit\u00fat na Slovensku\" \/>\n<meta property=\"og:description\" content=\"Une s\u00e9rie de lectures d&rsquo;extraits de traductions slovaques de livres d&rsquo;auteurs europ\u00e9ens contemporains, interpr\u00e9t\u00e9s par des acteurs slovaques connus, \u00e0 intervalles r\u00e9guliers d&rsquo;une demi-heure. Les visiteurs assisteront \u00e0 une lecture de 15 minutes et seront invit\u00e9s \u00e0 se rendre dans un autre espace, &nbsp;passer \u00e0 l&rsquo;endroit suivant. Cette ann\u00e9e, les lectures auront lieu dans les [&hellip;]\" \/>\n<meta property=\"og:url\" content=\"https:\/\/institutfrancais.sk\/fr\/podujatie\/vivez-la-nuit-de-la-litterature-2021-en-direct-et-en-ligne\/\" \/>\n<meta property=\"og:site_name\" content=\"Franc\u00fazsky in\u0161tit\u00fat na Slovensku\" \/>\n<meta property=\"article:modified_time\" content=\"2021-09-22T08:01:45+00:00\" \/>\n<meta property=\"og:image\" content=\"https:\/\/institutfrancais.sk\/wp-content\/uploads\/2021\/08\/NL-2021-FB.jpg\" \/>\n\t<meta property=\"og:image:width\" content=\"2500\" \/>\n\t<meta property=\"og:image:height\" content=\"1406\" \/>\n\t<meta property=\"og:image:type\" content=\"image\/jpeg\" \/>\n<meta name=\"twitter:card\" content=\"summary_large_image\" \/>\n<meta name=\"twitter:label1\" content=\"Dur\u00e9e de lecture estim\u00e9e\" \/>\n\t<meta name=\"twitter:data1\" content=\"2 minutes\" \/>\n<script type=\"application\/ld+json\" class=\"yoast-schema-graph\">{\"@context\":\"https:\/\/schema.org\",\"@graph\":[{\"@type\":\"WebPage\",\"@id\":\"https:\/\/institutfrancais.sk\/fr\/podujatie\/vivez-la-nuit-de-la-litterature-2021-en-direct-et-en-ligne\/\",\"url\":\"https:\/\/institutfrancais.sk\/fr\/podujatie\/vivez-la-nuit-de-la-litterature-2021-en-direct-et-en-ligne\/\",\"name\":\"Vivez la Nuit de la litt\u00e9rature 2021 en direct et en ligne ! - Franc\u00fazsky in\u0161tit\u00fat na Slovensku\",\"isPartOf\":{\"@id\":\"https:\/\/institutfrancais.sk\/fr\/#website\"},\"primaryImageOfPage\":{\"@id\":\"https:\/\/institutfrancais.sk\/fr\/podujatie\/vivez-la-nuit-de-la-litterature-2021-en-direct-et-en-ligne\/#primaryimage\"},\"image\":{\"@id\":\"https:\/\/institutfrancais.sk\/fr\/podujatie\/vivez-la-nuit-de-la-litterature-2021-en-direct-et-en-ligne\/#primaryimage\"},\"thumbnailUrl\":\"https:\/\/institutfrancais.sk\/wp-content\/uploads\/2021\/08\/NL-2021-FB.jpg\",\"datePublished\":\"2021-09-07T10:00:03+00:00\",\"dateModified\":\"2021-09-22T08:01:45+00:00\",\"breadcrumb\":{\"@id\":\"https:\/\/institutfrancais.sk\/fr\/podujatie\/vivez-la-nuit-de-la-litterature-2021-en-direct-et-en-ligne\/#breadcrumb\"},\"inLanguage\":\"fr-FR\",\"potentialAction\":[{\"@type\":\"ReadAction\",\"target\":[\"https:\/\/institutfrancais.sk\/fr\/podujatie\/vivez-la-nuit-de-la-litterature-2021-en-direct-et-en-ligne\/\"]}]},{\"@type\":\"ImageObject\",\"inLanguage\":\"fr-FR\",\"@id\":\"https:\/\/institutfrancais.sk\/fr\/podujatie\/vivez-la-nuit-de-la-litterature-2021-en-direct-et-en-ligne\/#primaryimage\",\"url\":\"https:\/\/institutfrancais.sk\/wp-content\/uploads\/2021\/08\/NL-2021-FB.jpg\",\"contentUrl\":\"https:\/\/institutfrancais.sk\/wp-content\/uploads\/2021\/08\/NL-2021-FB.jpg\",\"width\":2500,\"height\":1406},{\"@type\":\"BreadcrumbList\",\"@id\":\"https:\/\/institutfrancais.sk\/fr\/podujatie\/vivez-la-nuit-de-la-litterature-2021-en-direct-et-en-ligne\/#breadcrumb\",\"itemListElement\":[{\"@type\":\"ListItem\",\"position\":1,\"name\":\"Home\",\"item\":\"https:\/\/institutfrancais.sk\/fr\/\"},{\"@type\":\"ListItem\",\"position\":2,\"name\":\"Events\",\"item\":\"https:\/\/institutfrancais.sk\/fr\/podujatie\/\"},{\"@type\":\"ListItem\",\"position\":3,\"name\":\"Vivez la Nuit de la litt\u00e9rature 2021 en direct et en ligne !\"}]},{\"@type\":\"WebSite\",\"@id\":\"https:\/\/institutfrancais.sk\/fr\/#website\",\"url\":\"https:\/\/institutfrancais.sk\/fr\/\",\"name\":\"Franc\u00fazsky in\u0161tit\u00fat na Slovensku\",\"description\":\"Franc\u00fazsky in\u0161tit\u00fat na Slovensku\",\"potentialAction\":[{\"@type\":\"SearchAction\",\"target\":{\"@type\":\"EntryPoint\",\"urlTemplate\":\"https:\/\/institutfrancais.sk\/fr\/?s={search_term_string}\"},\"query-input\":{\"@type\":\"PropertyValueSpecification\",\"valueRequired\":true,\"valueName\":\"search_term_string\"}}],\"inLanguage\":\"fr-FR\"}]}<\/script>\n<!-- \/ Yoast SEO plugin. -->","yoast_head_json":{"title":"Vivez la Nuit de la litt\u00e9rature 2021 en direct et en ligne ! - Franc\u00fazsky in\u0161tit\u00fat na Slovensku","robots":{"index":"index","follow":"follow","max-snippet":"max-snippet:-1","max-image-preview":"max-image-preview:large","max-video-preview":"max-video-preview:-1"},"canonical":"https:\/\/institutfrancais.sk\/fr\/podujatie\/vivez-la-nuit-de-la-litterature-2021-en-direct-et-en-ligne\/","og_locale":"fr_FR","og_type":"article","og_title":"Vivez la Nuit de la litt\u00e9rature 2021 en direct et en ligne ! - Franc\u00fazsky in\u0161tit\u00fat na Slovensku","og_description":"Une s\u00e9rie de lectures d&rsquo;extraits de traductions slovaques de livres d&rsquo;auteurs europ\u00e9ens contemporains, interpr\u00e9t\u00e9s par des acteurs slovaques connus, \u00e0 intervalles r\u00e9guliers d&rsquo;une demi-heure. Les visiteurs assisteront \u00e0 une lecture de 15 minutes et seront invit\u00e9s \u00e0 se rendre dans un autre espace, &nbsp;passer \u00e0 l&rsquo;endroit suivant. Cette ann\u00e9e, les lectures auront lieu dans les [&hellip;]","og_url":"https:\/\/institutfrancais.sk\/fr\/podujatie\/vivez-la-nuit-de-la-litterature-2021-en-direct-et-en-ligne\/","og_site_name":"Franc\u00fazsky in\u0161tit\u00fat na Slovensku","article_modified_time":"2021-09-22T08:01:45+00:00","og_image":[{"width":2500,"height":1406,"url":"https:\/\/institutfrancais.sk\/wp-content\/uploads\/2021\/08\/NL-2021-FB.jpg","type":"image\/jpeg"}],"twitter_card":"summary_large_image","twitter_misc":{"Dur\u00e9e de lecture estim\u00e9e":"2 minutes"},"schema":{"@context":"https:\/\/schema.org","@graph":[{"@type":"WebPage","@id":"https:\/\/institutfrancais.sk\/fr\/podujatie\/vivez-la-nuit-de-la-litterature-2021-en-direct-et-en-ligne\/","url":"https:\/\/institutfrancais.sk\/fr\/podujatie\/vivez-la-nuit-de-la-litterature-2021-en-direct-et-en-ligne\/","name":"Vivez la Nuit de la litt\u00e9rature 2021 en direct et en ligne ! - Franc\u00fazsky in\u0161tit\u00fat na Slovensku","isPartOf":{"@id":"https:\/\/institutfrancais.sk\/fr\/#website"},"primaryImageOfPage":{"@id":"https:\/\/institutfrancais.sk\/fr\/podujatie\/vivez-la-nuit-de-la-litterature-2021-en-direct-et-en-ligne\/#primaryimage"},"image":{"@id":"https:\/\/institutfrancais.sk\/fr\/podujatie\/vivez-la-nuit-de-la-litterature-2021-en-direct-et-en-ligne\/#primaryimage"},"thumbnailUrl":"https:\/\/institutfrancais.sk\/wp-content\/uploads\/2021\/08\/NL-2021-FB.jpg","datePublished":"2021-09-07T10:00:03+00:00","dateModified":"2021-09-22T08:01:45+00:00","breadcrumb":{"@id":"https:\/\/institutfrancais.sk\/fr\/podujatie\/vivez-la-nuit-de-la-litterature-2021-en-direct-et-en-ligne\/#breadcrumb"},"inLanguage":"fr-FR","potentialAction":[{"@type":"ReadAction","target":["https:\/\/institutfrancais.sk\/fr\/podujatie\/vivez-la-nuit-de-la-litterature-2021-en-direct-et-en-ligne\/"]}]},{"@type":"ImageObject","inLanguage":"fr-FR","@id":"https:\/\/institutfrancais.sk\/fr\/podujatie\/vivez-la-nuit-de-la-litterature-2021-en-direct-et-en-ligne\/#primaryimage","url":"https:\/\/institutfrancais.sk\/wp-content\/uploads\/2021\/08\/NL-2021-FB.jpg","contentUrl":"https:\/\/institutfrancais.sk\/wp-content\/uploads\/2021\/08\/NL-2021-FB.jpg","width":2500,"height":1406},{"@type":"BreadcrumbList","@id":"https:\/\/institutfrancais.sk\/fr\/podujatie\/vivez-la-nuit-de-la-litterature-2021-en-direct-et-en-ligne\/#breadcrumb","itemListElement":[{"@type":"ListItem","position":1,"name":"Home","item":"https:\/\/institutfrancais.sk\/fr\/"},{"@type":"ListItem","position":2,"name":"Events","item":"https:\/\/institutfrancais.sk\/fr\/podujatie\/"},{"@type":"ListItem","position":3,"name":"Vivez la Nuit de la litt\u00e9rature 2021 en direct et en ligne !"}]},{"@type":"WebSite","@id":"https:\/\/institutfrancais.sk\/fr\/#website","url":"https:\/\/institutfrancais.sk\/fr\/","name":"Franc\u00fazsky in\u0161tit\u00fat na Slovensku","description":"Franc\u00fazsky in\u0161tit\u00fat na Slovensku","potentialAction":[{"@type":"SearchAction","target":{"@type":"EntryPoint","urlTemplate":"https:\/\/institutfrancais.sk\/fr\/?s={search_term_string}"},"query-input":{"@type":"PropertyValueSpecification","valueRequired":true,"valueName":"search_term_string"}}],"inLanguage":"fr-FR"}]}},"_links":{"self":[{"href":"https:\/\/institutfrancais.sk\/fr\/wp-json\/wp\/v2\/podujatie\/18939"}],"collection":[{"href":"https:\/\/institutfrancais.sk\/fr\/wp-json\/wp\/v2\/podujatie"}],"about":[{"href":"https:\/\/institutfrancais.sk\/fr\/wp-json\/wp\/v2\/types\/podujatie"}],"wp:featuredmedia":[{"embeddable":true,"href":"https:\/\/institutfrancais.sk\/fr\/wp-json\/wp\/v2\/media\/18932"}],"wp:attachment":[{"href":"https:\/\/institutfrancais.sk\/fr\/wp-json\/wp\/v2\/media?parent=18939"}],"wp:term":[{"taxonomy":"typ-podujatia","embeddable":true,"href":"https:\/\/institutfrancais.sk\/fr\/wp-json\/wp\/v2\/typ-podujatia?post=18939"}],"curies":[{"name":"wp","href":"https:\/\/api.w.org\/{rel}","templated":true}]}}